{"id":97406,"date":"2025-06-26T12:45:00","date_gmt":"2025-06-26T16:45:00","guid":{"rendered":"https:\/\/www.iaff.org\/maladies-infectieuses\/maladies\/poliomyelite\/"},"modified":"2025-06-26T12:46:27","modified_gmt":"2025-06-26T16:46:27","slug":"poliomyelite","status":"publish","type":"page","link":"https:\/\/www.iaff.org\/fr-ca\/maladies-infectieuses\/maladies\/poliomyelite\/","title":{"rendered":"Poliomy\u00e9lite"},"content":{"rendered":"<section\n\t class=\"secondary-hero align wp-block-acf-secondary-hero\" id=\"secondary-hero_block_8bc0cd2bc1bbe0743a680e524c4d7056\">\n\t\n<header\n\tclass=\"w-full u-bg-full-width px-[22px] md:ps-bleed md:pe-0 py-[60px] bg-smoke-5 text-black u-has-rivets u-rivets-dark\"\n\tdata-theme=\"gray\"\n>\n\t<div class=\"flex flex-col !px-0 !max-w-[1440px] w-full lg:!ps-indent\">\n\t\t<div class=\"border-t-[6px] w-full my-0 flex flex-col md:flex-row gap-x-[62px] gap-y-[22px] border-red\">\n\t\t\t\t\t\t<div class=\"w-full md:w-1\/2 md:py-[45px]\">\n\t\t\t\t<div class=\"max-w-[600px] flex flex-col gap-[22px]\">\n\t\t\t\t\t\t\t\t\t\t\t<h1 class=\"has-[.u-halftone-shadow--dark]:mb-divider has-[.u-halftone-shadow--light]:mb-divider pt-[22px] md:pt-0\">\n\t\t\t\t\t\t\t<span class=\"inline-flex text-heading-200 u-halftone-shadow--dark\">\n\t\t\t\t\t\t\t\tPoliomy\u00e9lite\t\t\t\t\t\t\t<\/span>\n\t\t\t\t\t\t<\/h1>\n\t\t\t\t\t\t\t\t\t\t\t\t\t\t\t\t\t\t\t\t\t\t\t\t\t\t\t\t\t<\/div>\n\t\t\t<\/div>\n\n\t\t<\/div>\n\t\t\t\t\t<div class=\"order-first flex justify-start w-full pb-[22px]\">\n\t\t\t\t<div\n\tclass=\"wp-block-button is-style-tertiary text-smoke is-style-tertiary-back\"\n>\n\t\t\t<a\n\t\t\thref=\"https:\/\/www.iaff.org\/fr-ca\/maladies-infectieuses\/maladies\/\"\n\t\t\tclass=\"wp-block-button__link wp-element-button group\"\n\t\t\t\t\t>\n\t\t\t<span\n\t\t\tclass=\"decoration-transparent underline underline-offset-2 group-hover:decoration-inherit group-focus-visible:decoration-inherit transition duration-hover\"\n\t\t>\n\t\t\tMaladies infectieuses\t\t<\/span>\n\n\t\t<span\n\t\t\tclass=\"bg-inherit transition-colors duration-hover group-hover:bg-gold group-focus:bg-gold inline-flex rotate-180 order-first\"\n\t\t>\n\t\t\t<svg xmlns=\"http:\/\/www.w3.org\/2000\/svg\" width=\"21\" height=\"22\" fill=\"none\" viewBox=\"0 0 21 22\"><path stroke=\"currentColor\" stroke-linecap=\"round\" stroke-width=\"2\" d=\"M20 20.75L20 2.25L1.5 2.25L1.5 20.75L20 20.75Z\" clip-rule=\"evenodd\"\/><path stroke=\"currentColor\" stroke-linecap=\"square\" stroke-width=\"2\" d=\"M14.0883 11.5L6.66406 11.5\"\/><path stroke=\"currentColor\" stroke-linecap=\"square\" stroke-width=\"2\" d=\"M11.0723 7.75205L14.8363 11.5L11.0723 15.248\"\/><\/svg>\t\t<\/span>\n\t<\/a><\/div>\n\t\t\t<\/div>\n\t\t\t<\/div>\n<\/header>\n<\/section>\n<section\n\t class=\"page-blocks iaff-page-blocks align wp-block-acf-page-blocks\" id=\"page-blocks_block_f7242c84caf1317e84501337dc8208f4\">\n\t<div class=\"acf-innerblocks-container\">\n<div class=\"wp-block-paragraph \">\n<p>La poliomy\u00e9lite, commun\u00e9ment appel\u00e9e poliomy\u00e9lite, est caus\u00e9e par une infection par le poliovirus. L\u2019infection initiale se produit dans le tractus gastro-intestinal, mais se propage ensuite aux ganglions lymphatiques et au syst\u00e8me nerveux. La maladie peut entra\u00eener une paralysie partielle ou totale. Gr\u00e2ce au vaccin contre la poliomy\u00e9lite, cette maladie n\u2019est plus pr\u00e9sente aux \u00c9tats-Unis.   <\/p>\n<\/div>\n\n\n<h3 class=\"wp-block-heading\">Comment pouvez-vous l\u2019obtenir?<\/h3>\n\n\n<div class=\"wp-block-paragraph \">\n<p>La poliomy\u00e9lite se transmet par contact de personne \u00e0 personne et ne touche que les humains. La transmission se produit par contact avec du mucus respiratoire infect\u00e9 ou par contact avec des mati\u00e8res f\u00e9cales infect\u00e9es. Vous pouvez contracter la poliomy\u00e9lite en :  <\/p>\n<\/div>\n\n<div class=\"wp-block-list\">\n<ul class=\"wp-block-list\">\n<li>Manger ou boire des aliments contamin\u00e9s<\/li>\n<\/ul>\n<\/div>\n\n<section\n\t class=\"section-header mb-10 align wp-block-acf-section-header\" id=\"section-header_block_0a37b2593be87087695232d45c07e7d1\">\n\t<div class=\"\">\n\t<div class=\"flex flex-col md:flex-row justify-between max-w-content gap-x-8 md:items-end flex-wrap\">\n\t\t<h2 class=\"text-heading-200 pb-[2px]\">\n\t\t\tSympt\u00f4mes\t\t<\/h2>\n\n\t\t\t\t\t<div class=\"md:order-last w-full\">\n\t\t\t\t\n\t<hr class=\"h-[6px] text-red border-red bg-red w-full my-0\" role=\"presentation\"\/>\n\n\t<div class=\"h-divider w-full bg-halftone-divider bg-right\"><\/div>\n\t\t\t<\/div>\n\t\t\n\t\t\t<\/div>\n<\/div>\n<\/section>\n\n\n<div class=\"wp-block-paragraph \">\n<p>Les sympt\u00f4mes de la poliomy\u00e9lite varient selon le profil de la maladie. La grande majorit\u00e9 des personnes infect\u00e9es ont une infection subclinique, tandis que peu d\u00e9velopperont une poliomy\u00e9lite non paralysante ou paralysante. <\/p>\n<\/div>\n\n<div class=\"wp-block-paragraph \">\n<p>Les signes et sympt\u00f4mes de la poliomy\u00e9lite subclinique durent environ 72 heures et peuvent inclure :<\/p>\n<\/div>\n\n<div class=\"wp-block-list\">\n<ul class=\"wp-block-list\">\n<li>Aucun sympt\u00f4me chez certains<\/li>\n\n\n\n<li>Maux de t\u00eate<\/li>\n\n\n\n<li>Malaise g\u00e9n\u00e9ral<\/li>\n\n\n\n<li>Mal de gorge<\/li>\n\n\n\n<li>Vomissements<\/li>\n<\/ul>\n<\/div>\n\n<div class=\"wp-block-paragraph \">\n<p>Les signes et sympt\u00f4mes de la poliomy\u00e9lite non paralysante durent environ 1 \u00e0 2 semaines et peuvent inclure :<\/p>\n<\/div>\n\n<div class=\"wp-block-list\">\n<ul class=\"wp-block-list\">\n<li>Diarrh\u00e9e<\/li>\n\n\n\n<li>La fatigue<\/li>\n\n\n\n<li>Irritabilit\u00e9<\/li>\n\n\n\n<li>Douleur aux jambes (en particulier dans les muscles du mollet)<\/li>\n\n\n\n<li>Fi\u00e8vre<\/li>\n\n\n\n<li>Raideur ou spasmes musculaires<\/li>\n\n\n\n<li>\u00c9ruption cutan\u00e9e<\/li>\n<\/ul>\n<\/div>\n\n<div class=\"wp-block-paragraph \">\n<p>Les signes et sympt\u00f4mes de la poliomy\u00e9lite paralytique peuvent ne pas dispara\u00eetre et comprennent :<\/p>\n<\/div>\n\n<div class=\"wp-block-list\">\n<ul class=\"wp-block-list\">\n<li>Bave<\/li>\n\n\n\n<li>Douleurs musculaires, contractions, spasmes<\/li>\n\n\n\n<li>Faiblesse musculaire (surtout d\u2019un seul c\u00f4t\u00e9)<\/li>\n\n\n\n<li>Sensations anormales<\/li>\n\n\n\n<li>Difficult\u00e9 \u00e0 respirer<\/li>\n\n\n\n<li>Ballonnements et\/ou constipation<\/li>\n<\/ul>\n<\/div>\n\n<div class=\"wp-block-paragraph \">\n<p>Le temps pour d\u00e9velopper les sympt\u00f4mes une fois infect\u00e9 par le virus varie de 5 \u00e0 35 jours, avec une moyenne de 7 \u00e0 14 jours.<\/p>\n<\/div>\n\n<div class=\"wp-block-paragraph \">\n<p>Les complications comprennent la paralysie, la pneumonie, la perte de la fonction intestinale, l\u2019hypertension art\u00e9rielle, les infections r\u00e9nales et v\u00e9sicales. Le syndrome post-poliomy\u00e9litique peut se d\u00e9velopper des d\u00e9cennies apr\u00e8s l\u2019infection initiale et se manifester par une faiblesse dans divers muscles. <\/p>\n<\/div>\n\n<section\n\t class=\"section-header mb-10 align wp-block-acf-section-header\" id=\"section-header_block_8b6e82c58b0aacf5b05e45725a7a0b5c\">\n\t<div class=\"\">\n\t<div class=\"flex flex-col md:flex-row justify-between max-w-content gap-x-8 md:items-end flex-wrap\">\n\t\t<h2 class=\"text-heading-200 pb-[2px]\">\n\t\t\tPr\u00e9vention\t\t<\/h2>\n\n\t\t\t\t\t<div class=\"md:order-last w-full\">\n\t\t\t\t\n\t<hr class=\"h-[6px] text-red border-red bg-red w-full my-0\" role=\"presentation\"\/>\n\n\t<div class=\"h-divider w-full bg-halftone-divider bg-right\"><\/div>\n\t\t\t<\/div>\n\t\t\n\t\t\t<\/div>\n<\/div>\n<\/section>\n\n\n<div class=\"wp-block-paragraph \">\n<p>La poliomy\u00e9lite est une maladie \u00e9vitable par la vaccination. Entre 1840 et les ann\u00e9es 1950, la poliomy\u00e9lite est une \u00e9pid\u00e9mie mondiale. Depuis la mise au point des vaccins contre la poliomy\u00e9lite dans les ann\u00e9es 1950-60, la poliomy\u00e9lite a \u00e9t\u00e9 \u00e9limin\u00e9e dans un certain nombre de pays. La maladie existe encore dans certains pays en d\u00e9veloppement et peut \u00eatre transmise aux voyageurs non vaccin\u00e9s. Le vaccin oral est utilis\u00e9 dans divers pays du monde, mais l\u2019injection est la seule forme disponible aux \u00c9tats-Unis. Quatre doses de poliomy\u00e9lite sont administr\u00e9es pour une vaccination compl\u00e8te, g\u00e9n\u00e9ralement pendant l\u2019enfance.     <\/p>\n<\/div>\n\n<div class=\"wp-block-paragraph \">\n<p>Pr\u00e9vention :<\/p>\n<\/div>\n\n<div class=\"wp-block-list\">\n<ul class=\"wp-block-list\">\n<li>Assurez-vous d\u2019avoir termin\u00e9 votre s\u00e9rie compl\u00e8te de vaccins<\/li>\n\n\n\n<li>Utiliser les pr\u00e9cautions universelles<div class=\"wp-block-list\">\n<ul class=\"wp-block-list\">\n<li>Hygi\u00e8ne des mains (laver \u00e0 l\u2019eau et au savon ou \u00e0 l\u2019aide d\u2019un d\u00e9sinfectant pour les mains \u00e0 base d\u2019alcool)<\/li>\n\n\n\n<li>\u00c9quipement de protection individuelle (EPI) (gants, blouses, masques et lunettes de protection de la bouche, du nez et des yeux).<\/li>\n\n\n\n<li>Manipulation et \u00e9limination appropri\u00e9es des instruments, des dispositifs et des v\u00eatements contamin\u00e9s par du sang ou des liquides corporels.<\/li>\n<\/ul>\n<\/div><\/li>\n\n\n\n<li>Assurez-vous que tous vos enfants sont vaccin\u00e9s contre la poliomy\u00e9lite (2, 4, 6 mois et 4 ans)<\/li>\n<\/ul>\n<\/div>\n\n<section\n\t class=\"section-header mb-10 align wp-block-acf-section-header\" id=\"section-header_block_3ae28c9b33ea0b98e4b0893fbe98eb3b\">\n\t<div class=\"\">\n\t<div class=\"flex flex-col md:flex-row justify-between max-w-content gap-x-8 md:items-end flex-wrap\">\n\t\t<h2 class=\"text-heading-200 pb-[2px]\">\n\t\t\tQue devez-vous faire si vous \u00eates expos\u00e9 \u00e0 la maladie ou si vous contractez la maladie?\t\t<\/h2>\n\n\t\t\t\t\t<div class=\"md:order-last w-full\">\n\t\t\t\t\n\t<hr class=\"h-[6px] text-red border-red bg-red w-full my-0\" role=\"presentation\"\/>\n\n\t<div class=\"h-divider w-full bg-halftone-divider bg-right\"><\/div>\n\t\t\t<\/div>\n\t\t\n\t\t\t<\/div>\n<\/div>\n<\/section>\n\n\n<div class=\"wp-block-paragraph \">\n<p>Communiquez avec votre fournisseur de soins de sant\u00e9 si vous n\u2019avez pas \u00e9t\u00e9 vaccin\u00e9 et que vous \u00eates en contact avec une personne qui a d\u00e9velopp\u00e9 la poliomy\u00e9lite. L\u2019atteinte du cerveau ou de la moelle \u00e9pini\u00e8re est une urgence m\u00e9dicale qui peut entra\u00eener la paralysie ou la mort (g\u00e9n\u00e9ralement en raison de difficult\u00e9s respiratoires) et qui doit \u00eatre \u00e9valu\u00e9e par des professionnels de la sant\u00e9. <\/p>\n<\/div>\n\n<div class=\"wp-block-paragraph \">\n<p>Le traitement de la poliomy\u00e9lite peut \u00eatre inutile pour beaucoup, car la maladie peut n\u2019entra\u00eener aucun sympt\u00f4me. Les personnes atteintes de poliomy\u00e9lite non paralytique ou paralytique peuvent avoir besoin de soins m\u00e9dicaux de soutien sous forme d\u2019antibiotiques, de contr\u00f4le de la douleur, de physioth\u00e9rapie et peut-\u00eatre d\u2019interventions respiratoires qui sauvent des vies. <\/p>\n<\/div>\n<\/div><\/section>\n","protected":false},"excerpt":{"rendered":"","protected":false},"featured_media":0,"parent":71457,"menu_order":0,"comment_status":"closed","ping_status":"closed","template":"","meta":{"_acf_changed":false,"_searchwp_excluded":"","inline_featured_image":false,"_EventAllDay":false,"_EventTimezone":"","_EventStartDate":"","_EventEndDate":"","_EventStartDateUTC":"","_EventEndDateUTC":"","_EventShowMap":false,"_EventShowMapLink":false,"_EventURL":"","_EventCost":"","_EventCostDescription":"","_EventCurrencySymbol":"","_EventCurrencyCode":"","_EventCurrencyPosition":"","_EventDateTimeSeparator":"","_EventTimeRangeSeparator":"","_EventOrganizerID":[],"_EventVenueID":[],"_OrganizerEmail":"","_OrganizerPhone":"","_OrganizerWebsite":"","_VenueAddress":"","_VenueCity":"","_VenueCountry":"","_VenueProvince":"","_VenueState":"","_VenueZip":"","_VenuePhone":"","_VenueURL":"","_VenueStateProvince":"","_VenueLat":"","_VenueLng":"","_VenueShowMap":false,"_VenueShowMapLink":false,"footnotes":""},"class_list":["post-97406","page","type-page","status-publish","hentry"],"acf":[],"publishpress_future_workflow_manual_trigger":{"enabledWorkflows":[]},"_links":{"self":[{"href":"https:\/\/www.iaff.org\/fr-ca\/wp-json\/wp\/v2\/pages\/97406","targetHints":{"allow":["GET"]}}],"collection":[{"href":"https:\/\/www.iaff.org\/fr-ca\/wp-json\/wp\/v2\/pages"}],"about":[{"href":"https:\/\/www.iaff.org\/fr-ca\/wp-json\/wp\/v2\/types\/page"}],"author":[{"embeddable":true,"href":"https:\/\/www.iaff.org\/fr-ca\/wp-json\/wp\/v2\/users\/32403"}],"replies":[{"embeddable":true,"href":"https:\/\/www.iaff.org\/fr-ca\/wp-json\/wp\/v2\/comments?post=97406"}],"version-history":[{"count":0,"href":"https:\/\/www.iaff.org\/fr-ca\/wp-json\/wp\/v2\/pages\/97406\/revisions"}],"up":[{"embeddable":true,"href":"https:\/\/www.iaff.org\/fr-ca\/wp-json\/wp\/v2\/pages\/71457"}],"wp:attachment":[{"href":"https:\/\/www.iaff.org\/fr-ca\/wp-json\/wp\/v2\/media?parent=97406"}],"curies":[{"name":"wp","href":"https:\/\/api.w.org\/{rel}","templated":true}]}}