{"id":97156,"date":"2025-06-25T12:17:35","date_gmt":"2025-06-25T16:17:35","guid":{"rendered":"https:\/\/www.iaff.org\/maladies-infectieuses\/maladies\/coqueluche\/"},"modified":"2025-07-09T10:00:20","modified_gmt":"2025-07-09T14:00:20","slug":"coqueluche","status":"publish","type":"page","link":"https:\/\/www.iaff.org\/fr-ca\/maladies-infectieuses\/maladies\/coqueluche\/","title":{"rendered":"Coqueluche"},"content":{"rendered":"<section\n\t class=\"secondary-hero align wp-block-acf-secondary-hero\" id=\"secondary-hero_block_d33be989924526f86af3f53736a7c558\">\n\t\n<header\n\tclass=\"w-full u-bg-full-width px-[22px] md:ps-bleed md:pe-0 py-[60px] bg-smoke-5 text-black u-has-rivets u-rivets-dark\"\n\tdata-theme=\"gray\"\n>\n\t<div class=\"flex flex-col !px-0 !max-w-[1440px] w-full lg:!ps-indent\">\n\t\t<div class=\"border-t-[6px] w-full my-0 flex flex-col md:flex-row gap-x-[62px] gap-y-[22px] border-red\">\n\t\t\t\t\t\t<div class=\"w-full md:w-1\/2 md:py-[45px]\">\n\t\t\t\t<div class=\"max-w-[600px] flex flex-col gap-[22px]\">\n\t\t\t\t\t\t\t\t\t\t\t<h1 class=\"has-[.u-halftone-shadow--dark]:mb-divider has-[.u-halftone-shadow--light]:mb-divider pt-[22px] md:pt-0\">\n\t\t\t\t\t\t\t<span class=\"inline-flex text-heading-200 u-halftone-shadow--dark\">\n\t\t\t\t\t\t\t\tCoqueluche\t\t\t\t\t\t\t<\/span>\n\t\t\t\t\t\t<\/h1>\n\t\t\t\t\t\t\t\t\t\t\t\t\t\t\t\t\t\t\t\t\t\t\t\t\t\t\t\t\t<\/div>\n\t\t\t<\/div>\n\n\t\t<\/div>\n\t\t\t\t\t<div class=\"order-first flex justify-start w-full pb-[22px]\">\n\t\t\t\t<div\n\tclass=\"wp-block-button is-style-tertiary text-smoke is-style-tertiary-back\"\n>\n\t\t\t<a\n\t\t\thref=\"https:\/\/www.iaff.org\/fr-ca\/maladies-infectieuses\/maladies\/\"\n\t\t\tclass=\"wp-block-button__link wp-element-button group\"\n\t\t\t\t\t>\n\t\t\t<span\n\t\t\tclass=\"decoration-transparent underline underline-offset-2 group-hover:decoration-inherit group-focus-visible:decoration-inherit transition duration-hover\"\n\t\t>\n\t\t\tMaladies infectieuses\t\t<\/span>\n\n\t\t<span\n\t\t\tclass=\"bg-inherit transition-colors duration-hover group-hover:bg-gold group-focus:bg-gold inline-flex rotate-180 order-first\"\n\t\t>\n\t\t\t<svg xmlns=\"http:\/\/www.w3.org\/2000\/svg\" width=\"21\" height=\"22\" fill=\"none\" viewBox=\"0 0 21 22\"><path stroke=\"currentColor\" stroke-linecap=\"round\" stroke-width=\"2\" d=\"M20 20.75L20 2.25L1.5 2.25L1.5 20.75L20 20.75Z\" clip-rule=\"evenodd\"\/><path stroke=\"currentColor\" stroke-linecap=\"square\" stroke-width=\"2\" d=\"M14.0883 11.5L6.66406 11.5\"\/><path stroke=\"currentColor\" stroke-linecap=\"square\" stroke-width=\"2\" d=\"M11.0723 7.75205L14.8363 11.5L11.0723 15.248\"\/><\/svg>\t\t<\/span>\n\t<\/a><\/div>\n\t\t\t<\/div>\n\t\t\t<\/div>\n<\/header>\n<\/section>\n<section\n\t class=\"page-blocks iaff-page-blocks align wp-block-acf-page-blocks\" id=\"page-blocks_block_b43b47f2493d690448e64ece3edb8c34\">\n\t<div class=\"acf-innerblocks-container\">\n<div class=\"wp-block-paragraph \">\n<p>La coqueluche, aussi connue sous le nom de coqueluche, est caus\u00e9e par la bact\u00e9rie <em>Bordetella pertussis<\/em>. En 2008, plus de 13 000 cas de coqueluche ont \u00e9t\u00e9 signal\u00e9s et de nombreux autres cas n\u2019ont jamais \u00e9t\u00e9 signal\u00e9s. <\/p>\n<\/div>\n\n\n<h3 class=\"wp-block-heading\">Comment pouvez-vous l\u2019obtenir?<\/h3>\n\n\n<div class=\"wp-block-paragraph \">\n<p>La coqueluche est tr\u00e8s contagieuse. Elle se transmet d\u2019une personne \u00e0 l\u2019autre par des gouttelettes respiratoires provenant de la toux, des \u00e9ternuements ou de la parole et d\u2019interventions telles que la bronchoscopie ou l\u2019aspiration. Les gouttelettes peuvent voyager dans l\u2019air sur environ 3 pieds. Les patients atteints de coqueluche sont plus susceptibles de propager l\u2019infection au cours des premiers sympt\u00f4mes (\u00e9coulement nasal, fi\u00e8vre l\u00e9g\u00e8re et toux) et dans les 2 premi\u00e8res semaines suivant le d\u00e9but de la toux.   <\/p>\n<\/div>\n\n<section\n\t class=\"section-header mb-10 align wp-block-acf-section-header\" id=\"section-header_block_777822e91ae81fd6b58797336263aa86\">\n\t<div class=\"\">\n\t<div class=\"flex flex-col md:flex-row justify-between max-w-content gap-x-8 md:items-end flex-wrap\">\n\t\t<h2 class=\"text-heading-200 pb-[2px]\">\n\t\t\tSympt\u00f4mes\t\t<\/h2>\n\n\t\t\t\t\t<div class=\"md:order-last w-full\">\n\t\t\t\t\n\t<hr class=\"h-[6px] text-red border-red bg-red w-full my-0\" role=\"presentation\"\/>\n\n\t<div class=\"h-divider w-full bg-halftone-divider bg-right\"><\/div>\n\t\t\t<\/div>\n\t\t\n\t\t\t<\/div>\n<\/div>\n<\/section>\n\n\n<div class=\"wp-block-paragraph \">\n<p>Les sympt\u00f4mes de la coqueluche apparaissent habituellement de 7 \u00e0 10 jours apr\u00e8s l\u2019exposition \u00e0 la bact\u00e9rie. Les premiers sympt\u00f4mes peuvent durer de 1 \u00e0 2 semaines et comprennent habituellement : <\/p>\n<\/div>\n\n<div class=\"wp-block-list\">\n<ul class=\"wp-block-list\">\n<li>\u00c9coulement nasal<\/li>\n\n\n\n<li>Fi\u00e8vre l\u00e9g\u00e8re<\/li>\n\n\n\n<li>Toux l\u00e9g\u00e8re et occasionnelle<\/li>\n\n\n\n<li>Apn\u00e9e \u2013 pause respiratoire (chez les nourrissons)<\/li>\n<\/ul>\n<\/div>\n\n<div class=\"wp-block-paragraph \">\n<p>Au cours de l\u2019\u00e9tape suivante, une toux s\u00e9v\u00e8re et une \u00ab coqueluche \u00bb surviennent. La toux peut \u00eatre si intense que des vomissements se produisent. Les \u00e9pisodes de toux peuvent se poursuivre pendant 10 semaines ou plus.<br\/>Le bruit peut \u00eatre entendu \u00e0 <a href=\"http:\/\/www.pkids.org\/diseases\/pertussis.html\" target=\"_blank\" rel=\"noopener\">http:\/\/www.pkids.org\/diseases\/pertussis.html<\/a>  <\/p>\n<\/div>\n\n<div class=\"wp-block-paragraph \">\n<p><strong>Les complications<\/strong> sont plus graves chez les nourrissons et comprennent la pneumonie, les convulsions, l\u2019apn\u00e9e, l\u2019enc\u00e9phalopathie (infection autour du cerveau) et la mort. Plus de la moiti\u00e9 des nourrissons de moins d\u2019un an qui contractent la coqueluche doivent \u00eatre hospitalis\u00e9s. Chez les adolescents et les adultes, les complications sont beaucoup moins graves et comprennent la pneumonie et les fractures des c\u00f4tes dues \u00e0 une toux s\u00e9v\u00e8re; L\u2019hospitalisation est rare.  <\/p>\n<\/div>\n\n<section\n\t class=\"section-header mb-10 align wp-block-acf-section-header\" id=\"section-header_block_7d59cd3bac44ae6c65e6588dbf58d71a\">\n\t<div class=\"\">\n\t<div class=\"flex flex-col md:flex-row justify-between max-w-content gap-x-8 md:items-end flex-wrap\">\n\t\t<h2 class=\"text-heading-200 pb-[2px]\">\n\t\t\tPr\u00e9vention\t\t<\/h2>\n\n\t\t\t\t\t<div class=\"md:order-last w-full\">\n\t\t\t\t\n\t<hr class=\"h-[6px] text-red border-red bg-red w-full my-0\" role=\"presentation\"\/>\n\n\t<div class=\"h-divider w-full bg-halftone-divider bg-right\"><\/div>\n\t\t\t<\/div>\n\t\t\n\t\t\t<\/div>\n<\/div>\n<\/section>\n\n\n<div class=\"wp-block-paragraph \">\n<p>La coqueluche est pr\u00e9venue par la vaccination. Le vaccin recommand\u00e9 est le DCaT, qui est un vaccin combin\u00e9 contre la dipht\u00e9rie, le t\u00e9tanos et la coqueluche. Les enfants ont besoin de cinq injections de DTaP. Une sixi\u00e8me dose est maintenant recommand\u00e9e \u00e0 l\u2019\u00e2ge de 11 ou 12 ans. Le personnel de la sant\u00e9 devrait recevoir une dose unique de dcaT, s\u2019il n\u2019a pas d\u00e9j\u00e0 re\u00e7u dcaT, et peu importe le temps \u00e9coul\u00e9 depuis la derni\u00e8re dose de dcaT. (t\u00e9tanos et dipht\u00e9rie).    <\/p>\n<\/div>\n\n<div class=\"wp-block-paragraph \">\n<p>En plus de la vaccination, vous pouvez aider \u00e0 pr\u00e9venir la propagation de la coqueluche en :<\/p>\n<\/div>\n\n<div class=\"wp-block-list\">\n<ul class=\"wp-block-list\">\n<li>Pr\u00e9venir la contamination et effectuer la d\u00e9contamination des surfaces<\/li>\n\n\n\n<li>Utiliser les pr\u00e9cautions universelles<\/li>\n\n\n\n<li>Supposer que les patients pr\u00e9sentant des sympt\u00f4mes respiratoires sont contagieux et fournir des masques aux patients symptomatiques<\/li>\n\n\n\n<li>Limiter le nombre de membres d\u2019\u00e9quipage ayant des contacts directs avec les patients.<\/li>\n\n\n\n<li>Hygi\u00e8ne des mains (laver \u00e0 l\u2019eau et au savon ou \u00e0 l\u2019aide d\u2019un d\u00e9sinfectant pour les mains \u00e0 base d\u2019alcool)<\/li>\n\n\n\n<li>\u00c9quipement de protection individuelle (EPI) (gants, blouses et protection respiratoire). <strong>l\u2019AIP recommande les respirateurs P100<\/strong> pour tous les patients pr\u00e9sentant des sympt\u00f4mes respiratoires tels que la toux<\/li>\n<\/ul>\n<\/div>\n\n<section\n\t class=\"section-header mb-10 align wp-block-acf-section-header\" id=\"section-header_block_2ece7a696a088fe936ace07a503ccebd\">\n\t<div class=\"\">\n\t<div class=\"flex flex-col md:flex-row justify-between max-w-content gap-x-8 md:items-end flex-wrap\">\n\t\t<h2 class=\"text-heading-200 pb-[2px]\">\n\t\t\tQue devez-vous faire si vous croyez avoir \u00e9t\u00e9 expos\u00e9?\t\t<\/h2>\n\n\t\t\t\t\t<div class=\"md:order-last w-full\">\n\t\t\t\t\n\t<hr class=\"h-[6px] text-red border-red bg-red w-full my-0\" role=\"presentation\"\/>\n\n\t<div class=\"h-divider w-full bg-halftone-divider bg-right\"><\/div>\n\t\t\t<\/div>\n\t\t\n\t\t\t<\/div>\n<\/div>\n<\/section>\n\n\n<div class=\"wp-block-paragraph \">\n<p>La pr\u00e9vention de la coqueluche (prophylaxie post-exposition) \u00e0 l\u2019aide d\u2019antibiotiques peut \u00eatre offerte aux contacts \u00e9troits des patients et aux personnes expos\u00e9es qui pr\u00e9sentent un risque \u00e9lev\u00e9 de coqueluche grave (nourrissons \u00e2g\u00e9s de &lt;1 an, personnes dont le syst\u00e8me immunitaire est affaibli ou d\u2019autres maladies comme la maladie pulmonaire chronique ou la fibrose kystique).<\/p>\n<\/div>\n\n<div class=\"wp-block-paragraph \">\n<p>L\u2019exposition comprend :<\/p>\n<\/div>\n\n<div class=\"wp-block-list\">\n<ul class=\"wp-block-list\">\n<li>Exposition face \u00e0 face \u00e0 moins de 3 pieds d\u2019un patient symptomatique<\/li>\n\n\n\n<li>Contact direct avec les s\u00e9cr\u00e9tions respiratoires, orales ou nasales d\u2019un patient symptomatique (p. ex., toux, \u00e9ternuements, partage de nourriture et d\u2019ustensiles de cuisine, r\u00e9animation bouche-\u00e0-bouche ou examen m\u00e9dical de la bouche, du nez et de la gorge)<\/li>\n\n\n\n<li>Partag\u00e9 le m\u00eame espace clos \u00e0 proximit\u00e9 d\u2019un patient symptomatique pendant &gt;1 heure<\/li>\n<\/ul>\n<\/div>\n\n<div class=\"wp-block-paragraph \">\n<p>Certains travailleurs de la sant\u00e9 contractent encore la coqueluche m\u00eame s\u2019ils ont \u00e9t\u00e9 vaccin\u00e9s. Par cons\u00e9quent, en 2011, le Comit\u00e9 consultatif sur les pratiques d\u2019immunisation des CDC a recommand\u00e9 la prophylaxie antibiotique pour tous les travailleurs de la sant\u00e9 qui ont \u00e9t\u00e9 expos\u00e9s sans protection \u00e0 la coqueluche et qui sont susceptibles d\u2019exposer un patient \u00e0 risque de coqueluche grave (p. ex., les nouveau-n\u00e9s hospitalis\u00e9s et les femmes enceintes). Ils ont recommand\u00e9 que tous les autres travailleurs de la sant\u00e9 re\u00e7oivent une antibioprophylaxie post-exposition ou soient surveill\u00e9s quotidiennement pendant 21 jours apr\u00e8s l\u2019exposition \u00e0 la coqueluche et trait\u00e9s s\u2019ils pr\u00e9sentent des signes et des sympt\u00f4mes de coqueluche.  <\/p>\n<\/div>\n\n<div class=\"wp-block-paragraph \">\n<p>Des renseignements sur le traitement antibiotique se trouvent \u00e0 <a href=\"http:\/\/www.cdc.gov\/pertussis\/about\/diagnosis-treatment.html\" target=\"_blank\" rel=\"noopener\">http:\/\/www.cdc.gov\/pertussis\/about\/diagnosis-treatment.html<\/a> qui contient un lien vers les lignes directrices des CDC des Centers for Disease Control and Prevention Recommended antimicrobial agents for the treatment and postexposure prophylaxis of pertussis\u00a0: 2005. (MMWR 2005; 54[No. RR-14]). <\/p>\n<\/div>\n<\/div><\/section>\n","protected":false},"excerpt":{"rendered":"","protected":false},"featured_media":0,"parent":71457,"menu_order":0,"comment_status":"closed","ping_status":"closed","template":"","meta":{"_acf_changed":false,"_searchwp_excluded":"","inline_featured_image":false,"_EventAllDay":false,"_EventTimezone":"","_EventStartDate":"","_EventEndDate":"","_EventStartDateUTC":"","_EventEndDateUTC":"","_EventShowMap":false,"_EventShowMapLink":false,"_EventURL":"","_EventCost":"","_EventCostDescription":"","_EventCurrencySymbol":"","_EventCurrencyCode":"","_EventCurrencyPosition":"","_EventDateTimeSeparator":"","_EventTimeRangeSeparator":"","_EventOrganizerID":[],"_EventVenueID":[],"_OrganizerEmail":"","_OrganizerPhone":"","_OrganizerWebsite":"","_VenueAddress":"","_VenueCity":"","_VenueCountry":"","_VenueProvince":"","_VenueState":"","_VenueZip":"","_VenuePhone":"","_VenueURL":"","_VenueStateProvince":"","_VenueLat":"","_VenueLng":"","_VenueShowMap":false,"_VenueShowMapLink":false,"footnotes":""},"class_list":["post-97156","page","type-page","status-publish","hentry"],"acf":[],"publishpress_future_workflow_manual_trigger":{"enabledWorkflows":[]},"_links":{"self":[{"href":"https:\/\/www.iaff.org\/fr-ca\/wp-json\/wp\/v2\/pages\/97156","targetHints":{"allow":["GET"]}}],"collection":[{"href":"https:\/\/www.iaff.org\/fr-ca\/wp-json\/wp\/v2\/pages"}],"about":[{"href":"https:\/\/www.iaff.org\/fr-ca\/wp-json\/wp\/v2\/types\/page"}],"author":[{"embeddable":true,"href":"https:\/\/www.iaff.org\/fr-ca\/wp-json\/wp\/v2\/users\/32403"}],"replies":[{"embeddable":true,"href":"https:\/\/www.iaff.org\/fr-ca\/wp-json\/wp\/v2\/comments?post=97156"}],"version-history":[{"count":0,"href":"https:\/\/www.iaff.org\/fr-ca\/wp-json\/wp\/v2\/pages\/97156\/revisions"}],"up":[{"embeddable":true,"href":"https:\/\/www.iaff.org\/fr-ca\/wp-json\/wp\/v2\/pages\/71457"}],"wp:attachment":[{"href":"https:\/\/www.iaff.org\/fr-ca\/wp-json\/wp\/v2\/media?parent=97156"}],"curies":[{"name":"wp","href":"https:\/\/api.w.org\/{rel}","templated":true}]}}