{"id":97087,"date":"2025-06-24T16:55:05","date_gmt":"2025-06-24T20:55:05","guid":{"rendered":"https:\/\/www.iaff.org\/maladies-infectieuses\/maladies\/staphylocoque-resistant-a-la-methicilline-sarm\/"},"modified":"2025-06-25T15:56:58","modified_gmt":"2025-06-25T19:56:58","slug":"staphylocoque-resistant-a-la-methicilline-sarm","status":"publish","type":"page","link":"https:\/\/www.iaff.org\/fr-ca\/maladies-infectieuses\/maladies\/staphylocoque-resistant-a-la-methicilline-sarm\/","title":{"rendered":"Staphylocoque r\u00e9sistant \u00e0 la m\u00e9thicilline (SARM)"},"content":{"rendered":"<section\n\t class=\"secondary-hero align wp-block-acf-secondary-hero\" id=\"secondary-hero_block_beac53674b88dfd3d294d115155573ea\">\n\t\n<header\n\tclass=\"w-full u-bg-full-width px-[22px] md:ps-bleed md:pe-0 py-[60px] bg-smoke-5 text-black u-has-rivets u-rivets-dark\"\n\tdata-theme=\"gray\"\n>\n\t<div class=\"flex flex-col !px-0 !max-w-[1440px] w-full lg:!ps-indent\">\n\t\t<div class=\"border-t-[6px] w-full my-0 flex flex-col md:flex-row gap-x-[62px] gap-y-[22px] border-red\">\n\t\t\t\t\t\t<div class=\"w-full md:w-1\/2 md:py-[45px]\">\n\t\t\t\t<div class=\"max-w-[600px] flex flex-col gap-[22px]\">\n\t\t\t\t\t\t\t\t\t\t\t<h1 class=\"has-[.u-halftone-shadow--dark]:mb-divider has-[.u-halftone-shadow--light]:mb-divider pt-[22px] md:pt-0\">\n\t\t\t\t\t\t\t<span class=\"inline-flex text-heading-200 u-halftone-shadow--dark\">\n\t\t\t\t\t\t\t\tStaphylocoque r\u00e9sistant \u00e0 la m\u00e9thicilline (SARM)\t\t\t\t\t\t\t<\/span>\n\t\t\t\t\t\t<\/h1>\n\t\t\t\t\t\t\t\t\t\t\t\t\t\t\t\t\t\t\t\t\t\t\t\t\t\t\t\t\t<\/div>\n\t\t\t<\/div>\n\n\t\t<\/div>\n\t\t\t\t\t<div class=\"order-first flex justify-start w-full pb-[22px]\">\n\t\t\t\t<div\n\tclass=\"wp-block-button is-style-tertiary text-smoke is-style-tertiary-back\"\n>\n\t\t\t<a\n\t\t\thref=\"https:\/\/www.iaff.org\/fr-ca\/maladies-infectieuses\/maladies\/\"\n\t\t\tclass=\"wp-block-button__link wp-element-button group\"\n\t\t\t\t\t>\n\t\t\t<span\n\t\t\tclass=\"decoration-transparent underline underline-offset-2 group-hover:decoration-inherit group-focus-visible:decoration-inherit transition duration-hover\"\n\t\t>\n\t\t\tMaladies infectieuses\t\t<\/span>\n\n\t\t<span\n\t\t\tclass=\"bg-inherit transition-colors duration-hover group-hover:bg-gold group-focus:bg-gold inline-flex rotate-180 order-first\"\n\t\t>\n\t\t\t<svg xmlns=\"http:\/\/www.w3.org\/2000\/svg\" width=\"21\" height=\"22\" fill=\"none\" viewBox=\"0 0 21 22\"><path stroke=\"currentColor\" stroke-linecap=\"round\" stroke-width=\"2\" d=\"M20 20.75L20 2.25L1.5 2.25L1.5 20.75L20 20.75Z\" clip-rule=\"evenodd\"\/><path stroke=\"currentColor\" stroke-linecap=\"square\" stroke-width=\"2\" d=\"M14.0883 11.5L6.66406 11.5\"\/><path stroke=\"currentColor\" stroke-linecap=\"square\" stroke-width=\"2\" d=\"M11.0723 7.75205L14.8363 11.5L11.0723 15.248\"\/><\/svg>\t\t<\/span>\n\t<\/a><\/div>\n\t\t\t<\/div>\n\t\t\t<\/div>\n<\/header>\n<\/section>\n<section\n\t class=\"page-blocks iaff-page-blocks align wp-block-acf-page-blocks\" id=\"page-blocks_block_a122e9bb15cb07482e6d8890999ac0a3\">\n\t<div class=\"acf-innerblocks-container\">\n<div class=\"wp-block-paragraph \">\n<p>Le Staphylococcus aureus (aussi connu sous le nom de \u00ab staphylocoque \u00bb ou S. aureus) est un type de bact\u00e9rie courant qui vit normalement sur la peau et parfois dans les voies nasales des personnes en bonne sant\u00e9. Le SARM est l\u2019abr\u00e9viation de Staphylococcus aureus r\u00e9sistant \u00e0 la m\u00e9thicilline et est un type de S. aureus r\u00e9sistant \u00e0 une famille d\u2019antibiotiques (p\u00e9nicilline et agents apparent\u00e9s), normalement utilis\u00e9s pour traiter ce type d\u2019infection. Le SARM est un probl\u00e8me \u00e9mergent et de plus en plus important pour les pompiers et tout le monde.  <\/p>\n<\/div>\n\n<div class=\"wp-block-paragraph \">\n<p>Au microscope, S. aureus ressemble \u00e0 des grappes de raisin :<\/p>\n<\/div>\n<\/div><\/section>\n\n<figure class=\"wp-block-image aligncenter size-full is-resized\"><img decoding=\"async\" width=\"400\" height=\"271\" src=\"https:\/\/www.iaff.org\/wp-content\/uploads\/2019\/11\/MRSA_S.Aureus.jpg\" alt=\"\" class=\"wp-image-9122\" style=\"width:430px\" srcset=\"https:\/\/www.iaff.org\/wp-content\/uploads\/2019\/11\/MRSA_S.Aureus.jpg 400w, https:\/\/www.iaff.org\/wp-content\/uploads\/2019\/11\/MRSA_S.Aureus-300x203.jpg 300w, https:\/\/www.iaff.org\/wp-content\/uploads\/2019\/11\/MRSA_S.Aureus-240x163.jpg 240w\" sizes=\"(max-width: 400px) 100vw, 400px\" \/><figcaption class=\"wp-element-caption\"><em>La microscopie \u00e9lectronique \u00e0 balayage (MEB) a illustr\u00e9 de nombreux amas de bact\u00e9ries Staphylococcus aureus r\u00e9sistantes \u00e0 la m\u00e9thicilline, commun\u00e9ment appel\u00e9es SARM; Agrandi 9560x. (Cr\u00e9dit : CDC\/Janice Haney Carr) via : http:\/\/www.sciencedaily.com\/releases\/2011\/02\/110210184328.htm <\/em><\/figcaption><\/figure>\n<section\n\t class=\"page-blocks iaff-page-blocks align wp-block-acf-page-blocks\" id=\"page-blocks_block_a122e9bb15cb07482e6d8890999ac0a3\">\n\t<div class=\"acf-innerblocks-container\">\n<div class=\"wp-block-paragraph \">\n<p>Alors que 25% \u00e0 30% des personnes aux \u00c9tats-Unis sont porteuses de bact\u00e9ries staphylocoques dans le nez, moins de 2% sont porteuses du SARM.<\/p>\n<\/div>\n\n\n<h3 class=\"wp-block-heading\">Comment pouvez-vous l\u2019obtenir?<\/h3>\n\n\n<div class=\"wp-block-paragraph \">\n<p>Il existe <strong>deux types<\/strong> d\u2019infections \u00e0 SARM :<\/p>\n<\/div>\n\n<div class=\"wp-block-list\">\n<ul class=\"wp-block-list\">\n<li><strong>Healthcare-associated MRSA (HA-MRSA)<\/strong>&nbsp;infections happen in people:<div class=\"wp-block-list\">\n<ul class=\"wp-block-list\">\n<li>Qui sont ou ont r\u00e9cemment \u00e9t\u00e9 hospitalis\u00e9s ou dans un autre \u00e9tablissement de soins de sant\u00e9 (maisons de soins infirmiers, centres de dialyse, centres de soins actifs de longue dur\u00e9e)<\/li>\n\n\n\n<li>Avoir r\u00e9cemment subi une intervention chirurgicale ou d\u2019autres interventions<\/li>\n<\/ul>\n<\/div><\/li>\n\n\n\n<li><strong>Community-associated MRSA (CA-MRSA)<\/strong>&nbsp;infections happen in :<div class=\"wp-block-list\">\n<ul class=\"wp-block-list\">\n<li>Personnes en bonne sant\u00e9, qui n\u2019ont pas \u00e9t\u00e9 hospitalis\u00e9es r\u00e9cemment<\/li>\n\n\n\n<li>Chez les athl\u00e8tes qui pratiquent des sports de contact et\/ou partagent de l\u2019\u00e9quipement ou des objets personnels (comme des serviettes ou des rasoirs)<\/li>\n\n\n\n<li>Enfants et travailleurs dans les garderies<\/li>\n\n\n\n<li>Personnel militaire et autres personnes qui vivent dans d\u2019autres conditions de surpeuplement et\/ou d\u2019insalubrit\u00e9 (casernes militaires, dortoirs, \u00e9tablissements correctionnels)<\/li>\n<\/ul>\n<\/div><\/li>\n<\/ul>\n<\/div>\n\n<div class=\"wp-block-paragraph \">\n<p>Les personnes dont le syst\u00e8me immunitaire est affaibli ont des infections plus graves. Le nombre de cas de SARM-AC augmente. <\/p>\n<\/div>\n\n<div class=\"wp-block-paragraph \">\n<p>Vous pouvez contracter le SARM :<\/p>\n<\/div>\n\n<div class=\"wp-block-list\">\n<ul class=\"wp-block-list\">\n<li>Lorsque votre peau entre en contact avec une infection cutan\u00e9e (SARM) ou des objets personnels qu\u2019elle a utilis\u00e9s, comme des serviettes, des pansements ou des rasoirs qui ont touch\u00e9 sa peau infect\u00e9e.<\/li>\n\n\n\n<li>Par des ouvertures dans la peau telles que des coupures ou des abrasions (ces ouvertures peuvent \u00eatre visibles ou si petites qu\u2019elles ne sont pas visibles \u00e0 l\u2019\u0153il nu)<\/li>\n\n\n\n<li>En entrant en contact avec des objets et des surfaces contamin\u00e9s par le SARM<\/li>\n\n\n\n<li>En vivant ou en travaillant dans des situations surpeupl\u00e9es, o\u00f9 il y a un contact \u00e9troit avec d\u2019autres personnes<\/li>\n\n\n\n<li>Lorsque vous ou d\u2019autres personnes autour de vous avez une mauvaise hygi\u00e8ne<\/li>\n<\/ul>\n<\/div>\n\n<div class=\"wp-block-paragraph \">\n<p>Les pompiers risquent d\u2019\u00eatre expos\u00e9s aux deux types de SARM.<\/p>\n<\/div>\n\n<section\n\t class=\"section-header mb-10 align wp-block-acf-section-header\" id=\"section-header_block_de5c24c955351a5c18c4edc3d418a8f8\">\n\t<div class=\"\">\n\t<div class=\"flex flex-col md:flex-row justify-between max-w-content gap-x-8 md:items-end flex-wrap\">\n\t\t<h2 class=\"text-heading-200 pb-[2px]\">\n\t\t\tSympt\u00f4mes\t\t<\/h2>\n\n\t\t\t\t\t<div class=\"md:order-last w-full\">\n\t\t\t\t\n\t<hr class=\"h-[6px] text-red border-red bg-red w-full my-0\" role=\"presentation\"\/>\n\n\t<div class=\"h-divider w-full bg-halftone-divider bg-right\"><\/div>\n\t\t\t<\/div>\n\t\t\n\t\t\t<\/div>\n<\/div>\n<\/section>\n\n\n<div class=\"wp-block-paragraph \">\n<p>Dans la communaut\u00e9, la plupart des infections \u00e0 SARM sont des infections cutan\u00e9es. Voici comment une infection cutan\u00e9e peut appara\u00eetre : <\/p>\n<\/div>\n\n\n<figure class=\"wp-block-gallery has-nested-images columns-default wp-block-paragraph wp-block-gallery-1 is-layout-flex wp-block-gallery-is-layout-flex\">\n<figure class=\"wp-block-image size-full w-full\"><img decoding=\"async\" width=\"300\" height=\"198\" data-id=\"9116\" src=\"https:\/\/www.iaff.org\/wp-content\/uploads\/2019\/11\/MRSA2.jpg\" alt=\"\" class=\"wp-image-9116\" srcset=\"https:\/\/www.iaff.org\/wp-content\/uploads\/2019\/11\/MRSA2.jpg 300w, https:\/\/www.iaff.org\/wp-content\/uploads\/2019\/11\/MRSA2-240x158.jpg 240w\" sizes=\"(max-width: 300px) 100vw, 300px\" \/><figcaption class=\"wp-element-caption\">Source : http:\/\/www.cdc.gov\/mrsa\/mrsa_initiative\/skin_infection\/mrsa_photo_010.html<\/figcaption><\/figure>\n\n\n\n<figure class=\"wp-block-image size-full\"><img decoding=\"async\" width=\"356\" height=\"236\" data-id=\"9114\" src=\"https:\/\/www.iaff.org\/wp-content\/uploads\/2019\/11\/MRSA1.jpg\" alt=\"\" class=\"wp-image-9114\" srcset=\"https:\/\/www.iaff.org\/wp-content\/uploads\/2019\/11\/MRSA1.jpg 356w, https:\/\/www.iaff.org\/wp-content\/uploads\/2019\/11\/MRSA1-300x199.jpg 300w, https:\/\/www.iaff.org\/wp-content\/uploads\/2019\/11\/MRSA1-240x159.jpg 240w\" sizes=\"(max-width: 356px) 100vw, 356px\" \/><figcaption class=\"wp-element-caption\">Source : http:\/\/www.cdc.gov\/mrsa\/mrsa_initiative\/skin_infection\/mrsa_photo_006.html<\/figcaption><\/figure>\n<\/figure>\n\n\n<div class=\"wp-block-list\">\n<ul class=\"wp-block-list\">\n<li>Ces infections commencent g\u00e9n\u00e9ralement par de petites bosses rouges, blanches et\/ou jaunes qui ressemblent \u00e0 des boutons, des furoncles ou des piq\u00fbres d\u2019araign\u00e9es. (<a href=\"http:\/\/www.mayoclinic.com\/health\/mrsa\/DS00735\/DSECTION=symptoms\" target=\"_blank\" rel=\"noopener\">http:\/\/www.mayoclinic.com\/health\/mrsa\/DS00735\/DSECTION=symptoms<\/a>)<\/li>\n\n\n\n<li>Ces bosses peuvent \u00eatre rouges, enfl\u00e9es, chaudes au toucher, douloureuses et peuvent entra\u00eener l\u2019\u00e9coulement de pus ou d\u2019autres fluides corporels.<\/li>\n\n\n\n<li>Ces infections cutan\u00e9es surviennent g\u00e9n\u00e9ralement lorsqu\u2019il y a des l\u00e9sions dans la peau (coupures et abrasions) et dans les zones du corps avec des poils (p. ex., nuque, aine, fesse, aisselle, barbe chez les hommes).<\/li>\n\n\n\n<li>Ces bosses peuvent rapidement se transformer en abc\u00e8s profonds et douloureux qui n\u00e9cessitent un drainage par un professionnel de la sant\u00e9.<\/li>\n<\/ul>\n<\/div>\n\n<div class=\"wp-block-paragraph \">\n<p>Des infections graves peuvent survenir si cette infection n\u2019est pas trait\u00e9e correctement ou si votre syst\u00e8me immunitaire ne fonctionne pas correctement. Dans ces situations, l\u2019infection cutan\u00e9e \u00e0 SARM peut s\u2019aggraver et se propager au reste du corps (y compris le sang, les os, les poumons et d\u2019autres organes). Les sympt\u00f4mes des infections graves varient selon l\u2019emplacement et l\u2019\u00e9tendue de l\u2019infection.  <\/p>\n<\/div>\n\n<section\n\t class=\"section-header mb-10 align wp-block-acf-section-header\" id=\"section-header_block_e769186aea2e04b734437e2ad74fee27\">\n\t<div class=\"\">\n\t<div class=\"flex flex-col md:flex-row justify-between max-w-content gap-x-8 md:items-end flex-wrap\">\n\t\t<h2 class=\"text-heading-200 pb-[2px]\">\n\t\t\tPr\u00e9vention\t\t<\/h2>\n\n\t\t\t\t\t<div class=\"md:order-last w-full\">\n\t\t\t\t\n\t<hr class=\"h-[6px] text-red border-red bg-red w-full my-0\" role=\"presentation\"\/>\n\n\t<div class=\"h-divider w-full bg-halftone-divider bg-right\"><\/div>\n\t\t\t<\/div>\n\t\t\n\t\t\t<\/div>\n<\/div>\n<\/section>\n\n\n<div class=\"wp-block-list\">\n<ul class=\"wp-block-list\">\n<li>Utiliser les pr\u00e9cautions universelles<div class=\"wp-block-list\">\n<ul class=\"wp-block-list\">\n<li>Hygi\u00e8ne des mains (laver \u00e0 l\u2019eau et au savon ou \u00e0 l\u2019aide d\u2019un d\u00e9sinfectant pour les mains \u00e0 base d\u2019alcool)<\/li>\n\n\n\n<li>\u00c9quipement de protection individuelle (EPI) (gants, blouses, masques et lunettes de protection de la bouche, du nez et des yeux)<\/li>\n\n\n\n<li>Manipulation et \u00e9limination appropri\u00e9es des instruments, des dispositifs et des v\u00eatements contamin\u00e9s par du sang ou des liquides corporels<\/li>\n<\/ul>\n<\/div><\/li>\n\n\n\n<li>Gardez votre environnement propre en :<div class=\"wp-block-list\">\n<ul class=\"wp-block-list\">\n<li>Utiliser d\u2019autres barri\u00e8res, comme des v\u00eatements ou des serviettes, entre toutes les surfaces que vous partagez avec d\u2019autres personnes (comme l\u2019\u00e9quipement de gymnastique).<\/li>\n\n\n\n<li>Prendre une douche imm\u00e9diatement apr\u00e8s avoir eu un contact direct avec la peau<\/li>\n\n\n\n<li>D\u00e9contaminer les v\u00eatements et l\u2019\u00e9quipement usag\u00e9s r\u00e9guli\u00e8rement; Consultez la section \u00ab Nettoyage et d\u00e9sinfection de l\u2019environnement pour le SARM \u00bb du CDC \u00e0 ce lien <a href=\"http:\/\/www.cdc.gov\/mrsa\/environment\/index.html\" target=\"_blank\" rel=\"noopener\">http:\/\/www.cdc.gov\/mrsa\/environment\/index.html<\/a> pour plus de d\u00e9tails.<\/li>\n\n\n\n<li>Garder les effets personnels personnels. \u00c9vitez de partager des articles personnels tels que des serviettes, des rasoirs, des v\u00eatements, de la literie <\/li>\n<\/ul>\n<\/div><\/li>\n\n\n\n<li>Hygi\u00e8ne des plaies<div class=\"wp-block-list\">\n<ul class=\"wp-block-list\">\n<li>\u00c9vitez tout contact avec les plaies ou les pansements d\u2019autres personnes.<\/li>\n\n\n\n<li>Gardez les coupures et les \u00e9gratignures propres et recouvertes d\u2019un pansement jusqu\u2019\u00e0 ce qu\u2019elles gu\u00e9rissent.<\/li>\n<\/ul>\n<\/div><\/li>\n<\/ul>\n<\/div>\n\n<section\n\t class=\"section-header mb-10 align wp-block-acf-section-header\" id=\"section-header_block_c5a8a70024ad6c628e7ccbbe8f4b2738\">\n\t<div class=\"\">\n\t<div class=\"flex flex-col md:flex-row justify-between max-w-content gap-x-8 md:items-end flex-wrap\">\n\t\t<h2 class=\"text-heading-200 pb-[2px]\">\n\t\t\tQue devez-vous faire si vous \u00eates expos\u00e9 ou si vous pr\u00e9sentez des sympt\u00f4mes de la maladie \u00e0 SARM?\t\t<\/h2>\n\n\t\t\t\t\t<div class=\"md:order-last w-full\">\n\t\t\t\t\n\t<hr class=\"h-[6px] text-red border-red bg-red w-full my-0\" role=\"presentation\"\/>\n\n\t<div class=\"h-divider w-full bg-halftone-divider bg-right\"><\/div>\n\t\t\t<\/div>\n\t\t\n\t\t\t<\/div>\n<\/div>\n<\/section>\n\n\n<div class=\"wp-block-paragraph \">\n<p>Vous devriez consulter un m\u00e9decin ou un professionnel de la sant\u00e9 si vous :<\/p>\n<\/div>\n\n<div class=\"wp-block-list\">\n<ul class=\"wp-block-list\">\n<li>Commencer \u00e0 d\u00e9velopper des sympt\u00f4mes d\u2019infection cutan\u00e9e qui s\u2019aggravent (d\u00e9crits ci-dessus dans la section <strong>Quels sont les sympt\u00f4mes?<\/strong> )<\/li>\n\n\n\n<li>Si vous avez de la fi\u00e8vre ou si vous ne vous sentez pas bien avec cette infection cutan\u00e9e<\/li>\n<\/ul>\n<\/div>\n\n<div class=\"wp-block-paragraph \">\n<p>Le m\u00e9decin peut :<\/p>\n<\/div>\n\n<div class=\"wp-block-list\">\n<ul class=\"wp-block-list\">\n<li>Obtenez une culture d\u2019une partie du pus ou du drainage de votre infection<\/li>\n\n\n\n<li>Effectuer des \u00e9couvillonnages nasaux<\/li>\n\n\n\n<li>Offrir un drainage des abc\u00e8s et\/ou des antibiotiques sp\u00e9cialis\u00e9s pour les infections \u00e0 SARM<\/li>\n<\/ul>\n<\/div>\n\n<div class=\"wp-block-paragraph \">\n<p>Un m\u00e9decin \u00e0 l\u2019h\u00f4pital peut fournir des soins avanc\u00e9s pour les infections graves \u00e0 SARM. N\u2019essayez pas de drainer un abc\u00e8s vous-m\u00eame, car cela pourrait augmenter le risque d\u2019aggravation ou de propagation de l\u2019infection.<br\/>Vous devriez : <\/p>\n<\/div>\n\n<div class=\"wp-block-list\">\n<ul class=\"wp-block-list\">\n<li>Gardez les coupures, les \u00e9gratignures, les furoncles et les zones de drainage propres et recouvertes d\u2019un pansement jusqu\u2019\u00e0 ce qu\u2019elles gu\u00e9rissent, afin de ne pas infecter d\u2019autres personnes ou de transmettre l\u2019infection \u00e0 d\u2019autres parties de votre corps.<\/li>\n\n\n\n<li>\u00c9liminez correctement ces pansements, conform\u00e9ment au plan de contr\u00f4le des infections et de l\u2019exposition de votre service d\u2019incendie.<\/li>\n<\/ul>\n<\/div>\n\n<div class=\"wp-block-paragraph \">\n<p>Le SARM ne figure pas sur la liste actuelle des maladies infectieuses \u00e0 d\u00e9claration obligatoire des CDC. Cependant, il s\u2019agit d\u2019une maladie \u00e0 d\u00e9claration obligatoire dans de nombreux \u00c9tats, alors v\u00e9rifiez aupr\u00e8s du service de sant\u00e9 local de votre \u00c9tat si vous devez le signaler dans votre \u00c9tat. <\/p>\n<\/div>\n<\/div><\/section>\n","protected":false},"excerpt":{"rendered":"","protected":false},"featured_media":0,"parent":71457,"menu_order":0,"comment_status":"closed","ping_status":"closed","template":"","meta":{"_acf_changed":false,"_searchwp_excluded":"","inline_featured_image":false,"_EventAllDay":false,"_EventTimezone":"","_EventStartDate":"","_EventEndDate":"","_EventStartDateUTC":"","_EventEndDateUTC":"","_EventShowMap":false,"_EventShowMapLink":false,"_EventURL":"","_EventCost":"","_EventCostDescription":"","_EventCurrencySymbol":"","_EventCurrencyCode":"","_EventCurrencyPosition":"","_EventDateTimeSeparator":"","_EventTimeRangeSeparator":"","_EventOrganizerID":[],"_EventVenueID":[],"_OrganizerEmail":"","_OrganizerPhone":"","_OrganizerWebsite":"","_VenueAddress":"","_VenueCity":"","_VenueCountry":"","_VenueProvince":"","_VenueState":"","_VenueZip":"","_VenuePhone":"","_VenueURL":"","_VenueStateProvince":"","_VenueLat":"","_VenueLng":"","_VenueShowMap":false,"_VenueShowMapLink":false,"footnotes":""},"class_list":["post-97087","page","type-page","status-publish","hentry"],"acf":[],"publishpress_future_workflow_manual_trigger":{"enabledWorkflows":[]},"_links":{"self":[{"href":"https:\/\/www.iaff.org\/fr-ca\/wp-json\/wp\/v2\/pages\/97087","targetHints":{"allow":["GET"]}}],"collection":[{"href":"https:\/\/www.iaff.org\/fr-ca\/wp-json\/wp\/v2\/pages"}],"about":[{"href":"https:\/\/www.iaff.org\/fr-ca\/wp-json\/wp\/v2\/types\/page"}],"author":[{"embeddable":true,"href":"https:\/\/www.iaff.org\/fr-ca\/wp-json\/wp\/v2\/users\/32403"}],"replies":[{"embeddable":true,"href":"https:\/\/www.iaff.org\/fr-ca\/wp-json\/wp\/v2\/comments?post=97087"}],"version-history":[{"count":0,"href":"https:\/\/www.iaff.org\/fr-ca\/wp-json\/wp\/v2\/pages\/97087\/revisions"}],"up":[{"embeddable":true,"href":"https:\/\/www.iaff.org\/fr-ca\/wp-json\/wp\/v2\/pages\/71457"}],"wp:attachment":[{"href":"https:\/\/www.iaff.org\/fr-ca\/wp-json\/wp\/v2\/media?parent=97087"}],"curies":[{"name":"wp","href":"https:\/\/api.w.org\/{rel}","templated":true}]}}