{"id":85248,"date":"2025-02-18T14:27:28","date_gmt":"2025-02-18T19:27:28","guid":{"rendered":"https:\/\/www.iaff.org\/prix-des-medias\/laureats-des-prix-des-medias-2024\/"},"modified":"2025-09-29T15:18:39","modified_gmt":"2025-09-29T19:18:39","slug":"laureats-des-prix-des-medias-2024","status":"publish","type":"page","link":"https:\/\/www.iaff.org\/fr-ca\/prix-des-medias\/laureats-des-prix-des-medias-2024\/","title":{"rendered":"Laur\u00e9ats des Prix des m\u00e9dias 2024"},"content":{"rendered":"<section\n\t class=\"secondary-hero align wp-block-acf-secondary-hero\" id=\"secondary-hero_block_73186a50858cc12c344934b9fd2a9953\">\n\t\n<header\n\tclass=\"w-full u-bg-full-width px-[22px] md:ps-bleed md:pe-0 py-[60px] bg-smoke-5 text-black u-has-rivets u-rivets-dark\"\n\tdata-theme=\"gray\"\n>\n\t<div class=\"flex flex-col !px-0 !max-w-[1440px] w-full lg:!ps-indent\">\n\t\t<div class=\"border-t-[6px] w-full my-0 flex flex-col md:flex-row gap-x-[62px] gap-y-[22px] border-red\">\n\t\t\t\t\t\t\t<div class=\"relative grid md:order-last md:w-1\/2 overflow-hidden place-items-center aspect-[157\/105]\">\n\t\t\t\t\t<img decoding=\"async\" width=\"1000\" height=\"667\" src=\"https:\/\/www.iaff.org\/wp-content\/uploads\/2025\/02\/2024-Photo-Collage-web-1.jpg\" class=\"absolute object-cover min-w-full h-full\" alt=\"\" srcset=\"https:\/\/www.iaff.org\/wp-content\/uploads\/2025\/02\/2024-Photo-Collage-web-1.jpg 1000w, https:\/\/www.iaff.org\/wp-content\/uploads\/2025\/02\/2024-Photo-Collage-web-1-300x200.jpg 300w, https:\/\/www.iaff.org\/wp-content\/uploads\/2025\/02\/2024-Photo-Collage-web-1-768x512.jpg 768w, https:\/\/www.iaff.org\/wp-content\/uploads\/2025\/02\/2024-Photo-Collage-web-1-240x160.jpg 240w\" sizes=\"(max-width: 1000px) 100vw, 1000px\" \/>\t\t\t\t<\/div>\n\t\t\t\t\t\t<div class=\"w-full md:w-1\/2 md:py-[45px]\">\n\t\t\t\t<div class=\"max-w-[600px] flex flex-col gap-[22px]\">\n\t\t\t\t\t\t\t\t\t\t\t<h1 class=\"has-[.u-halftone-shadow--dark]:mb-divider has-[.u-halftone-shadow--light]:mb-divider\">\n\t\t\t\t\t\t\t<span class=\"inline-flex text-heading-200 u-halftone-shadow--dark\">\n\t\t\t\t\t\t\t\tLaur\u00e9ats 2024\t\t\t\t\t\t\t<\/span>\n\t\t\t\t\t\t<\/h1>\n\t\t\t\t\t\t\t\t\t\t\t\t\t\t\t\t<div class=\"text-body-300 font-sans\">\n\t\t\t\t\t\t\t<p>Reconna\u00eetre les communications, le journalisme et la narration visuelle exceptionnels qui ont captiv\u00e9 l\u2019esprit et le service des membres de l\u2019AIP en 2024.<\/p>\n\t\t\t\t\t\t<\/div>\n\t\t\t\t\t\t\t\t\t\t\t\t\t\t\t\t\t\t\t\t\t\t\t\t<\/div>\n\t\t\t<\/div>\n\n\t\t<\/div>\n\t\t\t\t\t<div class=\"order-first flex justify-start w-full pb-[22px]\">\n\t\t\t\t<div\n\tclass=\"wp-block-button is-style-tertiary text-smoke is-style-tertiary-back\"\n>\n\t\t\t<a\n\t\t\thref=\"https:\/\/www.iaff.org\/fr-ca\/prix-des-medias\/\"\n\t\t\tclass=\"wp-block-button__link wp-element-button group\"\n\t\t\t\t\t>\n\t\t\t<span\n\t\t\tclass=\"decoration-transparent underline underline-offset-2 group-hover:decoration-inherit group-focus-visible:decoration-inherit transition duration-hover\"\n\t\t>\n\t\t\tPrix m\u00e9diatiques\t\t<\/span>\n\n\t\t<span\n\t\t\tclass=\"bg-inherit transition-colors duration-hover group-hover:bg-gold group-focus:bg-gold inline-flex rotate-180 order-first\"\n\t\t>\n\t\t\t<svg xmlns=\"http:\/\/www.w3.org\/2000\/svg\" width=\"21\" height=\"22\" fill=\"none\" viewBox=\"0 0 21 22\"><path stroke=\"currentColor\" stroke-linecap=\"round\" stroke-width=\"2\" d=\"M20 20.75L20 2.25L1.5 2.25L1.5 20.75L20 20.75Z\" clip-rule=\"evenodd\"\/><path stroke=\"currentColor\" stroke-linecap=\"square\" stroke-width=\"2\" d=\"M14.0883 11.5L6.66406 11.5\"\/><path stroke=\"currentColor\" stroke-linecap=\"square\" stroke-width=\"2\" d=\"M11.0723 7.75205L14.8363 11.5L11.0723 15.248\"\/><\/svg>\t\t<\/span>\n\t<\/a><\/div>\n\t\t\t<\/div>\n\t\t\t<\/div>\n<\/header>\n<\/section>\n<section\n\t class=\"page-blocks iaff-page-blocks align wp-block-acf-page-blocks\" id=\"page-blocks_block_e63b79145d8f576f8c624de6cfd7d50f\">\n\t<div class=\"acf-innerblocks-container\">\n<section\n\t class=\"secondary-navigation-manual u-bg-full-width bg-smoke\/5 align wp-block-acf-secondary-navigation-manual\" id=\"secondary-navigation-manual_block_1c603d0d7d270e84e20b18144f6ecbf5\">\n\t<details class=\"iaff-secondary-navigation\" open>\n\t<summary class=\"flex cursor-pointer u-bg-full-width\">\n\t\t\t\t\t<h2 class=\"text-heading-400 bg-main-bg-overlay text-black inline-flex items-center gap-x-[14px] h-full !ps-0 py-[34px] !pe-10\">\n\t\t\t\t<span>Dans la pr\u00e9sente section<\/span>\n\t\t\t<\/h2>\n\t\t\t<\/summary>\n\t<div class=\"py-10 md:ps-12 md:pe-10 grid grid-cols-1 md:grid-cols-2 lg:grid-cols-3 gap-[30px]\">\n\t\t<!-- Renders the same as core\/button with a specific style -->\n\t<div>\n\t\t\t\t\t<a\n\t\t\t\tclass=\"inline-flex gap-[16px] items-center text-inherit text-button-300 leading-6 cursor-pointer decoration-transparent underline underline-offset-2 transition-colors duration-hover hocus-visible:decoration-current\"\n\t\t\t\t\t\t\t\t\thref=\"#affiliate\"\n\t\t\t\t\t\t\t\t\t\t\t\t>\n\t\t\t\t<span>\n\t\t\t\t\tCat\u00e9gories d\u2019affili\u00e9s\t\t\t\t<\/span>\n\t\t\t\t<svg xmlns=\"http:\/\/www.w3.org\/2000\/svg\" width=\"15\" height=\"15\" fill=\"none\" viewBox=\"0 0 15 15\"><path stroke=\"currentColor\" stroke-linecap=\"square\" stroke-width=\"2\" d=\"M11.6347 7.49976L1 7.49976\"\/><path stroke=\"currentColor\" stroke-linecap=\"square\" stroke-width=\"2\" d=\"M7.31445 2.13138L12.7061 7.50014L7.31445 12.8689\"\/><\/svg>\t\t\t<\/a>\n\t\t\t<\/div>\n<!-- Renders the same as core\/button with a specific style -->\n\t<div>\n\t\t\t\t\t<a\n\t\t\t\tclass=\"inline-flex gap-[16px] items-center text-inherit text-button-300 leading-6 cursor-pointer decoration-transparent underline underline-offset-2 transition-colors duration-hover hocus-visible:decoration-current\"\n\t\t\t\t\t\t\t\t\thref=\"#journalist\"\n\t\t\t\t\t\t\t\t\t\t\t\t>\n\t\t\t\t<span>\n\t\t\t\t\tCat\u00e9gories de journalistes\t\t\t\t<\/span>\n\t\t\t\t<svg xmlns=\"http:\/\/www.w3.org\/2000\/svg\" width=\"15\" height=\"15\" fill=\"none\" viewBox=\"0 0 15 15\"><path stroke=\"currentColor\" stroke-linecap=\"square\" stroke-width=\"2\" d=\"M11.6347 7.49976L1 7.49976\"\/><path stroke=\"currentColor\" stroke-linecap=\"square\" stroke-width=\"2\" d=\"M7.31445 2.13138L12.7061 7.50014L7.31445 12.8689\"\/><\/svg>\t\t\t<\/a>\n\t\t\t<\/div>\n\t<\/div>\n<\/details>\n<\/section>\n\n\n<section\n\t class=\"section-header mb-10 !hidden align !hidden wp-block-acf-section-header\" id=\"affiliate\">\n\t<div class=\"\">\n\t<div class=\"flex flex-col md:flex-row justify-between max-w-content gap-x-8 md:items-end flex-wrap\">\n\t\t<h2 class=\"text-heading-200 pb-[2px]\">\n\t\t\tCat\u00e9gories d\u2019affili\u00e9s\t\t<\/h2>\n\n\t\t\t\t\t<div class=\"md:order-last w-full\">\n\t\t\t\t\n\t<hr class=\"h-[6px] text-red border-red bg-red w-full my-0\" role=\"presentation\"\/>\n\n\t<div class=\"h-divider w-full bg-halftone-divider bg-right\"><\/div>\n\t\t\t<\/div>\n\t\t\n\t\t\t<\/div>\n<\/div>\n<\/section>\n\n\n<section\n\t class=\"callout-section pt-20 md:pt-[100px] bg-smoke\/5 u-bg-full-width align wp-block-acf-callout-section\" id=\"callout-section_block_9eb5eea0001601a70dd4faa2e49ff176\">\n\t\t<div class=\"\">\n\t\t\t\t\t<header class=\"flex justify-between items-center max-w-content\">\n\t\t\t\t\t\t\t\t\t<!-- Render Headline-->\n\t\t\t\t\t<h2 class=\"text-heading-200\">\n\t\t\t\t\t\t<!-- Headline: font-heading, 500, 38px, smoke -->\n\t\t\t\t\t\t  \t\t\t\t\t<\/h2>\n\t\t\t\t\n\t\t\t\t\t\t\t<\/header>\n\n\t\t\t<!-- Border -->\n\t\t\t\t\t\t\t\t\t<\/div>\n\n\t<!-- TODO: Constrain to content width -->\n\t<div class=\"w-full flex flex-col\">\n\t\t<!-- Callouts -->\n\t\t<div class=\"acf-innerblocks-container\">\n<section\n\t class=\"callout align wp-block-acf-callout\" id=\"callout_block_a68f2e78c289c6c35e688bd498c6de8c\">\n\t<div class=\"grid md:grid-cols-2 gap-0\">\n\t\t<figure\n\t\t\tclass=\"md:col-start-2 md:row-start-1 grid place-items-center\"\n\t\t>\n\t\t\t\t\t\t\t<div class=\"relative\">\n\t\t\t\t\t<img decoding=\"async\" width=\"240\" height=\"206\" src=\"https:\/\/www.iaff.org\/wp-content\/uploads\/2025\/02\/PFFUImemorial23-5-240x206.jpg\" class=\"max-w-full\" alt=\"\" srcset=\"https:\/\/www.iaff.org\/wp-content\/uploads\/2025\/02\/PFFUImemorial23-5-240x206.jpg 240w, https:\/\/www.iaff.org\/wp-content\/uploads\/2025\/02\/PFFUImemorial23-5-300x257.jpg 300w, https:\/\/www.iaff.org\/wp-content\/uploads\/2025\/02\/PFFUImemorial23-5-1024x877.jpg 1024w, https:\/\/www.iaff.org\/wp-content\/uploads\/2025\/02\/PFFUImemorial23-5-768x658.jpg 768w, https:\/\/www.iaff.org\/wp-content\/uploads\/2025\/02\/PFFUImemorial23-5-1536x1316.jpg 1536w, https:\/\/www.iaff.org\/wp-content\/uploads\/2025\/02\/PFFUImemorial23-5-2048x1754.jpg 2048w, https:\/\/www.iaff.org\/wp-content\/uploads\/2025\/02\/PFFUImemorial23-5-934x800.jpg 934w, https:\/\/www.iaff.org\/wp-content\/uploads\/2025\/02\/PFFUImemorial23-5-946x810.jpg 946w\" sizes=\"(max-width: 240px) 100vw, 240px\" \/>\t\t\t\t\t<div class=\"u-halftone-overlay\"><\/div>\n\t\t\t\t<\/div>\n\t\t\t\t\t<\/figure>\n\t\t<div class=\"flex flex-col gap-2 py-[54px] text-smoke md:p-10 justify-center md:px-15\">\n\t\t\t\t\t\t\t\t\t\t<div class=\"font-serif font-600 text-[34px] leading-[1.1] -tracking-[0.5px]\">\n\t\t\t\t\tCat\u00e9gories d\u2019affili\u00e9s\t\t\t\t<\/div>\n\t\t\t\t\t\t\t\t\t\t<div class=\"font-sans font-350 text-[18px] leading-[1.5]\">\n\t\t\t\t\t<p>Mettre en \u00e9vidence les voix et les efforts des sections locales de l\u2019AIP \u00e0 travers l\u2019Am\u00e9rique du Nord.<br \/>\nC\u00e9l\u00e9brer les communications syndicales novatrices, les campagnes et l\u2019impact communautaire.<\/p>\n\t\t\t\t<\/div>\n\t\t\t\t\t\t\t\t<\/div>\n\t<\/div>\n<\/section>\n\n<\/div>\n\t\t\t<\/div>\n<\/section>\n\n<\/div><\/section>\n\n<div class=\"wp-block-group is-layout-constrained wp-block-group-is-layout-constrained\">\n<div class=\"wp-block-group is-nowrap is-layout-flex wp-container-core-group-is-layout-ad2f72ca wp-block-group-is-layout-flex\">\n<div class=\"wp-block-columns wp-container-content-9cfa9a5a is-layout-flex wp-container-core-columns-is-layout-9d6595d7 wp-block-columns-is-layout-flex\">\n<div class=\"wp-block-column is-layout-flow wp-block-column-is-layout-flow\">\n<h4 class=\"wp-block-heading\">Meilleur bulletin ou magazine (tirage inf\u00e9rieur \u00e0 1 000)<\/h4>\n\n\n<div class=\"wp-block-paragraph \">\n<p><strong>1er<\/strong> :  <a href=\"http:\/\/baltimorefireofficers.com\/docs\/Newsletter%202025%20%20(1).pdf\" data-type=\"link\" data-id=\"http:\/\/baltimorefireofficers.com\/docs\/Newsletter%202025%20%20(1).pdf\" target=\"_blank\" rel=\"noreferrer noopener\">Fully Involved &#8211; Le bulletin officiel des pompiers de Baltimore. Harry T. Conway, section locale 964 des pompiers de Baltimore <\/a>.<\/p>\n<\/div>\n\n<div class=\"wp-block-paragraph \">\n<p><strong>2e<\/strong> :  <a href=\"https:\/\/www.iaff.org\/wp-content\/uploads\/2025\/02\/September-2023-Newsletter-1.pdf\" target=\"_blank\" rel=\"noreferrer noopener\">Tout capturer. Lindsey Rogers CFD Master PIO, section locale 820 de l\u2019Association des pompiers de Chattanooga. <\/a><\/p>\n<\/div>\n\n\n<h4 class=\"wp-block-heading mt-10\">Meilleur bulletin ou magazine (tirage de plus de 1 000 exemplaires)<\/h4>\n\n\n<div class=\"wp-block-paragraph \">\n<p><strong>1er<\/strong> :  <a href=\"https:\/\/www.cpf.org\/pdf\/CPF%20Magazine%20-%20Summer%202024%20-%2021375.pdf\" target=\"_blank\" rel=\"noreferrer noopener\">Le magazine California Professional Firefighter. Pompiers professionnels de la Californie, section locale A0005 <\/a>.<\/p>\n<\/div>\n\n<div class=\"wp-block-paragraph \">\n<p><strong>2e<\/strong> :  <a href=\"https:\/\/issuu.com\/local3888\/docs\/fire_watch_volume_17_issue_final\" target=\"_blank\" rel=\"noreferrer noopener\">Magazine Fire Watch. Toronto Professional Fire Fighters Association, section locale 3888. <\/a><\/p>\n<\/div>\n\n<div class=\"wp-block-paragraph \">\n<p><strong>3e<\/strong> <a href=\"https:\/\/www.iaff.org\/wp-content\/uploads\/ninja-forms\/55\/Boston-Firefighters-Digest_entry-upload.pdf\">:<\/a> <a href=\"https:\/\/www.dropbox.com\/scl\/fi\/4sn936u54cuwtv2qmejif\/Fire-Front-Summer-2024-Final-8-19-2024.pdf?rlkey=mzli3vspmh64t8gn9hu92jl10&amp;e=1&amp;st=z5t0nrn5&amp;dl=0\" target=\"_blank\" data-type=\"link\" data-id=\"https:\/\/www.dropbox.com\/scl\/fi\/4sn936u54cuwtv2qmejif\/Fire-Front-Summer-2024-Final-8-19-2024.pdf?rlkey=mzli3vspmh64t8gn9hu92jl10&amp;e=1&amp;st=z5t0nrn5&amp;dl=0\" rel=\"noreferrer noopener\">CAL FIRE Local 2881 Fire Front &#8211; La lutte pour la semaine de travail de 66 heures. CAL FIRE, section locale 2881. <\/a><\/p>\n<\/div>\n\n\n<h4 class=\"wp-block-heading mt-10\">Meilleur message de campagne politique<\/h4>\n\n\n<div class=\"wp-block-paragraph \">\n<p><strong>1er<\/strong> :  <a href=\"https:\/\/www.youtube.com\/@Local4-Media\/videos\" target=\"_blank\" rel=\"noreferrer noopener\">Efforts de pr\u00e9somption de cancer de l\u2019IPFF. Pompiers de Des Moines, section locale 4. <\/a><\/p>\n<\/div>\n\n<div class=\"wp-block-paragraph \">\n<p><strong>2e<\/strong> :  <a href=\"https:\/\/www.iaff.org\/wp-content\/uploads\/2025\/02\/Orange-County-BOS-D3-Mailer-20087-5.pdf\" target=\"_blank\" rel=\"noreferrer noopener\">Campagne d\u2019action politique du superviseur du comt\u00e9 d\u2019Orange. la section locale 3631 de l\u2019Association des pompiers professionnels du comt\u00e9 d\u2019Orange et les affaires publiques de Poloma. <\/a><\/p>\n<\/div>\n\n<div class=\"wp-block-paragraph \">\n<p><strong>3e<\/strong> :  <a href=\"https:\/\/www.iaff.org\/wp-content\/uploads\/2025\/02\/DMNMay1224.pdf\" target=\"_blank\" rel=\"noreferrer noopener\">\u00ab Laissez ma pension aux professionnels. \u00bb Michael Glynn, Glenn Deshields, Erin Powers, section locale 440 des pompiers professionnels de Fort Worth. <\/a><\/p>\n<\/div>\n\n\n<h4 class=\"wp-block-heading mt-10\">Meilleur projet de sensibilisation MDA<\/h4>\n\n\n<div class=\"wp-block-paragraph \">\n<p><strong>1er<\/strong> :  <a href=\"https:\/\/www.youtube.com\/watch?v=kqvoUI8_V3w\" target=\"_blank\" rel=\"noreferrer noopener\">Le POURQUOI derri\u00e8re notre lecteur de bottes MDA. Jen Kleier, Tara Cardoso, Sergio Ornelas, pompiers professionnels et ambulanciers param\u00e9dicaux de la section locale 2928 du comt\u00e9 de Palm Beach. <\/a><\/p>\n<\/div>\n\n<div class=\"wp-block-paragraph \">\n<p><strong>2e<\/strong> :  <a href=\"https:\/\/www.iaff.org\/wp-content\/uploads\/2025\/02\/2023_TPFFA-MDC-BOOT-DRIVE.mp4\" target=\"_blank\" rel=\"noreferrer noopener\">Promotion de Dystrophie musculaire Canada. Kevin Krasnowski, section locale 3888 de l\u2019Association des pompiers professionnels de Toronto. <\/a><\/p>\n<\/div>\n\n<div class=\"wp-block-paragraph \">\n<p><strong>3e<\/strong> :  <a href=\"https:\/\/www.iaff.org\/wp-content\/uploads\/2025\/02\/2024.08.30-MDA-Dallas-Baker-L27-Story.jpg\" target=\"_blank\" rel=\"noreferrer noopener\">Le Seattle Fire MDA signifie plus que remplir le coffre. Dallas Baker, section locale 27 de l\u2019AIP du syndicat des pompiers de Seattle. <\/a><\/p>\n<\/div><\/div>\n\n\n\n<div class=\"wp-block-column is-layout-flow wp-block-column-is-layout-flow\">\n<h4 class=\"wp-block-heading\">Meilleure campagne de s\u00e9curit\u00e9 publique<\/h4>\n\n\n<div class=\"wp-block-paragraph \">\n<p><strong>1er<\/strong> :  <a href=\"https:\/\/www.flipsnack.com\/pffwcf\/2023-fire-safety-newspaper-in-education\/full-view.html\" target=\"_blank\" rel=\"noreferrer noopener\">26e \u00e9dition annuelle des journaux sur la s\u00e9curit\u00e9 incendie dans l\u2019\u00e9ducation. Fondation caritative des pompiers professionnels du Wisconsin. <\/a><\/p>\n<\/div>\n\n<div class=\"wp-block-paragraph \">\n<p><strong>2e<\/strong> :  <a href=\"https:\/\/www.youtube.com\/watch?v=WEyC1bQ6by8\" target=\"_blank\" rel=\"noreferrer noopener\">Savez-vous quoi faire lorsque vous voyez des lampes de poche dans votre r\u00e9troviseur? Lindsey Rogers Chef des services d\u2019incendie de Chattanooga, section locale 820 de l\u2019Association des pompiers de Chattanooga. <\/a><\/p>\n<\/div>\n\n<div class=\"wp-block-paragraph \">\n<p><strong>3e<\/strong> :  <a href=\"https:\/\/www.youtube.com\/watch?v=TQ3JJLSlE64\" target=\"_blank\" rel=\"noreferrer noopener\">Semaine de sensibilisation aux br\u00fblures &#8211; Br\u00fblures liquides inflammables. Fonds pour les br\u00fblures des pompiers professionnels de la Colombie-Britannique. Association des pompiers professionnels de la Colombie-Britannique (BCPFFA), section locale C0005. <\/a><\/p>\n<\/div>\n\n\n<h4 class=\"wp-block-heading mt-10\">Meilleure photo du Service d\u2019incendie (non publi\u00e9e auparavant) Prise par un membre de l\u2019IAFF<\/h4>\n\n\n<div class=\"wp-block-paragraph \">\n<p><strong>1er<\/strong> :  <a href=\"https:\/\/www.iaff.org\/wp-content\/uploads\/2025\/02\/The-Climb.jpg\" target=\"_blank\" rel=\"noreferrer noopener\">L\u2019ascension. Bradley Peters, section locale 4550 des pompiers professionnels du canton de Langley. <\/a><\/p>\n<\/div>\n\n<div class=\"wp-block-paragraph \">\n<p><strong>2e<\/strong> :  <a href=\"https:\/\/www.iaff.org\/wp-content\/uploads\/2025\/02\/NRIFirePhotos-29128-2-scaled.jpg\" target=\"_blank\" rel=\"noreferrer noopener\">Lavage. Kenneth LaBelle, section locale 799 de Providence. <\/a><\/p>\n<\/div>\n\n<div class=\"wp-block-paragraph \">\n<p><strong>3e<\/strong> :  <a href=\"https:\/\/www.iaff.org\/wp-content\/uploads\/2025\/02\/PFFUImemorial23-5-scaled.jpg\" target=\"_blank\" rel=\"noreferrer noopener\">C\u00e9r\u00e9monie de comm\u00e9moration des pompiers morts en service de l\u2019Indiana 2023. \u00c9quipe de communication du syndicat des pompiers professionnels de l\u2019Indiana. <\/a><\/p>\n<\/div>\n\n\n<h4 class=\"wp-block-heading mt-10\">Meilleur compte de m\u00e9dias sociaux<\/h4>\n\n\n<div class=\"wp-block-paragraph \">\n<p><strong>1er<\/strong> :  <a href=\"https:\/\/www.instagram.com\/calfirelocal2881\/#\" target=\"_blank\" rel=\"noreferrer noopener\">CAL FIRE Local 2881 Instagram. CAL FIRE, section locale 2881. <\/a><\/p>\n<\/div>\n\n<div class=\"wp-block-paragraph \">\n<p><strong>2e<\/strong> <a href=\"https:\/\/www.instagram.com\/abbotsfordfirefighters\/\" target=\"_blank\" rel=\"noreferrer noopener\">: <\/a> <a href=\"https:\/\/www.instagram.com\/vancouverfirefighters\/?igsh=aWV3MDhncHF2eGJ2\" target=\"_blank\" rel=\"noreferrer noopener\">Instagram des pompiers de Vancouver. Lee Lax, Scott Rose et Rebecca McNeil, section locale 18 des pompiers de Vancouver. <\/a><\/p>\n<\/div>\n\n<div class=\"wp-block-paragraph \">\n<p><strong>3e<\/strong> :  <a href=\"https:\/\/www.instagram.com\/nlvfiredepartment\/?igsh=MWhzZmdxbjd2aDl0dw%3D%3D#\" target=\"_blank\" rel=\"noreferrer noopener\">M\u00e9dias sociaux du service d\u2019incendie de North Las Vegas. PIO Jake Levesque. Pompiers de North Las Vegas, section locale 1607. <\/a><\/p>\n<\/div>\n\n\n<h4 class=\"wp-block-heading mt-10\">Meilleurs m\u00e9dias num\u00e9riques<\/h4>\n\n\n<div class=\"wp-block-paragraph \">\n<p><strong>1er :  <\/strong><a href=\"https:\/\/www.youtube.com\/watch?v=Qw7Vzm0Too4\" target=\"_blank\" rel=\"noreferrer noopener\">Vid\u00e9o de recrutement du service d\u2019incendie de Stockton. Kevin Taylor, pompiers professionnels de Stockton, section locale 456. <\/a><\/p>\n<\/div>\n\n<div class=\"wp-block-paragraph \">\n<p><strong>2e<\/strong> :  <a href=\"https:\/\/www.youtube.com\/watch?v=sjr-8dun9Fc\" target=\"_blank\" rel=\"noreferrer noopener\">Balado CPF Fire Wire &#8211; Action politique. Pompiers professionnels de la Californie (CPF), section locale A0005. <\/a><\/p>\n<\/div>\n\n<div class=\"wp-block-paragraph \">\n<p><strong>3e<\/strong> :  <a href=\"https:\/\/www.youtube.com\/watch?v=O-a-GyhB4tk\" target=\"_blank\" rel=\"noreferrer noopener\">Programme de collations saines des pompiers de Delta. Warren Balzer, Josh Clarke, Jane Spitz, section locale 1763 des pompiers de Delta. <\/a><\/p>\n<\/div><\/div>\n<\/div>\n<\/div>\n<\/div>\n\n<div id=\"journalist\" class=\"wp-block-group is-layout-constrained wp-block-group-is-layout-constrained\"><section\n\t class=\"page-blocks iaff-page-blocks align wp-block-acf-page-blocks\" id=\"page-blocks_block_e63b79145d8f576f8c624de6cfd7d50f\">\n\t<div class=\"acf-innerblocks-container\">\n<section\n\t class=\"section-header mb-10 !hidden align !hidden wp-block-acf-section-header\" id=\"section-header_block_bcb72d954a716b226267bec5ee025dc2\">\n\t<div class=\"\">\n\t<div class=\"flex flex-col md:flex-row justify-between max-w-content gap-x-8 md:items-end flex-wrap\">\n\t\t<h2 class=\"text-heading-200 pb-[2px]\">\n\t\t\tCat\u00e9gories de journalistes\t\t<\/h2>\n\n\t\t\t\t\t<div class=\"md:order-last w-full\">\n\t\t\t\t\n\t<hr class=\"h-[6px] text-red border-red bg-red w-full my-0\" role=\"presentation\"\/>\n\n\t<div class=\"h-divider w-full bg-halftone-divider bg-right\"><\/div>\n\t\t\t<\/div>\n\t\t\n\t\t\t<\/div>\n<\/div>\n<\/section>\n\n\n<section\n\t class=\"callout-section pt-20 md:pt-[100px] bg-smoke\/5 u-bg-full-width align wp-block-acf-callout-section\" id=\"callout-section_block_ff21617492fe91ad2f037cb6172f35fd\">\n\t\t<div class=\"\">\n\t\t\t\t\t<header class=\"flex justify-between items-center max-w-content\">\n\t\t\t\t\t\t\t\t\t<!-- Render Headline-->\n\t\t\t\t\t<h2 class=\"text-heading-200\">\n\t\t\t\t\t\t<!-- Headline: font-heading, 500, 38px, smoke -->\n\t\t\t\t\t\t \t\t\t\t\t<\/h2>\n\t\t\t\t\n\t\t\t\t\t\t\t<\/header>\n\n\t\t\t<!-- Border -->\n\t\t\t\t\t\t\t\t\t<\/div>\n\n\t<!-- TODO: Constrain to content width -->\n\t<div class=\"w-full flex flex-col\">\n\t\t<!-- Callouts -->\n\t\t<div class=\"acf-innerblocks-container\">\n<section\n\t class=\"callout align wp-block-acf-callout\" id=\"callout_block_95e424e80f8d7d6a87155b607139eb59\">\n\t<div class=\"grid md:grid-cols-2 gap-0\">\n\t\t<figure\n\t\t\tclass=\"md:col-start-2 md:row-start-1 grid place-items-center\"\n\t\t>\n\t\t\t\t\t\t\t<div class=\"relative\">\n\t\t\t\t\t<img decoding=\"async\" width=\"240\" height=\"215\" src=\"https:\/\/www.iaff.org\/wp-content\/uploads\/2025\/02\/5B3DDA8D-B26B-4139-8839-690D1864752D-240x215.jpeg\" class=\"max-w-full\" alt=\"\" srcset=\"https:\/\/www.iaff.org\/wp-content\/uploads\/2025\/02\/5B3DDA8D-B26B-4139-8839-690D1864752D-240x215.jpeg 240w, https:\/\/www.iaff.org\/wp-content\/uploads\/2025\/02\/5B3DDA8D-B26B-4139-8839-690D1864752D-300x269.jpeg 300w, https:\/\/www.iaff.org\/wp-content\/uploads\/2025\/02\/5B3DDA8D-B26B-4139-8839-690D1864752D-1024x919.jpeg 1024w, https:\/\/www.iaff.org\/wp-content\/uploads\/2025\/02\/5B3DDA8D-B26B-4139-8839-690D1864752D-768x689.jpeg 768w, https:\/\/www.iaff.org\/wp-content\/uploads\/2025\/02\/5B3DDA8D-B26B-4139-8839-690D1864752D-1536x1379.jpeg 1536w, https:\/\/www.iaff.org\/wp-content\/uploads\/2025\/02\/5B3DDA8D-B26B-4139-8839-690D1864752D-2048x1839.jpeg 2048w, https:\/\/www.iaff.org\/wp-content\/uploads\/2025\/02\/5B3DDA8D-B26B-4139-8839-690D1864752D-891x800.jpeg 891w, https:\/\/www.iaff.org\/wp-content\/uploads\/2025\/02\/5B3DDA8D-B26B-4139-8839-690D1864752D-902x810.jpeg 902w\" sizes=\"(max-width: 240px) 100vw, 240px\" \/>\t\t\t\t\t<div class=\"u-halftone-overlay\"><\/div>\n\t\t\t\t<\/div>\n\t\t\t\t\t<\/figure>\n\t\t<div class=\"flex flex-col gap-2 py-[54px] text-smoke md:p-10 justify-center md:px-15\">\n\t\t\t\t\t\t\t\t\t\t<div class=\"font-serif font-600 text-[34px] leading-[1.1] -tracking-[0.5px]\">\n\t\t\t\t\tCat\u00e9gories de journalistes\t\t\t\t<\/div>\n\t\t\t\t\t\t\t\t\t\t<div class=\"font-sans font-350 text-[18px] leading-[1.5]\">\n\t\t\t\t\t<blockquote data-start=\"172\" data-end=\"385\">\n<p data-start=\"229\" data-end=\"385\">Reconna\u00eetre l\u2019excellence en mati\u00e8re de narration, de reportage et de couverture visuelle<br data-start=\"299\" data-end=\"302\">C\u00e9l\u00e9brer les journalistes qui informent, mobilisent et am\u00e9liorent la compr\u00e9hension du public<\/p>\n<\/blockquote>\n\t\t\t\t<\/div>\n\t\t\t\t\t\t\t\t<\/div>\n\t<\/div>\n<\/section>\n\n<\/div>\n\t\t\t<\/div>\n<\/section>\n\n<\/div><\/section>\n\n\n\n<div class=\"wp-block-group is-nowrap is-layout-flex wp-container-core-group-is-layout-ad2f72ca wp-block-group-is-layout-flex\">\n<div class=\"wp-block-columns wp-container-content-9cfa9a5a is-layout-flex wp-container-core-columns-is-layout-9d6595d7 wp-block-columns-is-layout-flex\">\n<div class=\"wp-block-column is-layout-flow wp-block-column-is-layout-flow\"><div class=\"wp-block-paragraph \">\n<p><\/p>\n<\/div>\n\n\n<h4 class=\"wp-block-heading\">Meilleur reportage\/s\u00e9rie (imprim\u00e9)<\/h4>\n\n\n<div class=\"wp-block-paragraph \">\n<p><strong>1er<\/strong> :  <a href=\"https:\/\/www.azcentral.com\/story\/news\/local\/arizona-environment\/2023\/10\/16\/firefighters-and-scientists-collaborate-to-reduce-pfas-exposure\/70905073007\/\" target=\"_blank\" rel=\"noreferrer noopener\">Les pompiers de l\u2019Arizona sont confront\u00e9s \u00e0 des risques de cancer \u00e0 cause des produits chimiques nocifs. Voici comment ils travaillent pour limiter l\u2019exposition. Clara Migoya, AZ Central. <\/a><\/p>\n<\/div>\n\n<div class=\"wp-block-paragraph \">\n<p><strong>2e<\/strong> :  <a href=\"https:\/\/www.ctpost.com\/news\/article\/firefighters-struggle-loss-two-women-oxford-19716859.php\" target=\"_blank\" rel=\"noreferrer noopener\">Au milieu de dizaines de sauvetages dimanche, les pompiers ont du mal \u00e0 s\u2019occuper des deux personnes qui se sont enfuies. Christine Dempsey, Connecticut Post. <\/a><\/p>\n<\/div>\n\n\n<h4 class=\"wp-block-heading mt-10\">Meilleur report\/s\u00e9rie de nouvelles (diffusion)<\/h4>\n\n\n<div class=\"wp-block-paragraph \">\n<p><strong>1er<\/strong> :  <a href=\"https:\/\/www.youtube.com\/watch?v=MueuqlNm3BY\" target=\"_blank\" rel=\"noreferrer noopener\">Couverture du cancer de la FPPI. Kayla James, KCCI 8. <\/a><\/p>\n<\/div>\n\n<div class=\"wp-block-paragraph \">\n<p><strong>2e<\/strong> :  <a href=\"https:\/\/cnycentral.com\/news\/local\/two-syracuse-firefighters-honored-for-saving-mans-life-in-northside-house-fire-last-year\" target=\"_blank\" rel=\"noreferrer noopener\">Les pompiers r\u00e9compens\u00e9s pour un sauvetage h\u00e9ro\u00efque. Samantha Croston et Westbrook Shortell, CNY Central. <\/a><\/p>\n<\/div>\n\n<div class=\"wp-block-paragraph \">\n<p><strong>3e<\/strong> :  <a href=\"https:\/\/wjla.com\/news\/spotlight-on-america\/ev-fires-remain-a-wild-west-for-first-responders-national-highway-traffic-safety-administration-lithium-ion-batteries\" target=\"_blank\" rel=\"noreferrer noopener\">Le d\u00e9fi unique de la lutte contre les incendies de VE. Chris Daniels, TK Johnson, Andrea Nejman, ABC 7. <\/a><\/p>\n<\/div>\n\n\n<h4 class=\"wp-block-heading mt-10\">Meilleur long m\u00e9trage\/s\u00e9rie (imprim\u00e9)<\/h4>\n\n\n<div class=\"wp-block-paragraph \">\n<p><strong>1er<\/strong> : Risquer nos vies. Livi Stanford, r\u00e9publicaine am\u00e9ricaine. <br\/><a href=\"https:\/\/www.iaff.org\/wp-content\/uploads\/2025\/02\/Risking-Our-lives-part-1.pdf\" target=\"_blank\" rel=\"noreferrer noopener\">Partie 1<\/a> | <a href=\"https:\/\/www.iaff.org\/wp-content\/uploads\/2025\/02\/Risking-Our-lives-part-2.-pdf.pdf\" target=\"_blank\" rel=\"noreferrer noopener\">Partie 2<\/a><\/p>\n<\/div><\/div>\n\n\n\n<div class=\"wp-block-column is-layout-flow wp-block-column-is-layout-flow\"><div class=\"wp-block-paragraph \">\n<p><\/p>\n<\/div>\n\n\n<h4 class=\"wp-block-heading\">Meilleur long m\u00e9trage\/s\u00e9rie (diffusion)<\/h4>\n\n\n<div class=\"wp-block-paragraph \">\n<p><strong>1er<\/strong> :  <a href=\"https:\/\/www.firerescue1.com\/better-every-shift\" target=\"_blank\" rel=\"noreferrer noopener\">Balado Better Every Shift. Le lieutenant Aaron Zamzow et Janelle Foskett, Service d\u2019incendie 1. <\/a><\/p>\n<\/div>\n\n<div class=\"wp-block-paragraph \">\n<p><strong>2e<\/strong> :  <a href=\"https:\/\/www.nbcwashington.com\/investigations\/theyre-bombs-gas-leaks-present-daily-risk-throughout-dmv\/3570778\/\" target=\"_blank\" rel=\"noreferrer noopener\">\u00ab Ce sont des bombes \u00bb : Les fuites de gaz pr\u00e9sentent un risque quotidien dans tout le DMV. Ted Oberg, journaliste; Rick Yarborough, producteur; Jeff Piper, photographe; Steve Jones, photographe, NBC. <\/a><\/p>\n<\/div>\n\n<div class=\"wp-block-paragraph \">\n<p><strong>3e<\/strong> :  <a href=\"https:\/\/www.clickorlando.com\/video\/news\/2024\/03\/04\/orange-county-female-firefighter-works-to-save-lives-in-community\/\" target=\"_blank\" rel=\"noreferrer noopener\">Une pompi\u00e8re du comt\u00e9 d\u2019Orange s\u2019efforce de sauver des vies dans la communaut\u00e9. Ezzy Castro et Charles Holmes, Cliquez sur Orlando. <\/a><\/p>\n<\/div>\n\n\n<h4 class=\"wp-block-heading mt-10\">Meilleure photographie publi\u00e9e (imprim\u00e9e ou num\u00e9rique)<\/h4>\n\n\n<div class=\"wp-block-paragraph \">\n<p><strong>1er<\/strong> :  <a href=\"https:\/\/www.iaff.org\/wp-content\/uploads\/2025\/02\/ff8-2-scaled.jpg\" target=\"_blank\" rel=\"noreferrer noopener\">En service &#8211; Caserne de pompiers de Port Credit 104. Stephen Uhraney. <\/a><\/p>\n<\/div>\n\n<div class=\"wp-block-paragraph \">\n<p><strong>2e<\/strong> :  <a href=\"https:\/\/www.iaff.org\/wp-content\/uploads\/2025\/02\/5B3DDA8D-B26B-4139-8839-690D1864752D-scaled.jpeg\" target=\"_blank\" rel=\"noreferrer noopener\">Pas de probl\u00e8me. Andrew P. Klein, Bulls Fire Fotos. <\/a><\/p>\n<\/div>\n\n<div class=\"wp-block-paragraph \">\n<p><strong>3e<\/strong> :  <a href=\"https:\/\/www.iaff.org\/wp-content\/uploads\/2025\/02\/duson-scaled.jpg\" target=\"_blank\" rel=\"noreferrer noopener\">2e alarme du chemin Broadway. Ryan Winner. <\/a><\/p>\n<\/div>\n\n\n<h4 class=\"wp-block-heading mt-10\">Meilleure chronique, \u00e9ditorial ou article d\u2019opinion (imprim\u00e9 ou num\u00e9rique)<\/h4>\n\n\n<div class=\"wp-block-paragraph \">\n<p><strong>1er<\/strong> :  <a href=\"https:\/\/www.crackyl.com\/reproduction-one-firefighters-journey\/\" target=\"_blank\" rel=\"noreferrer noopener\">La sant\u00e9 g\u00e9n\u00e9sique dans le service d\u2019incendie. Maia Brown, Crackyl. <\/a><\/p>\n<\/div>\n\n\n<h4 class=\"wp-block-heading mt-10\">  Meilleur reportage d\u2019enqu\u00eate (imprim\u00e9 ou num\u00e9rique)<\/h4>\n\n\n<div class=\"wp-block-paragraph \">\n<p><strong>1er<\/strong> : Us\u00e9 : la menace du cancer dans l\u2019\u00e9quipement de lutte contre les incendies. Lisa Fletcher, Andrea Nejman, The National News Desk. <br\/><a href=\"https:\/\/thenationaldesk.com\/news\/spotlight-on-america\/firefighters-are-dying-of-cancer-in-their-20s-and-30s-is-enough-being-done-to-protect-them-forever-chemicals-pfas-carcinogen-world-health-organization-first-responders-illness-hospital-doctors-ppe-depression-fabric-tumors-awareness#\" target=\"_blank\" rel=\"noreferrer noopener nofollow\">Article 1<\/a> | <a href=\"https:\/\/thenationaldesk.com\/news\/spotlight-on-america\/leaders-in-congress-push-for-action-to-protect-firefighters-from-cancer-causing-chemicals-per-and-polyfluoroalkyl-substances-pfas-carcinogen-perfluorooctanoic-acid-turnout-gear-cancer-screening-health-insurance-legislation-house-of-representatives-cdc#\" target=\"_blank\" rel=\"noreferrer noopener nofollow\">Article 2<\/a><\/p>\n<\/div>\n\n<div class=\"wp-block-paragraph \">\n<p><strong>2e<\/strong> : D\u00e9c\u00e8s au poste d\u2019amarrage 18. Ted Sherman, NJ Advance Media. <br\/><a href=\"https:\/\/www.nj.com\/news\/2023\/11\/we-cant-find-our-way-out.html\" target=\"_blank\" rel=\"noreferrer noopener\">Article 1<\/a> | <a href=\"https:\/\/www.nj.com\/news\/2023\/11\/activate-your-panic-alarm.html\" target=\"_blank\" rel=\"noreferrer noopener\">Article 2<\/a> | <a href=\"https:\/\/www.nj.com\/news\/2023\/11\/a-dangerous-pipeline.html\" target=\"_blank\" rel=\"noreferrer noopener\">Article 3<\/a><\/p>\n<\/div><\/div>\n<\/div>\n<\/div>\n<\/div>\n<div class=\"wp-block-paragraph \">\n<p><\/p>\n<\/div>","protected":false},"excerpt":{"rendered":"<p>Meilleur bulletin ou magazine (tirage inf\u00e9rieur \u00e0 1 000) 1er : Fully Involved &#8211; Le bulletin officiel des pompiers de Baltimore. Harry T. Conway, section locale 964 des pompiers de [&hellip;]<\/p>\n","protected":false},"featured_media":0,"parent":67784,"menu_order":0,"comment_status":"closed","ping_status":"closed","template":"","meta":{"_acf_changed":false,"_searchwp_excluded":"","inline_featured_image":false,"_EventAllDay":false,"_EventTimezone":"","_EventStartDate":"","_EventEndDate":"","_EventStartDateUTC":"","_EventEndDateUTC":"","_EventShowMap":false,"_EventShowMapLink":false,"_EventURL":"","_EventCost":"","_EventCostDescription":"","_EventCurrencySymbol":"","_EventCurrencyCode":"","_EventCurrencyPosition":"","_EventDateTimeSeparator":"","_EventTimeRangeSeparator":"","_EventOrganizerID":[],"_EventVenueID":[],"_OrganizerEmail":"","_OrganizerPhone":"","_OrganizerWebsite":"","_VenueAddress":"","_VenueCity":"","_VenueCountry":"","_VenueProvince":"","_VenueState":"","_VenueZip":"","_VenuePhone":"","_VenueURL":"","_VenueStateProvince":"","_VenueLat":"","_VenueLng":"","_VenueShowMap":false,"_VenueShowMapLink":false,"footnotes":""},"class_list":["post-85248","page","type-page","status-publish","hentry"],"acf":[],"publishpress_future_workflow_manual_trigger":{"enabledWorkflows":[]},"_links":{"self":[{"href":"https:\/\/www.iaff.org\/fr-ca\/wp-json\/wp\/v2\/pages\/85248","targetHints":{"allow":["GET"]}}],"collection":[{"href":"https:\/\/www.iaff.org\/fr-ca\/wp-json\/wp\/v2\/pages"}],"about":[{"href":"https:\/\/www.iaff.org\/fr-ca\/wp-json\/wp\/v2\/types\/page"}],"author":[{"embeddable":true,"href":"https:\/\/www.iaff.org\/fr-ca\/wp-json\/wp\/v2\/users\/3"}],"replies":[{"embeddable":true,"href":"https:\/\/www.iaff.org\/fr-ca\/wp-json\/wp\/v2\/comments?post=85248"}],"version-history":[{"count":0,"href":"https:\/\/www.iaff.org\/fr-ca\/wp-json\/wp\/v2\/pages\/85248\/revisions"}],"up":[{"embeddable":true,"href":"https:\/\/www.iaff.org\/fr-ca\/wp-json\/wp\/v2\/pages\/67784"}],"wp:attachment":[{"href":"https:\/\/www.iaff.org\/fr-ca\/wp-json\/wp\/v2\/media?parent=85248"}],"curies":[{"name":"wp","href":"https:\/\/api.w.org\/{rel}","templated":true}]}}