{"id":77840,"date":"2019-04-07T14:54:04","date_gmt":"2019-04-07T18:54:04","guid":{"rendered":"https:\/\/www.iaff.org\/loi-sur-les-personnes-handicapees-presumees-au-manitoba\/"},"modified":"2024-09-06T16:29:55","modified_gmt":"2024-09-06T20:29:55","slug":"loi-sur-les-personnes-handicapees-presumees-au-manitoba","status":"publish","type":"page","link":"https:\/\/www.iaff.org\/fr-ca\/initiative-de-presomption-de-sante\/loi-sur-les-personnes-handicapees-presumees-au-manitoba\/","title":{"rendered":"Loi sur les personnes handicap\u00e9es pr\u00e9sum\u00e9es au Manitoba"},"content":{"rendered":"<section\n\t class=\"secondary-hero align wp-block-acf-secondary-hero\" id=\"secondary-hero_block_c6886efd03e67224185d403939628247\">\n\t\n<header\n\tclass=\"w-full u-bg-full-width px-[22px] md:ps-bleed md:pe-0 py-[60px] bg-blue text-white u-has-rivets\"\n\tdata-theme=\"navy\"\n>\n\t<div class=\"flex flex-col !px-0 !max-w-[1440px] w-full lg:!ps-indent\">\n\t\t<div class=\"border-t-[6px] w-full my-0 flex flex-col md:flex-row gap-x-[62px] gap-y-[22px] border-gold\">\n\t\t\t\t\t\t<div class=\"w-full md:w-1\/2 md:py-[45px]\">\n\t\t\t\t<div class=\"max-w-[600px] flex flex-col gap-[22px]\">\n\t\t\t\t\t\t\t\t\t\t\t<h1 class=\"has-[.u-halftone-shadow--dark]:mb-divider has-[.u-halftone-shadow--light]:mb-divider pt-[22px] md:pt-0\">\n\t\t\t\t\t\t\t<span class=\"inline-flex text-heading-200 u-halftone-shadow--light\">\n\t\t\t\t\t\t\t\tLoi sur les personnes handicap\u00e9es pr\u00e9sum\u00e9es au Manitoba\t\t\t\t\t\t\t<\/span>\n\t\t\t\t\t\t<\/h1>\n\t\t\t\t\t\t\t\t\t\t\t\t\t\t\t\t\t\t\t\t\t\t\t\t\t\t\t\t\t<\/div>\n\t\t\t<\/div>\n\n\t\t<\/div>\n\t\t\t\t\t<div class=\"order-first flex justify-start w-full pb-[22px]\">\n\t\t\t\t<div\n\tclass=\"wp-block-button is-style-tertiary text-white is-style-tertiary-back\"\n>\n\t\t\t<a\n\t\t\thref=\"https:\/\/www.iaff.org\/presumptive-health\/\"\n\t\t\tclass=\"wp-block-button__link wp-element-button group\"\n\t\t\t\t\t>\n\t\t\t<span\n\t\t\tclass=\"decoration-transparent underline underline-offset-2 group-hover:decoration-inherit group-focus-visible:decoration-inherit transition duration-hover\"\n\t\t>\n\t\t\tInitiative de pr\u00e9somption de sant\u00e9\t\t<\/span>\n\n\t\t<span\n\t\t\tclass=\"bg-inherit transition-colors duration-hover group-hover:bg-gold group-focus:bg-gold inline-flex rotate-180 order-first\"\n\t\t>\n\t\t\t<svg xmlns=\"http:\/\/www.w3.org\/2000\/svg\" width=\"21\" height=\"22\" fill=\"none\" viewBox=\"0 0 21 22\"><path stroke=\"currentColor\" stroke-linecap=\"round\" stroke-width=\"2\" d=\"M20 20.75L20 2.25L1.5 2.25L1.5 20.75L20 20.75Z\" clip-rule=\"evenodd\"\/><path stroke=\"currentColor\" stroke-linecap=\"square\" stroke-width=\"2\" d=\"M14.0883 11.5L6.66406 11.5\"\/><path stroke=\"currentColor\" stroke-linecap=\"square\" stroke-width=\"2\" d=\"M11.0723 7.75205L14.8363 11.5L11.0723 15.248\"\/><\/svg>\t\t<\/span>\n\t<\/a><\/div>\n\t\t\t<\/div>\n\t\t\t<\/div>\n<\/header>\n<\/section>\n<p><strong>PI\u00c8CE DE CODE :<\/strong><br \/> C.P.L.M. c.<br \/>\nW200 Loi sur les accidents du travail <\/p>\n<p><a href=\"https:\/\/web2.gov.mb.ca\/laws\/index.php\" target=\"_blank\" rel=\"noopener noreferrer\"><a href=\"https:\/\/web2.gov.mb.ca\/laws\/index.php\" target=\"_blank\" rel=\"noopener\">Site Web de l\u2019Assembl\u00e9e l\u00e9gislative du Manitoba<\/a><\/a><br \/>\n<b><\/b><\/p>\n<p><b>DESCRIPTION:<\/b><br \/><b>Pr\u00e9somption : cancer et pompiers<\/b><\/p>\n<p><b>4(5.2)<\/b><br \/> Si un travailleur qui est ou a \u00e9t\u00e9 pompier \u00e0 temps plein ou \u00e0 temps partiel subit une blessure qui est :<\/p>\n<ol>\n<li>un cancer primitif du cerveau&nbsp;;<\/li>\n<li>un cancer primitif de la vessie&nbsp;;<\/li>\n<li>un cancer du rein primitif&nbsp;;<\/li>\n<li>un lymphome non hodgkinien primitif&nbsp;;<\/li>\n<li>une leuc\u00e9mie primitive&nbsp;;<\/li>\n<li>un cancer colorectal primitif&nbsp;;<\/li>\n<li>un cancer primitif de l\u2019uret\u00e8re ; ou<\/li>\n<li>un cancer du poumon primitif&nbsp;;<\/li>\n<li>un cancer primitif du testicule ;<\/li>\n<li>un cancer primitif de l\u2019\u0153sophage&nbsp;;<\/li>\n<li>my\u00e9lome multiple&nbsp;;<\/li>\n<li>un cancer primitif de la prostate&nbsp;;<\/li>\n<li>un cancer de la peau primitif&nbsp;; ou<\/li>\n<li>un cancer du sein primitif&nbsp;;<\/li>\n<li>un cancer primitif de la thyro\u00efde&nbsp;;<\/li>\n<li>un cancer du pancr\u00e9as primitif&nbsp;;<\/li>\n<li>un cancer primitif de l\u2019ovaire&nbsp;;<\/li>\n<li>un cancer primitif du col de l\u2019ut\u00e9rus&nbsp;; ou<\/li>\n<li>un cancer primitif du p\u00e9nis&nbsp;;<\/li>\n<\/ol>\n<p>La l\u00e9sion doit \u00eatre pr\u00e9sum\u00e9e \u00eatre une maladie professionnelle dont la cause dominante est l\u2019emploi de pompier, sauf preuve contraire.<\/p>\n<p><b>Application de la pr\u00e9somption relative au cancer<\/b><\/p>\n<p><b>4(5.3)<\/b><br \/> La pr\u00e9somption pr\u00e9vue au paragraphe (5.2) s\u2019applique au travailleur :<\/p>\n<ol type=\"a\">\n<li>qui a \u00e9t\u00e9 employ\u00e9 \u00e0 titre de pompier \u00e0 temps plein ou \u00e0 temps partiel pendant une p\u00e9riode minimale prescrite par r\u00e8glement par le lieutenant-gouverneur en conseil&nbsp;; et<\/li>\n<li>qui a \u00e9t\u00e9 r\u00e9guli\u00e8rement expos\u00e9e aux dangers d\u2019un incendie, autre qu\u2019un incendie de for\u00eat, tout au long de cette p\u00e9riode d\u2019emploi.<\/li>\n<\/ol>\n<p><b>Exigence suppl\u00e9mentaire : cancer du poumon<\/b><\/p>\n<p><b>4(5.4)<\/b><br \/> En plus des exigences du paragraphe (5.3), la pr\u00e9somption d\u2019un cancer du poumon primitif ne s\u2019applique qu\u2019au travailleur qui \u00e9tait non-fumeur imm\u00e9diatement avant le jour de l\u2019accident pendant une p\u00e9riode minimale prescrite par r\u00e8glement par le lieutenant-gouverneur en conseil.<\/p>\n<p><b>Date d\u2019entr\u00e9e en vigueur de la pr\u00e9somption de cancer<\/b><\/p>\n<p><b>4(5.5)<\/b><br \/> La pr\u00e9somption pr\u00e9vue au paragraphe (5.2) s\u2019applique aux accidents qui surviennent :<\/p>\n<ol type=\"a\">\n<li>pompiers \u00e0 temps plein le 1er janvier 1992 ou apr\u00e8s cette date&nbsp;; ou<\/li>\n<li>les pompiers \u00e0 temps partiel \u00e0 compter du jour de l\u2019entr\u00e9e en vigueur du pr\u00e9sent paragraphe.<\/li>\n<\/ol>\n<p><b>Pr\u00e9somption de blessure cardiaque inflig\u00e9e aux pompiers<\/b><\/p>\n<p><b>4(5.6)<\/b><br \/> Si un travailleur qui est pompier \u00e0 temps plein ou \u00e0 temps partiel subit une blessure au c\u0153ur dans les 24 heures suivant son intervention d\u2019urgence, la blessure doit \u00eatre pr\u00e9sum\u00e9e \u00eatre un accident survenu du fait et au cours de l\u2019emploi, sauf preuve contraire.<\/p>\n<p><b>4.1(1) Les d\u00e9finitions qui suivent s\u2019appliquent au pr\u00e9sent article.<\/b><\/p>\n<p>\u00ab travailleur d\u2019intervention d\u2019urgence \u00bb<\/p>\n<ol type=\"a\">\n<li>un pompier \u00e0 temps plein, un pompier \u00e0 temps partiel ou un membre du personnel du CPO, au sens du paragraphe 4(5.1)&nbsp;;<\/li>\n<li>un technicien d\u2019intervention m\u00e9dicale d\u2019urgence au sens de la Loi sur les interventions m\u00e9dicales d\u2019urgence et le transport sur civi\u00e8re&nbsp;; ou<\/li>\n<li>un agent de police au sens de la Loi sur les services policiers.<\/li>\n<\/ol>\n<p>\u00ab trouble de stress post-traumatique \u00bb Trouble anxieux qui se d\u00e9veloppe apr\u00e8s l\u2019exposition \u00e0 un \u00e9v\u00e9nement traumatisant ou \u00e0 une exp\u00e9rience dont les sympt\u00f4mes peuvent comprendre des flashbacks, des cauchemars et des sentiments intenses de peur ou d\u2019horreur.<\/p>\n<p>\u00ab&nbsp;pr\u00e9somption de TSPT&nbsp;\u00bb La pr\u00e9somption d\u2019\u00e9tat de stress post-traumatique \u00e9tablie au paragraphe (2).<\/p>\n<table style=\"width: 54.5229%; font-weight: 400;\" border=\"1px\" data-tablestyle=\"MsoNormalTable\" data-tablelook=\"1184\" aria-rowcount=\"20\">\n<tbody>\n<tr aria-rowindex=\"1\">\n<td style=\"width: 38.2052%;\" data-celllook=\"69889\"><b><span data-contrast=\"none\">MALADIE<\/span><\/b><span data-ccp-props=\"{\"201341983\":0,\"335551550\":2,\"335551620\":2,\"335559739\":0,\"335559740\":240}\"> <\/span><\/td>\n<td style=\"width: 60.4296%;\" data-celllook=\"65809\"><b><span data-contrast=\"none\">DUR\u00c9E MINIMALE D\u2019EMPLOI (CUMULATIVE)<\/span><\/b><span data-ccp-props=\"{\"201341983\":0,\"335551550\":2,\"335551620\":2,\"335559739\":0,\"335559740\":240}\"> <\/span><\/td>\n<\/tr>\n<tr aria-rowindex=\"2\">\n<td style=\"width: 38.2052%;\" data-celllook=\"69632\"><span data-contrast=\"none\">Cancer primitif du<\/span><span data-ccp-props=\"{\"201341983\":0,\"335559739\":0,\"335559740\":276}\"> <\/span>cerveau<\/td>\n<td style=\"width: 60.4296%;\" data-celllook=\"65552\"><span data-contrast=\"none\">10 ans<\/span><span data-ccp-props=\"{\"201341983\":0,\"335551550\":2,\"335551620\":2,\"335559739\":0,\"335559740\":276}\"> <\/span><\/td>\n<\/tr>\n<tr aria-rowindex=\"3\">\n<td style=\"width: 38.2052%;\" data-celllook=\"69632\"><span data-contrast=\"none\">Cancer primitif de la vessie<\/span><span data-ccp-props=\"{\"201341983\":0,\"335559739\":0,\"335559740\":276}\"> <\/span><\/td>\n<td style=\"width: 60.4296%;\" data-celllook=\"65552\"><span data-contrast=\"none\">15 ans<\/span><span data-ccp-props=\"{\"201341983\":0,\"335551550\":2,\"335551620\":2,\"335559739\":0,\"335559740\":276}\"> <\/span><\/td>\n<\/tr>\n<tr aria-rowindex=\"4\">\n<td style=\"width: 38.2052%;\" data-celllook=\"69632\"><span data-contrast=\"none\">Cancer primitif du rein<\/span><span data-ccp-props=\"{\"201341983\":0,\"335559739\":0,\"335559740\":276}\"> <\/span><\/td>\n<td style=\"width: 60.4296%;\" data-celllook=\"65552\"><span data-contrast=\"none\">20 ans<\/span><span data-ccp-props=\"{\"201341983\":0,\"335551550\":2,\"335551620\":2,\"335559739\":0,\"335559740\":276}\"> <\/span><\/td>\n<\/tr>\n<tr aria-rowindex=\"5\">\n<td style=\"width: 38.2052%;\" data-celllook=\"69632\">Lymphome <span data-ccp-props=\"{\"201341983\":0,\"335559739\":0,\"335559740\":276}\"> <\/span><span data-contrast=\"none\">non hodgkinien primitif<\/span><\/td>\n<td style=\"width: 60.4296%;\" data-celllook=\"65552\"><span data-contrast=\"none\">20 ans<\/span><span data-ccp-props=\"{\"201341983\":0,\"335551550\":2,\"335551620\":2,\"335559739\":0,\"335559740\":276}\"> <\/span><\/td>\n<\/tr>\n<tr aria-rowindex=\"6\">\n<td style=\"width: 38.2052%;\" data-celllook=\"69632\"><span data-contrast=\"none\">Leuc\u00e9mie<\/span><span data-ccp-props=\"{\"201341983\":0,\"335559739\":0,\"335559740\":276}\"> <\/span>primaire<\/td>\n<td style=\"width: 60.4296%;\" data-celllook=\"65552\"><span data-contrast=\"none\">5 ans<\/span><span data-ccp-props=\"{\"201341983\":0,\"335551550\":2,\"335551620\":2,\"335559739\":0,\"335559740\":276}\"> <\/span><\/td>\n<\/tr>\n<tr aria-rowindex=\"7\">\n<td style=\"width: 38.2052%;\" data-celllook=\"69632\">Cancer <span data-ccp-props=\"{\"201341983\":0,\"335559739\":0,\"335559740\":276}\"> <\/span><span data-contrast=\"none\">colorectal primitif<\/span><\/td>\n<td style=\"width: 60.4296%;\" data-celllook=\"65552\"><span data-contrast=\"none\">15 ans<\/span><span data-ccp-props=\"{\"201341983\":0,\"335551550\":2,\"335551620\":2,\"335559739\":0,\"335559740\":276}\"> <\/span><\/td>\n<\/tr>\n<tr aria-rowindex=\"8\">\n<td style=\"width: 38.2052%;\" data-celllook=\"69632\"><span data-contrast=\"none\">Cancer primitif de<\/span><span data-ccp-props=\"{\"201341983\":0,\"335559739\":0,\"335559740\":276}\"> <\/span>l\u2019uret\u00e8re<\/td>\n<td style=\"width: 60.4296%;\" data-celllook=\"65552\"><span data-contrast=\"none\">15 ans<\/span><span data-ccp-props=\"{\"201341983\":0,\"335551550\":2,\"335551620\":2,\"335559739\":0,\"335559740\":276}\"> <\/span><\/td>\n<\/tr>\n<tr aria-rowindex=\"9\">\n<td style=\"width: 38.2052%;\" data-celllook=\"69632\">Cancer <span data-ccp-props=\"{\"201341983\":0,\"335559739\":0,\"335559740\":276}\"> <\/span><span data-contrast=\"none\">du poumon primitif<\/span><\/td>\n<td style=\"width: 60.4296%;\" data-celllook=\"65552\"><span data-contrast=\"none\">15 ans<\/span><span data-ccp-props=\"{\"201341983\":0,\"335551550\":2,\"335551620\":2,\"335559739\":0,\"335559740\":276}\"> <\/span><\/td>\n<\/tr>\n<tr aria-rowindex=\"10\">\n<td style=\"width: 38.2052%;\" data-celllook=\"69632\"><span data-contrast=\"none\">Cancer primitif de l\u2019\u0153sophage<\/span><span data-ccp-props=\"{\"201341983\":0,\"335559739\":0,\"335559740\":276}\"> <\/span><\/td>\n<td style=\"width: 60.4296%;\" data-celllook=\"65552\"><span data-contrast=\"none\">25 ans<\/span><span data-ccp-props=\"{\"201341983\":0,\"335551550\":2,\"335551620\":2,\"335559739\":0,\"335559740\":276}\"> <\/span><\/td>\n<\/tr>\n<tr aria-rowindex=\"11\">\n<td style=\"width: 38.2052%;\" data-celllook=\"69632\"><span data-contrast=\"none\">Cancer primitif du testicule<\/span><span data-ccp-props=\"{\"201341983\":0,\"335559739\":0,\"335559740\":276}\"> <\/span><\/td>\n<td style=\"width: 60.4296%;\" data-celllook=\"65552\"><span data-contrast=\"none\">10 ans<\/span><span data-ccp-props=\"{\"201341983\":0,\"335551550\":2,\"335551620\":2,\"335559739\":0,\"335559740\":276}\"> <\/span><\/td>\n<\/tr>\n<tr aria-rowindex=\"12\">\n<td style=\"width: 38.2052%;\" data-celllook=\"69632\"><span data-contrast=\"none\">My\u00e9lome<\/span><span data-ccp-props=\"{\"201341983\":0,\"335559739\":0,\"335559740\":276}\"> <\/span>multiple<\/td>\n<td style=\"width: 60.4296%;\" data-celllook=\"65552\"><span data-contrast=\"none\">15 ans<\/span><span data-ccp-props=\"{\"201341983\":0,\"335551550\":2,\"335551620\":2,\"335559739\":0,\"335559740\":276}\"> <\/span><\/td>\n<\/tr>\n<tr aria-rowindex=\"13\">\n<td style=\"width: 38.2052%;\" data-celllook=\"69632\"><span data-contrast=\"none\">Cancer primitif de<\/span><span data-ccp-props=\"{\"201341983\":0,\"335559739\":0,\"335559740\":276}\"> <\/span>la prostate<\/td>\n<td style=\"width: 60.4296%;\" data-celllook=\"65552\"><span data-contrast=\"none\">15 ans<\/span><span data-ccp-props=\"{\"201341983\":0,\"335551550\":2,\"335551620\":2,\"335559739\":0,\"335559740\":276}\"> <\/span><\/td>\n<\/tr>\n<tr aria-rowindex=\"14\">\n<td style=\"width: 38.2052%;\" data-celllook=\"69632\"><span data-contrast=\"none\">Cancer primitif de<\/span><span data-ccp-props=\"{\"201341983\":0,\"335559739\":0,\"335559740\":276}\"> <\/span>la peau<\/td>\n<td style=\"width: 60.4296%;\" data-celllook=\"65552\"><span data-contrast=\"none\">15 ans<\/span><span data-ccp-props=\"{\"201341983\":0,\"335551550\":2,\"335551620\":2,\"335559739\":0,\"335559740\":276}\"> <\/span><\/td>\n<\/tr>\n<tr aria-rowindex=\"15\">\n<td style=\"width: 38.2052%;\" data-celllook=\"69632\">Cancer <span data-ccp-props=\"{\"201341983\":0,\"335559739\":0,\"335559740\":276}\"> <\/span><span data-contrast=\"none\">du sein primitif<\/span><\/td>\n<td style=\"width: 60.4296%;\" data-celllook=\"65552\"><span data-contrast=\"none\">10 ans<\/span><span data-ccp-props=\"{\"201341983\":0,\"335551550\":2,\"335551620\":2,\"335559739\":0,\"335559740\":276}\"> <\/span><\/td>\n<\/tr>\n<tr aria-rowindex=\"16\">\n<td style=\"width: 38.2052%;\" data-celllook=\"69632\">Cancer <span data-ccp-props=\"{\"201341983\":0,\"335559739\":0,\"335559740\":276}\"> <\/span><span data-contrast=\"none\">primitif de la thyro\u00efde<\/span><\/td>\n<td style=\"width: 60.4296%;\" data-celllook=\"65552\"><span data-contrast=\"none\">10 ans<\/span><span data-ccp-props=\"{\"201341983\":0,\"335551550\":2,\"335551620\":2,\"335559739\":0,\"335559740\":276}\"> <\/span><\/td>\n<\/tr>\n<tr aria-rowindex=\"17\">\n<td style=\"width: 38.2052%;\" data-celllook=\"69632\">Cancer <span data-ccp-props=\"{\"201341983\":0,\"335551550\":6,\"335551620\":6,\"335559739\":0,\"335559740\":276}\"> <\/span><span data-contrast=\"none\">primitif du pancr\u00e9as<\/span><\/td>\n<td style=\"width: 60.4296%;\" data-celllook=\"65552\"><span data-contrast=\"none\">10 ans<\/span><span data-ccp-props=\"{\"201341983\":0,\"335551550\":2,\"335551620\":2,\"335559739\":0,\"335559740\":276}\"> <\/span><\/td>\n<\/tr>\n<tr aria-rowindex=\"18\">\n<td style=\"width: 38.2052%;\" data-celllook=\"69632\"><span data-contrast=\"none\">Cancer primitif de<\/span><span data-ccp-props=\"{\"201341983\":0,\"335551550\":6,\"335551620\":6,\"335559739\":0,\"335559740\":276}\"> <\/span>l\u2019ovaire<\/td>\n<td style=\"width: 60.4296%;\" data-celllook=\"65552\"><span data-contrast=\"none\">10 ans<\/span><span data-ccp-props=\"{\"201341983\":0,\"335551550\":2,\"335551620\":2,\"335559739\":0,\"335559740\":276}\"> <\/span><\/td>\n<\/tr>\n<tr aria-rowindex=\"19\">\n<td style=\"width: 38.2052%;\" data-celllook=\"69632\">Cancer <span data-ccp-props=\"{\"201341983\":0,\"335551550\":6,\"335551620\":6,\"335559739\":0,\"335559740\":276}\"> <\/span><span data-contrast=\"none\">primitif du col de l\u2019ut\u00e9rus<\/span><\/td>\n<td style=\"width: 60.4296%;\" data-celllook=\"65552\"><span data-contrast=\"none\">10 ans<\/span><span data-ccp-props=\"{\"201341983\":0,\"335551550\":2,\"335551620\":2,\"335559739\":0,\"335559740\":276}\"> <\/span><\/td>\n<\/tr>\n<tr aria-rowindex=\"20\">\n<td style=\"width: 38.2052%;\" data-celllook=\"69888\"><span data-contrast=\"none\">Cancer primitif du<\/span><span data-ccp-props=\"{\"201341983\":0,\"335551550\":6,\"335551620\":6,\"335559739\":0,\"335559740\":276}\"> <\/span>p\u00e9nis<\/td>\n<td style=\"width: 60.4296%;\" data-celllook=\"65808\"><span data-contrast=\"none\">15 ans<\/span><span data-ccp-props=\"{\"201341983\":0,\"335551550\":2,\"335551620\":2,\"335559739\":0,\"335559740\":276}\"> <\/span><\/td>\n<\/tr>\n<\/tbody>\n<\/table>\n<p>&nbsp;<\/p>\n<p><strong>Aucune p\u00e9riode minimale en tant que non-fumeur ne s\u2019applique<\/strong><\/p>\n<p><strong>3(1)<\/strong><br \/> Pour l\u2019application du <a href=\"https:\/\/www.canlii.org\/en\/mb\/laws\/stat\/ccsm-c-w200\/latest\/ccsm-c-w200.html#sec4subsec5.4_smooth\" target=\"_blank\" rel=\"noopener\">paragraphe 4(5.4) <\/a>de la <a href=\"https:\/\/www.canlii.org\/en\/mb\/laws\/stat\/ccsm-c-w200\/latest\/ccsm-c-w200.html\" target=\"_blank\" rel=\"noopener\">Loi<\/a> (exigence suppl\u00e9mentaire relative au cancer du poumon), si un travailleur a fum\u00e9 au cours de sa vie :<\/p>\n<ol style=\"list-style-type: lower-alpha;\">\n<li>moins de 365 cigarettes&nbsp;;<\/li>\n<li>moins de 365 cigares&nbsp;;<\/li>\n<li>moins de 365 tuyaux&nbsp;; ou<\/li>\n<li>moins de 365 cigarettes, cigares et pipes&nbsp;;<\/li>\n<\/ol>\n<p>Il n\u2019y a pas de p\u00e9riode minimale pendant laquelle un travailleur doit avoir \u00e9t\u00e9 non-fumeur imm\u00e9diatement avant le jour de l\u2019accident.<\/p>\n<p>P\u00e9riode minimale en tant que non-fumeur<\/p>\n<p><strong>3(2)<\/strong><br \/> Sous r\u00e9serve du paragraphe (1), la p\u00e9riode minimale pendant laquelle le travailleur a \u00e9t\u00e9 non-fumeur<\/p>\n<ol style=\"list-style-type: lower-alpha;\">\n<li>des cigarettes imm\u00e9diatement avant le jour de l\u2019accident est la suivante :<br \/>\n<table style=\"width: 53.584%; font-weight: 400;\" border=\"1px\" data-tablestyle=\"MsoNormalTable\" data-tablelook=\"1184\" aria-rowcount=\"8\">\n<tbody>\n<tr aria-rowindex=\"1\">\n<td style=\"width: 41.739%;\" data-celllook=\"69889\"><b><span data-contrast=\"none\">NOMBRE DE CIGARETTES FUM\u00c9ES<\/span><\/b><span data-ccp-props=\"{\"201341983\":0,\"335551550\":2,\"335551620\":2,\"335559739\":0,\"335559740\":240}\"> <\/span><\/td>\n<td style=\"width: 61.559%;\" data-celllook=\"65809\"><b><span data-contrast=\"none\">DUR\u00c9E MINIMALE EN TANT QUE NON-FUMEUR (CONS\u00c9CUTIVES)<\/span><\/b><span data-ccp-props=\"{\"201341983\":0,\"335551550\":2,\"335551620\":2,\"335559739\":0,\"335559740\":240}\"> <\/span><\/td>\n<\/tr>\n<tr aria-rowindex=\"3\">\n<td style=\"width: 41.739%;\" data-celllook=\"69632\"><span data-contrast=\"none\">moins de 7 par semaine<\/span><span data-ccp-props=\"{\"201341983\":0,\"335559739\":0,\"335559740\":240}\"> <\/span><\/td>\n<td style=\"width: 61.559%;\" data-celllook=\"65552\"><span data-contrast=\"none\">6 ans<\/span><span data-ccp-props=\"{\"201341983\":0,\"335551550\":2,\"335551620\":2,\"335559739\":0,\"335559740\":240}\"> <\/span><\/td>\n<\/tr>\n<tr aria-rowindex=\"4\">\n<td style=\"width: 41.739%;\" data-celllook=\"69632\"><span data-contrast=\"none\">1 \u00e0 9 par jour<\/span><span data-ccp-props=\"{\"201341983\":0,\"335559739\":0,\"335559740\":240}\"> <\/span><\/td>\n<td style=\"width: 61.559%;\" data-celllook=\"65552\"><span data-contrast=\"none\">6 ans<\/span><span data-ccp-props=\"{\"201341983\":0,\"335551550\":2,\"335551620\":2,\"335559739\":0,\"335559740\":240}\"> <\/span><\/td>\n<\/tr>\n<tr aria-rowindex=\"5\">\n<td style=\"width: 41.739%;\" data-celllook=\"69632\"><span data-contrast=\"none\">10 \u00e0 19 par jour<\/span><span data-ccp-props=\"{\"201341983\":0,\"335559739\":0,\"335559740\":240}\"> <\/span><\/td>\n<td style=\"width: 61.559%;\" data-celllook=\"65552\"><span data-contrast=\"none\">13 ans<\/span><span data-ccp-props=\"{\"201341983\":0,\"335551550\":2,\"335551620\":2,\"335559739\":0,\"335559740\":240}\"> <\/span><\/td>\n<\/tr>\n<tr aria-rowindex=\"6\">\n<td style=\"width: 41.739%;\" data-celllook=\"69632\"><span data-contrast=\"none\">20 par jour<\/span><span data-ccp-props=\"{\"201341983\":0,\"335559739\":0,\"335559740\":240}\"> <\/span><\/td>\n<td style=\"width: 61.559%;\" data-celllook=\"65552\"><span data-contrast=\"none\">18 ans<\/span><span data-ccp-props=\"{\"201341983\":0,\"335551550\":2,\"335551620\":2,\"335559739\":0,\"335559740\":240}\"> <\/span><\/td>\n<\/tr>\n<tr aria-rowindex=\"7\">\n<td style=\"width: 41.739%;\" data-celllook=\"69632\"><span data-contrast=\"none\">21 \u00e0 39 par jour<\/span><span data-ccp-props=\"{\"201341983\":0,\"335559739\":0,\"335559740\":240}\"> <\/span><\/td>\n<td style=\"width: 61.559%;\" data-celllook=\"65552\"><span data-contrast=\"none\">23 ans<\/span><span data-ccp-props=\"{\"201341983\":0,\"335551550\":2,\"335551620\":2,\"335559739\":0,\"335559740\":240}\"> <\/span><\/td>\n<\/tr>\n<tr aria-rowindex=\"8\">\n<td style=\"width: 41.739%;\" data-celllook=\"69888\"><span data-contrast=\"none\">40 ou plus par jour<\/span><span data-ccp-props=\"{\"201341983\":0,\"335559739\":0,\"335559740\":240}\"> <\/span><\/td>\n<td style=\"width: 61.559%;\" data-celllook=\"65808\"><span data-contrast=\"none\">28 ans<\/span><span data-ccp-props=\"{\"201341983\":0,\"335551550\":2,\"335551620\":2,\"335559739\":0,\"335559740\":240}\"> <\/span><\/td>\n<\/tr>\n<\/tbody>\n<\/table>\n<\/li>\n<li>des cigares ou des pipes imm\u00e9diatement avant le jour de l\u2019accident est le suivant :<br \/>\n<table style=\"font-weight: 400; width: 53.7268%;\" border=\"1px\" data-tablestyle=\"MsoNormalTable\" data-tablelook=\"1184\" aria-rowcount=\"2\">\n<tbody>\n<tr aria-rowindex=\"1\">\n<td style=\"width: 40.2145%;\" data-celllook=\"69889\"><b><span data-contrast=\"none\">NOMBRE DE CIGARES OU DE PIPES FUM\u00c9S<\/span><\/b><span data-ccp-props=\"{\"201341983\":0,\"335551550\":2,\"335551620\":2,\"335559739\":0,\"335559740\":240}\"> <\/span><\/td>\n<td style=\"width: 56.3035%;\" data-celllook=\"65809\"><b><span data-contrast=\"none\">DUR\u00c9E MINIMALE DE LA P\u00c9RIODE DE NON-FUMEUR (CONS\u00c9CUTIVE)<\/span><\/b><span data-ccp-props=\"{\"201341983\":0,\"335551550\":2,\"335551620\":2,\"335559739\":0,\"335559740\":240}\"> <\/span><\/td>\n<\/tr>\n<tr aria-rowindex=\"2\">\n<td style=\"width: 40.2145%;\" data-celllook=\"69888\"><span data-contrast=\"none\">Plus de 1 cigare ou pipe par jour<\/span><span data-ccp-props=\"{\"201341983\":0,\"335551550\":2,\"335551620\":2,\"335559739\":0,\"335559740\":240}\"> <\/span><\/td>\n<td style=\"width: 56.3035%;\" data-celllook=\"65808\"><span data-contrast=\"none\">8 ans<\/span><span data-ccp-props=\"{\"201341983\":0,\"335559739\":0,\"335559740\":240}\"> <\/span><\/td>\n<\/tr>\n<\/tbody>\n<\/table>\n<\/li>\n<\/ol>\n<p><strong>Le travailleur fumait des cigarettes avec des cigares ou des pipes<\/strong><\/p>\n<p><strong>3(3)<\/strong><br \/> Sous r\u00e9serve du paragraphe (1), si un travailleur a fum\u00e9 des cigarettes en combinaison avec des cigares ou des pipes, la p\u00e9riode minimale est d\u00e9termin\u00e9e \u00e0 l\u2019aide du tableau pr\u00e9vu \u00e0 l\u2019alin\u00e9a (2)a).<\/p>\n<p><b>Pr\u00e9somption : \u00e9tat de stress post-traumatique \u2014 intervenants d\u2019urgence<\/b><\/p>\n<p><b>4.1(2)<\/b><br \/> Si un travailleur qui est ou a \u00e9t\u00e9 un travailleur d\u2019intervention d\u2019urgence souffre d\u2019un trouble de stress post-traumatique, ce trouble doit \u00eatre pr\u00e9sum\u00e9 \u00eatre une maladie professionnelle dont la cause dominante est l\u2019emploi \u00e0 titre de travailleur d\u2019intervention d\u2019urgence, \u00e0 moins que le contraire ne soit prouv\u00e9.<\/p>\n<p><b>Date d\u2019entr\u00e9e en vigueur de la pr\u00e9somption<\/b><\/p>\n<p><b>4.1(3)<\/b><br \/> La pr\u00e9somption de TSPT s\u2019applique \u00e0 l\u2019\u00e9tat de stress post-traumatique diagnostiqu\u00e9 \u00e0 une date prescrite par r\u00e8glement ou apr\u00e8s cette date.<\/p>\n<p><b>Conditions et restrictions<\/b><\/p>\n<p><b>4.1(4)<\/b><br \/> La pr\u00e9somption de TSPT est assujettie aux conditions ou aux restrictions \u00e9nonc\u00e9es dans les r\u00e8glements pris en vertu de l\u2019alin\u00e9a (5)a).<\/p>\n<p><b>R\u00e8glement<\/b><\/p>\n<p><b>4.1(5)<\/b><br \/> Le lieutenant-gouverneur en conseil peut, par r\u00e8glement :<\/p>\n<ol type=\"a\">\n<li>prescrire les conditions et les restrictions relatives \u00e0 la pr\u00e9somption de TSPT, y compris les conditions et les restrictions relatives \u00e0 la nature de l\u2019emploi, \u00e0 la dur\u00e9e de l\u2019emploi, \u00e0 la p\u00e9riode pendant laquelle le travailleur a \u00e9t\u00e9 employ\u00e9 ou \u00e0 l\u2019\u00e2ge du travailleur&nbsp;;<\/li>\n<li>prescrire une date pour l\u2019application du paragraphe 4.1(3) (date d\u2019entr\u00e9e en vigueur de la pr\u00e9somption), qui peut avoir un effet r\u00e9troactif&nbsp;;<\/li>\n<li>prendre des mesures concernant les questions transitoires ou les difficult\u00e9s qui pourraient \u00eatre rencontr\u00e9es lors de l\u2019entr\u00e9e en vigueur du pr\u00e9sent article.<\/li>\n<\/ol>\n","protected":false},"excerpt":{"rendered":"<p>PI\u00c8CE DE CODE : C.P.L.M. c. W200 Loi sur les accidents du travail Site Web de l\u2019Assembl\u00e9e l\u00e9gislative du Manitoba DESCRIPTION:Pr\u00e9somption : cancer et pompiers 4(5.2) Si un travailleur qui [&hellip;]<\/p>\n","protected":false},"featured_media":0,"parent":77841,"menu_order":0,"comment_status":"closed","ping_status":"closed","template":"","meta":{"_acf_changed":false,"_searchwp_excluded":"","inline_featured_image":false,"_EventAllDay":false,"_EventTimezone":"","_EventStartDate":"","_EventEndDate":"","_EventStartDateUTC":"","_EventEndDateUTC":"","_EventShowMap":false,"_EventShowMapLink":false,"_EventURL":"","_EventCost":"","_EventCostDescription":"","_EventCurrencySymbol":"","_EventCurrencyCode":"","_EventCurrencyPosition":"","_EventDateTimeSeparator":"","_EventTimeRangeSeparator":"","_EventOrganizerID":[],"_EventVenueID":[],"_OrganizerEmail":"","_OrganizerPhone":"","_OrganizerWebsite":"","_VenueAddress":"","_VenueCity":"","_VenueCountry":"","_VenueProvince":"","_VenueState":"","_VenueZip":"","_VenuePhone":"","_VenueURL":"","_VenueStateProvince":"","_VenueLat":"","_VenueLng":"","_VenueShowMap":false,"_VenueShowMapLink":false,"footnotes":""},"class_list":["post-77840","page","type-page","status-publish","hentry"],"acf":[],"publishpress_future_workflow_manual_trigger":{"enabledWorkflows":[]},"_links":{"self":[{"href":"https:\/\/www.iaff.org\/fr-ca\/wp-json\/wp\/v2\/pages\/77840","targetHints":{"allow":["GET"]}}],"collection":[{"href":"https:\/\/www.iaff.org\/fr-ca\/wp-json\/wp\/v2\/pages"}],"about":[{"href":"https:\/\/www.iaff.org\/fr-ca\/wp-json\/wp\/v2\/types\/page"}],"author":[{"embeddable":true,"href":"https:\/\/www.iaff.org\/fr-ca\/wp-json\/wp\/v2\/users\/1"}],"replies":[{"embeddable":true,"href":"https:\/\/www.iaff.org\/fr-ca\/wp-json\/wp\/v2\/comments?post=77840"}],"version-history":[{"count":0,"href":"https:\/\/www.iaff.org\/fr-ca\/wp-json\/wp\/v2\/pages\/77840\/revisions"}],"up":[{"embeddable":true,"href":"https:\/\/www.iaff.org\/fr-ca\/wp-json\/wp\/v2\/pages\/77841"}],"wp:attachment":[{"href":"https:\/\/www.iaff.org\/fr-ca\/wp-json\/wp\/v2\/media?parent=77840"}],"curies":[{"name":"wp","href":"https:\/\/api.w.org\/{rel}","templated":true}]}}