{"id":77646,"date":"2019-07-02T19:40:05","date_gmt":"2019-07-02T23:40:05","guid":{"rendered":"https:\/\/www.iaff.org\/prix-des-medias-2009\/"},"modified":"2019-07-02T19:40:05","modified_gmt":"2019-07-02T23:40:05","slug":"prix-des-medias-2009","status":"publish","type":"page","link":"https:\/\/www.iaff.org\/fr-ca\/prix-des-medias-2009\/","title":{"rendered":"Prix des m\u00e9dias : 2009"},"content":{"rendered":"<p><div class=\"iaff_legacy_shortcode\" data-legacy-shortcode=\"vc_row\"><div class=\"iaff_legacy_shortcode\" data-legacy-shortcode=\"vc_column\"><p><div class=\"iaff_legacy_shortcode\" data-legacy-shortcode=\"vc_custom_heading\" data-legacy-shortcode-attrs=\"{&quot;text&quot;:&quot;l\\u2019AIP Prix des m\\u00e9dias 2009&quot;,&quot;font_container&quot;:&quot;tag:p|text_align:left|color:%23000000|line_height:1em&quot;,&quot;google_fonts&quot;:&quot;font_family:Roboto%20Condensed%3A300%2C300italic%2Cregular%2Citalic%2C700%2C700italic|font_style:700%20bold%20regular%3A700%3Anormal&quot;,&quot;css_animation&quot;:&quot;none&quot;,&quot;el_class&quot;:&quot;meetings-head&quot;}\"><\/div><div class=\"iaff_legacy_shortcode\" data-legacy-shortcode=\"dt_breadcrumbs\" data-legacy-shortcode-attrs=\"{&quot;font_size&quot;:&quot;15px&quot;,&quot;font_color&quot;:&quot;#000000&quot;,&quot;paddings&quot;:&quot;0px 0px 0px 0px&quot;,&quot;border_color&quot;:&quot;#dd3333&quot;,&quot;alignment&quot;:&quot;left&quot;}\"><\/div><\/p>\n<\/div>\n<\/div><div class=\"iaff_legacy_shortcode\" data-legacy-shortcode=\"vc_row\" data-legacy-shortcode-attrs=\"{&quot;gap&quot;:&quot;35&quot;,&quot;css&quot;:&quot;.vc_custom_1552591204324{margin-top: 2% !important;}&quot;}\"><div class=\"iaff_legacy_shortcode\" data-legacy-shortcode=\"vc_column\"><p>[vc_single_image image=\u00a0\u00bb33578&Prime; img_size=\u00a0\u00bbfull\u00a0\u00bb]<\/p>\n<\/div>\n<\/div><div class=\"iaff_legacy_shortcode\" data-legacy-shortcode=\"vc_row\"><div class=\"iaff_legacy_shortcode\" data-legacy-shortcode=\"vc_column\"><div class=\"iaff_legacy_shortcode\" data-legacy-shortcode=\"vc_tta_tour\" data-legacy-shortcode-attrs=\"{&quot;style&quot;:&quot;flat&quot;,&quot;shape&quot;:&quot;square&quot;,&quot;spacing&quot;:&quot;10&quot;,&quot;gap&quot;:&quot;35&quot;,&quot;active_section&quot;:&quot;1&quot;,&quot;no_fill_content_area&quot;:&quot;true&quot;,&quot;el_class&quot;:&quot;iaff-fixed-list&quot;}\"><p><div class=\"iaff_legacy_shortcode\" data-legacy-shortcode=\"vc_tta_section\" data-legacy-shortcode-attrs=\"{&quot;tab_id&quot;:&quot;ma-2012-home&quot;,&quot;title&quot;:&quot;Accueil&quot;}\"><div class=\"iaff_legacy_shortcode\" data-legacy-shortcode=\"vc_row_inner\"><div class=\"iaff_legacy_shortcode\" data-legacy-shortcode=\"vc_column_inner\"><div class=\"iaff_legacy_shortcode\" data-legacy-shortcode=\"vc_column_text\"><\/p>\n<h2><span style=\"color: #ff0000;\">Concours des prix des m\u00e9dias de l\u2019AIP 2009<\/span><\/h2>\n<div class=\"iaff_legacy_shortcode\" data-legacy-shortcode=\"dt_divider\" data-legacy-shortcode-attrs=\"{&quot;style&quot;:&quot;thin&quot;}\"><\/div>\n<p>&nbsp;<\/p>\n<p class=\"textsmaller\"><b>Le concours L\u2019Association internationale des pompiers les reportages et les photographies qui d\u00e9peignent le mieux le travail professionnel et dangereux des pompiers et du personnel m\u00e9dical d\u2019urgence aux \u00c9tats-Unis et au Canada.<\/b><\/p>\n<p class=\"textsmaller\"><b>Chaque jour, dans des endroits largement impr\u00e9visibles, le travail vital des pompiers et des secouristes prend vie dans les photos et les reportages d\u2019actualit\u00e9, dans les journaux, \u00e0 la t\u00e9l\u00e9vision, \u00e0 la radio et sur le Web.<br \/>\nCe que les membres de l\u2019AIP accomplissent &#8212; sur des lieux de travail qu\u2019ils n\u2019ont pas choisis &#8212; devient tr\u00e8s \u00e9vident pour les t\u00e9l\u00e9spectateurs et les lecteurs bien au-del\u00e0 de la localit\u00e9.<br \/>\nPourtant, de nombreuses histoires et images mises \u00e0 l\u2019honneur ici soulignent quelque chose d\u2019aussi pr\u00e9cieux : elles mettent un visage sur ces pompiers, documentant leur humanit\u00e9 en tant que citoyens qui contribuent \u00e0 leurs communaut\u00e9s pendant leurs heures de repos \u00e9galement.  <\/b><\/p>\n<p class=\"textsmaller\"><b>En 2009, le concours a attir\u00e9 244 candidatures<\/b><\/p>\n<p>\n<\/div>\n<\/div>\n<\/div>\n<\/div><div class=\"iaff_legacy_shortcode\" data-legacy-shortcode=\"vc_tta_section\" data-legacy-shortcode-attrs=\"{&quot;title&quot;:&quot;Nouvelles ou reportage&quot;,&quot;tab_id&quot;:&quot;nofs&quot;}\"><p><div class=\"iaff_legacy_shortcode\" data-legacy-shortcode=\"vc_row_inner\"><div class=\"iaff_legacy_shortcode\" data-legacy-shortcode=\"vc_column_inner\"><div class=\"iaff_legacy_shortcode\" data-legacy-shortcode=\"vc_column_text\"><\/p>\n<h2><span style=\"color: #ff0000;\">ACTUALIT\u00c9S OU REPORTAGE<\/span><\/h2>\n<div class=\"iaff_legacy_shortcode\" data-legacy-shortcode=\"dt_divider\" data-legacy-shortcode-attrs=\"{&quot;style&quot;:&quot;thin&quot;}\"><\/div>\n<\/div>\n<\/div>\n<\/div><div class=\"iaff_legacy_shortcode\" data-legacy-shortcode=\"vc_row_inner\"><p><div class=\"iaff_legacy_shortcode\" data-legacy-shortcode=\"vc_column_inner\" data-legacy-shortcode-attrs=\"{&quot;width&quot;:&quot;1\\\/2&quot;}\"><div class=\"iaff_legacy_shortcode\" data-legacy-shortcode=\"vc_column_text\"><\/p>\n<h3>TIRAGE SUP\u00c9RIEUR \u00c0 100 000 EXEMPLAIRES<\/h3>\n<div class=\"iaff_legacy_shortcode\" data-legacy-shortcode=\"dt_divider\" data-legacy-shortcode-attrs=\"{&quot;style&quot;:&quot;thin&quot;}\"><\/div>\n<p style=\"text-align: left;\"><b><span style=\"color: #a47e6c; font-size: small;\">PREMI\u00c8RE PLACE :<\/span><\/b><span style=\"font-size: small;\"> <\/span><b><i><span style=\"font-size: small;\">\u00ab Le cancer fait payer un lourd tribut aux pompiers de Seattle \u00bb<\/span><\/i><\/b><\/p>\n<p class=\"TEXTSMALLER\"><i>La loi de l\u2019\u00c9tat de Washington suppose que sept formes de cancer sont suppos\u00e9es \u00eatre li\u00e9es au travail des pompiers.<br \/>\nCet article dresse le portrait de Dave Jacobs, qui souffre d\u2019un cancer de l\u2019\u0153sophage. <\/i><\/p>\n<p class=\"TEXTSMALLER\"><b>Seattle Post-Intelligencer R\u00e9dig\u00e9 par : Kathy Mulady et Casey McNerthney Soumis par : Seattle, WA Local 27<\/b><\/p>\n<p style=\"text-align: left;\" align=\"right\"><b><span style=\"color: #a47e6c; font-size: small;\">DEUXI\u00c8ME PLACE :<\/span><\/b><span style=\"color: #a47e6c; font-size: small;\"> <\/span><b><i><span style=\"font-size: small;\">\u00ab Fabriquer des \u00ab&nbsp;combinaisons de peau&nbsp;\u00bb pour les corps ravag\u00e9s par les br\u00fblures \u00bb<\/span><\/i><\/b><\/p>\n<p class=\"TEXTSMALLER\" style=\"text-align: left;\" align=\"right\"><i>Une femme qui coud des \u00ab combinaisons de peau \u00bb \u2013 des v\u00eatements de pression pour les couches du derme de la peau \u2013 est pr\u00e9sent\u00e9e dans cet article dans une s\u00e9rie en trois parties sur les victimes de br\u00fblures.<\/i><\/p>\n<p class=\"TEXTSMALLER\" style=\"text-align: left;\" align=\"right\"><b>Toronto Star R\u00e9dig\u00e9 par : Tanya Talaga Soumis par : Toronto, ON Local 3888<\/b><\/p>\n<p class=\"TEXTSMALLER\" style=\"text-align: left;\" align=\"right\"><b><span style=\"color: #a47e6c;\"><span style=\"font-size: small;\">MENTION HONORABLE : <\/span><\/span><i><span style=\"font-size: small;\">\u00ab&nbsp;Il n\u2019\u00e9tait jamais seul&nbsp;\u00bb<\/span><\/i><\/b><\/p>\n<p class=\"TEXTSMALLER\" style=\"text-align: left;\" align=\"right\"><i>Le pompier-ambulancier Ryan Hummert, victime d\u2019un coup de feu apr\u00e8s avoir r\u00e9pondu \u00e0 ce qui semblait \u00eatre un incendie de voiture de routine, a eu la compagnie continue de ses camarades dans l\u2019ambulance jusqu\u2019\u00e0 l\u2019h\u00f4pital, lors de son autopsie et lors d\u2019une veill\u00e9e pr\u00e8s de son corps au salon fun\u00e9raire jusqu\u2019\u00e0 ce qu\u2019il soit enterr\u00e9.<\/i><\/p>\n<p class=\"TEXTSMALLER\" style=\"text-align: left;\" align=\"right\"><b>St. Louis Post-Dispatch \u00c9crit par&nbsp;: Christine Byers Soumis par&nbsp;: Pompiers professionnels du Missouri Local 2665<\/b><\/p>\n<p>\n<\/div>\n<\/div><div class=\"iaff_legacy_shortcode\" data-legacy-shortcode=\"vc_column_inner\" data-legacy-shortcode-attrs=\"{&quot;width&quot;:&quot;1\\\/2&quot;}\"><div class=\"iaff_legacy_shortcode\" data-legacy-shortcode=\"vc_column_text\"><\/p>\n<h3>Tirage inf\u00e9rieur \u00e0 100 000 exemplaires<\/h3>\n<div class=\"iaff_legacy_shortcode\" data-legacy-shortcode=\"dt_divider\" data-legacy-shortcode-attrs=\"{&quot;style&quot;:&quot;thin&quot;}\"><\/div>\n<p><b><span style=\"color: #a47e6c; font-size: small;\">PREMI\u00c8RE PLACE :<\/span><\/b><span style=\"font-size: small;\"> <\/span><b><i><span style=\"font-size: small;\">\u00ab&nbsp;La panne de courant de la caserne de pompiers #21 aura un impact sur toute la ville&nbsp;\u00bb<\/span><\/i><\/b><\/p>\n<p class=\"TEXTSMALLER\"><i>La caserne de pompiers 21, qui abrite le seul bateau de pompiers de la ville, conna\u00eetrait des jours de baisse de tension lorsque moins de 187 pompiers de premi\u00e8re ligne seraient disponibles pour le service.<\/i><\/p>\n<p class=\"TEXTSMALLER\"><b>Plain Press \u00c9crit par : Joe Narkin Soumis par : Cleveland, OH Local 93<\/b><\/p>\n<p style=\"text-align: left;\" align=\"right\"><b><span style=\"color: #a47e6c; font-size: small;\">DEUXI\u00c8ME PLACE :<\/span><\/b><span style=\"color: #a47e6c; font-size: small;\"> <\/span><b><i><span style=\"font-size: small;\">\u00ab Les effectifs des pompiers de W-B remis en question \u00bb<\/span><\/i><\/b><\/p>\n<p class=\"TEXTSMALLER\" style=\"text-align: left;\" align=\"right\"><i>\u00ab Ceux qui sont moins font plus, mais ce n\u2019est peut-\u00eatre pas suffisant \u00bb, a d\u00e9clar\u00e9 Tom Makar, pr\u00e9sident de la section locale 104, en commentant la r\u00e9duction des effectifs.<\/i><\/p>\n<p class=\"TEXTSMALLER\" style=\"text-align: left;\" align=\"right\"><b>Times Leader \u00c9crit par : Bill O\u2019Boyle Soumis par : Wilkes-Barre, PA Local 104<\/b><\/p>\n<p style=\"text-align: left;\" align=\"right\"><b><span style=\"color: #a47e6c;\">MENTION HONORABLE : <\/span><i>\u00ab Les pompiers doivent respecter la limite de vitesse \u00bb<\/i><\/b><\/p>\n<p class=\"TEXTSMALLER\" style=\"text-align: left;\" align=\"right\"><i>Une nouvelle politique exige que les camions de pompiers et les autres v\u00e9hicules du service respectent la limite de vitesse affich\u00e9e.<br \/>\nLe chef des pompiers, Steve Thurlow, a d\u00e9clar\u00e9 qu\u2019au cours des cinq derni\u00e8res ann\u00e9es, le d\u00e9partement avait enregistr\u00e9 une augmentation de 60% des accidents. <\/i><\/p>\n<p class=\"TEXTSMALLER\" style=\"text-align: left;\" align=\"right\"><b>Burlington Post R\u00e9dig\u00e9 par : Jason Misner Soumis par : Burlington, ON Local 1552<\/b><\/p>\n<p><b><span style=\"color: #a47e6c;\">MENTION HONORABLE : <\/span><i>\u00ab&nbsp;Le cauchemar de tous les parents &#8211; Une trag\u00e9die d\u2019autobus scolaire&nbsp;\u00bb<\/i><\/b><\/p>\n<p class=\"TEXTSMALLER\"><i>Un samedi de d\u00e9cembre, des secouristes de divers d\u00e9partements et de nombreux comt\u00e9s se sont r\u00e9unis dans une \u00e9cole secondaire pour en savoir plus sur la construction et les \u00e9l\u00e9ments de s\u00e9curit\u00e9 des autobus et sur la fa\u00e7on de secourir les passagers coinc\u00e9s \u00e0 l\u2019int\u00e9rieur ou \u00e0 l\u2019ext\u00e9rieur de l\u2019autobus.<\/i><\/p>\n<p class=\"TEXTSMALLER\"><b>Macon County Chronicle \u00c9crit par&nbsp;: Misty Gammons Soumis par&nbsp;: Gallatin, TN Local 4501<\/b><\/p>\n<p>\n<\/div>\n<\/div><\/p>\n<\/div><div class=\"iaff_legacy_shortcode\" data-legacy-shortcode=\"vc_column_text\"><\/div><\/p>\n<\/div><div class=\"iaff_legacy_shortcode\" data-legacy-shortcode=\"vc_tta_section\" data-legacy-shortcode-attrs=\"{&quot;title&quot;:&quot;Photos d\\u2019actualit\\u00e9s&quot;,&quot;tab_id&quot;:&quot;np&quot;}\"><p><div class=\"iaff_legacy_shortcode\" data-legacy-shortcode=\"vc_row_inner\"><div class=\"iaff_legacy_shortcode\" data-legacy-shortcode=\"vc_column_inner\"><div class=\"iaff_legacy_shortcode\" data-legacy-shortcode=\"vc_column_text\"><\/p>\n<h2><span style=\"color: #ff0000;\">PHOTOS D\u2019ACTUALIT\u00c9S<\/span><\/h2>\n<div class=\"iaff_legacy_shortcode\" data-legacy-shortcode=\"dt_divider\" data-legacy-shortcode-attrs=\"{&quot;style&quot;:&quot;thin&quot;}\"><\/div>\n<\/div>\n<\/div>\n<\/div><div class=\"iaff_legacy_shortcode\" data-legacy-shortcode=\"vc_row_inner\"><p><div class=\"iaff_legacy_shortcode\" data-legacy-shortcode=\"vc_column_inner\" data-legacy-shortcode-attrs=\"{&quot;width&quot;:&quot;1\\\/2&quot;}\"><div class=\"iaff_legacy_shortcode\" data-legacy-shortcode=\"vc_column_text\"><\/p>\n<h3>TIRAGE SUP\u00c9RIEUR \u00c0 100 000 EXEMPLAIRES<\/h3>\n<div class=\"iaff_legacy_shortcode\" data-legacy-shortcode=\"dt_divider\" data-legacy-shortcode-attrs=\"{&quot;style&quot;:&quot;thin&quot;}\"><\/div>\n<\/div>\n<\/div><div class=\"iaff_legacy_shortcode\" data-legacy-shortcode=\"vc_column_inner\" data-legacy-shortcode-attrs=\"{&quot;width&quot;:&quot;1\\\/2&quot;}\"><div class=\"iaff_legacy_shortcode\" data-legacy-shortcode=\"vc_column_text\"><\/p>\n<h3>TIRAGE INF\u00c9RIEUR \u00c0 100 000 EXEMPLAIRES<\/h3>\n<div class=\"iaff_legacy_shortcode\" data-legacy-shortcode=\"dt_divider\" data-legacy-shortcode-attrs=\"{&quot;style&quot;:&quot;thin&quot;}\"><\/div>\n<\/div>\n<\/div><\/p>\n<\/div><div class=\"iaff_legacy_shortcode\" data-legacy-shortcode=\"vc_row_inner\"><p><div class=\"iaff_legacy_shortcode\" data-legacy-shortcode=\"vc_column_inner\" data-legacy-shortcode-attrs=\"{&quot;width&quot;:&quot;1\\\/2&quot;}\"><div class=\"iaff_legacy_shortcode\" data-legacy-shortcode=\"vc_column_text\"><p><b><span style=\"color: #a47e6c; font-size: small;\">PREMI\u00c8RE PLACE (\u00c9GALIT\u00c9) :<\/span><\/b><span style=\"font-size: small;\"> <\/span><i><b><span style=\"font-size: small;\">\u00ab&nbsp;Feu et glace&nbsp;\u00bb<\/span><\/b><\/i><\/p>\n<p class=\"TEXTSMALLER\"><i>Un brasier d\u00e9clench\u00e9 par six alarmes avec des flamb\u00e9es r\u00e9p\u00e9t\u00e9es a d\u00e9truit des appartements et des boutiques dans un p\u00e2t\u00e9 de maisons historique et branch\u00e9 de la rue Queen \u00e0 Toronto.<\/i><\/p>\n<p><b>Toronto Sun Photo par&nbsp;: John Hanley Soumis par&nbsp;: Toronto, ON Local 3888<\/b><\/p>\n<p><img decoding=\"async\" class=\"alignnone size-full wp-image-33584\" src=\"https:\/\/www.iaff.org\/wp-content\/uploads\/Media_Awards\/2009\/E-4-L3888.jpg\" alt=\"\" width=\"299\" height=\"207\"><\/p>\n<h3><\/h3>\n<p>\n<\/div>\n<\/div><div class=\"iaff_legacy_shortcode\" data-legacy-shortcode=\"vc_column_inner\" data-legacy-shortcode-attrs=\"{&quot;width&quot;:&quot;1\\\/2&quot;}\"><div class=\"iaff_legacy_shortcode\" data-legacy-shortcode=\"vc_column_text\"><\/p>\n<p style=\"text-align: left;\" align=\"right\"><b><span style=\"color: #a47e6c; font-size: small;\">PREMI\u00c8RE PLACE :<\/span><\/b><span style=\"font-size: small;\"> <\/span><i><b><span style=\"font-size: small;\">\u00ab&nbsp;More Air&nbsp;\u00bb<\/span><\/b><\/i><\/p>\n<p class=\"TEXTSMALLER\"><i>Avant de retourner combattre l\u2019incendie, un pompier de Fredericton v\u00e9rifie son d\u00e9tendeur pendant que sa bouteille d\u2019air est chang\u00e9e par un coll\u00e8gue.<\/i><\/p>\n<p><b>The Daily Gleaner Photo par&nbsp;: Stephen MacGillivray Soumis par&nbsp;: Fredericton, NB Local 1053<\/b><\/p>\n<p style=\"text-align: left;\"><img decoding=\"async\" class=\"alignnone size-full wp-image-33592\" src=\"https:\/\/www.iaff.org\/wp-content\/uploads\/Media_Awards\/2009\/D-20_L1053.jpg\" alt=\"\" width=\"300\" height=\"238\"><\/p>\n<p>\n<\/div>\n<\/div><\/p>\n<\/div><div class=\"iaff_legacy_shortcode\" data-legacy-shortcode=\"vc_row_inner\"><p><div class=\"iaff_legacy_shortcode\" data-legacy-shortcode=\"vc_column_inner\" data-legacy-shortcode-attrs=\"{&quot;width&quot;:&quot;1\\\/2&quot;}\"><div class=\"iaff_legacy_shortcode\" data-legacy-shortcode=\"vc_column_text\"><\/p>\n<p style=\"text-align: left;\" align=\"right\"><b><span style=\"color: #a47e6c; font-size: small;\">PREMI\u00c8RE PLACE (ex aequo) :<\/span><\/b> <i><b><span style=\"font-size: small;\">\u00ab&nbsp;Stagmied Drivers&nbsp;\u00bb<\/span><\/b><\/i><\/p>\n<p class=\"TEXTSMALLER\" style=\"text-align: left;\" align=\"right\"><i>La premi\u00e8re chute de neige de la saison a contribu\u00e9 \u00e0 une collision entre une fourgonnette et un camion.<br \/>\nDeux services d\u2019incendie ont particip\u00e9 \u00e0 l\u2019extraction de quatre passagers. <\/i><\/p>\n<p style=\"text-align: left;\" align=\"right\"><b>Hamilton Spectator Photo par&nbsp;: David Ritchie Soumis par&nbsp;: Burlington, ON Local 1552<\/b><\/p>\n<p style=\"text-align: left;\" align=\"right\"><img decoding=\"async\" class=\"alignnone size-full wp-image-33585\" src=\"https:\/\/www.iaff.org\/wp-content\/uploads\/Media_Awards\/2009\/E-9-local-1552.jpg\" alt=\"\" width=\"310\" height=\"207\"><\/p>\n<p>\n<\/div>\n<\/div><div class=\"iaff_legacy_shortcode\" data-legacy-shortcode=\"vc_column_inner\" data-legacy-shortcode-attrs=\"{&quot;width&quot;:&quot;1\\\/2&quot;}\"><div class=\"iaff_legacy_shortcode\" data-legacy-shortcode=\"vc_column_text\"><\/p>\n<p style=\"text-align: left;\" align=\"right\"><b><span style=\"color: #a47e6c; font-size: small;\">DEUXI\u00c8ME<\/span><\/b><span style=\"font-size: small;\"><b><span style=\"color: #a3716b;\"> PLACE : <\/span><\/b><\/span><i><b><span style=\"font-size: small;\">\u00ab \u00c0 la m\u00e9moire de Brent Lovrien \u00bb<\/span><\/b><\/i><\/p>\n<p class=\"TEXTSMALLER\" style=\"text-align: left;\" align=\"right\"><i>Un service \u00e0 la cath\u00e9drale Notre-Dame des Anges a rendu hommage au pompier Brent A. Lovrien, d\u00e9c\u00e9d\u00e9 en enqu\u00eatant sur une s\u00e9rie d\u2019explosions pr\u00e8s de l\u2019a\u00e9roport international de Los Angeles.<\/i><\/p>\n<p style=\"text-align: left;\" align=\"right\"><b>Le pompier de Los Angeles Photo par&nbsp;: Mike Meadows Soumis par&nbsp;: Los Angeles City, CA Local 112<\/b><\/p>\n<p style=\"text-align: left;\"><img decoding=\"async\" class=\"alignnone size-full wp-image-33593\" src=\"https:\/\/www.iaff.org\/wp-content\/uploads\/Media_Awards\/2009\/D-24-L112.jpg\" alt=\"\" width=\"293\" height=\"194\"><\/p>\n<p>\n<\/div>\n<\/div><\/p>\n<\/div><div class=\"iaff_legacy_shortcode\" data-legacy-shortcode=\"vc_row_inner\"><p><div class=\"iaff_legacy_shortcode\" data-legacy-shortcode=\"vc_column_inner\" data-legacy-shortcode-attrs=\"{&quot;width&quot;:&quot;1\\\/2&quot;}\"><div class=\"iaff_legacy_shortcode\" data-legacy-shortcode=\"vc_column_text\"><p><b><span style=\"color: #a3716b;\">DEUXI\u00c8ME PLACE :<\/span><\/b><span style=\"color: #ff0000;\"> <\/span><i><b>\u00ab Incendie commercial \u00bb  <\/b><\/i><\/p>\n<p class=\"TEXTSMALLER\" align=\"left\"><i>Plusieurs conduites d\u2019arrosage ont touch\u00e9 l\u2019incendie profond qui a d\u00e9truit plusieurs entreprises du centre-ville de Bowmanville, en Ontario.<\/i><\/p>\n<p align=\"left\"><i><b>Toronto Sun Photo par&nbsp;: John Hanley Soumis par&nbsp;: Clarington, ON Local 3139<\/b><\/i><\/p>\n<p align=\"left\"><img decoding=\"async\" class=\"alignnone size-full wp-image-33582\" src=\"https:\/\/www.iaff.org\/wp-content\/uploads\/Media_Awards\/2009\/E-2-L3139.jpg\" alt=\"\" width=\"299\" height=\"239\"><\/p>\n<p>\n<\/div>\n<\/div><div class=\"iaff_legacy_shortcode\" data-legacy-shortcode=\"vc_column_inner\" data-legacy-shortcode-attrs=\"{&quot;width&quot;:&quot;1\\\/2&quot;}\"><div class=\"iaff_legacy_shortcode\" data-legacy-shortcode=\"vc_column_text\"><\/p>\n<p class=\"TEXTSMALLER\"><span style=\"color: #a3716b;\"><b><span style=\"font-size: small;\">MENTION HONORABLE<\/span><\/b><\/span> <b><span style=\"color: #a3716b; font-size: small;\">: <\/span><span style=\"color: #003399;\"><span style=\"font-size: small;\"> <\/span><\/span><\/b> <\/p>\n<p><i><b><span style=\"font-size: small;\">\u00ab&nbsp;Sept dates pour le bal&nbsp;\u00bb<\/span><\/b><\/i><\/p>\n<p class=\"TEXTSMALLER\"><i>Sept pompiers ont escort\u00e9 Stephanie Royster, qui souffre de dystrophie musculaire, au bal de fin d\u2019ann\u00e9e de l\u2019\u00e9cole secondaire de Twinsburg en grande pompe.<\/i><\/p>\n<p><b>Twinsburg Sun News Photo par&nbsp;: John Knaus Soumis par&nbsp;: Twinsburg, OH Local 3630<\/b><\/p>\n<p style=\"text-align: left;\"><img decoding=\"async\" class=\"alignnone size-full wp-image-33589\" src=\"https:\/\/www.iaff.org\/wp-content\/uploads\/Media_Awards\/2009\/D-10.jpg\" alt=\"\" width=\"307\" height=\"230\"><\/p>\n<p>\n<\/div>\n<\/div><\/p>\n<\/div><div class=\"iaff_legacy_shortcode\" data-legacy-shortcode=\"vc_row_inner\"><p><div class=\"iaff_legacy_shortcode\" data-legacy-shortcode=\"vc_column_inner\" data-legacy-shortcode-attrs=\"{&quot;width&quot;:&quot;1\\\/2&quot;}\"><div class=\"iaff_legacy_shortcode\" data-legacy-shortcode=\"vc_column_text\"><\/p>\n<p style=\"text-align: left;\" align=\"right\"><b><span style=\"color: #a3716b;\">MENTION HONORABLE : <\/span><\/b><i><b>\u00ab&nbsp;Princesse sauv\u00e9e&nbsp;\u00bb<\/b><\/i><\/p>\n<p class=\"TEXTSMALLER\" style=\"text-align: left;\" align=\"right\">Le capitaine Hal Mudick de Sunrise Fire Rescue porte Princess le chiot en lieu s\u00fbr.<br \/>\nElle \u00e9tait enferm\u00e9e dans une maison qui a pris feu alors qu\u2019il n\u2019y avait personne \u00e0 la maison. <\/p>\n<p style=\"text-align: left;\" align=\"left\"><b>Miami Herald Photo par&nbsp;: Mike Jachles Soumis par&nbsp;: Comt\u00e9 de Broward, FL Local 4321<\/b><\/p>\n<p align=\"left\"><img decoding=\"async\" class=\"alignnone size-full wp-image-33586\" src=\"https:\/\/www.iaff.org\/wp-content\/uploads\/Media_Awards\/2009\/E-12-L4321.jpg\" alt=\"\" width=\"275\" height=\"348\"><\/p>\n<p>\n<\/div>\n<\/div><div class=\"iaff_legacy_shortcode\" data-legacy-shortcode=\"vc_column_inner\" data-legacy-shortcode-attrs=\"{&quot;width&quot;:&quot;1\\\/2&quot;}\"><div class=\"iaff_legacy_shortcode\" data-legacy-shortcode=\"vc_column_text\"><\/p>\n<p style=\"text-align: left;\" align=\"right\"><span style=\"color: #a3716b;\"><b>MENTION HONORABLE<\/b><\/span> <b><span style=\"color: #a3716b;\">: <\/span><\/b><i><b>\u00ab Incendie r\u00e9sidentiel \u00bb<\/b><\/i><\/p>\n<p class=\"TEXTSMALLER\" style=\"text-align: left;\" align=\"right\"><i>Un incendie dans un immeuble d\u2019appartements s\u2019est propag\u00e9 \u00e0 un grenier du troisi\u00e8me \u00e9tage et a laiss\u00e9 quatre familles de Rutland sans abri.<\/i><\/p>\n<p style=\"text-align: left;\" align=\"right\"><b>Rutland Herald Photo par&nbsp;: Cassandra Hotaling Soumis par&nbsp;: Pompiers professionnels du Vermont<\/b><\/p>\n<p style=\"text-align: left;\"><img decoding=\"async\" class=\"alignnone size-full wp-image-33590\" src=\"https:\/\/www.iaff.org\/wp-content\/uploads\/Media_Awards\/2009\/D-10PFFVT_2.jpg\" alt=\"\" width=\"293\" height=\"232\"><\/p>\n<p>\n<\/div>\n<\/div><\/p>\n<\/div><div class=\"iaff_legacy_shortcode\" data-legacy-shortcode=\"vc_row_inner\"><p><div class=\"iaff_legacy_shortcode\" data-legacy-shortcode=\"vc_column_inner\" data-legacy-shortcode-attrs=\"{&quot;width&quot;:&quot;1\\\/2&quot;}\"><div class=\"iaff_legacy_shortcode\" data-legacy-shortcode=\"vc_column_text\"><\/p>\n<p style=\"text-align: left;\" align=\"right\"><b><span style=\"color: #a3716b; font-size: small;\">MENTION HONORABLE : <\/span><\/b><i><span style=\"font-size: small;\"><b>\u00ab&nbsp;North End Blaze&nbsp;\u00bb <\/b><\/span><\/i> <\/p>\n<p style=\"text-align: left;\" align=\"right\"><i>Bien qu\u2019il n\u2019y ait pas eu de bless\u00e9s, un incendie dans le quartier nord de Winnipeg, que l\u2019on a qualifi\u00e9 d\u2019origine suspecte, a compl\u00e8tement d\u00e9truit une maison qui avait \u00e9t\u00e9 \u00e9vacu\u00e9e la semaine pr\u00e9c\u00e9dente.<\/i><\/p>\n<p style=\"text-align: left;\" align=\"right\"><b>Winnipeg Free Press Photo par&nbsp;: Boris Minkevich Soumis par&nbsp;: Winnipeg, MB Local 867<\/b><\/p>\n<p align=\"right\"><img decoding=\"async\" class=\"alignnone size-full wp-image-33587 alignleft\" src=\"https:\/\/www.iaff.org\/wp-content\/uploads\/Media_Awards\/2009\/E-15-L867.jpg\" alt=\"\" width=\"302\" height=\"187\"><\/p>\n<p>\n<\/div>\n<\/div><div class=\"iaff_legacy_shortcode\" data-legacy-shortcode=\"vc_column_inner\" data-legacy-shortcode-attrs=\"{&quot;width&quot;:&quot;1\\\/2&quot;}\"><div class=\"iaff_legacy_shortcode\" data-legacy-shortcode=\"vc_column_text\"><\/p>\n<p class=\"TEXTSMALLER\" align=\"left\"><span style=\"color: #a3716b;\"><b><span style=\"font-size: small;\">MENTION HONORABLE<\/span><\/b><\/span> <b><span style=\"color: #a3716b; font-size: small;\">: <\/span><\/b><i><b><span style=\"font-size: small;\">\u00ab&nbsp;Effort de sauvetage spectaculaire&nbsp;\u00bb<\/span><\/b><\/i><\/p>\n<p class=\"TEXTSMALLER\"><i>Les pompiers Peter Tucker (\u00e0 gauche) et Steve Pittman (\u00e0 droite) aident Don Jarvis alors qu\u2019il v\u00e9rifie le pouls d\u2019un homme tir\u00e9 d\u2019un incendie de maison.<\/i><\/p>\n<p><b>The Telegram Photo par&nbsp;: Joe Gibbons Soumis par&nbsp;: St. John\u2019s NF Local 1075<\/b><\/p>\n<p style=\"text-align: left;\"><img decoding=\"async\" class=\"alignnone size-full wp-image-33591\" src=\"https:\/\/www.iaff.org\/wp-content\/uploads\/Media_Awards\/2009\/D-15-L1075.jpg\" alt=\"\" width=\"307\" height=\"225\"><\/p>\n<p>\n<\/div>\n<\/div><\/p>\n<\/div><div class=\"iaff_legacy_shortcode\" data-legacy-shortcode=\"vc_row_inner\"><p><div class=\"iaff_legacy_shortcode\" data-legacy-shortcode=\"vc_column_inner\" data-legacy-shortcode-attrs=\"{&quot;width&quot;:&quot;1\\\/2&quot;}\"><div class=\"iaff_legacy_shortcode\" data-legacy-shortcode=\"vc_column_text\"><\/p>\n<p style=\"text-align: left;\" align=\"right\"><b><span style=\"color: #a3716b; font-size: small;\">MENTION HONORABLE : <\/span><\/b><i><b><span style=\"font-size: small;\">\u00ab R\u00e9conforter un enfant \u00bb<\/span><\/b><\/i><\/p>\n<p class=\"TEXTSMALLER\" style=\"text-align: left;\" align=\"right\"><i>Le pompier d\u2019Elgin, J.P. Fahy, r\u00e9conforte l\u2019un des enfants \u00e9ject\u00e9s d\u2019un v\u00e9hicule qui a fait plusieurs tonneaux lors d\u2019un accident sur l\u2019Interstate 90.<\/i><\/p>\n<p style=\"text-align: left;\" align=\"right\"><b>Daily Herald Photo par&nbsp;: Bill O\u2019Neill Soumis par&nbsp;: Elgin, IL Local 439<\/b><\/p>\n<p style=\"text-align: left;\" align=\"right\"><img decoding=\"async\" class=\"alignnone size-full wp-image-33583\" src=\"https:\/\/www.iaff.org\/wp-content\/uploads\/Media_Awards\/2009\/E-3-L439.jpg\" alt=\"\" width=\"244\" height=\"320\"><\/p>\n<p>\n<\/div>\n<\/div><div class=\"iaff_legacy_shortcode\" data-legacy-shortcode=\"vc_column_inner\" data-legacy-shortcode-attrs=\"{&quot;width&quot;:&quot;1\\\/2&quot;}\"><div class=\"iaff_legacy_shortcode\" data-legacy-shortcode=\"vc_column_text\"><\/p>\n<p class=\"TEXTSMALLER\" style=\"text-align: left;\" align=\"right\"><span style=\"color: #a3716b;\"><b><span style=\"font-size: small;\">MENTION HONORABLE<\/span><\/b><\/span> <b><span style=\"color: #a3716b; font-size: small;\">:<\/span><i> <\/i><\/b><i><b><span style=\"font-size: small;\">\u00ab&nbsp;Get Me a Hook&nbsp;\u00bb<\/span><\/b><\/i><\/p>\n<p class=\"TEXTSMALLER\" style=\"text-align: left;\" align=\"right\"><i>Le pompier Scott Plowman regarde par la fen\u00eatre du deuxi\u00e8me \u00e9tage o\u00f9 il lutte contre un incendie r\u00e9sidentiel.<br \/>\nIl n\u2019y a pas eu de bless\u00e9s parce que, selon le capitaine des pompiers, le gar\u00e7on \u00e0 la maison \u00ab a fait exactement ce que nous leur apprenons \u00e0 faire dans les \u00e9coles, et cela nous a rendu le renversement beaucoup plus facile \u00bb. <\/i><\/p>\n<p style=\"text-align: left;\" align=\"right\"><b>L\u2019\u00e8re de Bradford Photo par&nbsp;: Jay K. Bradish Soumis par&nbsp;: Bradford, PA Local 655<\/b><\/p>\n<p style=\"text-align: left;\"><img decoding=\"async\" class=\"alignnone size-full wp-image-33588\" src=\"https:\/\/www.iaff.org\/wp-content\/uploads\/Media_Awards\/2009\/D-7-L655.jpg\" alt=\"\" width=\"252\" height=\"316\"><\/p>\n<p>\n<\/div>\n<\/div><\/p>\n<\/div><\/p>\n<\/div><div class=\"iaff_legacy_shortcode\" data-legacy-shortcode=\"vc_tta_section\" data-legacy-shortcode-attrs=\"{&quot;title&quot;:&quot;Photos non publi\\u00e9es&quot;,&quot;tab_id&quot;:&quot;npp&quot;}\"><p><div class=\"iaff_legacy_shortcode\" data-legacy-shortcode=\"vc_row_inner\"><div class=\"iaff_legacy_shortcode\" data-legacy-shortcode=\"vc_column_inner\"><div class=\"iaff_legacy_shortcode\" data-legacy-shortcode=\"vc_column_text\"><\/p>\n<h2><span style=\"color: #ff0000;\">PHOTOS NON PUBLI\u00c9ES DES SERVICES D\u2019INCENDIE<\/span><\/h2>\n<p><em>(PRISE PAR LES MEMBRES DE l\u2019AIP )<\/em><\/p>\n<div class=\"iaff_legacy_shortcode\" data-legacy-shortcode=\"dt_divider\" data-legacy-shortcode-attrs=\"{&quot;style&quot;:&quot;thin&quot;}\"><\/div>\n<\/div>\n<\/div>\n<\/div><div class=\"iaff_legacy_shortcode\" data-legacy-shortcode=\"vc_row_inner\"><p><div class=\"iaff_legacy_shortcode\" data-legacy-shortcode=\"vc_column_inner\" data-legacy-shortcode-attrs=\"{&quot;width&quot;:&quot;1\\\/2&quot;}\"><div class=\"iaff_legacy_shortcode\" data-legacy-shortcode=\"vc_column_text\"><p><b><span style=\"color: #a47e6c; font-size: small;\">PREMI\u00c8RE PLACE (\u00c9GALIT\u00c9) :<\/span><\/b> <b><i><span style=\"font-size: small;\">\u00ab&nbsp;R\u00e9animation p\u00e9diatrique&nbsp;\u00bb<\/span><\/i><\/b><\/p>\n<p class=\"TEXTSMALLER\"><i>La section locale 122 a d\u2019abord utilis\u00e9 cette photo mise en sc\u00e8ne pour aider \u00e0 vaincre l\u2019amendement 1 en janvier dernier et permet maintenant \u00e0 la photo d\u2019\u00eatre utilis\u00e9e pour des campagnes de relations publiques ailleurs en Floride.<\/i><\/p>\n<p><b>Photo par&nbsp;: Mark Treglio Soumis par&nbsp;: Jacksonville, FL Local 122<\/b><\/p>\n<p><img decoding=\"async\" class=\"alignnone size-full wp-image-33600\" src=\"https:\/\/www.iaff.org\/wp-content\/uploads\/Media_Awards\/2009\/R-37-L122.jpg\" alt=\"\" width=\"303\" height=\"237\"><\/p>\n<\/div>\n<\/div><div class=\"iaff_legacy_shortcode\" data-legacy-shortcode=\"vc_column_inner\" data-legacy-shortcode-attrs=\"{&quot;width&quot;:&quot;1\\\/2&quot;}\"><div class=\"iaff_legacy_shortcode\" data-legacy-shortcode=\"vc_column_text\"><\/p>\n<p style=\"text-align: left;\" align=\"right\"><b><span style=\"color: #a47e6c;\">PREMI\u00c8RE PLACE (ex-aequo) :<\/span><\/b> <b><i>\u00ab D\u2019en haut \u00bb<\/i><\/b><\/p>\n<p class=\"TEXTSMALLER\" style=\"text-align: left;\" align=\"right\"><i>Le lieutenant Doug Bair s\u2019efforce d\u2019ouvrir l\u2019int\u00e9rieur et de v\u00e9rifier s\u2019il y a un incendie cach\u00e9 lors de cet incendie de maison \u00e0 deux alarmes.<br \/>\nUn incendie criminel, la police a pu appr\u00e9hender le suspect. <\/i><\/p>\n<p style=\"text-align: left;\" align=\"right\"><b>Photo par&nbsp;: Brian Bastinelli Soumis par&nbsp;: Harrisburg, PA Local 428<\/b><\/p>\n<p><img decoding=\"async\" class=\"alignnone size-full wp-image-33596\" src=\"https:\/\/www.iaff.org\/wp-content\/uploads\/Media_Awards\/2009\/R-8-L428.jpg\" alt=\"\" width=\"289\" height=\"285\"><\/p>\n<\/div>\n<\/div><\/p>\n<\/div><div class=\"iaff_legacy_shortcode\" data-legacy-shortcode=\"vc_row_inner\"><p><div class=\"iaff_legacy_shortcode\" data-legacy-shortcode=\"vc_column_inner\" data-legacy-shortcode-attrs=\"{&quot;width&quot;:&quot;1\\\/2&quot;}\"><div class=\"iaff_legacy_shortcode\" data-legacy-shortcode=\"vc_column_text\"><p><b><span style=\"color: #a47e6c;\">DEUXI\u00c8ME PLACE :<\/span><\/b> <b><i>\u00ab&nbsp;Sauvetage du m\u00e9tro ferroviaire&nbsp;\u00bb<\/i><\/b><\/p>\n<p class=\"TEXTSMALLER\"><i>Apr\u00e8s la chute d\u2019un homme sur les voies ferr\u00e9es, une \u00e9quipe de secours technique se met au travail, ex\u00e9cutant un sauvetage en espace confin\u00e9 sous un wagon.<\/i><\/p>\n<p><b>Photo par&nbsp;: Ignatius (Iggy) Carroll Jr.<br \/>\nSoumis par&nbsp;: Miami, FL Local 587 <\/b><\/p>\n<p><img decoding=\"async\" class=\"alignnone size-full wp-image-33601\" src=\"https:\/\/www.iaff.org\/wp-content\/uploads\/Media_Awards\/2009\/R-46-L587.jpg\" alt=\"\" width=\"300\" height=\"224\"><\/p>\n<\/div>\n<\/div><div class=\"iaff_legacy_shortcode\" data-legacy-shortcode=\"vc_column_inner\" data-legacy-shortcode-attrs=\"{&quot;width&quot;:&quot;1\\\/2&quot;}\"><div class=\"iaff_legacy_shortcode\" data-legacy-shortcode=\"vc_column_text\"><\/p>\n<p style=\"text-align: left;\" align=\"right\"><b><span style=\"color: #a47e6c;\">MENTION HONORABLE : <\/span><i>\u00ab Un pompier et son fils \u00bb<\/i><\/b><\/p>\n<p class=\"TEXTSMALLER\" style=\"text-align: left;\" align=\"right\"><i>Le pompier de Seattle Tony Knox, du peloton E26\/D, semble dire \u00e0 son fils a\u00een\u00e9, Kysen, \u00e2g\u00e9 de quatre ans : \u00ab Un jour, mon fils, ce sera tout \u00e0 toi. \u00bb<\/i><\/p>\n<p style=\"text-align: left;\" align=\"right\"><b>Photo par&nbsp;: Gregory W. Bennett Soumis par&nbsp;: Seattle, WA Local 27  <\/b><\/p>\n<p style=\"text-align: left;\"><img decoding=\"async\" class=\"alignnone size-full wp-image-33598\" src=\"https:\/\/www.iaff.org\/wp-content\/uploads\/Media_Awards\/2009\/R-31-L27.jpg\" alt=\"\" width=\"299\" height=\"217\"><\/p>\n<p>\n<\/div>\n<\/div><\/p>\n<\/div><div class=\"iaff_legacy_shortcode\" data-legacy-shortcode=\"vc_row_inner\"><p><div class=\"iaff_legacy_shortcode\" data-legacy-shortcode=\"vc_column_inner\" data-legacy-shortcode-attrs=\"{&quot;width&quot;:&quot;1\\\/2&quot;}\"><div class=\"iaff_legacy_shortcode\" data-legacy-shortcode=\"vc_column_text\"><\/p>\n<p class=\"TEXTSMALLER\" align=\"left\"><b><span style=\"color: #a47e6c; font-size: small;\">MENTION HONORABLE : <\/span><\/b><i><b><span style=\"font-size: small;\">\u00ab&nbsp;Belle nuit tant qu\u2019il ne fait pas froid&nbsp;\u00bb<\/span><\/b><\/i><\/p>\n<p>  Comme le sugg\u00e8re la glace omnipr\u00e9sente, il faisait 5 degr\u00e9s Fahrenheit la nuit de d\u00e9cembre lorsque le restaurant Chau\u2019s Commodore a pris feu \u00e0 Saskatoon.  <\/p>\n<p align=\"left\"><strong>Photo par : David Butterfield<\/strong><strong>Soumis par : Saskatoon, SK Local 80<\/strong><\/p>\n<p><img decoding=\"async\" class=\"alignnone size-full wp-image-33602\" src=\"https:\/\/www.iaff.org\/wp-content\/uploads\/Media_Awards\/2009\/R-52-L80.jpg\" alt=\"\" width=\"270\" height=\"341\"><\/p>\n<\/div>\n<\/div><div class=\"iaff_legacy_shortcode\" data-legacy-shortcode=\"vc_column_inner\" data-legacy-shortcode-attrs=\"{&quot;width&quot;:&quot;1\\\/2&quot;}\"><div class=\"iaff_legacy_shortcode\" data-legacy-shortcode=\"vc_column_text\"><\/p>\n<p style=\"text-align: left;\" align=\"right\"><b><span style=\"color: #a47e6c; font-size: small;\">MENTION HONORABLE : <\/span><\/b><i><b>\u00ab&nbsp;Feel the Heat&nbsp;\u00bb<\/b><\/i><\/p>\n<p class=\"TEXTSMALLER\" style=\"text-align: left;\" align=\"right\"><i>Les pompiers de l\u2019acad\u00e9mie de Toronto s\u2019entra\u00eenent dans des circonstances aussi proches que possible de la r\u00e9alit\u00e9, et cette photo capture l\u2019intensit\u00e9 et le drame d\u2019un moment critique.<\/i><\/p>\n<p style=\"text-align: left;\" align=\"right\"><strong>Photo par : Jon Tamlin<\/strong><strong>Soumise par :Toronto, ON Local 3888<\/strong><\/p>\n<p style=\"text-align: left;\"><img decoding=\"async\" class=\"alignnone size-full wp-image-33597\" src=\"https:\/\/www.iaff.org\/wp-content\/uploads\/Media_Awards\/2009\/R-22-L3888.jpg\" alt=\"\" width=\"300\" height=\"238\"><\/p>\n<p>\n<\/div>\n<\/div><\/p>\n<\/div><div class=\"iaff_legacy_shortcode\" data-legacy-shortcode=\"vc_row_inner\"><p><div class=\"iaff_legacy_shortcode\" data-legacy-shortcode=\"vc_column_inner\" data-legacy-shortcode-attrs=\"{&quot;width&quot;:&quot;1\\\/2&quot;}\"><div class=\"iaff_legacy_shortcode\" data-legacy-shortcode=\"vc_column_text\"><p><span style=\"color: #a47e6c; font-size: small;\">MENTION HONORABLE : <\/span>\u00ab&nbsp;L\u2019homme contre la machine&nbsp;\u00bb  <\/p>\n<p class=\"TEXTSMALLER\"><i>Les pompiers de l\u2019acad\u00e9mie de Toronto s\u2019entra\u00eenent dans des circonstances aussi proches que possible de la r\u00e9alit\u00e9, et cette photo capture l\u2019intensit\u00e9 et le drame d\u2019un moment critique.<\/i><\/p>\n<p><b>Photo par&nbsp;: Rick Snodgrass Soumis par&nbsp;: Lakewood, WA Local 1488<\/b><\/p>\n<p><img decoding=\"async\" class=\"alignnone size-full wp-image-33604\" src=\"https:\/\/www.iaff.org\/wp-content\/uploads\/Media_Awards\/2009\/R-55-L1488.jpg\" alt=\"\" width=\"299\" height=\"239\"><\/p>\n<p>\n<\/div>\n<\/div><div class=\"iaff_legacy_shortcode\" data-legacy-shortcode=\"vc_column_inner\" data-legacy-shortcode-attrs=\"{&quot;width&quot;:&quot;1\\\/2&quot;}\"><\/div><\/p>\n<\/div><\/p>\n<\/div><div class=\"iaff_legacy_shortcode\" data-legacy-shortcode=\"vc_tta_section\" data-legacy-shortcode-attrs=\"{&quot;title&quot;:&quot;T.V. News Reportage\\\/Documentaire&quot;,&quot;tab_id&quot;:&quot;tvnfd&quot;}\"><p><div class=\"iaff_legacy_shortcode\" data-legacy-shortcode=\"vc_row_inner\"><div class=\"iaff_legacy_shortcode\" data-legacy-shortcode=\"vc_column_inner\"><div class=\"iaff_legacy_shortcode\" data-legacy-shortcode=\"vc_column_text\"><\/p>\n<h2><span style=\"color: #ff0000;\">REPORTAGE T\u00c9L\u00c9VIS\u00c9 OU DOCUMENTAIRE<\/span><\/h2>\n<div class=\"iaff_legacy_shortcode\" data-legacy-shortcode=\"dt_divider\" data-legacy-shortcode-attrs=\"{&quot;style&quot;:&quot;thin&quot;}\"><\/div>\n<\/div>\n<\/div>\n<\/div><div class=\"iaff_legacy_shortcode\" data-legacy-shortcode=\"vc_row_inner\"><p><div class=\"iaff_legacy_shortcode\" data-legacy-shortcode=\"vc_column_inner\" data-legacy-shortcode-attrs=\"{&quot;width&quot;:&quot;1\\\/2&quot;}\"><div class=\"iaff_legacy_shortcode\" data-legacy-shortcode=\"vc_column_text\"><p><b><span style=\"color: #a47e6c; font-size: small;\">PREMI\u00c8RE PLACE :<\/span><\/b><span style=\"font-size: small;\"> <\/span><b><i><span style=\"font-size: small;\">\u00ab&nbsp;Premi\u00e8re r\u00e9ponse&nbsp;\u00bb<\/span><\/i><\/b><\/p>\n<p class=\"TEXTSMALLER\"><i>Des probl\u00e8mes de financement compromettent la disponibilit\u00e9 des unit\u00e9s m\u00e9dicales, de sorte que les pompiers de Baltimore utilisent un syst\u00e8me d&rsquo;\u00abalerte critique&nbsp;\u00bb pour en fournir davantage.<br \/>\nCe rapport montre toutefois qu\u2019en utilisant ce syst\u00e8me, les pompiers jouent \u00e0 la roulette russe avec la suppression des incendies. <\/i><\/p>\n<p class=\"TEXTSMALLER\"><b>WBFF-TV Rapport\u00e9 par&nbsp;: Steve Levine Soumis par&nbsp;: Baltimore City, MD Local 734<\/b><\/p>\n<p>\n<\/div>\n<\/div><div class=\"iaff_legacy_shortcode\" data-legacy-shortcode=\"vc_column_inner\" data-legacy-shortcode-attrs=\"{&quot;width&quot;:&quot;1\\\/2&quot;}\"><div class=\"iaff_legacy_shortcode\" data-legacy-shortcode=\"vc_column_text\"><\/p>\n<p style=\"text-align: left;\" align=\"right\"><b><span style=\"color: #a47e6c; font-size: small;\">DEUXI\u00c8ME PLACE :<\/span><\/b><span style=\"font-size: small;\"> <\/span><b><i><span style=\"font-size: small;\">\u00ab Alimenter le feu \u00bb<\/span><\/i><\/b><\/p>\n<p class=\"TEXTSMALLER\" style=\"text-align: left;\" align=\"right\"><i>Ce reportage a envoy\u00e9 un message clair sur l\u2019importance de la formation des pompiers, mais a \u00e9galement renforc\u00e9 aupr\u00e8s des t\u00e9l\u00e9spectateurs le danger de vivre \u00e0 proximit\u00e9 des r\u00e9servoirs de carburant.<\/i><\/p>\n<p class=\"TEXTSMALLER\" style=\"text-align: left;\" align=\"right\"><b>WSVN-TV Rapport\u00e9 par&nbsp;: Dave Kartunan, Chris Volz et Kevin McCarthy Soumis par&nbsp;: Comt\u00e9 de Broward, FL Local 4321<\/b><\/p>\n<p>\n<\/div>\n<\/div><\/p>\n<\/div><div class=\"iaff_legacy_shortcode\" data-legacy-shortcode=\"vc_row_inner\"><p><div class=\"iaff_legacy_shortcode\" data-legacy-shortcode=\"vc_column_inner\" data-legacy-shortcode-attrs=\"{&quot;width&quot;:&quot;1\\\/2&quot;}\"><div class=\"iaff_legacy_shortcode\" data-legacy-shortcode=\"vc_column_text\"><p><b><span style=\"color: #a47e6c;\">MENTION HONORABLE : <\/span><i>\u00ab&nbsp;Recruit Academy 2008&nbsp;\u00bb<\/i><\/b><\/p>\n<p class=\"TEXTSMALLER\"><i>Dans ce documentaire de trois disques, les t\u00e9l\u00e9spectateurs ont un aper\u00e7u approfondi de ce qu\u2019il faut pour \u00eatre pompier ou ambulancier pour le service d\u2019incendie d\u2019Anchorage, des premiers tests aux affectations finales de la station.<\/i><\/p>\n<p class=\"TEXTSMALLER\"><b>AFD Magazine Video Center Rapport\u00e9 par : Molly McCoy et John Crabb Soumis par : Anchorage, AK Local 1264<\/b><\/p>\n<p>\n<\/div>\n<\/div><div class=\"iaff_legacy_shortcode\" data-legacy-shortcode=\"vc_column_inner\" data-legacy-shortcode-attrs=\"{&quot;width&quot;:&quot;1\\\/2&quot;}\"><div class=\"iaff_legacy_shortcode\" data-legacy-shortcode=\"vc_column_text\"><\/p>\n<p style=\"text-align: left;\" align=\"right\"><b><span style=\"color: #a47e6c;\">MENTION HONORABLE : <\/span><i>\u00ab&nbsp;Fire Ops 101&nbsp;\u00bb<\/i><\/b><\/p>\n<p class=\"TEXTSMALLER\" style=\"text-align: left;\" align=\"right\"><i>\u00ab Ce pour quoi les pompiers vivent et meurent \u00bb, c\u2019est ce que le maire, les membres du conseil municipal, un repr\u00e9sentant am\u00e9ricain et le journaliste ont appris dans Fire Ops 101, alors qu\u2019ils s\u2019habillent et \u00ab s\u2019entra\u00eenent \u00bb avec l\u2019aide de Engine Co. 180.<\/i><\/p>\n<p class=\"TEXTSMALLER\" style=\"text-align: left;\" align=\"right\"><b>Fox 29 Signal\u00e9 par&nbsp;: Claudia Gomez Soumis par&nbsp;: Philadelphie, PA Local 22<\/b><\/p>\n<p>\n<\/div>\n<\/div><\/p>\n<\/div><div class=\"iaff_legacy_shortcode\" data-legacy-shortcode=\"vc_row_inner\"><p><div class=\"iaff_legacy_shortcode\" data-legacy-shortcode=\"vc_column_inner\" data-legacy-shortcode-attrs=\"{&quot;width&quot;:&quot;1\\\/2&quot;}\"><div class=\"iaff_legacy_shortcode\" data-legacy-shortcode=\"vc_column_text\"><p><b><span style=\"color: #a47e6c;\">MENTION HONORABLE : <\/span><i>\u00ab&nbsp;Chasse au faisan avec un pompier&nbsp;\u00bb<\/i><\/b><\/p>\n<p class=\"TEXTSMALLER\"><i>Le service d\u2019incendie de Kansas City et la section locale 64 se joignent \u00e0 l\u2019animateur de MacMillan River Adventures, Keith Mark, pour une chasse au faisan.<br \/>\nL\u2019h\u00f4te visite \u00e9galement la caserne de pompiers, o\u00f9 il souligne la fraternit\u00e9, l\u2019honneur et l\u2019importance de la lutte contre les incendies. <\/i><\/p>\n<p class=\"TEXTSMALLER\"><b>The Outdoor Channel Rapport\u00e9 par&nbsp;: Keith Mark et Tim Mahoney Soumis par&nbsp;: Kansas City, KS Local 64<\/b><\/p>\n<p>\n<\/div>\n<\/div><div class=\"iaff_legacy_shortcode\" data-legacy-shortcode=\"vc_column_inner\" data-legacy-shortcode-attrs=\"{&quot;width&quot;:&quot;1\\\/2&quot;}\"><\/div><\/p>\n<\/div><\/p>\n<\/div><div class=\"iaff_legacy_shortcode\" data-legacy-shortcode=\"vc_tta_section\" data-legacy-shortcode-attrs=\"{&quot;title&quot;:&quot;Sites Web affili\\u00e9s&quot;,&quot;tab_id&quot;:&quot;aw&quot;}\"><p><div class=\"iaff_legacy_shortcode\" data-legacy-shortcode=\"vc_row_inner\"><div class=\"iaff_legacy_shortcode\" data-legacy-shortcode=\"vc_column_inner\"><div class=\"iaff_legacy_shortcode\" data-legacy-shortcode=\"vc_column_text\"><\/p>\n<h2><span style=\"color: #ff0000;\">SITES WEB AFFILI\u00c9S<\/span><\/h2>\n<div class=\"iaff_legacy_shortcode\" data-legacy-shortcode=\"dt_divider\" data-legacy-shortcode-attrs=\"{&quot;style&quot;:&quot;thin&quot;}\"><\/div>\n<\/div>\n<\/div>\n<\/div><div class=\"iaff_legacy_shortcode\" data-legacy-shortcode=\"vc_row_inner\"><p><div class=\"iaff_legacy_shortcode\" data-legacy-shortcode=\"vc_column_inner\" data-legacy-shortcode-attrs=\"{&quot;width&quot;:&quot;1\\\/2&quot;}\"><div class=\"iaff_legacy_shortcode\" data-legacy-shortcode=\"vc_column_text\"><p><b><span style=\"color: #a47e6c; font-size: small;\">PREMI\u00c8RE PLACE (\u00c9GALIT\u00c9) :<\/span><\/b><span style=\"color: #a47e6c; font-size: small;\"> <\/span><b><i><span style=\"font-size: small;\">\u00ab&nbsp;<a href=\"https:\/\/www.savepfd.com\/\" target=\"_blank\" rel=\"noopener noreferrer\"><span style=\"color: #000000;\">www.savepfd.com<\/span><\/a>&nbsp;\u00bb<\/span><\/i><\/b><\/p>\n<p class=\"TEXTSMALLER\"><i>Ce site met l\u2019accent sur l\u2019activisme communautaire : \u00e9duquer et informer le public sur les dangers et les r\u00e9sultats de la fermeture des compagnies de pompiers.<br \/>\nLes visiteurs peuvent s\u2019inscrire pour recevoir des alertes par e-mail ou cliquer sur la cause Facebook. <\/i><\/p>\n<p class=\"TEXTSMALLER\"><b>Produit par : Dave Kearney Soumis par : Philadelphie, Pennsylvanie Local 22<\/b><\/p>\n<p>\n<\/div>\n<\/div><div class=\"iaff_legacy_shortcode\" data-legacy-shortcode=\"vc_column_inner\" data-legacy-shortcode-attrs=\"{&quot;width&quot;:&quot;1\\\/2&quot;}\"><div class=\"iaff_legacy_shortcode\" data-legacy-shortcode=\"vc_column_text\"><\/p>\n<p style=\"text-align: left;\" align=\"right\"><b><span style=\"color: #a47e6c; font-size: small;\">PREMI\u00c8RE PLACE (EX-AEQUO) :<\/span><\/b><span style=\"color: #a47e6c; font-size: small;\"> <\/span><b><i><span style=\"font-size: small;\">\u00ab www.pffg.org \u00bb<a href=\"https:\/\/www.pffg.org\/\" target=\"_blank\" rel=\"noopener noreferrer\"><span style=\"color: #000000;\"><\/span><\/a><\/span><\/i><\/b><\/p>\n<p class=\"TEXTSMALLER\" style=\"text-align: left;\" align=\"right\"><i>Se pr\u00e9sentant comme \u00ab la voix sur le tas des braves de Greensboro \u00bb, ce site relie rapidement les membres aux nouvelles de l\u2019AIP , aux ressources locales, aux \u00e9v\u00e9nements \u00e0 venir et \u00e0 une foule d\u2019autres liens importants \u00e0 tous les niveaux.<\/i><\/p>\n<p class=\"TEXTSMALLER\" style=\"text-align: left;\" align=\"right\"><b>Produit par : William D. Coker Soumis par : Greensboro, NC Local 947<\/b><\/p>\n<p>\n<\/div>\n<\/div><\/p>\n<\/div><div class=\"iaff_legacy_shortcode\" data-legacy-shortcode=\"vc_row_inner\"><p><div class=\"iaff_legacy_shortcode\" data-legacy-shortcode=\"vc_column_inner\" data-legacy-shortcode-attrs=\"{&quot;width&quot;:&quot;1\\\/2&quot;}\"><div class=\"iaff_legacy_shortcode\" data-legacy-shortcode=\"vc_column_text\"><p><b><span style=\"color: #a47e6c;\">DEUXI\u00c8ME PLACE :<\/span><\/b> <b><i>\u00ab&nbsp;<a href=\"https:\/\/cpf.org\/\" target=\"_blank\" rel=\"noopener noreferrer\"><span style=\"color: #000000;\">www.cpf.org<\/span><\/a>&nbsp;\u00bb<\/i><\/b><\/p>\n<p class=\"TEXTSMALLER\"><i>Compl\u00e9t\u00e9e par des illustrations nettes, une page d\u2019accueil bien compos\u00e9e permet au conseil d\u2019\u00c9tat de r\u00e9pondre aux besoins des membres, des pompiers et des m\u00e9dias publics.<\/i><\/p>\n<p class=\"TEXTSMALLER\"><b>Produit par : Lou Paulson Soumis par : California Professional Firefighters<\/b><\/p>\n<p>\n<\/div>\n<\/div><div class=\"iaff_legacy_shortcode\" data-legacy-shortcode=\"vc_column_inner\" data-legacy-shortcode-attrs=\"{&quot;width&quot;:&quot;1\\\/2&quot;}\"><div class=\"iaff_legacy_shortcode\" data-legacy-shortcode=\"vc_column_text\"><\/p>\n<p align=\"right\"><b><span style=\"color: #a47e6c;\">MENTION HONORABLE : <\/span><i>\u00ab&nbsp;<a href=\"https:\/\/www.iafflocal738.org\/\" target=\"_blank\" rel=\"noopener noreferrer\"><span style=\"color: #000000;\">www.iafflocal738.org<\/span><\/a>&nbsp;\u00bb<\/i><\/b><\/p>\n<p class=\"TEXTSMALLER\" align=\"right\"><i>Les calendriers de travail ne sont que le d\u00e9but de ce \u00e0 quoi un visiteur peut acc\u00e9der \u00e0 partir de la page d\u2019accueil.<br \/>\nUne vid\u00e9o prise lors d\u2019une formation \u00e0 l\u2019enqu\u00eate sur les incendies criminels illustre graphiquement la rapidit\u00e9 avec laquelle un incendie peut se propager dans une pi\u00e8ce normale. <\/i><\/p>\n<p class=\"TEXTSMALLER\" align=\"right\"><b>Produit par : Doug Boczek Soumis par : Mount Vernon, IL Local 738<\/b><\/p>\n<p>\n<\/div>\n<\/div><\/p>\n<\/div><div class=\"iaff_legacy_shortcode\" data-legacy-shortcode=\"vc_row_inner\"><p><div class=\"iaff_legacy_shortcode\" data-legacy-shortcode=\"vc_column_inner\" data-legacy-shortcode-attrs=\"{&quot;width&quot;:&quot;1\\\/2&quot;}\"><div class=\"iaff_legacy_shortcode\" data-legacy-shortcode=\"vc_column_text\"><\/p>\n<p class=\"TEXTSMALLER\"><b><span style=\"color: #a47e6c; font-size: small;\">MENTION HONORABLE : <\/span><i><span style=\"font-size: small;\">\u00ab&nbsp;<a href=\"https:\/\/www.uflac.org\/\" target=\"_blank\" rel=\"noopener noreferrer\"><span style=\"color: #000000;\">www.uflac.org<\/span><\/a>&nbsp;\u00bb<\/span><\/i><\/b><\/p>\n<p class=\"TEXTSMALLER\"><i>Non seulement les actualit\u00e9s, mais aussi les vid\u00e9os et les webdiffusions de l\u2019UFLAC sont disponibles \u00e0 partir de la page d\u2019accueil de ce site.<br \/>\nUne bo\u00eete pour les derni\u00e8res nouvelles donne les gros titres des incendies en cours. <\/i><\/p>\n<p class=\"TEXTSMALLER\"><b>Produit par : Mike Bullis Soumis par : Los Angeles City, CA Local 112<\/b><\/p>\n<p>\n<\/div>\n<\/div><div class=\"iaff_legacy_shortcode\" data-legacy-shortcode=\"vc_column_inner\" data-legacy-shortcode-attrs=\"{&quot;width&quot;:&quot;1\\\/2&quot;}\"><div class=\"iaff_legacy_shortcode\" data-legacy-shortcode=\"vc_column_text\"><\/p>\n<p style=\"text-align: left;\" align=\"right\"><b><span style=\"color: #a47e6c;\">MENTION HONORABLE : <\/span><i>\u00ab&nbsp;<a href=\"https:\/\/www.iaff2067.org\/\" target=\"_blank\" rel=\"noopener noreferrer\"><span style=\"color: #000000;\">www.iaff2067.org<\/span><\/a>&nbsp;\u00bb<\/i><\/b><\/p>\n<p class=\"TEXTSMALLER\" style=\"text-align: left;\" align=\"right\"><i>Les affaires syndicales, les nouvelles internationales et les nouvelles du d\u00e9partement sont faciles d\u2019acc\u00e8s en haut de la page d\u2019accueil de la section locale 2067.<br \/>\nDes avertissements dr\u00f4les accueillent les non-membres qui s\u2019\u00e9garent dans la partie du site r\u00e9serv\u00e9e aux membres. <\/i><\/p>\n<p class=\"TEXTSMALLER\" style=\"text-align: left;\" align=\"right\"><b>Produit par : Tim McDermott Soumis par : Norman, OK Local 2067<\/b><\/p>\n<p>\n<\/div>\n<\/div><\/p>\n<\/div><\/p>\n<\/div><div class=\"iaff_legacy_shortcode\" data-legacy-shortcode=\"vc_tta_section\" data-legacy-shortcode-attrs=\"{&quot;title&quot;:&quot;Actualit\\u00e9s t\\u00e9l\\u00e9vis\\u00e9es&quot;,&quot;tab_id&quot;:&quot;tvns&quot;}\"><p><div class=\"iaff_legacy_shortcode\" data-legacy-shortcode=\"vc_row_inner\"><div class=\"iaff_legacy_shortcode\" data-legacy-shortcode=\"vc_column_inner\"><div class=\"iaff_legacy_shortcode\" data-legacy-shortcode=\"vc_column_text\"><\/p>\n<h2><span style=\"color: #ff0000;\">REPORTAGE T\u00c9L\u00c9VIS\u00c9 DE DERNI\u00c8RE HEURE<\/span><\/h2>\n<div class=\"iaff_legacy_shortcode\" data-legacy-shortcode=\"dt_divider\" data-legacy-shortcode-attrs=\"{&quot;style&quot;:&quot;thin&quot;}\"><\/div>\n<\/div>\n<\/div>\n<\/div><div class=\"iaff_legacy_shortcode\" data-legacy-shortcode=\"vc_row_inner\"><p><div class=\"iaff_legacy_shortcode\" data-legacy-shortcode=\"vc_column_inner\" data-legacy-shortcode-attrs=\"{&quot;width&quot;:&quot;1\\\/2&quot;}\"><div class=\"iaff_legacy_shortcode\" data-legacy-shortcode=\"vc_column_text\"><p><b><span style=\"color: #a47e6c; font-size: small;\">PREMI\u00c8RE PLACE :<\/span><\/b><span style=\"font-size: small;\"> <\/span><b><i><span style=\"font-size: small;\">\u00ab&nbsp;Incendie de la rue Queen&nbsp;\u00bb<\/span><\/i><\/b><\/p>\n<p class=\"TEXTSMALLER\"><i>Parce que cet incendie t\u00f4t le matin se trouvait \u00e0 quelques p\u00e2t\u00e9s de maisons des studios de Citytv, Breakfast Television a \u00e9t\u00e9 le premier sur les lieux pour le couvrir.<br \/>\nLa couverture en direct comprenait un r\u00e9capitulatif des probl\u00e8mes pertinents li\u00e9s \u00e0 la lutte contre les incendies. <\/i><\/p>\n<p class=\"TEXTSMALLER\"><b>Citytv Breakfast Television Reportage de&nbsp;: Tracy Moore Soumis par&nbsp;: Toronto, ON Local 3888<\/b><\/p>\n<p>\n<\/div>\n<\/div><div class=\"iaff_legacy_shortcode\" data-legacy-shortcode=\"vc_column_inner\" data-legacy-shortcode-attrs=\"{&quot;width&quot;:&quot;1\\\/2&quot;}\"><div class=\"iaff_legacy_shortcode\" data-legacy-shortcode=\"vc_column_text\"><\/p>\n<p style=\"text-align: left;\" align=\"right\"><b><span style=\"color: #a47e6c;\">DEUXI\u00c8ME PLACE :<\/span><\/b><span style=\"color: #a47e6c;\"> <\/span><b><i>\u00ab Incendie de la rue Mount Pleasant \u00bb<\/i><\/b><\/p>\n<p class=\"TEXTSMALLER\" style=\"text-align: left;\" align=\"right\"><i>Un incendie d\u2019appartement a donn\u00e9 lieu \u00e0 cinq appels de d\u00e9tresse, dont deux pour des pompiers en d\u00e9tresse.<br \/>\nAvant d\u2019\u00eatre \u00e9teint, le feu mena\u00e7ait un deuxi\u00e8me immeuble d\u2019appartements et une \u00e9glise. <\/i><\/p>\n<p class=\"TEXTSMALLER\" style=\"text-align: left;\" align=\"right\"><b>WUSA-TV Soumis par : Washington, DC Local 36<\/b><\/p>\n<p>\n<\/div>\n<\/div><\/p>\n<\/div><div class=\"iaff_legacy_shortcode\" data-legacy-shortcode=\"vc_row_inner\"><p><div class=\"iaff_legacy_shortcode\" data-legacy-shortcode=\"vc_column_inner\" data-legacy-shortcode-attrs=\"{&quot;width&quot;:&quot;1\\\/2&quot;}\"><\/div><div class=\"iaff_legacy_shortcode\" data-legacy-shortcode=\"vc_column_inner\" data-legacy-shortcode-attrs=\"{&quot;width&quot;:&quot;1\\\/2&quot;}\"><div class=\"iaff_legacy_shortcode\" data-legacy-shortcode=\"vc_column_text\"><\/p>\n<p style=\"text-align: left;\" align=\"right\"><b><span style=\"color: #a47e6c; font-size: small;\">MENTION HONORABLE : <\/span><i>\u00ab&nbsp;Sauvetage sur glace&nbsp;\u00bb<\/i><\/b><\/p>\n<p class=\"TEXTSMALLER\" style=\"text-align: left;\" align=\"right\"><i>C\u2019est la glace, et non le feu, qui a amen\u00e9 quatre pompiers en combinaison de survie \u00e0 un \u00e9tang de Weymouth.<br \/>\nL\u00e0, \u00e0 2 heures du matin, ils ont secouru un homme en train de se noyer qui hurlait et qui n\u2019aurait jamais d\u00fb se trouver sur l\u2019\u00e9tang gel\u00e9. <\/i><\/p>\n<p class=\"TEXTSMALLER\" style=\"text-align: left;\" align=\"right\"><b>Toutes les stations de t\u00e9l\u00e9vision de Boston Rapport\u00e9 par&nbsp;: Robert Stella Soumis par&nbsp;: Hingham, MA Local 2398<\/b><\/p>\n<p>\n<\/div>\n<\/div><\/p>\n<\/div><\/p>\n<\/div><div class=\"iaff_legacy_shortcode\" data-legacy-shortcode=\"vc_tta_section\" data-legacy-shortcode-attrs=\"{&quot;title&quot;:&quot;Meilleur article sur un site d\\u2019actualit\\u00e9s&quot;,&quot;tab_id&quot;:&quot;bsoanws&quot;}\"><p><div class=\"iaff_legacy_shortcode\" data-legacy-shortcode=\"vc_row_inner\"><div class=\"iaff_legacy_shortcode\" data-legacy-shortcode=\"vc_column_inner\"><div class=\"iaff_legacy_shortcode\" data-legacy-shortcode=\"vc_column_text\"><\/p>\n<h2><span style=\"color: #ff0000;\">REPORTAGE SUR UN SITE WEB<\/span><\/h2>\n<div class=\"iaff_legacy_shortcode\" data-legacy-shortcode=\"dt_divider\" data-legacy-shortcode-attrs=\"{&quot;style&quot;:&quot;thin&quot;}\"><\/div>\n<\/div>\n<\/div>\n<\/div><div class=\"iaff_legacy_shortcode\" data-legacy-shortcode=\"vc_row_inner\"><p><div class=\"iaff_legacy_shortcode\" data-legacy-shortcode=\"vc_column_inner\" data-legacy-shortcode-attrs=\"{&quot;width&quot;:&quot;1\\\/2&quot;}\"><div class=\"iaff_legacy_shortcode\" data-legacy-shortcode=\"vc_column_text\"><p><b><span style=\"color: #a47e6c; font-size: small;\">PREMI\u00c8RE PLACE :<\/span><\/b><span style=\"font-size: small;\"> <\/span><b><i><span style=\"font-size: small;\">\u00ab&nbsp;Formation de la faune&nbsp;\u00bb<\/span><\/i><\/b><\/p>\n<p class=\"TEXTSMALLER\"><i>Ce reportage photo a couvert un cours d\u2019une semaine au printemps 2008 qui a donn\u00e9 aux pompiers une longueur d\u2019avance dans leur pr\u00e9paration \u00e0 la saison des feux de for\u00eat.<br \/>\nApr\u00e8s le cours, le service d\u2019incendie et de sauvetage de Jacksonville comptait plus de 300 pompiers certifi\u00e9s en foresterie. <\/i><\/p>\n<p class=\"TEXTSMALLER\"><b>www.1rbn.com Signal\u00e9 par&nbsp;: Mark Treglio Soumis par&nbsp;: Jacksonville, FL Local 122<\/b><\/p>\n<p>\n<\/div>\n<\/div><div class=\"iaff_legacy_shortcode\" data-legacy-shortcode=\"vc_column_inner\" data-legacy-shortcode-attrs=\"{&quot;width&quot;:&quot;1\\\/2&quot;}\"><div class=\"iaff_legacy_shortcode\" data-legacy-shortcode=\"vc_column_text\"><\/p>\n<p style=\"text-align: left;\" align=\"right\"><b><span style=\"color: #a47e6c; font-size: small;\">DEUXI\u00c8ME PLACE :<\/span><\/b><span style=\"color: #a47e6c; font-size: small;\"> <\/span><b><i><span style=\"font-size: small;\">\u00ab&nbsp;Arson Fire&nbsp;\u00bb<\/span><\/i><\/b><\/p>\n<p class=\"TEXTSMALLER\" style=\"text-align: left;\" align=\"right\"><i>Une femme qui coud des \u00ab combinaisons de peau \u00bb \u2013 des v\u00eatements de pression pour les couches du derme de la peau \u2013 est pr\u00e9sent\u00e9e dans cet article dans une s\u00e9rie en trois parties sur les victimes de br\u00fblures.<\/i><\/p>\n<p class=\"TEXTSMALLER\" style=\"text-align: left;\" align=\"right\"><b>www.firehouse.com Rapport\u00e9 par&nbsp;: Jay K. Bradish Soumis par&nbsp;: Bradford, PA Local 655<\/b><\/p>\n<p>\n<\/div>\n<\/div><\/p>\n<\/div><\/p>\n<\/div><div class=\"iaff_legacy_shortcode\" data-legacy-shortcode=\"vc_tta_section\" data-legacy-shortcode-attrs=\"{&quot;title&quot;:&quot;Reportage ou \\u00e9ditorial radiophonique&quot;,&quot;tab_id&quot;:&quot;rnsoe&quot;}\"><p><div class=\"iaff_legacy_shortcode\" data-legacy-shortcode=\"vc_row_inner\"><div class=\"iaff_legacy_shortcode\" data-legacy-shortcode=\"vc_column_inner\"><div class=\"iaff_legacy_shortcode\" data-legacy-shortcode=\"vc_column_text\"><\/p>\n<h2><span style=\"color: #ff0000;\">NOUVELLES RADIO<\/span><\/h2>\n<div class=\"iaff_legacy_shortcode\" data-legacy-shortcode=\"dt_divider\" data-legacy-shortcode-attrs=\"{&quot;style&quot;:&quot;thin&quot;}\"><\/div>\n<\/div>\n<\/div>\n<\/div><div class=\"iaff_legacy_shortcode\" data-legacy-shortcode=\"vc_row_inner\"><p><div class=\"iaff_legacy_shortcode\" data-legacy-shortcode=\"vc_column_inner\" data-legacy-shortcode-attrs=\"{&quot;width&quot;:&quot;1\\\/2&quot;}\"><div class=\"iaff_legacy_shortcode\" data-legacy-shortcode=\"vc_column_text\"><p><b><span style=\"color: #a47e6c; font-size: small;\">PREMI\u00c8RE PLACE :<\/span><\/b><span style=\"font-size: small;\"> <\/span><b><i><span style=\"font-size: small;\">\u00ab&nbsp;Visite du simulateur&nbsp;\u00bb<\/span><\/i><\/b><\/p>\n<p class=\"TEXTSMALLER\"><i>La caserne de pompiers 21, qui abrite le seul bateau de pompiers de la ville, conna\u00eetrait des jours de baisse de tension lorsque moins de 187 pompiers de premi\u00e8re ligne seraient disponibles pour le service.<\/i><\/p>\n<p class=\"TEXTSMALLER\"><b>KWPC Radio Rapport\u00e9 par&nbsp;: Charles Potter Soumis par&nbsp;: Muscatine, IA Local 608<\/b><\/p>\n<p>\n<\/div>\n<\/div><div class=\"iaff_legacy_shortcode\" data-legacy-shortcode=\"vc_column_inner\" data-legacy-shortcode-attrs=\"{&quot;width&quot;:&quot;1\\\/2&quot;}\"><div class=\"iaff_legacy_shortcode\" data-legacy-shortcode=\"vc_column_text\"><\/p>\n<p style=\"text-align: left;\" align=\"right\"><b><span style=\"color: #a47e6c; font-size: small;\">DEUXI\u00c8ME PLACE :<\/span><\/b><span style=\"color: #a47e6c; font-size: small;\"> <\/span><b><i><span style=\"font-size: small;\">\u00ab Incendie de la rue Queen \u00bb<\/span><\/i><\/b><\/p>\n<p class=\"TEXTSMALLER\" style=\"text-align: left;\" align=\"right\"><i>\u00ab Ceux qui sont moins font plus, mais ce n\u2019est peut-\u00eatre pas suffisant \u00bb, a d\u00e9clar\u00e9 Tom Makar, pr\u00e9sident de la section locale 104, en commentant la r\u00e9duction des effectifs.<\/i><\/p>\n<p class=\"TEXTSMALLER\" style=\"text-align: left;\" align=\"right\"><b>CFRB News Talk 1010 Rapport\u00e9 par : Ryan Bird Soumis par : Toronto, ON Local 3888<\/b><\/p>\n<p>\n<\/div>\n<\/div><\/p>\n<\/div><\/p>\n<\/div><div class=\"iaff_legacy_shortcode\" data-legacy-shortcode=\"vc_tta_section\" data-legacy-shortcode-attrs=\"{&quot;title&quot;:&quot;\\u00c9ditorial ou chronique&quot;,&quot;tab_id&quot;:&quot;eoc&quot;}\"><p><div class=\"iaff_legacy_shortcode\" data-legacy-shortcode=\"vc_row_inner\"><div class=\"iaff_legacy_shortcode\" data-legacy-shortcode=\"vc_column_inner\"><div class=\"iaff_legacy_shortcode\" data-legacy-shortcode=\"vc_column_text\"><\/p>\n<h2><span style=\"color: #ff0000;\">\u00c9DITORIAL OU CHRONIQUE<\/span><\/h2>\n<div class=\"iaff_legacy_shortcode\" data-legacy-shortcode=\"dt_divider\" data-legacy-shortcode-attrs=\"{&quot;style&quot;:&quot;thin&quot;}\"><\/div>\n<\/div>\n<\/div>\n<\/div><div class=\"iaff_legacy_shortcode\" data-legacy-shortcode=\"vc_row_inner\"><p><div class=\"iaff_legacy_shortcode\" data-legacy-shortcode=\"vc_column_inner\" data-legacy-shortcode-attrs=\"{&quot;width&quot;:&quot;1\\\/2&quot;}\"><div class=\"iaff_legacy_shortcode\" data-legacy-shortcode=\"vc_column_text\"><p><b><span style=\"color: #a47e6c; font-size: small;\">PREMI\u00c8RE PLACE :<\/span><\/b><span style=\"font-size: small;\"> <\/span><b><i><span style=\"font-size: small;\">\u00ab&nbsp;Chers coll\u00e8gues pompiers, la ville doit de la gratitude \u00e0 Raffa et Courtney&nbsp;\u00bb<\/span><\/i><\/b><\/p>\n<p class=\"TEXTSMALLER\"><i>\u00ab Un acte difficile \u00e0 suivre \u00bb, c\u2019est ainsi que ce chroniqueur a appel\u00e9 le pr\u00e9sident et le vice-pr\u00e9sident de la section locale 1009, qui la dirigeaient depuis 1997, mais qui ont choisi de ne pas se pr\u00e9senter aux \u00e9lections.<\/i><\/p>\n<p class=\"TEXTSMALLER\"><b>Worcester Sunday Telegram \u00c9crit par : Nick Kotsopoulos Soumis par : Worcester, MA Local 1009<\/b><\/p>\n<p>\n<\/div>\n<\/div><div class=\"iaff_legacy_shortcode\" data-legacy-shortcode=\"vc_column_inner\" data-legacy-shortcode-attrs=\"{&quot;width&quot;:&quot;1\\\/2&quot;}\"><div class=\"iaff_legacy_shortcode\" data-legacy-shortcode=\"vc_column_text\"><\/p>\n<p style=\"text-align: left;\" align=\"right\"><b><span style=\"color: #a47e6c; font-size: small;\">DEUXI\u00c8ME PLACE :<\/span><\/b><span style=\"color: #a47e6c; font-size: small;\"> <\/span><b><i><span style=\"font-size: small;\">\u00ab Un long chemin vers la gu\u00e9rison \u00bb<\/span><\/i><\/b><\/p>\n<p class=\"TEXTSMALLER\" style=\"text-align: left;\" align=\"right\"><i>Un an apr\u00e8s la mort de deux pompiers au travail, toute une communaut\u00e9 de travailleurs d\u2019urgence continue de souffrir et de pleurer.<br \/>\n\u00ab C\u2019est une trag\u00e9die qui se poursuit \u00bb, a d\u00e9clar\u00e9 le pr\u00e9sident de la section locale.<br \/>\nCependant, la trag\u00e9die a conduit \u00e0 des am\u00e9liorations, telles que de nouveaux microphones radio \u00e9tanches.    <\/i><\/p>\n<p class=\"TEXTSMALLER\" style=\"text-align: left;\" align=\"right\"><b>Winnipeg Sun Soumis par : Winnipeg, MB Local 867<\/b><\/p>\n<p>\n<\/div>\n<\/div><\/p>\n<\/div><\/p>\n<\/div><div class=\"iaff_legacy_shortcode\" data-legacy-shortcode=\"vc_tta_section\" data-legacy-shortcode-attrs=\"{&quot;title&quot;:&quot;Relations publiques d\\u2019affiliation ou campagne politique&quot;,&quot;tab_id&quot;:&quot;apopc&quot;}\"><p><div class=\"iaff_legacy_shortcode\" data-legacy-shortcode=\"vc_row_inner\"><div class=\"iaff_legacy_shortcode\" data-legacy-shortcode=\"vc_column_inner\"><div class=\"iaff_legacy_shortcode\" data-legacy-shortcode=\"vc_column_text\"><\/p>\n<h2><span style=\"color: #ff0000;\">CAMPAGNE DE RELATIONS PUBLIQUES D\u2019AFFILIATION<\/span><\/h2>\n<div class=\"iaff_legacy_shortcode\" data-legacy-shortcode=\"dt_divider\" data-legacy-shortcode-attrs=\"{&quot;style&quot;:&quot;thin&quot;}\"><\/div>\n<\/div>\n<\/div>\n<\/div><div class=\"iaff_legacy_shortcode\" data-legacy-shortcode=\"vc_row_inner\"><p><div class=\"iaff_legacy_shortcode\" data-legacy-shortcode=\"vc_column_inner\" data-legacy-shortcode-attrs=\"{&quot;width&quot;:&quot;1\\\/2&quot;}\"><div class=\"iaff_legacy_shortcode\" data-legacy-shortcode=\"vc_column_text\"><p><b><span style=\"color: #a47e6c; font-size: small;\">PREMI\u00c8RE PLACE :<\/span><\/b><span style=\"font-size: small;\"> <\/span><b><i><span style=\"font-size: small;\">\u00ab&nbsp;Les pompiers \u00e0 vos c\u00f4t\u00e9s&nbsp;\u00bb<\/span><\/i><\/b><\/p>\n<p class=\"TEXTSMALLER\"><i>L\u2019importance de planifier et de mettre en pratique un plan d\u2019\u00e9vacuation en cas d\u2019incendie prend vie dans cette campagne de s\u00e9curit\u00e9 publique.<br \/>\nLa presse \u00e9crite, la vid\u00e9o, la t\u00e9l\u00e9vision et le site Web sont tous bilingues, \u00e9tant donn\u00e9 que plus d\u2019un tiers de la population de l\u2019\u00c9tat est latino-am\u00e9ricaine.<br \/>\nDe nombreux entretiens que CPF a obtenus ont \u00e9t\u00e9 regroup\u00e9s sur un CD.  <\/i><\/p>\n<p class=\"TEXTSMALLER\"><b>Produit par : Lou Paulson et California Professional Firefighters Soumis par : California Professional Firefighters<\/b><\/p>\n<p><img decoding=\"async\" class=\"alignnone wp-image-33634 size-full\" src=\"https:\/\/www.iaff.org\/wp-content\/uploads\/Media_Awards\/2009\/n10.jpg\" alt=\"\" width=\"201\" height=\"285\"><\/p>\n<\/div>\n<\/div><div class=\"iaff_legacy_shortcode\" data-legacy-shortcode=\"vc_column_inner\" data-legacy-shortcode-attrs=\"{&quot;width&quot;:&quot;1\\\/2&quot;}\"><div class=\"iaff_legacy_shortcode\" data-legacy-shortcode=\"vc_column_text\"><\/p>\n<p style=\"text-align: left;\" align=\"right\"><b><span style=\"color: #a47e6c; font-size: small;\">DEUXI\u00c8ME PLACE (ex-aequo) :<\/span><\/b><span style=\"font-size: small;\"> <\/span><b><i><span style=\"font-size: small;\">\u00ab Un message de s\u00e9curit\u00e9 des personnes \u00bb<\/span><\/i><\/b><\/p>\n<p class=\"TEXTSMALLER\" style=\"text-align: left;\" align=\"right\"><i>\u00ab Votez non \u2013 coup de poing #241 \u00bb, exhorte la section locale 1403 dans cette s\u00e9rie de vid\u00e9os distribu\u00e9es sur CD.<br \/>\n\u00ab Le temps de r\u00e9ponse est synonyme de survie \u00bb, dit-il aux t\u00e9l\u00e9spectateurs en leur expliquant l\u2019impact probable sur les services m\u00e9dicaux d\u2019urgence, le personnel des pompiers, les lieux et le budget. <\/i><\/p>\n<p class=\"TEXTSMALLER\" style=\"text-align: left;\" align=\"right\"><b>Produit par : Jason Davis Soumis par : Metro-Dade, FL Local 1403<\/b><\/p>\n<p>\n<\/div>\n<\/div><\/p>\n<\/div><div class=\"iaff_legacy_shortcode\" data-legacy-shortcode=\"vc_row_inner\"><p><div class=\"iaff_legacy_shortcode\" data-legacy-shortcode=\"vc_column_inner\" data-legacy-shortcode-attrs=\"{&quot;width&quot;:&quot;1\\\/2&quot;}\"><div class=\"iaff_legacy_shortcode\" data-legacy-shortcode=\"vc_column_text\"><p><b><span style=\"color: #a47e6c;\">MENTION HONORABLE : <\/span><i>\u00ab&nbsp;Sauvons les casernes de pompiers d\u2019Alameda&nbsp;\u00bb<\/i><\/b><\/p>\n<p class=\"TEXTSMALLER\"><i>Le site Web \u00ab <a href=\"https:\/\/www.savealamedafirehouses.com\/\" target=\"_blank\" rel=\"noopener noreferrer\">Save Alameda Firehouses<\/a> \u00bb proclame \u00ab C\u2019est un probl\u00e8me br\u00fblant \u00bb, et ce probl\u00e8me \u00e9tait probablement des coupes dans les services d\u2019incendie et d\u2019urgence de la ville d\u2019Alameda.<\/i><\/p>\n<p><b>Produit par : Don Pemberton Soumis par : Alameda, CA Local 698<\/b><\/p>\n<\/div>\n<\/div><div class=\"iaff_legacy_shortcode\" data-legacy-shortcode=\"vc_column_inner\" data-legacy-shortcode-attrs=\"{&quot;width&quot;:&quot;1\\\/2&quot;}\"><div class=\"iaff_legacy_shortcode\" data-legacy-shortcode=\"vc_column_text\"><\/p>\n<p style=\"text-align: left;\" align=\"right\"><b><span style=\"color: #a47e6c;\">DEUXI\u00c8ME PLACE (ex aequo) :<\/span><\/b> <b><i>\u00ab&nbsp;R\u00e9veillon de No\u00ebl \u00e0 Yonkers&nbsp;\u00bb<\/i><\/b><\/p>\n<p class=\"TEXTSMALLER\" style=\"text-align: left;\" align=\"right\"><i>Une annonce dans The Journal News d\u00e9taille les quatre heures qui ont suivi l\u2019arriv\u00e9e d\u2019un appel au 9-1-1 au service d\u2019incendie de Yonkers la veille de No\u00ebl.<br \/>\nLe message aux lecteurs : les compressions pr\u00e9vues dans le d\u00e9partement auraient affect\u00e9 une s\u00e9rie d\u2019appels d\u2019urgence r\u00e9els r\u00e9pondus cet apr\u00e8s-midi-l\u00e0. <\/i><\/p>\n<p style=\"text-align: left;\" align=\"right\"><b>Produit par : Patrick Brady Soumis par : Yonkers, NY Local 628<\/b><\/p>\n<p align=\"right\"><img decoding=\"async\" class=\"alignleft wp-image-33635 size-full\" src=\"https:\/\/www.iaff.org\/wp-content\/uploads\/Media_Awards\/2009\/n9.jpg\" alt=\"\" width=\"199\" height=\"365\"><\/p>\n<p>\n<\/div>\n<\/div><\/p>\n<\/div><div class=\"iaff_legacy_shortcode\" data-legacy-shortcode=\"vc_row_inner\"><p><div class=\"iaff_legacy_shortcode\" data-legacy-shortcode=\"vc_column_inner\" data-legacy-shortcode-attrs=\"{&quot;width&quot;:&quot;1\\\/2&quot;}\"><div class=\"iaff_legacy_shortcode\" data-legacy-shortcode=\"vc_column_text\"><\/p>\n<p class=\"TEXTSMALLER\" align=\"left\"><b><span style=\"color: #a47e6c; font-size: small;\">MENTION HONORABLE : <\/span><i><span style=\"font-size: small;\">\u00ab Et vous ? \u00bb<\/span><\/i><\/b><\/p>\n<p class=\"TEXTSMALLER\" align=\"left\"><i>Pour favoriser le recrutement, un quatuor d\u2019affiches met en sc\u00e8ne des photos d\u2019action de pompiers.<br \/>\nUne affiche montrant un pompier avec un tuyau d\u2019arrosage sur une grue demande : \u00ab Notre objectif est de plaire&#8230; Et vous ? <\/i><\/p>\n<p class=\"TEXTSMALLER\" align=\"left\"><b>Produit par : Rick Snodgrass Soumis par : Lakewood, WA Local 1488<\/b><\/p>\n<p>\n<\/div>\n<\/div><div class=\"iaff_legacy_shortcode\" data-legacy-shortcode=\"vc_column_inner\" data-legacy-shortcode-attrs=\"{&quot;width&quot;:&quot;1\\\/2&quot;}\"><\/div><\/p>\n<\/div><\/p>\n<\/div><div class=\"iaff_legacy_shortcode\" data-legacy-shortcode=\"vc_tta_section\" data-legacy-shortcode-attrs=\"{&quot;title&quot;:&quot;Publication affili\\u00e9e&quot;,&quot;tab_id&quot;:&quot;ap&quot;}\"><p><div class=\"iaff_legacy_shortcode\" data-legacy-shortcode=\"vc_row_inner\"><div class=\"iaff_legacy_shortcode\" data-legacy-shortcode=\"vc_column_inner\"><div class=\"iaff_legacy_shortcode\" data-legacy-shortcode=\"vc_column_text\"><\/p>\n<h2><span style=\"color: #ff0000;\">PUBLICATION AFFILI\u00c9E<\/span><\/h2>\n<div class=\"iaff_legacy_shortcode\" data-legacy-shortcode=\"dt_divider\" data-legacy-shortcode-attrs=\"{&quot;style&quot;:&quot;thin&quot;}\"><\/div>\n<\/div>\n<\/div>\n<\/div><div class=\"iaff_legacy_shortcode\" data-legacy-shortcode=\"vc_row_inner\"><p><div class=\"iaff_legacy_shortcode\" data-legacy-shortcode=\"vc_column_inner\" data-legacy-shortcode-attrs=\"{&quot;width&quot;:&quot;1\\\/2&quot;}\"><div class=\"iaff_legacy_shortcode\" data-legacy-shortcode=\"vc_column_text\"><\/p>\n<h3>TIRAGE SUP\u00c9RIEUR \u00c0 1 000 EXEMPLAIRES<\/h3>\n<div class=\"iaff_legacy_shortcode\" data-legacy-shortcode=\"dt_divider\" data-legacy-shortcode-attrs=\"{&quot;style&quot;:&quot;thin&quot;}\"><\/div>\n<\/div>\n<\/div><div class=\"iaff_legacy_shortcode\" data-legacy-shortcode=\"vc_column_inner\" data-legacy-shortcode-attrs=\"{&quot;width&quot;:&quot;1\\\/2&quot;}\"><div class=\"iaff_legacy_shortcode\" data-legacy-shortcode=\"vc_column_text\"><\/p>\n<h3>TIRAGE INF\u00c9RIEUR \u00c0 1 000 EXEMPLAIRES<\/h3>\n<div class=\"iaff_legacy_shortcode\" data-legacy-shortcode=\"dt_divider\" data-legacy-shortcode-attrs=\"{&quot;style&quot;:&quot;thin&quot;}\"><\/div>\n<\/div>\n<\/div><\/p>\n<\/div><div class=\"iaff_legacy_shortcode\" data-legacy-shortcode=\"vc_row_inner\"><p><div class=\"iaff_legacy_shortcode\" data-legacy-shortcode=\"vc_column_inner\" data-legacy-shortcode-attrs=\"{&quot;width&quot;:&quot;1\\\/2&quot;}\"><p><div class=\"iaff_legacy_shortcode\" data-legacy-shortcode=\"vc_column_text\"><p><b><span style=\"color: #a47e6c; font-size: small;\">PREMI\u00c8RE PLACE :<\/span><\/b><span style=\"color: #a47e6c; font-size: small;\"> <\/span><b><i><span style=\"font-size: small;\">\u00ab&nbsp;Conversation sur le hayon&nbsp;\u00bb<\/span><\/i><\/b><\/p>\n<p class=\"TEXTSMALLER\"><i>Cette lettre d\u2019information bicolore et semestrielle a pour but de tenir 15 000 membres de l\u2019Illinois au courant des activit\u00e9s locales et de l\u2019impact probable de la l\u00e9gislation en cours \u00e0 Springfield.<\/i><\/p>\n<p><b>Produit par : Pat Davaney Soumis par : Associated Fire Fighters of Illinois<\/b><\/p>\n<p><img decoding=\"async\" class=\"alignnone size-full wp-image-33645\" src=\"https:\/\/www.iaff.org\/wp-content\/uploads\/Media_Awards\/2009\/L6-LAFFI.jpg\" alt=\"\" width=\"230\" height=\"301\"><\/p>\n<\/div><div class=\"iaff_legacy_shortcode\" data-legacy-shortcode=\"vc_column_text\"><\/div><div class=\"iaff_legacy_shortcode\" data-legacy-shortcode=\"vc_column_text\"><\/div><\/p>\n<\/div><div class=\"iaff_legacy_shortcode\" data-legacy-shortcode=\"vc_column_inner\" data-legacy-shortcode-attrs=\"{&quot;width&quot;:&quot;1\\\/2&quot;}\"><div class=\"iaff_legacy_shortcode\" data-legacy-shortcode=\"vc_column_text\"><p><b><span style=\"color: #a47e6c; font-size: small;\">PREMI\u00c8RE PLACE : <\/span><i><span style=\"font-size: small;\">\u00ab Le pompier du comt\u00e9 de Hamilton \u00bb<\/span><\/i><\/b><\/p>\n<p class=\"TEXTSMALLER\"><i>\u00ab Tous les articles et informations que vous aviez avant et bien plus encore \u00bb, se vante le premier num\u00e9ro d\u2019un nouveau bulletin d\u2019information bimestriel de la section locale 4416.<\/i><\/p>\n<p><b>Produit par : Anthony L. Murray Soumis par : Comt\u00e9 de Hamilton, IN, section locale 4416<\/b><\/p>\n<p><img decoding=\"async\" class=\"alignnone size-full wp-image-33641\" src=\"https:\/\/www.iaff.org\/wp-content\/uploads\/Media_Awards\/2009\/K-3-L4416.jpg\" alt=\"\" width=\"230\" height=\"301\"><\/p>\n<\/div>\n<\/div><\/p>\n<\/div><div class=\"iaff_legacy_shortcode\" data-legacy-shortcode=\"vc_row_inner\"><p><div class=\"iaff_legacy_shortcode\" data-legacy-shortcode=\"vc_column_inner\" data-legacy-shortcode-attrs=\"{&quot;width&quot;:&quot;1\\\/2&quot;}\"><div class=\"iaff_legacy_shortcode\" data-legacy-shortcode=\"vc_column_text\"><p style=\"text-align: left;\" align=\"right\"><b><span style=\"color: #a47e6c; font-size: small;\">DEUXI\u00c8ME PLACE (ex-aequo) :<\/span><\/b><span style=\"color: #a47e6c;\"> <\/span><b><i><span style=\"font-size: small;\">\u00ab&nbsp;Le Casque&nbsp;\u00bb<\/span><\/i><\/b><\/p>\n<p class=\"TEXTSMALLER\" style=\"text-align: left;\" align=\"right\"><i>Dans son num\u00e9ro d\u2019octobre\/novembre 2008, la section locale 416 c\u00e9l\u00e8bre le remboursement de son b\u00e2timent, ce qui permettra \u00e0 la section locale de se lib\u00e9rer de ses dettes apr\u00e8s 20 ans.<\/i><\/p>\n<p style=\"text-align: left;\" align=\"right\"><b>Produit par : Ted Waldroup Soumis par : Indianapolis, IN Local 416<\/b><\/p>\n<p style=\"text-align: left;\"><img decoding=\"async\" class=\"alignnone size-full wp-image-33643\" src=\"https:\/\/www.iaff.org\/wp-content\/uploads\/Media_Awards\/2009\/L1-L416.jpg\" alt=\"\" width=\"230\" height=\"301\"><\/p>\n<p>\n<\/div><div class=\"iaff_legacy_shortcode\" data-legacy-shortcode=\"vc_column_text\"><\/div><div class=\"iaff_legacy_shortcode\" data-legacy-shortcode=\"vc_column_text\"><\/div><\/p>\n<\/div><div class=\"iaff_legacy_shortcode\" data-legacy-shortcode=\"vc_column_inner\" data-legacy-shortcode-attrs=\"{&quot;width&quot;:&quot;1\\\/2&quot;}\"><div class=\"iaff_legacy_shortcode\" data-legacy-shortcode=\"vc_column_text\"><\/p>\n<p style=\"text-align: left;\" align=\"right\"><b><span style=\"color: #a47e6c; font-size: small;\">DEUXI\u00c8ME PLACE :<\/span><\/b><span style=\"color: #a47e6c;\"> <\/span><b><i><span style=\"font-size: small;\">\u00ab Pompiers professionnels de l\u2019Alaska \u00bb<\/span><\/i><\/b><\/p>\n<p class=\"TEXTSMALLER\" style=\"text-align: left;\" align=\"right\"><i>Les \u00e9lections de novembre ont domin\u00e9 l\u2019\u00e9dition d\u2019automne de ce bulletin compact en quatre couleurs.<br \/>\nEn plus des soutiens des candidats, le num\u00e9ro a not\u00e9 tous les contributeurs \u00e0 l\u2019Alaska Firepac. <\/i><\/p>\n<p style=\"text-align: left;\" align=\"right\"><b>Produit par : Mark Drygas Soumis par : Alaska Professional Fire Fighters<\/b><\/p>\n<p style=\"text-align: left;\" align=\"right\"><img decoding=\"async\" class=\"alignnone size-full wp-image-33640\" src=\"https:\/\/www.iaff.org\/wp-content\/uploads\/Media_Awards\/2009\/K2-Alaska-PFF.jpg\" alt=\"\" width=\"230\" height=\"301\"><\/p>\n<p>\n<\/div>\n<\/div><\/p>\n<\/div><div class=\"iaff_legacy_shortcode\" data-legacy-shortcode=\"vc_row_inner\"><p><div class=\"iaff_legacy_shortcode\" data-legacy-shortcode=\"vc_column_inner\" data-legacy-shortcode-attrs=\"{&quot;width&quot;:&quot;1\\\/2&quot;}\"><p><div class=\"iaff_legacy_shortcode\" data-legacy-shortcode=\"vc_column_text\"><p><b><span style=\"color: #a47e6c;\">DEUXI\u00c8ME PLACE (ex aequo) :<\/span><\/b> <b><i>\u00ab&nbsp;Le pompier de Houston&nbsp;\u00bb<\/i><\/b><\/p>\n<p class=\"TEXTSMALLER\"><i>Les petites annonces des membres et la publicit\u00e9 civique renforcent l\u2019utilit\u00e9 de ce mensuel, qui compte 40 pages ou plus.<br \/>\nLes activit\u00e9s des membres au travail et en dehors prennent vie sous forme d\u2019histoires et d\u2019images.   <\/i><\/p>\n<p><b>Produit par : Michael Bingham Soumis par : Houston, TX Local 341<\/b><\/p>\n<p style=\"text-align: left;\"><img decoding=\"async\" class=\"alignnone size-full wp-image-33644\" src=\"https:\/\/www.iaff.org\/wp-content\/uploads\/Media_Awards\/2009\/L-2-L341.jpg\" alt=\"\" width=\"230\" height=\"301\"><\/p>\n<p>\n<\/div><div class=\"iaff_legacy_shortcode\" data-legacy-shortcode=\"vc_column_text\"><\/div><div class=\"iaff_legacy_shortcode\" data-legacy-shortcode=\"vc_column_text\"><\/div><\/p>\n<\/div><div class=\"iaff_legacy_shortcode\" data-legacy-shortcode=\"vc_column_inner\" data-legacy-shortcode-attrs=\"{&quot;width&quot;:&quot;1\\\/2&quot;}\"><\/div><\/p>\n<\/div><div class=\"iaff_legacy_shortcode\" data-legacy-shortcode=\"vc_row_inner\"><p><div class=\"iaff_legacy_shortcode\" data-legacy-shortcode=\"vc_column_inner\" data-legacy-shortcode-attrs=\"{&quot;width&quot;:&quot;1\\\/2&quot;}\"><div class=\"iaff_legacy_shortcode\" data-legacy-shortcode=\"vc_column_text\"><p style=\"text-align: left;\" align=\"right\"><b><span style=\"color: #a47e6c; font-size: small;\">MENTION HONORABLE :<\/span><\/b><span style=\"color: #a47e6c; font-size: small;\"> <\/span><b><i><span style=\"font-size: small;\">\u00ab&nbsp;Le Backdraft&nbsp;\u00bb<\/span><\/i><\/b><\/p>\n<p class=\"TEXTSMALLER\" style=\"text-align: left;\" align=\"right\"><i>Publi\u00e9 trimestriellement, ce magazine en quatre couleurs fait la promotion du slogan \u00ab Une union, une famille \u00bb.<br \/>\nLe num\u00e9ro d\u2019avril-mai-juin pr\u00e9sentait une chronique juridique et une interview avec le nouveau joueur de cornemuse. <\/i><\/p>\n<p style=\"text-align: left;\" align=\"right\"><b>Produit par : Comt\u00e9 de Palm Beach, FL Local 2928 Soumis par : Palm Beach County, FL Local 2928<\/b><\/p>\n<p style=\"text-align: left;\"><img decoding=\"async\" class=\"alignnone size-full wp-image-33647\" src=\"https:\/\/www.iaff.org\/wp-content\/uploads\/Media_Awards\/2009\/L-10-L2928.jpg\" alt=\"\" width=\"230\" height=\"301\"><\/p>\n<p>\n<\/div><div class=\"iaff_legacy_shortcode\" data-legacy-shortcode=\"vc_column_text\"><\/div><div class=\"iaff_legacy_shortcode\" data-legacy-shortcode=\"vc_column_text\"><\/div><\/p>\n<\/div><div class=\"iaff_legacy_shortcode\" data-legacy-shortcode=\"vc_column_inner\" data-legacy-shortcode-attrs=\"{&quot;width&quot;:&quot;1\\\/2&quot;}\"><\/div><\/p>\n<\/div><div class=\"iaff_legacy_shortcode\" data-legacy-shortcode=\"vc_row_inner\"><p><div class=\"iaff_legacy_shortcode\" data-legacy-shortcode=\"vc_column_inner\" data-legacy-shortcode-attrs=\"{&quot;width&quot;:&quot;1\\\/2&quot;}\"><div class=\"iaff_legacy_shortcode\" data-legacy-shortcode=\"vc_column_text\"><p class=\"TEXTSMALLER\"><b><span style=\"color: #a47e6c; font-size: small;\">MENTION HONORABLE :<\/span><\/b><span style=\"color: #a47e6c; font-size: small;\"> <\/span><b><i><span style=\"font-size: small;\">\u00ab&nbsp;Pompiers professionnels de Californie&nbsp;\u00bb<\/span><\/i><\/b><\/p>\n<p class=\"TEXTSMALLER\"><i>Quatre fois par an, ce tablo\u00efd en quatre couleurs apporte des nouvelles et des opinions \u00e0 ses membres dans tout l\u2019\u00c9tat.<br \/>\nLe num\u00e9ro du troisi\u00e8me trimestre comportait un encart sp\u00e9cial pour les \u00e9lections g\u00e9n\u00e9rales de novembre, avec des recommandations sur les propositions ainsi que l\u2019appui des candidats au S\u00e9nat et \u00e0 l\u2019Assembl\u00e9e. <\/i><\/p>\n<p><b>Produit par : Lou Paulson Soumis par : California Professional Firefighters<\/b><\/p>\n<p style=\"text-align: left;\"><img decoding=\"async\" class=\"alignnone size-full wp-image-33649\" src=\"https:\/\/www.iaff.org\/wp-content\/uploads\/Media_Awards\/2009\/L-13-CPF.jpg\" alt=\"\" width=\"230\" height=\"297\"><\/p>\n<p>\n<\/div><div class=\"iaff_legacy_shortcode\" data-legacy-shortcode=\"vc_column_text\"><\/div><div class=\"iaff_legacy_shortcode\" data-legacy-shortcode=\"vc_column_text\"><\/div><\/p>\n<\/div><div class=\"iaff_legacy_shortcode\" data-legacy-shortcode=\"vc_column_inner\" data-legacy-shortcode-attrs=\"{&quot;width&quot;:&quot;1\\\/2&quot;}\"><\/div><\/p>\n<\/div><div class=\"iaff_legacy_shortcode\" data-legacy-shortcode=\"vc_row_inner\"><p><div class=\"iaff_legacy_shortcode\" data-legacy-shortcode=\"vc_column_inner\" data-legacy-shortcode-attrs=\"{&quot;width&quot;:&quot;1\\\/2&quot;}\"><div class=\"iaff_legacy_shortcode\" data-legacy-shortcode=\"vc_column_text\"><p style=\"text-align: left;\" align=\"right\"><b><span style=\"color: #a47e6c; font-size: small;\">MENTION HONORABLE : <\/span><i>\u00ab&nbsp;Le pompier d\u2019Hawa\u00ef&nbsp;\u00bb<\/i><\/b><\/p>\n<p class=\"TEXTSMALLER\" style=\"text-align: left;\" align=\"right\"><i>Dans le num\u00e9ro de juin de ce tablo\u00efd bicolore, le proc\u00e8s intent\u00e9 par les chefs de bataillon du service d\u2019incendie d\u2019Hawa\u00ef pour obtenir les privil\u00e8ges de la base a occup\u00e9 le devant de la sc\u00e8ne.<br \/>\nChaque article l\u2019examinait sous un angle diff\u00e9rent des cons\u00e9quences pour les membres. <\/i><\/p>\n<p style=\"text-align: left;\" align=\"right\"><b>Produit par : Robert H. Lee Soumis par : \u00celes Hawa\u00ef, HI Local 1463<\/b><\/p>\n<p style=\"text-align: left;\"><img decoding=\"async\" class=\"alignnone size-full wp-image-33648\" src=\"https:\/\/www.iaff.org\/wp-content\/uploads\/Media_Awards\/2009\/L-11-L1463.jpg\" alt=\"\" width=\"230\" height=\"295\"><\/p>\n<p>\n<\/div><div class=\"iaff_legacy_shortcode\" data-legacy-shortcode=\"vc_column_text\"><\/div><div class=\"iaff_legacy_shortcode\" data-legacy-shortcode=\"vc_column_text\"><\/div><\/p>\n<\/div><div class=\"iaff_legacy_shortcode\" data-legacy-shortcode=\"vc_column_inner\" data-legacy-shortcode-attrs=\"{&quot;width&quot;:&quot;1\\\/2&quot;}\"><\/div><\/p>\n<\/div><div class=\"iaff_legacy_shortcode\" data-legacy-shortcode=\"vc_row_inner\"><p><div class=\"iaff_legacy_shortcode\" data-legacy-shortcode=\"vc_column_inner\" data-legacy-shortcode-attrs=\"{&quot;width&quot;:&quot;1\\\/2&quot;}\"><p><div class=\"iaff_legacy_shortcode\" data-legacy-shortcode=\"vc_column_text\"><p><b><span style=\"color: #a47e6c; font-size: small;\">MENTION HONORABLE:<\/span><\/b><span style=\"color: #a47e6c; font-size: small;\"> <\/span><b><i>\u00ab&nbsp;Backdraft&nbsp;\u00bb<\/i><\/b><\/p>\n<p class=\"TEXTSMALLER\"><i>L\u2019impression en quadrichromie fait ressortir les photos dans ce magazine publi\u00e9 trois fois par an.<br \/>\nIl est \u00e9galement riche en fonctionnalit\u00e9s, avec des recettes, des mots crois\u00e9s et des pages d\u2019activit\u00e9s r\u00e9serv\u00e9es aux enfants. <\/i><\/p>\n<p><b>Produit par : Darren L. Orr Soumis par : Salt Lake City, UT Local 1645<\/b><\/p>\n<p style=\"text-align: left;\"><img decoding=\"async\" class=\"alignnone size-full wp-image-33646\" src=\"https:\/\/www.iaff.org\/wp-content\/uploads\/Media_Awards\/2009\/L-9-L1645.jpg\" alt=\"\" width=\"230\" height=\"301\"><\/p>\n<p>\n<\/div><div class=\"iaff_legacy_shortcode\" data-legacy-shortcode=\"vc_column_text\"><\/div><div class=\"iaff_legacy_shortcode\" data-legacy-shortcode=\"vc_column_text\"><\/div><\/p>\n<\/div><div class=\"iaff_legacy_shortcode\" data-legacy-shortcode=\"vc_column_inner\" data-legacy-shortcode-attrs=\"{&quot;width&quot;:&quot;1\\\/2&quot;}\"><\/div><\/p>\n<\/div><\/p>\n<\/div><div class=\"iaff_legacy_shortcode\" data-legacy-shortcode=\"vc_tta_section\" data-legacy-shortcode-attrs=\"{&quot;title&quot;:&quot;Calendrier des affili\\u00e9s&quot;,&quot;tab_id&quot;:&quot;ac&quot;}\"><p><div class=\"iaff_legacy_shortcode\" data-legacy-shortcode=\"vc_row_inner\"><div class=\"iaff_legacy_shortcode\" data-legacy-shortcode=\"vc_column_inner\"><div class=\"iaff_legacy_shortcode\" data-legacy-shortcode=\"vc_column_text\"><\/p>\n<h2><span style=\"color: #ff0000;\">CALENDRIER DES AFFILI\u00c9S<\/span><\/h2>\n<div class=\"iaff_legacy_shortcode\" data-legacy-shortcode=\"dt_divider\" data-legacy-shortcode-attrs=\"{&quot;style&quot;:&quot;thin&quot;}\"><\/div>\n<\/div>\n<\/div>\n<\/div><div class=\"iaff_legacy_shortcode\" data-legacy-shortcode=\"vc_row_inner\"><p><div class=\"iaff_legacy_shortcode\" data-legacy-shortcode=\"vc_column_inner\" data-legacy-shortcode-attrs=\"{&quot;width&quot;:&quot;1\\\/2&quot;}\"><div class=\"iaff_legacy_shortcode\" data-legacy-shortcode=\"vc_column_text\"><p><b><span style=\"color: #a47e6c; font-size: small;\">PREMI\u00c8RE PLACE :<\/span><\/b> <b><i><span style=\"font-size: small;\">\u00ab&nbsp;Pompiers du service d\u2019incendie de Monticello&nbsp;\u00bb<\/span><\/i><\/b><\/p>\n<p class=\"TEXTSMALLER\"><i>Pour la quatri\u00e8me ann\u00e9e, la section locale 2278 a envoy\u00e9 les recettes de ce<\/i><i>calendrier grand format parrain\u00e9 localement au Hoosier Burn Camp.<\/i><\/p>\n<p><b>Produit par : Corey Nolan Soumis par : Monticello, IN Local 2278<\/b><\/p>\n<p><img decoding=\"async\" class=\"alignnone size-full wp-image-33651\" src=\"https:\/\/www.iaff.org\/wp-content\/uploads\/Media_Awards\/2009\/O-1-L2278.jpg\" alt=\"\" width=\"152\" height=\"226\"><\/p>\n<\/div>\n<\/div><div class=\"iaff_legacy_shortcode\" data-legacy-shortcode=\"vc_column_inner\" data-legacy-shortcode-attrs=\"{&quot;width&quot;:&quot;1\\\/2&quot;}\"><div class=\"iaff_legacy_shortcode\" data-legacy-shortcode=\"vc_column_text\"><\/p>\n<p style=\"text-align: left;\" align=\"right\"><b><span style=\"color: #a47e6c; font-size: small;\">DEUXI\u00c8ME PLACE (EX-AEQUO) :<\/span><\/b><span style=\"font-size: small;\"> <\/span><b><i>\u00ab <span style=\"font-size: small;\">Calendrier 2009 de la section locale 2009 de l\u2019AIP du syndicat des pompiers de Philadelphie \u00bb<\/span><\/i><\/b><\/p>\n<p class=\"TEXTSMALLER\" style=\"text-align: left;\" align=\"right\"><i>En plus des photos montrant des membres au travail, ce calendrier les montre en train de faire participer le public \u00e0 des d\u00e9monstrations de s\u00e9curit\u00e9 et de sauvetage, de profiter d\u2019un pique-en famille et de soutenir une cause phare : l\u2019Association de la dystrophie musculaire.<\/i><\/p>\n<p style=\"text-align: left;\" align=\"right\"><b>Produit par : Dave Kearney Soumis par : Philadelphie, Pennsylvanie Local 22<\/b><\/p>\n<p style=\"text-align: left;\"><img decoding=\"async\" class=\"alignnone size-full wp-image-33653\" src=\"https:\/\/www.iaff.org\/wp-content\/uploads\/Media_Awards\/2009\/O-3-L22.jpg\" alt=\"\" width=\"230\" height=\"171\"><\/p>\n<p>\n<\/div>\n<\/div><\/p>\n<\/div><div class=\"iaff_legacy_shortcode\" data-legacy-shortcode=\"vc_row_inner\"><p><div class=\"iaff_legacy_shortcode\" data-legacy-shortcode=\"vc_column_inner\" data-legacy-shortcode-attrs=\"{&quot;width&quot;:&quot;1\\\/2&quot;}\"><\/div><div class=\"iaff_legacy_shortcode\" data-legacy-shortcode=\"vc_column_inner\" data-legacy-shortcode-attrs=\"{&quot;width&quot;:&quot;1\\\/2&quot;}\"><div class=\"iaff_legacy_shortcode\" data-legacy-shortcode=\"vc_column_text\"><\/p>\n<p style=\"text-align: left;\" align=\"right\"><b><span style=\"color: #a47e6c;\"><span style=\"font-size: small;\">DEUXI\u00c8ME PLACE (EX-AEQUO) :<\/span><\/span><\/b> <b><i><span style=\"font-size: small;\">\u00ab&nbsp;Calendrier 2009 de la section locale 27 du syndicat des pompiers de Seattle&nbsp;\u00bb<\/span><\/i><\/b><\/p>\n<p class=\"TEXTSMALLER\" style=\"text-align: left;\" align=\"right\"><i>En plus des photos montrant des membres au travail, ce calendrier les montre en train de faire participer le public \u00e0 des d\u00e9monstrations de s\u00e9curit\u00e9 et de sauvetage, de profiter d\u2019un pique-en famille et de soutenir une cause phare : l\u2019Association de la dystrophie musculaire.<\/i><\/p>\n<p style=\"text-align: left;\" align=\"right\"><b>Produit par : Seattle, WA Local 27 Soumis par : Seattle, WA Local 27<\/b><\/p>\n<p style=\"text-align: left;\"><img decoding=\"async\" class=\"alignnone size-full wp-image-33652\" src=\"https:\/\/www.iaff.org\/wp-content\/uploads\/Media_Awards\/2009\/o2-L27.jpg\" alt=\"\" width=\"230\" height=\"171\"><\/p>\n<p>\n<\/div>\n<\/div><\/p>\n<\/div><\/p>\n<\/div><div class=\"iaff_legacy_shortcode\" data-legacy-shortcode=\"vc_tta_section\" data-legacy-shortcode-attrs=\"{&quot;title&quot;:&quot;Projet sp\\u00e9cial ponctuel&quot;,&quot;tab_id&quot;:&quot;sotp&quot;}\"><p><div class=\"iaff_legacy_shortcode\" data-legacy-shortcode=\"vc_row_inner\"><div class=\"iaff_legacy_shortcode\" data-legacy-shortcode=\"vc_column_inner\"><div class=\"iaff_legacy_shortcode\" data-legacy-shortcode=\"vc_column_text\"><\/p>\n<h2><span style=\"color: #ff0000;\">SP\u00c9CIAL D\u2019AFFILIATION\/PROJET UNIQUE<\/span><\/h2>\n<div class=\"iaff_legacy_shortcode\" data-legacy-shortcode=\"dt_divider\" data-legacy-shortcode-attrs=\"{&quot;style&quot;:&quot;thin&quot;}\"><\/div>\n<\/div>\n<\/div>\n<\/div><div class=\"iaff_legacy_shortcode\" data-legacy-shortcode=\"vc_row_inner\"><p><div class=\"iaff_legacy_shortcode\" data-legacy-shortcode=\"vc_column_inner\" data-legacy-shortcode-attrs=\"{&quot;width&quot;:&quot;1\\\/2&quot;}\"><div class=\"iaff_legacy_shortcode\" data-legacy-shortcode=\"vc_column_text\"><p><b><span style=\"color: #a47e6c; font-size: small;\">PREMI\u00c8RE PLACE :<\/span><\/b><span style=\"font-size: small;\"> <\/span><b><i><span style=\"font-size: small;\">\u00ab&nbsp;Lakewood Fire District 2 Cartes \u00e0 collectionner&nbsp;\u00bb<\/span><\/i><\/b><\/p>\n<p class=\"TEXTSMALLER\"><i>Un ensemble de 12 cartes pr\u00e9sente les appareils, les unit\u00e9s et les stations d\u2019incendie du district 2.<br \/>\nApr\u00e8s avoir obtenu un financement gr\u00e2ce \u00e0 des sponsors locaux, le district a produit les cartes en quatre couleurs.<br \/>\nChaque carte \u00e0 collectionner reconna\u00eet un sponsor et promeut un message de s\u00e9curit\u00e9 particulier.    <\/i><\/p>\n<p><b>Produit par : Michael Dobbs et Rick Snodgrass Soumis par : Lakewood, WA Local 1488<\/b><\/p>\n<p><img decoding=\"async\" class=\"alignnone size-full wp-image-33655\" src=\"https:\/\/www.iaff.org\/wp-content\/uploads\/Media_Awards\/2009\/P1-L1488.jpg\" alt=\"\" width=\"251\" height=\"366\"><\/p>\n<\/div>\n<\/div><div class=\"iaff_legacy_shortcode\" data-legacy-shortcode=\"vc_column_inner\" data-legacy-shortcode-attrs=\"{&quot;width&quot;:&quot;1\\\/2&quot;}\"><div class=\"iaff_legacy_shortcode\" data-legacy-shortcode=\"vc_column_text\"><\/p>\n<p style=\"text-align: left;\" align=\"right\"><b><span style=\"color: #a47e6c; font-size: small;\">DEUXI\u00c8ME PLACE (ex-aequo) :<\/span><\/b><span style=\"color: #a47e6c; font-size: small;\"> <\/span><b><i><span style=\"font-size: small;\">\u00ab Pictures of Us : The Anchorage Fire Department \u00bb<\/span><\/i><\/b><\/p>\n<p class=\"TEXTSMALLER\" style=\"text-align: left;\" align=\"right\"><i>Tous les dix ans, la section locale 1264 produit ce livre reli\u00e9.<br \/>\nEn photographie quadricolore, il pr\u00e9sente ses nombreux employ\u00e9s \u2013 en notant les ann\u00e9es de service \u2013 et documente fid\u00e8lement les diff\u00e9rentes unit\u00e9s de la section locale, les activit\u00e9s caritatives au fil des ans et les jalons de toutes sortes. <\/i><\/p>\n<p style=\"text-align: left;\" align=\"right\"><b>Produit par : David Denslow Soumis par : Anchorage, AK Local 1264<\/b><\/p>\n<p style=\"text-align: left;\" align=\"right\"><img decoding=\"async\" class=\"alignnone size-full wp-image-33657\" src=\"https:\/\/www.iaff.org\/wp-content\/uploads\/Media_Awards\/2009\/P12-L1264.jpg\" alt=\"\" width=\"252\" height=\"326\"><\/p>\n<p>\n<\/div>\n<\/div><\/p>\n<\/div><div class=\"iaff_legacy_shortcode\" data-legacy-shortcode=\"vc_row_inner\"><p><div class=\"iaff_legacy_shortcode\" data-legacy-shortcode=\"vc_column_inner\" data-legacy-shortcode-attrs=\"{&quot;width&quot;:&quot;1\\\/2&quot;}\"><div class=\"iaff_legacy_shortcode\" data-legacy-shortcode=\"vc_column_text\"><p><b><span style=\"color: #a47e6c;\">MENTION HONORABLE : <\/span><i>\u00ab&nbsp;California Professional Firefighters Memorial Booklet 2008&nbsp;\u00bb<\/i><\/b><\/p>\n<p class=\"TEXTSMALLER\"><i>Le 18 octobre, la c\u00e9r\u00e9monie comm\u00e9morative des pompiers de Californie a eu lieu \u00e0 Sacramento, ajoutant 26 noms de pompiers tomb\u00e9s au combat \u2013 dont un datant des ann\u00e9es 1940 \u2013 au mur comm\u00e9moratif.<br \/>\nChacun d\u2019entre eux a \u00e9t\u00e9 pr\u00e9sent\u00e9 dans le livre de programme de 20 pages.   <\/i><\/p>\n<p><b>Produit par : Lou Paulson Soumis par : California Professional Firefighters<\/b><\/p>\n<p><img decoding=\"async\" class=\"alignnone size-full wp-image-33656\" src=\"https:\/\/www.iaff.org\/wp-content\/uploads\/Media_Awards\/2009\/P10-CPF.jpg\" alt=\"\" width=\"252\" height=\"373\"><\/p>\n<\/div>\n<\/div><div class=\"iaff_legacy_shortcode\" data-legacy-shortcode=\"vc_column_inner\" data-legacy-shortcode-attrs=\"{&quot;width&quot;:&quot;1\\\/2&quot;}\"><div class=\"iaff_legacy_shortcode\" data-legacy-shortcode=\"vc_column_text\"><\/p>\n<p style=\"text-align: left;\" align=\"right\"><b><span style=\"color: #a47e6c;\">DEUXI\u00c8ME PLACE (\u00c9GALIT\u00c9) :<\/span><\/b> <b><i>\u00ab Station 10 en action \u00bb<\/i><\/b><\/p>\n<p class=\"TEXTSMALLER\" style=\"text-align: left;\" align=\"right\"><i>\u00ab Just as once as belong, then it\u2019s time I disappear \u00bb, chante la piste d\u2019arri\u00e8re-plan de cette vid\u00e9o de quatre minutes, qui capture les moments forts d\u2019une intervention des pompiers de la station 10 du d\u00e9but \u00e0 la fin.<\/i><\/p>\n<p class=\"TEXTSMALLER\" style=\"text-align: left;\" align=\"right\"><b>Produit par : Mark Treglio Soumis par : Jacksonville, FL Local 122<\/b><\/p>\n<p>\n<\/div>\n<\/div><\/p>\n<\/div><div class=\"iaff_legacy_shortcode\" data-legacy-shortcode=\"vc_row_inner\"><p><div class=\"iaff_legacy_shortcode\" data-legacy-shortcode=\"vc_column_inner\" data-legacy-shortcode-attrs=\"{&quot;width&quot;:&quot;1\\\/2&quot;}\"><\/div><div class=\"iaff_legacy_shortcode\" data-legacy-shortcode=\"vc_column_inner\" data-legacy-shortcode-attrs=\"{&quot;width&quot;:&quot;1\\\/2&quot;}\"><div class=\"iaff_legacy_shortcode\" data-legacy-shortcode=\"vc_column_text\"><\/p>\n<p style=\"text-align: left;\" align=\"right\"><b><span style=\"color: #a47e6c;\">MENTION HONORABLE : <\/span><i>\u00ab Des g\u00e9n\u00e9rations de luttes \u00bb<\/i><\/b><\/p>\n<p class=\"TEXTSMALLER\" style=\"text-align: left;\" align=\"right\"><i>Des photos d\u2019archives et une narration en voix off racontent l\u2019histoire du service d\u2019incendie de Middletown et de la section locale 336, depuis leurs d\u00e9buts en 1848 en tant que service de pompiers volontaires de 130 hommes.<\/i><\/p>\n<p class=\"TEXTSMALLER\" style=\"text-align: left;\" align=\"right\"><b>Produit par : Philadelphie, Pennsylvanie Local 22 Soumis par : Philadelphie, Pennsylvanie Local 22<\/b><\/p>\n<p>\n<\/div>\n<\/div><\/p>\n<\/div><\/p>\n<\/div><div class=\"iaff_legacy_shortcode\" data-legacy-shortcode=\"vc_tta_section\" data-legacy-shortcode-attrs=\"{&quot;title&quot;:&quot;Campagne de relations publiques pour Fire Ops 101&quot;,&quot;tab_id&quot;:&quot;prcffo101&quot;}\"><p><div class=\"iaff_legacy_shortcode\" data-legacy-shortcode=\"vc_row_inner\"><div class=\"iaff_legacy_shortcode\" data-legacy-shortcode=\"vc_column_inner\"><div class=\"iaff_legacy_shortcode\" data-legacy-shortcode=\"vc_column_text\"><\/p>\n<h2><span style=\"color: #ff0000;\">CAMPAGNE DE RELATIONS PUBLIQUES POUR FIRE OPS 101<\/span><\/h2>\n<div class=\"iaff_legacy_shortcode\" data-legacy-shortcode=\"dt_divider\" data-legacy-shortcode-attrs=\"{&quot;style&quot;:&quot;thin&quot;}\"><\/div>\n<\/div>\n<\/div>\n<\/div><div class=\"iaff_legacy_shortcode\" data-legacy-shortcode=\"vc_row_inner\"><p><div class=\"iaff_legacy_shortcode\" data-legacy-shortcode=\"vc_column_inner\" data-legacy-shortcode-attrs=\"{&quot;width&quot;:&quot;1\\\/2&quot;}\"><div class=\"iaff_legacy_shortcode\" data-legacy-shortcode=\"vc_column_text\"><p><b><span style=\"color: #a47e6c; font-size: small;\">PREMI\u00c8RE PLACE :<\/span><\/b><span style=\"font-size: small;\"> <\/span><b><i><span style=\"font-size: small;\">\u00ab&nbsp;Op\u00e9rations Incendie 101&nbsp;\u00bb<\/span><\/i><\/b><\/p>\n<p class=\"TEXTSMALLER\"><i>Dans l\u2019introduction de cette vid\u00e9o, le lieutenant-gouverneur du Vermont, Brian Dubie, a d\u00e9clar\u00e9 qu\u2019il n\u2019avait \u00ab jamais mis le nez dans un vrai feu \u00bb.<br \/>\nEn septembre dernier, \u00e0 Pittsford, lui et de nombreux autres responsables gouvernementaux et journalistes locaux ont eu la chance de s\u2019habiller et de voir \u00e0 quoi cela pourrait ressembler. <\/i><\/p>\n<p><b>Produit par : Professional Fire Fighters of Vermont Soumis par : Professional Fire Fighters of Vermont<\/b><\/p>\n<p>\n<\/div>\n<\/div><div class=\"iaff_legacy_shortcode\" data-legacy-shortcode=\"vc_column_inner\" data-legacy-shortcode-attrs=\"{&quot;width&quot;:&quot;1\\\/2&quot;}\"><div class=\"iaff_legacy_shortcode\" data-legacy-shortcode=\"vc_column_text\"><\/p>\n<p style=\"text-align: left;\" align=\"right\"><b><span style=\"color: #a47e6c; font-size: small;\">DEUXI\u00c8ME PLACE :<\/span><\/b><span style=\"color: #a47e6c; font-size: small;\"> <\/span><b><i><span style=\"font-size: small;\">\u00ab&nbsp;Grand Forks Fire Ops 101&nbsp;\u00bb<\/span><\/i><\/b><\/p>\n<p class=\"TEXTSMALLER\" style=\"text-align: left;\" align=\"right\"><i>Dans ce bref montage vid\u00e9o, des fonctionnaires de tous les ordres de gouvernement sont devenus des \u00ab stagiaires \u00bb lors d\u2019une op\u00e9ration d\u2019incendie 101.<br \/>\nLes membres de la section locale 242 les ont aid\u00e9s \u00e0 passer des cours magistraux \u00e0 l\u2019extinction d\u2019un incendie. <\/i><\/p>\n<p><b>Produit par : Grand Forks, ND Local 242 ad Pompiers professionnels du Dakota du Nord Soumis par : Grand Forks, ND Local 242 ad Pompiers professionnels du Dakota du Nord<\/b><\/p>\n<p>\n<\/div>\n<\/div><\/p>\n<\/div><\/p>\n<\/div><div class=\"iaff_legacy_shortcode\" data-legacy-shortcode=\"vc_tta_section\" data-legacy-shortcode-attrs=\"{&quot;title&quot;:&quot;Photo de service d\\u2019incendie sur un site Web&quot;,&quot;tab_id&quot;:&quot;fspoaw&quot;}\"><p><div class=\"iaff_legacy_shortcode\" data-legacy-shortcode=\"vc_row_inner\"><div class=\"iaff_legacy_shortcode\" data-legacy-shortcode=\"vc_column_inner\"><div class=\"iaff_legacy_shortcode\" data-legacy-shortcode=\"vc_column_text\"><\/p>\n<h2><span style=\"color: #ff0000;\">PHOTO D\u2019UN SERVICE D\u2019INCENDIE SUR UN SITE D\u2019ACTUALIT\u00c9S EN LIGNE<\/span><\/h2>\n<div class=\"iaff_legacy_shortcode\" data-legacy-shortcode=\"dt_divider\" data-legacy-shortcode-attrs=\"{&quot;style&quot;:&quot;thin&quot;}\"><\/div>\n<\/div>\n<\/div>\n<\/div><div class=\"iaff_legacy_shortcode\" data-legacy-shortcode=\"vc_row_inner\"><p><div class=\"iaff_legacy_shortcode\" data-legacy-shortcode=\"vc_column_inner\" data-legacy-shortcode-attrs=\"{&quot;width&quot;:&quot;1\\\/2&quot;}\"><div class=\"iaff_legacy_shortcode\" data-legacy-shortcode=\"vc_column_text\"><p><b><span style=\"color: #a47e6c; font-size: small;\">PREMI\u00c8RE PLACE :<\/span><\/b><span style=\"font-size: small;\"> <\/span><b><i><span style=\"font-size: small;\">\u00ab&nbsp;Bo\u00eete de plong\u00e9e Elgin &#8212; Rivi\u00e8re Icy Fox&nbsp;\u00bb<\/span><\/i><\/b><\/p>\n<p class=\"TEXTSMALLER\"><i>Deux plongeurs de la section locale 439, Cy Mikleson et Bill Nangle en combinaison de sauvetage dans les glaces, enqu\u00eatent sur une Porsche submerg\u00e9e.<br \/>\nIl s\u2019est av\u00e9r\u00e9 qu\u2019il avait \u00e9t\u00e9 vol\u00e9 et qu\u2019il n\u2019y avait personne \u00e0 sauver.<br \/>\nLa section locale 2061 de Hoffman Estates a \u00e9galement r\u00e9pondu.  <\/i><\/p>\n<p><b>www.elginet.com Photo par&nbsp;: Bill O\u2019Neill Soumis par&nbsp;: Elgin, IL Local 439<\/b><\/p>\n<p><img decoding=\"async\" class=\"alignnone size-full wp-image-33660\" src=\"https:\/\/www.iaff.org\/wp-content\/uploads\/Media_Awards\/2009\/J-5-L439.jpg\" alt=\"\" width=\"324\" height=\"247\"><\/p>\n<\/div>\n<\/div><div class=\"iaff_legacy_shortcode\" data-legacy-shortcode=\"vc_column_inner\" data-legacy-shortcode-attrs=\"{&quot;width&quot;:&quot;1\\\/2&quot;}\"><div class=\"iaff_legacy_shortcode\" data-legacy-shortcode=\"vc_column_text\"><\/p>\n<p style=\"text-align: left;\" align=\"right\"><b><span style=\"color: #a47e6c; font-size: small;\">DEUXI\u00c8ME PLACE :<\/span><\/b><span style=\"color: #a47e6c; font-size: small;\"> <\/span><b><i><span style=\"font-size: small;\">\u00ab&nbsp;Fire in the Hole&nbsp;\u00bb<\/span><\/i><\/b><\/p>\n<p class=\"TEXTSMALLER\" style=\"text-align: left;\" align=\"right\"><i>\u00ab Juste au moment o\u00f9 nous pensions faire des progr\u00e8s, le feu resurgissait dans une autre partie du grenier \u00bb, a d\u00e9clar\u00e9 le chef de bataillon Mike Knox \u00e0 propos de cet incendie de maison qui s\u2019est d\u00e9clar\u00e9 alors qu\u2019il n\u2019y avait personne \u00e0 la maison.<\/i><\/p>\n<p style=\"text-align: left;\" align=\"right\"><b>www.firefightingnews.com Photo par&nbsp;: Bruce Garner Soumise par&nbsp;: Chattanooga, TN Local 820<\/b><\/p>\n<p style=\"text-align: left;\"><img decoding=\"async\" class=\"alignnone size-full wp-image-33661\" src=\"https:\/\/www.iaff.org\/wp-content\/uploads\/Media_Awards\/2009\/J-17-L820.jpg\" alt=\"\" width=\"299\" height=\"230\"><\/p>\n<p>\n<\/div>\n<\/div><\/p>\n<\/div><div class=\"iaff_legacy_shortcode\" data-legacy-shortcode=\"vc_row_inner\"><p><div class=\"iaff_legacy_shortcode\" data-legacy-shortcode=\"vc_column_inner\" data-legacy-shortcode-attrs=\"{&quot;width&quot;:&quot;1\\\/2&quot;}\"><div class=\"iaff_legacy_shortcode\" data-legacy-shortcode=\"vc_column_text\"><p><b><span style=\"color: #a47e6c;\">MENTION HONORABLE : <\/span><i>\u00ab&nbsp;Incendie d\u2019entrep\u00f4t&nbsp;\u00bb<\/i><\/b><\/p>\n<p class=\"TEXTSMALLER\"><i>Le capitaine Ken Walton sauve un chien inconscient d\u2019un incendie de maison enfum\u00e9.<br \/>\nLe chien a \u00e9t\u00e9 r\u00e9anim\u00e9 avec succ\u00e8s dans l\u2019\u00e9quipe de sauvetage. <\/i><\/p>\n<p><b>BSO News Blog Photo par&nbsp;: Mike Jachles Soumis par&nbsp;: Comt\u00e9 de Broward, FL Local 4321<\/b><\/p>\n<p><img decoding=\"async\" class=\"alignnone size-full wp-image-33662\" src=\"https:\/\/www.iaff.org\/wp-content\/uploads\/Media_Awards\/2009\/J-19-L4321.jpg\" alt=\"\" width=\"299\" height=\"237\"><\/p>\n<\/div>\n<\/div><div class=\"iaff_legacy_shortcode\" data-legacy-shortcode=\"vc_column_inner\" data-legacy-shortcode-attrs=\"{&quot;width&quot;:&quot;1\\\/2&quot;}\"><\/div><\/p>\n<\/div><\/p>\n<\/div><\/p>\n<\/div>\n<\/div>\n<\/div><\/p>\n","protected":false},"excerpt":{"rendered":"","protected":false},"featured_media":0,"parent":0,"menu_order":0,"comment_status":"closed","ping_status":"closed","template":"","meta":{"_acf_changed":false,"_searchwp_excluded":"","inline_featured_image":false,"_EventAllDay":false,"_EventTimezone":"","_EventStartDate":"","_EventEndDate":"","_EventStartDateUTC":"","_EventEndDateUTC":"","_EventShowMap":false,"_EventShowMapLink":false,"_EventURL":"","_EventCost":"","_EventCostDescription":"","_EventCurrencySymbol":"","_EventCurrencyCode":"","_EventCurrencyPosition":"","_EventDateTimeSeparator":"","_EventTimeRangeSeparator":"","_EventOrganizerID":[],"_EventVenueID":[],"_OrganizerEmail":"","_OrganizerPhone":"","_OrganizerWebsite":"","_VenueAddress":"","_VenueCity":"","_VenueCountry":"","_VenueProvince":"","_VenueState":"","_VenueZip":"","_VenuePhone":"","_VenueURL":"","_VenueStateProvince":"","_VenueLat":"","_VenueLng":"","_VenueShowMap":false,"_VenueShowMapLink":false,"footnotes":""},"class_list":["post-77646","page","type-page","status-publish","hentry"],"acf":[],"publishpress_future_workflow_manual_trigger":{"enabledWorkflows":[]},"_links":{"self":[{"href":"https:\/\/www.iaff.org\/fr-ca\/wp-json\/wp\/v2\/pages\/77646","targetHints":{"allow":["GET"]}}],"collection":[{"href":"https:\/\/www.iaff.org\/fr-ca\/wp-json\/wp\/v2\/pages"}],"about":[{"href":"https:\/\/www.iaff.org\/fr-ca\/wp-json\/wp\/v2\/types\/page"}],"author":[{"embeddable":true,"href":"https:\/\/www.iaff.org\/fr-ca\/wp-json\/wp\/v2\/users\/1"}],"replies":[{"embeddable":true,"href":"https:\/\/www.iaff.org\/fr-ca\/wp-json\/wp\/v2\/comments?post=77646"}],"version-history":[{"count":0,"href":"https:\/\/www.iaff.org\/fr-ca\/wp-json\/wp\/v2\/pages\/77646\/revisions"}],"wp:attachment":[{"href":"https:\/\/www.iaff.org\/fr-ca\/wp-json\/wp\/v2\/media?parent=77646"}],"curies":[{"name":"wp","href":"https:\/\/api.w.org\/{rel}","templated":true}]}}