{"id":77635,"date":"2019-06-28T14:44:44","date_gmt":"2019-06-28T18:44:44","guid":{"rendered":"https:\/\/www.iaff.org\/prix-des-medias-2013\/"},"modified":"2019-06-28T14:44:44","modified_gmt":"2019-06-28T18:44:44","slug":"prix-des-medias-2013","status":"publish","type":"page","link":"https:\/\/www.iaff.org\/fr-ca\/prix-des-medias-2013\/","title":{"rendered":"Prix des m\u00e9dias : 2013"},"content":{"rendered":"<p><div class=\"iaff_legacy_shortcode\" data-legacy-shortcode=\"vc_row\"><div class=\"iaff_legacy_shortcode\" data-legacy-shortcode=\"vc_column\"><p><div class=\"iaff_legacy_shortcode\" data-legacy-shortcode=\"vc_custom_heading\" data-legacy-shortcode-attrs=\"{&quot;text&quot;:&quot;l\\u2019AIP Prix des m\\u00e9dias 2013&quot;,&quot;font_container&quot;:&quot;tag:p|text_align:left|color:%23000000|line_height:1em&quot;,&quot;google_fonts&quot;:&quot;font_family:Roboto%20Condensed%3A300%2C300italic%2Cregular%2Citalic%2C700%2C700italic|font_style:700%20bold%20regular%3A700%3Anormal&quot;,&quot;css_animation&quot;:&quot;none&quot;,&quot;el_class&quot;:&quot;meetings-head&quot;}\"><\/div><div class=\"iaff_legacy_shortcode\" data-legacy-shortcode=\"dt_breadcrumbs\" data-legacy-shortcode-attrs=\"{&quot;font_size&quot;:&quot;15px&quot;,&quot;font_color&quot;:&quot;#000000&quot;,&quot;paddings&quot;:&quot;0px 0px 0px 0px&quot;,&quot;border_color&quot;:&quot;#dd3333&quot;,&quot;alignment&quot;:&quot;left&quot;}\"><\/div><\/p>\n<\/div>\n<\/div><div class=\"iaff_legacy_shortcode\" data-legacy-shortcode=\"vc_row\" data-legacy-shortcode-attrs=\"{&quot;gap&quot;:&quot;35&quot;,&quot;css&quot;:&quot;.vc_custom_1552591204324{margin-top: 2% !important;}&quot;}\"><div class=\"iaff_legacy_shortcode\" data-legacy-shortcode=\"vc_column\"><p>[vc_single_image image=\u00a0\u00bb23901&Prime; img_size=\u00a0\u00bbfull\u00a0\u00bb]<\/p>\n<\/div>\n<\/div><div class=\"iaff_legacy_shortcode\" data-legacy-shortcode=\"vc_row\"><div class=\"iaff_legacy_shortcode\" data-legacy-shortcode=\"vc_column\"><div class=\"iaff_legacy_shortcode\" data-legacy-shortcode=\"vc_tta_tour\" data-legacy-shortcode-attrs=\"{&quot;style&quot;:&quot;flat&quot;,&quot;shape&quot;:&quot;square&quot;,&quot;spacing&quot;:&quot;10&quot;,&quot;gap&quot;:&quot;35&quot;,&quot;active_section&quot;:&quot;1&quot;,&quot;no_fill_content_area&quot;:&quot;true&quot;,&quot;el_class&quot;:&quot;iaff-fixed-list&quot;}\"><p><div class=\"iaff_legacy_shortcode\" data-legacy-shortcode=\"vc_tta_section\" data-legacy-shortcode-attrs=\"{&quot;tab_id&quot;:&quot;ma-2013-home&quot;,&quot;title&quot;:&quot;Accueil&quot;}\"><p><div class=\"iaff_legacy_shortcode\" data-legacy-shortcode=\"vc_row_inner\"><div class=\"iaff_legacy_shortcode\" data-legacy-shortcode=\"vc_column_inner\"><div class=\"iaff_legacy_shortcode\" data-legacy-shortcode=\"vc_column_text\"><\/p>\n<h3><span style=\"color: #ff0000;\">Concours des prix des m\u00e9dias de l\u2019AIP 2013<\/span><\/h3>\n<div class=\"iaff_legacy_shortcode\" data-legacy-shortcode=\"dt_divider\" data-legacy-shortcode-attrs=\"{&quot;style&quot;:&quot;thin&quot;}\"><\/div>\n<p>&nbsp;<\/p>\n<p class=\"bodytext\"><span class=\"firstcharacter\">Le concours<\/span>des Media Awards L\u2019Association internationale des pompiers est organis\u00e9 chaque ann\u00e9e pour honorer les reportages et les photographies qui d\u00e9peignent le mieux le travail passionnant, significatif et souvent dangereux des pompiers professionnels et du personnel d\u2019urgence aux \u00c9tats-Unis et au Canada.<br \/>\nLe concours reconna\u00eet \u00e9galement le travail exceptionnel des affili\u00e9s de l\u2019AIP dans la communication avec leurs membres et le public. <\/p>\n<p class=\"bodytext\">Bien que l\u2019AIP applaudisse et c\u00e9l\u00e8bre le travail de tous les journalistes et photographes dont vous verrez le travail pr\u00e9sent\u00e9 ici, nous sommes incroyablement fiers de nos laur\u00e9ats affili\u00e9s.<br \/>\nNon seulement ils ont r\u00e9ussi \u00e0 faire leur travail exigeant ; Ils ont \u00e9galement produit des articles de journalisme, des photographies et d\u2019autres projets sp\u00e9ciaux prim\u00e9s. <\/p>\n<p class=\"bodytext\">Les prix sont d\u00e9cern\u00e9s dans quatre grandes cat\u00e9gories : presse \u00e9crite, radiodiffusion et Internet&nbsp;; Multim\u00e9dia; l\u2019AIP Affili\u00e9s; et Outside the Box.<br \/>\nCliquez sur la barre de navigation \u00e0 droite pour s\u00e9lectionner une cat\u00e9gorie. <\/p>\n<p>\n<\/div>\n<\/div>\n<\/div><div class=\"iaff_legacy_shortcode\" data-legacy-shortcode=\"vc_row_inner\"><div class=\"iaff_legacy_shortcode\" data-legacy-shortcode=\"vc_column_inner\"><p>[vc_single_image image=\u00a0\u00bb32482&Prime; img_size=\u00a0\u00bbfull\u00a0\u00bb]<\/p>\n<\/div>\n<\/div><\/p>\n<\/div><div class=\"iaff_legacy_shortcode\" data-legacy-shortcode=\"vc_tta_section\" data-legacy-shortcode-attrs=\"{&quot;title&quot;:&quot;Presse \\u00e9crite, radiodiffusion et Internet&quot;,&quot;tab_id&quot;:&quot;pbi-2013&quot;}\"><p><div class=\"iaff_legacy_shortcode\" data-legacy-shortcode=\"vc_row_inner\"><div class=\"iaff_legacy_shortcode\" data-legacy-shortcode=\"vc_column_inner\"><div class=\"iaff_legacy_shortcode\" data-legacy-shortcode=\"vc_column_text\"><\/p>\n<h3><span style=\"color: #ff0000;\">Presse \u00e9crite, radiodiffusion et Internet<\/span><\/h3>\n<div class=\"iaff_legacy_shortcode\" data-legacy-shortcode=\"dt_divider\" data-legacy-shortcode-attrs=\"{&quot;style&quot;:&quot;thin&quot;}\"><\/div>\n<p>&nbsp;  La cat\u00e9gorie de la presse \u00e9crite, de la radiodiffusion et de l\u2019internet honore les journalistes, les photographes et les vid\u00e9astes qui ont fait un travail exemplaire pour rendre vivant et concret le c\u0153ur, l\u2019\u00e2me et parfois la tourmente de la lutte contre les incendies pour leurs lecteurs et t\u00e9l\u00e9spectateurs, que ce soit dans la presse \u00e9crite ou en ligne.<br \/>\nLes prix de cette ann\u00e9e proviennent d\u2019endroits vari\u00e9s : des petites mais puissantes publications commerciales aux grands journaux m\u00e9tropolitains et partout entre les deux, ce qui montre que l\u2019essence du grand journalisme ne fait pas de distinction entre les \u00ab grands \u00bb, les \u00ab petits \u00bb et les \u00ab moyens \u00bb m\u00e9dias.<br \/>\nCe sont plut\u00f4t les personnes derri\u00e8re la plume ou derri\u00e8re l\u2019objectif qui rendent excellentes les histoires qu\u2019ils \u00e9crivent, les photographies qu\u2019ils prennent et les vid\u00e9os qu\u2019ils produisent.<br \/>\n l\u2019AIP est fi\u00e8re d\u2019honorer le travail de ces professionnels d\u00e9vou\u00e9s.<br \/>\nCliquez sur les boutons \u00e0 c\u00f4t\u00e9 de chaque sous-cat\u00e9gorie pour voir les gagnants.      <\/p>\n<\/div>\n<\/div>\n<\/div><div class=\"iaff_legacy_shortcode\" data-legacy-shortcode=\"vc_row_inner\" data-legacy-shortcode-attrs=\"{&quot;el_id&quot;:&quot;row-pm&quot;}\"><p><div class=\"iaff_legacy_shortcode\" data-legacy-shortcode=\"vc_column_inner\" data-legacy-shortcode-attrs=\"{&quot;width&quot;:&quot;1\\\/2&quot;}\"><div class=\"iaff_legacy_shortcode\" data-legacy-shortcode=\"vc_column_text\"><p><strong>Meilleur reportage, reportage ou \u00e9ditorial<\/strong><\/p>\n<\/div>\n<\/div><div class=\"iaff_legacy_shortcode\" data-legacy-shortcode=\"vc_column_inner\" data-legacy-shortcode-attrs=\"{&quot;width&quot;:&quot;1\\\/2&quot;}\"><div class=\"iaff_legacy_shortcode\" data-legacy-shortcode=\"ult_buttons\" data-legacy-shortcode-attrs=\"{&quot;btn_title&quot;:&quot;Read More&quot;,&quot;btn_link&quot;:&quot;url:https%3A%2F%2Fwww.iaff.org%2Fmedia-awards%2Fma-2013%2Fpbi%2F%23best-nfe|||&quot;,&quot;btn_title_color&quot;:&quot;#ffffff&quot;,&quot;btn_bg_color&quot;:&quot;#000000&quot;,&quot;icon_size&quot;:&quot;32&quot;,&quot;btn_icon_pos&quot;:&quot;ubtn-sep-icon-at-left&quot;}\"><\/div>\n<\/div><\/p>\n<\/div><div class=\"iaff_legacy_shortcode\" data-legacy-shortcode=\"vc_row_inner\"><p><div class=\"iaff_legacy_shortcode\" data-legacy-shortcode=\"vc_column_inner\" data-legacy-shortcode-attrs=\"{&quot;width&quot;:&quot;1\\\/2&quot;}\"><div class=\"iaff_legacy_shortcode\" data-legacy-shortcode=\"vc_column_text\"><p><strong>Meilleure photographie d\u2019actualit\u00e9<\/strong><\/p>\n<\/div>\n<\/div><div class=\"iaff_legacy_shortcode\" data-legacy-shortcode=\"vc_column_inner\" data-legacy-shortcode-attrs=\"{&quot;width&quot;:&quot;1\\\/2&quot;}\"><div class=\"iaff_legacy_shortcode\" data-legacy-shortcode=\"ult_buttons\" data-legacy-shortcode-attrs=\"{&quot;btn_title&quot;:&quot;Read More&quot;,&quot;btn_link&quot;:&quot;url:https%3A%2F%2Fwww.iaff.org%2Fmedia-awards%2Fma-2013%2Fpbi%2F%23bnp|||&quot;,&quot;btn_title_color&quot;:&quot;#ffffff&quot;,&quot;btn_bg_color&quot;:&quot;#000000&quot;,&quot;icon_size&quot;:&quot;32&quot;,&quot;btn_icon_pos&quot;:&quot;ubtn-sep-icon-at-left&quot;}\"><\/div>\n<\/div><\/p>\n<\/div><div class=\"iaff_legacy_shortcode\" data-legacy-shortcode=\"vc_row_inner\"><p><div class=\"iaff_legacy_shortcode\" data-legacy-shortcode=\"vc_column_inner\" data-legacy-shortcode-attrs=\"{&quot;width&quot;:&quot;1\\\/2&quot;}\"><div class=\"iaff_legacy_shortcode\" data-legacy-shortcode=\"vc_column_text\"><p><strong>Meilleur reportage t\u00e9l\u00e9vis\u00e9, reportage ou documentaire<\/strong><\/p>\n<\/div>\n<\/div><div class=\"iaff_legacy_shortcode\" data-legacy-shortcode=\"vc_column_inner\" data-legacy-shortcode-attrs=\"{&quot;width&quot;:&quot;1\\\/2&quot;}\"><div class=\"iaff_legacy_shortcode\" data-legacy-shortcode=\"ult_buttons\" data-legacy-shortcode-attrs=\"{&quot;btn_title&quot;:&quot;Read More&quot;,&quot;btn_link&quot;:&quot;url:https%3A%2F%2Fwww.iaff.org%2Fmedia-awards%2Fma-2013%2Fpbi%2F%23btnsfd|||&quot;,&quot;btn_title_color&quot;:&quot;#ffffff&quot;,&quot;btn_bg_color&quot;:&quot;#000000&quot;,&quot;icon_size&quot;:&quot;32&quot;,&quot;btn_icon_pos&quot;:&quot;ubtn-sep-icon-at-left&quot;}\"><\/div>\n<\/div><\/p>\n<\/div><div class=\"iaff_legacy_shortcode\" data-legacy-shortcode=\"vc_column_text\"><\/div><\/p>\n<\/div><div class=\"iaff_legacy_shortcode\" data-legacy-shortcode=\"vc_tta_section\" data-legacy-shortcode-attrs=\"{&quot;title&quot;:&quot;Multim\\u00e9dia&quot;,&quot;tab_id&quot;:&quot;mm-2013&quot;}\"><p><div class=\"iaff_legacy_shortcode\" data-legacy-shortcode=\"vc_row_inner\"><div class=\"iaff_legacy_shortcode\" data-legacy-shortcode=\"vc_column_inner\"><div class=\"iaff_legacy_shortcode\" data-legacy-shortcode=\"vc_column_text\"><\/p>\n<h3><span style=\"color: #ff0000;\">Multim\u00e9dia<\/span><\/h3>\n<div class=\"iaff_legacy_shortcode\" data-legacy-shortcode=\"dt_divider\" data-legacy-shortcode-attrs=\"{&quot;style&quot;:&quot;thin&quot;}\"><\/div>\n<p>&nbsp;  La cat\u00e9gorie multim\u00e9dia r\u00e9compense les \u0153uvres con\u00e7ues exclusivement pour un public en ligne.<br \/>\nEn tirant parti de la puissante combinaison de vid\u00e9o, de son, d\u2019imagerie et d\u2019interactivit\u00e9 des m\u00e9dias en ligne, ces laur\u00e9ats donnent v\u00e9ritablement vie \u00e0 la lutte contre les incendies. <\/p>\n<\/div>\n<\/div>\n<\/div><div class=\"iaff_legacy_shortcode\" data-legacy-shortcode=\"vc_row_inner\"><div class=\"iaff_legacy_shortcode\" data-legacy-shortcode=\"vc_column_inner\"><div class=\"iaff_legacy_shortcode\" data-legacy-shortcode=\"vc_column_text\"><\/p>\n<h4><span style=\"color: #ff0000;\">Meilleur article de blog<\/span><\/h4>\n<div class=\"iaff_legacy_shortcode\" data-legacy-shortcode=\"dt_divider\" data-legacy-shortcode-attrs=\"{&quot;style&quot;:&quot;thin&quot;}\"><\/div>\n<\/div>\n<\/div>\n<\/div><div class=\"iaff_legacy_shortcode\" data-legacy-shortcode=\"vc_row_inner\"><p><div class=\"iaff_legacy_shortcode\" data-legacy-shortcode=\"vc_column_inner\" data-legacy-shortcode-attrs=\"{&quot;width&quot;:&quot;1\\\/12&quot;}\"><p>[vc_single_image image=\u00a0\u00bb32519&Prime; img_size=\u00a0\u00bbfull\u00a0\u00bb alignment=\u00a0\u00bbcenter\u00a0\u00bb]<\/p>\n<\/div><div class=\"iaff_legacy_shortcode\" data-legacy-shortcode=\"vc_column_inner\" data-legacy-shortcode-attrs=\"{&quot;width&quot;:&quot;9\\\/12&quot;}\"><div class=\"iaff_legacy_shortcode\" data-legacy-shortcode=\"vc_column_text\"><p><span style=\"color: #ff0000;\"><strong>PREMI\u00c8RE PLACE<\/strong><\/span><div class=\"iaff_legacy_shortcode\" data-legacy-shortcode=\"dt_divider\" data-legacy-shortcode-attrs=\"{&quot;style&quot;:&quot;thin&quot;}\"><\/div> \u00ab&nbsp;PGFD Special Events Unit Handleles Busy Summer Concert&nbsp;\u00bb Publi\u00e9 en <em>PGFDNews.com<\/em> \u00c9crit par Mark E. Brady Soumis par Prince George\u2019s County, MD Local 1619 Cet article de blog approfondi fournit des informations pr\u00e9cieuses sur les services que les pompiers du comt\u00e9 de Prince George ont fournis au FedEx Field lors d\u2019un concert populaire de Kenny Chesney.<br \/>\nCet article pr\u00e9sente \u00e9galement une excellente discussion sur la configuration de l\u2019unit\u00e9 pour aider \u00e0 g\u00e9rer de grands \u00e9v\u00e9nements et comprend de nombreuses photos de travailleurs se pr\u00e9parant pour le concert. <\/p>\n<\/div>\n<\/div><div class=\"iaff_legacy_shortcode\" data-legacy-shortcode=\"vc_column_inner\" data-legacy-shortcode-attrs=\"{&quot;width&quot;:&quot;2\\\/12&quot;}\"><div class=\"iaff_legacy_shortcode\" data-legacy-shortcode=\"ult_buttons\" data-legacy-shortcode-attrs=\"{&quot;btn_title&quot;:&quot;Read More&quot;,&quot;btn_link&quot;:&quot;url:http%3A%2F%2Fpgfdpio.blogspot.com%2F2012%2F09%2Fspecial-events-unit-manages-busy-summer.html||target:%20_blank|&quot;,&quot;btn_align&quot;:&quot;ubtn-center&quot;,&quot;btn_title_color&quot;:&quot;#ffffff&quot;,&quot;btn_bg_color&quot;:&quot;#000000&quot;,&quot;icon_size&quot;:&quot;32&quot;,&quot;btn_icon_pos&quot;:&quot;ubtn-sep-icon-at-left&quot;}\"><\/div>\n<\/div><\/p>\n<\/div><div class=\"iaff_legacy_shortcode\" data-legacy-shortcode=\"vc_row_inner\"><p><div class=\"iaff_legacy_shortcode\" data-legacy-shortcode=\"vc_column_inner\" data-legacy-shortcode-attrs=\"{&quot;width&quot;:&quot;1\\\/12&quot;}\"><p>[vc_single_image image=\u00a0\u00bb32519&Prime; img_size=\u00a0\u00bbfull\u00a0\u00bb alignment=\u00a0\u00bbcenter\u00a0\u00bb]<\/p>\n<\/div><div class=\"iaff_legacy_shortcode\" data-legacy-shortcode=\"vc_column_inner\" data-legacy-shortcode-attrs=\"{&quot;width&quot;:&quot;9\\\/12&quot;}\"><div class=\"iaff_legacy_shortcode\" data-legacy-shortcode=\"vc_column_text\"><p><span style=\"color: #ff0000;\"><strong>DEUXI\u00c8ME PLACE<\/strong><\/span><div class=\"iaff_legacy_shortcode\" data-legacy-shortcode=\"dt_divider\" data-legacy-shortcode-attrs=\"{&quot;style&quot;:&quot;thin&quot;}\"><\/div> \u00ab Lorsque vous prenez le temps d\u2019\u00e9couter, vos actions en disent long \u00bb Publi\u00e9 dans <em>Fire Chief Magazine<\/em> \u00c9crit par Jim Spell Soumis par Vail, CO Local 4138 Ce billet, publi\u00e9 dans le blogue <em>Mutual Aid<\/em> <em>du magazine Fire Chief<\/em>, examine le r\u00f4le de l\u2019agent en tant que ressource d\u2019\u00e9coute et de r\u00e9troaction pour les autres pompiers.<br \/>\nL\u2019article fournit d\u2019excellents conseils aux pompiers sur la fa\u00e7on d\u2019\u00e9couter activement les pompiers et d\u00e9crit les d\u00e9fis possibles auxquels les agents peuvent \u00eatre confront\u00e9s lorsqu\u2019ils tentent de s\u2019engager activement avec les pompiers. <\/p>\n<\/div>\n<\/div><div class=\"iaff_legacy_shortcode\" data-legacy-shortcode=\"vc_column_inner\" data-legacy-shortcode-attrs=\"{&quot;width&quot;:&quot;2\\\/12&quot;}\"><div class=\"iaff_legacy_shortcode\" data-legacy-shortcode=\"ult_buttons\" data-legacy-shortcode-attrs=\"{&quot;btn_title&quot;:&quot;Read More&quot;,&quot;btn_link&quot;:&quot;url:https%3A%2F%2Fwww.firechief.com%2Fblog%2Fwhen-you-take-time-listen-your-actions-will-speak-volumes%2F||target:%20_blank|&quot;,&quot;btn_align&quot;:&quot;ubtn-center&quot;,&quot;btn_title_color&quot;:&quot;#ffffff&quot;,&quot;btn_bg_color&quot;:&quot;#000000&quot;,&quot;icon_size&quot;:&quot;32&quot;,&quot;btn_icon_pos&quot;:&quot;ubtn-sep-icon-at-left&quot;}\"><\/div>\n<\/div><\/p>\n<\/div><div class=\"iaff_legacy_shortcode\" data-legacy-shortcode=\"vc_row_inner\"><p><div class=\"iaff_legacy_shortcode\" data-legacy-shortcode=\"vc_column_inner\" data-legacy-shortcode-attrs=\"{&quot;width&quot;:&quot;1\\\/12&quot;}\"><\/div><div class=\"iaff_legacy_shortcode\" data-legacy-shortcode=\"vc_column_inner\" data-legacy-shortcode-attrs=\"{&quot;width&quot;:&quot;9\\\/12&quot;}\"><div class=\"iaff_legacy_shortcode\" data-legacy-shortcode=\"vc_column_text\"><p><span style=\"color: #ff0000;\"><strong>MENTION HONORABLE<\/strong><\/span><div class=\"iaff_legacy_shortcode\" data-legacy-shortcode=\"dt_divider\" data-legacy-shortcode-attrs=\"{&quot;style&quot;:&quot;thin&quot;}\"><\/div> \u00ab Six fa\u00e7ons de garder les membres retrait\u00e9s actifs engag\u00e9s \u00bb Publi\u00e9 dans <em>le blog de premi\u00e8re ligne de l\u2019AIP<\/em> \u00c9crit par Joe Bertoni Soumis par le comt\u00e9 de Fairfax, VA Local 2068 Fournissant un excellent aper\u00e7u et des conseils sur la fa\u00e7on de garder une base de retrait\u00e9s actifs dans les services d\u2019incendie, cet article d\u00e9crit les d\u00e9fis de l\u2019engagement et de l\u2019inclusion des retrait\u00e9s dans les affaires locales.<\/p>\n<\/div>\n<\/div><div class=\"iaff_legacy_shortcode\" data-legacy-shortcode=\"vc_column_inner\" data-legacy-shortcode-attrs=\"{&quot;width&quot;:&quot;2\\\/12&quot;}\"><div class=\"iaff_legacy_shortcode\" data-legacy-shortcode=\"ult_buttons\" data-legacy-shortcode-attrs=\"{&quot;btn_title&quot;:&quot;Read More&quot;,&quot;btn_link&quot;:&quot;url:https%3A%2F%2Fwww.iaff.org%2Fblog%2Fsix-ways-to-keep-active-retired-members-engaged%2F||target:%20_blank|&quot;,&quot;btn_align&quot;:&quot;ubtn-center&quot;,&quot;btn_title_color&quot;:&quot;#ffffff&quot;,&quot;btn_bg_color&quot;:&quot;#000000&quot;,&quot;icon_size&quot;:&quot;32&quot;,&quot;btn_icon_pos&quot;:&quot;ubtn-sep-icon-at-left&quot;}\"><\/div>\n<\/div><\/p>\n<\/div><div class=\"iaff_legacy_shortcode\" data-legacy-shortcode=\"vc_row_inner\"><div class=\"iaff_legacy_shortcode\" data-legacy-shortcode=\"vc_column_inner\"><div class=\"iaff_legacy_shortcode\" data-legacy-shortcode=\"vc_column_text\"><\/p>\n<h4><span style=\"color: #ff0000;\">Meilleure vid\u00e9o YouTube<\/span><\/h4>\n<div class=\"iaff_legacy_shortcode\" data-legacy-shortcode=\"dt_divider\" data-legacy-shortcode-attrs=\"{&quot;style&quot;:&quot;thin&quot;}\"><\/div>\n<\/div>\n<\/div>\n<\/div><div class=\"iaff_legacy_shortcode\" data-legacy-shortcode=\"vc_row_inner\"><p><div class=\"iaff_legacy_shortcode\" data-legacy-shortcode=\"vc_column_inner\" data-legacy-shortcode-attrs=\"{&quot;width&quot;:&quot;1\\\/12&quot;}\"><p>[vc_single_image image=\u00a0\u00bb32519&Prime; img_size=\u00a0\u00bbfull\u00a0\u00bb]<\/p>\n<\/div><div class=\"iaff_legacy_shortcode\" data-legacy-shortcode=\"vc_column_inner\" data-legacy-shortcode-attrs=\"{&quot;width&quot;:&quot;9\\\/12&quot;}\"><div class=\"iaff_legacy_shortcode\" data-legacy-shortcode=\"vc_column_text\"><p><span style=\"color: #ff0000;\"><strong>PREMI\u00c8RE PLACE <\/strong><\/span><div class=\"iaff_legacy_shortcode\" data-legacy-shortcode=\"dt_divider\" data-legacy-shortcode-attrs=\"{&quot;style&quot;:&quot;thin&quot;}\"><\/div><em>Le feu et l\u2019eau <\/em> Produit par Mark Davis Soumis par Boise, ID Local 149 <em>Fire and Water<\/em> raconte l\u2019histoire de Rick Stover, un ancien plongeur de la marine am\u00e9ricaine \u00e0 la retraite qui est devenu pompier dans son \u00c9tat natal de l\u2019Idaho.<br \/>\nLa vid\u00e9o de 10 minutes d\u00e9montre les similitudes entre la lutte contre les incendies et l\u2019arm\u00e9e, comme la camaraderie partag\u00e9e entre les pompiers, l\u2019intensit\u00e9 \u00e9lev\u00e9e et la formation de haut niveau n\u00e9cessaires pour effectuer les deux t\u00e2ches. <\/p>\n<\/div>\n<\/div><div class=\"iaff_legacy_shortcode\" data-legacy-shortcode=\"vc_column_inner\" data-legacy-shortcode-attrs=\"{&quot;width&quot;:&quot;2\\\/12&quot;}\"><p>[vc_icon icon_fontawesome=\u00a0\u00bbfa fa-youtube-square\u00a0\u00bb color=\u00a0\u00bbjuicy_pink\u00a0\u00bb size=\u00a0\u00bbxl\u00a0\u00bb align=\u00a0\u00bbcenter\u00a0\u00bb link=\u00a0\u00bburl:https%3A%2F%2Fwww.youtube.com%2Fwatch%3Fv%3DEWTbnILoAKE||target:%20_blank|\u00a0\u00bb]<\/p>\n<\/div><\/p>\n<\/div><div class=\"iaff_legacy_shortcode\" data-legacy-shortcode=\"vc_row_inner\"><p><div class=\"iaff_legacy_shortcode\" data-legacy-shortcode=\"vc_column_inner\" data-legacy-shortcode-attrs=\"{&quot;width&quot;:&quot;1\\\/12&quot;}\"><p>[vc_single_image image=\u00a0\u00bb32519&Prime; img_size=\u00a0\u00bbfull\u00a0\u00bb]<\/p>\n<\/div><div class=\"iaff_legacy_shortcode\" data-legacy-shortcode=\"vc_column_inner\" data-legacy-shortcode-attrs=\"{&quot;width&quot;:&quot;9\\\/12&quot;}\"><div class=\"iaff_legacy_shortcode\" data-legacy-shortcode=\"vc_column_text\"><p><span style=\"color: #ff0000;\"><strong>DEUXI\u00c8ME PLACE<\/strong><\/span><div class=\"iaff_legacy_shortcode\" data-legacy-shortcode=\"dt_divider\" data-legacy-shortcode-attrs=\"{&quot;style&quot;:&quot;thin&quot;}\"><\/div><em>Le changeur de jeu <\/em> Produit par Tara Cardoso, Jack Norris, Derek Wiley, Pete Wallwork et Sergio Ornelas Soumis par le comt\u00e9 de Palm Beach, FL Local 2928 Ce documentaire explore l\u2019effet du cancer sur le service d\u2019incendie.<br \/>\nLes pompiers partagent leurs histoires de survie au cancer et sensibilisent les membres aux changements de s\u00e9curit\u00e9 \u00e0 apporter pour emp\u00eacher la maladie de se propager dans les services d\u2019incendie. <\/p>\n<\/div>\n<\/div><div class=\"iaff_legacy_shortcode\" data-legacy-shortcode=\"vc_column_inner\" data-legacy-shortcode-attrs=\"{&quot;width&quot;:&quot;2\\\/12&quot;}\"><p>[vc_icon icon_fontawesome=\u00a0\u00bbfa fa-youtube-square\u00a0\u00bb color=\u00a0\u00bbjuicy_pink\u00a0\u00bb size=\u00a0\u00bbxl\u00a0\u00bb align=\u00a0\u00bbcenter\u00a0\u00bb link=\u00a0\u00bburl:https%3A%2F%2Fwww.youtube.com%2Fwatch%3Fv%3DX7_nJDErpPg||target:%20_blank|\u00a0\u00bb]<\/p>\n<\/div><\/p>\n<\/div><div class=\"iaff_legacy_shortcode\" data-legacy-shortcode=\"vc_row_inner\"><p><div class=\"iaff_legacy_shortcode\" data-legacy-shortcode=\"vc_column_inner\" data-legacy-shortcode-attrs=\"{&quot;width&quot;:&quot;1\\\/12&quot;}\"><\/div><div class=\"iaff_legacy_shortcode\" data-legacy-shortcode=\"vc_column_inner\" data-legacy-shortcode-attrs=\"{&quot;width&quot;:&quot;9\\\/12&quot;}\"><div class=\"iaff_legacy_shortcode\" data-legacy-shortcode=\"vc_column_text\"><p><span style=\"color: #ff0000;\"><strong>MENTION HONORABLE <\/strong><\/span><div class=\"iaff_legacy_shortcode\" data-legacy-shortcode=\"dt_divider\" data-legacy-shortcode-attrs=\"{&quot;style&quot;:&quot;thin&quot;}\"><\/div><em>Votre service d\u2019incendie <\/em> Produit par Ryan Christen, Ocean City-Wright, FL Soumis par Ocean City-Wright, FL Local 2879. <em>Votre service d\u2019incendie<\/em> a \u00e9t\u00e9 con\u00e7u pour aider les citoyens d\u2019Ocean City \u00e0 \u00eatre fiers et \u00e0 s\u2019approprier leur service d\u2019incendie local.<br \/>\nLa vid\u00e9o, produite par Ryan Christen, membre de la section locale 2879 d\u2019Ocean City-Wright et ancien pr\u00e9sident, permet de mieux comprendre les op\u00e9rations du service d\u2019incendie.<br \/>\nL\u2019effort de sensibilisation de la communaut\u00e9 a port\u00e9 ses fruits lorsqu\u2019en novembre 2012, les citoyens ont vot\u00e9 en faveur d\u2019une augmentation du plafond de millage pour le service d\u2019incendie.  <\/p>\n<\/div>\n<\/div><div class=\"iaff_legacy_shortcode\" data-legacy-shortcode=\"vc_column_inner\" data-legacy-shortcode-attrs=\"{&quot;width&quot;:&quot;2\\\/12&quot;}\"><p>[vc_icon icon_fontawesome=\u00a0\u00bbfa fa-youtube-square\u00a0\u00bb color=\u00a0\u00bbjuicy_pink\u00a0\u00bb size=\u00a0\u00bbxl\u00a0\u00bb align=\u00a0\u00bbcenter\u00a0\u00bb link=\u00a0\u00bburl:https%3A%2F%2Fwww.youtube.com%2Fwatch%3Fv%3DxCEXBLNsdqw||target:%20_blank|\u00a0\u00bb]<\/p>\n<\/div><\/p>\n<\/div><\/p>\n<\/div><div class=\"iaff_legacy_shortcode\" data-legacy-shortcode=\"vc_tta_section\" data-legacy-shortcode-attrs=\"{&quot;title&quot;:&quot;l\\u2019AIP Affili\\u00e9s&quot;,&quot;tab_id&quot;:&quot;ia-2013&quot;}\"><p><div class=\"iaff_legacy_shortcode\" data-legacy-shortcode=\"vc_row_inner\"><div class=\"iaff_legacy_shortcode\" data-legacy-shortcode=\"vc_column_inner\"><div class=\"iaff_legacy_shortcode\" data-legacy-shortcode=\"vc_column_text\"><\/p>\n<h3><span style=\"color: #ff0000;\">l\u2019AIP Affili\u00e9s<\/span><\/h3>\n<div class=\"iaff_legacy_shortcode\" data-legacy-shortcode=\"dt_divider\" data-legacy-shortcode-attrs=\"{&quot;style&quot;:&quot;thin&quot;}\"><\/div>\n<p>&nbsp;  Cette cat\u00e9gorie reconna\u00eet le travail incroyable que certains des affili\u00e9s de l\u2019International ont produit.<br \/>\nDes magazines et des bulletins d\u2019information aux photographies \u00e9poustouflantes en passant par les campagnes de relations publiques efficaces, ces laur\u00e9ats couvrent toute la gamme &#8211; et pour de nombreuses candidatures, si vous deviez les mettre c\u00f4te \u00e0 c\u00f4te avec un travail professionnel, vous auriez du mal \u00e0 trouver la moindre diff\u00e9rence.<br \/>\nCliquez sur les boutons ci-dessous pour voir les gagnants de chaque cat\u00e9gorie.  <\/p>\n<\/div>\n<\/div>\n<\/div><div class=\"iaff_legacy_shortcode\" data-legacy-shortcode=\"vc_row_inner\"><p><div class=\"iaff_legacy_shortcode\" data-legacy-shortcode=\"vc_column_inner\" data-legacy-shortcode-attrs=\"{&quot;width&quot;:&quot;1\\\/2&quot;}\"><div class=\"iaff_legacy_shortcode\" data-legacy-shortcode=\"vc_column_text\"><p><strong>Meilleure publication imprim\u00e9e<\/strong><\/p>\n<\/div>\n<\/div><div class=\"iaff_legacy_shortcode\" data-legacy-shortcode=\"vc_column_inner\" data-legacy-shortcode-attrs=\"{&quot;width&quot;:&quot;1\\\/2&quot;}\"><div class=\"iaff_legacy_shortcode\" data-legacy-shortcode=\"ult_buttons\" data-legacy-shortcode-attrs=\"{&quot;btn_title&quot;:&quot;Read More&quot;,&quot;btn_link&quot;:&quot;url:https%3A%2F%2Fwww.iaff.org%2Fmedia-awards%2Fma-2013%2Fiaffa%2F%23bpp|||&quot;,&quot;btn_title_color&quot;:&quot;#ffffff&quot;,&quot;btn_bg_color&quot;:&quot;#000000&quot;,&quot;icon_size&quot;:&quot;32&quot;,&quot;btn_icon_pos&quot;:&quot;ubtn-sep-icon-at-left&quot;}\"><\/div>\n<\/div><\/p>\n<\/div><div class=\"iaff_legacy_shortcode\" data-legacy-shortcode=\"vc_row_inner\"><p><div class=\"iaff_legacy_shortcode\" data-legacy-shortcode=\"vc_column_inner\" data-legacy-shortcode-attrs=\"{&quot;width&quot;:&quot;1\\\/2&quot;}\"><div class=\"iaff_legacy_shortcode\" data-legacy-shortcode=\"vc_column_text\"><p><strong>Meilleur site Web<\/strong><\/p>\n<\/div>\n<\/div><div class=\"iaff_legacy_shortcode\" data-legacy-shortcode=\"vc_column_inner\" data-legacy-shortcode-attrs=\"{&quot;width&quot;:&quot;1\\\/2&quot;}\"><div class=\"iaff_legacy_shortcode\" data-legacy-shortcode=\"ult_buttons\" data-legacy-shortcode-attrs=\"{&quot;btn_title&quot;:&quot;Read More&quot;,&quot;btn_link&quot;:&quot;url:https%3A%2F%2Fwww.iaff.org%2Fmedia-awards%2Fma-2013%2Fiaffa%2F%23bw|||&quot;,&quot;btn_title_color&quot;:&quot;#ffffff&quot;,&quot;btn_bg_color&quot;:&quot;#000000&quot;,&quot;icon_size&quot;:&quot;32&quot;,&quot;btn_icon_pos&quot;:&quot;ubtn-sep-icon-at-left&quot;}\"><\/div>\n<\/div><\/p>\n<\/div><div class=\"iaff_legacy_shortcode\" data-legacy-shortcode=\"vc_row_inner\"><p><div class=\"iaff_legacy_shortcode\" data-legacy-shortcode=\"vc_column_inner\" data-legacy-shortcode-attrs=\"{&quot;width&quot;:&quot;1\\\/2&quot;}\"><div class=\"iaff_legacy_shortcode\" data-legacy-shortcode=\"vc_column_text\"><p><strong>Meilleur projet de relations publiques ou de sensibilisation politique<\/strong><\/p>\n<\/div>\n<\/div><div class=\"iaff_legacy_shortcode\" data-legacy-shortcode=\"vc_column_inner\" data-legacy-shortcode-attrs=\"{&quot;width&quot;:&quot;1\\\/2&quot;}\"><div class=\"iaff_legacy_shortcode\" data-legacy-shortcode=\"ult_buttons\" data-legacy-shortcode-attrs=\"{&quot;btn_title&quot;:&quot;Read More&quot;,&quot;btn_link&quot;:&quot;url:https%3A%2F%2Fwww.iaff.org%2Fmedia-awards%2Fma-2013%2Fiaffa%2F%23bppop|||&quot;,&quot;btn_title_color&quot;:&quot;#ffffff&quot;,&quot;btn_bg_color&quot;:&quot;#000000&quot;,&quot;icon_size&quot;:&quot;32&quot;,&quot;btn_icon_pos&quot;:&quot;ubtn-sep-icon-at-left&quot;}\"><\/div>\n<\/div><\/p>\n<\/div><div class=\"iaff_legacy_shortcode\" data-legacy-shortcode=\"vc_row_inner\"><p><div class=\"iaff_legacy_shortcode\" data-legacy-shortcode=\"vc_column_inner\" data-legacy-shortcode-attrs=\"{&quot;width&quot;:&quot;1\\\/2&quot;}\"><div class=\"iaff_legacy_shortcode\" data-legacy-shortcode=\"vc_column_text\"><p><strong>Meilleur projet sp\u00e9cial<\/strong><\/p>\n<\/div>\n<\/div><div class=\"iaff_legacy_shortcode\" data-legacy-shortcode=\"vc_column_inner\" data-legacy-shortcode-attrs=\"{&quot;width&quot;:&quot;1\\\/2&quot;}\"><div class=\"iaff_legacy_shortcode\" data-legacy-shortcode=\"ult_buttons\" data-legacy-shortcode-attrs=\"{&quot;btn_title&quot;:&quot;Read More&quot;,&quot;btn_link&quot;:&quot;url:https%3A%2F%2Fwww.iaff.org%2Fmedia-awards%2Fma-2013%2Fiaffa%2F%23bsp|||&quot;,&quot;btn_title_color&quot;:&quot;#ffffff&quot;,&quot;btn_bg_color&quot;:&quot;#000000&quot;,&quot;icon_size&quot;:&quot;32&quot;,&quot;btn_icon_pos&quot;:&quot;ubtn-sep-icon-at-left&quot;}\"><\/div>\n<\/div><\/p>\n<\/div><div class=\"iaff_legacy_shortcode\" data-legacy-shortcode=\"vc_row_inner\"><p><div class=\"iaff_legacy_shortcode\" data-legacy-shortcode=\"vc_column_inner\" data-legacy-shortcode-attrs=\"{&quot;width&quot;:&quot;1\\\/2&quot;}\"><div class=\"iaff_legacy_shortcode\" data-legacy-shortcode=\"vc_column_text\"><p><strong>Meilleure page Facebook<\/strong><\/p>\n<\/div>\n<\/div><div class=\"iaff_legacy_shortcode\" data-legacy-shortcode=\"vc_column_inner\" data-legacy-shortcode-attrs=\"{&quot;width&quot;:&quot;1\\\/2&quot;}\"><div class=\"iaff_legacy_shortcode\" data-legacy-shortcode=\"ult_buttons\" data-legacy-shortcode-attrs=\"{&quot;btn_title&quot;:&quot;Read More&quot;,&quot;btn_link&quot;:&quot;url:https%3A%2F%2Fwww.iaff.org%2Fmedia-awards%2Fma-2013%2Fiaffa%2F%23bfp|||&quot;,&quot;btn_title_color&quot;:&quot;#ffffff&quot;,&quot;btn_bg_color&quot;:&quot;#000000&quot;,&quot;icon_size&quot;:&quot;32&quot;,&quot;btn_icon_pos&quot;:&quot;ubtn-sep-icon-at-left&quot;}\"><\/div>\n<\/div><\/p>\n<\/div><div class=\"iaff_legacy_shortcode\" data-legacy-shortcode=\"vc_row_inner\"><p><div class=\"iaff_legacy_shortcode\" data-legacy-shortcode=\"vc_column_inner\" data-legacy-shortcode-attrs=\"{&quot;width&quot;:&quot;1\\\/2&quot;}\"><div class=\"iaff_legacy_shortcode\" data-legacy-shortcode=\"vc_column_text\"><p><strong>Meilleure photo in\u00e9dite prise par un membre de l\u2019AIP<\/strong><\/p>\n<\/div>\n<\/div><div class=\"iaff_legacy_shortcode\" data-legacy-shortcode=\"vc_column_inner\" data-legacy-shortcode-attrs=\"{&quot;width&quot;:&quot;1\\\/2&quot;}\"><div class=\"iaff_legacy_shortcode\" data-legacy-shortcode=\"ult_buttons\" data-legacy-shortcode-attrs=\"{&quot;btn_title&quot;:&quot;Read More&quot;,&quot;btn_link&quot;:&quot;url:https%3A%2F%2Fwww.iaff.org%2Fmedia-awards%2Fma-2013%2Fiaffa%2F%23buptbaim|||&quot;,&quot;btn_title_color&quot;:&quot;#ffffff&quot;,&quot;btn_bg_color&quot;:&quot;#000000&quot;,&quot;icon_size&quot;:&quot;32&quot;,&quot;btn_icon_pos&quot;:&quot;ubtn-sep-icon-at-left&quot;}\"><\/div>\n<\/div><\/p>\n<\/div><div class=\"iaff_legacy_shortcode\" data-legacy-shortcode=\"vc_row_inner\"><p><div class=\"iaff_legacy_shortcode\" data-legacy-shortcode=\"vc_column_inner\" data-legacy-shortcode-attrs=\"{&quot;width&quot;:&quot;1\\\/2&quot;}\"><div class=\"iaff_legacy_shortcode\" data-legacy-shortcode=\"vc_column_text\"><p><strong>Meilleure campagne de sensibilisation au cancer du sein<\/strong><\/p>\n<\/div>\n<\/div><div class=\"iaff_legacy_shortcode\" data-legacy-shortcode=\"vc_column_inner\" data-legacy-shortcode-attrs=\"{&quot;width&quot;:&quot;1\\\/2&quot;}\"><div class=\"iaff_legacy_shortcode\" data-legacy-shortcode=\"ult_buttons\" data-legacy-shortcode-attrs=\"{&quot;btn_title&quot;:&quot;Read More&quot;,&quot;btn_link&quot;:&quot;url:https%3A%2F%2Fwww.iaff.org%2Fmedia-awards%2Fma-2013%2Fiaffa%2F%23bbcac|||&quot;,&quot;btn_title_color&quot;:&quot;#ffffff&quot;,&quot;btn_bg_color&quot;:&quot;#000000&quot;,&quot;icon_size&quot;:&quot;32&quot;,&quot;btn_icon_pos&quot;:&quot;ubtn-sep-icon-at-left&quot;}\"><\/div>\n<\/div><\/p>\n<\/div><\/p>\n<\/div><div class=\"iaff_legacy_shortcode\" data-legacy-shortcode=\"vc_tta_section\" data-legacy-shortcode-attrs=\"{&quot;title&quot;:&quot;Hors des sentiers battus&quot;,&quot;tab_id&quot;:&quot;otb-2013&quot;}\"><p><div class=\"iaff_legacy_shortcode\" data-legacy-shortcode=\"vc_row_inner\"><div class=\"iaff_legacy_shortcode\" data-legacy-shortcode=\"vc_column_inner\"><div class=\"iaff_legacy_shortcode\" data-legacy-shortcode=\"vc_column_text\"><\/p>\n<h3><span style=\"color: #ff0000;\">Hors des sentiers battus<\/span><\/h3>\n<div class=\"iaff_legacy_shortcode\" data-legacy-shortcode=\"dt_divider\" data-legacy-shortcode-attrs=\"{&quot;style&quot;:&quot;thin&quot;}\"><\/div>\n<p>&nbsp;  Chaque ann\u00e9e, les Media Awards re\u00e7oivent plus de travail de qualit\u00e9 qu\u2019ils ne peuvent en reconna\u00eetre, et une partie de ce travail ne s\u2019inscrit pas parfaitement dans une seule cat\u00e9gorie, ou dans certains cas dans n\u2019importe quelle cat\u00e9gorie.<br \/>\nC\u2019est \u00e0 ce genre de travail que sert la cat\u00e9gorie \u00ab Outside the Box \u00bb.<br \/>\nC\u2019est l\u00e0 que l\u2019AIP reconna\u00eet l\u2019excellent travail qui montre la lutte contre les incendies d\u2019une mani\u00e8re r\u00e9aliste et positive et qui sort de nos cat\u00e9gories \u00e9tablies (ou qui brouille leurs lignes).  <\/p>\n<\/div>\n<\/div>\n<\/div><div class=\"iaff_legacy_shortcode\" data-legacy-shortcode=\"vc_row_inner\"><p><div class=\"iaff_legacy_shortcode\" data-legacy-shortcode=\"vc_column_inner\" data-legacy-shortcode-attrs=\"{&quot;width&quot;:&quot;1\\\/12&quot;}\"><p><div class=\"iaff_legacy_shortcode\" data-legacy-shortcode=\"vc_column_text\"><\/div>[vc_single_image image=\u00a0\u00bb32519&Prime; img_size=\u00a0\u00bbfull\u00a0\u00bb alignment=\u00a0\u00bbcenter\u00a0\u00bb]<\/p>\n<\/div><div class=\"iaff_legacy_shortcode\" data-legacy-shortcode=\"vc_column_inner\" data-legacy-shortcode-attrs=\"{&quot;width&quot;:&quot;11\\\/12&quot;}\"><div class=\"iaff_legacy_shortcode\" data-legacy-shortcode=\"vc_column_text\"><p><span style=\"color: #ff0000;\"><strong>PREMI\u00c8RE PLACE<\/strong><\/span><div class=\"iaff_legacy_shortcode\" data-legacy-shortcode=\"dt_divider\" data-legacy-shortcode-attrs=\"{&quot;style&quot;:&quot;thin&quot;}\"><\/div> \u00ab&nbsp;On Duty With Santa Barbara County Firefighters&nbsp;\u00bb Produit par <em>KEYT &#8211; ABC California Central Coast<\/em> Soumis par le comt\u00e9 de Santa Barbara, CA Local 2046 Les pompiers du comt\u00e9 de Santa Barbara, CA Local 2046 ont particip\u00e9 \u00e0 une \u00e9mission de t\u00e9l\u00e9-r\u00e9alit\u00e9 diffus\u00e9e sur la filiale locale ABC.<br \/>\nChaque \u00e9pisode met en lumi\u00e8re les d\u00e9fis quotidiens auxquels les pompiers sont confront\u00e9s.<br \/>\nAu cours d\u2019un \u00e9pisode, les pompiers ont coordonn\u00e9 un sauvetage d\u00e9licat impliquant un v\u00e9hicule qui a \u00e9t\u00e9 heurt\u00e9 par un semi-remorque, pouss\u00e9 par-dessus le c\u00f4t\u00e9 d\u2019un pont et laiss\u00e9 suspendu par l\u2019essieu arri\u00e8re.<br \/>\nLes pompiers ont pu sauver la m\u00e8re et les deux enfants \u00e0 l\u2019int\u00e9rieur de la voiture suspendue.   <\/p>\n<\/div>\n<\/div><\/p>\n<\/div><div class=\"iaff_legacy_shortcode\" data-legacy-shortcode=\"vc_row_inner\"><p><div class=\"iaff_legacy_shortcode\" data-legacy-shortcode=\"vc_column_inner\" data-legacy-shortcode-attrs=\"{&quot;width&quot;:&quot;1\\\/12&quot;}\"><p><div class=\"iaff_legacy_shortcode\" data-legacy-shortcode=\"vc_column_text\"><\/div>[vc_single_image image=\u00a0\u00bb32519&Prime; img_size=\u00a0\u00bbfull\u00a0\u00bb alignment=\u00a0\u00bbcenter\u00a0\u00bb]<\/p>\n<\/div><div class=\"iaff_legacy_shortcode\" data-legacy-shortcode=\"vc_column_inner\" data-legacy-shortcode-attrs=\"{&quot;width&quot;:&quot;11\\\/12&quot;}\"><div class=\"iaff_legacy_shortcode\" data-legacy-shortcode=\"vc_column_text\"><p><span style=\"color: #ff0000;\"><strong>DEUXI\u00c8ME PLACE<\/strong><\/span><div class=\"iaff_legacy_shortcode\" data-legacy-shortcode=\"dt_divider\" data-legacy-shortcode-attrs=\"{&quot;style&quot;:&quot;thin&quot;}\"><\/div> \u00ab&nbsp;Feu de Camp Houston&nbsp;\u00bb<br \/>\nProduit par Erin Powers Soumis par Houston, TX Local 341 Le sujet de ce photoreportage est un camp de lutte contre les incendies soutenu par les membres de la section locale 341 de Houston pour inspirer les jeunes femmes \u00e0 devenir pompiers.<br \/>\nErin Powers, conseill\u00e8re en communication de la section locale 341 de Houston, a fait don de ses services de photographie pour le projet.<br \/>\nPar la suite, les photos ont \u00e9t\u00e9 utilis\u00e9es pour faire la promotion de la section locale 341 lors de pr\u00e9sentations communautaires, sur des sites Web et lors d\u2019activit\u00e9s de collecte de fonds dans les camps.   <\/p>\n<\/div>\n<\/div><\/p>\n<\/div><div class=\"iaff_legacy_shortcode\" data-legacy-shortcode=\"vc_row_inner\"><p><div class=\"iaff_legacy_shortcode\" data-legacy-shortcode=\"vc_column_inner\" data-legacy-shortcode-attrs=\"{&quot;width&quot;:&quot;1\\\/12&quot;}\"><div class=\"iaff_legacy_shortcode\" data-legacy-shortcode=\"vc_column_text\"><\/div>\n<\/div><div class=\"iaff_legacy_shortcode\" data-legacy-shortcode=\"vc_column_inner\" data-legacy-shortcode-attrs=\"{&quot;width&quot;:&quot;11\\\/12&quot;}\"><div class=\"iaff_legacy_shortcode\" data-legacy-shortcode=\"vc_column_text\"><p><span style=\"color: #ff0000;\"><strong>MENTION HONORABLE<\/strong><\/span><div class=\"iaff_legacy_shortcode\" data-legacy-shortcode=\"dt_divider\" data-legacy-shortcode-attrs=\"{&quot;style&quot;:&quot;thin&quot;}\"><\/div> \u00ab Journ\u00e9e d\u2019appr\u00e9ciation des pompiers \u00bb<br \/>\nProduit par Brad Weaver Soumis par McMinnville, TN Local 3026 Des milliers de personnes sont venues \u00e0 la journ\u00e9e d\u2019appr\u00e9ciation des pompiers de McMinnville Local 3026.<br \/>\nL\u2019objectif de la journ\u00e9e \u00e9tait une comp\u00e9tition de pompiers qui demandait aux concurrents d\u2019accomplir plusieurs t\u00e2ches li\u00e9es \u00e0 la lutte contre les incendies dans le temps le plus rapide.<br \/>\nC\u2019\u00e9tait une fa\u00e7on amusante pour le grand public de voir \u00e0 quel point le travail peut \u00eatre difficile.   <\/p>\n<\/div>\n<\/div><\/p>\n<\/div><\/p>\n<\/div><\/p>\n<\/div>\n<\/div>\n<\/div><\/p>\n","protected":false},"excerpt":{"rendered":"","protected":false},"featured_media":0,"parent":0,"menu_order":0,"comment_status":"closed","ping_status":"closed","template":"","meta":{"_acf_changed":false,"_searchwp_excluded":"","inline_featured_image":false,"_EventAllDay":false,"_EventTimezone":"","_EventStartDate":"","_EventEndDate":"","_EventStartDateUTC":"","_EventEndDateUTC":"","_EventShowMap":false,"_EventShowMapLink":false,"_EventURL":"","_EventCost":"","_EventCostDescription":"","_EventCurrencySymbol":"","_EventCurrencyCode":"","_EventCurrencyPosition":"","_EventDateTimeSeparator":"","_EventTimeRangeSeparator":"","_EventOrganizerID":[],"_EventVenueID":[],"_OrganizerEmail":"","_OrganizerPhone":"","_OrganizerWebsite":"","_VenueAddress":"","_VenueCity":"","_VenueCountry":"","_VenueProvince":"","_VenueState":"","_VenueZip":"","_VenuePhone":"","_VenueURL":"","_VenueStateProvince":"","_VenueLat":"","_VenueLng":"","_VenueShowMap":false,"_VenueShowMapLink":false,"footnotes":""},"class_list":["post-77635","page","type-page","status-publish","hentry"],"acf":[],"publishpress_future_workflow_manual_trigger":{"enabledWorkflows":[]},"_links":{"self":[{"href":"https:\/\/www.iaff.org\/fr-ca\/wp-json\/wp\/v2\/pages\/77635","targetHints":{"allow":["GET"]}}],"collection":[{"href":"https:\/\/www.iaff.org\/fr-ca\/wp-json\/wp\/v2\/pages"}],"about":[{"href":"https:\/\/www.iaff.org\/fr-ca\/wp-json\/wp\/v2\/types\/page"}],"author":[{"embeddable":true,"href":"https:\/\/www.iaff.org\/fr-ca\/wp-json\/wp\/v2\/users\/1"}],"replies":[{"embeddable":true,"href":"https:\/\/www.iaff.org\/fr-ca\/wp-json\/wp\/v2\/comments?post=77635"}],"version-history":[{"count":0,"href":"https:\/\/www.iaff.org\/fr-ca\/wp-json\/wp\/v2\/pages\/77635\/revisions"}],"wp:attachment":[{"href":"https:\/\/www.iaff.org\/fr-ca\/wp-json\/wp\/v2\/media?parent=77635"}],"curies":[{"name":"wp","href":"https:\/\/api.w.org\/{rel}","templated":true}]}}