{"id":77577,"date":"2019-06-28T18:12:48","date_gmt":"2019-06-28T22:12:48","guid":{"rendered":"https:\/\/www.iaff.org\/presse-ecrite-radiodiffusion-et-internet-2013\/"},"modified":"2019-06-28T18:12:48","modified_gmt":"2019-06-28T22:12:48","slug":"presse-ecrite-radiodiffusion-et-internet-2013","status":"publish","type":"page","link":"https:\/\/www.iaff.org\/fr-ca\/presse-ecrite-radiodiffusion-et-internet-2013\/","title":{"rendered":"Presse \u00e9crite, radiodiffusion et Internet : 2013"},"content":{"rendered":"<p><div class=\"iaff_legacy_shortcode\" data-legacy-shortcode=\"vc_row\"><div class=\"iaff_legacy_shortcode\" data-legacy-shortcode=\"vc_column\"><p><div class=\"iaff_legacy_shortcode\" data-legacy-shortcode=\"vc_custom_heading\" data-legacy-shortcode-attrs=\"{&quot;text&quot;:&quot;Prix de la presse \\u00e9crite, de la radiodiffusion et de l\\u2019Internet 2013&quot;,&quot;font_container&quot;:&quot;tag:p|text_align:left|color:%23000000|line_height:1em&quot;,&quot;google_fonts&quot;:&quot;font_family:Roboto%20Condensed%3A300%2C300italic%2Cregular%2Citalic%2C700%2C700italic|font_style:700%20bold%20regular%3A700%3Anormal&quot;,&quot;css_animation&quot;:&quot;none&quot;,&quot;el_class&quot;:&quot;meetings-head&quot;}\"><\/div><div class=\"iaff_legacy_shortcode\" data-legacy-shortcode=\"dt_breadcrumbs\" data-legacy-shortcode-attrs=\"{&quot;font_size&quot;:&quot;15px&quot;,&quot;font_color&quot;:&quot;#000000&quot;,&quot;paddings&quot;:&quot;0px 0px 0px 0px&quot;,&quot;border_color&quot;:&quot;#dd3333&quot;,&quot;alignment&quot;:&quot;left&quot;}\"><\/div><\/p>\n<\/div>\n<\/div><div class=\"iaff_legacy_shortcode\" data-legacy-shortcode=\"vc_row\" data-legacy-shortcode-attrs=\"{&quot;gap&quot;:&quot;35&quot;,&quot;css&quot;:&quot;.vc_custom_1552591204324{margin-top: 2% !important;}&quot;}\"><div class=\"iaff_legacy_shortcode\" data-legacy-shortcode=\"vc_column\"><p>[vc_single_image image=\u00a0\u00bb23901&Prime; img_size=\u00a0\u00bbfull\u00a0\u00bb]<\/p>\n<\/div>\n<\/div><div class=\"iaff_legacy_shortcode\" data-legacy-shortcode=\"vc_row\"><div class=\"iaff_legacy_shortcode\" data-legacy-shortcode=\"vc_column\"><div class=\"iaff_legacy_shortcode\" data-legacy-shortcode=\"vc_tta_tour\" data-legacy-shortcode-attrs=\"{&quot;style&quot;:&quot;flat&quot;,&quot;shape&quot;:&quot;square&quot;,&quot;spacing&quot;:&quot;10&quot;,&quot;gap&quot;:&quot;35&quot;,&quot;active_section&quot;:&quot;1&quot;,&quot;no_fill_content_area&quot;:&quot;true&quot;,&quot;el_class&quot;:&quot;iaff-fixed-list&quot;}\"><p><div class=\"iaff_legacy_shortcode\" data-legacy-shortcode=\"vc_tta_section\" data-legacy-shortcode-attrs=\"{&quot;tab_id&quot;:&quot;best-nfe&quot;,&quot;title&quot;:&quot;Meilleur reportage, reportage ou \\u00e9ditorial&quot;}\"><p><div class=\"iaff_legacy_shortcode\" data-legacy-shortcode=\"vc_row_inner\"><div class=\"iaff_legacy_shortcode\" data-legacy-shortcode=\"vc_column_inner\"><div class=\"iaff_legacy_shortcode\" data-legacy-shortcode=\"vc_column_text\"><\/p>\n<h2><strong>MEILLEUR REPORTAGE, REPORTAGE OU \u00c9DITORIAL :<\/strong><\/h2>\n<p>  PRESSE \u00c9CRITE ET EN LIGNE  <em>Remarque : Bien que l\u2019AIP ait pris toutes les mesures possibles pour assurer l\u2019exactitude des informations fournies, \u00e9tant donn\u00e9 que diff\u00e9rents organes de presse ont des politiques d\u2019archivage diff\u00e9rentes, nous ne pouvons pas garantir que tout lien qui s\u2019ouvre vers un autre site d\u2019information sera toujours valide.<\/em><\/p>\n<\/div>\n<\/div>\n<\/div><div class=\"iaff_legacy_shortcode\" data-legacy-shortcode=\"vc_row_inner\"><div class=\"iaff_legacy_shortcode\" data-legacy-shortcode=\"vc_column_inner\"><div class=\"iaff_legacy_shortcode\" data-legacy-shortcode=\"vc_column_text\"><\/p>\n<h4><span style=\"color: #ff0000;\">Meilleur reportage : presse \u00e9crite<\/span><\/h4>\n<div class=\"iaff_legacy_shortcode\" data-legacy-shortcode=\"dt_divider\" data-legacy-shortcode-attrs=\"{&quot;style&quot;:&quot;thin&quot;}\"><\/div>\n<\/div>\n<\/div>\n<\/div><div class=\"iaff_legacy_shortcode\" data-legacy-shortcode=\"vc_row_inner\"><p><div class=\"iaff_legacy_shortcode\" data-legacy-shortcode=\"vc_column_inner\" data-legacy-shortcode-attrs=\"{&quot;width&quot;:&quot;1\\\/12&quot;}\"><p>[vc_single_image image=\u00a0\u00bb32519&Prime; img_size=\u00a0\u00bbfull\u00a0\u00bb]<\/p>\n<\/div><div class=\"iaff_legacy_shortcode\" data-legacy-shortcode=\"vc_column_inner\" data-legacy-shortcode-attrs=\"{&quot;width&quot;:&quot;9\\\/12&quot;}\"><div class=\"iaff_legacy_shortcode\" data-legacy-shortcode=\"vc_column_text\"><p><strong>PREMI\u00c8RE PLACE (<em>Tirage inf\u00e9rieur \u00e0 100 000 exemplaires<\/em>)<\/strong> \u00ab&nbsp;On the Helmets of Heroes&nbsp;\u00bb Publi\u00e9 dans <em>The Palm Beach Post<\/em> \u00c9crit par Gary Coronado et Staci Sturrock Soumis par Palm Beach County, FL Local 2928 Cette histoire de trois pages, magnifiquement mise en page de d\u00e9cembre 2012, r\u00e9v\u00e8le le c\u00f4t\u00e9 humain des hommes et des femmes en uniforme.<br \/>\nCela montre que les pompiers sont plus que leurs fonctions : ce sont de vraies personnes avec de vraies histoires et ils sont pr\u00eats \u00e0 tout risquer pour le bien public. <\/p>\n<\/div>\n<\/div><div class=\"iaff_legacy_shortcode\" data-legacy-shortcode=\"vc_column_inner\" data-legacy-shortcode-attrs=\"{&quot;width&quot;:&quot;2\\\/12&quot;}\"><div class=\"iaff_legacy_shortcode\" data-legacy-shortcode=\"ult_buttons\" data-legacy-shortcode-attrs=\"{&quot;btn_title&quot;:&quot;Read More&quot;,&quot;btn_link&quot;:&quot;url:http%3A%2F%2Fclikhear.palmbeachpost.com%2F2012%2Fsouth-florida%2Fpalm-beach-county%2Fon-the-helmets-of-heroes-how-firefighters-remember-what-matters-most%2F||target:%20_blank|&quot;,&quot;btn_title_color&quot;:&quot;#ffffff&quot;,&quot;btn_bg_color&quot;:&quot;#000000&quot;,&quot;icon_size&quot;:&quot;32&quot;,&quot;btn_icon_pos&quot;:&quot;ubtn-sep-icon-at-left&quot;}\"><\/div>\n<\/div><\/p>\n<\/div><div class=\"iaff_legacy_shortcode\" data-legacy-shortcode=\"vc_row_inner\"><p><div class=\"iaff_legacy_shortcode\" data-legacy-shortcode=\"vc_column_inner\" data-legacy-shortcode-attrs=\"{&quot;width&quot;:&quot;1\\\/12&quot;}\"><p>[vc_single_image image=\u00a0\u00bb32519&Prime; img_size=\u00a0\u00bbfull\u00a0\u00bb]<\/p>\n<\/div><div class=\"iaff_legacy_shortcode\" data-legacy-shortcode=\"vc_column_inner\" data-legacy-shortcode-attrs=\"{&quot;width&quot;:&quot;9\\\/12&quot;}\"><div class=\"iaff_legacy_shortcode\" data-legacy-shortcode=\"vc_column_text\"><p><strong>PREMI\u00c8RE PLACE<\/strong> <strong>(<em>Tirage sup\u00e9rieur \u00e0 100 000 exemplaires<\/em>)<\/strong> \u00ab&nbsp;Putting Out Fires&nbsp;\u00bb Publi\u00e9 dans l\u2019Arkansas <em>Democrat Gazette<\/em> \u00c9crit par Stephen B. Thornton Soumis par Little Rock, AR Local 34 Cet article bien \u00e9crit, publi\u00e9 en juillet 2012, rend hommage \u00e0 la qualit\u00e9 du service d\u2019une caserne de pompiers communautaire \u00e0 Little Rock, dans l\u2019Arkansas, d\u00e9montrant ainsi le lien \u00e9troit de la caserne avec les r\u00e9sidents locaux.<\/p>\n<\/div>\n<\/div><div class=\"iaff_legacy_shortcode\" data-legacy-shortcode=\"vc_column_inner\" data-legacy-shortcode-attrs=\"{&quot;width&quot;:&quot;2\\\/12&quot;}\"><div class=\"iaff_legacy_shortcode\" data-legacy-shortcode=\"ult_buttons\" data-legacy-shortcode-attrs=\"{&quot;btn_title&quot;:&quot;Read More&quot;,&quot;btn_link&quot;:&quot;url:http%3A%2F%2Fwww.arkansasonline.com%2Fvideos%2F2012%2Fjul%2F10%2F6289%2F||target:%20_blank|&quot;,&quot;btn_title_color&quot;:&quot;#ffffff&quot;,&quot;btn_bg_color&quot;:&quot;#000000&quot;,&quot;icon_size&quot;:&quot;32&quot;,&quot;btn_icon_pos&quot;:&quot;ubtn-sep-icon-at-left&quot;}\"><\/div>\n<\/div><\/p>\n<\/div><div class=\"iaff_legacy_shortcode\" data-legacy-shortcode=\"vc_row_inner\"><div class=\"iaff_legacy_shortcode\" data-legacy-shortcode=\"vc_column_inner\"><div class=\"iaff_legacy_shortcode\" data-legacy-shortcode=\"vc_column_text\"><\/p>\n<h4><span style=\"color: #ff0000;\">Meilleur reportage : M\u00e9dias en ligne<\/span><\/h4>\n<div class=\"iaff_legacy_shortcode\" data-legacy-shortcode=\"dt_divider\" data-legacy-shortcode-attrs=\"{&quot;style&quot;:&quot;thin&quot;}\"><\/div>\n<\/div>\n<\/div>\n<\/div><div class=\"iaff_legacy_shortcode\" data-legacy-shortcode=\"vc_row_inner\"><p><div class=\"iaff_legacy_shortcode\" data-legacy-shortcode=\"vc_column_inner\" data-legacy-shortcode-attrs=\"{&quot;width&quot;:&quot;1\\\/12&quot;}\"><p>[vc_single_image image=\u00a0\u00bb32519&Prime; img_size=\u00a0\u00bbfull\u00a0\u00bb]<\/p>\n<\/div><div class=\"iaff_legacy_shortcode\" data-legacy-shortcode=\"vc_column_inner\" data-legacy-shortcode-attrs=\"{&quot;width&quot;:&quot;9\\\/12&quot;}\"><div class=\"iaff_legacy_shortcode\" data-legacy-shortcode=\"vc_column_text\"><p><strong>PREMI\u00c8RE PLACE<\/strong> \u00ab&nbsp;Dieu sait combien d\u2019autres seraient morts&nbsp;\u00bb Publi\u00e9 dans <em>The Las Vegas Sun<\/em> \u00c9crit par Dave Toplikar, Kyle Hansen, Yasmina Chavez, Steve Marcus et Leila Navidi Soumis par&nbsp;: Las Vegas City, NV Local 1285 Cet article poignant et magnifiquement \u00e9crit raconte l\u2019incendie de 1980 au MGM Grand Hotel \u00e0 Las Vegas et les le\u00e7ons tir\u00e9es de cette trag\u00e9die.<br \/>\nCette histoire restera \u00e0 jamais dans l\u2019esprit de ceux qui ont \u00e9t\u00e9 t\u00e9moins, qui ont v\u00e9cu cet \u00e9v\u00e9nement et qui y ont r\u00e9pondu.<br \/>\nBien que de nombreuses personnes aient perdu la vie dans cette catastrophe, de nombreuses vies ont \u00e9t\u00e9 sauv\u00e9es depuis lors gr\u00e2ce aux le\u00e7ons et aux normes de s\u00e9curit\u00e9 obligatoires qui s\u2019appliquent \u00e0 toutes les structures de grande hauteur.  <\/p>\n<\/div>\n<\/div><div class=\"iaff_legacy_shortcode\" data-legacy-shortcode=\"vc_column_inner\" data-legacy-shortcode-attrs=\"{&quot;width&quot;:&quot;2\\\/12&quot;}\"><div class=\"iaff_legacy_shortcode\" data-legacy-shortcode=\"ult_buttons\" data-legacy-shortcode-attrs=\"{&quot;btn_title&quot;:&quot;Read More&quot;,&quot;btn_link&quot;:&quot;url:http%3A%2F%2Fwww.lasvegassun.com%2Fnews%2F2012%2Fnov%2F21%2Fthey-were-absolutely-heroes-mgm-grand-fire-and-men%2F||target:%20_blank|&quot;,&quot;btn_title_color&quot;:&quot;#ffffff&quot;,&quot;btn_bg_color&quot;:&quot;#000000&quot;,&quot;icon_size&quot;:&quot;32&quot;,&quot;btn_icon_pos&quot;:&quot;ubtn-sep-icon-at-left&quot;}\"><\/div>\n<\/div><\/p>\n<\/div><div class=\"iaff_legacy_shortcode\" data-legacy-shortcode=\"vc_row_inner\"><div class=\"iaff_legacy_shortcode\" data-legacy-shortcode=\"vc_column_inner\"><div class=\"iaff_legacy_shortcode\" data-legacy-shortcode=\"vc_column_text\"><\/p>\n<h4><span style=\"color: #ff0000;\">Meilleur article d\u2019opinion ou \u00e9ditorial<\/span><\/h4>\n<div class=\"iaff_legacy_shortcode\" data-legacy-shortcode=\"dt_divider\" data-legacy-shortcode-attrs=\"{&quot;style&quot;:&quot;thin&quot;}\"><\/div>\n<p>\n<\/div>\n<\/div>\n<\/div><div class=\"iaff_legacy_shortcode\" data-legacy-shortcode=\"vc_row_inner\"><p><div class=\"iaff_legacy_shortcode\" data-legacy-shortcode=\"vc_column_inner\" data-legacy-shortcode-attrs=\"{&quot;width&quot;:&quot;1\\\/12&quot;}\"><p>[vc_single_image image=\u00a0\u00bb32519&Prime; img_size=\u00a0\u00bbfull\u00a0\u00bb]<\/p>\n<\/div><div class=\"iaff_legacy_shortcode\" data-legacy-shortcode=\"vc_column_inner\" data-legacy-shortcode-attrs=\"{&quot;width&quot;:&quot;9\\\/12&quot;}\"><div class=\"iaff_legacy_shortcode\" data-legacy-shortcode=\"vc_column_text\"><p><strong>PREMI\u00c8RE PLACE<\/strong> Publi\u00e9 <em>dans \u00c9crit<\/em> dans Adam Giambrone Soumis par Toronto, ON Local 3888 Soulignant les dangers de r\u00e9duire les budgets des pompiers, cet \u00e9ditorial bref mais \u00e9ducatif de septembre 2012 d\u00e9crit comment les compressions budg\u00e9taires peuvent affecter consid\u00e9rablement la s\u00e9curit\u00e9 publique et mettre en p\u00e9ril la sant\u00e9 des r\u00e9sidents locaux.<\/p>\n<\/div>\n<\/div><div class=\"iaff_legacy_shortcode\" data-legacy-shortcode=\"vc_column_inner\" data-legacy-shortcode-attrs=\"{&quot;width&quot;:&quot;2\\\/12&quot;}\"><div class=\"iaff_legacy_shortcode\" data-legacy-shortcode=\"ult_buttons\" data-legacy-shortcode-attrs=\"{&quot;btn_title&quot;:&quot;Read More&quot;,&quot;btn_link&quot;:&quot;url:http%3A%2F%2Fwww.nowtoronto.com%2Fnews%2Fstory.cfm%3Fcontent%3D188612||target:%20_blank|&quot;,&quot;btn_title_color&quot;:&quot;#ffffff&quot;,&quot;btn_bg_color&quot;:&quot;#000000&quot;,&quot;icon_size&quot;:&quot;32&quot;,&quot;btn_icon_pos&quot;:&quot;ubtn-sep-icon-at-left&quot;}\"><\/div>\n<\/div><\/p>\n<\/div><div class=\"iaff_legacy_shortcode\" data-legacy-shortcode=\"vc_row_inner\"><p><div class=\"iaff_legacy_shortcode\" data-legacy-shortcode=\"vc_column_inner\" data-legacy-shortcode-attrs=\"{&quot;width&quot;:&quot;1\\\/12&quot;}\"><p>[vc_single_image image=\u00a0\u00bb32519&Prime; img_size=\u00a0\u00bbfull\u00a0\u00bb]<\/p>\n<\/div><div class=\"iaff_legacy_shortcode\" data-legacy-shortcode=\"vc_column_inner\" data-legacy-shortcode-attrs=\"{&quot;width&quot;:&quot;9\\\/12&quot;}\"><div class=\"iaff_legacy_shortcode\" data-legacy-shortcode=\"vc_column_text\"><p><strong>DEUXI\u00c8ME PLACE (\u00c9GALIT\u00c9)<\/strong> \u00ab Henderson Professional Fire Fighters aim for an &lsquo;Summer of Safety&rsquo; for all \u00bb Publi\u00e9 dans <em>The Henderson Press<\/em> \u00c9crit par Dan Pentkowski Soumis par Henderson, NV Local 1883 L\u2019article du pr\u00e9sident de la section locale 1883, Dan Pentkowski, sur les conseils de s\u00e9curit\u00e9 estivale fournit une histoire informative et concise pour les r\u00e9sidents locaux et fournit des conseils pour pr\u00e9venir les d\u00e9c\u00e8s accidentels caus\u00e9s par la chaleur extr\u00eame pendant les mois d\u2019\u00e9t\u00e9.<\/p>\n<\/div>\n<\/div><div class=\"iaff_legacy_shortcode\" data-legacy-shortcode=\"vc_column_inner\" data-legacy-shortcode-attrs=\"{&quot;width&quot;:&quot;2\\\/12&quot;}\"><div class=\"iaff_legacy_shortcode\" data-legacy-shortcode=\"ult_buttons\" data-legacy-shortcode-attrs=\"{&quot;btn_title&quot;:&quot;Read More&quot;,&quot;btn_link&quot;:&quot;url:http%3A%2F%2Fwww.lasvegassun.com%2Fnews%2F2012%2Fjul%2F11%2Fhenderson-kicks-summer-safety-program-children-car%2F||target:%20_blank|&quot;,&quot;btn_title_color&quot;:&quot;#ffffff&quot;,&quot;btn_bg_color&quot;:&quot;#000000&quot;,&quot;icon_size&quot;:&quot;32&quot;,&quot;btn_icon_pos&quot;:&quot;ubtn-sep-icon-at-left&quot;}\"><\/div>\n<\/div><\/p>\n<\/div><div class=\"iaff_legacy_shortcode\" data-legacy-shortcode=\"vc_row_inner\"><p><div class=\"iaff_legacy_shortcode\" data-legacy-shortcode=\"vc_column_inner\" data-legacy-shortcode-attrs=\"{&quot;width&quot;:&quot;1\\\/12&quot;}\"><p>[vc_single_image image=\u00a0\u00bb32519&Prime; img_size=\u00a0\u00bbfull\u00a0\u00bb]<\/p>\n<\/div><div class=\"iaff_legacy_shortcode\" data-legacy-shortcode=\"vc_column_inner\" data-legacy-shortcode-attrs=\"{&quot;width&quot;:&quot;9\\\/12&quot;}\"><div class=\"iaff_legacy_shortcode\" data-legacy-shortcode=\"vc_column_text\"><p><strong>DEUXI\u00c8ME PLACE (\u00c9GALIT\u00c9)<\/strong> \u00ab Les pompiers ont une bonne r\u00e9putation dans la communaut\u00e9 pour une raison \u00bb, publi\u00e9 dans<em> The Sault Star<\/em> , \u00e9crit par Nadine Robinson, soumis par Sault Ste.<br \/>\nLa bravoure n\u2019est pas la seule caract\u00e9ristique inh\u00e9rente aux pompiers&nbsp;; Ils donnent de leur temps et de leur \u00e9nergie de plusieurs fa\u00e7ons, souvent en posant des actes de charit\u00e9 pour les membres en difficult\u00e9 des communaut\u00e9s qu\u2019ils servent.<br \/>\nCette chronique de mai 2012 fait un excellent travail en montrant la nature humble, bienveillante et charitable de ces pompiers.  <\/p>\n<\/div>\n<\/div><div class=\"iaff_legacy_shortcode\" data-legacy-shortcode=\"vc_column_inner\" data-legacy-shortcode-attrs=\"{&quot;width&quot;:&quot;2\\\/12&quot;}\"><div class=\"iaff_legacy_shortcode\" data-legacy-shortcode=\"ult_buttons\" data-legacy-shortcode-attrs=\"{&quot;btn_title&quot;:&quot;Read More&quot;,&quot;btn_link&quot;:&quot;url:http%3A%2F%2Fwww.saultstar.com%2F2012%2F05%2F23%2Ffirefighters-have-a-good-reputation-in-the-community-for-a-reason-column||target:%20_blank|&quot;,&quot;btn_title_color&quot;:&quot;#ffffff&quot;,&quot;btn_bg_color&quot;:&quot;#000000&quot;,&quot;icon_size&quot;:&quot;32&quot;,&quot;btn_icon_pos&quot;:&quot;ubtn-sep-icon-at-left&quot;}\"><\/div>\n<\/div><\/p>\n<\/div><div class=\"iaff_legacy_shortcode\" data-legacy-shortcode=\"vc_row_inner\"><p><div class=\"iaff_legacy_shortcode\" data-legacy-shortcode=\"vc_column_inner\" data-legacy-shortcode-attrs=\"{&quot;width&quot;:&quot;1\\\/12&quot;}\"><p>[vc_single_image image=\u00a0\u00bb32519&Prime; img_size=\u00a0\u00bbfull\u00a0\u00bb]<\/p>\n<\/div><div class=\"iaff_legacy_shortcode\" data-legacy-shortcode=\"vc_column_inner\" data-legacy-shortcode-attrs=\"{&quot;width&quot;:&quot;9\\\/12&quot;}\"><div class=\"iaff_legacy_shortcode\" data-legacy-shortcode=\"vc_column_text\"><p><strong>MENTION HONORABLE<\/strong> Cet article de mai 2012 dans Fire <em>Chief Magazine<\/em> (publi\u00e9 \u00e0 <em> l\u2019origine sous le titre \u00ab Part of the Game \u00bb) est \u00e0 la fois descriptif et persuasif dans sa description de la politique des casernes de pompiers.<br \/>\nCombinant \u00e0 la fois la politique interpersonnelle et les styles de gestion dans son analyse, Jim Spell emm\u00e8ne les lecteurs jusqu\u2019\u00e0 la conclusion finale \u00e0 travers un voyage concis et bien \u00e9crit.<\/em> <\/p>\n<\/div>\n<\/div><div class=\"iaff_legacy_shortcode\" data-legacy-shortcode=\"vc_column_inner\" data-legacy-shortcode-attrs=\"{&quot;width&quot;:&quot;2\\\/12&quot;}\"><div class=\"iaff_legacy_shortcode\" data-legacy-shortcode=\"ult_buttons\" data-legacy-shortcode-attrs=\"{&quot;btn_title&quot;:&quot;Read More&quot;,&quot;btn_link&quot;:&quot;url:http%3A%2F%2Ffirechief.com%2Fconflict-resolution%2Fhow-navigate-through-fire-department-politics||target:%20_blank|&quot;,&quot;btn_title_color&quot;:&quot;#ffffff&quot;,&quot;btn_bg_color&quot;:&quot;#000000&quot;,&quot;icon_size&quot;:&quot;32&quot;,&quot;btn_icon_pos&quot;:&quot;ubtn-sep-icon-at-left&quot;}\"><\/div>\n<\/div><\/p>\n<\/div><\/p>\n<\/div><div class=\"iaff_legacy_shortcode\" data-legacy-shortcode=\"vc_tta_section\" data-legacy-shortcode-attrs=\"{&quot;title&quot;:&quot;Meilleure photographie d\\u2019actualit\\u00e9&quot;,&quot;tab_id&quot;:&quot;bnp&quot;}\"><p><div class=\"iaff_legacy_shortcode\" data-legacy-shortcode=\"vc_row_inner\"><div class=\"iaff_legacy_shortcode\" data-legacy-shortcode=\"vc_column_inner\"><div class=\"iaff_legacy_shortcode\" data-legacy-shortcode=\"vc_column_text\"><\/p>\n<h2><strong>MEILLEURES PHOTOGRAPHIES D\u2019ACTUALIT\u00c9S :<\/strong><\/h2>\n<p>  PRESSE \u00c9CRITE ET EN LIGNE  <em>Remarque : Bien que l\u2019AIP ait pris toutes les mesures possibles pour assurer l\u2019exactitude des informations fournies, \u00e9tant donn\u00e9 que diff\u00e9rents organes de presse ont des politiques d\u2019archivage diff\u00e9rentes, nous ne pouvons pas garantir que tout lien qui s\u2019ouvre vers un autre site d\u2019information sera toujours valide.<\/em><\/p>\n<\/div>\n<\/div>\n<\/div><div class=\"iaff_legacy_shortcode\" data-legacy-shortcode=\"vc_row_inner\"><div class=\"iaff_legacy_shortcode\" data-legacy-shortcode=\"vc_column_inner\"><div class=\"iaff_legacy_shortcode\" data-legacy-shortcode=\"vc_column_text\"><\/p>\n<h4><span style=\"color: #ff0000;\">Meilleure photo : Presse \u00e9crite (tirage inf\u00e9rieur \u00e0 100 000 exemplaires)<\/span><\/h4>\n<div class=\"iaff_legacy_shortcode\" data-legacy-shortcode=\"dt_divider\" data-legacy-shortcode-attrs=\"{&quot;style&quot;:&quot;thin&quot;}\"><\/div>\n<p>\n<\/div>\n<\/div>\n<\/div><div class=\"iaff_legacy_shortcode\" data-legacy-shortcode=\"vc_row_inner\"><p><div class=\"iaff_legacy_shortcode\" data-legacy-shortcode=\"vc_column_inner\" data-legacy-shortcode-attrs=\"{&quot;width&quot;:&quot;1\\\/12&quot;}\"><p>[vc_single_image image=\u00a0\u00bb32519&Prime; img_size=\u00a0\u00bbfull\u00a0\u00bb]<\/p>\n<\/div><div class=\"iaff_legacy_shortcode\" data-legacy-shortcode=\"vc_column_inner\" data-legacy-shortcode-attrs=\"{&quot;width&quot;:&quot;9\\\/12&quot;}\"><div class=\"iaff_legacy_shortcode\" data-legacy-shortcode=\"vc_column_text\"><p><strong>PREMI\u00c8RE PLACE <\/strong> \u00ab&nbsp;Bridge Rescue&nbsp;\u00bb Publi\u00e9 dans <em>Santa Barbara News-Press <\/em>Photo par Mike Eliason Soumis par le comt\u00e9 de Santa Barbara, CA Local 2046 Les pompiers ont pass\u00e9 deux heures \u00e0 secourir une m\u00e8re et ses deux enfants d\u2019une violente collision de v\u00e9hicule sur l\u2019autoroute am\u00e9ricaine 101 pr\u00e8s de Buellton, en Californie, le 12 janvier 2012.<br \/>\nLa m\u00e8re circulait dans la voie num\u00e9ro 1 lorsque son v\u00e9hicule a \u00e9t\u00e9 d\u00e9pass\u00e9 par un semi-remorque.<br \/>\nLa remorque a roul\u00e9 sur le v\u00e9hicule, et le semi-remorque a plong\u00e9 sur le c\u00f4t\u00e9 du pont, chutant de 100 pieds, prenant feu et tuant le conducteur du semi-remorque.<br \/>\nLa voiture de tourisme a \u00e9t\u00e9 laiss\u00e9e suspendue par l\u2019essieu arri\u00e8re au-dessus de l\u2019incendie au-dessus du pont.<br \/>\nLa m\u00e8re et ses enfants, \u00e2g\u00e9s de 10 et 10 semaines, ont surv\u00e9cu \u00e0 la collision.    <\/p>\n<\/div>\n<\/div><div class=\"iaff_legacy_shortcode\" data-legacy-shortcode=\"vc_column_inner\" data-legacy-shortcode-attrs=\"{&quot;width&quot;:&quot;2\\\/12&quot;}\"><p>[ultimate_modal icon_type=\u00a0\u00bbcustom\u00a0\u00bb icon_img=\u00a0\u00bbid^32604|url^https:\/\/www.iaff.org\/wp-content\/uploads\/Media_Awards\/2013\/viewphoto.gif|caption^null|alt^null|title^viewphoto|description^null\u00a0\u00bb modal_on=\u00a0\u00bbimage\u00a0\u00bb btn_img=\u00a0\u00bbid^32604|url^https:\/\/www.iaff.org\/wp-content\/uploads\/Media_Awards\/2013\/viewphoto.gif|caption^null|alt^null|title^viewphoto|description^null\u00a0\u00bb modal_size=\u00a0\u00bbmedium\u00a0\u00bb overlay_bg_opacity=\u00a0\u00bb80&Prime; img_size=\u00a0\u00bb80&Prime;]<img decoding=\"async\" class=\"alignnone size-large wp-image-32602\" src=\"https:\/\/www.iaff.org\/wp-content\/uploads\/Media_Awards\/2013\/firstplace_print_fewerthan-1024x705.jpg\" alt=\"\" width=\"1024\" height=\"705\">[\/ultimate_modal]<\/p>\n<\/div><\/p>\n<\/div><div class=\"iaff_legacy_shortcode\" data-legacy-shortcode=\"vc_row_inner\"><p><div class=\"iaff_legacy_shortcode\" data-legacy-shortcode=\"vc_column_inner\" data-legacy-shortcode-attrs=\"{&quot;width&quot;:&quot;1\\\/12&quot;}\"><p>[vc_single_image image=\u00a0\u00bb32519&Prime; img_size=\u00a0\u00bbfull\u00a0\u00bb]<\/p>\n<\/div><div class=\"iaff_legacy_shortcode\" data-legacy-shortcode=\"vc_column_inner\" data-legacy-shortcode-attrs=\"{&quot;width&quot;:&quot;9\\\/12&quot;}\"><div class=\"iaff_legacy_shortcode\" data-legacy-shortcode=\"vc_column_text\"><p><strong>DEUXI\u00c8ME PLACE<\/strong> \u00ab&nbsp;Niagara Falls Ice Rescue&nbsp;\u00bb Publi\u00e9 dans <em>la Gazette de Niagara<\/em> Photo par James Neiss Soumis par Niagara Falls, NY Local 714 et Niagara Falls, NY Local 3359 Les pompiers de Niagara Falls, NY travaillent pour lib\u00e9rer un homme qui \u00e9tait tomb\u00e9 \u00e0 travers la glace au lac Hyde Park apr\u00e8s avoir tent\u00e9 de sauver l\u2019un de ses trois golden retrievers qui a \u00e9t\u00e9 submerg\u00e9 dans l\u2019eau glac\u00e9e le 15 f\u00e9vrier.  2012.<br \/>\nL\u2019homme a \u00e9t\u00e9 tra\u00een\u00e9 jusqu\u2019\u00e0 la rive, mais il est d\u00e9c\u00e9d\u00e9 tragiquement des suites de ses blessures.<br \/>\nLe golden retriever a retrouv\u00e9 le chemin du rivage et tient le gant de ses propri\u00e9taires dans sa bouche en attendant que l\u2019homme soit secouru sur la photo.<br \/>\nCette histoire a cependant une fin douce-am\u00e8re.<br \/>\nL\u2019un des pompiers qui ont r\u00e9pondu \u00e0 l\u2019urgence a adopt\u00e9 les chiens pour sa famille par l\u2019interm\u00e9diaire de la Soci\u00e9t\u00e9 pour la pr\u00e9vention de la cruaut\u00e9 envers les animaux.    <\/p>\n<\/div>\n<\/div><div class=\"iaff_legacy_shortcode\" data-legacy-shortcode=\"vc_column_inner\" data-legacy-shortcode-attrs=\"{&quot;width&quot;:&quot;2\\\/12&quot;}\"><p>[ultimate_modal icon_type=\u00a0\u00bbcustom\u00a0\u00bb icon_img=\u00a0\u00bbid^32604|url^https:\/\/www.iaff.org\/wp-content\/uploads\/Media_Awards\/2013\/viewphoto.gif|caption^null|alt^null|title^viewphoto|description^null\u00a0\u00bb modal_on=\u00a0\u00bbimage\u00a0\u00bb btn_img=\u00a0\u00bbid^32604|url^https:\/\/www.iaff.org\/wp-content\/uploads\/Media_Awards\/2013\/viewphoto.gif|caption^null|alt^null|title^viewphoto|description^null\u00a0\u00bb modal_size=\u00a0\u00bbmedium\u00a0\u00bb overlay_bg_opacity=\u00a0\u00bb80&Prime; img_size=\u00a0\u00bb80&Prime;]<img decoding=\"async\" class=\"alignnone size-large wp-image-32610\" src=\"https:\/\/www.iaff.org\/wp-content\/uploads\/Media_Awards\/2013\/secondplace_print_fewerthan-1024x595.jpg\" alt=\"\" width=\"1024\" height=\"595\">[\/ultimate_modal]<\/p>\n<\/div><\/p>\n<\/div><div class=\"iaff_legacy_shortcode\" data-legacy-shortcode=\"vc_row_inner\"><p><div class=\"iaff_legacy_shortcode\" data-legacy-shortcode=\"vc_column_inner\" data-legacy-shortcode-attrs=\"{&quot;width&quot;:&quot;1\\\/12&quot;}\"><\/div><div class=\"iaff_legacy_shortcode\" data-legacy-shortcode=\"vc_column_inner\" data-legacy-shortcode-attrs=\"{&quot;width&quot;:&quot;9\\\/12&quot;}\"><div class=\"iaff_legacy_shortcode\" data-legacy-shortcode=\"vc_column_text\"><p><strong>MENTION HONORABLE<\/strong> \u00ab&nbsp;Major Emergency Blaze&nbsp;\u00bb Publi\u00e9 dans <em>The Los Angeles Firefighter<\/em> Photo par Shawn Kaye Soumis par Los Angeles City, CA Local 112 Cent vingt-cinq pompiers de Los Angeles ont \u00e9teint un incendie d\u2019urgence majeur dans un immeuble de bureaux de trois \u00e9tages pr\u00e8s d\u2019Echo Park l\u2019automne dernier.<br \/>\nUn pompier a subi des br\u00fblures mineures au cou pendant les deux heures qu\u2019il a fallu aux \u00e9quipes de pompiers pour ma\u00eetriser l\u2019incendie. <\/p>\n<\/div>\n<\/div><div class=\"iaff_legacy_shortcode\" data-legacy-shortcode=\"vc_column_inner\" data-legacy-shortcode-attrs=\"{&quot;width&quot;:&quot;2\\\/12&quot;}\"><p>[ultimate_modal icon_type=\u00a0\u00bbcustom\u00a0\u00bb icon_img=\u00a0\u00bbid^32604|url^https:\/\/www.iaff.org\/wp-content\/uploads\/Media_Awards\/2013\/viewphoto.gif|caption^null|alt^null|title^viewphoto|description^null\u00a0\u00bb modal_on=\u00a0\u00bbimage\u00a0\u00bb btn_img=\u00a0\u00bbid^32604|url^https:\/\/www.iaff.org\/wp-content\/uploads\/Media_Awards\/2013\/viewphoto.gif|caption^null|alt^null|title^viewphoto|description^null\u00a0\u00bb modal_size=\u00a0\u00bbmedium\u00a0\u00bb overlay_bg_opacity=\u00a0\u00bb80&Prime; img_size=\u00a0\u00bb80&Prime;]<img decoding=\"async\" class=\"alignnone size-large wp-image-32612\" src=\"https:\/\/www.iaff.org\/wp-content\/uploads\/Media_Awards\/2013\/hm_print_fewerthan-1024x680.jpg\" alt=\"\" width=\"1024\" height=\"680\">[\/ultimate_modal]<\/p>\n<\/div><\/p>\n<\/div><div class=\"iaff_legacy_shortcode\" data-legacy-shortcode=\"vc_row_inner\"><div class=\"iaff_legacy_shortcode\" data-legacy-shortcode=\"vc_column_inner\"><div class=\"iaff_legacy_shortcode\" data-legacy-shortcode=\"vc_column_text\"><\/p>\n<h4><span style=\"color: #ff0000;\">Meilleure photo : Presse \u00e9crite (plus de 100 000 exemplaires)<\/span><\/h4>\n<div class=\"iaff_legacy_shortcode\" data-legacy-shortcode=\"dt_divider\" data-legacy-shortcode-attrs=\"{&quot;style&quot;:&quot;thin&quot;}\"><\/div>\n<\/div>\n<\/div>\n<\/div><div class=\"iaff_legacy_shortcode\" data-legacy-shortcode=\"vc_row_inner\"><p><div class=\"iaff_legacy_shortcode\" data-legacy-shortcode=\"vc_column_inner\" data-legacy-shortcode-attrs=\"{&quot;width&quot;:&quot;1\\\/12&quot;}\"><p>[vc_single_image image=\u00a0\u00bb32519&Prime; img_size=\u00a0\u00bbfull\u00a0\u00bb]<\/p>\n<\/div><div class=\"iaff_legacy_shortcode\" data-legacy-shortcode=\"vc_column_inner\" data-legacy-shortcode-attrs=\"{&quot;width&quot;:&quot;9\\\/12&quot;}\"><div class=\"iaff_legacy_shortcode\" data-legacy-shortcode=\"vc_column_text\"><p><strong>PREMI\u00c8RE PLACE <\/strong> \u00ab&nbsp;Bellingham Marina boat Fire&nbsp;\u00bb Publi\u00e9 dans le <em>magazine Fire Rescue<\/em> Photo par Jarod Trow Soumis par Bellingham-Whatcom County, WA Local 106 Les pompiers sont intervenus \u00e0 la marina du port de Bellingham aux premi\u00e8res heures du 27 f\u00e9vrier 2012, o\u00f9 ils ont d\u00e9couvert qu\u2019un voilier avait br\u00fbl\u00e9 et coul\u00e9 tandis que plusieurs autres bateaux avaient \u00e9t\u00e9 endommag\u00e9s.<br \/>\nLes temp\u00e9ratures glaciales ont gel\u00e9 sur le quai, de sorte que les \u00e9quipes l\u2019ont trait\u00e9 pour r\u00e9duire les glissades et l\u2019immersion dans l\u2019eau.<br \/>\nIls ont \u00e9galement connect\u00e9 des lignes manuelles au syst\u00e8me de bornes-fontaines du quai, qui ont \u00e9t\u00e9 utilis\u00e9es pour \u00e9teindre l\u2019incendie.  <\/p>\n<\/div>\n<\/div><div class=\"iaff_legacy_shortcode\" data-legacy-shortcode=\"vc_column_inner\" data-legacy-shortcode-attrs=\"{&quot;width&quot;:&quot;2\\\/12&quot;}\"><p>[ultimate_modal icon_type=\u00a0\u00bbcustom\u00a0\u00bb icon_img=\u00a0\u00bbid^32604|url^https:\/\/www.iaff.org\/wp-content\/uploads\/Media_Awards\/2013\/viewphoto.gif|caption^null|alt^null|title^viewphoto|description^null\u00a0\u00bb modal_on=\u00a0\u00bbimage\u00a0\u00bb btn_img=\u00a0\u00bbid^32604|url^https:\/\/www.iaff.org\/wp-content\/uploads\/Media_Awards\/2013\/viewphoto.gif|caption^null|alt^null|title^viewphoto|description^null\u00a0\u00bb modal_size=\u00a0\u00bbmedium\u00a0\u00bb overlay_bg_opacity=\u00a0\u00bb80&Prime; img_size=\u00a0\u00bb80&Prime;]<img decoding=\"async\" class=\"alignnone size-large wp-image-32614\" src=\"https:\/\/www.iaff.org\/wp-content\/uploads\/Media_Awards\/2013\/firstplace_print_morethan-685x1024.jpg\" alt=\"\" width=\"685\" height=\"1024\">[\/ultimate_modal]<\/p>\n<\/div><\/p>\n<\/div><div class=\"iaff_legacy_shortcode\" data-legacy-shortcode=\"vc_row_inner\"><p><div class=\"iaff_legacy_shortcode\" data-legacy-shortcode=\"vc_column_inner\" data-legacy-shortcode-attrs=\"{&quot;width&quot;:&quot;1\\\/12&quot;}\"><p>[vc_single_image image=\u00a0\u00bb32519&Prime; img_size=\u00a0\u00bbfull\u00a0\u00bb]<\/p>\n<\/div><div class=\"iaff_legacy_shortcode\" data-legacy-shortcode=\"vc_column_inner\" data-legacy-shortcode-attrs=\"{&quot;width&quot;:&quot;9\\\/12&quot;}\"><div class=\"iaff_legacy_shortcode\" data-legacy-shortcode=\"vc_column_text\"><p><strong>DEUXI\u00c8ME PLACE<\/strong> Publi\u00e9 dans <em>le Toronto Star<\/em> Photo de Rick Madonik Soumis par Toronto, ON Local 3888 Des ambulanciers param\u00e9dicaux transportent un gar\u00e7on de 13 ans hors du Centre Eaton apr\u00e8s que lui et cinq autres personnes aient \u00e9t\u00e9 pris dans la ligne de mire d\u2019une fusillade.<br \/>\nLa fusillade a fait un mort, six bless\u00e9s et a incit\u00e9 la famille des suspects \u00e0 discuter publiquement des effets n\u00e9gatifs des gangs et de la violence sur la soci\u00e9t\u00e9. <\/p>\n<\/div>\n<\/div><div class=\"iaff_legacy_shortcode\" data-legacy-shortcode=\"vc_column_inner\" data-legacy-shortcode-attrs=\"{&quot;width&quot;:&quot;2\\\/12&quot;}\"><p>[ultimate_modal icon_type=\u00a0\u00bbcustom\u00a0\u00bb icon_img=\u00a0\u00bbid^32604|url^https:\/\/www.iaff.org\/wp-content\/uploads\/Media_Awards\/2013\/viewphoto.gif|caption^null|alt^null|title^viewphoto|description^null\u00a0\u00bb modal_on=\u00a0\u00bbimage\u00a0\u00bb btn_img=\u00a0\u00bbid^32604|url^https:\/\/www.iaff.org\/wp-content\/uploads\/Media_Awards\/2013\/viewphoto.gif|caption^null|alt^null|title^viewphoto|description^null\u00a0\u00bb modal_size=\u00a0\u00bbmedium\u00a0\u00bb overlay_bg_opacity=\u00a0\u00bb80&Prime; img_size=\u00a0\u00bb80&Prime;]<img decoding=\"async\" class=\"alignnone size-full wp-image-32615\" src=\"https:\/\/www.iaff.org\/wp-content\/uploads\/Media_Awards\/2013\/secondplace_print_morethan.jpg\" alt=\"\" width=\"720\" height=\"571\">[\/ultimate_modal]<\/p>\n<\/div><\/p>\n<\/div><div class=\"iaff_legacy_shortcode\" data-legacy-shortcode=\"vc_row_inner\"><p><div class=\"iaff_legacy_shortcode\" data-legacy-shortcode=\"vc_column_inner\" data-legacy-shortcode-attrs=\"{&quot;width&quot;:&quot;1\\\/12&quot;}\"><\/div><div class=\"iaff_legacy_shortcode\" data-legacy-shortcode=\"vc_column_inner\" data-legacy-shortcode-attrs=\"{&quot;width&quot;:&quot;9\\\/12&quot;}\"><div class=\"iaff_legacy_shortcode\" data-legacy-shortcode=\"vc_column_text\"><p><strong>MENTION HONORABLE (EX-AEQUO)<\/strong> \u00ab&nbsp;Fight for Life I&nbsp;\u00bb et \u00ab&nbsp;Fight for Life II&nbsp;\u00bb publi\u00e9s dans <em>Firehouse Magazine <\/em>et<em> Providence Journal<\/em> Photo de Thomas Carmody Soumis par Pawtucket, RI Local 1261 Pawtucket, RI Des pompiers tentent d\u2019\u00e9teindre un incendie dans une maison occup\u00e9e sur Randall Street.<br \/>\nLorsque les entreprises d\u2019int\u00e9rieur ont tent\u00e9 d\u2019entrer dans le grenier, elles ont rencontr\u00e9 une chaleur tr\u00e8s \u00e9lev\u00e9e et ont demand\u00e9 que le toit soit ouvert.<br \/>\nL\u2019\u00e9chelle 1 a \u00e9t\u00e9 assign\u00e9e \u00e0 la t\u00e2che, et une fois l\u2019op\u00e9ration termin\u00e9e, deux des pompiers ont v\u00e9cu une exp\u00e9rience terrifiante.<br \/>\nLe toit a commenc\u00e9 \u00e0 c\u00e9der, et un pompier a perdu l\u2019\u00e9quilibre et a commenc\u00e9 \u00e0 rouler du toit (tombant presque de deux \u00e9tages au sol).<br \/>\nSon lieutenant essaya d\u2019aider son coll\u00e8gue, mais il tomba jusqu\u2019\u00e0 la taille dans le grand trou.<br \/>\nLe lieutenant a pu utiliser toutes ses forces pour se sortir du trou, et son partenaire a retrouv\u00e9 son \u00e9quilibre.<br \/>\nBien que ce soit une exp\u00e9rience effrayante, les deux pompiers se sont habilement retir\u00e9s du toit.        <em><strong>Remarque : Lorsque vous cliquez sur l\u2019ic\u00f4ne \u00e0 droite, une fen\u00eatre \u00e0 deux volets s\u2019affiche pour afficher les photos gagnantes.<br \/>\n\u00ab Fight for Life I \u00bb sera sur le c\u00f4t\u00e9 gauche ; \u00ab Fight for Life II \u00bb est \u00e0 droite. <\/strong><\/em><strong>         <\/strong><\/p>\n<\/div>\n<\/div><div class=\"iaff_legacy_shortcode\" data-legacy-shortcode=\"vc_column_inner\" data-legacy-shortcode-attrs=\"{&quot;width&quot;:&quot;2\\\/12&quot;}\"><p>[ultimate_modal icon_type=\u00a0\u00bbcustom\u00a0\u00bb icon_img=\u00a0\u00bbid^32604|url^https:\/\/www.iaff.org\/wp-content\/uploads\/Media_Awards\/2013\/viewphoto.gif|caption^null|alt^null|title^viewphoto|description^null\u00a0\u00bb modal_on=\u00a0\u00bbimage\u00a0\u00bb btn_img=\u00a0\u00bbid^32604|url^https:\/\/www.iaff.org\/wp-content\/uploads\/Media_Awards\/2013\/viewphoto.gif|caption^null|alt^null|title^viewphoto|description^null\u00a0\u00bb modal_size=\u00a0\u00bbmedium\u00a0\u00bb overlay_bg_opacity=\u00a0\u00bb80&Prime; img_size=\u00a0\u00bb80&Prime;]<img decoding=\"async\" class=\"alignnone size-large wp-image-32616\" src=\"https:\/\/www.iaff.org\/wp-content\/uploads\/Media_Awards\/2013\/hm_combinedfight-1024x613.jpg\" alt=\"\" width=\"1024\" height=\"613\">[\/ultimate_modal]<\/p>\n<\/div><\/p>\n<\/div><div class=\"iaff_legacy_shortcode\" data-legacy-shortcode=\"vc_row_inner\"><p><div class=\"iaff_legacy_shortcode\" data-legacy-shortcode=\"vc_column_inner\" data-legacy-shortcode-attrs=\"{&quot;width&quot;:&quot;1\\\/12&quot;}\"><\/div><div class=\"iaff_legacy_shortcode\" data-legacy-shortcode=\"vc_column_inner\" data-legacy-shortcode-attrs=\"{&quot;width&quot;:&quot;9\\\/12&quot;}\"><div class=\"iaff_legacy_shortcode\" data-legacy-shortcode=\"vc_column_text\"><p><strong>MENTION HONORABLE (EX-AEQUO)<\/strong> \u00ab&nbsp;Give Me the Balance&nbsp;\u00bb Publi\u00e9 dans <em>Buffalo News<\/em> Photo par David Kazmierczak Soumis par Buffalo, NY Local 282 Les pompiers de Buffalo, NY tentent de garder cette structure de feu sous contr\u00f4le.<br \/>\nLe feu dans ce b\u00e2timent s\u2019est propag\u00e9, endommageant trois autres structures. <\/p>\n<\/div>\n<\/div><div class=\"iaff_legacy_shortcode\" data-legacy-shortcode=\"vc_column_inner\" data-legacy-shortcode-attrs=\"{&quot;width&quot;:&quot;2\\\/12&quot;}\"><p>[ultimate_modal icon_type=\u00a0\u00bbcustom\u00a0\u00bb icon_img=\u00a0\u00bbid^32604|url^https:\/\/www.iaff.org\/wp-content\/uploads\/Media_Awards\/2013\/viewphoto.gif|caption^null|alt^null|title^viewphoto|description^null\u00a0\u00bb modal_on=\u00a0\u00bbimage\u00a0\u00bb btn_img=\u00a0\u00bbid^32604|url^https:\/\/www.iaff.org\/wp-content\/uploads\/Media_Awards\/2013\/viewphoto.gif|caption^null|alt^null|title^viewphoto|description^null\u00a0\u00bb modal_size=\u00a0\u00bbmedium\u00a0\u00bb overlay_bg_opacity=\u00a0\u00bb80&Prime; img_size=\u00a0\u00bb80&Prime;]<img decoding=\"async\" class=\"alignnone size-large wp-image-32617\" src=\"https:\/\/www.iaff.org\/wp-content\/uploads\/Media_Awards\/2013\/hm_print_morethan-1024x768.jpg\" alt=\"\" width=\"1024\" height=\"768\">[\/ultimate_modal]<\/p>\n<\/div><\/p>\n<\/div><div class=\"iaff_legacy_shortcode\" data-legacy-shortcode=\"vc_row_inner\"><div class=\"iaff_legacy_shortcode\" data-legacy-shortcode=\"vc_column_inner\"><div class=\"iaff_legacy_shortcode\" data-legacy-shortcode=\"vc_column_text\"><\/p>\n<h4><span style=\"color: #ff0000;\">Meilleure photo : M\u00e9dias en ligne<\/span><\/h4>\n<div class=\"iaff_legacy_shortcode\" data-legacy-shortcode=\"dt_divider\" data-legacy-shortcode-attrs=\"{&quot;style&quot;:&quot;thin&quot;}\"><\/div>\n<\/div>\n<\/div>\n<\/div><div class=\"iaff_legacy_shortcode\" data-legacy-shortcode=\"vc_row_inner\"><p><div class=\"iaff_legacy_shortcode\" data-legacy-shortcode=\"vc_column_inner\" data-legacy-shortcode-attrs=\"{&quot;width&quot;:&quot;1\\\/12&quot;}\"><p>[vc_single_image image=\u00a0\u00bb32519&Prime; img_size=\u00a0\u00bbfull\u00a0\u00bb]<\/p>\n<\/div><div class=\"iaff_legacy_shortcode\" data-legacy-shortcode=\"vc_column_inner\" data-legacy-shortcode-attrs=\"{&quot;width&quot;:&quot;9\\\/12&quot;}\"><div class=\"iaff_legacy_shortcode\" data-legacy-shortcode=\"vc_column_text\"><p><strong>MENTION HONORABLE (EX-AEQUO)<\/strong> \u00ab&nbsp;Give Me the Balance&nbsp;\u00bb Publi\u00e9 dans <em>Buffalo News<\/em> Photo par David Kazmierczak Soumis par Buffalo, NY Local 282 Les pompiers de Buffalo, NY tentent de garder cette structure de feu sous contr\u00f4le.<br \/>\nLe feu dans ce b\u00e2timent s\u2019est propag\u00e9, endommageant trois autres structures. <\/p>\n<\/div>\n<\/div><div class=\"iaff_legacy_shortcode\" data-legacy-shortcode=\"vc_column_inner\" data-legacy-shortcode-attrs=\"{&quot;width&quot;:&quot;2\\\/12&quot;}\"><p>[ultimate_modal icon_type=\u00a0\u00bbcustom\u00a0\u00bb icon_img=\u00a0\u00bbid^32604|url^https:\/\/www.iaff.org\/wp-content\/uploads\/Media_Awards\/2013\/viewphoto.gif|caption^null|alt^null|title^viewphoto|description^null\u00a0\u00bb modal_on=\u00a0\u00bbimage\u00a0\u00bb btn_img=\u00a0\u00bbid^32604|url^https:\/\/www.iaff.org\/wp-content\/uploads\/Media_Awards\/2013\/viewphoto.gif|caption^null|alt^null|title^viewphoto|description^null\u00a0\u00bb modal_size=\u00a0\u00bbmedium\u00a0\u00bb overlay_bg_opacity=\u00a0\u00bb80&Prime; img_size=\u00a0\u00bb80&Prime;]<img decoding=\"async\" class=\"alignnone size-large wp-image-32619\" src=\"https:\/\/www.iaff.org\/wp-content\/uploads\/Media_Awards\/2013\/firstplace_online-1024x683.jpg\" alt=\"\" width=\"1024\" height=\"683\">[\/ultimate_modal]<\/p>\n<\/div><\/p>\n<\/div><div class=\"iaff_legacy_shortcode\" data-legacy-shortcode=\"vc_row_inner\"><p><div class=\"iaff_legacy_shortcode\" data-legacy-shortcode=\"vc_column_inner\" data-legacy-shortcode-attrs=\"{&quot;width&quot;:&quot;1\\\/12&quot;}\"><p>[vc_single_image image=\u00a0\u00bb32519&Prime; img_size=\u00a0\u00bbfull\u00a0\u00bb]<\/p>\n<\/div><div class=\"iaff_legacy_shortcode\" data-legacy-shortcode=\"vc_column_inner\" data-legacy-shortcode-attrs=\"{&quot;width&quot;:&quot;9\\\/12&quot;}\"><div class=\"iaff_legacy_shortcode\" data-legacy-shortcode=\"vc_column_text\"><p><strong>DEUXI\u00c8ME PLACE<\/strong> \u00ab&nbsp;Paterson 4-11-12&nbsp;\u00bb Publi\u00e9 dans <em>www.1strespondernews.com<\/em> Photo de Bill Tompkins Soumis par Englewood, NJ Local 3263 Les pompiers d\u2019Englewood, NJ Local 3263 ont r\u00e9pondu \u00e0 un incendie de b\u00e2timent commercial \u00e0 trois alarmes qui a pris plusieurs heures \u00e0 \u00e9teindre.<br \/>\nLa photo montre plusieurs grandes flammes provenant du b\u00e2timent alors que les pompiers \u00e9teignaient l\u2019incendie. <\/p>\n<\/div>\n<\/div><div class=\"iaff_legacy_shortcode\" data-legacy-shortcode=\"vc_column_inner\" data-legacy-shortcode-attrs=\"{&quot;width&quot;:&quot;2\\\/12&quot;}\"><p>[ultimate_modal icon_type=\u00a0\u00bbcustom\u00a0\u00bb icon_img=\u00a0\u00bbid^32604|url^https:\/\/www.iaff.org\/wp-content\/uploads\/Media_Awards\/2013\/viewphoto.gif|caption^null|alt^null|title^viewphoto|description^null\u00a0\u00bb modal_on=\u00a0\u00bbimage\u00a0\u00bb btn_img=\u00a0\u00bbid^32604|url^https:\/\/www.iaff.org\/wp-content\/uploads\/Media_Awards\/2013\/viewphoto.gif|caption^null|alt^null|title^viewphoto|description^null\u00a0\u00bb modal_size=\u00a0\u00bbmedium\u00a0\u00bb overlay_bg_opacity=\u00a0\u00bb80&Prime; img_size=\u00a0\u00bb80&Prime;]<img decoding=\"async\" class=\"alignnone size-full wp-image-32620\" src=\"https:\/\/www.iaff.org\/wp-content\/uploads\/Media_Awards\/2013\/secondplace_online.jpg\" alt=\"\" width=\"600\" height=\"399\">[\/ultimate_modal]<\/p>\n<\/div><\/p>\n<\/div><div class=\"iaff_legacy_shortcode\" data-legacy-shortcode=\"vc_row_inner\"><p><div class=\"iaff_legacy_shortcode\" data-legacy-shortcode=\"vc_column_inner\" data-legacy-shortcode-attrs=\"{&quot;width&quot;:&quot;1\\\/12&quot;}\"><\/div><div class=\"iaff_legacy_shortcode\" data-legacy-shortcode=\"vc_column_inner\" data-legacy-shortcode-attrs=\"{&quot;width&quot;:&quot;9\\\/12&quot;}\"><div class=\"iaff_legacy_shortcode\" data-legacy-shortcode=\"vc_column_text\"><p><strong>MENTION HONORABLE<\/strong> \u00ab Maple Ridge Double Fatality Accident \u00bb Publi\u00e9 dans <em>The Province<\/em> (<em>www.theprovince.com<\/em>) Photo de Shane MacKichan Soumise par Maple Ridge, C.-B. Section locale 4449 Cette photo montre des pompiers de la section locale 4449 de Maple Ridge, en Colombie-Britannique, travaillant d\u2019arrache-pied pour s\u00e9curiser les lieux apr\u00e8s qu\u2019un grave accident impliquant deux v\u00e9hicules a tu\u00e9 deux personnes.<\/p>\n<\/div>\n<\/div><div class=\"iaff_legacy_shortcode\" data-legacy-shortcode=\"vc_column_inner\" data-legacy-shortcode-attrs=\"{&quot;width&quot;:&quot;2\\\/12&quot;}\"><p>[ultimate_modal icon_type=\u00a0\u00bbcustom\u00a0\u00bb icon_img=\u00a0\u00bbid^32604|url^https:\/\/www.iaff.org\/wp-content\/uploads\/Media_Awards\/2013\/viewphoto.gif|caption^null|alt^null|title^viewphoto|description^null\u00a0\u00bb modal_on=\u00a0\u00bbimage\u00a0\u00bb btn_img=\u00a0\u00bbid^32604|url^https:\/\/www.iaff.org\/wp-content\/uploads\/Media_Awards\/2013\/viewphoto.gif|caption^null|alt^null|title^viewphoto|description^null\u00a0\u00bb modal_size=\u00a0\u00bbmedium\u00a0\u00bb overlay_bg_opacity=\u00a0\u00bb80&Prime; img_size=\u00a0\u00bb80&Prime;]<img decoding=\"async\" class=\"alignnone size-large wp-image-32621\" src=\"https:\/\/www.iaff.org\/wp-content\/uploads\/Media_Awards\/2013\/hm_online-1024x653.jpg\" alt=\"\" width=\"1024\" height=\"653\">[\/ultimate_modal]<\/p>\n<\/div><\/p>\n<\/div><\/p>\n<\/div><div class=\"iaff_legacy_shortcode\" data-legacy-shortcode=\"vc_tta_section\" data-legacy-shortcode-attrs=\"{&quot;title&quot;:&quot;Meilleur reportage t\\u00e9l\\u00e9vis\\u00e9, reportage ou documentaire&quot;,&quot;tab_id&quot;:&quot;btnsfd&quot;}\"><p><div class=\"iaff_legacy_shortcode\" data-legacy-shortcode=\"vc_row_inner\"><div class=\"iaff_legacy_shortcode\" data-legacy-shortcode=\"vc_column_inner\"><div class=\"iaff_legacy_shortcode\" data-legacy-shortcode=\"vc_column_text\"><\/p>\n<h2><strong>MEILLEUR REPORTAGE T\u00c9L\u00c9VIS\u00c9, REPORTAGE OU DOCUMENTAIRE :<\/strong><\/h2>\n<p><em>Remarque : Bien que l\u2019AIP ait pris toutes les mesures possibles pour assurer l\u2019exactitude des informations fournies, \u00e9tant donn\u00e9 que diff\u00e9rents organes de presse ont des politiques d\u2019archivage diff\u00e9rentes, nous ne pouvons pas garantir que tout lien qui s\u2019ouvre vers un autre site d\u2019information sera toujours valide.<\/em><\/p>\n<\/div>\n<\/div>\n<\/div><div class=\"iaff_legacy_shortcode\" data-legacy-shortcode=\"vc_row_inner\"><p><div class=\"iaff_legacy_shortcode\" data-legacy-shortcode=\"vc_column_inner\" data-legacy-shortcode-attrs=\"{&quot;width&quot;:&quot;1\\\/12&quot;}\"><p>[vc_single_image image=\u00a0\u00bb32519&Prime; img_size=\u00a0\u00bbfull\u00a0\u00bb alignment=\u00a0\u00bbcenter\u00a0\u00bb]<\/p>\n<\/div><div class=\"iaff_legacy_shortcode\" data-legacy-shortcode=\"vc_column_inner\" data-legacy-shortcode-attrs=\"{&quot;width&quot;:&quot;9\\\/12&quot;}\"><div class=\"iaff_legacy_shortcode\" data-legacy-shortcode=\"vc_column_text\"><p><strong>PREMI\u00c8RE PLACE<\/strong><em>Let\u2019s Roll <\/em> Produit par Matt Holwick et Derek Bazan Soumis par Los Angeles City, CA Local 112 <em>Let\u2019s Roll<\/em> est un documentaire qui raconte l\u2019histoire de six pompiers de Los Angeles qui, en juillet 2011, ont comm\u00e9mor\u00e9 le 10e anniversaire du 11 septembre en parcourant 3 300 miles \u00e0 v\u00e9lo de Los Angeles \u00e0 New York.<br \/>\nVoyageant \u00e0 travers le pays, les pompiers ont endur\u00e9 des conditions m\u00e9t\u00e9orologiques difficiles, une fatigue extr\u00eame et des conflits personnels.<br \/>\n\u00c0 chaque kilom\u00e8tre, ces personnes d\u00e9termin\u00e9es ont travaill\u00e9 ensemble pour s\u2019assurer que nous n\u2019oublions jamais les pompiers qui ont fait le sacrifice ultime lors de l\u2019une des journ\u00e9es les plus sombres des \u00c9tats-Unis.  <\/p>\n<\/div>\n<\/div><div class=\"iaff_legacy_shortcode\" data-legacy-shortcode=\"vc_column_inner\" data-legacy-shortcode-attrs=\"{&quot;width&quot;:&quot;2\\\/12&quot;}\"><p>[vc_icon icon_fontawesome=\u00a0\u00bbfa fa-play-circle-o\u00a0\u00bb color=\u00a0\u00bbjuicy_pink\u00a0\u00bb size=\u00a0\u00bblg\u00a0\u00bb link=\u00a0\u00bburl:http%3A%2F%2Fletsrolldoc.com%2F||target:%20_blank|\u00a0\u00bb]<\/p>\n<\/div><\/p>\n<\/div><div class=\"iaff_legacy_shortcode\" data-legacy-shortcode=\"vc_row_inner\"><p><div class=\"iaff_legacy_shortcode\" data-legacy-shortcode=\"vc_column_inner\" data-legacy-shortcode-attrs=\"{&quot;width&quot;:&quot;1\\\/12&quot;}\"><p>[vc_single_image image=\u00a0\u00bb32519&Prime; img_size=\u00a0\u00bbfull\u00a0\u00bb alignment=\u00a0\u00bbcenter\u00a0\u00bb]<\/p>\n<\/div><div class=\"iaff_legacy_shortcode\" data-legacy-shortcode=\"vc_column_inner\" data-legacy-shortcode-attrs=\"{&quot;width&quot;:&quot;9\\\/12&quot;}\"><div class=\"iaff_legacy_shortcode\" data-legacy-shortcode=\"vc_column_text\"><p><strong>DEUXI\u00c8ME PLACE<\/strong> \u00ab&nbsp;Quad City Fire&nbsp;\u00bb, <em>KWQC-TV Channel 6<\/em> Rapport\u00e9 par Elizabeth Goodsitt Soumis par Davenport, IA Local 17 \u00c0 l\u2019automne 2012, co\u00efncidant avec le d\u00e9but de la s\u00e9rie <em>Chicago Fire<\/em> de NBC, la pr\u00e9sentatrice de <em>KWQC<\/em> Elizabeth Goodsitt a produit une s\u00e9rie ax\u00e9e sur ce que signifie \u00eatre un pompier et a collabor\u00e9 \u00e0 son projet avec les pompiers de Davenport.  Section locale 17 de l\u2019IA.<br \/>\nGoodsitt a accompagn\u00e9 les urgences, a assist\u00e9 \u00e0 des s\u00e9ances de formation et a observ\u00e9 les interactions des pompiers.<br \/>\nGoodsitt a contribu\u00e9 \u00e0 offrir un regard unique sur les r\u00e9alit\u00e9s, les traditions et les exigences du m\u00e9tier de pompier aujourd\u2019hui.<br \/>\nLa s\u00e9rie s\u2019est d\u00e9roul\u00e9e sur plusieurs semaines pendant le journal t\u00e9l\u00e9vis\u00e9 du mercredi soir imm\u00e9diatement apr\u00e8s les \u00e9pisodes de <em>l\u2019incendie de Chicago<\/em> .   <\/p>\n<\/div>\n<\/div><div class=\"iaff_legacy_shortcode\" data-legacy-shortcode=\"vc_column_inner\" data-legacy-shortcode-attrs=\"{&quot;width&quot;:&quot;2\\\/12&quot;}\"><p>[vc_icon icon_fontawesome=\u00a0\u00bbfa fa-play-circle-o\u00a0\u00bb color=\u00a0\u00bbjuicy_pink\u00a0\u00bb size=\u00a0\u00bblg\u00a0\u00bb link=\u00a0\u00bburl:http%3A%2F%2Fwww.newson6.com%2Fcategory%2F121535%2Fvideo-page%3FclipId%3D7727236%26autostart%3Dtrue||target:%20_blank|\u00a0\u00bb]<\/p>\n<\/div><\/p>\n<\/div><div class=\"iaff_legacy_shortcode\" data-legacy-shortcode=\"vc_row_inner\"><p><div class=\"iaff_legacy_shortcode\" data-legacy-shortcode=\"vc_column_inner\" data-legacy-shortcode-attrs=\"{&quot;width&quot;:&quot;1\\\/12&quot;}\"><\/div><div class=\"iaff_legacy_shortcode\" data-legacy-shortcode=\"vc_column_inner\" data-legacy-shortcode-attrs=\"{&quot;width&quot;:&quot;9\\\/12&quot;}\"><div class=\"iaff_legacy_shortcode\" data-legacy-shortcode=\"vc_column_text\"><p><strong>MENTION HONORABLE<\/strong> \u00ab Fire Ops 101 \u00bb <em>WJZ-TV<\/em> Rapport\u00e9 par Kai Jackson et Eric Kettering Soumis par le comt\u00e9 de Prince George, MD Local 1619 La section locale 1619 du comt\u00e9 de Prince George, MD a organis\u00e9 une exp\u00e9rience d\u2019une journ\u00e9e sur les op\u00e9rations de lutte contre les incendies au sol pour les civils, les \u00e9lus, les dirigeants communautaires et les membres des m\u00e9dias.<br \/>\nLe journaliste Kai Jackson et le vid\u00e9aste Eric Kettering ont enfil\u00e9 leur \u00e9quipement d\u2019intervention et ont eu un aper\u00e7u r\u00e9aliste, bien que bref, du monde de la lutte contre les incendies.<br \/>\nDans leur rapport, Jackson et Kettering ont trouv\u00e9 l\u2019exp\u00e9rience effrayante, fascinante et humiliante.<br \/>\nLa formation comprenait des activit\u00e9s de d\u00e9fense rapproch\u00e9e, de lutte contre les incendies chimiques et de recherche et sauvetage, entre autres activit\u00e9s.   <\/p>\n<\/div>\n<\/div><div class=\"iaff_legacy_shortcode\" data-legacy-shortcode=\"vc_column_inner\" data-legacy-shortcode-attrs=\"{&quot;width&quot;:&quot;2\\\/12&quot;}\"><p>[vc_icon icon_fontawesome=\u00a0\u00bbfa fa-youtube-square\u00a0\u00bb color=\u00a0\u00bbjuicy_pink\u00a0\u00bb size=\u00a0\u00bblg\u00a0\u00bb link=\u00a0\u00bburl:http%3A%2F%2Fwww.youtube.com%2Fembed%2FPU6ZpULrLvI%3Frel%3D0%26wmode%3Dtransparent||target:%20_blank|\u00a0\u00bb]<\/p>\n<\/div><\/p>\n<\/div><div class=\"iaff_legacy_shortcode\" data-legacy-shortcode=\"vc_row_inner\"><p><div class=\"iaff_legacy_shortcode\" data-legacy-shortcode=\"vc_column_inner\" data-legacy-shortcode-attrs=\"{&quot;width&quot;:&quot;1\\\/12&quot;}\"><\/div><div class=\"iaff_legacy_shortcode\" data-legacy-shortcode=\"vc_column_inner\" data-legacy-shortcode-attrs=\"{&quot;width&quot;:&quot;9\\\/12&quot;}\"><div class=\"iaff_legacy_shortcode\" data-legacy-shortcode=\"vc_column_text\"><p><strong>MENTION HONORABLE<\/strong> \u00ab&nbsp;Les pompiers de Jacksonville aident une famille de 10 personnes&nbsp;\u00bb Rapport\u00e9 par<em> News 4 Jax et Action News Jax &#8211; Fox 30 News<\/em> Soumis par Jacksonville, FL Local 122 Une famille de 10 personnes perd tous ses biens alors que leur fourgonnette prend feu sur l\u2019Interstate 10 \u00e0 Jacksonville.<br \/>\nLa famille, compos\u00e9e de deux adultes et de huit enfants \u00e2g\u00e9s de 9 mois \u00e0 15 ans, d\u00e9m\u00e9nageait de Jacksonville \u00e0 Atlanta.<br \/>\nIls n\u2019\u00e9taient sur la route que depuis 20 minutes lorsqu\u2019un incendie s\u2019est d\u00e9clar\u00e9 dans leur nouvelle camionnette.<br \/>\nTout le monde est sorti sain et sauf de la camionnette, mais a perdu tous ses biens.<br \/>\nLes membres de la section locale 122 de Jacksonville, en Floride, se sont mobilis\u00e9s et ont recueilli plus de 4 000 $ pour la famille gr\u00e2ce \u00e0 des dons en ligne.<br \/>\nLe syndicat des pompiers a pay\u00e9 les frais d\u2019h\u00f4tel et les billets d\u2019autobus de la famille, et a \u00e9galement fourni de l\u2019argent de poche suppl\u00e9mentaire pendant qu\u2019ils poursuivaient leur voyage.     <\/p>\n<\/div>\n<\/div><div class=\"iaff_legacy_shortcode\" data-legacy-shortcode=\"vc_column_inner\" data-legacy-shortcode-attrs=\"{&quot;width&quot;:&quot;2\\\/12&quot;}\"><p>[vc_icon icon_fontawesome=\u00a0\u00bbfa fa-play-circle-o\u00a0\u00bb color=\u00a0\u00bbjuicy_pink\u00a0\u00bb size=\u00a0\u00bblg\u00a0\u00bb link=\u00a0\u00bburl:http%3A%2F%2Fwww.news4jax.com%2Fnews%2FFamily-of-10-coping-after-van-fire%2F-%2F475880%2F16690156%2F-%2Fhns25yz%2F-%2Findex.html||target:%20_blank|\u00a0\u00bb]<\/p>\n<\/div><\/p>\n<\/div><\/p>\n<\/div><\/p>\n<\/div>\n<\/div>\n<\/div><\/p>\n","protected":false},"excerpt":{"rendered":"","protected":false},"featured_media":0,"parent":0,"menu_order":0,"comment_status":"closed","ping_status":"closed","template":"","meta":{"_acf_changed":false,"_searchwp_excluded":"","inline_featured_image":false,"_EventAllDay":false,"_EventTimezone":"","_EventStartDate":"","_EventEndDate":"","_EventStartDateUTC":"","_EventEndDateUTC":"","_EventShowMap":false,"_EventShowMapLink":false,"_EventURL":"","_EventCost":"","_EventCostDescription":"","_EventCurrencySymbol":"","_EventCurrencyCode":"","_EventCurrencyPosition":"","_EventDateTimeSeparator":"","_EventTimeRangeSeparator":"","_EventOrganizerID":[],"_EventVenueID":[],"_OrganizerEmail":"","_OrganizerPhone":"","_OrganizerWebsite":"","_VenueAddress":"","_VenueCity":"","_VenueCountry":"","_VenueProvince":"","_VenueState":"","_VenueZip":"","_VenuePhone":"","_VenueURL":"","_VenueStateProvince":"","_VenueLat":"","_VenueLng":"","_VenueShowMap":false,"_VenueShowMapLink":false,"footnotes":""},"class_list":["post-77577","page","type-page","status-publish","hentry"],"acf":[],"publishpress_future_workflow_manual_trigger":{"enabledWorkflows":[]},"_links":{"self":[{"href":"https:\/\/www.iaff.org\/fr-ca\/wp-json\/wp\/v2\/pages\/77577","targetHints":{"allow":["GET"]}}],"collection":[{"href":"https:\/\/www.iaff.org\/fr-ca\/wp-json\/wp\/v2\/pages"}],"about":[{"href":"https:\/\/www.iaff.org\/fr-ca\/wp-json\/wp\/v2\/types\/page"}],"author":[{"embeddable":true,"href":"https:\/\/www.iaff.org\/fr-ca\/wp-json\/wp\/v2\/users\/1"}],"replies":[{"embeddable":true,"href":"https:\/\/www.iaff.org\/fr-ca\/wp-json\/wp\/v2\/comments?post=77577"}],"version-history":[{"count":0,"href":"https:\/\/www.iaff.org\/fr-ca\/wp-json\/wp\/v2\/pages\/77577\/revisions"}],"wp:attachment":[{"href":"https:\/\/www.iaff.org\/fr-ca\/wp-json\/wp\/v2\/media?parent=77577"}],"curies":[{"name":"wp","href":"https:\/\/api.w.org\/{rel}","templated":true}]}}