{"id":77566,"date":"2019-06-28T19:25:11","date_gmt":"2019-06-28T23:25:11","guid":{"rendered":"https:\/\/www.iaff.org\/laip-affilies-2013\/"},"modified":"2019-06-28T19:25:11","modified_gmt":"2019-06-28T23:25:11","slug":"laip-affilies-2013","status":"publish","type":"page","link":"https:\/\/www.iaff.org\/fr-ca\/laip-affilies-2013\/","title":{"rendered":"l\u2019AIP Affili\u00e9s : 2013"},"content":{"rendered":"<p><div class=\"iaff_legacy_shortcode\" data-legacy-shortcode=\"vc_row\"><div class=\"iaff_legacy_shortcode\" data-legacy-shortcode=\"vc_column\"><p><div class=\"iaff_legacy_shortcode\" data-legacy-shortcode=\"vc_custom_heading\" data-legacy-shortcode-attrs=\"{&quot;text&quot;:&quot;l\\u2019AIP Prix des Affili\\u00e9s 2013&quot;,&quot;font_container&quot;:&quot;tag:p|text_align:left|color:%23000000|line_height:1em&quot;,&quot;google_fonts&quot;:&quot;font_family:Roboto%20Condensed%3A300%2C300italic%2Cregular%2Citalic%2C700%2C700italic|font_style:700%20bold%20regular%3A700%3Anormal&quot;,&quot;css_animation&quot;:&quot;none&quot;,&quot;el_class&quot;:&quot;meetings-head&quot;}\"><\/div><div class=\"iaff_legacy_shortcode\" data-legacy-shortcode=\"dt_breadcrumbs\" data-legacy-shortcode-attrs=\"{&quot;font_size&quot;:&quot;15px&quot;,&quot;font_color&quot;:&quot;#000000&quot;,&quot;paddings&quot;:&quot;0px 0px 0px 0px&quot;,&quot;border_color&quot;:&quot;#dd3333&quot;,&quot;alignment&quot;:&quot;left&quot;}\"><\/div><\/p>\n<\/div>\n<\/div><div class=\"iaff_legacy_shortcode\" data-legacy-shortcode=\"vc_row\" data-legacy-shortcode-attrs=\"{&quot;gap&quot;:&quot;35&quot;,&quot;css&quot;:&quot;.vc_custom_1552591204324{margin-top: 2% !important;}&quot;}\"><div class=\"iaff_legacy_shortcode\" data-legacy-shortcode=\"vc_column\"><p>[vc_single_image image=\u00a0\u00bb23901&Prime; img_size=\u00a0\u00bbfull\u00a0\u00bb]<\/p>\n<\/div>\n<\/div><div class=\"iaff_legacy_shortcode\" data-legacy-shortcode=\"vc_row\"><div class=\"iaff_legacy_shortcode\" data-legacy-shortcode=\"vc_column\"><div class=\"iaff_legacy_shortcode\" data-legacy-shortcode=\"vc_tta_tour\" data-legacy-shortcode-attrs=\"{&quot;style&quot;:&quot;flat&quot;,&quot;shape&quot;:&quot;square&quot;,&quot;spacing&quot;:&quot;10&quot;,&quot;gap&quot;:&quot;35&quot;,&quot;active_section&quot;:&quot;1&quot;,&quot;no_fill_content_area&quot;:&quot;true&quot;,&quot;el_class&quot;:&quot;iaff-fixed-list&quot;}\"><p><div class=\"iaff_legacy_shortcode\" data-legacy-shortcode=\"vc_tta_section\" data-legacy-shortcode-attrs=\"{&quot;tab_id&quot;:&quot;bpp&quot;,&quot;title&quot;:&quot;Meilleure publication imprim\\u00e9e&quot;}\"><p><div class=\"iaff_legacy_shortcode\" data-legacy-shortcode=\"vc_row_inner\"><div class=\"iaff_legacy_shortcode\" data-legacy-shortcode=\"vc_column_inner\"><div class=\"iaff_legacy_shortcode\" data-legacy-shortcode=\"vc_column_text\"><\/p>\n<h2><strong>MEILLEURE PUBLICATION IMPRIM\u00c9E<\/strong><\/h2>\n<p>\n<\/div>\n<\/div>\n<\/div><div class=\"iaff_legacy_shortcode\" data-legacy-shortcode=\"vc_row_inner\"><div class=\"iaff_legacy_shortcode\" data-legacy-shortcode=\"vc_column_inner\"><div class=\"iaff_legacy_shortcode\" data-legacy-shortcode=\"vc_column_text\"><\/p>\n<h4><span style=\"color: #ff0000;\">Tirage inf\u00e9rieur \u00e0 1 000 exemplaires<\/span><\/h4>\n<div class=\"iaff_legacy_shortcode\" data-legacy-shortcode=\"dt_divider\" data-legacy-shortcode-attrs=\"{&quot;style&quot;:&quot;thin&quot;}\"><\/div>\n<\/div>\n<\/div>\n<\/div><div class=\"iaff_legacy_shortcode\" data-legacy-shortcode=\"vc_row_inner\"><p><div class=\"iaff_legacy_shortcode\" data-legacy-shortcode=\"vc_column_inner\" data-legacy-shortcode-attrs=\"{&quot;width&quot;:&quot;1\\\/12&quot;}\"><p>[vc_single_image image=\u00a0\u00bb32519&Prime; img_size=\u00a0\u00bbfull\u00a0\u00bb]<\/p>\n<\/div><div class=\"iaff_legacy_shortcode\" data-legacy-shortcode=\"vc_column_inner\" data-legacy-shortcode-attrs=\"{&quot;width&quot;:&quot;11\\\/12&quot;}\"><div class=\"iaff_legacy_shortcode\" data-legacy-shortcode=\"vc_column_text\"><p><strong>PREMI\u00c8RE PLACE<\/strong> \u00ab La section locale 4416 des pompiers du comt\u00e9 de Hamilton \u00bb<br \/>\nProduit par Anthony Murray et Travis Hawkins Soumis par le comt\u00e9 de Hamilton, IN Local 4416 Ce bulletin trimestriel de la section locale 4416 de Hamilton partage du contenu informatif concernant les questions syndicales.<br \/>\nIl est accrocheur et opportun, avec un bon contenu.  <\/p>\n<\/div>\n<\/div><\/p>\n<\/div><div class=\"iaff_legacy_shortcode\" data-legacy-shortcode=\"vc_row_inner\"><p><div class=\"iaff_legacy_shortcode\" data-legacy-shortcode=\"vc_column_inner\" data-legacy-shortcode-attrs=\"{&quot;width&quot;:&quot;1\\\/12&quot;}\"><p>[vc_single_image image=\u00a0\u00bb32519&Prime; img_size=\u00a0\u00bbfull\u00a0\u00bb]<\/p>\n<\/div><div class=\"iaff_legacy_shortcode\" data-legacy-shortcode=\"vc_column_inner\" data-legacy-shortcode-attrs=\"{&quot;width&quot;:&quot;11\\\/12&quot;}\"><div class=\"iaff_legacy_shortcode\" data-legacy-shortcode=\"vc_column_text\"><p><strong>DEUXI\u00c8ME PLACE<\/strong> \u00ab&nbsp;Summer 2012 Smoke Signal&nbsp;\u00bb Produit par Matt Gerber Soumis par Green Bay, WI Local 141 Le \u00ab&nbsp;Smoke Signal&nbsp;\u00bb \u00e9met d\u00e9finitivement le bon signal, avec un bon contenu, une bonne mise en page et une bonne pr\u00e9sentation.<br \/>\nLe bulletin est distribu\u00e9 dans 10 casernes de pompiers des services d\u2019incendie de Green Bay, de Depere et de l\u2019a\u00e9roport international Austin Straubel. <\/p>\n<\/div>\n<\/div><\/p>\n<\/div><div class=\"iaff_legacy_shortcode\" data-legacy-shortcode=\"vc_row_inner\"><div class=\"iaff_legacy_shortcode\" data-legacy-shortcode=\"vc_column_inner\"><div class=\"iaff_legacy_shortcode\" data-legacy-shortcode=\"vc_column_text\"><\/p>\n<h4><span style=\"color: #ff0000;\">Tirage sup\u00e9rieur \u00e0 1 000 exemplaires<\/span><\/h4>\n<div class=\"iaff_legacy_shortcode\" data-legacy-shortcode=\"dt_divider\" data-legacy-shortcode-attrs=\"{&quot;style&quot;:&quot;thin&quot;}\"><\/div>\n<\/div>\n<\/div>\n<\/div><div class=\"iaff_legacy_shortcode\" data-legacy-shortcode=\"vc_row_inner\"><p><div class=\"iaff_legacy_shortcode\" data-legacy-shortcode=\"vc_column_inner\" data-legacy-shortcode-attrs=\"{&quot;width&quot;:&quot;1\\\/12&quot;}\"><p>[vc_single_image image=\u00a0\u00bb32519&Prime; img_size=\u00a0\u00bbfull\u00a0\u00bb]<\/p>\n<\/div><div class=\"iaff_legacy_shortcode\" data-legacy-shortcode=\"vc_column_inner\" data-legacy-shortcode-attrs=\"{&quot;width&quot;:&quot;11\\\/12&quot;}\"><div class=\"iaff_legacy_shortcode\" data-legacy-shortcode=\"vc_column_text\"><p><strong>PREMI\u00c8RE PLACE (\u00c9GALIT\u00c9)<\/strong> \u00ab&nbsp;Pompiers professionnels de Californie&nbsp;\u00bb<br \/>\nProduit par des pompiers professionnels de Californie Soumis par des pompiers professionnels de Californie Le \u00ab&nbsp;California Professional Firefighters&nbsp;\u00bb est distribu\u00e9 \u00e0 plus de 30 000 pompiers de premi\u00e8re ligne.<br \/>\nLe contenu est attrayant et facile \u00e0 lire, et la mise en page est excellente.  <\/p>\n<\/div>\n<\/div><\/p>\n<\/div><div class=\"iaff_legacy_shortcode\" data-legacy-shortcode=\"vc_row_inner\"><p><div class=\"iaff_legacy_shortcode\" data-legacy-shortcode=\"vc_column_inner\" data-legacy-shortcode-attrs=\"{&quot;width&quot;:&quot;1\\\/12&quot;}\"><p>[vc_single_image image=\u00a0\u00bb32519&Prime; img_size=\u00a0\u00bbfull\u00a0\u00bb]<\/p>\n<\/div><div class=\"iaff_legacy_shortcode\" data-legacy-shortcode=\"vc_column_inner\" data-legacy-shortcode-attrs=\"{&quot;width&quot;:&quot;11\\\/12&quot;}\"><div class=\"iaff_legacy_shortcode\" data-legacy-shortcode=\"vc_column_text\"><p><strong>PREMI\u00c8RE PLACE (\u00c9GALIT\u00c9)<\/strong> \u00ab&nbsp;Point d\u2019allumage&nbsp;\u00bb<br \/>\nProduit par Pete Steenaerts Soumis par Calgary, AB Local 255 \u00ab&nbsp;Ignition Point&nbsp;\u00bb est la publication officielle des pompiers de Calgary, publi\u00e9e quatre fois par an.<br \/>\nIl fournit des informations pertinentes que les pompiers devraient conna\u00eetre et constitue une belle publication.  <\/p>\n<\/div>\n<\/div><\/p>\n<\/div><div class=\"iaff_legacy_shortcode\" data-legacy-shortcode=\"vc_row_inner\"><p><div class=\"iaff_legacy_shortcode\" data-legacy-shortcode=\"vc_column_inner\" data-legacy-shortcode-attrs=\"{&quot;width&quot;:&quot;1\\\/12&quot;}\"><p>[vc_single_image image=\u00a0\u00bb32519&Prime; img_size=\u00a0\u00bbfull\u00a0\u00bb]<\/p>\n<\/div><div class=\"iaff_legacy_shortcode\" data-legacy-shortcode=\"vc_column_inner\" data-legacy-shortcode-attrs=\"{&quot;width&quot;:&quot;11\\\/12&quot;}\"><div class=\"iaff_legacy_shortcode\" data-legacy-shortcode=\"vc_column_text\"><p><strong>DEUXI\u00c8ME PLACE <\/strong><em>Intrepid Magazine <\/em> Produit par James Coones Soumis par l\u2019Association des pompiers professionnels de l\u2019Ontario <em>Intrepid Magazine<\/em> est une publication trimestrielle de 32 pages qui fournit des renseignements importants sur les pompiers.<br \/>\nPlus de 11 000 membres re\u00e7oivent cette publication, qui informe les pompiers de l\u2019Ontario sur les questions syndicales depuis 20 ans. <\/p>\n<\/div>\n<\/div><\/p>\n<\/div><div class=\"iaff_legacy_shortcode\" data-legacy-shortcode=\"vc_row_inner\"><p><div class=\"iaff_legacy_shortcode\" data-legacy-shortcode=\"vc_column_inner\" data-legacy-shortcode-attrs=\"{&quot;width&quot;:&quot;1\\\/12&quot;}\"><\/div><div class=\"iaff_legacy_shortcode\" data-legacy-shortcode=\"vc_column_inner\" data-legacy-shortcode-attrs=\"{&quot;width&quot;:&quot;11\\\/12&quot;}\"><div class=\"iaff_legacy_shortcode\" data-legacy-shortcode=\"vc_column_text\"><p><strong>MENTION HONORABLE <\/strong><em>Trompette <\/em> Produit par l\u2019Association des pompiers en uniforme de New York, section locale 854 Soumis par l\u2019Association des agents d\u2019incendie en uniforme de New York, section locale 854 Une publication mensuelle, la <em>Trompette<\/em> a un bon format, simple et propre qui pr\u00e9sente l\u2019information en temps opportun.<br \/>\nLe contenu est direct et pertinent. <\/p>\n<\/div>\n<\/div><\/p>\n<\/div><div class=\"iaff_legacy_shortcode\" data-legacy-shortcode=\"vc_row_inner\"><p><div class=\"iaff_legacy_shortcode\" data-legacy-shortcode=\"vc_column_inner\" data-legacy-shortcode-attrs=\"{&quot;width&quot;:&quot;1\\\/12&quot;}\"><\/div><div class=\"iaff_legacy_shortcode\" data-legacy-shortcode=\"vc_column_inner\" data-legacy-shortcode-attrs=\"{&quot;width&quot;:&quot;11\\\/12&quot;}\"><div class=\"iaff_legacy_shortcode\" data-legacy-shortcode=\"vc_column_text\"><p><strong>MENTION HONORABLE<\/strong> magazine <em>FireWatch <\/em>Produit par Toronto, ON Local 3888 Soumis par Toronto, ON Local 3888 <em>FireWatch<\/em> est une belle publication avec un contenu et un design r\u00e9fl\u00e9chis.<\/p>\n<\/div>\n<\/div><\/p>\n<\/div><\/p>\n<\/div><div class=\"iaff_legacy_shortcode\" data-legacy-shortcode=\"vc_tta_section\" data-legacy-shortcode-attrs=\"{&quot;title&quot;:&quot;Meilleur site Web&quot;,&quot;tab_id&quot;:&quot;bw&quot;}\"><p><div class=\"iaff_legacy_shortcode\" data-legacy-shortcode=\"vc_row_inner\"><div class=\"iaff_legacy_shortcode\" data-legacy-shortcode=\"vc_column_inner\"><div class=\"iaff_legacy_shortcode\" data-legacy-shortcode=\"vc_column_text\"><\/p>\n<h2><strong>MEILLEUR SITE WEB<\/strong><\/h2>\n<p>\n<\/div>\n<\/div>\n<\/div><div class=\"iaff_legacy_shortcode\" data-legacy-shortcode=\"vc_row_inner\"><p><div class=\"iaff_legacy_shortcode\" data-legacy-shortcode=\"vc_column_inner\" data-legacy-shortcode-attrs=\"{&quot;width&quot;:&quot;1\\\/12&quot;}\"><p>[vc_single_image image=\u00a0\u00bb32519&Prime; img_size=\u00a0\u00bbfull\u00a0\u00bb]<\/p>\n<\/div><div class=\"iaff_legacy_shortcode\" data-legacy-shortcode=\"vc_column_inner\" data-legacy-shortcode-attrs=\"{&quot;width&quot;:&quot;9\\\/12&quot;}\"><div class=\"iaff_legacy_shortcode\" data-legacy-shortcode=\"vc_column_text\"><p><strong>PREMI\u00c8RE PLACE (\u00c9GALIT\u00c9) <\/strong> Pompiers professionnels du Nevada <em><a href=\"https:\/\/PFFN.org\" target=\"_blank\" rel=\"noopener noreferrer\">PFFN.org<\/a> <\/em> Produit par les pompiers professionnels du Nevada Soumis par les pompiers professionnels du Nevada Lanc\u00e9 \u00e0 la fin de 2012, ce site Web pr\u00e9sente des informations et des placements m\u00e9diatiques sur et pour les pompiers professionnels du Nevada, y compris les 17 sections locales de l\u2019AIP de l\u2019\u00c9tat.<br \/>\nLe site Web d\u00e9montre \u00e9galement des principes de conception \u00e9pur\u00e9s et modernes et est facile \u00e0 naviguer. <\/p>\n<\/div>\n<\/div><div class=\"iaff_legacy_shortcode\" data-legacy-shortcode=\"vc_column_inner\" data-legacy-shortcode-attrs=\"{&quot;width&quot;:&quot;2\\\/12&quot;}\"><p>[vc_icon icon_fontawesome=\u00a0\u00bbfa fa-external-link\u00a0\u00bb color=\u00a0\u00bbjuicy_pink\u00a0\u00bb size=\u00a0\u00bblg\u00a0\u00bb link=\u00a0\u00bburl:http%3A%2F%2FPFFN.org||target:%20_blank|\u00a0\u00bb]<\/p>\n<\/div><\/p>\n<\/div><div class=\"iaff_legacy_shortcode\" data-legacy-shortcode=\"vc_row_inner\"><p><div class=\"iaff_legacy_shortcode\" data-legacy-shortcode=\"vc_column_inner\" data-legacy-shortcode-attrs=\"{&quot;width&quot;:&quot;1\\\/12&quot;}\"><p>[vc_single_image image=\u00a0\u00bb32519&Prime; img_size=\u00a0\u00bbfull\u00a0\u00bb]<\/p>\n<\/div><div class=\"iaff_legacy_shortcode\" data-legacy-shortcode=\"vc_column_inner\" data-legacy-shortcode-attrs=\"{&quot;width&quot;:&quot;9\\\/12&quot;}\"><div class=\"iaff_legacy_shortcode\" data-legacy-shortcode=\"vc_column_text\"><p><strong>PREMI\u00c8RE PLACE (\u00c9GALIT\u00c9)<\/strong> Garde d\u2019honneur des pompiers de l\u2019Associated Fire Fighters of Illinois <em><a href=\"https:\/\/AFFIHonorGuard.com\" target=\"_blank\" rel=\"noopener noreferrer\">AFFIHonorGuard.com<\/a> <\/em> produit par<strong> <\/strong>Jeff Bruno et Jeff Boetto Soumis par Associated Fire Fighters of Illinois Ce site Web de conception moderne est enti\u00e8rement d\u00e9di\u00e9 \u00e0 la garde d\u2019honneur des pompiers associ\u00e9s de l\u2019Illinois, avec des informations destin\u00e9es au public.<br \/>\nLe site Web fournit \u00e9galement des informations aux membres pour trouver leur personnel de commandement et les formations \u00e0 venir. <\/p>\n<\/div>\n<\/div><div class=\"iaff_legacy_shortcode\" data-legacy-shortcode=\"vc_column_inner\" data-legacy-shortcode-attrs=\"{&quot;width&quot;:&quot;2\\\/12&quot;}\"><p>[vc_icon icon_fontawesome=\u00a0\u00bbfa fa-external-link\u00a0\u00bb color=\u00a0\u00bbjuicy_pink\u00a0\u00bb size=\u00a0\u00bblg\u00a0\u00bb link=\u00a0\u00bburl:http%3A%2F%2FAFFIHonorGuard.com||target:%20_blank|\u00a0\u00bb]<\/p>\n<\/div><\/p>\n<\/div><div class=\"iaff_legacy_shortcode\" data-legacy-shortcode=\"vc_row_inner\"><p><div class=\"iaff_legacy_shortcode\" data-legacy-shortcode=\"vc_column_inner\" data-legacy-shortcode-attrs=\"{&quot;width&quot;:&quot;1\\\/12&quot;}\"><p>[vc_single_image image=\u00a0\u00bb32519&Prime; img_size=\u00a0\u00bbfull\u00a0\u00bb]<\/p>\n<\/div><div class=\"iaff_legacy_shortcode\" data-legacy-shortcode=\"vc_column_inner\" data-legacy-shortcode-attrs=\"{&quot;width&quot;:&quot;9\\\/12&quot;}\"><div class=\"iaff_legacy_shortcode\" data-legacy-shortcode=\"vc_column_text\"><p><strong>DEUXI\u00c8ME PLACE<\/strong> California Professional Firefighters <a href=\"https:\/\/CPF.org\" target=\"_blank\" rel=\"noopener noreferrer\"><em>CPF.org<\/em><\/a> Produit par California Professional Firefighters Soumis par California Professional Firefighters Ce site Web est un centre d\u2019information sur la profession de pompier ainsi qu\u2019un centre d\u2019\u00e9change d\u2019informations sur les probl\u00e8mes affectant les pompiers professionnels de Californie.<br \/>\nLe site Web tire \u00e9galement parti de la pr\u00e9sence de CPF sur les m\u00e9dias sociaux, avec des liens vers les comptes Facebook, Twitter et YouTube de CPF figurant en bonne place sur la page d\u2019accueil. <\/p>\n<\/div>\n<\/div><div class=\"iaff_legacy_shortcode\" data-legacy-shortcode=\"vc_column_inner\" data-legacy-shortcode-attrs=\"{&quot;width&quot;:&quot;2\\\/12&quot;}\"><p>[vc_icon icon_fontawesome=\u00a0\u00bbfa fa-external-link\u00a0\u00bb color=\u00a0\u00bbjuicy_pink\u00a0\u00bb size=\u00a0\u00bblg\u00a0\u00bb link=\u00a0\u00bburl:http%3A%2F%2FCPF.org||target:%20_blank|\u00a0\u00bb]<\/p>\n<\/div><\/p>\n<\/div><div class=\"iaff_legacy_shortcode\" data-legacy-shortcode=\"vc_row_inner\"><p><div class=\"iaff_legacy_shortcode\" data-legacy-shortcode=\"vc_column_inner\" data-legacy-shortcode-attrs=\"{&quot;width&quot;:&quot;1\\\/12&quot;}\"><\/div><div class=\"iaff_legacy_shortcode\" data-legacy-shortcode=\"vc_column_inner\" data-legacy-shortcode-attrs=\"{&quot;width&quot;:&quot;9\\\/12&quot;}\"><div class=\"iaff_legacy_shortcode\" data-legacy-shortcode=\"vc_column_text\"><p><strong>MENTION HONORABLE<\/strong> <a href=\"https:\/\/FFD263.com\" target=\"_blank\" rel=\"noopener noreferrer\"><em>Pompiers<\/em> <\/a>f\u00e9d\u00e9raux d\u2019Hawa\u00ef FFD263.com ou <a href=\"https:\/\/federalfirefightersofhawaii.com\" target=\"_blank\" rel=\"noopener noreferrer\"><em>federalfirefightersofhawaii.com<\/em><\/a> Produit par les pompiers f\u00e9d\u00e9raux d\u2019Hawa\u00ef Soumis par les pompiers f\u00e9d\u00e9raux d\u2019Hawa\u00ef Ce site Web pr\u00e9sente une page d\u2019accueil facile \u00e0 naviguer et des informations sur l\u2019AIP pour les membres, des nouvelles sur les pompiers et des photos des pompiers locaux.<\/p>\n<\/div>\n<\/div><div class=\"iaff_legacy_shortcode\" data-legacy-shortcode=\"vc_column_inner\" data-legacy-shortcode-attrs=\"{&quot;width&quot;:&quot;2\\\/12&quot;}\"><p>[vc_icon icon_fontawesome=\u00a0\u00bbfa fa-external-link\u00a0\u00bb color=\u00a0\u00bbjuicy_pink\u00a0\u00bb size=\u00a0\u00bblg\u00a0\u00bb link=\u00a0\u00bburl:http%3A%2F%2FFFD263.com||target:%20_blank|\u00a0\u00bb]<\/p>\n<\/div><\/p>\n<\/div><div class=\"iaff_legacy_shortcode\" data-legacy-shortcode=\"vc_row_inner\"><p><div class=\"iaff_legacy_shortcode\" data-legacy-shortcode=\"vc_column_inner\" data-legacy-shortcode-attrs=\"{&quot;width&quot;:&quot;1\\\/12&quot;}\"><\/div><div class=\"iaff_legacy_shortcode\" data-legacy-shortcode=\"vc_column_inner\" data-legacy-shortcode-attrs=\"{&quot;width&quot;:&quot;9\\\/12&quot;}\"><div class=\"iaff_legacy_shortcode\" data-legacy-shortcode=\"vc_column_text\"><p><strong>MENTION HONORABLE<\/strong><em>La v\u00e9rit\u00e9 sur les pensions<\/em><a href=\"https:\/\/TruthAboutPensions.net\" target=\"_blank\" rel=\"noopener noreferrer\"><em>TruthAboutPensions.net<\/em><\/a> Produit par Mark Treglio Soumis par Jacksonville, FL Local 122 Lanc\u00e9 en 2010, ce site Web fournit un centre d\u2019information pr\u00e9cieux pour le public sur la bataille du pays sur les droits \u00e0 la retraite.<\/p>\n<\/div>\n<\/div><div class=\"iaff_legacy_shortcode\" data-legacy-shortcode=\"vc_column_inner\" data-legacy-shortcode-attrs=\"{&quot;width&quot;:&quot;2\\\/12&quot;}\"><p>[vc_icon icon_fontawesome=\u00a0\u00bbfa fa-external-link\u00a0\u00bb color=\u00a0\u00bbjuicy_pink\u00a0\u00bb size=\u00a0\u00bblg\u00a0\u00bb link=\u00a0\u00bburl:http%3A%2F%2FTruthAboutPensions.net||target:%20_blank|\u00a0\u00bb]<\/p>\n<\/div><\/p>\n<\/div><div class=\"iaff_legacy_shortcode\" data-legacy-shortcode=\"vc_row_inner\"><p><div class=\"iaff_legacy_shortcode\" data-legacy-shortcode=\"vc_column_inner\" data-legacy-shortcode-attrs=\"{&quot;width&quot;:&quot;1\\\/12&quot;}\"><\/div><div class=\"iaff_legacy_shortcode\" data-legacy-shortcode=\"vc_column_inner\" data-legacy-shortcode-attrs=\"{&quot;width&quot;:&quot;9\\\/12&quot;}\"><div class=\"iaff_legacy_shortcode\" data-legacy-shortcode=\"vc_column_text\"><p><strong>MENTION HONORABLE<\/strong> Mansfield, OH Pompiers Local 266 <a href=\"https:\/\/IAFF266.com\" target=\"_blank\" rel=\"noopener noreferrer\"><em>IAFF266.com<\/em><\/a> Soumis par Mansfield, OH Local 266 Lanc\u00e9 en 2012, ce site Web au design \u00e9pur\u00e9 pr\u00e9sente une int\u00e9gration des m\u00e9dias sociaux bien en vue et bien plac\u00e9e et sert de centre d\u2019information pour le personnel de la section locale 266 et la communaut\u00e9 qu\u2019elle dessert.<\/p>\n<\/div>\n<\/div><div class=\"iaff_legacy_shortcode\" data-legacy-shortcode=\"vc_column_inner\" data-legacy-shortcode-attrs=\"{&quot;width&quot;:&quot;2\\\/12&quot;}\"><p>[vc_icon icon_fontawesome=\u00a0\u00bbfa fa-external-link\u00a0\u00bb color=\u00a0\u00bbjuicy_pink\u00a0\u00bb size=\u00a0\u00bblg\u00a0\u00bb link=\u00a0\u00bburl:http%3A%2F%2FIAFF266.com||target:%20_blank|\u00a0\u00bb]<\/p>\n<\/div><\/p>\n<\/div><\/p>\n<\/div><div class=\"iaff_legacy_shortcode\" data-legacy-shortcode=\"vc_tta_section\" data-legacy-shortcode-attrs=\"{&quot;title&quot;:&quot;Meilleur projet de relations publiques ou de sensibilisation politique&quot;,&quot;tab_id&quot;:&quot;bppop&quot;}\"><p><div class=\"iaff_legacy_shortcode\" data-legacy-shortcode=\"vc_row_inner\"><div class=\"iaff_legacy_shortcode\" data-legacy-shortcode=\"vc_column_inner\"><div class=\"iaff_legacy_shortcode\" data-legacy-shortcode=\"vc_column_text\"><\/p>\n<h2><strong>MEILLEUR PROJET DE RELATIONS PUBLIQUES OU DE SENSIBILISATION POLITIQUE<\/strong><\/h2>\n<p>\n<\/div>\n<\/div>\n<\/div><div class=\"iaff_legacy_shortcode\" data-legacy-shortcode=\"vc_row_inner\"><p><div class=\"iaff_legacy_shortcode\" data-legacy-shortcode=\"vc_column_inner\" data-legacy-shortcode-attrs=\"{&quot;width&quot;:&quot;1\\\/12&quot;}\"><p>[vc_single_image image=\u00a0\u00bb32519&Prime; img_size=\u00a0\u00bbfull\u00a0\u00bb alignment=\u00a0\u00bbcenter\u00a0\u00bb]<\/p>\n<\/div><div class=\"iaff_legacy_shortcode\" data-legacy-shortcode=\"vc_column_inner\" data-legacy-shortcode-attrs=\"{&quot;width&quot;:&quot;11\\\/12&quot;}\"><div class=\"iaff_legacy_shortcode\" data-legacy-shortcode=\"vc_column_text\"><p><strong>PREMI\u00c8RE PLACE<\/strong> \u00ab&nbsp;Campagne de relations publiques de la section locale 4758 des pompiers de Ketchum&nbsp;\u00bb<br \/>\nProduit par Ketchum, ID Local 4758 Soumis par Ketchum, ID Local 4758 Les pompiers de Ketchum ont lanc\u00e9 une campagne de relations publiques agressive apr\u00e8s que la ville a refus\u00e9 \u00e0 plusieurs reprises de n\u00e9gocier de bonne foi avec la section locale 4758.<br \/>\nLes membres ont d\u2019abord d\u00e9velopp\u00e9 un site Web qui d\u00e9taillait chaque \u00e9tape de la bataille en cours.<br \/>\nPour attirer le public sur le site, les pompiers ont annonc\u00e9 la campagne 8\/8\/800, \u00e0 travers laquelle les huit membres locaux se sont mis au d\u00e9fi d\u2019effectuer 800 heures de service communautaire en huit mois.<br \/>\nChaque pompier a \u00e9t\u00e9 pr\u00e9sent\u00e9 sur une carte \u00e0 collectionner qui comprenait des informations sur le pompier et l\u2019adresse Web de la campagne.<br \/>\nApr\u00e8s la campagne, les pompiers ont finalement pu r\u00e9gler leur contrat.     <\/p>\n<\/div>\n<\/div><\/p>\n<\/div><div class=\"iaff_legacy_shortcode\" data-legacy-shortcode=\"vc_row_inner\"><p><div class=\"iaff_legacy_shortcode\" data-legacy-shortcode=\"vc_column_inner\" data-legacy-shortcode-attrs=\"{&quot;width&quot;:&quot;1\\\/12&quot;}\"><p>[vc_single_image image=\u00a0\u00bb32519&Prime; img_size=\u00a0\u00bbfull\u00a0\u00bb alignment=\u00a0\u00bbcenter\u00a0\u00bb]<\/p>\n<\/div><div class=\"iaff_legacy_shortcode\" data-legacy-shortcode=\"vc_column_inner\" data-legacy-shortcode-attrs=\"{&quot;width&quot;:&quot;11\\\/12&quot;}\"><div class=\"iaff_legacy_shortcode\" data-legacy-shortcode=\"vc_column_text\"><p><strong>DEUXI\u00c8ME PLACE<\/strong> \u00ab&nbsp;Les pompiers &lsquo;Non&rsquo; sur 32&nbsp;\u00bb<br \/>\nLa Proposition 32 \u00e9tait une initiative de vote \u00e0 l\u2019\u00e9chelle de l\u2019\u00c9tat qui aurait impos\u00e9 des restrictions importantes \u00e0 la capacit\u00e9 des affili\u00e9s de l\u2019AIP et d\u2019autres syndicats \u00e0 \u00eatre politiquement actifs.<br \/>\nLes pompiers professionnels de Californie ont utilis\u00e9 une gamme compl\u00e8te de ressources m\u00e9diatiques, y compris la presse \u00e9crite, la vid\u00e9o, les m\u00e9dias sociaux et le contact direct entre membres.<br \/>\nEn cons\u00e9quence, la proposition a \u00e9t\u00e9 rejet\u00e9e.   <\/p>\n<\/div>\n<\/div><\/p>\n<\/div><div class=\"iaff_legacy_shortcode\" data-legacy-shortcode=\"vc_row_inner\"><p><div class=\"iaff_legacy_shortcode\" data-legacy-shortcode=\"vc_column_inner\" data-legacy-shortcode-attrs=\"{&quot;width&quot;:&quot;1\\\/12&quot;}\"><\/div><div class=\"iaff_legacy_shortcode\" data-legacy-shortcode=\"vc_column_inner\" data-legacy-shortcode-attrs=\"{&quot;width&quot;:&quot;11\\\/12&quot;}\"><div class=\"iaff_legacy_shortcode\" data-legacy-shortcode=\"vc_column_text\"><p><strong>MENTION HONORABLE<\/strong> \u00ab&nbsp;Votez &lsquo;Oui&rsquo; sur la Charte #2&nbsp;\u00bb<br \/>\nProduit par Thomas Butler, Butler Associates et Stamford, CT Pr\u00e9sident de la section locale 786 Brendan Keatley Soumis par Stamford, CT Local 786 Une initiative de vote sur la r\u00e9vision de la charte \u00e0 l\u2019\u00e9chelle de la ville a demand\u00e9 aux citoyens de voter oui ou non sur un plan qui rationaliserait les services d\u2019incendie de Stamford en cr\u00e9ant un seul poste de chef des pompiers pour g\u00e9rer le seul service r\u00e9mun\u00e9r\u00e9 et les cinq services volontaires de la ville.<br \/>\nLa section locale 786 de Stamford a travaill\u00e9 avec Butler Associates, une soci\u00e9t\u00e9 de relations publiques, pour cr\u00e9er une campagne populaire efficace en utilisant une vari\u00e9t\u00e9 de m\u00e9dias de messagerie.<br \/>\nLe r\u00e9sultat ?<br \/>\nLes citoyens ont r\u00e9pondu par un \u00ab oui \u00bb retentissant \u00e0 la Charte #2.    <\/p>\n<\/div>\n<\/div><\/p>\n<\/div><div class=\"iaff_legacy_shortcode\" data-legacy-shortcode=\"vc_row_inner\"><p><div class=\"iaff_legacy_shortcode\" data-legacy-shortcode=\"vc_column_inner\" data-legacy-shortcode-attrs=\"{&quot;width&quot;:&quot;1\\\/12&quot;}\"><\/div><div class=\"iaff_legacy_shortcode\" data-legacy-shortcode=\"vc_column_inner\" data-legacy-shortcode-attrs=\"{&quot;width&quot;:&quot;11\\\/12&quot;}\"><div class=\"iaff_legacy_shortcode\" data-legacy-shortcode=\"vc_column_text\"><p><strong>MENTION HONORABLE<\/strong> \u00ab&nbsp;Brochure sur la temp\u00eate de l\u2019Association des pompiers de Jacksonville&nbsp;\u00bb<br \/>\nProduit par le directeur des relations publiques de la section locale 122, Mark Treglio Soumis par Jacksonville, FL Local 122 Alors que la super-temp\u00eate Sandy s\u2019approchait de la c\u00f4te de la Floride, la section locale 122 de Jacksonville a distribu\u00e9 une brochure de pr\u00e9paration aux temp\u00eates violentes non seulement pour aider \u00e0 assurer la s\u00e9curit\u00e9 des citoyens de Jacksonville, mais aussi pour les \u00e9duquer sur ce que les pompiers font en r\u00e9ponse aux \u00e9v\u00e9nements m\u00e9t\u00e9orologiques extr\u00eames. <\/p>\n<\/div>\n<\/div><\/p>\n<\/div><div class=\"iaff_legacy_shortcode\" data-legacy-shortcode=\"vc_row_inner\"><p><div class=\"iaff_legacy_shortcode\" data-legacy-shortcode=\"vc_column_inner\" data-legacy-shortcode-attrs=\"{&quot;width&quot;:&quot;1\\\/12&quot;}\"><\/div><div class=\"iaff_legacy_shortcode\" data-legacy-shortcode=\"vc_column_inner\" data-legacy-shortcode-attrs=\"{&quot;width&quot;:&quot;11\\\/12&quot;}\"><div class=\"iaff_legacy_shortcode\" data-legacy-shortcode=\"vc_column_text\"><p><strong>MENTION HONORABLE<\/strong> \u00ab&nbsp;V\u00e9rifiez vos si\u00e8ges dans la chaleur parce que la chaleur tue&nbsp;\u00bb<br \/>\nProduit par Henderson, NV Local 1883 Soumis par Henderson, NV Local 1883 Les pompiers professionnels de Henderson ont mis sur pied une campagne \u00e9ducative r\u00e9ussie pour rappeler aux automobilistes les dangers de laisser les enfants et les animaux domestiques dans leurs v\u00e9hicules pendant l\u2019\u00e9t\u00e9. <\/p>\n<\/div>\n<\/div><\/p>\n<\/div><div class=\"iaff_legacy_shortcode\" data-legacy-shortcode=\"vc_row_inner\"><p><div class=\"iaff_legacy_shortcode\" data-legacy-shortcode=\"vc_column_inner\" data-legacy-shortcode-attrs=\"{&quot;width&quot;:&quot;1\\\/12&quot;}\"><\/div><div class=\"iaff_legacy_shortcode\" data-legacy-shortcode=\"vc_column_inner\" data-legacy-shortcode-attrs=\"{&quot;width&quot;:&quot;11\\\/12&quot;}\"><div class=\"iaff_legacy_shortcode\" data-legacy-shortcode=\"vc_column_text\"><p><strong>MENTION HONORABLE<\/strong> \u00ab Les risques d\u2019incendie \u00bb<br \/>\nProduit par Tom Butler et Katie Linek, Butler Associates, et le pr\u00e9sident de la section locale 273, Byron Gray, Soumis par New Rochelle, NY Local 273 Pour aider \u00e0 mettre fin aux r\u00e9ductions de personnel et aux \u00e9ventuelles fermetures de compagnies d\u2019incendie, la section locale 273 de New Rochelle, NY, a travaill\u00e9 avec Butler Associates, une soci\u00e9t\u00e9 de relations publiques, pour cr\u00e9er une s\u00e9rie de vid\u00e9os \u00e9ducatives sur la s\u00e9curit\u00e9 incendie.<br \/>\nLa s\u00e9rie examinait les dangers de l\u2019inhalation de fum\u00e9e ; des incendies modernes qui br\u00fblent plus vite, plus chaud et plus toxiques&nbsp;; le co\u00fbt physique des pompiers ; et les accidents du travail.<br \/>\nLes vid\u00e9os ont \u00e9t\u00e9 publi\u00e9es sur YouTube et promues via les m\u00e9dias sociaux.   <\/p>\n<\/div>\n<\/div><\/p>\n<\/div><\/p>\n<\/div><div class=\"iaff_legacy_shortcode\" data-legacy-shortcode=\"vc_tta_section\" data-legacy-shortcode-attrs=\"{&quot;title&quot;:&quot;Meilleur projet sp\\u00e9cial&quot;,&quot;tab_id&quot;:&quot;bsp&quot;}\"><p><div class=\"iaff_legacy_shortcode\" data-legacy-shortcode=\"vc_row_inner\"><div class=\"iaff_legacy_shortcode\" data-legacy-shortcode=\"vc_column_inner\"><div class=\"iaff_legacy_shortcode\" data-legacy-shortcode=\"vc_column_text\"><\/p>\n<h2><strong>MEILLEUR PROJET SP\u00c9CIAL<\/strong><\/h2>\n<p>\n<\/div>\n<\/div>\n<\/div><div class=\"iaff_legacy_shortcode\" data-legacy-shortcode=\"vc_row_inner\"><p><div class=\"iaff_legacy_shortcode\" data-legacy-shortcode=\"vc_column_inner\" data-legacy-shortcode-attrs=\"{&quot;width&quot;:&quot;1\\\/12&quot;}\"><p>[vc_single_image image=\u00a0\u00bb32519&Prime; img_size=\u00a0\u00bbfull\u00a0\u00bb]<\/p>\n<\/div><div class=\"iaff_legacy_shortcode\" data-legacy-shortcode=\"vc_column_inner\" data-legacy-shortcode-attrs=\"{&quot;width&quot;:&quot;11\\\/12&quot;}\"><div class=\"iaff_legacy_shortcode\" data-legacy-shortcode=\"vc_column_text\"><p><strong>PREMI\u00c8RE PLACE<\/strong> \u00ab&nbsp;Livre comm\u00e9moratif du 10e anniversaire de la California Fire Foundation&nbsp;\u00bb<br \/>\nProduit par le pr\u00e9sident du CPF, Lou Paulson Soumis par les pompiers professionnels de Californie Ce livre \u00e0 couverture rigide est un souvenir \u00e9mouvant de l\u2019histoire de la California Professional Fire Foundation, marquant le 10e anniversaire du m\u00e9morial.<br \/>\nLe livre est fait avec une pr\u00e9cision professionnelle et constitue un bel hommage aux Californiens tomb\u00e9s au combat.  <\/p>\n<\/div>\n<\/div><\/p>\n<\/div><div class=\"iaff_legacy_shortcode\" data-legacy-shortcode=\"vc_row_inner\"><p><div class=\"iaff_legacy_shortcode\" data-legacy-shortcode=\"vc_column_inner\" data-legacy-shortcode-attrs=\"{&quot;width&quot;:&quot;1\\\/12&quot;}\"><p>[vc_single_image image=\u00a0\u00bb32519&Prime; img_size=\u00a0\u00bbfull\u00a0\u00bb]<\/p>\n<\/div><div class=\"iaff_legacy_shortcode\" data-legacy-shortcode=\"vc_column_inner\" data-legacy-shortcode-attrs=\"{&quot;width&quot;:&quot;11\\\/12&quot;}\"><div class=\"iaff_legacy_shortcode\" data-legacy-shortcode=\"vc_column_text\"><p><strong>DEUXI\u00c8ME PLACE<\/strong> <strong>(EX-AEQUO)<\/strong> \u00ab Hamilton County\u2013Fire Ops 101 Produit par Scott Reppert et Ian Reppert Soumis par Carmel, IN Local 4444 et Hamilton County, IN Local 4416 Indiana Affiliates Carmel Local 4444 et Hamilton County Local 4416 Cette vid\u00e9o n\u2019est pas seulement une bonne illustration de ce que les pompiers font au quotidien, mais elle repr\u00e9sente \u00e9galement efficacement la r\u00e9action des participants qui font l\u2019exp\u00e9rience de la lutte contre les incendies pour la premi\u00e8re fois.<br \/>\nTous ont comment\u00e9 \u00e0 quel point c\u2019est difficile. <\/p>\n<\/div>\n<\/div><\/p>\n<\/div><div class=\"iaff_legacy_shortcode\" data-legacy-shortcode=\"vc_row_inner\"><p><div class=\"iaff_legacy_shortcode\" data-legacy-shortcode=\"vc_column_inner\" data-legacy-shortcode-attrs=\"{&quot;width&quot;:&quot;1\\\/12&quot;}\"><p>[vc_single_image image=\u00a0\u00bb32519&Prime; img_size=\u00a0\u00bbfull\u00a0\u00bb]<\/p>\n<\/div><div class=\"iaff_legacy_shortcode\" data-legacy-shortcode=\"vc_column_inner\" data-legacy-shortcode-attrs=\"{&quot;width&quot;:&quot;11\\\/12&quot;}\"><div class=\"iaff_legacy_shortcode\" data-legacy-shortcode=\"vc_column_text\"><p><strong>DEUXI\u00c8ME PLACE (\u00c9GALIT\u00c9)<\/strong> \u00ab&nbsp;Cons\u00e9quences alarmantes&nbsp;\u00bb<br \/>\nProduit par la section locale 465 d\u2019Oshawa (Ontario) et l\u2019\u00e9cole secondaire Maxwell Heights Soumis par Oshawa (Ontario) Les membres de la section locale 465 d\u2019Oshawa ont travaill\u00e9 avec leur \u00e9cole secondaire locale pour produire une vid\u00e9o sur les cons\u00e9quences graves qui peuvent survenir \u00e0 la suite d\u2019une fausse alarme d\u2019incendie.<br \/>\nLa vid\u00e9o a \u00e9t\u00e9 mise \u00e0 la disposition des \u00e9ducateurs et d\u2019autres personnes dans le but de r\u00e9duire le nombre de fausses activations.  <\/p>\n<\/div>\n<\/div><\/p>\n<\/div><div class=\"iaff_legacy_shortcode\" data-legacy-shortcode=\"vc_row_inner\"><p><div class=\"iaff_legacy_shortcode\" data-legacy-shortcode=\"vc_column_inner\" data-legacy-shortcode-attrs=\"{&quot;width&quot;:&quot;1\\\/12&quot;}\"><\/div><div class=\"iaff_legacy_shortcode\" data-legacy-shortcode=\"vc_column_inner\" data-legacy-shortcode-attrs=\"{&quot;width&quot;:&quot;11\\\/12&quot;}\"><div class=\"iaff_legacy_shortcode\" data-legacy-shortcode=\"vc_column_text\"><p><strong>MENTION HONORABLE<\/strong> \u00ab&nbsp;Le brave de Terre Haute&nbsp;\u00bb<br \/>\nProduit par Bill Berry Soumis par Terre Haute, IN Local 758 Ce livre fournit une histoire approfondie du service d\u2019incendie de Terre Haute.<br \/>\nIl offre un bon \u00e9quilibre entre du texte et des photos faciles \u00e0 suivre qui aideront les nouveaux pompiers \u00e0 comprendre l\u2019histoire de la profession et du syndicat.  <\/p>\n<\/div>\n<\/div><\/p>\n<\/div><div class=\"iaff_legacy_shortcode\" data-legacy-shortcode=\"vc_row_inner\"><p><div class=\"iaff_legacy_shortcode\" data-legacy-shortcode=\"vc_column_inner\" data-legacy-shortcode-attrs=\"{&quot;width&quot;:&quot;1\\\/12&quot;}\"><\/div><div class=\"iaff_legacy_shortcode\" data-legacy-shortcode=\"vc_column_inner\" data-legacy-shortcode-attrs=\"{&quot;width&quot;:&quot;11\\\/12&quot;}\"><div class=\"iaff_legacy_shortcode\" data-legacy-shortcode=\"vc_column_text\"><p><strong>MENTION HONORABLE<\/strong> \u00ab&nbsp;Pompier FLASH Pr\u00e9vention des incendies&nbsp;\u00bb<br \/>\nProduit par Dave Brasells et Trey Nelms Soumis par Nashville, TN Local 140 Cette campagne cr\u00e9ative utilise une mascotte \u2013 Flash, un chien dalmatien \u2013 pour apprendre aux enfants quand appeler et quand ne pas appeler le 911.<br \/>\nLes \u00e9l\u00e9ments de la campagne comprennent la mascotte, des activit\u00e9s de coloriage et des vid\u00e9os.  <\/p>\n<\/div>\n<\/div><\/p>\n<\/div><\/p>\n<\/div><div class=\"iaff_legacy_shortcode\" data-legacy-shortcode=\"vc_tta_section\" data-legacy-shortcode-attrs=\"{&quot;title&quot;:&quot;Meilleure page Facebook&quot;,&quot;tab_id&quot;:&quot;bfp&quot;}\"><p><div class=\"iaff_legacy_shortcode\" data-legacy-shortcode=\"vc_row_inner\"><div class=\"iaff_legacy_shortcode\" data-legacy-shortcode=\"vc_column_inner\"><div class=\"iaff_legacy_shortcode\" data-legacy-shortcode=\"vc_column_text\"><\/p>\n<h2><strong>MEILLEURE PAGE FACEBOOK<\/strong><\/h2>\n<p>\n<\/div>\n<\/div>\n<\/div><div class=\"iaff_legacy_shortcode\" data-legacy-shortcode=\"vc_row_inner\"><p><div class=\"iaff_legacy_shortcode\" data-legacy-shortcode=\"vc_column_inner\" data-legacy-shortcode-attrs=\"{&quot;width&quot;:&quot;1\\\/12&quot;}\"><p>[vc_single_image image=\u00a0\u00bb32519&Prime; img_size=\u00a0\u00bbfull\u00a0\u00bb]<\/p>\n<\/div><div class=\"iaff_legacy_shortcode\" data-legacy-shortcode=\"vc_column_inner\" data-legacy-shortcode-attrs=\"{&quot;width&quot;:&quot;9\\\/12&quot;}\"><div class=\"iaff_legacy_shortcode\" data-legacy-shortcode=\"vc_column_text\"><p><strong>PREMI\u00c8RE PLACE<\/strong> Schaumburg Professional Fire Fighters Local 4092 <a href=\"https:\/\/www.facebook.com\/IAFF4092\" target=\"_blank\" rel=\"noopener noreferrer\"><em>www.facebook.com\/IAFF4092<\/em><\/a> Produit par Schaumburg, IL Local 4092 Soumis par Schaumburg, IL Local 4092 La page Facebook de Schaumburg Professional Fire Fighters Local 4092 se distingue des autres en raison de la gamme de contenu pr\u00e9sent\u00e9 et de sa bonne utilisation des graphiques visuels.<\/p>\n<\/div>\n<\/div><div class=\"iaff_legacy_shortcode\" data-legacy-shortcode=\"vc_column_inner\" data-legacy-shortcode-attrs=\"{&quot;width&quot;:&quot;2\\\/12&quot;}\"><p>[vc_icon icon_fontawesome=\u00a0\u00bbfa fa-facebook-square\u00a0\u00bb size=\u00a0\u00bblg\u00a0\u00bb link=\u00a0\u00bburl:https%3A%2F%2Fwww.facebook.com%2FIAFF4092||target:%20_blank|\u00a0\u00bb]<\/p>\n<\/div><\/p>\n<\/div><div class=\"iaff_legacy_shortcode\" data-legacy-shortcode=\"vc_row_inner\"><p><div class=\"iaff_legacy_shortcode\" data-legacy-shortcode=\"vc_column_inner\" data-legacy-shortcode-attrs=\"{&quot;width&quot;:&quot;1\\\/12&quot;}\"><p>[vc_single_image image=\u00a0\u00bb32519&Prime; img_size=\u00a0\u00bbfull\u00a0\u00bb]<\/p>\n<\/div><div class=\"iaff_legacy_shortcode\" data-legacy-shortcode=\"vc_column_inner\" data-legacy-shortcode-attrs=\"{&quot;width&quot;:&quot;9\\\/12&quot;}\"><div class=\"iaff_legacy_shortcode\" data-legacy-shortcode=\"vc_column_text\"><p><strong>DEUXI\u00c8ME PLACE<\/strong> Jacksonville, FL Local 122 <a href=\"https:\/\/www.facebook.com\/pages\/The-Jacksonville-Association-of-Fire-Fighters\/232355851855\" target=\"_blank\" rel=\"noopener noreferrer\"><em>www.facebook.com\/pages\/The-Jacksonville-Association-of-Fire-Fighters\/232355851855<\/em><\/a> Produit par Jacksonville, FL Local 122 Soumis par Jacksonville, FL Local 122 La page Facebook de l\u2019Association des pompiers de Jacksonville Local 122 est une bonne ressource pour sa communaut\u00e9 et fournit des mises \u00e0 jour sur la s\u00e9curit\u00e9, les nouvelles et les probl\u00e8mes relatifs \u00e0 la fois aux pompiers locaux et \u00e0 ceux de l\u2019\u00c9tat de Floride.<\/p>\n<\/div>\n<\/div><div class=\"iaff_legacy_shortcode\" data-legacy-shortcode=\"vc_column_inner\" data-legacy-shortcode-attrs=\"{&quot;width&quot;:&quot;2\\\/12&quot;}\"><p>[vc_icon icon_fontawesome=\u00a0\u00bbfa fa-facebook-square\u00a0\u00bb size=\u00a0\u00bblg\u00a0\u00bb link=\u00a0\u00bburl:http%3A%2F%2Fwww.facebook.com%2Fpages%2FThe-Jacksonville-Association-of-Fire-Fighters%2F232355851855||target:%20_blank|\u00a0\u00bb]<\/p>\n<\/div><\/p>\n<\/div><div class=\"iaff_legacy_shortcode\" data-legacy-shortcode=\"vc_row_inner\"><p><div class=\"iaff_legacy_shortcode\" data-legacy-shortcode=\"vc_column_inner\" data-legacy-shortcode-attrs=\"{&quot;width&quot;:&quot;1\\\/12&quot;}\"><\/div><div class=\"iaff_legacy_shortcode\" data-legacy-shortcode=\"vc_column_inner\" data-legacy-shortcode-attrs=\"{&quot;width&quot;:&quot;9\\\/12&quot;}\"><div class=\"iaff_legacy_shortcode\" data-legacy-shortcode=\"vc_column_text\"><p><strong>MENTION HONORABLE<\/strong> Medicine Hat (Alberta) Local 263 <a href=\"https:\/\/www.facebook.com\/MedicineHatFirefighters?ref=hl\" target=\"_blank\" rel=\"noopener noreferrer\"><em>www.facebook.com\/MedicineHatFirefighters?ref=hl<\/em><\/a> Produit par Medicine Hat (Alberta) Local 263 Soumis par Medicine Hat (Alberta) Local 263 Les pompiers de Medicine Hat offrent de bons conseils aux civils sur la fa\u00e7on de rester en s\u00e9curit\u00e9 en cas d\u2019urgence.<br \/>\nBonne utilisation des graphiques et autres informations partag\u00e9es par d\u2019autres groupes sur Facebook. <\/p>\n<\/div>\n<\/div><div class=\"iaff_legacy_shortcode\" data-legacy-shortcode=\"vc_column_inner\" data-legacy-shortcode-attrs=\"{&quot;width&quot;:&quot;2\\\/12&quot;}\"><p>[vc_icon icon_fontawesome=\u00a0\u00bbfa fa-facebook-square\u00a0\u00bb size=\u00a0\u00bblg\u00a0\u00bb link=\u00a0\u00bburl:http%3A%2F%2Fwww.facebook.com%2FMedicineHatFirefighters%3Fref%3Dhl||target:%20_blank|\u00a0\u00bb]<\/p>\n<\/div><\/p>\n<\/div><\/p>\n<\/div><div class=\"iaff_legacy_shortcode\" data-legacy-shortcode=\"vc_tta_section\" data-legacy-shortcode-attrs=\"{&quot;title&quot;:&quot;Meilleure photo in\\u00e9dite prise par un membre de l\\u2019AIP&quot;,&quot;tab_id&quot;:&quot;buptbaim&quot;}\"><p><div class=\"iaff_legacy_shortcode\" data-legacy-shortcode=\"vc_row_inner\"><div class=\"iaff_legacy_shortcode\" data-legacy-shortcode=\"vc_column_inner\"><div class=\"iaff_legacy_shortcode\" data-legacy-shortcode=\"vc_column_text\"><\/p>\n<h2><strong>MEILLEURE PHOTO IN\u00c9DITE PRISE PAR UN MEMBRE DE l\u2019AIP<\/strong><\/h2>\n<p>\n<\/div>\n<\/div>\n<\/div><div class=\"iaff_legacy_shortcode\" data-legacy-shortcode=\"vc_row_inner\"><p><div class=\"iaff_legacy_shortcode\" data-legacy-shortcode=\"vc_column_inner\" data-legacy-shortcode-attrs=\"{&quot;width&quot;:&quot;1\\\/12&quot;}\"><p>[vc_single_image image=\u00a0\u00bb32519&Prime; img_size=\u00a0\u00bbfull\u00a0\u00bb]<\/p>\n<\/div><div class=\"iaff_legacy_shortcode\" data-legacy-shortcode=\"vc_column_inner\" data-legacy-shortcode-attrs=\"{&quot;width&quot;:&quot;9\\\/12&quot;}\"><div class=\"iaff_legacy_shortcode\" data-legacy-shortcode=\"vc_column_text\"><p><strong>PREMI\u00c8RE PLACE<\/strong> \u00ab&nbsp;Incendie de camion-citerne&nbsp;\u00bb<br \/>\nPhoto de Chris Olson Soumise par Lynwood, WA Local 1984 Alors qu\u2019il \u00e9tait \u00e0 l\u2019Acad\u00e9mie des pompiers de l\u2019\u00c9tat de Washington, Chris Olson a pris cette photo d\u2019un exercice d\u2019entra\u00eenement offensif.<br \/>\nLa photo aux couleurs vives repr\u00e9sente des pompiers travaillant en \u00e9quipe.  <\/p>\n<\/div>\n<\/div><div class=\"iaff_legacy_shortcode\" data-legacy-shortcode=\"vc_column_inner\" data-legacy-shortcode-attrs=\"{&quot;width&quot;:&quot;2\\\/12&quot;}\"><p>[ultimate_modal icon_type=\u00a0\u00bbcustom\u00a0\u00bb icon_img=\u00a0\u00bbid^32604|url^https:\/\/www.iaff.org\/wp-content\/uploads\/Media_Awards\/2013\/viewphoto.gif|caption^null|alt^null|title^viewphoto|description^null\u00a0\u00bb modal_on=\u00a0\u00bbimage\u00a0\u00bb btn_img=\u00a0\u00bbid^32604|url^https:\/\/www.iaff.org\/wp-content\/uploads\/Media_Awards\/2013\/viewphoto.gif|caption^null|alt^null|title^viewphoto|description^null\u00a0\u00bb modal_size=\u00a0\u00bbmedium\u00a0\u00bb overlay_bg_opacity=\u00a0\u00bb80&Prime; img_size=\u00a0\u00bb80&Prime;]<img decoding=\"async\" class=\"alignnone size-large wp-image-32643\" src=\"https:\/\/www.iaff.org\/wp-content\/uploads\/Media_Awards\/2013\/firstplace-tanker-1024x623.jpg\" alt=\"\" width=\"1024\" height=\"623\">[\/ultimate_modal]<\/p>\n<\/div><\/p>\n<\/div><div class=\"iaff_legacy_shortcode\" data-legacy-shortcode=\"vc_row_inner\"><p><div class=\"iaff_legacy_shortcode\" data-legacy-shortcode=\"vc_column_inner\" data-legacy-shortcode-attrs=\"{&quot;width&quot;:&quot;1\\\/12&quot;}\"><p>[vc_single_image image=\u00a0\u00bb32519&Prime; img_size=\u00a0\u00bbfull\u00a0\u00bb]<\/p>\n<\/div><div class=\"iaff_legacy_shortcode\" data-legacy-shortcode=\"vc_column_inner\" data-legacy-shortcode-attrs=\"{&quot;width&quot;:&quot;9\\\/12&quot;}\"><div class=\"iaff_legacy_shortcode\" data-legacy-shortcode=\"vc_column_text\"><p><strong>DEUXI\u00c8ME PLACE<\/strong> \u00ab&nbsp;Sauvetage a\u00e9rien \u00e0 Coral Springs&nbsp;\u00bb<br \/>\nPhoto de Mike Jachles Soumise par le comt\u00e9 de Broward, FL Local 4321 Cette photo a \u00e9t\u00e9 prise alors qu\u2019un service de sauvetage a\u00e9rien du bureau du sh\u00e9rif du comt\u00e9 de Broward soul\u00e8ve un patient traumatis\u00e9 de la sc\u00e8ne d\u2019un accident.<br \/>\nL\u2019image est bien encadr\u00e9e et montre des services m\u00e9dicaux d\u2019urgence bas\u00e9s sur les incendies qui travaillent pour sauver une vie.  <\/p>\n<\/div>\n<\/div><div class=\"iaff_legacy_shortcode\" data-legacy-shortcode=\"vc_column_inner\" data-legacy-shortcode-attrs=\"{&quot;width&quot;:&quot;2\\\/12&quot;}\"><p>[ultimate_modal icon_type=\u00a0\u00bbcustom\u00a0\u00bb icon_img=\u00a0\u00bbid^32604|url^https:\/\/www.iaff.org\/wp-content\/uploads\/Media_Awards\/2013\/viewphoto.gif|caption^null|alt^null|title^viewphoto|description^null\u00a0\u00bb modal_on=\u00a0\u00bbimage\u00a0\u00bb btn_img=\u00a0\u00bbid^32604|url^https:\/\/www.iaff.org\/wp-content\/uploads\/Media_Awards\/2013\/viewphoto.gif|caption^null|alt^null|title^viewphoto|description^null\u00a0\u00bb modal_size=\u00a0\u00bbmedium\u00a0\u00bb overlay_bg_opacity=\u00a0\u00bb80&Prime; img_size=\u00a0\u00bb80&Prime;]<img decoding=\"async\" class=\"alignnone size-large wp-image-32644\" src=\"https:\/\/www.iaff.org\/wp-content\/uploads\/Media_Awards\/2013\/secondplace-airrescue-1024x575.jpg\" alt=\"\" width=\"1024\" height=\"575\">[\/ultimate_modal]<\/p>\n<\/div><\/p>\n<\/div><div class=\"iaff_legacy_shortcode\" data-legacy-shortcode=\"vc_row_inner\"><p><div class=\"iaff_legacy_shortcode\" data-legacy-shortcode=\"vc_column_inner\" data-legacy-shortcode-attrs=\"{&quot;width&quot;:&quot;1\\\/12&quot;}\"><\/div><div class=\"iaff_legacy_shortcode\" data-legacy-shortcode=\"vc_column_inner\" data-legacy-shortcode-attrs=\"{&quot;width&quot;:&quot;9\\\/12&quot;}\"><div class=\"iaff_legacy_shortcode\" data-legacy-shortcode=\"vc_column_text\"><p><strong>MENTION HONORABLE<\/strong> \u00ab Incendie \u00e0 une alarme, 4312, avenue Hamilton \u00bb<br \/>\nPhoto de David Jones Soumise par Cincinnati, OH Local 48 Les membres de la section locale 48 de Cincinnati peuvent \u00eatre vus sur cette photo remplie de fum\u00e9e alors qu\u2019ils ventilent un toit en ardoise lors d\u2019un incendie \u00e0 alarme unique.<br \/>\nLa photo est un visuel bien compos\u00e9 des pompiers effectuant efficacement cette t\u00e2che dangereuse.  <\/p>\n<\/div>\n<\/div><div class=\"iaff_legacy_shortcode\" data-legacy-shortcode=\"vc_column_inner\" data-legacy-shortcode-attrs=\"{&quot;width&quot;:&quot;2\\\/12&quot;}\"><p>[ultimate_modal icon_type=\u00a0\u00bbcustom\u00a0\u00bb icon_img=\u00a0\u00bbid^32604|url^https:\/\/www.iaff.org\/wp-content\/uploads\/Media_Awards\/2013\/viewphoto.gif|caption^null|alt^null|title^viewphoto|description^null\u00a0\u00bb modal_on=\u00a0\u00bbimage\u00a0\u00bb btn_img=\u00a0\u00bbid^32604|url^https:\/\/www.iaff.org\/wp-content\/uploads\/Media_Awards\/2013\/viewphoto.gif|caption^null|alt^null|title^viewphoto|description^null\u00a0\u00bb modal_size=\u00a0\u00bbmedium\u00a0\u00bb overlay_bg_opacity=\u00a0\u00bb80&Prime; img_size=\u00a0\u00bb80&Prime;]<img decoding=\"async\" class=\"alignnone size-full wp-image-32645\" src=\"https:\/\/www.iaff.org\/wp-content\/uploads\/Media_Awards\/2013\/hm-1alarm.jpg\" alt=\"\" width=\"960\" height=\"643\">[\/ultimate_modal]<\/p>\n<\/div><\/p>\n<\/div><div class=\"iaff_legacy_shortcode\" data-legacy-shortcode=\"vc_row_inner\"><p><div class=\"iaff_legacy_shortcode\" data-legacy-shortcode=\"vc_column_inner\" data-legacy-shortcode-attrs=\"{&quot;width&quot;:&quot;1\\\/12&quot;}\"><\/div><div class=\"iaff_legacy_shortcode\" data-legacy-shortcode=\"vc_column_inner\" data-legacy-shortcode-attrs=\"{&quot;width&quot;:&quot;9\\\/12&quot;}\"><div class=\"iaff_legacy_shortcode\" data-legacy-shortcode=\"vc_column_text\"><p><strong>MENTION HONORABLE<\/strong> \u00ab&nbsp;Vieux chien, jeunes chiots&nbsp;\u00bb<br \/>\nPhoto de Jeremy Rhode Soumise par les pompiers f\u00e9d\u00e9raux d\u2019Hawa\u00ef Local F-263 Le spectateur ressent imm\u00e9diatement l\u2019impact de cette photo en noir et blanc.<br \/>\nLa photo montre Rodney Whittington qui prend sa retraite et les pompiers qu\u2019il a encadr\u00e9s pour suivre ses traces.  <\/p>\n<\/div>\n<\/div><div class=\"iaff_legacy_shortcode\" data-legacy-shortcode=\"vc_column_inner\" data-legacy-shortcode-attrs=\"{&quot;width&quot;:&quot;2\\\/12&quot;}\"><p>[ultimate_modal icon_type=\u00a0\u00bbcustom\u00a0\u00bb icon_img=\u00a0\u00bbid^32604|url^https:\/\/www.iaff.org\/wp-content\/uploads\/Media_Awards\/2013\/viewphoto.gif|caption^null|alt^null|title^viewphoto|description^null\u00a0\u00bb modal_on=\u00a0\u00bbimage\u00a0\u00bb btn_img=\u00a0\u00bbid^32604|url^https:\/\/www.iaff.org\/wp-content\/uploads\/Media_Awards\/2013\/viewphoto.gif|caption^null|alt^null|title^viewphoto|description^null\u00a0\u00bb modal_size=\u00a0\u00bbmedium\u00a0\u00bb overlay_bg_opacity=\u00a0\u00bb80&Prime; img_size=\u00a0\u00bb80&Prime;]<img decoding=\"async\" class=\"alignnone size-full wp-image-32646\" src=\"https:\/\/www.iaff.org\/wp-content\/uploads\/Media_Awards\/2013\/hm-olddog.jpg\" alt=\"\" width=\"800\" height=\"533\">[\/ultimate_modal]<\/p>\n<\/div><\/p>\n<\/div><div class=\"iaff_legacy_shortcode\" data-legacy-shortcode=\"vc_row_inner\"><p><div class=\"iaff_legacy_shortcode\" data-legacy-shortcode=\"vc_column_inner\" data-legacy-shortcode-attrs=\"{&quot;width&quot;:&quot;1\\\/12&quot;}\"><\/div><div class=\"iaff_legacy_shortcode\" data-legacy-shortcode=\"vc_column_inner\" data-legacy-shortcode-attrs=\"{&quot;width&quot;:&quot;9\\\/12&quot;}\"><div class=\"iaff_legacy_shortcode\" data-legacy-shortcode=\"vc_column_text\"><p><strong>MENTION HONORABLE<\/strong> \u00ab Exercice d\u2019entra\u00eenement \u00e0 bord des navires \u00bb<br \/>\nPhoto de Richard Milligan Soumise par Seattle, WA Local 27 Cette photo a \u00e9t\u00e9 prise lors d\u2019un exercice d\u2019entra\u00eenement \u00e0 bord d\u2019un navire maritime.<br \/>\nEn raison de la fum\u00e9e, il est difficile de voir les environs, mais le photographe a tout de m\u00eame r\u00e9ussi \u00e0 faire la mise au point sur le pompier au centre.  <\/p>\n<\/div>\n<\/div><div class=\"iaff_legacy_shortcode\" data-legacy-shortcode=\"vc_column_inner\" data-legacy-shortcode-attrs=\"{&quot;width&quot;:&quot;2\\\/12&quot;}\"><p>[ultimate_modal icon_type=\u00a0\u00bbcustom\u00a0\u00bb icon_img=\u00a0\u00bbid^32604|url^https:\/\/www.iaff.org\/wp-content\/uploads\/Media_Awards\/2013\/viewphoto.gif|caption^null|alt^null|title^viewphoto|description^null\u00a0\u00bb modal_on=\u00a0\u00bbimage\u00a0\u00bb btn_img=\u00a0\u00bbid^32604|url^https:\/\/www.iaff.org\/wp-content\/uploads\/Media_Awards\/2013\/viewphoto.gif|caption^null|alt^null|title^viewphoto|description^null\u00a0\u00bb modal_size=\u00a0\u00bbmedium\u00a0\u00bb overlay_bg_opacity=\u00a0\u00bb80&Prime; img_size=\u00a0\u00bb80&Prime;]<img decoding=\"async\" class=\"alignnone size-large wp-image-32647\" src=\"https:\/\/www.iaff.org\/wp-content\/uploads\/Media_Awards\/2013\/hm-richardmilligan-1024x768.jpg\" alt=\"\" width=\"1024\" height=\"768\">[\/ultimate_modal]<\/p>\n<\/div><\/p>\n<\/div><\/p>\n<\/div><div class=\"iaff_legacy_shortcode\" data-legacy-shortcode=\"vc_tta_section\" data-legacy-shortcode-attrs=\"{&quot;title&quot;:&quot;Meilleure campagne de sensibilisation au cancer du sein&quot;,&quot;tab_id&quot;:&quot;bbcac&quot;}\"><p><div class=\"iaff_legacy_shortcode\" data-legacy-shortcode=\"vc_row_inner\"><div class=\"iaff_legacy_shortcode\" data-legacy-shortcode=\"vc_column_inner\"><div class=\"iaff_legacy_shortcode\" data-legacy-shortcode=\"vc_column_text\"><\/p>\n<h2><strong>MEILLEURE CAMPAGNE DE SENSIBILISATION AU CANCER DU SEIN<\/strong><\/h2>\n<p>\n<\/div>\n<\/div>\n<\/div><div class=\"iaff_legacy_shortcode\" data-legacy-shortcode=\"vc_row_inner\"><p><div class=\"iaff_legacy_shortcode\" data-legacy-shortcode=\"vc_column_inner\" data-legacy-shortcode-attrs=\"{&quot;width&quot;:&quot;1\\\/12&quot;}\"><p>[vc_single_image image=\u00a0\u00bb32519&Prime; img_size=\u00a0\u00bbfull\u00a0\u00bb]<\/p>\n<\/div><div class=\"iaff_legacy_shortcode\" data-legacy-shortcode=\"vc_column_inner\" data-legacy-shortcode-attrs=\"{&quot;width&quot;:&quot;11\\\/12&quot;}\"><div class=\"iaff_legacy_shortcode\" data-legacy-shortcode=\"vc_column_text\"><p><strong>PREMI\u00c8RE PLACE<\/strong> <strong>(ex-aequo)<\/strong> \u00ab&nbsp;Les pompiers de Kansas City luttent contre le cancer du sein&nbsp;\u00bb<br \/>\nProduit par Kansas City, MO Local 42 Soumis par Kansas City, MO Local 42 Les membres de la section locale 42 de Kansas City ont enfil\u00e9 des t-shirts roses bien con\u00e7us pour accro\u00eetre la sensibilisation au cancer du sein.<br \/>\nLes recettes de la vente de t-shirts fabriqu\u00e9s par le syndicat ont \u00e9t\u00e9 vers\u00e9es \u00e0 la Fondation de recherche sur le cancer du sein.  <\/p>\n<\/div>\n<\/div><\/p>\n<\/div><div class=\"iaff_legacy_shortcode\" data-legacy-shortcode=\"vc_row_inner\"><p><div class=\"iaff_legacy_shortcode\" data-legacy-shortcode=\"vc_column_inner\" data-legacy-shortcode-attrs=\"{&quot;width&quot;:&quot;1\\\/12&quot;}\"><p>[vc_single_image image=\u00a0\u00bb32519&Prime; img_size=\u00a0\u00bbfull\u00a0\u00bb]<\/p>\n<\/div><div class=\"iaff_legacy_shortcode\" data-legacy-shortcode=\"vc_column_inner\" data-legacy-shortcode-attrs=\"{&quot;width&quot;:&quot;11\\\/12&quot;}\"><div class=\"iaff_legacy_shortcode\" data-legacy-shortcode=\"vc_column_text\"><p><strong>PREMI\u00c8RE PLACE (\u00c9GALIT\u00c9)<\/strong> \u00ab Le service d\u2019incendie du comt\u00e9 de Prince George passe au rose pour la sensibilisation au cancer du sein \u00bb<br \/>\nProduit par le comt\u00e9 de Prince George, MD Local 1619 Soumis par Prince George\u2019s County, MD Local 1619 Les membres de la section locale 1619 du comt\u00e9 de Prince George, MD ont envelopp\u00e9 l\u2019une de ses pompes en rose, et ont port\u00e9 et vendu des t-shirts roses, afin de sensibiliser le public et de recueillir des fonds pour des organismes de bienfaisance locaux li\u00e9s au cancer du sein.<br \/>\nL\u2019autopompe rose a \u00e9t\u00e9 utilis\u00e9e pour plusieurs \u00e9v\u00e9nements, notamment un match de football des Redskins de Washington et un match de football de l\u2019Universit\u00e9 du Maryland.  <\/p>\n<\/div>\n<\/div><\/p>\n<\/div><div class=\"iaff_legacy_shortcode\" data-legacy-shortcode=\"vc_row_inner\"><p><div class=\"iaff_legacy_shortcode\" data-legacy-shortcode=\"vc_column_inner\" data-legacy-shortcode-attrs=\"{&quot;width&quot;:&quot;1\\\/12&quot;}\"><p>[vc_single_image image=\u00a0\u00bb32519&Prime; img_size=\u00a0\u00bbfull\u00a0\u00bb]<\/p>\n<\/div><div class=\"iaff_legacy_shortcode\" data-legacy-shortcode=\"vc_column_inner\" data-legacy-shortcode-attrs=\"{&quot;width&quot;:&quot;11\\\/12&quot;}\"><div class=\"iaff_legacy_shortcode\" data-legacy-shortcode=\"vc_column_text\"><p><strong>DEUXI\u00c8ME PLACE<\/strong> \u00ab Les pompiers de Bethl\u00e9em se lancent dans le rose pour le cancer \u00bb<br \/>\nProduit par Bethlehem, Pennsylvanie Local 735 Soumis par Bethlehem, Pennsylvanie Section locale 735 Bethlehem, Pennsylvanie Les membres de la section locale 735 ont lanc\u00e9 une campagne de sensibilisation populaire et une collecte de fonds portant un t-shirt rose.<br \/>\nLes pompiers \u00e9taient fiers de faire un don de 8 300 $ au R\u00e9seau universitaire de sant\u00e9 St. Luke\u2019s, qui traite les patients atteints de cancer.  <\/p>\n<\/div>\n<\/div><\/p>\n<\/div><\/p>\n<\/div><\/p>\n<\/div>\n<\/div>\n<\/div><\/p>\n","protected":false},"excerpt":{"rendered":"","protected":false},"featured_media":0,"parent":0,"menu_order":0,"comment_status":"closed","ping_status":"closed","template":"","meta":{"_acf_changed":false,"_searchwp_excluded":"","inline_featured_image":false,"_EventAllDay":false,"_EventTimezone":"","_EventStartDate":"","_EventEndDate":"","_EventStartDateUTC":"","_EventEndDateUTC":"","_EventShowMap":false,"_EventShowMapLink":false,"_EventURL":"","_EventCost":"","_EventCostDescription":"","_EventCurrencySymbol":"","_EventCurrencyCode":"","_EventCurrencyPosition":"","_EventDateTimeSeparator":"","_EventTimeRangeSeparator":"","_EventOrganizerID":[],"_EventVenueID":[],"_OrganizerEmail":"","_OrganizerPhone":"","_OrganizerWebsite":"","_VenueAddress":"","_VenueCity":"","_VenueCountry":"","_VenueProvince":"","_VenueState":"","_VenueZip":"","_VenuePhone":"","_VenueURL":"","_VenueStateProvince":"","_VenueLat":"","_VenueLng":"","_VenueShowMap":false,"_VenueShowMapLink":false,"footnotes":""},"class_list":["post-77566","page","type-page","status-publish","hentry"],"acf":[],"publishpress_future_workflow_manual_trigger":{"enabledWorkflows":[]},"_links":{"self":[{"href":"https:\/\/www.iaff.org\/fr-ca\/wp-json\/wp\/v2\/pages\/77566","targetHints":{"allow":["GET"]}}],"collection":[{"href":"https:\/\/www.iaff.org\/fr-ca\/wp-json\/wp\/v2\/pages"}],"about":[{"href":"https:\/\/www.iaff.org\/fr-ca\/wp-json\/wp\/v2\/types\/page"}],"author":[{"embeddable":true,"href":"https:\/\/www.iaff.org\/fr-ca\/wp-json\/wp\/v2\/users\/1"}],"replies":[{"embeddable":true,"href":"https:\/\/www.iaff.org\/fr-ca\/wp-json\/wp\/v2\/comments?post=77566"}],"version-history":[{"count":0,"href":"https:\/\/www.iaff.org\/fr-ca\/wp-json\/wp\/v2\/pages\/77566\/revisions"}],"wp:attachment":[{"href":"https:\/\/www.iaff.org\/fr-ca\/wp-json\/wp\/v2\/media?parent=77566"}],"curies":[{"name":"wp","href":"https:\/\/api.w.org\/{rel}","templated":true}]}}