{"id":77434,"date":"2022-10-31T20:13:33","date_gmt":"2022-11-01T00:13:33","guid":{"rendered":"https:\/\/www.iaff.org\/mesures-legislatives\/regime-de-retraite-a-prestations-determinees\/"},"modified":"2024-09-06T16:00:39","modified_gmt":"2024-09-06T20:00:39","slug":"regime-de-retraite-a-prestations-determinees","status":"publish","type":"page","link":"https:\/\/www.iaff.org\/fr-ca\/mesures-legislatives\/regime-de-retraite-a-prestations-determinees\/","title":{"rendered":"R\u00e9gime de retraite \u00e0 prestations d\u00e9termin\u00e9es"},"content":{"rendered":"<section\n\t class=\"secondary-hero align wp-block-acf-secondary-hero\" id=\"secondary-hero_block_97f4241cd5dc7626fe66d60a2567495d\">\n\t\n<header\n\tclass=\"w-full u-bg-full-width px-[22px] md:ps-bleed md:pe-0 py-[60px] bg-blue text-white u-has-rivets\"\n\tdata-theme=\"navy\"\n>\n\t<div class=\"flex flex-col !px-0 !max-w-[1440px] w-full lg:!ps-indent\">\n\t\t<div class=\"border-t-[6px] w-full my-0 flex flex-col md:flex-row gap-x-[62px] gap-y-[22px] border-gold\">\n\t\t\t\t\t\t\t<div class=\"relative grid md:order-last md:w-1\/2 overflow-hidden place-items-center aspect-[157\/105]\">\n\t\t\t\t\t<img decoding=\"async\" width=\"593\" height=\"400\" src=\"https:\/\/www.iaff.org\/wp-content\/uploads\/2024\/03\/L344_2013_MA.jpg\" class=\"absolute object-cover min-w-full h-full\" alt=\"\" srcset=\"https:\/\/www.iaff.org\/wp-content\/uploads\/2024\/03\/L344_2013_MA.jpg 593w, https:\/\/www.iaff.org\/wp-content\/uploads\/2024\/03\/L344_2013_MA-300x202.jpg 300w, https:\/\/www.iaff.org\/wp-content\/uploads\/2024\/03\/L344_2013_MA-240x162.jpg 240w\" sizes=\"(max-width: 593px) 100vw, 593px\" \/>\t\t\t\t<\/div>\n\t\t\t\t\t\t<div class=\"w-full md:w-1\/2 md:py-[45px]\">\n\t\t\t\t<div class=\"max-w-[600px] flex flex-col gap-[22px]\">\n\t\t\t\t\t\t\t\t\t\t\t<h1 class=\"has-[.u-halftone-shadow--dark]:mb-divider has-[.u-halftone-shadow--light]:mb-divider\">\n\t\t\t\t\t\t\t<span class=\"inline-flex text-heading-200 u-halftone-shadow--light\">\n\t\t\t\t\t\t\t\tR\u00e9gime de retraite \u00e0 prestations d\u00e9termin\u00e9es\t\t\t\t\t\t\t<\/span>\n\t\t\t\t\t\t<\/h1>\n\t\t\t\t\t\t\t\t\t\t\t\t\t\t\t\t<div class=\"text-body-300 font-sans\">\n\t\t\t\t\t\t\t<p>Les pompiers de toute l\u2019Am\u00e9rique du Nord m\u00e9ritent une retraite digne et s\u00fbre.<br \/>\nUn r\u00e9gime de retraite \u00e0 prestations d\u00e9termin\u00e9es est le moyen le plus s\u00fbr de se pr\u00e9parer \u00e0 la retraite.<br \/>\nVotre rente vous permettra de maintenir votre niveau de vie actuel \u00e0 la retraite.<br \/>\nLes r\u00e9gimes de retraite sont \u00e9conomiquement efficaces parce qu\u2019ils utilisent le pouvoir collectif d\u2019un groupe pour financer des prestations garanties \u00e0 vie.<br \/>\nDes \u00e9tudes montrent qu\u2019un r\u00e9gime de retraite \u00e0 prestations d\u00e9termin\u00e9es est le meilleur moyen d\u2019assurer la s\u00e9curit\u00e9 de la retraite.<br \/>\nNous nous sommes associ\u00e9s \u00e0 la National Public Pension Coalition (NPPC) et \u00e0 la National Conference on Public Employees Retirement Systems (NCPERS) pour prot\u00e9ger les r\u00e9gimes de retraite \u00e0 prestations d\u00e9termin\u00e9es des pompiers et pour nous assurer que ces r\u00e9gimes constituent la base d\u2019une retraite s\u00fbre.     <\/p>\n\t\t\t\t\t\t<\/div>\n\t\t\t\t\t\t\t\t\t\t\t\t\t\t\t\t\t\t\t\t\t\t\t\t<\/div>\n\t\t\t<\/div>\n\n\t\t<\/div>\n\t\t\t<\/div>\n<\/header>\n<\/section>\n<section\n\t class=\"page-blocks iaff-page-blocks align wp-block-acf-page-blocks\" id=\"page-blocks_block_28a08b1d07acc869457e2531ba358323\">\n\t<div class=\"acf-innerblocks-container\">\n<section\n\t class=\"section-header mb-10 align wp-block-acf-section-header\" id=\"section-header_block_3286d0eb472245862e5e7b8bdb1a1076\">\n\t<div class=\"\">\n\t<div class=\"flex flex-col md:flex-row justify-between max-w-content gap-x-8 md:items-end flex-wrap\">\n\t\t<h2 class=\"text-heading-200 pb-[2px]\">\n\t\t\tQu\u2019est-ce qu\u2019un r\u00e9gime de retraite \u00e0 prestations d\u00e9termin\u00e9es&nbsp;?\t\t<\/h2>\n\n\t\t\t\t\t<div class=\"md:order-last w-full\">\n\t\t\t\t\n\t<hr class=\"h-[6px] text-red border-red bg-red w-full my-0\" role=\"presentation\"\/>\n\n\t<div class=\"h-divider w-full bg-halftone-divider bg-right\"><\/div>\n\t\t\t<\/div>\n\t\t\n\t\t\t<\/div>\n<\/div>\n<\/section>\n\n\n<div class=\"wp-block-paragraph \">\n<p>Un r\u00e9gime de retraite \u00e0 prestations d\u00e9termin\u00e9es offre un paiement garanti \u00e0 la retraite pour le reste de la vie d\u2019une personne. Les travailleurs gagnent leur pension en cotisant une partie de chaque ch\u00e8que de paie pour leur retraite. Leurs cotisations sont combin\u00e9es \u00e0 celles de leur employeur, puis cet argent est investi.\nLes r\u00e9gimes de retraite \u00e0 prestations d\u00e9termin\u00e9es offrent des frais peu \u00e9lev\u00e9s, une diversification de l\u2019actif, une mise en commun du risque de long\u00e9vit\u00e9 et une gestion professionnelle.\nEn raison de ces avantages, les pensions sont en mesure de fournir des prestations \u00e9quivalentes ou sup\u00e9rieures pour environ la moiti\u00e9 du co\u00fbt des r\u00e9gimes \u00e0 cotisations d\u00e9finies de type 401(k).  <\/p>\n<\/div>\n\n<div class=\"wp-block-paragraph \">\n<p><em>*Information de la Coalition nationale des pensions publiques<\/em><\/p>\n<\/div>\n\n\n<div class=\"wp-block-buttons is-layout-flex wp-block-buttons-is-layout-flex\">\n<div class=\"wp-block-button\"><a class=\"wp-block-button__link wp-element-button\" href=\"https:\/\/assets.aarp.org\/www.aarp.org_\/articles\/work\/public-pension-factsheet.pdf\" target=\"_blank\" rel=\"noreferrer noopener\">Fiche<\/a><\/div>\n<\/div>\n\n<\/div><\/section>\n<section\n\t class=\"page-blocks iaff-page-blocks align wp-block-acf-page-blocks\" id=\"page-blocks_block_28a08b1d07acc869457e2531ba358323\">\n\t<div class=\"acf-innerblocks-container\">\n<section\n\t class=\"section-header mb-10 align wp-block-acf-section-header\" id=\"section-header_block_faf770e91e7deb233bc7ce87832244b6\">\n\t<div class=\"\">\n\t<div class=\"flex flex-col md:flex-row justify-between max-w-content gap-x-8 md:items-end flex-wrap\">\n\t\t<h2 class=\"text-heading-200 pb-[2px]\">\n\t\t\tHistorique des r\u00e9gimes de retraite publics\t\t<\/h2>\n\n\t\t\t\t\t<div class=\"md:order-last w-full\">\n\t\t\t\t\n\t<hr class=\"h-[6px] text-red border-red bg-red w-full my-0\" role=\"presentation\"\/>\n\n\t<div class=\"h-divider w-full bg-halftone-divider bg-right\"><\/div>\n\t\t\t<\/div>\n\t\t\n\t\t\t<\/div>\n<\/div>\n<\/section>\n\n\n<div class=\"wp-block-paragraph \">\n<p>Les pensions ont jou\u00e9 un r\u00f4le essentiel dans <a href=\"https:\/\/pensionresearchcouncil.wharton.upenn.edu\/wp-content\/uploads\/2015\/09\/0-8122-3714-5-1.pdf\" target=\"_blank\" rel=\"noreferrer noopener\">la s\u00e9curit\u00e9 de la retraite depuis les premiers jours de la r\u00e9publique<\/a>, remontant aux colonies am\u00e9ricaines offrant des pensions aux soldats bless\u00e9s pendant la guerre d\u2019ind\u00e9pendance.\nVous trouverez ci-dessous un bref historique des pensions publiques aux \u00c9tats-Unis et pourquoi cela est important pour l\u2019avenir de la s\u00e9curit\u00e9 de la retraite. <\/p>\n<\/div>\n\n\n<h4 class=\"wp-block-heading\">Les d\u00e9buts des pensions publiques  <\/h4>\n\n\n<div class=\"wp-block-paragraph \">\n<p>Il y a 163 ans, en 1857, la ville de New York cr\u00e9ait <a href=\"https:\/\/protectpensions.org\/wp-content\/uploads\/2017\/03\/NPPC-Why-Pensions-Matter-FINAL.pdf\" target=\"_blank\" rel=\"noreferrer noopener\">le premier r\u00e9gime de retraite public<\/a> du pays.\nIl offrait un paiement forfaitaire aux policiers de la ville s\u2019ils \u00e9taient bless\u00e9s alors qu\u2019ils servaient le public.\nEn 1878, ce r\u00e9gime a \u00e9t\u00e9 modifi\u00e9 afin d\u2019offrir une pension aux policiers \u00e2g\u00e9s de 55 ans et ayant servi la ville pendant au moins 21 ans.  <\/p>\n<\/div>\n\n<div class=\"wp-block-paragraph \">\n<p>17 ans plus tard, la ville a continu\u00e9 d\u2019\u00eatre pionni\u00e8re dans la cr\u00e9ation des premiers r\u00e9gimes de retraite publics du pays, lorsque l\u2019arrondissement de Manhattan est devenu la premi\u00e8re juridiction du pays \u00e0 offrir un r\u00e9gime de retraite \u00e0 ses \u00e9ducateurs publics.<\/p>\n<\/div>\n\n\n<h4 class=\"wp-block-heading\">L\u2019\u00e8re progressiste et le New Deal  <\/h4>\n\n\n<div class=\"wp-block-paragraph \">\n<p>Au cours de <a href=\"https:\/\/www.wikiwand.com\/en\/Progressive_Era\" target=\"_blank\" rel=\"noreferrer noopener\">l\u2019\u00e8re progressiste<\/a>, une p\u00e9riode de r\u00e9forme politique pour les droits des travailleurs \u00e0 la fin du 19e et au d\u00e9but du 20e si\u00e8cle, les d\u00e9cideurs politiques ont adopt\u00e9 des pensions publiques dans davantage de r\u00e9gions du pays. <a href=\"https:\/\/www.ncpers.org\/Files\/evolution_of_public_pensions_2d.pdf\" target=\"_blank\" rel=\"noreferrer noopener\">Par exemple<\/a>, le Massachusetts a \u00e9tabli le premier syst\u00e8me de retraite public pour les employ\u00e9s de l\u2019\u00c9tat en 1911.\nLe Dakota du Nord et la Californie ont \u00e9galement cr\u00e9\u00e9 des r\u00e9gimes de retraite publics pour les \u00e9ducateurs en 1913, suivis par le Connecticut et la Pennsylvanie en 1917 et le New Jersey en 1919. <\/p>\n<\/div>\n\n<div class=\"wp-block-paragraph \">\n<p>Ce n\u2019est que lorsque le pr\u00e9sident Franklin D. Roosevelt a sign\u00e9 la loi sur la s\u00e9curit\u00e9 sociale de 1935 pendant le New Deal, cependant, que les gouvernements locaux et \u00e9tatiques ont commenc\u00e9 \u00e0 offrir en masse des pensions publiques \u00e0 leurs employ\u00e9s.\nEn vertu de la loi sur la s\u00e9curit\u00e9 sociale telle qu\u2019elle a \u00e9t\u00e9 r\u00e9dig\u00e9e \u00e0 l\u2019origine, les employ\u00e9s des gouvernements locaux et \u00e9tatiques \u00e9taient exclus de la participation \u00e0 la s\u00e9curit\u00e9 sociale en raison de pr\u00e9occupations constitutionnelles concernant la fiscalit\u00e9.\nEn cons\u00e9quence, les employeurs publics ont commenc\u00e9 \u00e0 \u00e9tendre les pensions pour offrir une retraite s\u00fbre \u00e0 leurs travailleurs.\nEntre 1935 et 1950, <a href=\"https:\/\/www.ncpers.org\/Files\/evolution_of_public_pensions_2d.pdf\" target=\"_blank\" rel=\"noreferrer noopener\">environ la moiti\u00e9 <\/a>des principaux r\u00e9gimes de retraite des gouvernements d\u2019\u00c9tat et locaux du pays ont \u00e9t\u00e9 cr\u00e9\u00e9s.   <\/p>\n<\/div>\n\n<div class=\"wp-block-paragraph \">\n<p>La loi sur la s\u00e9curit\u00e9 sociale a finalement \u00e9t\u00e9 modifi\u00e9e apr\u00e8s 1950 pour permettre aux employ\u00e9s des gouvernements locaux et de l\u2019\u00c9tat de participer \u00e0 la fois au programme et \u00e0 un r\u00e9gime de retraite public.\nCependant, dans plusieurs \u00c9tats, de nombreux employ\u00e9s du secteur public ne sont toujours pas \u00e9ligibles \u00e0 la s\u00e9curit\u00e9 sociale en raison de leur r\u00e9gime de retraite qui n\u2019inclut pas de couverture pour celle-ci.\nSelon <a href=\"https:\/\/www.nasra.org\/socialsecurity\" target=\"_blank\" rel=\"noreferrer noopener\">la National Association of State Retirement Administrators (NASRA),<\/a> la plupart ou presque tous les employ\u00e9s publics de l\u2019Alaska, du Colorado, de la Louisiane, du Maine, du Massachusetts, du Nevada et de l\u2019Ohio ne participent pas \u00e0 la s\u00e9curit\u00e9 sociale, ce qui fait de leurs pensions \u00e0 prestations d\u00e9finies une source essentielle de revenus \u00e0 la retraite.  <\/p>\n<\/div>\n\n\n<h4 class=\"wp-block-heading\">L\u2019adoption du 401(k) dans le secteur priv\u00e9 et l\u2019avenir de la s\u00e9curit\u00e9 de la retraite  <\/h4>\n\n\n<div class=\"wp-block-paragraph \">\n<p>En 1978, le Congr\u00e8s a adopt\u00e9 le Revenue Act, qui a cr\u00e9\u00e9 des comptes \u00e0 contributions d\u00e9finies comme les 401(k).\nLes 401(k) ont \u00e9t\u00e9 con\u00e7us \u00e0 l\u2019origine pour que les personnes fortun\u00e9es<a href=\"https:\/\/protectpensions.org\/2018\/01\/11\/changing-retirement-anniversary-401k\/\" target=\"_blank\" rel=\"noreferrer noopener\"> puissent \u00e9conomiser de l\u2019argent sur leurs imp\u00f4ts<\/a>, mais les entreprises du secteur priv\u00e9 se sont vite rendu compte qu\u2019elles pouvaient \u00e9galement r\u00e9duire leurs b\u00e9n\u00e9fices en utilisant ces comptes comme plans de retraite pour leurs employ\u00e9s, au lieu de fournir des plans \u00e0 prestations d\u00e9finies. <\/p>\n<\/div>\n\n<div class=\"wp-block-paragraph \">\n<p>Apr\u00e8s son introduction, l\u2019utilisation de l&rsquo;401(k) a explos\u00e9 dans le secteur priv\u00e9.\nEn 2018, plus de <a href=\"https:\/\/protectpensions.org\/2018\/01\/11\/changing-retirement-anniversary-401k\/\" target=\"_blank\" rel=\"noreferrer noopener\">58 millions d\u2019Am\u00e9ricains<\/a> participent \u00e0 un 401 (k).\nCependant, ils ont \u00e9t\u00e9 un d\u00e9sastre pour la s\u00e9curit\u00e9 de la retraite des travailleurs du secteur priv\u00e9.\nLes 401(k) ont \u00e9t\u00e9 commercialis\u00e9s comme un moyen pour les travailleurs d\u2019\u00e9conomiser de l\u2019argent par eux-m\u00eames pour se pr\u00e9parer \u00e0 la retraite, mais avec l\u2019augmentation<a href=\"https:\/\/www.investopedia.com\/ask\/answers\/101314\/what-does-current-cost-living-compare-20-years-ago.asp\" target=\"_blank\" rel=\"noreferrer noopener\"> du co\u00fbt de la vie<\/a> qui ronge la valeur des ch\u00e8ques de paie des gens, de nombreux travailleurs ne sont tout simplement pas en mesure d\u2019\u00e9pargner suffisamment pour prendre leur retraite.\nSelon Fidelity Investments, le montant m\u00e9dian de ses comptes 401 (k) n\u2019est que <a href=\"https:\/\/protectpensions.org\/2019\/10\/16\/401ks-caused-retirement-security-crisis\/\" target=\"_blank\" rel=\"noreferrer noopener\">de 24 500 $<\/a>, ce qui est loin d\u2019\u00eatre suffisant pour une retraite digne.    <\/p>\n<\/div>\n\n<div class=\"wp-block-paragraph \">\n<p>L\u2019adoption g\u00e9n\u00e9ralis\u00e9e des 401(k) dans le secteur priv\u00e9 a \u00e9galement donn\u00e9 aux d\u00e9tracteurs des pensions publiques des munitions pour attaquer la s\u00e9curit\u00e9 de la retraite des travailleurs du secteur public, malgr\u00e9 les preuves que les pensions publiques offrent une retraite plus s\u00fbre \u00e0 un <a href=\"https:\/\/www.reuters.com\/article\/us-usa-pensions-ners\/study-says-401-style-public-pensions-cost-more-than-traditional-plans-idUSKBN0LE2XT20150211\" target=\"_blank\" rel=\"noreferrer noopener\">co\u00fbt moins \u00e9lev\u00e9 pour les gouvernements des \u00c9tats et locaux que les 401(k)s<\/a>.\nPar exemple, en <a href=\"https:\/\/protectpensions.org\/2015\/09\/14\/west-virginia-has-a-lesson-for-kentucky\/\" target=\"_blank\" rel=\"noreferrer noopener\">Virginie-Occidentale<\/a>, ces adversaires ont fait pression sur la l\u00e9gislature de l\u2019\u00c9tat pour qu\u2019elle fasse passer les \u00e9ducateurs publics nouvellement embauch\u00e9s \u00e0 un syst\u00e8me \u00e0 cotisations d\u00e9finies de type 401(k) au lieu du West Virginia Teachers Retirement System (TRS).\nL\u2019exp\u00e9rience s\u2019est av\u00e9r\u00e9e si d\u00e9sastreuse qu\u2019en 2015, la Virginie-Occidentale a rouvert le TRS et que pr\u00e8s de <a href=\"https:\/\/protectpensions.org\/wp-content\/uploads\/2018\/04\/DC-one-pager.pdf\" target=\"_blank\" rel=\"noreferrer noopener\">80 % <\/a>des \u00e9ducateurs publics de l\u2019\u00c9tat sont revenus au r\u00e9gime \u00e0 prestations d\u00e9finies.  <\/p>\n<\/div>\n\n<div class=\"wp-block-paragraph \">\n<p>Bien que les pensions publiques ne soient peut-\u00eatre plus des poulets de printemps, les d\u00e9cideurs politiques seraient bien avis\u00e9s de les prot\u00e9ger compte tenu de leur longue et riche histoire d\u2019emp\u00eacher les fonctionnaires retrait\u00e9s de notre pays de <a href=\"https:\/\/www.nirsonline.org\/wp-content\/uploads\/2020\/01\/Examining-the-Nest-Egg-Final-1.pdf\" target=\"_blank\" rel=\"noreferrer noopener\">tomber dans la pauvret\u00e9<\/a>.<\/p>\n<\/div>\n\n<div class=\"wp-block-paragraph \">\n<p><em>*De la Coalition nationale des pensions publiques<\/em><\/p>\n<\/div>\n<\/div><\/section>\n<section\n\t class=\"page-blocks iaff-page-blocks align wp-block-acf-page-blocks\" id=\"page-blocks_block_28a08b1d07acc869457e2531ba358323\">\n\t<div class=\"acf-innerblocks-container\">\n<section\n\t class=\"section-header mb-10 align wp-block-acf-section-header\" id=\"section-header_block_928d8dd6b843076219748c470ee86bfe\">\n\t<div class=\"\">\n\t<div class=\"flex flex-col md:flex-row justify-between max-w-content gap-x-8 md:items-end flex-wrap\">\n\t\t<h2 class=\"text-heading-200 pb-[2px]\">\n\t\t\tRessources\t\t<\/h2>\n\n\t\t\t\t\t<div class=\"md:order-last w-full\">\n\t\t\t\t\n\t<hr class=\"h-[6px] text-red border-red bg-red w-full my-0\" role=\"presentation\"\/>\n\n\t<div class=\"h-divider w-full bg-halftone-divider bg-right\"><\/div>\n\t\t\t<\/div>\n\t\t\n\t\t\t<\/div>\n<\/div>\n<\/section>\n\n\n<section\n\t class=\"card-grid pt-5 align wp-block-acf-card-grid\" id=\"card-grid_block_2aebefbb539f239f5f617583f0085aac\">\n\t\n\t<div class=\"iaff-card-grid md:px-indent\">\n\t\t\t\t<div class=\"acf-innerblocks-container\">\n<article\n\t class=\"link-card flex align wp-block-acf-link-card\" id=\"link-card_block_37dab35672235f3696d3ccd35229e232\">\n\t<a href=\"https:\/\/www.ncpers.org\/\" target=\"_blank\" class=\"p-0 flex flex-col w-full h-full group no-underline\" rel=\"noopener\">\t<div class=\"bg-halftone-dark p-3 min-h-divider w-full grid place-items-center\"><\/div>\n\t<div class=\"relative px-10 py-9 bg-smoke\/5 text-body-500 flex flex-col gap-card-gap flex-1 transition duration-hover group-hover:bg-white\">\n\t\t\t\t\t<h4 class=\"text-heading-400-serif\">\n\t\t\t\tConf\u00e9rence nationale sur les r\u00e9gimes de retraite des fonctionnaires (NPERS)\t\t\t<\/h4>\n\t\t\t\t<div class=\"relative flex flex-col flex-1 gap-card-gap text-body-500 justify-start min-h-[120px]\">\n\t\t\t\t\t\t\t\t\t\t<div class=\"flex-grow-1 text-body-500\">\n\t\t\t\t\tLa National Conference on Public Employee Retirement Systems (NCPERS) est la plus grande association professionnelle de r\u00e9gimes de retraite publics, repr\u00e9sentant environ 500 r\u00e9gimes, promoteurs de r\u00e9gimes et autres intervenants aux \u00c9tats-Unis et au Canada.\nOrganis\u00e9 en tant qu\u2019organisation \u00e0 but non lucratif 501 (c) (3), nous sommes un r\u00e9seau unique de fiduciaires, d\u2019administrateurs, de fonctionnaires et de professionnels de l\u2019investissement qui supervisent collectivement environ 4 billions de dollars de fonds de retraite g\u00e9r\u00e9s pour le compte de sept millions de retrait\u00e9s et de pr\u00e8s de 15 millions de fonctionnaires actifs, y compris des pompiers, des agents des forces de l\u2019ordre, des enseignants et d\u2019autres fonctionnaires.   \t\t\t\t<\/div>\n\t\t\t\t\t\t\t\t\t\t<div class=\"mt-auto group-hover\">\n\t\t\t\t\t<!-- Renders the same as core\/button with a specific style -->\n\t<div>\n\t\t\t\t\t<div\n\t\t\t\tclass=\"inline-flex gap-[16px] items-center text-inherit text-button-300 decoration-transparent underline underline-offset-2 transition-colors duration-hover group-hover:decoration-current group-focus-visible:decoration-current\"\n\t\t\t>\n\t\t\t\t<span>\n\t\t\t\t\tLearn More\t\t\t\t<\/span>\n\t\t\t\t<svg xmlns=\"http:\/\/www.w3.org\/2000\/svg\" width=\"15\" height=\"15\" fill=\"none\" viewBox=\"0 0 15 15\"><path stroke=\"currentColor\" stroke-linecap=\"square\" stroke-width=\"2\" d=\"M11.6347 7.49976L1 7.49976\"\/><path stroke=\"currentColor\" stroke-linecap=\"square\" stroke-width=\"2\" d=\"M7.31445 2.13138L12.7061 7.50014L7.31445 12.8689\"\/><\/svg>\t\t\t<\/div>\n\t\t\t<\/div>\n\t\t\t\t<\/div>\n\t\t\t\t\t<\/div>\n\t<\/div>\n\t<\/a><\/article>\n\n\n<article\n\t class=\"link-card flex align wp-block-acf-link-card\" id=\"link-card_block_277ce44fb4e674e4aeddddb992c7d332\">\n\t<a href=\"https:\/\/protectpensions.org\/\" target=\"_blank\" class=\"p-0 flex flex-col w-full h-full group no-underline\" rel=\"noopener\">\t<div class=\"bg-halftone-dark p-3 min-h-divider w-full grid place-items-center\"><\/div>\n\t<div class=\"relative px-10 py-9 bg-smoke\/5 text-body-500 flex flex-col gap-card-gap flex-1 transition duration-hover group-hover:bg-white\">\n\t\t\t\t\t<h4 class=\"text-heading-400-serif\">\n\t\t\t\tCoalition nationale des pensions publiques (NPPC)\t\t\t<\/h4>\n\t\t\t\t<div class=\"relative flex flex-col flex-1 gap-card-gap text-body-500 justify-start min-h-[120px]\">\n\t\t\t\t\t\t\t\t\t\t<div class=\"flex-grow-1 text-body-500\">\n\t\t\t\t\tLa mission de la NPPC est de prot\u00e9ger efficacement les r\u00e9gimes de retraite \u00e0 prestations d\u00e9termin\u00e9es des employ\u00e9s du secteur public et de veiller \u00e0 ce que ces r\u00e9gimes continuent de constituer la base d\u2019une retraite s\u00fbre.  \t\t\t\t<\/div>\n\t\t\t\t\t\t\t\t\t\t<div class=\"mt-auto group-hover\">\n\t\t\t\t\t<!-- Renders the same as core\/button with a specific style -->\n\t<div>\n\t\t\t\t\t<div\n\t\t\t\tclass=\"inline-flex gap-[16px] items-center text-inherit text-button-300 decoration-transparent underline underline-offset-2 transition-colors duration-hover group-hover:decoration-current group-focus-visible:decoration-current\"\n\t\t\t>\n\t\t\t\t<span>\n\t\t\t\t\tLearn More\t\t\t\t<\/span>\n\t\t\t\t<svg xmlns=\"http:\/\/www.w3.org\/2000\/svg\" width=\"15\" height=\"15\" fill=\"none\" viewBox=\"0 0 15 15\"><path stroke=\"currentColor\" stroke-linecap=\"square\" stroke-width=\"2\" d=\"M11.6347 7.49976L1 7.49976\"\/><path stroke=\"currentColor\" stroke-linecap=\"square\" stroke-width=\"2\" d=\"M7.31445 2.13138L12.7061 7.50014L7.31445 12.8689\"\/><\/svg>\t\t\t<\/div>\n\t\t\t<\/div>\n\t\t\t\t<\/div>\n\t\t\t\t\t<\/div>\n\t<\/div>\n\t<\/a><\/article>\n\n\n<article\n\t class=\"link-card flex align wp-block-acf-link-card\" id=\"link-card_block_13a155b80933a0990b73da7268031fea\">\n\t<a href=\"https:\/\/www.nirsonline.org\/\" target=\"_blank\" class=\"p-0 flex flex-col w-full h-full group no-underline\" rel=\"noopener\">\t<div class=\"bg-halftone-dark p-3 min-h-divider w-full grid place-items-center\"><\/div>\n\t<div class=\"relative px-10 py-9 bg-smoke\/5 text-body-500 flex flex-col gap-card-gap flex-1 transition duration-hover group-hover:bg-white\">\n\t\t\t\t\t<h4 class=\"text-heading-400-serif\">\n\t\t\t\tInstitut national sur la s\u00e9curit\u00e9 de la retraite\t\t\t<\/h4>\n\t\t\t\t<div class=\"relative flex flex-col flex-1 gap-card-gap text-body-500 justify-start min-h-[120px]\">\n\t\t\t\t\t\t\t\t\t\t<div class=\"flex-grow-1 text-body-500\">\n\t\t\t\t\tLe National Institute on Retirement Security est un organisme de recherche et d\u2019\u00e9ducation \u00e0 but non lucratif cr\u00e9\u00e9 pour contribuer \u00e0 l\u2019\u00e9laboration de politiques \u00e9clair\u00e9es en favorisant une compr\u00e9hension approfondie de la valeur de la s\u00e9curit\u00e9 de la retraite pour les employ\u00e9s, les employeurs et l\u2019\u00e9conomie dans son ensemble.  \t\t\t\t<\/div>\n\t\t\t\t\t\t\t\t\t\t<div class=\"mt-auto group-hover\">\n\t\t\t\t\t<!-- Renders the same as core\/button with a specific style -->\n\t<div>\n\t\t\t\t\t<div\n\t\t\t\tclass=\"inline-flex gap-[16px] items-center text-inherit text-button-300 decoration-transparent underline underline-offset-2 transition-colors duration-hover group-hover:decoration-current group-focus-visible:decoration-current\"\n\t\t\t>\n\t\t\t\t<span>\n\t\t\t\t\tLearn More\t\t\t\t<\/span>\n\t\t\t\t<svg xmlns=\"http:\/\/www.w3.org\/2000\/svg\" width=\"15\" height=\"15\" fill=\"none\" viewBox=\"0 0 15 15\"><path stroke=\"currentColor\" stroke-linecap=\"square\" stroke-width=\"2\" d=\"M11.6347 7.49976L1 7.49976\"\/><path stroke=\"currentColor\" stroke-linecap=\"square\" stroke-width=\"2\" d=\"M7.31445 2.13138L12.7061 7.50014L7.31445 12.8689\"\/><\/svg>\t\t\t<\/div>\n\t\t\t<\/div>\n\t\t\t\t<\/div>\n\t\t\t\t\t<\/div>\n\t<\/div>\n\t<\/a><\/article>\n\n<\/div>\t<\/div>\n\n\t\n<\/section>\n\n<\/div><\/section>\n","protected":false},"excerpt":{"rendered":"","protected":false},"featured_media":0,"parent":63876,"menu_order":0,"comment_status":"closed","ping_status":"closed","template":"","meta":{"_acf_changed":false,"_searchwp_excluded":"","inline_featured_image":false,"_EventAllDay":false,"_EventTimezone":"","_EventStartDate":"","_EventEndDate":"","_EventStartDateUTC":"","_EventEndDateUTC":"","_EventShowMap":false,"_EventShowMapLink":false,"_EventURL":"","_EventCost":"","_EventCostDescription":"","_EventCurrencySymbol":"","_EventCurrencyCode":"","_EventCurrencyPosition":"","_EventDateTimeSeparator":"","_EventTimeRangeSeparator":"","_EventOrganizerID":[],"_EventVenueID":[],"_OrganizerEmail":"","_OrganizerPhone":"","_OrganizerWebsite":"","_VenueAddress":"","_VenueCity":"","_VenueCountry":"","_VenueProvince":"","_VenueState":"","_VenueZip":"","_VenuePhone":"","_VenueURL":"","_VenueStateProvince":"","_VenueLat":"","_VenueLng":"","_VenueShowMap":false,"_VenueShowMapLink":false,"footnotes":""},"class_list":["post-77434","page","type-page","status-publish","hentry"],"acf":[],"publishpress_future_workflow_manual_trigger":{"enabledWorkflows":[]},"_links":{"self":[{"href":"https:\/\/www.iaff.org\/fr-ca\/wp-json\/wp\/v2\/pages\/77434","targetHints":{"allow":["GET"]}}],"collection":[{"href":"https:\/\/www.iaff.org\/fr-ca\/wp-json\/wp\/v2\/pages"}],"about":[{"href":"https:\/\/www.iaff.org\/fr-ca\/wp-json\/wp\/v2\/types\/page"}],"author":[{"embeddable":true,"href":"https:\/\/www.iaff.org\/fr-ca\/wp-json\/wp\/v2\/users\/5"}],"replies":[{"embeddable":true,"href":"https:\/\/www.iaff.org\/fr-ca\/wp-json\/wp\/v2\/comments?post=77434"}],"version-history":[{"count":0,"href":"https:\/\/www.iaff.org\/fr-ca\/wp-json\/wp\/v2\/pages\/77434\/revisions"}],"up":[{"embeddable":true,"href":"https:\/\/www.iaff.org\/fr-ca\/wp-json\/wp\/v2\/pages\/63876"}],"wp:attachment":[{"href":"https:\/\/www.iaff.org\/fr-ca\/wp-json\/wp\/v2\/media?parent=77434"}],"curies":[{"name":"wp","href":"https:\/\/api.w.org\/{rel}","templated":true}]}}