{"id":76761,"date":"2019-06-24T16:16:36","date_gmt":"2019-06-24T20:16:36","guid":{"rendered":"https:\/\/www.iaff.org\/politique-relative-au-logo-de-laip\/"},"modified":"2026-02-03T15:33:58","modified_gmt":"2026-02-03T20:33:58","slug":"politique-relative-au-logo-de-laip","status":"publish","type":"page","link":"https:\/\/www.iaff.org\/fr-ca\/politique-relative-au-logo-de-laip\/","title":{"rendered":"Politique des logos de l\u2019IAFF"},"content":{"rendered":"<section\n\t class=\"secondary-hero align wp-block-acf-secondary-hero\" id=\"secondary-hero_block_22e952294e3dee59ab0a0989a2d03ce6\">\n\t\n<header\n\tclass=\"w-full u-bg-full-width px-[22px] md:ps-bleed md:pe-0 py-[60px] bg-smoke-5 text-black u-has-rivets u-rivets-dark\"\n\tdata-theme=\"gray\"\n>\n\t<div class=\"flex flex-col !px-0 !max-w-[1440px] w-full lg:!ps-indent\">\n\t\t<div class=\"border-t-[6px] w-full my-0 flex flex-col md:flex-row gap-x-[62px] gap-y-[22px] border-red\">\n\t\t\t\t\t\t<div class=\"w-full md:w-1\/2 md:py-[45px]\">\n\t\t\t\t<div class=\"max-w-[600px] flex flex-col gap-[22px]\">\n\t\t\t\t\t\t\t\t\t\t\t<h1 class=\"has-[.u-halftone-shadow--dark]:mb-divider has-[.u-halftone-shadow--light]:mb-divider pt-[22px] md:pt-0\">\n\t\t\t\t\t\t\t<span class=\"inline-flex text-heading-200 u-halftone-shadow--dark\">\n\t\t\t\t\t\t\t\tPolitique des logos de l\u2019IAFF\t\t\t\t\t\t\t<\/span>\n\t\t\t\t\t\t<\/h1>\n\t\t\t\t\t\t\t\t\t\t\t\t\t\t\t\t\t\t\t\t\t\t\t\t\t\t\t\t\t<\/div>\n\t\t\t<\/div>\n\n\t\t<\/div>\n\t\t\t\t\t<div class=\"order-first flex justify-start w-full pb-[22px]\">\n\t\t\t\t<div\n\tclass=\"wp-block-button is-style-tertiary text-smoke is-style-tertiary-back\"\n>\n\t\t\t<a\n\t\t\thref=\"https:\/\/www.iaff.org\/fr-ca\/directives-relatives-au-logo\/\"\n\t\t\tclass=\"wp-block-button__link wp-element-button group\"\n\t\t\t\t\t>\n\t\t\t<span\n\t\t\tclass=\"decoration-transparent underline underline-offset-2 group-hover:decoration-inherit group-focus-visible:decoration-inherit transition duration-hover\"\n\t\t>\n\t\t\tDirectives pour les logos\t\t<\/span>\n\n\t\t<span\n\t\t\tclass=\"bg-inherit transition-colors duration-hover group-hover:bg-gold group-focus:bg-gold inline-flex rotate-180 order-first\"\n\t\t>\n\t\t\t<svg xmlns=\"http:\/\/www.w3.org\/2000\/svg\" width=\"21\" height=\"22\" fill=\"none\" viewBox=\"0 0 21 22\"><path stroke=\"currentColor\" stroke-linecap=\"round\" stroke-width=\"2\" d=\"M20 20.75L20 2.25L1.5 2.25L1.5 20.75L20 20.75Z\" clip-rule=\"evenodd\"\/><path stroke=\"currentColor\" stroke-linecap=\"square\" stroke-width=\"2\" d=\"M14.0883 11.5L6.66406 11.5\"\/><path stroke=\"currentColor\" stroke-linecap=\"square\" stroke-width=\"2\" d=\"M11.0723 7.75205L14.8363 11.5L11.0723 15.248\"\/><\/svg>\t\t<\/span>\n\t<\/a><\/div>\n\t\t\t<\/div>\n\t\t\t<\/div>\n<\/header>\n<\/section>\n<section\n\t class=\"page-blocks iaff-page-blocks align wp-block-acf-page-blocks\" id=\"page-blocks_block_8a1a3e0359e7f2ab1fe83d365dc7e166\">\n\t<div class=\"acf-innerblocks-container\">\n<div class=\"wp-block-paragraph \">\n<p><strong>I. Exigences g\u00e9n\u00e9rales<\/strong><\/p>\n<\/div>\n\n<div class=\"wp-block-paragraph \">\n<p>Le logo et les marques de l\u2019IAFF ne peuvent \u00eatre utilis\u00e9s qu\u2019avec la permission de l\u2019IAFF et conform\u00e9ment \u00e0 cette politique.<\/p>\n<\/div>\n\n<div class=\"wp-block-paragraph \">\n<p>Le logo doit toujours appara\u00eetre dans sa forme originale et dans ses couleurs approuv\u00e9es, sans alt\u00e9ration ni distorsion, et affich\u00e9 sur des arri\u00e8re-plans qui pr\u00e9servent la lisibilit\u00e9 et le contraste. Consultez le <a href=\"https:\/\/www.iaff.org\/download\/120019\/?tmstv=1770144232&amp;v=120020\">Guide de la marque IAFF<\/a> pour plus de conseils sur l\u2019utilisation appropri\u00e9e du logo. <\/p>\n<\/div>\n\n<div class=\"wp-block-paragraph \">\n<p>Tous les produits arborant le logo et\/ou les marques doivent \u00eatre fabriqu\u00e9s par le syndicat, ou, s\u2019ils ne sont pas disponibles, fabriqu\u00e9s aux \u00c9tats-Unis ou au Canada. L\u2019utilisation non autoris\u00e9e est interdite et peut faire l\u2019objet de poursuites judiciaires. <\/p>\n<\/div>\n\n<div class=\"wp-block-paragraph \">\n<p><strong>II. Utilisation par les affili\u00e9s de l\u2019IAFF <\/strong><\/p>\n<\/div>\n\n<div class=\"wp-block-paragraph \">\n<p>Les affili\u00e9s peuvent utiliser le logo et les marques de l\u2019IAFF sans approbation pr\u00e9alable pour les affaires officielles de l\u2019Association, telles que les cartes d\u2019affaires, la papeterie, les sites web, les m\u00e9dias sociaux et les v\u00eatements produits uniquement pour l\u2019usage des membres et non pour la revente.<\/p>\n<\/div>\n\n<div class=\"wp-block-paragraph \">\n<p>Toute utilisation du logo ou des marques \u00e0 des fins de collecte de fonds ou commerciales \u2013 y compris des autocollants, des v\u00eatements ou d\u2019autres marchandises destin\u00e9es \u00e0 la vente au public \u2013 n\u00e9cessite une approbation pr\u00e9alable du conseil ex\u00e9cutif de l\u2019IAFF.<\/p>\n<\/div>\n\n<div class=\"wp-block-paragraph \">\n<p><strong>III. Utilisation par les entreprises et les non-affili\u00e9s <\/strong><\/p>\n<\/div>\n\n<div class=\"wp-block-paragraph \">\n<p>Tous les vendeurs, entreprises et affili\u00e9s non affili\u00e9s \u00e0 l\u2019IAFF doivent obtenir l\u2019approbation du conseil ex\u00e9cutif de l\u2019IAFF avant d\u2019utiliser le logo ou les marques de l\u2019IAFF.<\/p>\n<\/div>\n\n<div class=\"wp-block-paragraph \">\n<p>Les demandes doivent inclure une demande compl\u00e9t\u00e9e, des \u00e9chantillons physiques ou des maquettes num\u00e9riques montrant l\u2019utilisation propos\u00e9e de la ou des marques d\u00e9pos\u00e9es de l\u2019IAFF sous forme compl\u00e9t\u00e9e, ainsi qu\u2019une lettre de soutien d\u2019un pr\u00e9sident affili\u00e9 de l\u2019IAFF ou d\u2019un dirigeant international.<\/p>\n<\/div>\n\n<div class=\"wp-block-paragraph \">\n<p><strong>IV. Processus de demande <\/strong><\/p>\n<\/div>\n\n<div class=\"wp-block-paragraph \">\n<p><a href=\"https:\/\/www.iaff.org\/wp-content\/uploads\/LOGOAPP.Kelly_.pdf\">Les demandes d\u2019utilisation du logo et des marques de l\u2019IAFF<\/a> doivent \u00eatre soumises au bureau du pr\u00e9sident g\u00e9n\u00e9ral pour examen et approbation par le conseil ex\u00e9cutif de l\u2019IAFF. Les candidatures sont consid\u00e9r\u00e9es trimestriellement. Les \u00e9chantillons deviennent la propri\u00e9t\u00e9 de l\u2019IAFF \u00e0 moins qu\u2019un retour ne soit sp\u00e9cifiquement demand\u00e9. Les demandes incompl\u00e8tes ne seront pas prises en compte.<\/p>\n<\/div>\n\n<div class=\"wp-block-paragraph \">\n<p><strong>V. Frais et redevances<\/strong><\/p>\n<\/div>\n\n<div class=\"wp-block-paragraph \">\n<p>L\u2019IAFF facture \u00e0 la fois des frais de licence annuels et une redevance sur les ventes de produits utilisant le logo et\/ou les marques de l\u2019IAFF.<\/p>\n<\/div>\n\n<div class=\"wp-block-paragraph \">\n<p>Affili\u00e9 de l\u2019IAFF :<\/p>\n<\/div>\n\n<div class=\"wp-block-list\">\n<ul class=\"wp-block-list\">\n<li>Frais annuels : 200 $  <\/li>\n\n\n\n<li>Taux de redevances : 2% des ventes brutes  <\/li>\n\n\n\n<li>Calendrier de paiement : 30 avril (couvrant octobre-mars) et 31 octobre (couvrant avril-septembre)<\/li>\n<\/ul>\n<\/div>\n\n<div class=\"wp-block-paragraph \">\n<p>Entreprises et non affili\u00e9es :<\/p>\n<\/div>\n\n<div class=\"wp-block-list\">\n<ul class=\"wp-block-list\">\n<li>Frais annuels : 2 500 $  <\/li>\n\n\n\n<li>Taux de redevances : 5% des ventes brutes  <\/li>\n\n\n\n<li>Calendrier de paiement : 30 avril (couvrant octobre-mars) et 31 octobre (couvrant avril-septembre)<\/li>\n<\/ul>\n<\/div>\n\n<div class=\"wp-block-paragraph \">\n<p>Les paiements sont dus semestriellement et doivent \u00eatre accompagn\u00e9s d\u2019un rapport de ventes. L\u2019IAFF se r\u00e9serve le droit d\u2019inspecter et d\u2019auditer, si n\u00e9cessaire, tout livre et registre relatifs aux montants \u00e0 payer \u00e0 l\u2019IAFF.<\/p>\n<\/div>\n\n<div class=\"wp-block-paragraph \">\n<p><strong>VI. D\u00e9livrance d\u2019une licence <\/strong><\/p>\n<\/div>\n\n<div class=\"wp-block-paragraph \">\n<p>Chaque affili\u00e9, entreprise et non-affili\u00e9 de l\u2019IAFF approuv\u00e9 pour utiliser le logo et\/ou les marques de l\u2019IAFF recevra une licence de l\u2019IAFF qui \u00e9tablit les conditions d\u2019utilisation. L\u2019affili\u00e9, l\u2019entreprise ou le non-affili\u00e9 est tenu de respecter chaque clause de la licence. <\/p>\n<\/div>\n\n<div class=\"wp-block-paragraph \">\n<p>Lorsqu\u2019un affili\u00e9, une entreprise ou un non-affili\u00e9 est tenu de renouveler p\u00e9riodiquement la licence, il incombe \u00e0 l\u2019affili\u00e9, \u00e0 l\u2019entreprise ou \u00e0 l\u2019autre non affili\u00e9 de demander un renouvellement en temps opportun afin d\u2019\u00e9viter une interruption de l\u2019effet de la licence.<\/p>\n<\/div>\n\n<div class=\"wp-block-paragraph \">\n<p><strong>VII. Attribution <\/strong><\/p>\n<\/div>\n\n<div class=\"wp-block-paragraph \">\n<p>Tous les affili\u00e9s, entreprises et non-affili\u00e9s approuv\u00e9s de l\u2019IAFF autoris\u00e9s \u00e0 utiliser le logo et\/ou les marques de l\u2019IAFF doivent inclure la d\u00e9claration suivante sur les documents marketing :<\/p>\n<\/div>\n\n<div class=\"wp-block-paragraph \">\n<p>\u00ab Le logo et les marques de mots de l\u2019IAFF sont des marques d\u00e9pos\u00e9es de l\u2019Association internationale des pompiers, utilis\u00e9es sous licence. \u00bb<\/p>\n<\/div>\n\n<div class=\"wp-block-paragraph \">\n<p><strong>VIII. R\u00e9vocation <\/strong><\/p>\n<\/div>\n\n<div class=\"wp-block-paragraph \">\n<p>Le non-respect de l\u2019une des conditions de la licence, le non-respect des redevances et des rapports avant les \u00e9ch\u00e9ances semestrielles, le non-respect de la garantie minimale annuelle ou la violation de cette politique entra\u00eenera la r\u00e9vocation de la licence. Les entit\u00e9s dont la licence est r\u00e9voqu\u00e9e peuvent refaire une demande, mais le conseil ex\u00e9cutif de l\u2019IAFF peut imposer de nouvelles conditions et frais lors d\u2019une r\u00e9approbation. <\/p>\n<\/div>\n<\/div><\/section>\n","protected":false},"excerpt":{"rendered":"","protected":false},"featured_media":0,"parent":0,"menu_order":0,"comment_status":"closed","ping_status":"closed","template":"","meta":{"_acf_changed":false,"_searchwp_excluded":"","inline_featured_image":false,"_EventAllDay":false,"_EventTimezone":"","_EventStartDate":"","_EventEndDate":"","_EventStartDateUTC":"","_EventEndDateUTC":"","_EventShowMap":false,"_EventShowMapLink":false,"_EventURL":"","_EventCost":"","_EventCostDescription":"","_EventCurrencySymbol":"","_EventCurrencyCode":"","_EventCurrencyPosition":"","_EventDateTimeSeparator":"","_EventTimeRangeSeparator":"","_EventOrganizerID":[],"_EventVenueID":[],"_OrganizerEmail":"","_OrganizerPhone":"","_OrganizerWebsite":"","_VenueAddress":"","_VenueCity":"","_VenueCountry":"","_VenueProvince":"","_VenueState":"","_VenueZip":"","_VenuePhone":"","_VenueURL":"","_VenueStateProvince":"","_VenueLat":"","_VenueLng":"","_VenueShowMap":false,"_VenueShowMapLink":false,"footnotes":""},"class_list":["post-76761","page","type-page","status-publish","hentry"],"acf":[],"publishpress_future_workflow_manual_trigger":{"enabledWorkflows":[]},"_links":{"self":[{"href":"https:\/\/www.iaff.org\/fr-ca\/wp-json\/wp\/v2\/pages\/76761","targetHints":{"allow":["GET"]}}],"collection":[{"href":"https:\/\/www.iaff.org\/fr-ca\/wp-json\/wp\/v2\/pages"}],"about":[{"href":"https:\/\/www.iaff.org\/fr-ca\/wp-json\/wp\/v2\/types\/page"}],"author":[{"embeddable":true,"href":"https:\/\/www.iaff.org\/fr-ca\/wp-json\/wp\/v2\/users\/18"}],"replies":[{"embeddable":true,"href":"https:\/\/www.iaff.org\/fr-ca\/wp-json\/wp\/v2\/comments?post=76761"}],"version-history":[{"count":0,"href":"https:\/\/www.iaff.org\/fr-ca\/wp-json\/wp\/v2\/pages\/76761\/revisions"}],"wp:attachment":[{"href":"https:\/\/www.iaff.org\/fr-ca\/wp-json\/wp\/v2\/media?parent=76761"}],"curies":[{"name":"wp","href":"https:\/\/api.w.org\/{rel}","templated":true}]}}