{"id":74529,"date":"2024-02-11T15:43:58","date_gmt":"2024-02-11T20:43:58","guid":{"rendered":"https:\/\/www.iaff.org\/societe-canadienne-du-cancer\/"},"modified":"2025-06-23T11:39:01","modified_gmt":"2025-06-23T15:39:01","slug":"societe-canadienne-du-cancer","status":"publish","type":"page","link":"https:\/\/www.iaff.org\/fr-ca\/cancer\/societe-canadienne-du-cancer\/","title":{"rendered":"Soci\u00e9t\u00e9 canadienne du cancer"},"content":{"rendered":"<section\n\t class=\"secondary-hero align wp-block-acf-secondary-hero\" id=\"secondary-hero_block_6bfcf80a2717eff3855c611c95dfc6fb\">\n\t\n<header\n\tclass=\"w-full u-bg-full-width px-[22px] md:ps-bleed md:pe-0 py-[60px] bg-smoke-5 text-black u-has-rivets u-rivets-dark\"\n\tdata-theme=\"gray\"\n>\n\t<div class=\"flex flex-col !px-0 !max-w-[1440px] w-full lg:!ps-indent\">\n\t\t<div class=\"border-t-[6px] w-full my-0 flex flex-col md:flex-row gap-x-[62px] gap-y-[22px] border-red\">\n\t\t\t\t\t\t\t<div class=\"relative grid md:order-last md:w-1\/2 overflow-hidden place-items-center aspect-[157\/105]\">\n\t\t\t\t\t<img decoding=\"async\" width=\"1256\" height=\"674\" src=\"https:\/\/www.iaff.org\/wp-content\/uploads\/logo_CCS_RGB_2C_EN-1256x674.png\" class=\"absolute object-cover min-w-full h-full\" alt=\"\" srcset=\"https:\/\/www.iaff.org\/wp-content\/uploads\/logo_CCS_RGB_2C_EN-1256x674.png 1256w, https:\/\/www.iaff.org\/wp-content\/uploads\/logo_CCS_RGB_2C_EN-300x161.png 300w, https:\/\/www.iaff.org\/wp-content\/uploads\/logo_CCS_RGB_2C_EN-1024x550.png 1024w, https:\/\/www.iaff.org\/wp-content\/uploads\/logo_CCS_RGB_2C_EN-768x412.png 768w, https:\/\/www.iaff.org\/wp-content\/uploads\/logo_CCS_RGB_2C_EN-240x129.png 240w, https:\/\/www.iaff.org\/wp-content\/uploads\/logo_CCS_RGB_2C_EN.png 1321w\" sizes=\"(max-width: 1256px) 100vw, 1256px\" \/>\t\t\t\t<\/div>\n\t\t\t\t\t\t<div class=\"w-full md:w-1\/2 md:py-[45px]\">\n\t\t\t\t<div class=\"max-w-[600px] flex flex-col gap-[22px]\">\n\t\t\t\t\t\t\t\t\t\t\t<h1 class=\"has-[.u-halftone-shadow--dark]:mb-divider has-[.u-halftone-shadow--light]:mb-divider\">\n\t\t\t\t\t\t\t<span class=\"inline-flex text-heading-200 u-halftone-shadow--dark\">\n\t\t\t\t\t\t\t\tSoci\u00e9t\u00e9 canadienne du cancer\t\t\t\t\t\t\t<\/span>\n\t\t\t\t\t\t<\/h1>\n\t\t\t\t\t\t\t\t\t\t\t\t\t\t\t\t\t\t\t\t\t\t\t\t\t\t\t\t\t<\/div>\n\t\t\t<\/div>\n\n\t\t<\/div>\n\t\t\t\t\t<div class=\"order-first flex justify-start w-full pb-[22px]\">\n\t\t\t\t<div\n\tclass=\"wp-block-button is-style-tertiary text-smoke is-style-tertiary-back\"\n>\n\t\t\t<a\n\t\t\thref=\"https:\/\/www.iaff.org\/fr-ca\/cancer\/\"\n\t\t\tclass=\"wp-block-button__link wp-element-button group\"\n\t\t\t\t\t>\n\t\t\t<span\n\t\t\tclass=\"decoration-transparent underline underline-offset-2 group-hover:decoration-inherit group-focus-visible:decoration-inherit transition duration-hover\"\n\t\t>\n\t\t\tSoutien aux personnes atteintes de cancer\t\t<\/span>\n\n\t\t<span\n\t\t\tclass=\"bg-inherit transition-colors duration-hover group-hover:bg-gold group-focus:bg-gold inline-flex rotate-180 order-first\"\n\t\t>\n\t\t\t<svg xmlns=\"http:\/\/www.w3.org\/2000\/svg\" width=\"21\" height=\"22\" fill=\"none\" viewBox=\"0 0 21 22\"><path stroke=\"currentColor\" stroke-linecap=\"round\" stroke-width=\"2\" d=\"M20 20.75L20 2.25L1.5 2.25L1.5 20.75L20 20.75Z\" clip-rule=\"evenodd\"\/><path stroke=\"currentColor\" stroke-linecap=\"square\" stroke-width=\"2\" d=\"M14.0883 11.5L6.66406 11.5\"\/><path stroke=\"currentColor\" stroke-linecap=\"square\" stroke-width=\"2\" d=\"M11.0723 7.75205L14.8363 11.5L11.0723 15.248\"\/><\/svg>\t\t<\/span>\n\t<\/a><\/div>\n\t\t\t<\/div>\n\t\t\t<\/div>\n<\/header>\n<\/section>\n<section\n\t class=\"page-blocks iaff-page-blocks align wp-block-acf-page-blocks\" id=\"page-blocks_block_14e9f093a923d8a3079e3da930d9d0b5\">\n\t<div class=\"acf-innerblocks-container\">\n<div class=\"wp-block-paragraph \">\n<p>La Soci\u00e9t\u00e9 canadienne du cancer offre un syst\u00e8me de soutien national aux personnes atteintes de cancer ainsi qu\u2019\u00e0 leur famille, leurs amis et leurs aidants. Nous sommes l\u00e0 pour vous aider \u00e0 r\u00e9pondre \u00e0 vos questions et \u00e0 vous soutenir, que vous veniez de recevoir un diagnostic, que vous preniez soin d\u2019un \u00eatre cher ou que vous soyez pr\u00e9occup\u00e9 par votre propre risque de cancer. Acc\u00e9dez \u00e0 nos programmes et services gratuits qui peuvent vous aider \u00e0 g\u00e9rer votre vie avec le cancer, y compris nos ressources d\u2019information, notre ligne d\u2019assistance, notre communaut\u00e9 de soutien en ligne et bien plus encore. <\/p>\n<\/div>\n<\/div><\/section>\n<section\n\t class=\"page-blocks iaff-page-blocks align wp-block-acf-page-blocks\" id=\"page-blocks_block_14e9f093a923d8a3079e3da930d9d0b5\">\n\t<div class=\"acf-innerblocks-container\">\n<section\n\t class=\"section-header mb-10 align wp-block-acf-section-header\" id=\"section-header_block_f0d1b5d10437b5f0d1e4d8b253a7caeb\">\n\t<div class=\"\">\n\t<div class=\"flex flex-col md:flex-row justify-between max-w-content gap-x-8 md:items-end flex-wrap\">\n\t\t<h2 class=\"text-heading-200 pb-[2px]\">\n\t\t\tRessources sur le d\u00e9pistage et la pr\u00e9vention du cancer\t\t<\/h2>\n\n\t\t\t\t\t<div class=\"md:order-last w-full\">\n\t\t\t\t\n\t<hr class=\"h-[6px] text-red border-red bg-red w-full my-0\" role=\"presentation\"\/>\n\n\t\t\t<\/div>\n\t\t\n\t\t\t<\/div>\n<\/div>\n<\/section>\n\n\n<div class=\"wp-block-paragraph \">\n<p id=\"E281\">Bien qu\u2019il existe des preuves d\u2019un risque accru de cancer li\u00e9 \u00e0 la profession de pompier, vous pouvez faire beaucoup pour aider \u00e0 prot\u00e9ger votre sant\u00e9. Apprenez des moyens simples de faire des choix sains et de prendre des d\u00e9cisions \u00e9clair\u00e9es pour r\u00e9duire votre risque de cancer. De plus, renseignez-vous sur le moment o\u00f9 vous devriez consulter un m\u00e9decin et sur le moment o\u00f9 vous devriez subir un d\u00e9pistage de certains cancers.  <\/p>\n<\/div>\n\n<div class=\"wp-block-list\">\n<ul class=\"wp-block-list\">\n<li><a href=\"https:\/\/cancer.ca\/en\/cancer-information\/find-cancer-early\/screening-for-cancer\" target=\"_blank\" rel=\"noreferrer noopener\">D\u00e9pistage du cancer<\/a><\/li>\n\n\n\n<li><a href=\"https:\/\/cancer.ca\/en\/cancer-information\/find-cancer-early\/know-your-body\" target=\"_blank\" rel=\"noreferrer noopener\">Conna\u00eetre son corps<\/a><\/li>\n\n\n\n<li><a href=\"https:\/\/cancer.ca\/en\/cancer-information\/reduce-your-risk\/limit-alcohol\" target=\"_blank\" rel=\"noreferrer noopener\">Limiter sa consommation d\u2019alcool<\/a><\/li>\n\n\n\n<li><a href=\"https:\/\/cancer.ca\/en\/cancer-information\/reduce-your-risk\/have-a-healthy-body-weight\" target=\"_blank\" rel=\"noreferrer noopener\">Avoir un poids sant\u00e9<\/a><\/li>\n\n\n\n<li><a href=\"https:\/\/cancer.ca\/en\/cancer-information\/reduce-your-risk\/explore-prevention-programs\" target=\"_blank\" rel=\"noreferrer noopener\">Explorer les programmes de pr\u00e9vention<\/a><\/li>\n<\/ul>\n<\/div>\n<\/div><\/section>\n<section\n\t class=\"page-blocks iaff-page-blocks align wp-block-acf-page-blocks\" id=\"page-blocks_block_14e9f093a923d8a3079e3da930d9d0b5\">\n\t<div class=\"acf-innerblocks-container\">\n<section\n\t class=\"section-header mb-10 align wp-block-acf-section-header\" id=\"section-header_block_d3542fdf07b22a19481723cfa753a95c\">\n\t<div class=\"\">\n\t<div class=\"flex flex-col md:flex-row justify-between max-w-content gap-x-8 md:items-end flex-wrap\">\n\t\t<h2 class=\"text-heading-200 pb-[2px]\">\n\t\t\tLigne d\u2019aide de la SCC\t\t<\/h2>\n\n\t\t\t\t\t<div class=\"md:order-last w-full\">\n\t\t\t\t\n\t<hr class=\"h-[6px] text-red border-red bg-red w-full my-0\" role=\"presentation\"\/>\n\n\t\t\t<\/div>\n\t\t\n\t\t\t<\/div>\n<\/div>\n<\/section>\n\n\n<div class=\"wp-block-paragraph \">\n<p id=\"E309\">Le cancer peut \u00eatre difficile \u00e0 comprendre et y faire face peut \u00eatre stressant. Il peut \u00eatre utile de parler \u00e0 quelqu\u2019un en qui vous pouvez avoir confiance pour vous donner des informations actuelles et fiables. Notre ligne d\u2019aide et d\u2019information sur le cancer est un service national sans frais destin\u00e9 aux personnes atteintes de cancer, \u00e0 leurs aidants, leur famille et leurs amis, ainsi qu\u2019au grand public et aux professionnels de la sant\u00e9. Nous prendrons tout le temps dont vous avez besoin pour r\u00e9pondre \u00e0 vos questions et vous donner des informations sur :   <\/p>\n<\/div>\n\n<div class=\"wp-block-list\">\n<ul class=\"wp-block-list\">\n<li>Traitement du cancer et effets secondaires<\/li>\n\n\n\n<li>Essais cliniques<\/li>\n\n\n\n<li>Faire face au cancer<\/li>\n\n\n\n<li>Services de soutien \u00e9motionnel<\/li>\n\n\n\n<li>Pr\u00e9vention<\/li>\n\n\n\n<li>Aide dans la communaut\u00e9<\/li>\n\n\n\n<li>Th\u00e9rapies compl\u00e9mentaires<\/li>\n<\/ul>\n<\/div>\n\n<div class=\"wp-block-paragraph \">\n<p id=\"E333\">Notre service est disponible du lundi au vendredi en anglais et en fran\u00e7ais. Pour les autres langues, nous pouvons acc\u00e9der \u00e0 un service d\u2019interpr\u00e8te.  Pour \u00eatre en contact :<\/p>\n<\/div>\n\n<div class=\"wp-block-list\">\n<ul class=\"wp-block-list\">\n<li>Clavardage en ligne : <a href=\"https:\/\/cancer.ca\/\" target=\"_blank\" rel=\"noreferrer noopener\">Rendez-vous sur cancer.ca<\/a> (<a href=\"https:\/\/cancer.ca\/fr\" target=\"_blank\" rel=\"noreferrer noopener\">cancer.ca\/fr<\/a> pour le fran\u00e7ais) pour clavarder en direct avec un sp\u00e9cialiste de l\u2019information.<\/li>\n\n\n\n<li>T\u00e9l\u00e9phone : Appelez-nous sans frais au 1-888-939-3333 (ATS : 1-866-786-3934).<\/li>\n\n\n\n<li>Courriel: Envoyez un courriel rapide via notre <a href=\"https:\/\/cancer.ca\/en\/contact-us\/cancer-information-and-support\" target=\"_blank\" rel=\"noreferrer noopener\">formulaire de contact<\/a>.<\/li>\n<\/ul>\n<\/div>\n<\/div><\/section>\n<section\n\t class=\"page-blocks iaff-page-blocks align wp-block-acf-page-blocks\" id=\"page-blocks_block_14e9f093a923d8a3079e3da930d9d0b5\">\n\t<div class=\"acf-innerblocks-container\">\n<section\n\t class=\"section-header mb-10 align wp-block-acf-section-header\" id=\"section-header_block_f0682606ca986c8ae616c66689cfb20a\">\n\t<div class=\"\">\n\t<div class=\"flex flex-col md:flex-row justify-between max-w-content gap-x-8 md:items-end flex-wrap\">\n\t\t<h2 class=\"text-heading-200 pb-[2px]\">\n\t\t\tCancerConnection.ca\t\t<\/h2>\n\n\t\t\t\t\t<div class=\"md:order-last w-full\">\n\t\t\t\t\n\t<hr class=\"h-[6px] text-red border-red bg-red w-full my-0\" role=\"presentation\"\/>\n\n\t\t\t<\/div>\n\t\t\n\t\t\t<\/div>\n<\/div>\n<\/section>\n\n\n<div class=\"wp-block-paragraph \">\n<p id=\"E351\">Personne ne devrait avoir \u00e0 faire face au cancer seul. \u00c9tablir des liens avec d\u2019autres personnes qui comprennent votre situation et vos sentiments peut vous aider \u00e0 y faire face. Savoir \u00e0 quoi s\u2019attendre tout au long de votre exp\u00e9rience peut vous aider \u00e0 vous sentir plus optimiste et moins anxieux.  <\/p>\n<\/div>\n\n<div class=\"wp-block-paragraph \">\n<p id=\"E353\"><a href=\"https:\/\/cancerconnection.ca\/\" target=\"_blank\" rel=\"noreferrer noopener\">CancerConnection.ca<\/a> est un endroit s\u00fbr et accueillant pour la discussion, le soutien et l\u2019\u00e9change d\u2019information sur la gestion du cancer dans votre vie. Il permet aux gens de partager leurs exp\u00e9riences et d\u2019\u00e9tablir des relations de soutien. Les membres de la communaut\u00e9 <a href=\"https:\/\/cancerconnection.ca\/\" target=\"_blank\" rel=\"noreferrer noopener\">CancerConnection.ca<\/a> participent \u00e0 des discussions, \u00e9crivent leurs propres blogs, rejoignent des groupes et \u00e9changent des messages offrant un soutien \u00e9motionnel et des conseils pratiques. <\/p>\n<\/div>\n\n<div class=\"wp-block-paragraph \">\n<p id=\"E362\">L\u2019adh\u00e9sion \u00e0 cette communaut\u00e9 est gratuite et ouverte aux personnes \u00e2g\u00e9es de 18 ans et plus. Pour vous inscrire, il vous suffit de vous rendre sur <a href=\"https:\/\/cancerconnection.ca\/\" target=\"_blank\" rel=\"noreferrer noopener\">CancerConnection.ca<\/a>. <\/p>\n<\/div>\n<\/div><\/section>\n<section\n\t class=\"page-blocks iaff-page-blocks align wp-block-acf-page-blocks\" id=\"page-blocks_block_14e9f093a923d8a3079e3da930d9d0b5\">\n\t<div class=\"acf-innerblocks-container\">\n<section\n\t class=\"section-header mb-10 align wp-block-acf-section-header\" id=\"section-header_block_23e0ba5b9944de3b5e6cab73656d7e82\">\n\t<div class=\"\">\n\t<div class=\"flex flex-col md:flex-row justify-between max-w-content gap-x-8 md:items-end flex-wrap\">\n\t\t<h2 class=\"text-heading-200 pb-[2px]\">\n\t\t\tH\u00e9bergement\t\t<\/h2>\n\n\t\t\t\t\t<div class=\"md:order-last w-full\">\n\t\t\t\t\n\t<hr class=\"h-[6px] text-red border-red bg-red w-full my-0\" role=\"presentation\"\/>\n\n\t\t\t<\/div>\n\t\t\n\t\t\t<\/div>\n<\/div>\n<\/section>\n\n\n<div class=\"wp-block-paragraph \">\n<p id=\"E366\">Nos pavillons sont des maisons d\u2019accueil pour les personnes atteintes de cancer qui doivent se d\u00e9placer pour recevoir un traitement. Notre personnel et nos b\u00e9n\u00e9voles attentionn\u00e9s sont form\u00e9s pour vous aider \u00e0 r\u00e9pondre \u00e0 vos besoins pratiques pendant le traitement du cancer. Les pavillons offrent \u00e9galement un soutien social et \u00e9motionnel par le biais de diff\u00e9rents programmes et activit\u00e9s. Ce sont des endroits o\u00f9 vous pouvez rencontrer d\u2019autres personnes atteintes de cancer et leurs familles, qui comprennent ce que vous vivez.   <\/p>\n<\/div>\n\n<div class=\"wp-block-paragraph \">\n<p id=\"E368\">Chaque pavillon dispose d\u2019\u00e9quipements et de services uniques. <a href=\"https:\/\/cancer.ca\/\" target=\"_blank\" rel=\"noreferrer noopener\">Rendez-vous sur cancer.ca<\/a> (<a href=\"https:\/\/cancer.ca\/fr\" target=\"_blank\" rel=\"noreferrer noopener\">cancer.ca\/fr<\/a> pour fran\u00e7ais) pour trouver un \u00e9tablissement en Colombie-Britannique, \u00e0 Terre-Neuve, au Qu\u00e9bec, en Nouvelle-\u00c9cosse ou ailleurs au Canada. <\/p>\n<\/div>\n<\/div><\/section>\n<section\n\t class=\"page-blocks iaff-page-blocks align wp-block-acf-page-blocks\" id=\"page-blocks_block_14e9f093a923d8a3079e3da930d9d0b5\">\n\t<div class=\"acf-innerblocks-container\">\n<section\n\t class=\"section-header mb-10 align wp-block-acf-section-header\" id=\"section-header_block_e8dc8e611eb82b3d3c9849b9a12f0e35\">\n\t<div class=\"\">\n\t<div class=\"flex flex-col md:flex-row justify-between max-w-content gap-x-8 md:items-end flex-wrap\">\n\t\t<h2 class=\"text-heading-200 pb-[2px]\">\n\t\t\tObtenez de l\u2019aide pour cesser de fumer\t\t<\/h2>\n\n\t\t\t\t\t<div class=\"md:order-last w-full\">\n\t\t\t\t\n\t<hr class=\"h-[6px] text-red border-red bg-red w-full my-0\" role=\"presentation\"\/>\n\n\t\t\t<\/div>\n\t\t\n\t\t\t<\/div>\n<\/div>\n<\/section>\n\n\n<div class=\"wp-block-paragraph \">\n<p id=\"E373\">Pr\u00eat \u00e0 arr\u00eater de fumer ? Ou vous y pensez ? Vous avez essay\u00e9 d\u2019arr\u00eater de fumer \u00e0 quelques reprises et vous craignez de ne pas rester sans tabac pour de bon ? Nous sommes l\u00e0 pour vous aider.   <\/p>\n<\/div>\n\n<div class=\"wp-block-paragraph \">\n<p id=\"E375\">La Soci\u00e9t\u00e9 canadienne du cancer offre de l\u2019information, des outils et une communaut\u00e9 de soutien pour vous aider \u00e0 cesser de fumer et \u00e0 le rester. Nos services gratuits et confidentiels offrent du soutien et de l\u2019information sur l\u2019abandon du tabac et l\u2019usage du tabac. Nous pouvons vous aider \u00e0 \u00e9laborer un plan personnel d\u2019abandon du tabac et vous orienter vers des programmes et des services dans votre communaut\u00e9. Et si vous voulez soutenir quelqu\u2019un qui essaie d\u2019arr\u00eater de fumer, nous pouvons vous donner des conseils sur la fa\u00e7on de l\u2019aider.   <\/p>\n<\/div>\n\n<div class=\"wp-block-paragraph \">\n<p id=\"E379\">Visitez <a href=\"https:\/\/cancer.ca\/\" target=\"_blank\" rel=\"noreferrer noopener\">cancer.ca<\/a> (<a href=\"https:\/\/cancer.ca\/fr\" target=\"_blank\" rel=\"noreferrer noopener\">cancer.ca\/fr<\/a> pour fran\u00e7ais) pour conna\u00eetre les programmes disponibles dans votre r\u00e9gion.<\/p>\n<\/div>\n<\/div><\/section>\n<section\n\t class=\"page-blocks iaff-page-blocks align wp-block-acf-page-blocks\" id=\"page-blocks_block_14e9f093a923d8a3079e3da930d9d0b5\">\n\t<div class=\"acf-innerblocks-container\">\n<section\n\t class=\"section-header mb-10 align wp-block-acf-section-header\" id=\"section-header_block_f6433597d8ae9005e2db667e495a605a\">\n\t<div class=\"\">\n\t<div class=\"flex flex-col md:flex-row justify-between max-w-content gap-x-8 md:items-end flex-wrap\">\n\t\t<h2 class=\"text-heading-200 pb-[2px]\">\n\t\t\tCommander une perruque\t\t<\/h2>\n\n\t\t\t\t\t<div class=\"md:order-last w-full\">\n\t\t\t\t\n\t<hr class=\"h-[6px] text-red border-red bg-red w-full my-0\" role=\"presentation\"\/>\n\n\t\t\t<\/div>\n\t\t\n\t\t\t<\/div>\n<\/div>\n<\/section>\n\n\n<div class=\"wp-block-paragraph \">\n<p id=\"E384\">Tous les Canadiens, peu importe o\u00f9 ils vivent, peuvent acc\u00e9der \u00e0 des perruques gratuites d\u2019un simple appel. Un membre de l\u2019\u00e9quipe discutera de vos besoins et de vos pr\u00e9f\u00e9rences en mati\u00e8re de perruque, puis fera de son mieux pour trouver ce qu&rsquo;il vous faut. Ils organiseront la livraison ou le ramassage, selon votre emplacement. Tout le personnel et les b\u00e9n\u00e9voles ont re\u00e7u une formation sur le nettoyage et l\u2019hygi\u00e8ne am\u00e9lior\u00e9s pour s\u2019assurer que les perruques sont livr\u00e9es dans leur \u00e9tat le plus propre.   <\/p>\n<\/div>\n\n<div class=\"wp-block-paragraph \">\n<p id=\"E388\">Ce service est disponible gratuitement partout au Canada pour les personnes qui ne peuvent pas se permettre le co\u00fbt d\u2019une perruque.<\/p>\n<\/div>\n\n<div class=\"wp-block-paragraph \">\n<p id=\"E390\">Commandez par t\u00e9l\u00e9phone sans frais : (888) 939-3333<\/p>\n<\/div>\n<\/div><\/section>\n","protected":false},"excerpt":{"rendered":"","protected":false},"featured_media":0,"parent":89964,"menu_order":0,"comment_status":"closed","ping_status":"closed","template":"","meta":{"_acf_changed":false,"_searchwp_excluded":"","inline_featured_image":false,"_EventAllDay":false,"_EventTimezone":"","_EventStartDate":"","_EventEndDate":"","_EventStartDateUTC":"","_EventEndDateUTC":"","_EventShowMap":false,"_EventShowMapLink":false,"_EventURL":"","_EventCost":"","_EventCostDescription":"","_EventCurrencySymbol":"","_EventCurrencyCode":"","_EventCurrencyPosition":"","_EventDateTimeSeparator":"","_EventTimeRangeSeparator":"","_EventOrganizerID":[],"_EventVenueID":[],"_OrganizerEmail":"","_OrganizerPhone":"","_OrganizerWebsite":"","_VenueAddress":"","_VenueCity":"","_VenueCountry":"","_VenueProvince":"","_VenueState":"","_VenueZip":"","_VenuePhone":"","_VenueURL":"","_VenueStateProvince":"","_VenueLat":"","_VenueLng":"","_VenueShowMap":false,"_VenueShowMapLink":false,"footnotes":""},"class_list":["post-74529","page","type-page","status-publish","hentry"],"acf":[],"publishpress_future_workflow_manual_trigger":{"enabledWorkflows":[]},"_links":{"self":[{"href":"https:\/\/www.iaff.org\/fr-ca\/wp-json\/wp\/v2\/pages\/74529","targetHints":{"allow":["GET"]}}],"collection":[{"href":"https:\/\/www.iaff.org\/fr-ca\/wp-json\/wp\/v2\/pages"}],"about":[{"href":"https:\/\/www.iaff.org\/fr-ca\/wp-json\/wp\/v2\/types\/page"}],"author":[{"embeddable":true,"href":"https:\/\/www.iaff.org\/fr-ca\/wp-json\/wp\/v2\/users\/10"}],"replies":[{"embeddable":true,"href":"https:\/\/www.iaff.org\/fr-ca\/wp-json\/wp\/v2\/comments?post=74529"}],"version-history":[{"count":0,"href":"https:\/\/www.iaff.org\/fr-ca\/wp-json\/wp\/v2\/pages\/74529\/revisions"}],"up":[{"embeddable":true,"href":"https:\/\/www.iaff.org\/fr-ca\/wp-json\/wp\/v2\/pages\/89964"}],"wp:attachment":[{"href":"https:\/\/www.iaff.org\/fr-ca\/wp-json\/wp\/v2\/media?parent=74529"}],"curies":[{"name":"wp","href":"https:\/\/api.w.org\/{rel}","templated":true}]}}