{"id":72636,"date":"2024-04-01T13:50:51","date_gmt":"2024-04-01T17:50:51","guid":{"rendered":"https:\/\/www.iaff.org\/organiser-une-formation-traiter-les-pompiers-dans-les-milieux-pour-la-sante-comportementale\/"},"modified":"2025-09-29T15:01:56","modified_gmt":"2025-09-29T19:01:56","slug":"organiser-une-formation-traiter-les-pompiers-dans-les-milieux-pour-la-sante-comportementale","status":"publish","type":"page","link":"https:\/\/www.iaff.org\/fr-ca\/sante-comportementale\/organiser-une-formation-traiter-les-pompiers-dans-les-milieux-pour-la-sante-comportementale\/","title":{"rendered":"Organisez une formation de clinicien"},"content":{"rendered":"<section\n\t class=\"secondary-hero align wp-block-acf-secondary-hero\" id=\"secondary-hero_block_7ddad8c6415c5c08a53e9a5b41617700\">\n\t\n<header\n\tclass=\"w-full u-bg-full-width px-[22px] md:ps-bleed md:pe-0 py-[60px] bg-smoke-5 text-black u-has-rivets u-rivets-dark\"\n\tdata-theme=\"gray\"\n>\n\t<div class=\"flex flex-col !px-0 !max-w-[1440px] w-full lg:!ps-indent\">\n\t\t<div class=\"border-t-[6px] w-full my-0 flex flex-col md:flex-row gap-x-[62px] gap-y-[22px] border-red\">\n\t\t\t\t\t\t\t<div class=\"relative grid md:order-last md:w-1\/2 overflow-hidden place-items-center aspect-[157\/105]\">\n\t\t\t\t\t<img decoding=\"async\" width=\"1084\" height=\"724\" src=\"https:\/\/www.iaff.org\/wp-content\/uploads\/2024\/03\/behavioral-health-host-training.jpg\" class=\"absolute object-cover min-w-full h-full\" alt=\"\" srcset=\"https:\/\/www.iaff.org\/wp-content\/uploads\/2024\/03\/behavioral-health-host-training.jpg 1084w, https:\/\/www.iaff.org\/wp-content\/uploads\/2024\/03\/behavioral-health-host-training-300x200.jpg 300w, https:\/\/www.iaff.org\/wp-content\/uploads\/2024\/03\/behavioral-health-host-training-1024x684.jpg 1024w, https:\/\/www.iaff.org\/wp-content\/uploads\/2024\/03\/behavioral-health-host-training-768x513.jpg 768w, https:\/\/www.iaff.org\/wp-content\/uploads\/2024\/03\/behavioral-health-host-training-240x160.jpg 240w\" sizes=\"(max-width: 1084px) 100vw, 1084px\" \/>\t\t\t\t<\/div>\n\t\t\t\t\t\t<div class=\"w-full md:w-1\/2 md:py-[45px]\">\n\t\t\t\t<div class=\"max-w-[600px] flex flex-col gap-[22px]\">\n\t\t\t\t\t\t\t\t\t\t\t<h1 class=\"has-[.u-halftone-shadow--dark]:mb-divider has-[.u-halftone-shadow--light]:mb-divider\">\n\t\t\t\t\t\t\t<span class=\"inline-flex text-heading-200 u-halftone-shadow--dark\">\n\t\t\t\t\t\t\t\tOrganisez une formation de clinicien\t\t\t\t\t\t\t<\/span>\n\t\t\t\t\t\t<\/h1>\n\t\t\t\t\t\t\t\t\t\t\t\t\t\t\t\t<div class=\"text-body-300 font-sans\">\n\t\t\t\t\t\t\t<p><strong>Le traitement des pompiers en milieu de sant\u00e9 comportementale<\/strong> est une formation en direct de deux jours con\u00e7ue par IAFF pour les cliniciens en sant\u00e9 mentale qui souhaitent travailler avec les membres des services d\u2019incendie dans un contexte clinique ou programmatique.<\/p>\n<p>Cette formation peut \u00eatre organis\u00e9e par une affili\u00e9e locale de l\u2019IAFF, une affili\u00e9e provinciale ou provinciale, ou une entit\u00e9 de district. Les demandes d\u2019accueil de la formation par des partenaires organisationnels non affili\u00e9s \u00e0 l\u2019IAFF seront \u00e9galement examin\u00e9es, mais doivent \u00eatre approuv\u00e9es par un pr\u00e9sident affili\u00e9 de l\u2019IAFF.   <\/p>\n\t\t\t\t\t\t<\/div>\n\t\t\t\t\t\t\t\t\t\t\t\t\t\t\t\t\t\t\t\t\t\t\t\t\t\t\t<div class=\"flex flex-wrap gap-[30px]\">\n\t\t\t\t\t\t\t\t\t\t\t\t\t\t\t<!-- Renders the same as core\/button with a specific style -->\n\t<div\n\t\tclass=\"wp-block-button track-button-primary is-style-primary-red\"\n\t>\n\t\t<a\n\t\t\tclass=\"wp-block-button__link wp-element-button cursor-pointer dlm-no-xhr-download track-hero-secondary-cta md:w-auto min-w-[156px]\"\n\t\t\t\t\t\t\thref=\"mailto:behavioralhealth@iaff.org\"\n\t\t\t\t\t\t\t\t\t>\n\t\t\tContactez-nous\t\t<\/a>\n\t<\/div>\n\t\t\t\t\t\t\t\t\t\t\t\t\t<\/div>\n\t\t\t\t\t\t\t\t\t\t\t\t\t\t<\/div>\n\t\t\t<\/div>\n\n\t\t<\/div>\n\t\t\t\t\t<div class=\"order-first flex justify-start w-full pb-[22px]\">\n\t\t\t\t<div\n\tclass=\"wp-block-button is-style-tertiary text-smoke is-style-tertiary-back\"\n>\n\t\t\t<a\n\t\t\thref=\"https:\/\/www.iaff.org\/fr-ca\/sante-comportementale\/\"\n\t\t\tclass=\"wp-block-button__link wp-element-button group\"\n\t\t\t\t\t>\n\t\t\t<span\n\t\t\tclass=\"decoration-transparent underline underline-offset-2 group-hover:decoration-inherit group-focus-visible:decoration-inherit transition duration-hover\"\n\t\t>\n\t\t\tSant\u00e9 comportementale\t\t<\/span>\n\n\t\t<span\n\t\t\tclass=\"bg-inherit transition-colors duration-hover group-hover:bg-gold group-focus:bg-gold inline-flex rotate-180 order-first\"\n\t\t>\n\t\t\t<svg xmlns=\"http:\/\/www.w3.org\/2000\/svg\" width=\"21\" height=\"22\" fill=\"none\" viewBox=\"0 0 21 22\"><path stroke=\"currentColor\" stroke-linecap=\"round\" stroke-width=\"2\" d=\"M20 20.75L20 2.25L1.5 2.25L1.5 20.75L20 20.75Z\" clip-rule=\"evenodd\"\/><path stroke=\"currentColor\" stroke-linecap=\"square\" stroke-width=\"2\" d=\"M14.0883 11.5L6.66406 11.5\"\/><path stroke=\"currentColor\" stroke-linecap=\"square\" stroke-width=\"2\" d=\"M11.0723 7.75205L14.8363 11.5L11.0723 15.248\"\/><\/svg>\t\t<\/span>\n\t<\/a><\/div>\n\t\t\t<\/div>\n\t\t\t<\/div>\n<\/header>\n<\/section>\n<section\n\t class=\"page-blocks iaff-page-blocks align wp-block-acf-page-blocks\" id=\"page-blocks_block_7d76f02665c4e291d807e2391ef52df8\">\n\t<div class=\"acf-innerblocks-container\">\n\n<h3 class=\"wp-block-heading\"><br\/>Pourquoi votre section locale ou votre service devrait-il organiser une formation?<\/h3>\n\n\n<div class=\"wp-block-paragraph \">\n<p>Accueillir <em>des pompiers traitants dans des milieux de sant\u00e9 comportementale<\/em> est une excellente occasion de prendre des mesures proactives pour favoriser la sant\u00e9 comportementale et le bien-\u00eatre des membres de votre d\u00e9partement. L\u2019organisation d\u2019une formation de clinicien aidera votre service \u00e0 : <\/p>\n<\/div>\n\n<div class=\"wp-block-list\">\n<ul class=\"wp-block-list\">\n<li>Renforcer les ressources en sant\u00e9 comportementale mises \u00e0 la disposition de vos membres <\/li>\n\n\n\n<li>Rencontrez et examinez des cliniciens en sant\u00e9 mentale ambulatoires locaux pour d\u00e9terminer qui convient le mieux \u00e0 vos membres et aux membres de votre famille<\/li>\n\n\n\n<li>Dresser une liste de cliniciens de confiance vers lesquels diriger les membres, avant qu\u2019une crise ou un traitement hospitalier ne soit n\u00e9cessaire.<\/li>\n\n\n\n<li>Recevoir une formation avanc\u00e9e en sant\u00e9 comportementale pour les membres de l\u2019\u00e9quipe de soutien par les pairs participants <\/li>\n\n\n\n<li>Identifiez les cliniciens qui souhaitent s\u2019associer \u00e0 votre \u00e9quipe locale de pairs de soutien <\/li>\n\n\n\n<li>Soyez pr\u00eat \u00e0 mettre les membres en contact avec des cliniciens sp\u00e9cialement form\u00e9s lorsque le prochain sinistre, incident critique, LODD ou suicide affectera votre service <\/li>\n<\/ul>\n<\/div>\n\n\n<h3 class=\"wp-block-heading\">Qui devrait participer \u00e0 cette formation?<\/h3>\n\n\n<div class=\"wp-block-paragraph \">\n<p>Cette formation est id\u00e9ale pour tout clinicien en sant\u00e9 mentale de niveau sup\u00e9rieur int\u00e9ress\u00e9 \u00e0 \u00e9largir sa pratique pour travailler avec le personnel d\u2019incendie et de sauvetage. Il peut s\u2019agir de cliniciens actuellement en pratique priv\u00e9e, de programmes communautaires de traitement en sant\u00e9 comportementale, de programmes d\u2019aide aux employ\u00e9s, de programmes de sant\u00e9 et de bien-\u00eatre de s\u00e9curit\u00e9 publique ou de personnes int\u00e9ress\u00e9es \u00e0 collaborer avec des \u00e9quipes de soutien par les pairs des services d\u2019incendie. Les cliniciens qui travaillent d\u00e9j\u00e0 avec des populations de premiers intervenants b\u00e9n\u00e9ficieront d\u2019une meilleure compr\u00e9hension du personnel d\u2019incendie et de sauvetage, tout en \u00e9largissant leur r\u00e9seau professionnel local de cliniciens sp\u00e9cialis\u00e9s dans les populations d\u2019intervenants en cas d\u2019incendie.  <\/p>\n<\/div>\n\n<div class=\"wp-block-paragraph \">\n<p>Les cliniciens \u00e9laboreront des pratiques exemplaires pour travailler avec les membres des services d\u2019incendie gr\u00e2ce \u00e0 une combinaison d\u2019enseignement traditionnel en classe, d\u2019interaction et de pratique en petits groupes, et de formation pratique sur les terrains incendie. La formation comprendra \u00e9galement la participation de pairs de sections locales form\u00e9s par l\u2019AIP et d\u2019autres membres du personnel d\u2019incendie et de sauvetage, s\u00e9lectionn\u00e9s par l\u2019organisation h\u00f4te. Les cliniciens interagiront directement avec le personnel d\u2019incendie et de sauvetage pendant l\u2019exp\u00e9rience de formation de deux jours.  <\/p>\n<\/div>\n\n\n<h3 class=\"wp-block-heading\">Cr\u00e9dits de formation continue<\/h3>\n\n\n<div class=\"wp-block-paragraph \">\n<p>Ce cours est approuv\u00e9 pour 12 heures de formation continue par le National Board of Certified Counselors (NBCC) et la National Association of Social Work (NASW). Les certificats d\u2019ach\u00e8vement sont d\u00e9livr\u00e9s aux \u00e9tudiants inscrits qui 1) remplissent la formation pr\u00e9alable <a href=\"https:\/\/www.iaff.org\/wp-content\/uploads\/Understanding-the-Fire-Service-for-Mental-Health-Clinicians-Flyer-2023.pdf\" target=\"_blank\" rel=\"noreferrer noopener\">Comprendre le service d\u2019incendie pour les professionnels de la sant\u00e9 mentale<\/a>, 2) assistent \u00e0 la dur\u00e9e compl\u00e8te du cours de deux jours et 3) effectuent une \u00e9valuation du sondage apr\u00e8s la formation.    <\/p>\n<\/div>\n\n<div class=\"wp-block-list\">\n<ul class=\"wp-block-list\">\n<li><em>Le traitement des pompiers en milieu de sant\u00e9 comportementale <\/em>a \u00e9t\u00e9 approuv\u00e9 par le NBCC pour un cr\u00e9dit NBCC. Association Internationale des Pompiers (l\u2019AIP est seule responsable de tous les aspects du programme. N\u00b0 d\u2019approbation du CCNB SP-4916.   <\/li>\n\n\n\n<li>Ce programme est approuv\u00e9 par la National Association of Social Workers (num\u00e9ro de fournisseur : 886882120-4061) pour 12 heures de formation continue.<\/li>\n<\/ul>\n<\/div>\n\n\n<h3 class=\"wp-block-heading\">Planification<\/h3>\n\n\n<div class=\"wp-block-paragraph \">\n<p>La formation est pr\u00e9vue sur deux jours cons\u00e9cutifs jusqu\u2019\u00e0 concurrence de 8,5 heures par jour. L\u2019AIP s\u2019efforce d\u2019accommoder les dates de formation demand\u00e9es en fonction de la disponibilit\u00e9 des instructeurs. Afin d\u2019assurer suffisamment de temps pour la pr\u00e9paration et la sensibilisation des \u00e9tudiants, veuillez demander des dates au moins six mois \u00e0 l\u2019avance. Lorsque vous \u00eates pr\u00eat \u00e0 prendre rendez-vous, veuillez remplir notre <a href=\"https:\/\/www.iaff.org\/wp-content\/uploads\/2024\/04\/IAFF-TFSM-Fillable.pdf\" target=\"_blank\" rel=\"noreferrer noopener\">formulaire de demande de formation pour les cliniciens<\/a> et <a href=\"mailto:behavioralhealth@iaff.org\">l\u2019envoyer \u00e0 behavioralhealth@iaff.org<\/a>. Si vous avez des questions ou si vous souhaitez un appel t\u00e9l\u00e9phonique, veuillez <a href=\"mailto:behavioralhealth@iaff.org\">communiquer avec behavioralhealth@iaff.org<\/a>.     <\/p>\n<\/div>\n\n\n<h3 class=\"wp-block-heading\">Co\u00fbt<\/h3>\n\n\n<div class=\"wp-block-paragraph \">\n<p>Les frais d\u2019accueil des <em>pompiers traitants dans les milieux de sant\u00e9 comportementale<\/em> sont de 5 000 $ en dollars am\u00e9ricains pour un maximum de 32 cliniciens participants. Le paiement de l\u2019organisme d\u2019accueil doit \u00eatre re\u00e7u 30 jours avant le d\u00e9but de la formation de deux jours. <\/p>\n<\/div>\n\n<div class=\"wp-block-paragraph \">\n<p>Les frais pour assister au <em>Treating Fire Fighters in Behavioral Health Settings<\/em> sont de 325,00 $ en dollars am\u00e9ricains par \u00e9l\u00e8ve, dus lors de l\u2019inscription. Les frais d\u2019inscription sont annul\u00e9s pour le personnel du service d\u2019incendie qui participe \u00e0 la formation en tant que pairs de l\u2019AIP ou combattants sur les terrains. <\/p>\n<\/div>\n\n\n<h3 class=\"wp-block-heading\">Qu\u2019est-ce qui est inclus dans le co\u00fbt de la formation?<\/h3>\n\n\n<div class=\"wp-block-list\">\n<ul class=\"wp-block-list\">\n<li>Une exp\u00e9rience de formation de deux jours en personne hautement interactive pour 32 cliniciens <\/li>\n\n\n\n<li>R\u00e9unions de planification pr\u00e9alable au besoin avec le personnel de l\u2019IAFF  <\/li>\n\n\n\n<li>Un d\u00e9pliant promotionnel et un lien d\u2019inscription unique \u00e0 l\u2019\u00e9v\u00e9nement pour l\u2019organisme h\u00f4te afin de faire la publicit\u00e9 du cours, <a href=\"https:\/\/www.iaff.org\/wp-content\/uploads\/Clinician-Training-Flyer-Sample.pdf\" target=\"_blank\" rel=\"noreferrer noopener\">voir l\u2019exemple de d\u00e9pliant ici<\/a> <\/li>\n\n\n\n<li>Deux instructeurs chevronn\u00e9s de l\u2019IAFF (clinicien et pompier) incluant tous les frais d\u2019enseignement, de d\u00e9placement et d\u2019h\u00e9bergement  <\/li>\n\n\n\n<li>Manuels et documents imprim\u00e9s pour tous les \u00e9l\u00e8ves inscrits<\/li>\n\n\n\n<li>Genouill\u00e8res, gants et lunettes de protection pour tous les \u00e9tudiants inscrits <\/li>\n\n\n\n<li>Certificats refl\u00e9tant 12,0 cr\u00e9dits de formation continue (UFC) pour tous les \u00e9tudiants inscrits; les \u00e9tudiants recevront \u00e9galement 1,5 UFC suppl\u00e9mentaires pour avoir compl\u00e9t\u00e9 le pr\u00e9alable \u00e0 la <a href=\"https:\/\/www.iaff.org\/wp-content\/uploads\/Understanding-the-Fire-Service-for-Mental-Health-Clinicians-Flyer-2023.pdf\" target=\"_blank\" rel=\"noreferrer noopener\">formation en ligne <\/a>  <\/li>\n\n\n\n<li>Une occasion pour les cliniciens inscrits qui terminent le cours d\u2019\u00eatre inscrits dans un r\u00e9pertoire de cliniciens de l\u2019AIP <\/li>\n<\/ul>\n<\/div>\n\n\n<h3 class=\"wp-block-heading\">Exigences de l\u2019organisme d\u2019accueil<\/h3>\n\n\n<div class=\"wp-block-list\">\n<ul class=\"wp-block-list\">\n<li>Fournir un point de contact d\u00e9di\u00e9 qui coordonnera et supervisera tous les aspects de la prestation des cours, de la logistique, du marketing, de la s\u00e9lection des pairs et des organisateurs, et participera \u00e0 toutes les r\u00e9unions de planification pr\u00e9alable avant l\u2019\u00e9v\u00e9nement <\/li>\n\n\n\n<li>Fournir une salle de classe pouvant accueillir confortablement jusqu\u2019\u00e0 40 \u00e9l\u00e8ves, \u00e9quip\u00e9e d\u2019un ordinateur portable, d\u2019un projecteur, d\u2019un \u00e9cran et de haut-parleurs externes (ou IAFF peut fournir une configuration audiovisuelle moyennant des frais).<\/li>\n\n\n\n<li>Donner acc\u00e8s \u00e0 un centre local de formation sur le terrain d\u2019incendie <\/li>\n\n\n\n<li>Fournir un engin, une unit\u00e9 m\u00e9dicale des services m\u00e9dicaux d\u2019urgence et le personnel concern\u00e9 (p. ex. conducteur\/op\u00e9rateur, officier, ambulancier param\u00e9dical, etc.) <\/li>\n\n\n\n<li>Fournir 32 APRA complets et d\u00e9sinfect\u00e9s, masques et casques d\u2019incendie structurels<\/li>\n\n\n\n<li>Offrir un d\u00eener sur place pendant deux jours \u00e0 tous les participants<\/li>\n\n\n\n<li>Fournir 9 membres du personnel des services d\u2019incendie locaux* pour aider \u00e0 la prestation des cours. L\u2019organisme h\u00f4te ou l\u2019affili\u00e9 est responsable de toute r\u00e9mun\u00e9ration vers\u00e9e au personnel des services d\u2019incendie participant au cours de deux jours. <div class=\"wp-block-list\">\n<ul class=\"wp-block-list\">\n<li>4 pairs form\u00e9s \u00e0 l\u2019IAFF (participent aux jours 1 et 2)<\/li>\n\n\n\n<li>4 combattants sur les terrain (jour 2 seulement)<\/li>\n\n\n\n<li>1 agent de s\u00e9curit\u00e9 supervisera la formation sur les terrains de lutte contre les incendies (jour 2)<\/li>\n<\/ul>\n<\/div><\/li>\n<\/ul>\n<\/div>\n\n\n<h3 class=\"wp-block-heading\">Combler les places dans votre formation<\/h3>\n\n\n<div class=\"wp-block-paragraph \">\n<p>Si l\u2019organisation h\u00f4te souhaite obtenir de l\u2019aide pour pourvoir les places vacantes dans la formation, l\u2019AIP aidera \u00e0 annoncer la formation aux affili\u00e9s de l\u2019AIP environnants dans l\u2019\u00c9tat ou la r\u00e9gion, en plus de notre base de donn\u00e9es nationale de cliniciens qui ont exprim\u00e9 leur int\u00e9r\u00eat pour la formation.<\/p>\n<\/div>\n<\/div><\/section>\n\n<figure class=\"wp-block-gallery has-nested-images columns-default is-cropped wp-block-gallery-1 is-layout-flex wp-block-gallery-is-layout-flex\">\n<figure class=\"wp-block-image size-full\"><img decoding=\"async\" width=\"624\" height=\"291\" data-id=\"70193\" src=\"https:\/\/www.iaff.org\/wp-content\/uploads\/2024\/04\/Picture1.jpg\" alt=\"\" class=\"wp-image-70193\" srcset=\"https:\/\/www.iaff.org\/wp-content\/uploads\/2024\/04\/Picture1.jpg 624w, https:\/\/www.iaff.org\/wp-content\/uploads\/2024\/04\/Picture1-300x140.jpg 300w, https:\/\/www.iaff.org\/wp-content\/uploads\/2024\/04\/Picture1-240x112.jpg 240w\" sizes=\"(max-width: 624px) 100vw, 624px\" \/><\/figure>\n<\/figure>\n","protected":false},"excerpt":{"rendered":"","protected":false},"featured_media":0,"parent":77885,"menu_order":0,"comment_status":"closed","ping_status":"closed","template":"","meta":{"_acf_changed":false,"_searchwp_excluded":"","inline_featured_image":false,"_EventAllDay":false,"_EventTimezone":"","_EventStartDate":"","_EventEndDate":"","_EventStartDateUTC":"","_EventEndDateUTC":"","_EventShowMap":false,"_EventShowMapLink":false,"_EventURL":"","_EventCost":"","_EventCostDescription":"","_EventCurrencySymbol":"","_EventCurrencyCode":"","_EventCurrencyPosition":"","_EventDateTimeSeparator":"","_EventTimeRangeSeparator":"","_EventOrganizerID":[],"_EventVenueID":[],"_OrganizerEmail":"","_OrganizerPhone":"","_OrganizerWebsite":"","_VenueAddress":"","_VenueCity":"","_VenueCountry":"","_VenueProvince":"","_VenueState":"","_VenueZip":"","_VenuePhone":"","_VenueURL":"","_VenueStateProvince":"","_VenueLat":"","_VenueLng":"","_VenueShowMap":false,"_VenueShowMapLink":false,"footnotes":""},"class_list":["post-72636","page","type-page","status-publish","hentry"],"acf":[],"publishpress_future_workflow_manual_trigger":{"enabledWorkflows":[]},"_links":{"self":[{"href":"https:\/\/www.iaff.org\/fr-ca\/wp-json\/wp\/v2\/pages\/72636","targetHints":{"allow":["GET"]}}],"collection":[{"href":"https:\/\/www.iaff.org\/fr-ca\/wp-json\/wp\/v2\/pages"}],"about":[{"href":"https:\/\/www.iaff.org\/fr-ca\/wp-json\/wp\/v2\/types\/page"}],"author":[{"embeddable":true,"href":"https:\/\/www.iaff.org\/fr-ca\/wp-json\/wp\/v2\/users\/3"}],"replies":[{"embeddable":true,"href":"https:\/\/www.iaff.org\/fr-ca\/wp-json\/wp\/v2\/comments?post=72636"}],"version-history":[{"count":0,"href":"https:\/\/www.iaff.org\/fr-ca\/wp-json\/wp\/v2\/pages\/72636\/revisions"}],"up":[{"embeddable":true,"href":"https:\/\/www.iaff.org\/fr-ca\/wp-json\/wp\/v2\/pages\/77885"}],"wp:attachment":[{"href":"https:\/\/www.iaff.org\/fr-ca\/wp-json\/wp\/v2\/media?parent=72636"}],"curies":[{"name":"wp","href":"https:\/\/api.w.org\/{rel}","templated":true}]}}