{"id":72249,"date":"2024-02-12T10:45:50","date_gmt":"2024-02-12T15:45:50","guid":{"rendered":"https:\/\/www.iaff.org\/evaluation-du-systeme-dintervention-durgence-sig\/"},"modified":"2025-06-20T14:38:12","modified_gmt":"2025-06-20T18:38:12","slug":"evaluation-du-systeme-dintervention-durgence-sig","status":"publish","type":"page","link":"https:\/\/www.iaff.org\/fr-ca\/assistance-technique\/evaluation-du-systeme-dintervention-durgence-sig\/","title":{"rendered":"\u00c9valuation du syst\u00e8me d\u2019intervention d\u2019urgence SIG"},"content":{"rendered":"<section\n\t class=\"secondary-hero align wp-block-acf-secondary-hero\" id=\"secondary-hero_block_fdd9021a70daaed3a041acc05953190d\">\n\t\n<header\n\tclass=\"w-full u-bg-full-width px-[22px] md:ps-bleed md:pe-0 py-[60px] bg-smoke-5 text-black u-has-rivets u-rivets-dark\"\n\tdata-theme=\"gray\"\n>\n\t<div class=\"flex flex-col !px-0 !max-w-[1440px] w-full lg:!ps-indent\">\n\t\t<div class=\"border-t-[6px] w-full my-0 flex flex-col md:flex-row gap-x-[62px] gap-y-[22px] border-red\">\n\t\t\t\t\t\t\t<div class=\"relative grid md:order-last md:w-1\/2 overflow-hidden place-items-center aspect-[157\/105]\">\n\t\t\t\t\t<img decoding=\"async\" width=\"1024\" height=\"624\" src=\"https:\/\/www.iaff.org\/wp-content\/uploads\/image-i-gis.jpg\" class=\"absolute object-cover min-w-full h-full\" alt=\"\" srcset=\"https:\/\/www.iaff.org\/wp-content\/uploads\/image-i-gis.jpg 1024w, https:\/\/www.iaff.org\/wp-content\/uploads\/image-i-gis-300x183.jpg 300w, https:\/\/www.iaff.org\/wp-content\/uploads\/image-i-gis-768x468.jpg 768w, https:\/\/www.iaff.org\/wp-content\/uploads\/image-i-gis-240x146.jpg 240w\" sizes=\"(max-width: 1024px) 100vw, 1024px\" \/>\t\t\t\t<\/div>\n\t\t\t\t\t\t<div class=\"w-full md:w-1\/2 md:py-[45px]\">\n\t\t\t\t<div class=\"max-w-[600px] flex flex-col gap-[22px]\">\n\t\t\t\t\t\t\t\t\t\t\t<h1 class=\"has-[.u-halftone-shadow--dark]:mb-divider has-[.u-halftone-shadow--light]:mb-divider\">\n\t\t\t\t\t\t\t<span class=\"inline-flex text-heading-200 u-halftone-shadow--dark\">\n\t\t\t\t\t\t\t\t\u00c9valuation du syst\u00e8me d\u2019intervention d\u2019urgence SIG\t\t\t\t\t\t\t<\/span>\n\t\t\t\t\t\t<\/h1>\n\t\t\t\t\t\t\t\t\t\t\t\t\t\t\t\t\t\t\t\t\t\t\t\t\t\t\t\t\t<\/div>\n\t\t\t<\/div>\n\n\t\t<\/div>\n\t\t\t\t\t<div class=\"order-first flex justify-start w-full pb-[22px]\">\n\t\t\t\t<div\n\tclass=\"wp-block-button is-style-tertiary text-smoke is-style-tertiary-back\"\n>\n\t\t\t<a\n\t\t\thref=\"https:\/\/www.iaff.org\/gis\/\"\n\t\t\tclass=\"wp-block-button__link wp-element-button group\"\n\t\t\t\t\t>\n\t\t\t<span\n\t\t\tclass=\"decoration-transparent underline underline-offset-2 group-hover:decoration-inherit group-focus-visible:decoration-inherit transition duration-hover\"\n\t\t>\n\t\t\tSyst\u00e8mes d\u2019information g\u00e9ographique (SIG)\t\t<\/span>\n\n\t\t<span\n\t\t\tclass=\"bg-inherit transition-colors duration-hover group-hover:bg-gold group-focus:bg-gold inline-flex rotate-180 order-first\"\n\t\t>\n\t\t\t<svg xmlns=\"http:\/\/www.w3.org\/2000\/svg\" width=\"21\" height=\"22\" fill=\"none\" viewBox=\"0 0 21 22\"><path stroke=\"currentColor\" stroke-linecap=\"round\" stroke-width=\"2\" d=\"M20 20.75L20 2.25L1.5 2.25L1.5 20.75L20 20.75Z\" clip-rule=\"evenodd\"\/><path stroke=\"currentColor\" stroke-linecap=\"square\" stroke-width=\"2\" d=\"M14.0883 11.5L6.66406 11.5\"\/><path stroke=\"currentColor\" stroke-linecap=\"square\" stroke-width=\"2\" d=\"M11.0723 7.75205L14.8363 11.5L11.0723 15.248\"\/><\/svg>\t\t<\/span>\n\t<\/a><\/div>\n\t\t\t<\/div>\n\t\t\t<\/div>\n<\/header>\n<\/section>\n<section\n\t class=\"page-blocks iaff-page-blocks align wp-block-acf-page-blocks\" id=\"page-blocks_block_433d0b146ad4a27873b0363945559829\">\n\t<div class=\"acf-innerblocks-container\">\n<div class=\"wp-block-paragraph \">\n<p>La principale responsabilit\u00e9 du service des op\u00e9rations d\u2019incendie et des services m\u00e9dicaux d\u2019urgence est de fournir des informations compl\u00e8tes sur les services d\u2019incendie et les services m\u00e9dicaux d\u2019urgence bas\u00e9s sur les incendies qui aident \u00e0 am\u00e9liorer la s\u00e9curit\u00e9 et les conditions de travail des membres de l\u2019AIP . Le d\u00e9partement fait la promotion de la dotation et du d\u00e9ploiement appropri\u00e9s pour l\u2019extinction des incendies et l\u2019efficacit\u00e9 des syst\u00e8mes de services m\u00e9dicaux d\u2019urgence bas\u00e9s sur les incendies en fournissant aux affili\u00e9s locaux les outils n\u00e9cessaires pour d\u00e9velopper, am\u00e9liorer et prot\u00e9ger leurs conditions de travail.<\/p>\n<\/div>\n\n\n<h3 class=\"wp-block-heading\">Fonction du d\u00e9partement<\/h3>\n\n\n<div class=\"wp-block-list\">\n<ul class=\"wp-block-list\">\n<li>R\u00e9pond aux pr\u00e9occupations des affili\u00e9s locaux sur diverses composantes des services d\u2019incendie et des op\u00e9rations du SMU, y compris la dotation en personnel, le d\u00e9ploiement, le transport, l\u2019\u00e9quipement, les communications, la tenue de dossiers, l\u2019\u00e9ducation du public, la pr\u00e9vention des blessures et l\u2019assurance de la qualit\u00e9.<\/li>\n\n\n\n<li>Fournir une assistance personnalis\u00e9e aux affili\u00e9s locaux, y compris le traitement des demandes quotidiennes de documents imprim\u00e9s ou vid\u00e9o ; r\u00e9diger, \u00e9valuer ou r\u00e9pondre \u00e0 une demande de propositions ; et l\u2019\u00e9laboration de strat\u00e9gies pour concurrencer les fournisseurs priv\u00e9s.<\/li>\n\n\n\n<li>Cr\u00e9er et tenir \u00e0 jour une biblioth\u00e8que de r\u00e9f\u00e9rence de mat\u00e9riel d\u2019exploitation des services d\u2019incendie et des services m\u00e9dicaux d\u2019urgence, et aider le d\u00e9partement de l\u2019\u00e9ducation \u00e0 \u00e9laborer du mat\u00e9riel \u00e9ducatif sur les services m\u00e9dicaux d\u2019urgence ax\u00e9s sur les incendies.<\/li>\n\n\n\n<li>Aide \u00e0 la planification et \u00e0 l\u2019organisation du symposium John P. Redmond de l\u2019AIP sur la sant\u00e9 et les risques au travail des services d\u2019incendie, en conjonction avec la conf\u00e9rence Dominick F. Barbera sur les services m\u00e9dicaux d\u2019urgence.<\/li>\n\n\n\n<li>Soutient la recherche de l\u2019AIP sur la s\u00e9curit\u00e9 des pompiers.<\/li>\n<\/ul>\n<\/div>\n\n\n<h3 class=\"wp-block-heading\">Objectifs du d\u00e9partement<\/h3>\n\n\n<div class=\"wp-block-list\">\n<ul class=\"wp-block-list\">\n<li>Fournir une assistance technique sp\u00e9cifique au projet aux affili\u00e9s locaux (comme pr\u00e9vu dans la Politique d\u2019assistance technique personnalis\u00e9e) qui cherchent \u00e0 reconfigurer, \u00e0 absorber les SMU, \u00e0 modifier le personnel ou \u00e0 changer l\u2019emplacement des stations, y compris la cartographie SIG.<\/li>\n\n\n\n<li>S\u2019occuper du d\u00e9veloppement de projet, de la maintenance et du support du programme de cartographie SIG (ArcView).<\/li>\n\n\n\n<li>Travailler avec le d\u00e9partement des questions de travail et de la n\u00e9gociation collective pour \u00e9laborer des strat\u00e9gies visant \u00e0 soutenir le processus de n\u00e9gociation collective en ce qui concerne les fournisseurs de services m\u00e9dicaux d\u2019urgence et, sous la direction du pr\u00e9sident g\u00e9n\u00e9ral, \u00e9laborer des documents de position faisant la promotion du concept de services m\u00e9dicaux d\u2019urgence bas\u00e9s sur l\u2019incendie.<\/li>\n\n\n\n<li>Agir en coordination avec d\u2019autres d\u00e9partements de l\u2019AIP pour \u00e9duquer les agences gouvernementales f\u00e9d\u00e9rales, \u00e9tatiques et locales sur les questions li\u00e9es aux SMU. En outre, le d\u00e9partement travaillera en coop\u00e9ration pour obtenir des \u00e9claircissements sur les lois relatives \u00e0 la fourniture publique de services m\u00e9dicaux d\u2019urgence et cherchera \u00e0 obtenir une politique \u00e9tatique et nationale pour prot\u00e9ger les syst\u00e8mes bas\u00e9s sur les incendies.<\/li>\n\n\n\n<li>\u00c9laborer des pr\u00e9sentations personnalis\u00e9es pour les affili\u00e9s locaux concernant l\u2019assistance technique fournie.<\/li>\n\n\n\n<li>R\u00e9diger des articles pour les publications l\u2019AIP et fournir des conseils pour les efforts des m\u00e9dias concernant les questions op\u00e9rationnelles li\u00e9es aux incendies et aux services m\u00e9dicaux d\u2019urgence. Voir la page Op\u00e9rations d\u2019incendie et de services m\u00e9dicaux d\u2019urgence\/\u00c9v\u00e9nements en cours.<\/li>\n\n\n\n<li>Recueillir et tenir \u00e0 jour de l\u2019information sur divers types de services d\u2019incendie et de syst\u00e8mes de SMU. Identifiez et planifiez les tendances de l\u2019industrie qui ont une incidence sur les salaires, les conditions de travail, les pensions et la s\u00e9curit\u00e9 d\u2019emploi des pompiers. Ces informations seront utilis\u00e9es en conjonction avec une assistance technique personnalis\u00e9e.<\/li>\n\n\n\n<li>Effectuer des enqu\u00eates, g\u00e9rer la saisie de donn\u00e9es et maintenir les bases de donn\u00e9es de l\u2019AIP sur les informations techniques et les donn\u00e9es pour la recherche et la r\u00e9ponse aux demandes des affili\u00e9s locaux. Ces bases de donn\u00e9es comprennent la base de donn\u00e9es sur les contrats, la base de donn\u00e9es \u00e9conomiques, la base de donn\u00e9es de l\u2019Enqu\u00eate sur les d\u00e9c\u00e8s et les blessures et l\u2019enqu\u00eate Ph\u00e9nix. La base de donn\u00e9es sur la diversit\u00e9 et l\u2019inclusion sera g\u00e9r\u00e9e en coordination avec le d\u00e9partement de la Sant\u00e9 et de la S\u00e9curit\u00e9.<\/li>\n<\/ul>\n<\/div>\n<\/div><\/section>\n","protected":false},"excerpt":{"rendered":"","protected":false},"featured_media":0,"parent":76766,"menu_order":0,"comment_status":"closed","ping_status":"closed","template":"","meta":{"_acf_changed":false,"_searchwp_excluded":"","inline_featured_image":false,"_EventAllDay":false,"_EventTimezone":"","_EventStartDate":"","_EventEndDate":"","_EventStartDateUTC":"","_EventEndDateUTC":"","_EventShowMap":false,"_EventShowMapLink":false,"_EventURL":"","_EventCost":"","_EventCostDescription":"","_EventCurrencySymbol":"","_EventCurrencyCode":"","_EventCurrencyPosition":"","_EventDateTimeSeparator":"","_EventTimeRangeSeparator":"","_EventOrganizerID":[],"_EventVenueID":[],"_OrganizerEmail":"","_OrganizerPhone":"","_OrganizerWebsite":"","_VenueAddress":"","_VenueCity":"","_VenueCountry":"","_VenueProvince":"","_VenueState":"","_VenueZip":"","_VenuePhone":"","_VenueURL":"","_VenueStateProvince":"","_VenueLat":"","_VenueLng":"","_VenueShowMap":false,"_VenueShowMapLink":false,"footnotes":""},"class_list":["post-72249","page","type-page","status-publish","hentry"],"acf":[],"publishpress_future_workflow_manual_trigger":{"enabledWorkflows":[]},"_links":{"self":[{"href":"https:\/\/www.iaff.org\/fr-ca\/wp-json\/wp\/v2\/pages\/72249","targetHints":{"allow":["GET"]}}],"collection":[{"href":"https:\/\/www.iaff.org\/fr-ca\/wp-json\/wp\/v2\/pages"}],"about":[{"href":"https:\/\/www.iaff.org\/fr-ca\/wp-json\/wp\/v2\/types\/page"}],"author":[{"embeddable":true,"href":"https:\/\/www.iaff.org\/fr-ca\/wp-json\/wp\/v2\/users\/10"}],"replies":[{"embeddable":true,"href":"https:\/\/www.iaff.org\/fr-ca\/wp-json\/wp\/v2\/comments?post=72249"}],"version-history":[{"count":0,"href":"https:\/\/www.iaff.org\/fr-ca\/wp-json\/wp\/v2\/pages\/72249\/revisions"}],"up":[{"embeddable":true,"href":"https:\/\/www.iaff.org\/fr-ca\/wp-json\/wp\/v2\/pages\/76766"}],"wp:attachment":[{"href":"https:\/\/www.iaff.org\/fr-ca\/wp-json\/wp\/v2\/media?parent=72249"}],"curies":[{"name":"wp","href":"https:\/\/api.w.org\/{rel}","templated":true}]}}