{"id":72214,"date":"2024-03-11T10:36:11","date_gmt":"2024-03-11T14:36:11","guid":{"rendered":"https:\/\/www.iaff.org\/maladies\/virus-de-limmunodeficience-humaine-vih-syndrome-dimmunodeficience-acquise-sida\/"},"modified":"2024-04-28T21:05:31","modified_gmt":"2024-04-29T01:05:31","slug":"virus-de-limmunodeficience-humaine-vih-syndrome-dimmunodeficience-acquise-sida","status":"publish","type":"page","link":"https:\/\/www.iaff.org\/fr-ca\/maladies-infectieuses\/maladies\/virus-de-limmunodeficience-humaine-vih-syndrome-dimmunodeficience-acquise-sida\/","title":{"rendered":"Virus de l\u2019immunod\u00e9ficience humaine (VIH)\/Syndrome d\u2019immunod\u00e9ficience acquise (SIDA)"},"content":{"rendered":"<section\n\t class=\"secondary-hero align wp-block-acf-secondary-hero\" id=\"secondary-hero_block_b2e34c82c0fb2db860116954e0317a0a\">\n\t\n<header\n\tclass=\"w-full u-bg-full-width px-[22px] md:ps-bleed md:pe-0 py-[60px] bg-smoke-5 text-black u-has-rivets u-rivets-dark\"\n\tdata-theme=\"gray\"\n>\n\t<div class=\"flex flex-col !px-0 !max-w-[1440px] w-full lg:!ps-indent\">\n\t\t<div class=\"border-t-[6px] w-full my-0 flex flex-col md:flex-row gap-x-[62px] gap-y-[22px] border-red\">\n\t\t\t\t\t\t<div class=\"w-full md:w-1\/2 md:py-[45px]\">\n\t\t\t\t<div class=\"max-w-[600px] flex flex-col gap-[22px]\">\n\t\t\t\t\t\t\t\t\t\t\t<h1 class=\"has-[.u-halftone-shadow--dark]:mb-divider has-[.u-halftone-shadow--light]:mb-divider pt-[22px] md:pt-0\">\n\t\t\t\t\t\t\t<span class=\"inline-flex text-heading-200 u-halftone-shadow--dark\">\n\t\t\t\t\t\t\t\tVirus de l\u2019immunod\u00e9ficience humaine (VIH)\/Syndrome d\u2019immunod\u00e9ficience acquise (SIDA)\t\t\t\t\t\t\t<\/span>\n\t\t\t\t\t\t<\/h1>\n\t\t\t\t\t\t\t\t\t\t\t\t\t\t\t\t\t\t\t\t\t\t\t\t\t\t\t\t\t<\/div>\n\t\t\t<\/div>\n\n\t\t<\/div>\n\t\t\t\t\t<div class=\"order-first flex justify-start w-full pb-[22px]\">\n\t\t\t\t<div\n\tclass=\"wp-block-button is-style-tertiary text-smoke is-style-tertiary-back\"\n>\n\t\t\t<a\n\t\t\thref=\"https:\/\/www.iaff.org\/infectious-disease\/diseases\/\"\n\t\t\tclass=\"wp-block-button__link wp-element-button group\"\n\t\t\t\t\t>\n\t\t\t<span\n\t\t\tclass=\"decoration-transparent underline underline-offset-2 group-hover:decoration-inherit group-focus-visible:decoration-inherit transition duration-hover\"\n\t\t>\n\t\t\tMaladies infectieuses\t\t<\/span>\n\n\t\t<span\n\t\t\tclass=\"bg-inherit transition-colors duration-hover group-hover:bg-gold group-focus:bg-gold inline-flex rotate-180 order-first\"\n\t\t>\n\t\t\t<svg xmlns=\"http:\/\/www.w3.org\/2000\/svg\" width=\"21\" height=\"22\" fill=\"none\" viewBox=\"0 0 21 22\"><path stroke=\"currentColor\" stroke-linecap=\"round\" stroke-width=\"2\" d=\"M20 20.75L20 2.25L1.5 2.25L1.5 20.75L20 20.75Z\" clip-rule=\"evenodd\"\/><path stroke=\"currentColor\" stroke-linecap=\"square\" stroke-width=\"2\" d=\"M14.0883 11.5L6.66406 11.5\"\/><path stroke=\"currentColor\" stroke-linecap=\"square\" stroke-width=\"2\" d=\"M11.0723 7.75205L14.8363 11.5L11.0723 15.248\"\/><\/svg>\t\t<\/span>\n\t<\/a><\/div>\n\t\t\t<\/div>\n\t\t\t<\/div>\n<\/header>\n<\/section>\n<section\n\t class=\"page-blocks iaff-page-blocks align wp-block-acf-page-blocks\" id=\"page-blocks_block_e4a6f7c311aca7ddbaee20cf74fefa45\">\n\t<div class=\"acf-innerblocks-container\">\n<div class=\"wp-block-paragraph \">\n<p>Le syndrome d\u2019immunod\u00e9ficience acquise (SIDA) est caus\u00e9 par le virus de l\u2019immunod\u00e9ficience humaine (VIH). Ce virus endommage le syst\u00e8me immunitaire de l\u2019organisme. Les patients atteints du sida, qui est le stade final de l\u2019infection par le VIH, ont des maladies inhabituelles que l\u2019on retrouve chez les personnes dont le syst\u00e8me immunitaire est affaibli, comme le sarcome de Kaposi, un type de cancer et la pneumonie \u00e0 <em>Pneumocystis carinii<\/em> . Le virus du VIH n\u2019infecte que certaines cellules de l\u2019organisme. Les plus importants sont les globules blancs qui combattent les infections appel\u00e9s lymphocytes, en particulier les lymphocytes appel\u00e9s lymphocytes T CD4. Le VIH peut \u00e9galement infecter certaines cellules du syst\u00e8me nerveux.<\/p>\n<\/div>\n\n\n<h3 class=\"wp-block-heading\">Comment pouvez-vous le contracter ?<\/h3>\n\n\n<div class=\"wp-block-paragraph \">\n<p>Le VIH se transmet par contact avec le sang ou les fluides corporels (comme le sperme, les s\u00e9cr\u00e9tions vaginales, le lait maternel, les exsudats des plaies ou la salive) d\u2019une personne infect\u00e9e par le virus.<\/p>\n<\/div>\n\n<div class=\"wp-block-paragraph \">\n<p>L\u2019exposition professionnelle peut se produire par :<\/p>\n<\/div>\n\n<div class=\"wp-block-list\">\n<ul class=\"wp-block-list\">\n<li>\u00catre piqu\u00e9 par une aiguille ou un autre objet pointu qui contient le sang d\u2019une personne infect\u00e9e.<\/li>\n\n\n\n<li>Contact entre une peau \u00e9rafl\u00e9e, des plaies ou des muqueuses et du sang infect\u00e9 par le VIH ou des fluides corporels contamin\u00e9s par le sang.<\/li>\n\n\n\n<li>\u00catre mordu par une personne s\u00e9ropositive. Ces cas sont survenus lorsqu\u2019il y avait un traumatisme grave de la peau et la pr\u00e9sence de sang. Il n\u2019y a pas de risque de transmission si la peau reste intacte.<\/li>\n<\/ul>\n<\/div>\n\n<div class=\"wp-block-paragraph \">\n<p>Il est important de noter que des \u00e9tudes men\u00e9es aupr\u00e8s de travailleurs de la sant\u00e9 ont montr\u00e9 que le risque d\u2019\u00eatre infect\u00e9 par le VIH apr\u00e8s une piq\u00fbre d\u2019aiguille est tr\u00e8s faible, inf\u00e9rieur \u00e0 1 %, et que le risque de transmission par \u00e9claboussures des muqueuses est encore plus faible.<\/p>\n<\/div>\n\n<div class=\"wp-block-paragraph \">\n<p>L\u2019exposition non professionnelle peut se produire par :<\/p>\n<\/div>\n\n<div class=\"wp-block-list\">\n<ul class=\"wp-block-list\">\n<li>Ne pas utiliser de protection lors d\u2019une relation sexuelle avec une personne s\u00e9ropositive<\/li>\n\n\n\n<li>Avoir plusieurs partenaires sexuels<\/li>\n\n\n\n<li>Avoir une autre maladie sexuellement transmissible, ce qui peut augmenter le risque de contracter l\u2019infection pendant les rapports sexuels<\/li>\n\n\n\n<li>Partage d\u2019aiguilles, de seringues, d\u2019eau de rin\u00e7age ou d\u2019autres \u00e9quipements utilis\u00e9s pour pr\u00e9parer des drogues illicites \u00e0 injecter<\/li>\n\n\n\n<li>\u00catre n\u00e9 d\u2019une m\u00e8re porteuse du virus (cette transmission peut se produire pendant la grossesse, l\u2019accouchement ou l\u2019allaitement)<\/li>\n\n\n\n<li>Recevoir une transfusion sanguine, des produits sanguins ou une greffe d\u2019organe d\u2019une personne infect\u00e9e par le VIH (ce risque est tr\u00e8s faible parce que les produits sanguins sont test\u00e9s pour le VIH depuis 1985)<\/li>\n<\/ul>\n<\/div>\n\n<div class=\"wp-block-paragraph \">\n<p>Veuillez noter que bien que la transmission du VIH par la salive puisse th\u00e9oriquement se produire, elle est extr\u00eamement rare. Il est \u00e9galement important de noter que le VIH ne se transmet pas par les larmes, la sueur ou les insectes.<\/p>\n<\/div>\n\n<section\n\t class=\"section-header mb-10 align wp-block-acf-section-header\" id=\"section-header_block_a16e2bb638b30c557e8c64fcd39087be\">\n\t<div class=\"\">\n\t<div class=\"flex flex-col md:flex-row justify-between max-w-content gap-x-8 md:items-end flex-wrap\">\n\t\t<h2 class=\"text-heading-200 pb-[2px]\">\n\t\t\tSympt\u00f4mes\t\t<\/h2>\n\n\t\t\t\t\t<div class=\"md:order-last w-full\">\n\t\t\t\t\n\t<hr class=\"h-[6px] text-red border-red bg-red w-full my-0\" role=\"presentation\"\/>\n\n\t<div class=\"h-divider w-full bg-halftone-divider bg-right\"><\/div>\n\t\t\t<\/div>\n\t\t\n\t\t\t<\/div>\n<\/div>\n<\/section>\n\n\n<div class=\"wp-block-paragraph \">\n<p>Les sympt\u00f4mes du VIH peuvent aller d\u2019un \u00e9tat porteur asymptomatique (c\u2019est-\u00e0-dire que la personne ne pr\u00e9sente aucun sympt\u00f4me d\u2019une maladie) \u00e0 des troubles d\u00e9bilitants et m\u00eame mortels. En r\u00e8gle g\u00e9n\u00e9rale, les premiers sympt\u00f4mes du VIH comprennent des sympt\u00f4mes semblables \u00e0 ceux de la grippe, comme de la fi\u00e8vre, de la fatigue, des maux de gorge et des maux de t\u00eate. Comme les sympt\u00f4mes ne sont pas tr\u00e8s sp\u00e9cifiques, la seule fa\u00e7on de savoir avec certitude si vous \u00eates infect\u00e9 ou non est de vous faire tester.<\/p>\n<\/div>\n\n<section\n\t class=\"section-header mb-10 align wp-block-acf-section-header\" id=\"section-header_block_293165b20736896540a7a105365f5250\">\n\t<div class=\"\">\n\t<div class=\"flex flex-col md:flex-row justify-between max-w-content gap-x-8 md:items-end flex-wrap\">\n\t\t<h2 class=\"text-heading-200 pb-[2px]\">\n\t\t\tPr\u00e9vention\t\t<\/h2>\n\n\t\t\t\t\t<div class=\"md:order-last w-full\">\n\t\t\t\t\n\t<hr class=\"h-[6px] text-red border-red bg-red w-full my-0\" role=\"presentation\"\/>\n\n\t<div class=\"h-divider w-full bg-halftone-divider bg-right\"><\/div>\n\t\t\t<\/div>\n\t\t\n\t\t\t<\/div>\n<\/div>\n<\/section>\n\n\n<div class=\"wp-block-paragraph \">\n<p>\u00c0 l\u2019heure actuelle, il n\u2019existe pas de vaccin contre le VIH \u00e0 usage clinique. La meilleure fa\u00e7on pour les pompiers et les autres premiers r\u00e9pondants de pr\u00e9venir l\u2019exposition au VIH est de s\u2019informer sur les proc\u00e9dures de s\u00e9curit\u00e9 dans leur milieu de travail et d\u2019utiliser syst\u00e9matiquement les pr\u00e9cautions universelles. Ceux-ci font partie d\u2019un programme complet requis par l\u2019OSHA pour l\u2019exposition aux agents pathog\u00e8nes transmissibles par le sang.<\/p>\n<\/div>\n\n<div class=\"wp-block-paragraph \">\n<p>Vous pouvez aider \u00e0 pr\u00e9venir la propagation du VIH en prenant les mesures suivantes :<\/p>\n<\/div>\n\n<div class=\"wp-block-list\">\n<ul class=\"wp-block-list\">\n<li>S\u00e9curiser les objets tranchants<div class=\"wp-block-list\">\n<ul class=\"wp-block-list\">\n<li>Formation et utilisation syst\u00e9matique de techniques et d\u2019appareils d\u2019aiguilles plus s\u00e9curitaires<\/li>\n\n\n\n<li>\u00c9limination appropri\u00e9e des objets tranchants<\/li>\n<\/ul>\n<\/div><\/li>\n\n\n\n<li>Utilisation de pr\u00e9cautions universelles<div class=\"wp-block-list\">\n<ul class=\"wp-block-list\">\n<li>Hygi\u00e8ne des mains (laver \u00e0 l\u2019eau et au savon ou \u00e0 l\u2019aide d\u2019un d\u00e9sinfectant pour les mains \u00e0 base d\u2019alcool)<\/li>\n\n\n\n<li>\u00c9quipement de protection individuelle (EPI) (gants, blouses, masques et lunettes de protection de la bouche, du nez et des yeux)<\/li>\n\n\n\n<li>Manipulation et \u00e9limination appropri\u00e9es des EPI contamin\u00e9s<\/li>\n<\/ul>\n<\/div><\/li>\n\n\n\n<li>Conna\u00eetre les proc\u00e9dures de s\u00e9curit\u00e9 dans votre service<div class=\"wp-block-list\">\n<ul class=\"wp-block-list\">\n<li>Demandez \u00e0 votre superviseur de voir le plan \u00e9crit de contr\u00f4le de l\u2019exposition, qui devrait d\u00e9crire toutes les mesures prises dans votre service pour prot\u00e9ger les travailleurs contre les agents pathog\u00e8nes transmissibles par le sang<\/li>\n\n\n\n<li>Assistez \u00e0 la formation sur les agents pathog\u00e8nes transmissibles par le sang offerte par votre minist\u00e8re.<\/li>\n<\/ul>\n<\/div><\/li>\n<\/ul>\n<\/div>\n\n<section\n\t class=\"section-header mb-10 align wp-block-acf-section-header\" id=\"section-header_block_60c7ba0271c357c4ca29372dcf3f6864\">\n\t<div class=\"\">\n\t<div class=\"flex flex-col md:flex-row justify-between max-w-content gap-x-8 md:items-end flex-wrap\">\n\t\t<h2 class=\"text-heading-200 pb-[2px]\">\n\t\t\tQue devez-vous faire si vous \u00eates expos\u00e9 \u00e0 la maladie ou si vous contractez la maladie ?\t\t<\/h2>\n\n\t\t\t\t\t<div class=\"md:order-last w-full\">\n\t\t\t\t\n\t<hr class=\"h-[6px] text-red border-red bg-red w-full my-0\" role=\"presentation\"\/>\n\n\t<div class=\"h-divider w-full bg-halftone-divider bg-right\"><\/div>\n\t\t\t<\/div>\n\t\t\n\t\t\t<\/div>\n<\/div>\n<\/section>\n\n\n<div class=\"wp-block-paragraph \">\n<p>Si vous \u00eates piqu\u00e9 par une aiguille ou un autre objet tranchant ou si vous avez du sang ou d\u2019autres mati\u00e8res potentiellement infectieuses dans les yeux, le nez, la bouche ou sur une peau \u00e9rafl\u00e9e :<\/p>\n<\/div>\n\n<div class=\"wp-block-list\">\n<ul class=\"wp-block-list\">\n<li>Inondez imm\u00e9diatement la zone expos\u00e9e avec de l\u2019eau<\/li>\n\n\n\n<li>En cas de contact cutan\u00e9 avec du sang ou des fluides corporels, m\u00eame si la peau n\u2019est pas visiblement souill\u00e9e, lavez votre peau avec de l\u2019eau et du savon antibact\u00e9rien ou utilisez imm\u00e9diatement un d\u00e9sinfectant \u00e0 base d\u2019alcool<\/li>\n\n\n\n<li>\u00c9claboussures de rin\u00e7age sur le nez, la bouche ou la peau avec de l\u2019eau<\/li>\n\n\n\n<li>Irriguer les yeux avec de l\u2019eau propre, des produits salins ou des irrigants st\u00e9riles<\/li>\n\n\n\n<li>Signalez l\u2019exposition \u00e0 votre superviseur<\/li>\n\n\n\n<li>Consulter imm\u00e9diatement un m\u00e9decin<\/li>\n<\/ul>\n<\/div>\n\n\n<h3 class=\"wp-block-heading\">\u00c9valuation m\u00e9dicale pour le VIH<\/h3>\n\n\n<div class=\"wp-block-list\">\n<ul class=\"wp-block-list\">\n<li>Vous serez \u00e9valu\u00e9 pour <a href=\"https:\/\/www.osha.gov\/SLTC\/bloodbornepathogens\/\" target=\"_blank\" rel=\"noopener\">l\u2019exposition \u00e0 des agents pathog\u00e8nes transmissibles par le sang<\/a>.<\/li>\n\n\n\n<li>Si vous \u00eates expos\u00e9 au VIH, vous devriez subir une prise de sang d\u00e8s que possible apr\u00e8s l\u2019exposition afin de d\u00e9terminer votre statut de r\u00e9f\u00e9rence et p\u00e9riodiquement pendant au moins 6 mois apr\u00e8s l\u2019exposition (c.-\u00e0-d. \u00e0 6 semaines, 12 semaines et 6 mois)<\/li>\n\n\n\n<li>La prophylaxie post-exposition (PPE) est actuellement recommand\u00e9e par le CDC pour r\u00e9duire le risque d\u2019infection par le VIH.<\/li>\n\n\n\n<li>La PPE doit \u00eatre commenc\u00e9e imm\u00e9diatement apr\u00e8s une exposition (dans les heures qui suivent)<\/li>\n\n\n\n<li>Un traitement de 4 semaines de deux m\u00e9dicaments antir\u00e9troviraux est recommand\u00e9 pour la plupart des expositions au VIH<div class=\"wp-block-list\">\n<ul class=\"wp-block-list\">\n<li>Trois m\u00e9dicaments antir\u00e9troviraux ou plus sont recommand\u00e9s pour les expositions qui pr\u00e9sentent un risque plus \u00e9lev\u00e9 de transmission du VIH<\/li>\n<\/ul>\n<\/div><\/li>\n\n\n\n<li>Les diff\u00e9rences dans les effets secondaires associ\u00e9s \u00e0 l\u2019utilisation du m\u00e9dicament peuvent influencer les combinaisons administr\u00e9es<div class=\"wp-block-list\">\n<ul class=\"wp-block-list\">\n<li>Votre fournisseur de soins de sant\u00e9 peut discuter avec vous des profils d\u2019effets secondaires<\/li>\n<\/ul>\n<\/div><\/li>\n\n\n\n<li>Si vous prenez des m\u00e9dicaments antir\u00e9troviraux pour la PPE, vous devez subir une num\u00e9ration globulaire compl\u00e8te, des analyses r\u00e9nales et h\u00e9patiques au d\u00e9but du traitement et 2 semaines apr\u00e8s le d\u00e9but du traitement.<\/li>\n<\/ul>\n<\/div>\n\n\n<h3 class=\"wp-block-heading\">Quels types de traitement sont disponibles pour le VIH ?<\/h3>\n\n\n<div class=\"wp-block-paragraph \">\n<p>Bien qu\u2019il n\u2019y ait pas de rem\u00e8de contre le VIH s\u2019il est confirm\u00e9 qu\u2019une personne est infect\u00e9e, il existe des options de traitement qui peuvent aider les personnes vivant avec le VIH \u00e0 vivre longtemps et de mani\u00e8re productive. Le CDC publie de nouvelles lignes directrices sur les lignes directrices de traitement pour les personnes vivant avec le VIH. Avec des m\u00e9dicaments appropri\u00e9s, l\u2019infection par le VIH n\u2019est pas \u00e9radiqu\u00e9e, elle est supprim\u00e9e. Par cons\u00e9quent, les principaux objectifs de l\u2019instauration d\u2019un traitement antir\u00e9troviral sont les suivants :<\/p>\n<\/div>\n\n<div class=\"wp-block-list\">\n<ul class=\"wp-block-list\">\n<li>R\u00e9duire la morbidit\u00e9 associ\u00e9e au VIH et prolonger la dur\u00e9e et la qualit\u00e9 de la survie<\/li>\n\n\n\n<li>Restaurer et pr\u00e9server la fonction immunologique<\/li>\n\n\n\n<li>Supprimer au maximum et durablement la charge virale en VIH<\/li>\n\n\n\n<li>Pr\u00e9venir la transmission du VIH \u00e0 d\u2019autres personnes<\/li>\n<\/ul>\n<\/div>\n\n\n<h3 class=\"wp-block-heading\">Comment cela se passe-t-il ?<\/h3>\n\n\n<div class=\"wp-block-paragraph \">\n<p>L\u2019infection par le VIH \u00e9volue \u00e0 plusieurs stades. La classification la plus utilis\u00e9e comprend les stades suivants : infection aigu\u00eb par le VIH, infection par le VIH asymptomatique, infection symptomatique par le VIH et SIDA. Au cours de l\u2019infection aigu\u00eb par le VIH, les sympt\u00f4mes peuvent \u00eatre l\u00e9gers et pseudo-grippaux, de sorte qu\u2019ils peuvent ne pas \u00eatre d\u00e9tect\u00e9s par le patient infect\u00e9. Les tests de d\u00e9pistage des anticorps anti-VIH ne sont peut-\u00eatre pas encore positifs. Dans le cas d\u2019une infection par le VIH asymptomatique, les patients ne pr\u00e9sentent pas non plus de sympt\u00f4mes, mais leur test d\u2019anticorps anti-VIH sera positif et ils peuvent infecter d\u2019autres personnes. Une fois qu\u2019une personne d\u00e9veloppe une infection symptomatique par le VIH, elle pr\u00e9sente des signes de la maladie, qui peuvent varier consid\u00e9rablement. Au fur et \u00e0 mesure que la maladie progresse, on consid\u00e8re que les gens ont le sida \u00e0 part enti\u00e8re, la forme la plus grave de l\u2019infection, lorsque leur nombre de lymphocytes T tombe en dessous de 200 ou qu\u2019ils d\u00e9veloppent une maladie d\u00e9finissant le sida.<\/p>\n<\/div>\n<\/div><\/section>\n","protected":false},"excerpt":{"rendered":"","protected":false},"featured_media":0,"parent":71457,"menu_order":0,"comment_status":"closed","ping_status":"closed","template":"","meta":{"_acf_changed":false,"_searchwp_excluded":"","inline_featured_image":false,"_EventAllDay":false,"_EventTimezone":"","_EventStartDate":"","_EventEndDate":"","_EventStartDateUTC":"","_EventEndDateUTC":"","_EventShowMap":false,"_EventShowMapLink":false,"_EventURL":"","_EventCost":"","_EventCostDescription":"","_EventCurrencySymbol":"","_EventCurrencyCode":"","_EventCurrencyPosition":"","_EventDateTimeSeparator":"","_EventTimeRangeSeparator":"","_EventOrganizerID":[],"_EventVenueID":[],"_OrganizerEmail":"","_OrganizerPhone":"","_OrganizerWebsite":"","_VenueAddress":"","_VenueCity":"","_VenueCountry":"","_VenueProvince":"","_VenueState":"","_VenueZip":"","_VenuePhone":"","_VenueURL":"","_VenueStateProvince":"","_VenueLat":"","_VenueLng":"","_VenueShowMap":false,"_VenueShowMapLink":false,"footnotes":""},"class_list":["post-72214","page","type-page","status-publish","hentry"],"acf":[],"publishpress_future_workflow_manual_trigger":{"enabledWorkflows":[]},"_links":{"self":[{"href":"https:\/\/www.iaff.org\/fr-ca\/wp-json\/wp\/v2\/pages\/72214","targetHints":{"allow":["GET"]}}],"collection":[{"href":"https:\/\/www.iaff.org\/fr-ca\/wp-json\/wp\/v2\/pages"}],"about":[{"href":"https:\/\/www.iaff.org\/fr-ca\/wp-json\/wp\/v2\/types\/page"}],"author":[{"embeddable":true,"href":"https:\/\/www.iaff.org\/fr-ca\/wp-json\/wp\/v2\/users\/3"}],"replies":[{"embeddable":true,"href":"https:\/\/www.iaff.org\/fr-ca\/wp-json\/wp\/v2\/comments?post=72214"}],"version-history":[{"count":0,"href":"https:\/\/www.iaff.org\/fr-ca\/wp-json\/wp\/v2\/pages\/72214\/revisions"}],"up":[{"embeddable":true,"href":"https:\/\/www.iaff.org\/fr-ca\/wp-json\/wp\/v2\/pages\/71457"}],"wp:attachment":[{"href":"https:\/\/www.iaff.org\/fr-ca\/wp-json\/wp\/v2\/media?parent=72214"}],"curies":[{"name":"wp","href":"https:\/\/api.w.org\/{rel}","templated":true}]}}