{"id":71444,"date":"2024-02-27T19:15:23","date_gmt":"2024-02-28T00:15:23","guid":{"rendered":"https:\/\/www.iaff.org\/aider-un-membre-dans-le-besoin\/"},"modified":"2025-03-18T16:36:30","modified_gmt":"2025-03-18T20:36:30","slug":"aider-un-membre-dans-le-besoin","status":"publish","type":"page","link":"https:\/\/www.iaff.org\/fr-ca\/aider-un-membre-dans-le-besoin\/","title":{"rendered":"Aider un membre dans le besoin"},"content":{"rendered":"<section\n\t class=\"secondary-hero align wp-block-acf-secondary-hero\" id=\"secondary-hero_block_3159a36665bb3c0db38bf9a0f91901d3\">\n\t\n<header\n\tclass=\"w-full u-bg-full-width px-[22px] md:ps-bleed md:pe-0 py-[60px] bg-smoke-5 text-black u-has-rivets u-rivets-dark\"\n\tdata-theme=\"gray\"\n>\n\t<div class=\"flex flex-col !px-0 !max-w-[1440px] w-full lg:!ps-indent\">\n\t\t<div class=\"border-t-[6px] w-full my-0 flex flex-col md:flex-row gap-x-[62px] gap-y-[22px] border-red\">\n\t\t\t\t\t\t<div class=\"w-full md:w-1\/2 md:py-[45px]\">\n\t\t\t\t<div class=\"max-w-[600px] flex flex-col gap-[22px]\">\n\t\t\t\t\t\t\t\t\t\t\t<h1 class=\"has-[.u-halftone-shadow--dark]:mb-divider has-[.u-halftone-shadow--light]:mb-divider pt-[22px] md:pt-0\">\n\t\t\t\t\t\t\t<span class=\"inline-flex text-heading-200 u-halftone-shadow--dark\">\n\t\t\t\t\t\t\t\tAider un membre dans le besoin\t\t\t\t\t\t\t<\/span>\n\t\t\t\t\t\t<\/h1>\n\t\t\t\t\t\t\t\t\t\t\t\t\t\t\t\t\t\t\t\t\t\t\t\t\t\t\t\t\t<\/div>\n\t\t\t<\/div>\n\n\t\t<\/div>\n\t\t\t\t\t<div class=\"order-first flex justify-start w-full pb-[22px]\">\n\t\t\t\t<div\n\tclass=\"wp-block-button is-style-tertiary text-smoke is-style-tertiary-back\"\n>\n\t\t\t<a\n\t\t\thref=\"https:\/\/www.iaff.org\/fr-ca\/center-of-excellence\/\"\n\t\t\tclass=\"wp-block-button__link wp-element-button group\"\n\t\t\t\t\t>\n\t\t\t<span\n\t\t\tclass=\"decoration-transparent underline underline-offset-2 group-hover:decoration-inherit group-focus-visible:decoration-inherit transition duration-hover\"\n\t\t>\n\t\t\tCentre d\u2019excellence de l&#039;AIP\t\t<\/span>\n\n\t\t<span\n\t\t\tclass=\"bg-inherit transition-colors duration-hover group-hover:bg-gold group-focus:bg-gold inline-flex rotate-180 order-first\"\n\t\t>\n\t\t\t<svg xmlns=\"http:\/\/www.w3.org\/2000\/svg\" width=\"21\" height=\"22\" fill=\"none\" viewBox=\"0 0 21 22\"><path stroke=\"currentColor\" stroke-linecap=\"round\" stroke-width=\"2\" d=\"M20 20.75L20 2.25L1.5 2.25L1.5 20.75L20 20.75Z\" clip-rule=\"evenodd\"\/><path stroke=\"currentColor\" stroke-linecap=\"square\" stroke-width=\"2\" d=\"M14.0883 11.5L6.66406 11.5\"\/><path stroke=\"currentColor\" stroke-linecap=\"square\" stroke-width=\"2\" d=\"M11.0723 7.75205L14.8363 11.5L11.0723 15.248\"\/><\/svg>\t\t<\/span>\n\t<\/a><\/div>\n\t\t\t<\/div>\n\t\t\t<\/div>\n<\/header>\n<\/section>\n<section\n\t class=\"page-blocks iaff-page-blocks align wp-block-acf-page-blocks\" id=\"page-blocks_block_0198695d0a660b929cdd9f19511abef8\">\n\t<div class=\"acf-innerblocks-container\">\n<section\n\t class=\"column-list-section align wp-block-acf-column-list-section\" id=\"column-list-section_block_d684b65ca4f06367824d9dfbc40d76b3\">\n\t<div class=\"bg-smoke\/5 px-[19px] pt-[60px] pb-block-spacing md:px-[96px] md:mx-indent iaff-column-list-section\">\n\t\t\t\t<div class=\"acf-innerblocks-container\">\n<section\n\t class=\"column-list iaff-column-list align wp-block-acf-column-list\" id=\"column-list_block_ee95f178f2a614f4d78b798ab6b82f86\">\n\t<div class=\"relative flex flex-col gap-[14px] mb-[52px]\">\n\t\t\t\t\t<h3 class=\"text-heading-500\">\n\t\t\t\tPour un membre en crise\t\t\t<\/h3>\n\t\t\t\t<div class=\"relative bg-halftone-divider bg-center bg-no-repeat w-full h-divider\"><\/div>\n\t<\/div>\n\n\t\t<div class=\"acf-innerblocks-container\">\n<article\n\t class=\"column-list-card min-h-[187px] border-l-4 border-red pl-4 w-full md:w-auto item-inner flex flex-col gap-1 align wp-block-acf-column-list-card\" id=\"column-list-card_block_fdb58ce5f4247eafe0d14d99a07a0c13\">\n\t\n\t\t\t\t<div class=\"text-body-400\">\n\t\t\t<p><strong>Ligne d\u2019aide et de soutien aux pompiers et aux familles <\/strong>(844) 525-FIRE (3473) <strong>Ligne d\u2019aide nationale pour la pr\u00e9vention du suicide <\/strong>(800) 273-8255 <strong>Services de crise Canada <\/strong> (833) 456-4566 Texte : 45645<\/p>\n\t\t<\/div>\n\t\t\t<\/article>\n\n<\/div><\/section>\n\n<\/div>\t<\/div>\n<\/section>\n\n<\/div><\/section>\n<section\n\t class=\"page-blocks iaff-page-blocks align wp-block-acf-page-blocks\" id=\"page-blocks_block_0198695d0a660b929cdd9f19511abef8\">\n\t<div class=\"acf-innerblocks-container\">\n\n<h3 class=\"wp-block-heading\">Signes qu\u2019un membre a besoin d\u2019aide<\/h3>\n\n\n<div class=\"wp-block-paragraph \">\n<p>Les signes qui peuvent indiquer qu\u2019un membre \u00e9prouve un probl\u00e8me de sant\u00e9 comportementale ou une crise comprennent :<\/p>\n<\/div>\n\n<div class=\"wp-block-list\">\n<ul class=\"wp-block-list\">\n<li>Mauvais rendement au travail<\/li>\n\n\n\n<li>Commentaires sur le manque d\u2019int\u00e9r\u00eat pour le travail ou sur la performance<\/li>\n\n\n\n<li>Saut d\u2019humeur r\u00e9current ou irritabilit\u00e9<\/li>\n\n\n\n<li>Augmentation ou diminution notable du poids ou de l\u2019app\u00e9tit<\/li>\n\n\n\n<li>Probl\u00e8mes de sommeil signal\u00e9s, somnolence observable<\/li>\n\n\n\n<li>Absences r\u00e9currentes ou absences non justifi\u00e9es<\/li>\n\n\n\n<li>Moins bavard \u00e0 la table \u00e0 d\u00eener ou entre coll\u00e8gue \u00e0 la caserne<\/li>\n\n\n\n<li>Difficult\u00e9 \u00e0 interagir avec les autres membres de l\u2019\u00e9quipe<\/li>\n\n\n\n<li>Disparition ou isolement pendant une grande partie du quart de travail<\/li>\n\n\n\n<li>Commentaires de membre de l\u2019\u00e9quipe indiquant que le membre semble diff\u00e9rent ou qu\u2019il \u00e9prouve des difficult\u00e9s.<\/li>\n\n\n\n<li>Changements drastiques et soudains dans les conditions de vie ou les relations \u00e0 la maison<\/li>\n\n\n\n<li>Probl\u00e8mes financiers r\u00e9currents ou endettement<\/li>\n\n\n\n<li>Besoin accru de confidentialit\u00e9 entourant l\u2019utilisation du t\u00e9l\u00e9phone cellulaire<\/li>\n\n\n\n<li>Yeux rouge, pupilles dilat\u00e9es ou odeur d\u2019alcool<\/li>\n\n\n\n<li>Mauvaise hygi\u00e8ne ou changements notables dans l\u2019apparence physique<\/li>\n\n\n\n<li>Insatisfaction, apathie ou cynisme observ\u00e9s \u00e0 l\u2019\u00e9gard du travail, de l\u2019\u00e9quipe ou de la vie<\/li>\n<\/ul>\n<\/div>\n<\/div><\/section>\n<section\n\t class=\"page-blocks iaff-page-blocks align wp-block-acf-page-blocks\" id=\"page-blocks_block_0198695d0a660b929cdd9f19511abef8\">\n\t<div class=\"acf-innerblocks-container\">\n\n<h3 class=\"wp-block-heading\">Signes qu\u2019un membre est suicidaire<\/h3>\n\n\n<div class=\"wp-block-paragraph \">\n<p>Bien que les sympt\u00f4mes d\u2019un probl\u00e8me de sant\u00e9 comportementale ne soient pas toujours \u00e9vidents, les <a href=\"https:\/\/suicidepreventionlifeline.org\/how-we-can-all-prevent-suicide\/\" target=\"_blank\" rel=\"noopener\"><strong>signes avant-coureurs du suicide<\/strong><\/a><strong> sont des indices comportementaux, \u00e9motionnels ou interpersonnels clairs indiquant qu\u2019un membre est \u00e0 risque imm\u00e9diat de faire une tentative de suicide<\/strong> :<\/p>\n<\/div>\n\n<div class=\"wp-block-list\">\n<ol class=\"wp-block-list\">\n<li>Parler ou se sentir d\u00e9sesp\u00e9r\u00e9, pris au pi\u00e8ge ou n\u2019avoir aucune raison de vivre<\/li>\n\n\n\n<li>Parler ou penser \u00e0 vouloir mourir<\/li>\n\n\n\n<li>Parler ou ressentir une douleur insupportable<\/li>\n\n\n\n<li>Rechercher ou planifier des moyens de se suicider<\/li>\n\n\n\n<li>Parler qu&rsquo;il se sent comme un fardeau ou qu&rsquo;il l&rsquo;est pour les autres<\/li>\n\n\n\n<li>Parler ou ressentir un manque d\u2019appartenance<\/li>\n\n\n\n<li>Appeler les gens pour leur dire au revoir<\/li>\n\n\n\n<li>Donner des biens pr\u00e9cieux<\/li>\n\n\n\n<li>Abandon des activit\u00e9s sociales, professionnelles et quotidiennes<\/li>\n\n\n\n<li>Changements graves et soudains dans le sommeil, la consommation de substances et l\u2019humeur<\/li>\n<\/ol>\n<\/div>\n\n<div class=\"wp-block-paragraph \">\n<p>Si un membre pr\u00e9sente l\u2019un des signes ci-dessus, il doit \u00eatre escort\u00e9 vers une institution de soins de sant\u00e9 mentale, une salle d\u2019urgence ou accompagn\u00e9 imm\u00e9diatement par un appel \u00e0 une ligne d\u2019urgence accr\u00e9dit\u00e9e.<\/p>\n<\/div>\n\n<div class=\"wp-block-paragraph \">\n<p>Bien qu\u2019une admission au Centre d\u2019excellence puisse g\u00e9n\u00e9ralement \u00eatre facilit\u00e9e dans un d\u00e9lai d\u2019un \u00e0 trois jours, <strong>si votre membre est suicidaire, il ou elle a besoin de soins m\u00e9dicaux imm\u00e9diats<\/strong>. L\u2019admission au Centre d\u2019excellence peut \u00eatre coordonn\u00e9e une fois que le membre est dans un endroit s\u00fbr.<\/p>\n<\/div>\n<\/div><\/section>\n<section\n\t class=\"page-blocks iaff-page-blocks align wp-block-acf-page-blocks\" id=\"page-blocks_block_0198695d0a660b929cdd9f19511abef8\">\n\t<div class=\"acf-innerblocks-container\">\n\n<h3 class=\"wp-block-heading\">Interventions<\/h3>\n\n\n<div class=\"wp-block-paragraph \">\n<p>Si un membre pr\u00e9sente l\u2019un des signes \u00e9num\u00e9r\u00e9s ci-dessus, il est de votre responsabilit\u00e9 d\u2019intervenir. Il se peut que le membre ait simplement besoin de parler, qu\u2019il ait besoin de quelques jours de cong\u00e9 pour s\u2019occuper d\u2019une affaire familiale ou qu\u2019il soit aux prises avec un grave probl\u00e8me de sant\u00e9 mentale ou de toxicomanie qui n\u00e9cessite une attention particuli\u00e8re.<\/p>\n<\/div>\n\n<div class=\"wp-block-paragraph \">\n<p>Votre relation avec le membre peut dicter la fa\u00e7on dont vous choisissez d\u2019intervenir. Les options sont les suivantes :<\/p>\n<\/div>\n\n<div class=\"wp-block-list\">\n<ul class=\"wp-block-list\">\n<li>Demandez au membre en priv\u00e9 : \u00ab J\u2019ai remarqu\u00e9 des changements chez toi ces derniers temps. Comment vas-tu ?<\/li>\n\n\n\n<li>Demandez \u00e0 votre chef d\u2019\u00e9quipe de prendre des nouvelles du membre.<\/li>\n\n\n\n<li>Demandez \u00e0 un autre membre de l\u2019\u00e9quipe ayant un bon lien d&rsquo;amiti\u00e9 avec le membre de lui demander comment il va.<\/li>\n\n\n\n<li>Dirigez le membre vers le clinicien de votre d\u00e9partement ou le PAE.<\/li>\n\n\n\n<li>Envisagez de recommander le membre pour une \u00e9valuation de son aptitude au travail.<\/li>\n<\/ul>\n<\/div>\n<\/div><\/section>\n<section\n\t class=\"page-blocks iaff-page-blocks align wp-block-acf-page-blocks\" id=\"page-blocks_block_0198695d0a660b929cdd9f19511abef8\">\n\t<div class=\"acf-innerblocks-container\">\n<section\n\t class=\"section-header mb-10 align wp-block-acf-section-header\" id=\"section-header_block_93244e67f59f2c37cf0ef7672d88dacd\">\n\t<div class=\"\">\n\t<div class=\"flex flex-col md:flex-row justify-between max-w-content gap-x-8 md:items-end flex-wrap\">\n\t\t<h2 class=\"text-heading-200 pb-[2px]\">\n\t\t\tTraitement au COE\t\t<\/h2>\n\n\t\t\t\t\t<div class=\"md:order-last w-full\">\n\t\t\t\t\n\n\t<div class=\"h-divider w-full bg-halftone-divider bg-right\"><\/div>\n\t\t\t<\/div>\n\t\t\n\t\t\t<\/div>\n<\/div>\n<\/section>\n\n\n<div class=\"wp-block-paragraph \">\n<p>Les personnes recherchent g\u00e9n\u00e9ralement un traitement en institution lorsque la stabilisation des sympt\u00f4mes n\u2019est pas atteinte \u00e0 un niveau inf\u00e9rieur de soins ambulatoires. Dans certains cas, cependant, le traitement en institution est cliniquement indiqu\u00e9 lorsqu\u2019il n\u2019y a pas d\u2019ant\u00e9c\u00e9dents de traitement.<\/p>\n<\/div>\n\n<div class=\"wp-block-paragraph \">\n<p>Lorsque le travail, la famille, la maison ou la vie sociale d\u2019un membre est gravement alt\u00e9r\u00e9 par des sympt\u00f4mes ou un comportement, le traitement r\u00e9sidentiel peut \u00eatre un bon choix. Le traitement r\u00e9sidentiel peut \u00e9galement fournir une couche suppl\u00e9mentaire d\u2019anonymat qui est difficile \u00e0 obtenir dans un centre de traitement local.<\/p>\n<\/div>\n\n<div class=\"wp-block-paragraph \">\n<p>De plus, les donn\u00e9es montrent que les membres de l\u2019AIP sont plus dispos\u00e9s \u00e0 se faire soigner au Centre d\u2019excellence que dans un \u00e9tablissement destin\u00e9 \u00e0 la population g\u00e9n\u00e9rale. Dans une enqu\u00eate men\u00e9e aupr\u00e8s des membres de l\u2019AIP qui ont \u00e9t\u00e9 trait\u00e9s au Centre d\u2019excellence, 68 % ont d\u00e9clar\u00e9 qu\u2019ils n\u2019auraient pas ou n\u2019auraient probablement pas cherch\u00e9 \u00e0 se faire soigner s\u2019ils n\u2019avaient pas pu suivre un traitement dans un cadre exclusivement r\u00e9serv\u00e9 aux pompiers.<\/p>\n<\/div>\n<\/div><\/section>\n","protected":false},"excerpt":{"rendered":"","protected":false},"featured_media":0,"parent":0,"menu_order":0,"comment_status":"closed","ping_status":"closed","template":"","meta":{"_acf_changed":false,"_searchwp_excluded":"","inline_featured_image":false,"_EventAllDay":false,"_EventTimezone":"","_EventStartDate":"","_EventEndDate":"","_EventStartDateUTC":"","_EventEndDateUTC":"","_EventShowMap":false,"_EventShowMapLink":false,"_EventURL":"","_EventCost":"","_EventCostDescription":"","_EventCurrencySymbol":"","_EventCurrencyCode":"","_EventCurrencyPosition":"","_EventDateTimeSeparator":"","_EventTimeRangeSeparator":"","_EventOrganizerID":[],"_EventVenueID":[],"_OrganizerEmail":"","_OrganizerPhone":"","_OrganizerWebsite":"","_VenueAddress":"","_VenueCity":"","_VenueCountry":"","_VenueProvince":"","_VenueState":"","_VenueZip":"","_VenuePhone":"","_VenueURL":"","_VenueStateProvince":"","_VenueLat":"","_VenueLng":"","_VenueShowMap":false,"_VenueShowMapLink":false,"footnotes":""},"class_list":["post-71444","page","type-page","status-publish","hentry"],"acf":[],"publishpress_future_workflow_manual_trigger":{"enabledWorkflows":[]},"_links":{"self":[{"href":"https:\/\/www.iaff.org\/fr-ca\/wp-json\/wp\/v2\/pages\/71444","targetHints":{"allow":["GET"]}}],"collection":[{"href":"https:\/\/www.iaff.org\/fr-ca\/wp-json\/wp\/v2\/pages"}],"about":[{"href":"https:\/\/www.iaff.org\/fr-ca\/wp-json\/wp\/v2\/types\/page"}],"author":[{"embeddable":true,"href":"https:\/\/www.iaff.org\/fr-ca\/wp-json\/wp\/v2\/users\/5"}],"replies":[{"embeddable":true,"href":"https:\/\/www.iaff.org\/fr-ca\/wp-json\/wp\/v2\/comments?post=71444"}],"version-history":[{"count":0,"href":"https:\/\/www.iaff.org\/fr-ca\/wp-json\/wp\/v2\/pages\/71444\/revisions"}],"wp:attachment":[{"href":"https:\/\/www.iaff.org\/fr-ca\/wp-json\/wp\/v2\/media?parent=71444"}],"curies":[{"name":"wp","href":"https:\/\/api.w.org\/{rel}","templated":true}]}}