{"id":121102,"date":"2026-03-19T20:42:27","date_gmt":"2026-03-20T00:42:27","guid":{"rendered":"https:\/\/www.iaff.org\/?page_id=121102"},"modified":"2026-04-17T09:10:51","modified_gmt":"2026-04-17T13:10:51","slug":"conference-du-11e-district-ordre-du-jour","status":"publish","type":"page","link":"https:\/\/www.iaff.org\/fr-ca\/conference-du-3e-district\/conference-du-11e-district-ordre-du-jour\/","title":{"rendered":"Conf\u00e9rence du 3e district &#8211; Ordre du jour"},"content":{"rendered":"<section\n\t class=\"secondary-hero align wp-block-acf-secondary-hero\" id=\"secondary-hero_block_d27c95d60bef0689577d3d350fae45fb\">\n\t\n<header\n\tclass=\"w-full u-bg-full-width px-[22px] md:ps-bleed md:pe-0 py-[60px] bg-smoke-5 text-black u-has-rivets u-rivets-dark\"\n\tdata-theme=\"gray\"\n>\n\t<div class=\"flex flex-col !px-0 !max-w-[1440px] w-full lg:!ps-indent\">\n\t\t<div class=\"border-t-[6px] w-full my-0 flex flex-col md:flex-row gap-x-[62px] gap-y-[22px] border-red\">\n\t\t\t\t\t\t<div class=\"w-full md:w-1\/2 md:py-[45px]\">\n\t\t\t\t<div class=\"max-w-[600px] flex flex-col gap-[22px]\">\n\t\t\t\t\t\t\t\t\t\t\t<h1 class=\"has-[.u-halftone-shadow--dark]:mb-divider has-[.u-halftone-shadow--light]:mb-divider pt-[22px] md:pt-0\">\n\t\t\t\t\t\t\t<span class=\"inline-flex text-heading-200 u-halftone-shadow--dark\">\n\t\t\t\t\t\t\t\tOrdre du jour\t\t\t\t\t\t\t<\/span>\n\t\t\t\t\t\t<\/h1>\n\t\t\t\t\t\t\t\t\t\t\t\t\t\t\t\t\t\t\t\t\t\t\t\t\t\t\t\t\t<\/div>\n\t\t\t<\/div>\n\n\t\t<\/div>\n\t\t\t\t\t<div class=\"order-first flex justify-start w-full pb-[22px]\">\n\t\t\t\t<div\n\tclass=\"wp-block-button is-style-tertiary text-smoke is-style-tertiary-back\"\n>\n\t\t\t<a\n\t\t\thref=\"https:\/\/www.iaff.org\/fr-ca\/conference-du-3e-district\/\"\n\t\t\tclass=\"wp-block-button__link wp-element-button group\"\n\t\t\t\t\t>\n\t\t\t<span\n\t\t\tclass=\"decoration-transparent underline underline-offset-2 group-hover:decoration-inherit group-focus-visible:decoration-inherit transition duration-hover\"\n\t\t>\n\t\t\tConf\u00e9rence du 3e district\t\t<\/span>\n\n\t\t<span\n\t\t\tclass=\"bg-inherit transition-colors duration-hover group-hover:bg-gold group-focus:bg-gold inline-flex rotate-180 order-first\"\n\t\t>\n\t\t\t<svg xmlns=\"http:\/\/www.w3.org\/2000\/svg\" width=\"21\" height=\"22\" fill=\"none\" viewBox=\"0 0 21 22\"><path stroke=\"currentColor\" stroke-linecap=\"round\" stroke-width=\"2\" d=\"M20 20.75L20 2.25L1.5 2.25L1.5 20.75L20 20.75Z\" clip-rule=\"evenodd\"\/><path stroke=\"currentColor\" stroke-linecap=\"square\" stroke-width=\"2\" d=\"M14.0883 11.5L6.66406 11.5\"\/><path stroke=\"currentColor\" stroke-linecap=\"square\" stroke-width=\"2\" d=\"M11.0723 7.75205L14.8363 11.5L11.0723 15.248\"\/><\/svg>\t\t<\/span>\n\t<\/a><\/div>\n\t\t\t<\/div>\n\t\t\t<\/div>\n<\/header>\n<\/section>\n<section\n\t class=\"page-blocks iaff-page-blocks align wp-block-acf-page-blocks\" id=\"page-blocks_block_6ebd057cc7ed807957de925288f4036b\">\n\t<div class=\"acf-innerblocks-container\">\n<section\n\t class=\"secondary-navigation-manual u-bg-full-width bg-smoke\/5 align wp-block-acf-secondary-navigation-manual\" id=\"secondary-navigation-manual_block_8a235a7c3dc99dfaa01ad13e59a3fd73\">\n\t<details class=\"iaff-secondary-navigation\" open>\n\t<summary class=\"flex cursor-pointer u-bg-full-width\">\n\t\t\t\t\t<h2 class=\"text-heading-400 bg-main-bg-overlay text-black inline-flex items-center gap-x-[14px] h-full !ps-0 py-[34px] !pe-10\">\n\t\t\t\t<span>Dans la pr\u00e9sente section<\/span>\n\t\t\t<\/h2>\n\t\t\t<\/summary>\n\t<div class=\"py-10 md:ps-12 md:pe-10 grid grid-cols-1 md:grid-cols-2 lg:grid-cols-3 gap-[30px]\">\n\t\t<!-- Renders the same as core\/button with a specific style -->\n\t<div>\n\t\t\t\t\t<a\n\t\t\t\tclass=\"inline-flex gap-[16px] items-center text-inherit text-button-300 leading-6 cursor-pointer decoration-transparent underline underline-offset-2 transition-colors duration-hover hocus-visible:decoration-current\"\n\t\t\t\t\t\t\t\t\thref=\"#Day1\"\n\t\t\t\t\t\t\t\t\t\t\t\t>\n\t\t\t\t<span>\n\t\t\t\t\tMardi 16 juin\t\t\t\t<\/span>\n\t\t\t\t<svg xmlns=\"http:\/\/www.w3.org\/2000\/svg\" width=\"15\" height=\"15\" fill=\"none\" viewBox=\"0 0 15 15\"><path stroke=\"currentColor\" stroke-linecap=\"square\" stroke-width=\"2\" d=\"M11.6347 7.49976L1 7.49976\"\/><path stroke=\"currentColor\" stroke-linecap=\"square\" stroke-width=\"2\" d=\"M7.31445 2.13138L12.7061 7.50014L7.31445 12.8689\"\/><\/svg>\t\t\t<\/a>\n\t\t\t<\/div>\n<!-- Renders the same as core\/button with a specific style -->\n\t<div>\n\t\t\t\t\t<a\n\t\t\t\tclass=\"inline-flex gap-[16px] items-center text-inherit text-button-300 leading-6 cursor-pointer decoration-transparent underline underline-offset-2 transition-colors duration-hover hocus-visible:decoration-current\"\n\t\t\t\t\t\t\t\t\thref=\"#Day2\"\n\t\t\t\t\t\t\t\t\t\t\t\t>\n\t\t\t\t<span>\n\t\t\t\t\tMercredi 17 juin\t\t\t\t<\/span>\n\t\t\t\t<svg xmlns=\"http:\/\/www.w3.org\/2000\/svg\" width=\"15\" height=\"15\" fill=\"none\" viewBox=\"0 0 15 15\"><path stroke=\"currentColor\" stroke-linecap=\"square\" stroke-width=\"2\" d=\"M11.6347 7.49976L1 7.49976\"\/><path stroke=\"currentColor\" stroke-linecap=\"square\" stroke-width=\"2\" d=\"M7.31445 2.13138L12.7061 7.50014L7.31445 12.8689\"\/><\/svg>\t\t\t<\/a>\n\t\t\t<\/div>\n\t<\/div>\n<\/details>\n<\/section>\n\n\n\n<div id=\"Day1\" class=\"wp-block-group is-layout-constrained wp-block-group-is-layout-constrained\"><section\n\t class=\"agenda-list-section iaff-agenda-list-section pt-10 align wp-block-acf-agenda-list-section\" id=\"agenda-list-section_block_b9b0dee5a776075898e9f03b2b2e9cfa\">\n\t<div class=\"acf-innerblocks-container\">\n<section\n\t class=\"agenda-list iaff-block-agenda-list text-body-500 align wp-block-acf-agenda-list\" id=\"agenda-list_block_7e6b2d681620675ba6acc71aab2c5da0\">\n\t\t\t<header class=\"flex flex-col\">\n\t\t\t<h4 class=\"text-heading-300 pb-5\">\n\t\t\t\tMardi 16 juin\t\t\t<\/h4>\n\t\t\t<div class=\"h-[10px] bg-halftone-divider w-full\" role=\"presentation\"><\/div>\n\t\t<\/header>\n\t\n\t<div class=\"acf-innerblocks-container\">\n<dl class=\"flex flex-wrap md:flex-nowrap items-center border-b-2 border-smoke py-10 px-[22px] md:px-10 gap-x-10 gap-y-[22px]\">\n\t<dt class=\"w-full md:w-auto min-w-[200px] md:max-w-[200px]\">\n\t\t<span class=\"text-heading-400 text-red u-halftone-shadow\">\n\t\t\t6 h 30 \u00e0 8 h du matin.\t\t<\/span>\n\t<\/dt>\n\t<dd class=\"text-body-500\">\n\t\t<div class=\"acf-innerblocks-container\">\n<div class=\"wp-block-paragraph \">\n<p><strong><strong><strong>Petit-d\u00e9jeuner continental <\/strong><\/strong><\/strong>| Premier D<\/p>\n<\/div>\n<\/div>\t<\/dd>\n<\/dl>\n\n\n<dl class=\"flex flex-wrap md:flex-nowrap items-center border-b-2 border-smoke py-10 px-[22px] md:px-10 gap-x-10 gap-y-[22px]\">\n\t<dt class=\"w-full md:w-auto min-w-[200px] md:max-w-[200px]\">\n\t\t<span class=\"text-heading-400 text-red u-halftone-shadow\">\n\t\t\t6 h 30 \u00e0 8 h du matin.  \t\t<\/span>\n\t<\/dt>\n\t<dd class=\"text-body-500\">\n\t\t<div class=\"acf-innerblocks-container\">\n<div class=\"wp-block-paragraph \">\n<p><strong>Inscription <\/strong>| Pr\u00e9-fonction Premier 2<\/p>\n<\/div>\n<\/div>\t<\/dd>\n<\/dl>\n\n\n<dl class=\"flex flex-wrap md:flex-nowrap items-center border-b-2 border-smoke py-10 px-[22px] md:px-10 gap-x-10 gap-y-[22px]\">\n\t<dt class=\"w-full md:w-auto min-w-[200px] md:max-w-[200px]\">\n\t\t<span class=\"text-heading-400 text-red u-halftone-shadow\">\n\t\t\t8 h \u00e0 10 h  \t\t<\/span>\n\t<\/dt>\n\t<dd class=\"text-body-500\">\n\t\t<div class=\"acf-innerblocks-container\">\n<div class=\"wp-block-paragraph \">\n<p><strong><strong>Session g\u00e9n\u00e9rale<\/strong><\/strong> | Premier AC<\/p>\n<\/div>\n\n<div class=\"wp-block-paragraph \">\n<p>Jay Colbert, vice-pr\u00e9sident du 3e district, Association internationale des pompiers<br\/>Edward A. Kelly, pr\u00e9sident g\u00e9n\u00e9ral, Association internationale des pompiers<br\/>Frank V. L\u00edma, secr\u00e9taire g\u00e9n\u00e9ral-tr\u00e9sorier, Association internationale des pompiers<br\/>Conf\u00e9rencier invit\u00e9 : Jake Thibeault<\/p>\n<\/div>\n<\/div>\t<\/dd>\n<\/dl>\n\n\n<dl class=\"flex flex-wrap md:flex-nowrap items-center border-b-2 border-smoke py-10 px-[22px] md:px-10 gap-x-10 gap-y-[22px]\">\n\t<dt class=\"w-full md:w-auto min-w-[200px] md:max-w-[200px]\">\n\t\t<span class=\"text-heading-400 text-red u-halftone-shadow\">\n\t\t\t10-10h15.  \t\t<\/span>\n\t<\/dt>\n\t<dd class=\"text-body-500\">\n\t\t<div class=\"acf-innerblocks-container\">\n<div class=\"wp-block-paragraph \">\n<p><strong><strong><strong>Pause<\/strong><\/strong><\/strong><\/p>\n<\/div>\n<\/div>\t<\/dd>\n<\/dl>\n\n\n<dl class=\"flex flex-wrap md:flex-nowrap items-center border-b-2 border-smoke py-10 px-[22px] md:px-10 gap-x-10 gap-y-[22px]\">\n\t<dt class=\"w-full md:w-auto min-w-[200px] md:max-w-[200px]\">\n\t\t<span class=\"text-heading-400 text-red u-halftone-shadow\">\n\t\t\t10 h 15 \u00e0 12 h  \t\t<\/span>\n\t<\/dt>\n\t<dd class=\"text-body-500\">\n\t\t<div class=\"acf-innerblocks-container\">\n<div class=\"wp-block-paragraph \">\n<p><strong><strong><strong><strong><strong>Session g\u00e9n\u00e9rale<\/strong><\/strong><\/strong><\/strong>, suite<\/strong> | Premier AC<\/p>\n<\/div>\n\n<div class=\"wp-block-paragraph \">\n<p>Wayne Murphy, chef d\u2019\u00e9tat-major, Association internationale des pompiers<br\/>Allan Westcott, chef de l\u2019exploitation, Soci\u00e9t\u00e9 financi\u00e8re de l\u2019AIP<br\/>Sean DeCrane, adjoint du pr\u00e9sident g\u00e9n\u00e9ral, Sant\u00e9 et s\u00e9curit\u00e9<br\/>Chris \u00ab Blue \u00bb Bartley, adjoint du pr\u00e9sident g\u00e9n\u00e9ral, Affaires gouvernementales et action politique<br\/>Ryan Heffernan, adjoint du pr\u00e9sident g\u00e9n\u00e9ral, communications<\/p>\n<\/div>\n<\/div>\t<\/dd>\n<\/dl>\n\n\n<dl class=\"flex flex-wrap md:flex-nowrap items-center border-b-2 border-smoke py-10 px-[22px] md:px-10 gap-x-10 gap-y-[22px]\">\n\t<dt class=\"w-full md:w-auto min-w-[200px] md:max-w-[200px]\">\n\t\t<span class=\"text-heading-400 text-red u-halftone-shadow\">\n\t\t\t12 h \u00e0 13 h.  \t\t<\/span>\n\t<\/dt>\n\t<dd class=\"text-body-500\">\n\t\t<div class=\"acf-innerblocks-container\">\n<div class=\"wp-block-paragraph \">\n<p><strong><strong><strong><strong>D\u00eener<\/strong><\/strong><\/strong><\/strong> | Premier D<\/p>\n<\/div>\n<\/div>\t<\/dd>\n<\/dl>\n\n\n<dl class=\"flex flex-wrap md:flex-nowrap items-center border-b-2 border-smoke py-10 px-[22px] md:px-10 gap-x-10 gap-y-[22px]\">\n\t<dt class=\"w-full md:w-auto min-w-[200px] md:max-w-[200px]\">\n\t\t<span class=\"text-heading-400 text-red u-halftone-shadow\">\n\t\t\t13 h 15  \t\t<\/span>\n\t<\/dt>\n\t<dd class=\"text-body-500\">\n\t\t<div class=\"acf-innerblocks-container\">\n<div class=\"wp-block-paragraph \">\n<p><strong><strong><strong><strong><strong>Session g\u00e9n\u00e9rale<\/strong><\/strong><\/strong><\/strong>, suite<\/strong> | Premier AC<\/p>\n<\/div>\n\n<div class=\"wp-block-paragraph \">\n<p>Conf\u00e9rencier invit\u00e9 : Dr Stefanos Kales<br\/>Maureen Green, adjointe au secr\u00e9taire g\u00e9n\u00e9ral et tr\u00e9sori\u00e8re, adh\u00e9sion<br\/>Doug Stern, directeur des op\u00e9rations<br\/>Dr Joshua Smith, adjoint du pr\u00e9sident g\u00e9n\u00e9ral, Formation, \u00e9ducation et subventions<br\/>Robert McClintock, adjoint du pr\u00e9sident g\u00e9n\u00e9ral, TAIR<br\/>Peter Leff, conseiller juridique g\u00e9n\u00e9ral de l\u2019AIP (IAFF)<br\/>Phillip Cordova, assistant sp\u00e9cial du pr\u00e9sident g\u00e9n\u00e9ral<br\/>Conf\u00e9rencier invit\u00e9 : Brendan Cawley<\/p>\n<\/div>\n<\/div>\t<\/dd>\n<\/dl>\n\n\n<dl class=\"flex flex-wrap md:flex-nowrap items-center border-b-2 border-smoke py-10 px-[22px] md:px-10 gap-x-10 gap-y-[22px]\">\n\t<dt class=\"w-full md:w-auto min-w-[200px] md:max-w-[200px]\">\n\t\t<span class=\"text-heading-400 text-red u-halftone-shadow\">\n\t\t\t15 h 15 \u00e0 16 h 30.  \t\t<\/span>\n\t<\/dt>\n\t<dd class=\"text-body-500\">\n\t\t<div class=\"acf-innerblocks-container\">\n<div class=\"wp-block-paragraph \">\n<p><strong>Affaires du district<\/strong> | Premier AC<\/p>\n<\/div>\n<\/div>\t<\/dd>\n<\/dl>\n\n\n<dl class=\"flex flex-wrap md:flex-nowrap items-center border-b-2 border-smoke py-10 px-[22px] md:px-10 gap-x-10 gap-y-[22px]\">\n\t<dt class=\"w-full md:w-auto min-w-[200px] md:max-w-[200px]\">\n\t\t<span class=\"text-heading-400 text-red u-halftone-shadow\">\n\t\t\t18 h \u00e0 19 h 30.  \t\t<\/span>\n\t<\/dt>\n\t<dd class=\"text-body-500\">\n\t\t<div class=\"acf-innerblocks-container\">\n<div class=\"wp-block-paragraph \">\n<p><strong><strong><strong><strong>Accueil <\/strong><\/strong><\/strong><\/strong>| Grande Terrasse<\/p>\n<\/div>\n<\/div>\t<\/dd>\n<\/dl>\n\n<\/div><\/section>\n\n<\/div><\/section>\n<\/div>\n\n\n\n<div id=\"Day2\" class=\"wp-block-group is-layout-constrained wp-block-group-is-layout-constrained\"><section\n\t class=\"agenda-list-section iaff-agenda-list-section pt-10 align wp-block-acf-agenda-list-section\" id=\"agenda-list-section_block_b9b0dee5a776075898e9f03b2b2e9cfa\">\n\t<div class=\"acf-innerblocks-container\">\n<section\n\t class=\"agenda-list iaff-block-agenda-list text-body-500 align wp-block-acf-agenda-list\" id=\"agenda-list_block_a13e5f6de3b037caa5241a1e443304bf\">\n\t\t\t<header class=\"flex flex-col\">\n\t\t\t<h4 class=\"text-heading-300 pb-5\">\n\t\t\t\tMercredi 17 juin\t\t\t<\/h4>\n\t\t\t<div class=\"h-[10px] bg-halftone-divider w-full\" role=\"presentation\"><\/div>\n\t\t<\/header>\n\t\n\t<div class=\"acf-innerblocks-container\">\n<dl class=\"flex flex-wrap md:flex-nowrap items-center border-b-2 border-smoke py-10 px-[22px] md:px-10 gap-x-10 gap-y-[22px]\">\n\t<dt class=\"w-full md:w-auto min-w-[200px] md:max-w-[200px]\">\n\t\t<span class=\"text-heading-400 text-red u-halftone-shadow\">\n\t\t\t7-8 h du matin.  \t\t<\/span>\n\t<\/dt>\n\t<dd class=\"text-body-500\">\n\t\t<div class=\"acf-innerblocks-container\">\n<div class=\"wp-block-paragraph \">\n<p><strong>Petit-d\u00e9jeuner continental <\/strong>| Premier D<\/p>\n<\/div>\n<\/div>\t<\/dd>\n<\/dl>\n\n\n<dl class=\"flex flex-wrap md:flex-nowrap items-center border-b-2 border-smoke py-10 px-[22px] md:px-10 gap-x-10 gap-y-[22px]\">\n\t<dt class=\"w-full md:w-auto min-w-[200px] md:max-w-[200px]\">\n\t\t<span class=\"text-heading-400 text-red u-halftone-shadow\">\n\t\t\t7-8 h du matin.  \t\t<\/span>\n\t<\/dt>\n\t<dd class=\"text-body-500\">\n\t\t<div class=\"acf-innerblocks-container\">\n<div class=\"wp-block-paragraph \">\n<p><strong>Inscription<\/strong> | Pr\u00e9-fonction Premier 2<\/p>\n<\/div>\n<\/div>\t<\/dd>\n<\/dl>\n\n\n<dl class=\"flex flex-wrap md:flex-nowrap items-center border-b-2 border-smoke py-10 px-[22px] md:px-10 gap-x-10 gap-y-[22px]\">\n\t<dt class=\"w-full md:w-auto min-w-[200px] md:max-w-[200px]\">\n\t\t<span class=\"text-heading-400 text-red u-halftone-shadow\">\n\t\t\t8 h \u00e0 10 h  \t\t<\/span>\n\t<\/dt>\n\t<dd class=\"text-body-500\">\n\t\t<div class=\"acf-innerblocks-container\">\n<div class=\"wp-block-paragraph \">\n<p><strong><strong>Ateliers en petits groupes<\/strong><\/strong> <\/p>\n<\/div>\n\n<div class=\"wp-block-paragraph \">\n<p><strong>Parcours Sant\u00e9 et S\u00e9curit\u00e9 <\/strong>| Premier F<br\/><strong>Fili\u00e8re des n\u00e9gociations<\/strong> | Premier GH<br\/><strong>Parcours de leadership syndical<\/strong> | Premier C<\/p>\n<\/div>\n<\/div>\t<\/dd>\n<\/dl>\n\n\n<dl class=\"flex flex-wrap md:flex-nowrap items-center border-b-2 border-smoke py-10 px-[22px] md:px-10 gap-x-10 gap-y-[22px]\">\n\t<dt class=\"w-full md:w-auto min-w-[200px] md:max-w-[200px]\">\n\t\t<span class=\"text-heading-400 text-red u-halftone-shadow\">\n\t\t\t10-10h15.  \t\t<\/span>\n\t<\/dt>\n\t<dd class=\"text-body-500\">\n\t\t<div class=\"acf-innerblocks-container\">\n<div class=\"wp-block-paragraph \">\n<p><strong><strong><strong>Pause<\/strong><\/strong><\/strong><\/p>\n<\/div>\n<\/div>\t<\/dd>\n<\/dl>\n\n\n<dl class=\"flex flex-wrap md:flex-nowrap items-center border-b-2 border-smoke py-10 px-[22px] md:px-10 gap-x-10 gap-y-[22px]\">\n\t<dt class=\"w-full md:w-auto min-w-[200px] md:max-w-[200px]\">\n\t\t<span class=\"text-heading-400 text-red u-halftone-shadow\">\n\t\t\t10 h 15 \u00e0 12 h 15  \t\t<\/span>\n\t<\/dt>\n\t<dd class=\"text-body-500\">\n\t\t<div class=\"acf-innerblocks-container\">\n<div class=\"wp-block-paragraph \">\n<p><strong><strong><strong><strong>Ateliers en petits groupes<\/strong><\/strong><\/strong><\/strong><\/p>\n<\/div>\n\n<div class=\"wp-block-paragraph \">\n<p><strong>Parcours Sant\u00e9 et S\u00e9curit\u00e9 <\/strong>| Premier F<br\/><strong>Fili\u00e8re des n\u00e9gociations<\/strong> | Premier GH<br\/><strong>Parcours de leadership syndical<\/strong> | Premier C<\/p>\n<\/div>\n<\/div>\t<\/dd>\n<\/dl>\n\n\n<dl class=\"flex flex-wrap md:flex-nowrap items-center border-b-2 border-smoke py-10 px-[22px] md:px-10 gap-x-10 gap-y-[22px]\">\n\t<dt class=\"w-full md:w-auto min-w-[200px] md:max-w-[200px]\">\n\t\t<span class=\"text-heading-400 text-red u-halftone-shadow\">\n\t\t\t12 h 15 \u00e0 13 h 15\t\t<\/span>\n\t<\/dt>\n\t<dd class=\"text-body-500\">\n\t\t<div class=\"acf-innerblocks-container\">\n<div class=\"wp-block-paragraph \">\n<p><strong><strong><strong><strong><strong><strong>D\u00eener<\/strong><\/strong><\/strong><\/strong><\/strong><\/strong> | Premier D<\/p>\n<\/div>\n<\/div>\t<\/dd>\n<\/dl>\n\n\n<dl class=\"flex flex-wrap md:flex-nowrap items-center border-b-2 border-smoke py-10 px-[22px] md:px-10 gap-x-10 gap-y-[22px]\">\n\t<dt class=\"w-full md:w-auto min-w-[200px] md:max-w-[200px]\">\n\t\t<span class=\"text-heading-400 text-red u-halftone-shadow\">\n\t\t\t13 h 15 \u00e0 15 h 15\t\t<\/span>\n\t<\/dt>\n\t<dd class=\"text-body-500\">\n\t\t<div class=\"acf-innerblocks-container\">\n<div class=\"wp-block-paragraph \">\n<p><strong><strong><strong><strong><strong>Ateliers en petits groupes<\/strong><\/strong><\/strong><\/strong><\/strong><\/p>\n<\/div>\n\n<div class=\"wp-block-paragraph \">\n<p><strong>Parcours Sant\u00e9 et S\u00e9curit\u00e9 <\/strong>| Premier F<br\/><strong>Fili\u00e8re des n\u00e9gociations<\/strong> | Premier GH<br\/><strong>Parcours de leadership syndical<\/strong> | Premier C<\/p>\n<\/div>\n<\/div>\t<\/dd>\n<\/dl>\n\n\n<dl class=\"flex flex-wrap md:flex-nowrap items-center border-b-2 border-smoke py-10 px-[22px] md:px-10 gap-x-10 gap-y-[22px]\">\n\t<dt class=\"w-full md:w-auto min-w-[200px] md:max-w-[200px]\">\n\t\t<span class=\"text-heading-400 text-red u-halftone-shadow\">\n\t\t\t15 h 15 \u00e0 15 h 30\t\t<\/span>\n\t<\/dt>\n\t<dd class=\"text-body-500\">\n\t\t<div class=\"acf-innerblocks-container\">\n<div class=\"wp-block-paragraph \">\n<p><strong><strong><strong><strong><strong><strong>Pause<\/strong><\/strong><\/strong><\/strong><\/strong><\/strong><\/p>\n<\/div>\n<\/div>\t<\/dd>\n<\/dl>\n\n\n<dl class=\"flex flex-wrap md:flex-nowrap items-center border-b-2 border-smoke py-10 px-[22px] md:px-10 gap-x-10 gap-y-[22px]\">\n\t<dt class=\"w-full md:w-auto min-w-[200px] md:max-w-[200px]\">\n\t\t<span class=\"text-heading-400 text-red u-halftone-shadow\">\n\t\t\t15 h 30 \u00e0 17 h.  \t\t<\/span>\n\t<\/dt>\n\t<dd class=\"text-body-500\">\n\t\t<div class=\"acf-innerblocks-container\">\n<div class=\"wp-block-paragraph \">\n<p><strong><strong><strong><strong><strong>Ateliers en petits groupes<\/strong><\/strong><\/strong><\/strong><\/strong><\/p>\n<\/div>\n\n<div class=\"wp-block-paragraph \">\n<p><strong>Parcours Sant\u00e9 et S\u00e9curit\u00e9 <\/strong>| Premier F<br\/><strong>Fili\u00e8re des n\u00e9gociations<\/strong> | Premier GH<br\/><strong>Parcours de leadership syndical<\/strong> | Premier C<\/p>\n<\/div>\n<\/div>\t<\/dd>\n<\/dl>\n\n<\/div><\/section>\n\n<\/div><\/section>\n<\/div>\n\n<\/div><\/section>\n\n<style>.iaff-page-blocks .agenda-list-section,\n.iaff-page-blocks .agenda-list-section .section-header,\n.iaff-page-blocks .agenda-list {\nmargin-top: 0px!important;\nmargin-bottom: 0px!important;\n}\n.\\!py-30 {padding-top: 30px!important; padding-bottom: 30px!important}\n@media print {\n.primary-header, \n.secondary-hero img,\n.secondary-navigation-manual,\nfooter {display: none!important;}\n.agenda-list .acf-innerblocks-container dl {padding: 8px !important; gap: 0!important; flex-wrap: no-wrap!important;}\n.agenda-list .acf-innerblocks-container dl dt {width: 100px!important;}\n}\n<\/style>\n","protected":false},"excerpt":{"rendered":"","protected":false},"featured_media":0,"parent":72634,"menu_order":0,"comment_status":"closed","ping_status":"closed","template":"","meta":{"_acf_changed":false,"_searchwp_excluded":"","inline_featured_image":false,"_EventAllDay":false,"_EventTimezone":"","_EventStartDate":"","_EventEndDate":"","_EventStartDateUTC":"","_EventEndDateUTC":"","_EventShowMap":false,"_EventShowMapLink":false,"_EventURL":"","_EventCost":"","_EventCostDescription":"","_EventCurrencySymbol":"","_EventCurrencyCode":"","_EventCurrencyPosition":"","_EventDateTimeSeparator":"","_EventTimeRangeSeparator":"","_EventOrganizerID":[],"_EventVenueID":[],"_OrganizerEmail":"","_OrganizerPhone":"","_OrganizerWebsite":"","_VenueAddress":"","_VenueCity":"","_VenueCountry":"","_VenueProvince":"","_VenueState":"","_VenueZip":"","_VenuePhone":"","_VenueURL":"","_VenueStateProvince":"","_VenueLat":"","_VenueLng":"","_VenueShowMap":false,"_VenueShowMapLink":false,"footnotes":""},"class_list":["post-121102","page","type-page","status-publish","hentry"],"acf":[],"publishpress_future_workflow_manual_trigger":{"enabledWorkflows":[]},"_links":{"self":[{"href":"https:\/\/www.iaff.org\/fr-ca\/wp-json\/wp\/v2\/pages\/121102","targetHints":{"allow":["GET"]}}],"collection":[{"href":"https:\/\/www.iaff.org\/fr-ca\/wp-json\/wp\/v2\/pages"}],"about":[{"href":"https:\/\/www.iaff.org\/fr-ca\/wp-json\/wp\/v2\/types\/page"}],"author":[{"embeddable":true,"href":"https:\/\/www.iaff.org\/fr-ca\/wp-json\/wp\/v2\/users\/13"}],"replies":[{"embeddable":true,"href":"https:\/\/www.iaff.org\/fr-ca\/wp-json\/wp\/v2\/comments?post=121102"}],"version-history":[{"count":6,"href":"https:\/\/www.iaff.org\/fr-ca\/wp-json\/wp\/v2\/pages\/121102\/revisions"}],"predecessor-version":[{"id":124580,"href":"https:\/\/www.iaff.org\/fr-ca\/wp-json\/wp\/v2\/pages\/121102\/revisions\/124580"}],"up":[{"embeddable":true,"href":"https:\/\/www.iaff.org\/fr-ca\/wp-json\/wp\/v2\/pages\/72634"}],"wp:attachment":[{"href":"https:\/\/www.iaff.org\/fr-ca\/wp-json\/wp\/v2\/media?parent=121102"}],"curies":[{"name":"wp","href":"https:\/\/api.w.org\/{rel}","templated":true}]}}