{"id":118053,"date":"2025-12-11T15:09:36","date_gmt":"2025-12-11T20:09:36","guid":{"rendered":"https:\/\/www.iaff.org\/formation-sur-la-survie-au-sol-en-cas-dincendie-fgs\/mise-a-jour-de-linstructeur-de-survie-au-sol-et-de-sauvetage-des-pompiers-de-liaff\/"},"modified":"2026-03-12T14:07:13","modified_gmt":"2026-03-12T18:07:13","slug":"mise-a-jour-de-linstructeur-de-survie-au-sol-et-de-sauvetage-des-pompiers-de-liaff","status":"publish","type":"page","link":"https:\/\/www.iaff.org\/fr-ca\/formation-sur-la-survie-au-sol-en-cas-dincendie-fgs\/mise-a-jour-de-linstructeur-de-survie-au-sol-et-de-sauvetage-des-pompiers-de-liaff\/","title":{"rendered":"Mise \u00e0 jour de l\u2019instructeur de survie au sol et de sauvetage des pompiers de l\u2019AIP (IAFF)"},"content":{"rendered":"<section\n\t class=\"secondary-hero align wp-block-acf-secondary-hero\" id=\"secondary-hero_block_8838e1153270ac1269b5573358914561\">\n\t\n<header\n\tclass=\"w-full u-bg-full-width px-[22px] md:ps-bleed md:pe-0 py-[60px] bg-smoke-5 text-black u-has-rivets u-rivets-dark\"\n\tdata-theme=\"gray\"\n>\n\t<div class=\"flex flex-col !px-0 !max-w-[1440px] w-full lg:!ps-indent\">\n\t\t<div class=\"border-t-[6px] w-full my-0 flex flex-col md:flex-row gap-x-[62px] gap-y-[22px] border-red\">\n\t\t\t\t\t\t<div class=\"w-full md:w-1\/2 md:py-[45px]\">\n\t\t\t\t<div class=\"max-w-[600px] flex flex-col gap-[22px]\">\n\t\t\t\t\t\t\t\t\t\t\t<h1 class=\"has-[.u-halftone-shadow--dark]:mb-divider has-[.u-halftone-shadow--light]:mb-divider pt-[22px] md:pt-0\">\n\t\t\t\t\t\t\t<span class=\"inline-flex text-heading-200 u-halftone-shadow--dark\">\n\t\t\t\t\t\t\t\tMise \u00e0 jour de l\u2019instructeur de survie au sol et de sauvetage des pompiers de l\u2019AIP (IAFF)\t\t\t\t\t\t\t<\/span>\n\t\t\t\t\t\t<\/h1>\n\t\t\t\t\t\t\t\t\t\t\t\t\t\t\t\t<div class=\"text-body-300 font-sans\">\n\t\t\t\t\t\t\t<p>Ce cours intensif de mise \u00e0 jour est con\u00e7u pour les instructeurs FGS des agences qui ont suivi le cours TtT FGS de l\u2019AIP (IAFF) et\/ou les instructeurs actuels du FGS des agences selon les crit\u00e8res d\u00e9termin\u00e9s par l\u2019autorit\u00e9 comp\u00e9tente. Le programme met l\u2019accent sur les techniques les plus r\u00e9centes, les protocoles de s\u00e9curit\u00e9 et les meilleures pratiques essentielles \u00e0 un enseignement efficace et \u00e0 une application pratique sur le terrain.  <\/p>\n\t\t\t\t\t\t<\/div>\n\t\t\t\t\t\t\t\t\t\t\t\t\t\t\t\t\t\t\t\t\t\t\t\t\t\t\t<div class=\"flex flex-wrap gap-[30px]\">\n\t\t\t\t\t\t\t\t\t\t\t\t\t\t\t<!-- Renders the same as core\/button with a specific style -->\n\t<div\n\t\tclass=\"wp-block-button track-button-primary is-style-primary-red\"\n\t>\n\t\t<a\n\t\t\tclass=\"wp-block-button__link wp-element-button cursor-pointer dlm-no-xhr-download track-hero-secondary-cta md:w-auto min-w-[156px]\"\n\t\t\t\t\t\t\thref=\"https:\/\/www.iaff.org\/wp-content\/uploads\/2026\/03\/FGS-FGSU-FFR-Flyer.pdf\"\n\t\t\t\t\t\t\t\t\ttarget=\"_blank\"\n\t\t\t\t\trel=\"nofollow noopener\"\n\t\t\t\t\t\t\t\t\t>\n\t\t\tT\u00e9l\u00e9charger le d\u00e9pliant\t\t<\/a>\n\t<\/div>\n\t\t\t\t\t\t\t\t\t\t\t\t\t<\/div>\n\t\t\t\t\t\t\t\t\t\t\t\t\t\t<\/div>\n\t\t\t<\/div>\n\n\t\t<\/div>\n\t\t\t\t\t<div class=\"order-first flex justify-start w-full pb-[22px]\">\n\t\t\t\t<div\n\tclass=\"wp-block-button is-style-tertiary text-smoke is-style-tertiary-back\"\n>\n\t\t\t<a\n\t\t\thref=\"https:\/\/www.iaff.org\/fr-ca\/formation-sur-la-survie-au-sol-en-cas-dincendie-fgs\/\"\n\t\t\tclass=\"wp-block-button__link wp-element-button group\"\n\t\t\t\t\t>\n\t\t\t<span\n\t\t\tclass=\"decoration-transparent underline underline-offset-2 group-hover:decoration-inherit group-focus-visible:decoration-inherit transition duration-hover\"\n\t\t>\n\t\t\tSurvie sur le terrain d\u2019incendie (FGS) et formation au secours des pompiers\t\t<\/span>\n\n\t\t<span\n\t\t\tclass=\"bg-inherit transition-colors duration-hover group-hover:bg-gold group-focus:bg-gold inline-flex rotate-180 order-first\"\n\t\t>\n\t\t\t<svg xmlns=\"http:\/\/www.w3.org\/2000\/svg\" width=\"21\" height=\"22\" fill=\"none\" viewBox=\"0 0 21 22\"><path stroke=\"currentColor\" stroke-linecap=\"round\" stroke-width=\"2\" d=\"M20 20.75L20 2.25L1.5 2.25L1.5 20.75L20 20.75Z\" clip-rule=\"evenodd\"\/><path stroke=\"currentColor\" stroke-linecap=\"square\" stroke-width=\"2\" d=\"M14.0883 11.5L6.66406 11.5\"\/><path stroke=\"currentColor\" stroke-linecap=\"square\" stroke-width=\"2\" d=\"M11.0723 7.75205L14.8363 11.5L11.0723 15.248\"\/><\/svg>\t\t<\/span>\n\t<\/a><\/div>\n\t\t\t<\/div>\n\t\t\t<\/div>\n<\/header>\n<\/section>\n\n<h4 class=\"wp-block-heading\">Objectifs :<\/h4>\n<div class=\"wp-block-paragraph \">\n<p>Mettre \u00e0 jour les nouvelles normes : Assurez-vous que tous les enseignants sont \u00e0 jour avec les techniques FGS mises \u00e0 jour, les \u00e9tudes de cas et le programme d\u2019\u00e9tudes<\/p>\n<\/div><div class=\"wp-block-paragraph \">\n<p>Techniques avanc\u00e9es : Apprenez de nouvelles m\u00e9thodes innovantes de sauvetage pour pompiers, y compris la conscience situationnelle, l\u2019\u00e9valuation des risques et la prise de d\u00e9cision dans des environnements \u00e0 fort stress.<\/p>\n<\/div><div class=\"wp-block-paragraph \">\n<p>Comp\u00e9tences p\u00e9dagogiques : Am\u00e9liorez les m\u00e9thodologies p\u00e9dagogiques pour offrir des s\u00e9ances de formation engageantes et efficaces. Int\u00e9grez des sc\u00e9narios et simulations du monde r\u00e9el pour renforcer les r\u00e9sultats d\u2019apprentissage. <\/p>\n<\/div><div class=\"wp-block-paragraph \">\n<p>Op\u00e9rations de sauvetage des pompiers : Mise \u00e0 jour sur les avanc\u00e9es dans les techniques, outils et technologies de sauvetage des pompiers pour am\u00e9liorer l\u2019efficacit\u00e9 op\u00e9rationnelle et la s\u00e9curit\u00e9 des pompiers.<\/p>\n<\/div>\n<h4 class=\"wp-block-heading\">Public cible :<\/h4>\n<div class=\"wp-block-paragraph \">\n<p>Ce cours est destin\u00e9 aux instructeurs FGS des agences qui ont suivi le cours TtT FGS de l\u2019AIP (IAFF), et\/ou aux instructeurs actuels du FGS de l\u2019agence selon les crit\u00e8res d\u00e9termin\u00e9s par l\u2019autorit\u00e9 comp\u00e9tente.<\/p>\n<\/div>\n<h4 class=\"wp-block-heading\">Pr\u00e9requis :<\/h4>\n<div class=\"wp-block-paragraph \">\n<p>Les participants doivent \u00eatre des instructeurs actuels de l\u2019agence FGS et avoir compl\u00e9t\u00e9 le <a href=\"https:\/\/www.iaff.org\/fr-ca\/formation-sur-la-survie-au-sol-en-cas-dincendie-fgs\/cours-de-sensibilisation-a-la-survie-sur-les-lieux-dun-incendie\/\" data-type=\"page\" data-id=\"61383\">cours de sensibilisation<\/a> au FGS en ligne le plus r\u00e9cent.<\/p>\n<\/div>\n<h4 class=\"wp-block-heading\">Dur\u00e9e :<\/h4>\n<div class=\"wp-block-paragraph \">\n<p>Ce cours comprend des cours en classe, une formation pratique pratique et des \u00e9valuations en reprise sur trois jours.<\/p>\n<\/div>\n<h4 class=\"wp-block-heading\">M\u00e9thode de livraison :<\/h4>\n<div class=\"wp-block-paragraph \">\n<p>Le cours sera dispens\u00e9 \u00e0 travers une combinaison de conf\u00e9rences, de discussions interactives et d\u2019exercices de formation pratiques.<\/p>\n<\/div>","protected":false},"excerpt":{"rendered":"<p>Objectifs : Mettre \u00e0 jour les nouvelles normes : Assurez-vous que tous les enseignants sont \u00e0 jour avec les techniques FGS mises \u00e0 jour, les \u00e9tudes de cas et le [&hellip;]<\/p>\n","protected":false},"featured_media":0,"parent":61956,"menu_order":0,"comment_status":"closed","ping_status":"closed","template":"","meta":{"_acf_changed":false,"_searchwp_excluded":"","inline_featured_image":false,"_EventAllDay":false,"_EventTimezone":"","_EventStartDate":"","_EventEndDate":"","_EventStartDateUTC":"","_EventEndDateUTC":"","_EventShowMap":false,"_EventShowMapLink":false,"_EventURL":"","_EventCost":"","_EventCostDescription":"","_EventCurrencySymbol":"","_EventCurrencyCode":"","_EventCurrencyPosition":"","_EventDateTimeSeparator":"","_EventTimeRangeSeparator":"","_EventOrganizerID":[],"_EventVenueID":[],"_OrganizerEmail":"","_OrganizerPhone":"","_OrganizerWebsite":"","_VenueAddress":"","_VenueCity":"","_VenueCountry":"","_VenueProvince":"","_VenueState":"","_VenueZip":"","_VenuePhone":"","_VenueURL":"","_VenueStateProvince":"","_VenueLat":"","_VenueLng":"","_VenueShowMap":false,"_VenueShowMapLink":false,"footnotes":""},"class_list":["post-118053","page","type-page","status-publish","hentry"],"acf":[],"publishpress_future_workflow_manual_trigger":{"enabledWorkflows":[]},"_links":{"self":[{"href":"https:\/\/www.iaff.org\/fr-ca\/wp-json\/wp\/v2\/pages\/118053","targetHints":{"allow":["GET"]}}],"collection":[{"href":"https:\/\/www.iaff.org\/fr-ca\/wp-json\/wp\/v2\/pages"}],"about":[{"href":"https:\/\/www.iaff.org\/fr-ca\/wp-json\/wp\/v2\/types\/page"}],"author":[{"embeddable":true,"href":"https:\/\/www.iaff.org\/fr-ca\/wp-json\/wp\/v2\/users\/3"}],"replies":[{"embeddable":true,"href":"https:\/\/www.iaff.org\/fr-ca\/wp-json\/wp\/v2\/comments?post=118053"}],"version-history":[{"count":6,"href":"https:\/\/www.iaff.org\/fr-ca\/wp-json\/wp\/v2\/pages\/118053\/revisions"}],"predecessor-version":[{"id":121965,"href":"https:\/\/www.iaff.org\/fr-ca\/wp-json\/wp\/v2\/pages\/118053\/revisions\/121965"}],"up":[{"embeddable":true,"href":"https:\/\/www.iaff.org\/fr-ca\/wp-json\/wp\/v2\/pages\/61956"}],"wp:attachment":[{"href":"https:\/\/www.iaff.org\/fr-ca\/wp-json\/wp\/v2\/media?parent=118053"}],"curies":[{"name":"wp","href":"https:\/\/api.w.org\/{rel}","templated":true}]}}