{"id":100583,"date":"2025-05-20T15:09:25","date_gmt":"2025-05-20T19:09:25","guid":{"rendered":"https:\/\/www.iaff.org\/conference-du-8e-district\/"},"modified":"2025-10-23T15:44:23","modified_gmt":"2025-10-23T19:44:23","slug":"conference-du-8e-district","status":"publish","type":"page","link":"https:\/\/www.iaff.org\/fr-ca\/conference-du-8e-district\/","title":{"rendered":"Conf\u00e9rence du 8e district"},"content":{"rendered":"<section\n\t class=\"secondary-hero align wp-block-acf-secondary-hero\" id=\"secondary-hero_block_2597c83f1d85559c3858e4de86c70597\">\n\t\n<header\n\tclass=\"w-full u-bg-full-width px-[22px] md:ps-bleed md:pe-0 py-[60px] bg-blue text-white u-has-rivets\"\n\tdata-theme=\"navy\"\n>\n\t<div class=\"flex flex-col !px-0 !max-w-[1440px] w-full lg:!ps-indent\">\n\t\t<div class=\"border-t-[6px] w-full my-0 flex flex-col md:flex-row gap-x-[62px] gap-y-[22px] border-gold\">\n\t\t\t\t\t\t\t<div class=\"relative grid md:order-last md:w-1\/2 overflow-hidden place-items-center aspect-[157\/105]\">\n\t\t\t\t\t<img decoding=\"async\" width=\"1100\" height=\"800\" src=\"https:\/\/www.iaff.org\/wp-content\/uploads\/2025\/05\/Hyatt-Regency-Indianapolis-8thDistCon-1100x800.png\" class=\"absolute object-cover min-w-full h-full\" alt=\"Hyatt Regency Indianapolis hotel\" srcset=\"https:\/\/www.iaff.org\/wp-content\/uploads\/2025\/05\/Hyatt-Regency-Indianapolis-8thDistCon-1100x800.png 1100w, https:\/\/www.iaff.org\/wp-content\/uploads\/2025\/05\/Hyatt-Regency-Indianapolis-8thDistCon-300x218.png 300w, https:\/\/www.iaff.org\/wp-content\/uploads\/2025\/05\/Hyatt-Regency-Indianapolis-8thDistCon-1024x745.png 1024w, https:\/\/www.iaff.org\/wp-content\/uploads\/2025\/05\/Hyatt-Regency-Indianapolis-8thDistCon-768x559.png 768w, https:\/\/www.iaff.org\/wp-content\/uploads\/2025\/05\/Hyatt-Regency-Indianapolis-8thDistCon-1536x1117.png 1536w, https:\/\/www.iaff.org\/wp-content\/uploads\/2025\/05\/Hyatt-Regency-Indianapolis-8thDistCon-2048x1490.png 2048w, https:\/\/www.iaff.org\/wp-content\/uploads\/2025\/05\/Hyatt-Regency-Indianapolis-8thDistCon-240x175.png 240w, https:\/\/www.iaff.org\/wp-content\/uploads\/2025\/05\/Hyatt-Regency-Indianapolis-8thDistCon-1113x810.png 1113w\" sizes=\"(max-width: 1100px) 100vw, 1100px\" \/>\t\t\t\t<\/div>\n\t\t\t\t\t\t<div class=\"w-full md:w-1\/2 md:py-[45px]\">\n\t\t\t\t<div class=\"max-w-[600px] flex flex-col gap-[22px]\">\n\t\t\t\t\t\t\t\t\t\t\t<h1 class=\"has-[.u-halftone-shadow--dark]:mb-divider has-[.u-halftone-shadow--light]:mb-divider\">\n\t\t\t\t\t\t\t<span class=\"inline-flex text-heading-200 u-halftone-shadow--light\">\n\t\t\t\t\t\t\t\tConf\u00e9rence du 8e district\t\t\t\t\t\t\t<\/span>\n\t\t\t\t\t\t<\/h1>\n\t\t\t\t\t\t\t\t\t\t\t\t\t\t\t\t<div class=\"text-body-300 font-sans\">\n\t\t\t\t\t\t\t<p>La conf\u00e9rence du 8e district accueille tous les dirigeants affili\u00e9s du Kentucky, de l\u2019Illinois, de l\u2019Indiana, du Michigan et de l\u2019Ohio. Ne manquez pas l\u2019occasion de r\u00e9seauter avec un groupe diversifi\u00e9 d\u2019affili\u00e9s et d\u2019acqu\u00e9rir de nouvelles comp\u00e9tences et ressources pour relever les d\u00e9fis uniques de votre section locale.<\/p>\n\t\t\t\t\t\t<\/div>\n\t\t\t\t\t\t\t\t\t\t\t\t\t\t\t\t\t\t\t\t\t\t\t\t\t\t\t\t\t\t\t<div  class=\"text-label-100 inline-flex gap-3 items-center track-hero-meta\">\t<svg xmlns=\"http:\/\/www.w3.org\/2000\/svg\" width=\"19\" height=\"22\" fill=\"none\" viewBox=\"0 0 19 22\"><path stroke=\"currentColor\" stroke-linecap=\"square\" stroke-width=\"2\" d=\"M1.08496 8.59898H17.5722\"\/><path stroke=\"currentColor\" stroke-linecap=\"square\" stroke-width=\"2\" d=\"M13.433 12.2115H13.4415\"\/><path stroke=\"currentColor\" stroke-linecap=\"square\" stroke-width=\"2\" d=\"M9.32847 12.2115H9.33704\"\/><path stroke=\"currentColor\" stroke-linecap=\"square\" stroke-width=\"2\" d=\"M5.21519 12.2115H5.22376\"\/><path stroke=\"currentColor\" stroke-linecap=\"square\" stroke-width=\"2\" d=\"M13.433 15.8065H13.4415\"\/><path stroke=\"currentColor\" stroke-linecap=\"square\" stroke-width=\"2\" d=\"M9.32847 15.8065H9.33704\"\/><path stroke=\"currentColor\" stroke-linecap=\"square\" stroke-width=\"2\" d=\"M5.21519 15.8065H5.22376\"\/><path stroke=\"currentColor\" stroke-linecap=\"square\" stroke-width=\"2\" d=\"M13.0652 1.75V4.79399\"\/><path stroke=\"currentColor\" stroke-linecap=\"square\" stroke-width=\"2\" d=\"M5.59252 1.75V4.79399\"\/><path stroke=\"currentColor\" stroke-linecap=\"square\" stroke-width=\"2\" d=\"M17.65 3.21069H1V20.25H17.65V3.21069Z\" clip-rule=\"evenodd\"\/><\/svg>\t27 et 28 octobre 2025<\/div>\t\t\t\t\t\t\t\t\t\t\t\t\t\t\t\t\t\t\t\t\t\t\t\t\t\t\t\t<div  class=\"text-label-100 inline-flex gap-3 items-center track-hero-meta\">\t<svg xmlns=\"http:\/\/www.w3.org\/2000\/svg\" width=\"17\" height=\"21\" fill=\"none\" viewBox=\"0 0 17 21\"><path stroke=\"currentColor\" stroke-linecap=\"round\" stroke-linejoin=\"round\" stroke-width=\"2\" d=\"M10.9731 9.05639C10.9731 7.68255 9.85989 6.56934 8.48706 6.56934C7.11322 6.56934 6 7.68255 6 9.05639C6 10.4292 7.11322 11.5424 8.48706 11.5424C9.85989 11.5424 10.9731 10.4292 10.9731 9.05639Z\" clip-rule=\"evenodd\"\/><path stroke=\"currentColor\" stroke-linecap=\"round\" stroke-width=\"2\" d=\"M8.46265 19.5C8.46265 19.5 1.18681 14.7608 1.00347 8.84729C0.874745 4.6951 4.34252 1.00008 8.46265 1.00008C12.5828 1.00008 16.0497 4.69504 15.9228 8.84729C15.7384 14.882 8.46265 19.5 8.46265 19.5Z\" clip-rule=\"evenodd\"\/><\/svg>\tIndianapolis, IN<\/div>\t\t\t\t\t\t\t\t\t\t\t\t\t\t\t\t\t\t\t\t\t\t\t\t\t\t\t\t\t\t\t\t\t\t\t<div class=\"flex flex-wrap gap-[30px]\">\n\t\t\t\t\t\t\t\t\t\t\t\t\t\t\t<!-- Renders the same as core\/button with a specific style -->\n\t<div\n\t\tclass=\"wp-block-button track-button-primary is-style-primary-red\"\n\t>\n\t\t<a class=\"wp-block-button__link wp-element-button cursor-pointer dlm-no-xhr-download track-hero-secondary-cta md:w-auto min-w-[156px]\" href=\"https:\/\/my.iaff.org\/web\/events\/Event_display.aspx?EventKey=PEP2025_08\" target=\"_blank\" rel=\"nofollow noopener\">\n\t\t\tInscrivez-vous d\u00e8s aujourd\u2019hui\t\t<\/a>\n\t<\/div>\n\t\t\t\t\t\t\t\t\t\t\t\t\t\t\t<!-- Renders the same as core\/button with a specific style -->\n\t<div\n\t\tclass=\"wp-block-button track-button-primary is-style-primary-red\"\n\t>\n\t\t<a class=\"wp-block-button__link wp-element-button cursor-pointer dlm-no-xhr-download track-hero-secondary-cta md:w-auto min-w-[156px]\" href=\"https:\/\/www.hyatt.com\/group-booking\/INDRI\/G-IAF5\" target=\"_blank\" rel=\"nofollow noopener\">\n\t\t\tR\u00c9SERVER UNE CHAMBRE D\u2019H\u00d4TEL\t\t<\/a>\n\t<\/div>\n\t\t\t\t\t\t\t\t\t\t\t\t\t\t\t<!-- Renders the same as core\/button with a specific style -->\n\t<div\n\t\tclass=\"wp-block-button track-button-primary is-style-secondary-red\"\n\t>\n\t\t<a class=\"wp-block-button__link wp-element-button cursor-pointer dlm-no-xhr-download track-hero-secondary-cta md:w-auto min-w-[156px]\" href=\"https:\/\/www.iaff.org\/wp-content\/uploads\/2025\/06\/8thDistrictConf_Oct2025_SaveTheDate_FNL.pdf\" target=\"_blank\" rel=\"nofollow noopener\">\n\t\t\tD\u00e9pliant R\u00e9servez la date\t\t<\/a>\n\t<\/div>\n\t\t\t\t\t\t\t\t\t\t\t\t\t<\/div>\n\t\t\t\t\t\t\t\t\t\t\t\t\t\t<\/div>\n\t\t\t<\/div>\n\n\t\t<\/div>\n\t\t\t<\/div>\n<\/header>\n<\/section>\n<section\n\t class=\"page-blocks iaff-page-blocks align wp-block-acf-page-blocks\" id=\"page-blocks_block_ac6f3ccf990cf9e8137b87d9cdbdddd5\">\n\t<div class=\"acf-innerblocks-container\">\n<section\n\t class=\"secondary-navigation-manual u-bg-full-width bg-smoke\/5 align wp-block-acf-secondary-navigation-manual\" id=\"secondary-navigation-manual_block_f437ca01fff1b1cff55368553113d1c7\">\n\t<details class=\"iaff-secondary-navigation\" open>\n\t<summary class=\"flex cursor-pointer u-bg-full-width\">\n\t\t\t\t\t<h2 class=\"text-heading-400 bg-main-bg-overlay text-black inline-flex items-center gap-x-[14px] h-full !ps-0 py-[34px] !pe-10\">\n\t\t\t\t<span>Dans la pr\u00e9sente section<\/span>\n\t\t\t<\/h2>\n\t\t\t<\/summary>\n\t<div class=\"py-10 md:ps-12 md:pe-10 grid grid-cols-1 md:grid-cols-2 lg:grid-cols-3 gap-[30px]\">\n\t\t<!-- Renders the same as core\/button with a specific style -->\n<!-- Renders the same as core\/button with a specific style -->\n\t<div>\n\t\t\t\t\t<a class=\"inline-flex gap-[16px] items-center text-inherit text-button-300 leading-6 cursor-pointer decoration-transparent underline underline-offset-2 transition-colors duration-hover hocus-visible:decoration-current\" href=\"https:\/\/my.iaff.org\/web\/events\/Event_display.aspx?EventKey=PEP2025_08\" target=\"_blank\" rel=\"nofollow noopener\">\n\t\t\t\t<span>\n\t\t\t\t\tInscription\t\t\t\t<\/span>\n\t\t\t\t<svg xmlns=\"http:\/\/www.w3.org\/2000\/svg\" width=\"15\" height=\"15\" fill=\"none\" viewBox=\"0 0 15 15\"><path stroke=\"currentColor\" stroke-linecap=\"square\" stroke-width=\"2\" d=\"M11.6347 7.49976L1 7.49976\"\/><path stroke=\"currentColor\" stroke-linecap=\"square\" stroke-width=\"2\" d=\"M7.31445 2.13138L12.7061 7.50014L7.31445 12.8689\"\/><\/svg>\t\t\t<\/a>\n\t\t\t<\/div>\n<!-- Renders the same as core\/button with a specific style -->\n\t<div>\n\t\t\t\t\t<a\n\t\t\t\tclass=\"inline-flex gap-[16px] items-center text-inherit text-button-300 leading-6 cursor-pointer decoration-transparent underline underline-offset-2 transition-colors duration-hover hocus-visible:decoration-current\"\n\t\t\t\t\t\t\t\t\thref=\"#agenda\"\n\t\t\t\t\t\t\t\t\t\t\t\t>\n\t\t\t\t<span>\n\t\t\t\t\tOrdre du jour\t\t\t\t<\/span>\n\t\t\t\t<svg xmlns=\"http:\/\/www.w3.org\/2000\/svg\" width=\"15\" height=\"15\" fill=\"none\" viewBox=\"0 0 15 15\"><path stroke=\"currentColor\" stroke-linecap=\"square\" stroke-width=\"2\" d=\"M11.6347 7.49976L1 7.49976\"\/><path stroke=\"currentColor\" stroke-linecap=\"square\" stroke-width=\"2\" d=\"M7.31445 2.13138L12.7061 7.50014L7.31445 12.8689\"\/><\/svg>\t\t\t<\/a>\n\t\t\t<\/div>\n<!-- Renders the same as core\/button with a specific style -->\n\t<div>\n\t\t\t\t\t<a\n\t\t\t\tclass=\"inline-flex gap-[16px] items-center text-inherit text-button-300 leading-6 cursor-pointer decoration-transparent underline underline-offset-2 transition-colors duration-hover hocus-visible:decoration-current\"\n\t\t\t\t\t\t\t\t\thref=\"#workshops\"\n\t\t\t\t\t\t\t\t\t\t\t\t>\n\t\t\t\t<span>\n\t\t\t\t\tAteliers\t\t\t\t<\/span>\n\t\t\t\t<svg xmlns=\"http:\/\/www.w3.org\/2000\/svg\" width=\"15\" height=\"15\" fill=\"none\" viewBox=\"0 0 15 15\"><path stroke=\"currentColor\" stroke-linecap=\"square\" stroke-width=\"2\" d=\"M11.6347 7.49976L1 7.49976\"\/><path stroke=\"currentColor\" stroke-linecap=\"square\" stroke-width=\"2\" d=\"M7.31445 2.13138L12.7061 7.50014L7.31445 12.8689\"\/><\/svg>\t\t\t<\/a>\n\t\t\t<\/div>\n<!-- Renders the same as core\/button with a specific style -->\n\t<div>\n\t\t\t\t\t<a\n\t\t\t\tclass=\"inline-flex gap-[16px] items-center text-inherit text-button-300 leading-6 cursor-pointer decoration-transparent underline underline-offset-2 transition-colors duration-hover hocus-visible:decoration-current\"\n\t\t\t\t\t\t\t\t\thref=\"#hotel\"\n\t\t\t\t\t\t\t\t\t\t\t\t>\n\t\t\t\t<span>\n\t\t\t\t\tVoyages et h\u00e9bergement\t\t\t\t<\/span>\n\t\t\t\t<svg xmlns=\"http:\/\/www.w3.org\/2000\/svg\" width=\"15\" height=\"15\" fill=\"none\" viewBox=\"0 0 15 15\"><path stroke=\"currentColor\" stroke-linecap=\"square\" stroke-width=\"2\" d=\"M11.6347 7.49976L1 7.49976\"\/><path stroke=\"currentColor\" stroke-linecap=\"square\" stroke-width=\"2\" d=\"M7.31445 2.13138L12.7061 7.50014L7.31445 12.8689\"\/><\/svg>\t\t\t<\/a>\n\t\t\t<\/div>\n<!-- Renders the same as core\/button with a specific style -->\n\t<div>\n\t\t\t\t\t<a class=\"inline-flex gap-[16px] items-center text-inherit text-button-300 leading-6 cursor-pointer decoration-transparent underline underline-offset-2 transition-colors duration-hover hocus-visible:decoration-current\" href=\"https:\/\/iaff.mosaic-mobile.net\/share-app.aspx\" target=\"_blank\" rel=\"nofollow noopener\">\n\t\t\t\t<span>\n\t\t\t\t\tT\u00c9L\u00c9CHARGEZ L\u2019APPLICATION l\u2019AIP\t\t\t\t<\/span>\n\t\t\t\t<svg xmlns=\"http:\/\/www.w3.org\/2000\/svg\" width=\"15\" height=\"15\" fill=\"none\" viewBox=\"0 0 15 15\"><path stroke=\"currentColor\" stroke-linecap=\"square\" stroke-width=\"2\" d=\"M11.6347 7.49976L1 7.49976\"\/><path stroke=\"currentColor\" stroke-linecap=\"square\" stroke-width=\"2\" d=\"M7.31445 2.13138L12.7061 7.50014L7.31445 12.8689\"\/><\/svg>\t\t\t<\/a>\n\t\t\t<\/div>\n<!-- Renders the same as core\/button with a specific style -->\n\t<\/div>\n<\/details>\n<\/section>\n\n\n\n<div class=\"wp-block-group is-layout-constrained wp-block-group-is-layout-constrained\"><section\n\t class=\"callout-section pt-20 md:pt-[100px] bg-smoke\/5 u-bg-full-width align wp-block-acf-callout-section\" id=\"callout-section_block_16949220ae329c0dd9e8b1e16c135e0d\">\n\t\t<div class=\"\">\n\t\t\t\t\t<header class=\"flex justify-between items-center max-w-content\">\n\t\t\t\t\t\t\t\t\t<!-- Render Headline-->\n\t\t\t\t\t<h2 class=\"text-heading-200\">\n\t\t\t\t\t\t<!-- Headline: font-heading, 500, 38px, smoke -->\n\t\t\t\t\t\t \t\t\t\t\t<\/h2>\n\t\t\t\t\n\t\t\t\t\t\t\t<\/header>\n\n\t\t\t<!-- Border -->\n\t\t\t\t\t\t\t\t\t\t<div class=\"u-bleed-left\">\n\t\t\t\t\t\n\t\t\t\t\t\t\t\t\t\t\t<div class=\"h-divider bg-right w-full bg-halftone-divider\" role=\"presentation\"><\/div>\n\t\t\t\t\t\t\t\t\t<\/div>\n\t\t\t\t\t\t<\/div>\n\n\t<!-- TODO: Constrain to content width -->\n\t<div class=\"w-full flex flex-col\">\n\t\t<!-- Callouts -->\n\t\t<div class=\"acf-innerblocks-container\">\n<section\n\t class=\"callout align wp-block-acf-callout\" id=\"callout_block_b3374f4e0b741e5b19f5602bc31bfbef\">\n\t<div class=\"grid md:grid-cols-2 gap-0\">\n\t\t<figure\n\t\t\tclass=\"md:col-start-2 md:row-start-1 grid place-items-center\"\n\t\t>\n\t\t\t\t\t\t\t<div class=\"relative\">\n\t\t\t\t\t<img decoding=\"async\" width=\"118\" height=\"240\" src=\"https:\/\/www.iaff.org\/wp-content\/uploads\/2024\/02\/IAFF-App-middle-2024-118x240.png\" class=\"max-w-full\" alt=\"\" srcset=\"https:\/\/www.iaff.org\/wp-content\/uploads\/2024\/02\/IAFF-App-middle-2024-118x240.png 118w, https:\/\/www.iaff.org\/wp-content\/uploads\/2024\/02\/IAFF-App-middle-2024-148x300.png 148w, https:\/\/www.iaff.org\/wp-content\/uploads\/2024\/02\/IAFF-App-middle-2024-394x800.png 394w, https:\/\/www.iaff.org\/wp-content\/uploads\/2024\/02\/IAFF-App-middle-2024-399x810.png 399w, https:\/\/www.iaff.org\/wp-content\/uploads\/2024\/02\/IAFF-App-middle-2024.png 493w\" sizes=\"(max-width: 118px) 100vw, 118px\" \/>\t\t\t\t\t<div class=\"u-halftone-overlay\"><\/div>\n\t\t\t\t<\/div>\n\t\t\t\t\t<\/figure>\n\t\t<div class=\"flex flex-col gap-2 py-[54px] text-smoke md:p-10 justify-center md:px-15\">\n\t\t\t\t\t\t\t\t\t\t<div class=\"font-serif font-600 text-[34px] leading-[1.1] -tracking-[0.5px]\">\n\t\t\t\t\tApplication officielle de l\u2019AIP\t\t\t\t<\/div>\n\t\t\t\t\t\t\t\t\t\t<div class=\"font-sans font-350 text-[18px] leading-[1.5]\">\n\t\t\t\t\t<p>Restez inform\u00e9 des informations sur l\u2019\u00e9v\u00e9nement gr\u00e2ce \u00e0 l\u2019application IAFF.<\/p>\n\t\t\t\t<\/div>\n\t\t\t\t\t\t\t\t\t\t<div class=\"flex flex-wrap gap-[30px] pt-10\">\n\t\t\t\t\t\t\t\t\t\t\t<!-- Renders the same as core\/button with a specific style -->\n\t<div\n\t\tclass=\"wp-block-button track-button-primary is-style-primary-red\"\n\t>\n\t\t<a class=\"wp-block-button__link wp-element-button cursor-pointer md:w-auto min-w-[156px]\" href=\"https:\/\/iaff.mosaic-mobile.net\/share-app.aspx\" target=\"_blank\" rel=\"nofollow noopener\">\n\t\t\tT\u00c9L\u00c9CHARGEZ L\u2019APPLICATION l\u2019AIP\t\t<\/a>\n\t<\/div>\n\t\t\t\t\t\t\t\t\t<\/div>\n\t\t\t\t\t<\/div>\n\t<\/div>\n<\/section>\n\n<\/div>\n\t\t\t<\/div>\n<\/section>\n<\/div>\n\n\n\n<div id=\"agenda\" class=\"wp-block-group is-layout-constrained wp-block-group-is-layout-constrained\"><section\n\t class=\"section-header mb-10 align wp-block-acf-section-header\" id=\"section-header_block_4b4c22d8f5634fda0a4a0745ead18e8d\">\n\t<div class=\"\">\n\t<div class=\"flex flex-col md:flex-row justify-between max-w-content gap-x-8 md:items-end flex-wrap\">\n\t\t<h2 class=\"text-heading-200 pb-[2px]\">\n\t\t\tOrdre du jour\t\t<\/h2>\n\n\t\t\t\t\t<div class=\"md:order-last w-full\">\n\t\t\t\t\n\t<hr class=\"h-[6px] text-red border-red bg-red w-full my-0\" role=\"presentation\"\/>\n\n\t<div class=\"h-divider w-full bg-halftone-divider bg-right\"><\/div>\n\t\t\t<\/div>\n\t\t\n\t\t\t<\/div>\n<\/div>\n<\/section>\n\n\n\n<div class=\"wp-block-buttons is-layout-flex wp-block-buttons-is-layout-flex\">\n<div class=\"wp-block-button is-style-primary-red\"><a class=\"wp-block-button__link wp-element-button\" href=\"https:\/\/www.iaff.org\/wp-content\/uploads\/2025\/05\/8thDistConference_Agenda_2025_v10.pdf\" target=\"_blank\" rel=\"noreferrer noopener\">T\u00e9l\u00e9charger le PDF  <\/a><\/div>\n<\/div>\n\n\n<div class=\"wp-block-paragraph \">\n<p><\/p>\n<\/div>\n\n\n<details class=\"wp-block-details is-layout-flow wp-block-details-is-layout-flow\"><summary>Lundi 27 octobre<\/summary><section\n\t class=\"page-blocks iaff-page-blocks align wp-block-acf-page-blocks\" id=\"page-blocks_block_ac6f3ccf990cf9e8137b87d9cdbdddd5\">\n\t<div class=\"acf-innerblocks-container\">\n<section\n\t class=\"agenda-list iaff-block-agenda-list text-body-500 align wp-block-acf-agenda-list\" id=\"agenda-list_block_076f8b4e4cf7d32db9bc8010ccb8d2b1\">\n\t\n\t<div class=\"acf-innerblocks-container\">\n<dl class=\"flex flex-wrap md:flex-nowrap items-center border-b-2 border-smoke py-10 px-[22px] md:px-10 gap-x-10 gap-y-[22px]\">\n\t<dt class=\"w-full md:w-auto min-w-[200px] md:max-w-[200px]\">\n\t\t<span class=\"text-heading-400 text-red u-halftone-shadow\">\n\t\t\t8 h 30 \u00e0 12 h\t\t<\/span>\n\t<\/dt>\n\t<dd class=\"text-body-500\">\n\t\t<div class=\"acf-innerblocks-container\">\n<div class=\"wp-block-paragraph \">\n<p><strong>Inscription <\/strong>| Foyer cosmopolite<\/p>\n<\/div>\n<\/div>\t<\/dd>\n<\/dl>\n\n\n<dl class=\"flex flex-wrap md:flex-nowrap items-center border-b-2 border-smoke py-10 px-[22px] md:px-10 gap-x-10 gap-y-[22px]\">\n\t<dt class=\"w-full md:w-auto min-w-[200px] md:max-w-[200px]\">\n\t\t<span class=\"text-heading-400 text-red u-halftone-shadow\">\n\t\t\t9 h 45 \u00e0 10 h\t\t<\/span>\n\t<\/dt>\n\t<dd class=\"text-body-500\">\n\t\t<div class=\"acf-innerblocks-container\">\n<div class=\"wp-block-paragraph \">\n<p><strong>Pr\u00e9sentation du commanditaire<\/strong> | Salle de bal cosmopolite<\/p>\n<\/div>\n<\/div>\t<\/dd>\n<\/dl>\n\n\n<dl class=\"flex flex-wrap md:flex-nowrap items-center border-b-2 border-smoke py-10 px-[22px] md:px-10 gap-x-10 gap-y-[22px]\">\n\t<dt class=\"w-full md:w-auto min-w-[200px] md:max-w-[200px]\">\n\t\t<span class=\"text-heading-400 text-red u-halftone-shadow\">\n\t\t\t10 h 45\t\t<\/span>\n\t<\/dt>\n\t<dd class=\"text-body-500\">\n\t\t<div class=\"acf-innerblocks-container\">\n<div class=\"wp-block-paragraph \">\n<p><strong>S\u00e9ance g\u00e9n\u00e9rale<\/strong> | Salle de bal cosmopolite<\/p>\n<\/div>\n\n<div class=\"wp-block-paragraph \">\n<p>C\u00e9r\u00e9monies d\u2019ouverture, pr\u00e9sentation de la garde d\u2019honneur<br\/>Mark Sanders, vice-pr\u00e9sident du<sup>8e<\/sup> district, Association internationale des pompiers<br\/>Edward A. Kelly, pr\u00e9sident g\u00e9n\u00e9ral, Association internationale des pompiers<br\/>Frank V. L\u00edma, secr\u00e9taire g\u00e9n\u00e9ral-tr\u00e9sorier, Association internationale des pompiers<br\/>Peter Leff, avocat g\u00e9n\u00e9ral de l\u2019IAFF<br\/>Chris \u00ab Blue \u00bb Bartley, adjoint du pr\u00e9sident g\u00e9n\u00e9ral, Affaires gouvernementales et action politique<\/p>\n<\/div>\n<\/div>\t<\/dd>\n<\/dl>\n\n\n<dl class=\"flex flex-wrap md:flex-nowrap items-center border-b-2 border-smoke py-10 px-[22px] md:px-10 gap-x-10 gap-y-[22px]\">\n\t<dt class=\"w-full md:w-auto min-w-[200px] md:max-w-[200px]\">\n\t\t<span class=\"text-heading-400 text-red u-halftone-shadow\">\n\t\t\t11 h 45 \u00e0 12 h\t\t<\/span>\n\t<\/dt>\n\t<dd class=\"text-body-500\">\n\t\t<div class=\"acf-innerblocks-container\">\n<div class=\"wp-block-paragraph \">\n<p><strong>Pr\u00e9sentation du commanditaire<\/strong> | Salle de bal cosmopolite<\/p>\n<\/div>\n<\/div>\t<\/dd>\n<\/dl>\n\n\n<dl class=\"flex flex-wrap md:flex-nowrap items-center border-b-2 border-smoke py-10 px-[22px] md:px-10 gap-x-10 gap-y-[22px]\">\n\t<dt class=\"w-full md:w-auto min-w-[200px] md:max-w-[200px]\">\n\t\t<span class=\"text-heading-400 text-red u-halftone-shadow\">\n\t\t\t12 h \u00e0 12 h 30\t\t<\/span>\n\t<\/dt>\n\t<dd class=\"text-body-500\">\n\t\t<div class=\"acf-innerblocks-container\">\n<div class=\"wp-block-paragraph \">\n<p><strong>D\u00eener<\/strong> | Salle de bal Regency AD<\/p>\n<\/div>\n<\/div>\t<\/dd>\n<\/dl>\n\n\n<dl class=\"flex flex-wrap md:flex-nowrap items-center border-b-2 border-smoke py-10 px-[22px] md:px-10 gap-x-10 gap-y-[22px]\">\n\t<dt class=\"w-full md:w-auto min-w-[200px] md:max-w-[200px]\">\n\t\t<span class=\"text-heading-400 text-red u-halftone-shadow\">\n\t\t\t12 h 30 \u00e0 14 h 15.\t\t<\/span>\n\t<\/dt>\n\t<dd class=\"text-body-500\">\n\t\t<div class=\"acf-innerblocks-container\">\n<div class=\"wp-block-paragraph \">\n<p><strong><strong>S\u00e9ance g\u00e9n\u00e9rale<\/strong><\/strong> | Salle de bal cosmopolite<\/p>\n<\/div>\n\n<div class=\"wp-block-paragraph \">\n<p>Allan Westcott, chef de l\u2019exploitation, IAFF Financial Corporation<br\/>Sean DeCrane, adjoint du pr\u00e9sident g\u00e9n\u00e9ral, Sant\u00e9 et s\u00e9curit\u00e9<br\/>Dr Dan Whu, m\u00e9decin-chef<br\/>Ryan Heffernan, adjoint du pr\u00e9sident g\u00e9n\u00e9ral, Communications<br\/>Maureen Green, Tr\u00e9sori\u00e8re adjointe au secr\u00e9taire g\u00e9n\u00e9ral, Adh\u00e9sion<br\/>Doug Stern, directeur des op\u00e9rations<br\/>Rob McClintock, adjoint au pr\u00e9sident g\u00e9n\u00e9ral, TAIR<br\/>Joshua Smith, adjoint au pr\u00e9sident g\u00e9n\u00e9ral, \u00c9ducation, formation et subventions<\/p>\n<\/div>\n<\/div>\t<\/dd>\n<\/dl>\n\n\n<dl class=\"flex flex-wrap md:flex-nowrap items-center border-b-2 border-smoke py-10 px-[22px] md:px-10 gap-x-10 gap-y-[22px]\">\n\t<dt class=\"w-full md:w-auto min-w-[200px] md:max-w-[200px]\">\n\t\t<span class=\"text-heading-400 text-red u-halftone-shadow\">\n\t\t\t14 h 15 \u00e0 14 h 45.\t\t<\/span>\n\t<\/dt>\n\t<dd class=\"text-body-500\">\n\t\t<div class=\"acf-innerblocks-container\">\n<div class=\"wp-block-paragraph \">\n<p><strong><strong>Pr\u00e9sentation du commanditaire <\/strong><\/strong>| Salle de bal cosmopolite<\/p>\n<\/div>\n<\/div>\t<\/dd>\n<\/dl>\n\n\n<dl class=\"flex flex-wrap md:flex-nowrap items-center border-b-2 border-smoke py-10 px-[22px] md:px-10 gap-x-10 gap-y-[22px]\">\n\t<dt class=\"w-full md:w-auto min-w-[200px] md:max-w-[200px]\">\n\t\t<span class=\"text-heading-400 text-red u-halftone-shadow\">\n\t\t\t14 h 45 \u00e0 15 h.\t\t<\/span>\n\t<\/dt>\n\t<dd class=\"text-body-500\">\n\t\t<div class=\"acf-innerblocks-container\">\n<div class=\"wp-block-paragraph \">\n<p><strong>Pause<\/strong><\/p>\n<\/div>\n<\/div>\t<\/dd>\n<\/dl>\n\n\n<dl class=\"flex flex-wrap md:flex-nowrap items-center border-b-2 border-smoke py-10 px-[22px] md:px-10 gap-x-10 gap-y-[22px]\">\n\t<dt class=\"w-full md:w-auto min-w-[200px] md:max-w-[200px]\">\n\t\t<span class=\"text-heading-400 text-red u-halftone-shadow\">\n\t\t\t15 \u00e0 17 heures\t\t<\/span>\n\t<\/dt>\n\t<dd class=\"text-body-500\">\n\t\t<div class=\"acf-innerblocks-container\">\n<div class=\"wp-block-paragraph \">\n<p><strong>Ateliers en petits groupes<\/strong><\/p>\n<\/div>\n\n<div class=\"wp-block-paragraph \">\n<p><strong>Diff\u00e9rences g\u00e9n\u00e9rationnelles <\/strong>| Salle de bal cosmopolite<br\/><strong>Discipline : vos droits et responsabilit\u00e9s en tant que dirigeant syndical<\/strong> | D\u00e9couverte<br\/><strong>Comp\u00e9tences avanc\u00e9es pour les n\u00e9gociateurs <\/strong>(<strong>6 heures)<\/strong> | R\u00e9gence EF <br\/><strong>Communications de crise<\/strong> | Concept A-D<br\/><strong>L\u2019\u00e9thique des dirigeants syndicaux<\/strong> | R\u00e9seau<\/p>\n<\/div>\n<\/div>\t<\/dd>\n<\/dl>\n\n\n<dl class=\"flex flex-wrap md:flex-nowrap items-center border-b-2 border-smoke py-10 px-[22px] md:px-10 gap-x-10 gap-y-[22px]\">\n\t<dt class=\"w-full md:w-auto min-w-[200px] md:max-w-[200px]\">\n\t\t<span class=\"text-heading-400 text-red u-halftone-shadow\">\n\t\t\t17 h 30 \u00e0 19 h\t\t<\/span>\n\t<\/dt>\n\t<dd class=\"text-body-500\">\n\t\t<div class=\"acf-innerblocks-container\">\n<div class=\"wp-block-paragraph \">\n<p><strong>R\u00e9ception du 8e district<\/strong> (Organis\u00e9e par AFFI, PFFUI, KPFF, MPFFU, OAPFF, IAFF, Indy Local 416) | <em><a href=\"https:\/\/www.iaff.org\/wp-content\/uploads\/2025\/05\/8thDistrict-ReceptionFlyer-2025.pdf\" target=\"_blank\" rel=\"noreferrer noopener\">Invitation \u00e0 la r\u00e9ception pour la vue<\/a><\/em> de <strong>la salle syndicale locale 416 d\u2019Indianapolis<\/strong><\/p>\n<\/div>\n<\/div>\t<\/dd>\n<\/dl>\n\n<\/div><\/section>\n\n<\/div><\/section>\n<\/details>\n\n\n\n<details class=\"wp-block-details is-layout-flow wp-block-details-is-layout-flow\"><summary>Mardi 28 octobre<\/summary><section\n\t class=\"page-blocks iaff-page-blocks align wp-block-acf-page-blocks\" id=\"page-blocks_block_ac6f3ccf990cf9e8137b87d9cdbdddd5\">\n\t<div class=\"acf-innerblocks-container\">\n<section\n\t class=\"agenda-list iaff-block-agenda-list text-body-500 align wp-block-acf-agenda-list\" id=\"agenda-list_block_bd0ebf56fea9ecfd9750e8c4729bf629\">\n\t\t\t<header class=\"flex flex-col\">\n\t\t\t<h4 class=\"text-heading-300 pb-5\">\n\t\t\t\t \t\t\t<\/h4>\n\t\t\t<div class=\"h-[10px] bg-halftone-divider w-full\" role=\"presentation\"><\/div>\n\t\t<\/header>\n\t\n\t<div class=\"acf-innerblocks-container\">\n<dl class=\"flex flex-wrap md:flex-nowrap items-center border-b-2 border-smoke py-10 px-[22px] md:px-10 gap-x-10 gap-y-[22px]\">\n\t<dt class=\"w-full md:w-auto min-w-[200px] md:max-w-[200px]\">\n\t\t<span class=\"text-heading-400 text-red u-halftone-shadow\">\n\t\t\t7 h \u00e0 8 h 30\t\t<\/span>\n\t<\/dt>\n\t<dd class=\"text-body-500\">\n\t\t<div class=\"acf-innerblocks-container\">\n<div class=\"wp-block-paragraph \">\n<p><strong>D\u00e9jeuner<\/strong> | Salle de bal Regency AD<\/p>\n<\/div>\n<\/div>\t<\/dd>\n<\/dl>\n\n\n<dl class=\"flex flex-wrap md:flex-nowrap items-center border-b-2 border-smoke py-10 px-[22px] md:px-10 gap-x-10 gap-y-[22px]\">\n\t<dt class=\"w-full md:w-auto min-w-[200px] md:max-w-[200px]\">\n\t\t<span class=\"text-heading-400 text-red u-halftone-shadow\">\n\t\t\t8 h 30 \u00e0 10 h 30\t\t<\/span>\n\t<\/dt>\n\t<dd class=\"text-body-500\">\n\t\t<div class=\"acf-innerblocks-container\">\n<div class=\"wp-block-paragraph \">\n<p><strong>Ateliers en petits groupes<\/strong><\/p>\n<\/div>\n\n<div class=\"wp-block-paragraph \">\n<p><strong>Comprendre le leadership syndical<\/strong> | Salle de bal cosmopolite<br\/><strong>Obligation de repr\u00e9sentation \u00e9quitable<\/strong> | D\u00e9couverte<br\/><strong>Comp\u00e9tences avanc\u00e9es pour les n\u00e9gociateurs, suite<\/strong> | R\u00e9gence EF<br\/><strong>Enjeux juridiques et pratiques exemplaires en mati\u00e8re de m\u00e9dias sociaux <\/strong>| Concept A-D<br\/><strong>Notions de base sur les repr\u00e9sentants syndicaux de premi\u00e8re ligne <\/strong>| R\u00e9seau<\/p>\n<\/div>\n<\/div>\t<\/dd>\n<\/dl>\n\n\n<dl class=\"flex flex-wrap md:flex-nowrap items-center border-b-2 border-smoke py-10 px-[22px] md:px-10 gap-x-10 gap-y-[22px]\">\n\t<dt class=\"w-full md:w-auto min-w-[200px] md:max-w-[200px]\">\n\t\t<span class=\"text-heading-400 text-red u-halftone-shadow\">\n\t\t\t10 h 30 \u00e0 10 h 45\t\t<\/span>\n\t<\/dt>\n\t<dd class=\"text-body-500\">\n\t\t<div class=\"acf-innerblocks-container\">\n<div class=\"wp-block-paragraph \">\n<p><strong>Pause<\/strong><\/p>\n<\/div>\n<\/div>\t<\/dd>\n<\/dl>\n\n\n<dl class=\"flex flex-wrap md:flex-nowrap items-center border-b-2 border-smoke py-10 px-[22px] md:px-10 gap-x-10 gap-y-[22px]\">\n\t<dt class=\"w-full md:w-auto min-w-[200px] md:max-w-[200px]\">\n\t\t<span class=\"text-heading-400 text-red u-halftone-shadow\">\n\t\t\t10 h 45 \u00e0 12 h 45\t\t<\/span>\n\t<\/dt>\n\t<dd class=\"text-body-500\">\n\t\t<div class=\"acf-innerblocks-container\">\n<div class=\"wp-block-paragraph \">\n<p><strong>Ateliers en petits groupes<\/strong><code> <\/code><\/p>\n<\/div>\n\n<div class=\"wp-block-paragraph \">\n<p><strong>Leadership syndical IAFF : Conscience de soi<\/strong> | Salle de bal cosmopolite<br\/><strong>Droits parentaux et reproductifs : enjeux \u00e9mergents<\/strong> | D\u00e9couverte<br\/><strong>Comp\u00e9tences avanc\u00e9es pour les n\u00e9gociateurs, suite<\/strong> | R\u00e9gence EF<br\/>Lutte contre les <strong>menaces de performance\/niveau de service<\/strong> | Concept A-D<br\/><strong>Comment g\u00e9rer une r\u00e9union <\/strong>| R\u00e9seau<\/p>\n<\/div>\n<\/div>\t<\/dd>\n<\/dl>\n\n<\/div><\/section>\n\n<\/div><\/section>\n<\/details>\n<\/div>\n\n\n\n<div id=\"workshops\" class=\"wp-block-group is-layout-constrained wp-block-group-is-layout-constrained\">\n<h2 class=\"wp-block-heading\"><\/h2>\n\n\n<section\n\t class=\"section-header mb-10 align wp-block-acf-section-header\" id=\"section-header_block_23a3cdbca495053531baf1b17dc2aa0a\">\n\t<div class=\"\">\n\t<div class=\"flex flex-col md:flex-row justify-between max-w-content gap-x-8 md:items-end flex-wrap\">\n\t\t<h2 class=\"text-heading-200 pb-[2px]\">\n\t\t\tAteliers\t\t<\/h2>\n\n\t\t\t\t\t<div class=\"md:order-last w-full\">\n\t\t\t\t\n\t<hr class=\"h-[6px] text-red border-red bg-red w-full my-0\" role=\"presentation\"\/>\n\n\t<div class=\"h-divider w-full bg-halftone-divider bg-right\"><\/div>\n\t\t\t<\/div>\n\t\t\n\t\t\t<\/div>\n<\/div>\n<\/section>\n\n\n\n<details class=\"wp-block-details is-layout-flow wp-block-details-is-layout-flow\"><summary>Diriger une voie locale<\/summary><div class=\"wp-block-paragraph \">\n<p><strong>Diff\u00e9rences g\u00e9n\u00e9rationnelles<\/strong><br\/>\u00c0 l\u2019heure actuelle, il y a jusqu\u2019\u00e0 quatre g\u00e9n\u00e9rations qui travaillent et travaillent c\u00f4te \u00e0 c\u00f4te dans les services d\u2019incendie des \u00c9tats-Unis et du Canada. Chaque g\u00e9n\u00e9ration apporte ses propres valeurs et comportements individuels et ceux-ci peuvent \u00eatre une source de conflit en milieu de travail. Cet atelier examinera chacune des quatre g\u00e9n\u00e9rations de mani\u00e8re humoristique, permettant de mieux comprendre le comportement g\u00e9n\u00e9rationnel, la valeur que chaque g\u00e9n\u00e9ration apporte au milieu de travail, pourquoi il existe des conflits entre elles et d\u2019identifier les styles de communication qui fonctionnent pour chacune.  <\/p>\n<\/div>\n\n<div class=\"wp-block-paragraph \">\n<p><strong>Comprendre le leadership syndical<\/strong><br\/>Cet atelier abordera de nombreuses facettes de la qualit\u00e9 d\u2019agent syndical, y compris les responsabilit\u00e9s associ\u00e9es \u00e0 chaque r\u00f4le. Cet atelier abordera \u00e9galement comment d\u00e9fendre les syndicats, utiliser les comp\u00e9tences du conseil ex\u00e9cutif et comment organiser les membres et accro\u00eetre leur participation pour b\u00e2tir une section locale plus forte. <\/p>\n<\/div>\n\n<div class=\"wp-block-paragraph \">\n<p><strong>Leadership syndical de l\u2019IAFF : Conscience de soi<\/strong><br\/><em>Quel genre de leader suis-je et quel genre de leader est-ce que je veux \u00eatre\u00a0?<\/em>  Cet atelier aidera les dirigeants affili\u00e9s de l\u2019AIP \u00e0 apprendre quel genre de dirigeants syndicaux ils sont et leur fournira plusieurs outils pour devenir des leaders plus efficaces. Au cours de cet atelier, les participants identifieront leurs propres styles de leadership et apprendront comment ces styles sont per\u00e7us par les membres qu\u2019ils dirigent et ont un impact sur eux. <br\/><\/p>\n<\/div><\/details>\n\n\n\n<details class=\"wp-block-details is-layout-flow wp-block-details-is-layout-flow\"><summary>Volet Questions juridiques<\/summary><div class=\"wp-block-paragraph \">\n<p><strong>Discipline : vos droits et responsabilit\u00e9s en tant que dirigeants syndicaux<\/strong><br\/>Cet atelier donnera aux dirigeants syndicaux un aper\u00e7u de leurs droits et responsabilit\u00e9s pendant le processus disciplinaire en mati\u00e8re d\u2019emploi. Les dirigeants syndicaux apprendront \u00e0 mieux repr\u00e9senter leurs membres conform\u00e9ment \u00e0 leur contrat, aux lois sur la fonction publique et aux d\u00e9cisions Weingarten, Loudermill et Garrity. Cet atelier s\u2019applique aux dirigeants affili\u00e9s dans les environnements de n\u00e9gociation collective et non collective.  <\/p>\n<\/div>\n\n<div class=\"wp-block-paragraph \">\n<p><strong>Obligation de repr\u00e9sentation \u00e9quitable<\/strong><br\/>En tant que leader affili\u00e9, vous pouvez \u00eatre assujetti \u00e0 une norme juridique, connue sous le nom d\u2019obligation de repr\u00e9sentation \u00e9quitable (DFR), qui r\u00e9git la fa\u00e7on dont vous repr\u00e9sentez vos membres dans les n\u00e9gociations contractuelles, les griefs et d\u2019autres questions de travail. Dans cet atelier, vous \u00e9tudierez la jurisprudence pertinente pour savoir ce qui est attendu de vous, comment les tribunaux ont appliqu\u00e9 cette norme aux syndicats, les cons\u00e9quences de la violation de la norme et les meilleures pratiques pour \u00e9viter les poursuites en DFR. <\/p>\n<\/div>\n\n<div class=\"wp-block-paragraph \">\n<p><strong>Droits parentaux et reproductifs : enjeux \u00e9mergents<\/strong><br\/>Les membres qui deviennent parents doivent faire face \u00e0 des demandes accrues de temps et de ressources. Les dirigeants locaux doivent aider \u00e0 s\u2019assurer que l\u2019organisme employeur local se conforme aux lois f\u00e9d\u00e9rales, \u00e9tatiques, provinciales et locales applicables, en accordant \u00e0 ces membres le temps de cong\u00e9 et les mesures d\u2019adaptation m\u00e9dicales dont ils ont besoin pour fonder leur famille. De plus, cet atelier examine comment les dirigeants locaux peuvent plaider en faveur de politiques et de lois locales favorables \u00e0 la famille.  <\/p>\n<\/div><\/details>\n\n\n\n<details class=\"wp-block-details is-layout-flow wp-block-details-is-layout-flow\"><summary>Volet des n\u00e9gociations<\/summary><div class=\"wp-block-paragraph \">\n<p><strong>Comp\u00e9tences avanc\u00e9es pour les n\u00e9gociateurs<\/strong> (6 heures)<br\/>Pour obtenir des r\u00e9sultats \u00e0 la table de n\u00e9gociation, un n\u00e9gociateur doit \u00eatre en mesure d\u2019\u00e9laborer une strat\u00e9gie de n\u00e9gociation et de ma\u00eetriser les comp\u00e9tences cl\u00e9s en mati\u00e8re de n\u00e9gociation. Dans cet atelier de six heures, vous apprendrez \u00e0 renforcer votre position de n\u00e9gociation, \u00e0 d\u00e9terminer une fourchette de r\u00e8glement acceptable, \u00e0 r\u00e9pondre aux tactiques et aux objections courantes de la direction, \u00e0 faire des concessions et \u00e0 formuler vos propositions. Vous aurez l\u2019occasion de mettre en pratique ces comp\u00e9tences et de participer \u00e0 des s\u00e9ances de n\u00e9gociation simul\u00e9es. Cet atelier s\u2019adresse aux n\u00e9gociateurs exp\u00e9riment\u00e9s qui souhaitent am\u00e9liorer leurs comp\u00e9tences \u00e0 la table de n\u00e9gociation.   <\/p>\n<\/div><\/details>\n\n\n\n<details class=\"wp-block-details is-layout-flow wp-block-details-is-layout-flow\"><summary>Volet Relations publiques et communications<\/summary><div class=\"wp-block-paragraph \">\n<p><strong>Communications de crise<\/strong><br\/>Pour faire face efficacement \u00e0 une crise, il faut de l\u2019organisation et de la planification. Cet atelier abordera la fa\u00e7on de planifier et de s\u2019organiser en cas de crise et de communiquer avec le public et les m\u00e9dias en cas de crise. <\/p>\n<\/div>\n\n<div class=\"wp-block-paragraph \">\n<p><strong>Questions juridiques et pratiques exemplaires sur les m\u00e9dias sociaux<\/strong><br\/>Bien que les m\u00e9dias sociaux puissent \u00eatre un outil puissant pour positionner votre section locale au sein de la communaut\u00e9 et g\u00e9n\u00e9rer de la bonne volont\u00e9, il suffit d\u2019une erreur ou d\u2019une pomme pourrie pour nuire \u00e0 votre marque. Explorez les questions sociales et juridiques relatives \u00e0 l\u2019utilisation appropri\u00e9e et inappropri\u00e9e des m\u00e9dias sociaux, ainsi que les ramifications, les limites et les politiques juridiques qui peuvent affecter vos membres et votre minist\u00e8re. <\/p>\n<\/div>\n\n<div class=\"wp-block-paragraph \">\n<p><strong>Lutte contre les menaces au rendement et au niveau de service<\/strong><br\/>On demande aux services d\u2019incendie de faire plus avec moins. De nombreuses administrations embauchent des consultants pour examiner les budgets et trouver des moyens d\u2019\u00e9conomiser de l\u2019argent. Les dirigeants affili\u00e9s doivent comprendre comment \u00eatre proactifs si leur juridiction embauche un consultant. Cet atelier permettra aux dirigeants affili\u00e9s de comprendre les r\u00e9percussions n\u00e9gatives possibles sur la dotation en personnel et les niveaux de rendement et de service. De plus, cet atelier abordera les strat\u00e9gies et les moyens de lutter contre les recommandations n\u00e9gatives potentielles.    <\/p>\n<\/div><\/details>\n\n\n\n<details class=\"wp-block-details is-layout-flow wp-block-details-is-layout-flow\"><summary>Voie de l\u2019administration syndicale<\/summary><div class=\"wp-block-paragraph \">\n<p><strong>L\u2019\u00e9thique des dirigeants syndicaux<\/strong><br\/>La plupart des dirigeants de l\u2019AIP sont des fonctionnaires et ont des responsabilit\u00e9s fiduciaires envers leurs membres. En raison de la nature de votre poste, vous \u00eates soumis \u00e0 des normes d\u2019\u00e9thique plus \u00e9lev\u00e9es que la moyenne des membres ou des employ\u00e9s. Ces normes doivent \u00eatre respect\u00e9es afin de maintenir la confiance de vos membres et de g\u00e9rer une section locale efficace. Le non-respect de cette obligation peut entra\u00eener une perte de cr\u00e9dibilit\u00e9, une perte de position syndicale ou m\u00eame des accusations criminelles. Cet atelier portera sur les principes d\u2019\u00e9thique, les exigences des employ\u00e9s publics et les strat\u00e9gies pour prendre des d\u00e9cisions \u00e9thiques. Vous utiliserez ces strat\u00e9gies pour analyser des sc\u00e9narios et des \u00e9tudes de cas.     <\/p>\n<\/div>\n\n<div class=\"wp-block-paragraph \">\n<p><strong>Notions de base sur les repr\u00e9sentants syndicaux de premi\u00e8re ligne<\/strong><br\/>Cet atelier aborde les connaissances et les comp\u00e9tences n\u00e9cessaires \u00e0 l\u2019application efficace des dispositions contractuelles et \u00e0 la repr\u00e9sentation des droits des travailleurs aupr\u00e8s de la direction et de la juridiction de votre service d\u2019incendie. Il pr\u00e9sentera et explorera les enjeux et les pratiques exemplaires li\u00e9s au traitement des griefs, \u00e0 l\u2019application du libell\u00e9 des contrats et au traitement des questions disciplinaires. De plus, cet atelier examine les fa\u00e7ons dont le personnel syndical cl\u00e9 peut informer les membres des avantages de l\u2019adh\u00e9sion syndicale et de la participation active.  <\/p>\n<\/div>\n\n<div class=\"wp-block-paragraph \">\n<p><strong>Comment organiser une r\u00e9union<\/strong><br\/>La fa\u00e7on dont vous dirigez vos r\u00e9unions syndicales aura une incidence sur la pr\u00e9sence des membres et sur la fa\u00e7on dont vous \u00eates per\u00e7u en tant que leader. Une r\u00e9union bien organis\u00e9e avec des points \u00e0 l\u2019ordre du jour significatifs et opportuns attirera plus de participants et vous aidera \u00e0 gagner le respect de vos membres. Dans cet atelier, vous apprendrez le protocole et l\u2019\u00e9tiquette des r\u00e9unions de l\u2019AIP ; comment planifier et mener une r\u00e9union efficace et productive; et les m\u00e9thodes de gestion des conflits. Cet atelier est id\u00e9al pour les dirigeants de sections locales ayant une exp\u00e9rience limit\u00e9e de l\u2019organisation de r\u00e9unions syndicales.   <\/p>\n<\/div><\/details>\n<\/div>\n\n\n\n<div id=\"hotel\" class=\"wp-block-group is-layout-constrained wp-block-group-is-layout-constrained\">\n<h2 class=\"wp-block-heading\"><\/h2>\n\n\n<section\n\t class=\"section-header mb-10 align wp-block-acf-section-header\" id=\"section-header_block_fbb8042b51fb77d2c74bf7d7551a33c0\">\n\t<div class=\"\">\n\t<div class=\"flex flex-col md:flex-row justify-between max-w-content gap-x-8 md:items-end flex-wrap\">\n\t\t<h2 class=\"text-heading-200 pb-[2px]\">\n\t\t\tVoyages et h\u00e9bergement\t\t<\/h2>\n\n\t\t\t\t\t<div class=\"md:order-last w-full\">\n\t\t\t\t\n\t<hr class=\"h-[6px] text-red border-red bg-red w-full my-0\" role=\"presentation\"\/>\n\n\t<div class=\"h-divider w-full bg-halftone-divider bg-right\"><\/div>\n\t\t\t<\/div>\n\t\t\n\t\t\t<\/div>\n<\/div>\n<\/section>\n\n\n<section\n\t class=\"column-list-section align wp-block-acf-column-list-section\" id=\"column-list-section_block_301894c15fafdb35271e1a606e530065\">\n\t<div class=\"bg-smoke\/5 px-[19px] pt-[60px] pb-block-spacing md:px-[96px] md:mx-indent iaff-column-list-section\">\n\t\t\t\t<div class=\"acf-innerblocks-container\">\n<section\n\t class=\"column-list iaff-column-list align wp-block-acf-column-list\" id=\"column-list_block_b7f9912f4f5e217a3ff02710090bbc0e\">\n\t<div class=\"relative flex flex-col gap-[14px] mb-[52px]\">\n\t\t\t\t\t<h3 class=\"text-heading-500\">\n\t\t\t\tInformations sur l\u2019h\u00f4tel\t\t\t<\/h3>\n\t\t\t\t<div class=\"relative bg-halftone-divider bg-center bg-no-repeat w-full h-divider\"><\/div>\n\t<\/div>\n\n\t\t<div class=\"acf-innerblocks-container\">\n<article\n\t class=\"column-list-card min-h-[187px] border-l-4 border-red pl-4 w-full md:w-auto item-inner flex flex-col gap-1 align wp-block-acf-column-list-card\" id=\"column-list-card_block_d6ace8bf95f43d1dff1d2e08f92606f2\">\n\t\n\t\t\t<div class=\"text-heading-400 font-serif font-600 leading-7 mb-1\">\n\t\t\t  Hyatt Regency Indianapolis\t\t<\/div>\n\t\t\t\t<div class=\"text-body-400\">\n\t\t\t<p>One South Capitol Avenue, Indianapolis, Indiana 46204<\/p>\n<p>T\u00e9l\u00e9phone : (317) 632-1234<br \/>\nTarif de groupe : 169 $\/nuit<br \/>\nCode de groupe : <span style=\"color: #cc0000\"><strong>G-IAF5<\/strong><\/span><\/p>\n<p>A\u00e9roport le plus proche :<br \/>\n A\u00e9roport international d\u2019Indianapolis (IND) \u2013 8 miles de l\u2019h\u00f4tel.<\/p>\n\t\t<\/div>\n\t\t\t\t<div class=\"font-heading font-500 my-3\">\n\t\t\tDATE LIMITE POUR LES BLOCS D\u2019H\u00d4TELS : dimanche 5 octobre 2025\t\t<\/div>\n\t\t\t\t<div class=\"mt-auto\">\t\t\t<!-- Renders the same as core\/button with a specific style -->\n\t<div>\n\t\t\t\t\t<a class=\"inline-flex gap-[16px] items-center text-inherit text-button-300 leading-6 cursor-pointer decoration-transparent underline underline-offset-2 transition-colors duration-hover hocus-visible:decoration-current\" href=\"https:\/\/www.hyatt.com\/group-booking\/INDRI\/G-IAF5\" target=\"_blank\" rel=\"nofollow noopener\">\n\t\t\t\t<span>\n\t\t\t\t\tR\u00e9server\t\t\t\t<\/span>\n\t\t\t\t<svg xmlns=\"http:\/\/www.w3.org\/2000\/svg\" width=\"15\" height=\"15\" fill=\"none\" viewBox=\"0 0 15 15\"><path stroke=\"currentColor\" stroke-linecap=\"square\" stroke-width=\"2\" d=\"M11.6347 7.49976L1 7.49976\"\/><path stroke=\"currentColor\" stroke-linecap=\"square\" stroke-width=\"2\" d=\"M7.31445 2.13138L12.7061 7.50014L7.31445 12.8689\"\/><\/svg>\t\t\t<\/a>\n\t\t\t<\/div>\n\t\t<\/div>\n\t<\/article>\n\n<\/div><\/section>\n\n<\/div>\t<\/div>\n<\/section>\n<\/div>\n\n<\/div><\/section>\n","protected":false},"excerpt":{"rendered":"","protected":false},"featured_media":91140,"parent":0,"menu_order":0,"comment_status":"closed","ping_status":"closed","template":"","meta":{"_acf_changed":false,"_searchwp_excluded":"","inline_featured_image":false,"_EventAllDay":false,"_EventTimezone":"","_EventStartDate":"","_EventEndDate":"","_EventStartDateUTC":"","_EventEndDateUTC":"","_EventShowMap":false,"_EventShowMapLink":false,"_EventURL":"","_EventCost":"","_EventCostDescription":"","_EventCurrencySymbol":"","_EventCurrencyCode":"","_EventCurrencyPosition":"","_EventDateTimeSeparator":"","_EventTimeRangeSeparator":"","_EventOrganizerID":[],"_EventVenueID":[],"_OrganizerEmail":"","_OrganizerPhone":"","_OrganizerWebsite":"","_VenueAddress":"","_VenueCity":"","_VenueCountry":"","_VenueProvince":"","_VenueState":"","_VenueZip":"","_VenuePhone":"","_VenueURL":"","_VenueStateProvince":"","_VenueLat":"","_VenueLng":"","_VenueShowMap":false,"_VenueShowMapLink":false,"footnotes":""},"class_list":["post-100583","page","type-page","status-publish","has-post-thumbnail","hentry"],"acf":[],"publishpress_future_workflow_manual_trigger":{"enabledWorkflows":[]},"_links":{"self":[{"href":"https:\/\/www.iaff.org\/fr-ca\/wp-json\/wp\/v2\/pages\/100583","targetHints":{"allow":["GET"]}}],"collection":[{"href":"https:\/\/www.iaff.org\/fr-ca\/wp-json\/wp\/v2\/pages"}],"about":[{"href":"https:\/\/www.iaff.org\/fr-ca\/wp-json\/wp\/v2\/types\/page"}],"author":[{"embeddable":true,"href":"https:\/\/www.iaff.org\/fr-ca\/wp-json\/wp\/v2\/users\/13"}],"replies":[{"embeddable":true,"href":"https:\/\/www.iaff.org\/fr-ca\/wp-json\/wp\/v2\/comments?post=100583"}],"version-history":[{"count":0,"href":"https:\/\/www.iaff.org\/fr-ca\/wp-json\/wp\/v2\/pages\/100583\/revisions"}],"wp:featuredmedia":[{"embeddable":true,"href":"https:\/\/www.iaff.org\/fr-ca\/wp-json\/wp\/v2\/media\/91140"}],"wp:attachment":[{"href":"https:\/\/www.iaff.org\/fr-ca\/wp-json\/wp\/v2\/media?parent=100583"}],"curies":[{"name":"wp","href":"https:\/\/api.w.org\/{rel}","templated":true}]}}