{"id":84432,"date":"2023-06-01T14:16:20","date_gmt":"2023-06-01T18:16:20","guid":{"rendered":"https:\/\/www.iaff.org\/magazine\/pompier-international-2023\/"},"modified":"2025-12-03T16:04:18","modified_gmt":"2025-12-03T21:04:18","slug":"pompier-international-2023","status":"publish","type":"magazine","link":"https:\/\/www.iaff.org\/fr-ca\/magazine\/pompier-international-2023\/","title":{"rendered":"Pompier international | 2023"},"content":{"rendered":"<section\n\t class=\"page-blocks iaff-page-blocks align wp-block-acf-page-blocks\" id=\"page-blocks_block_33e8941544ce57ceb19d5613237118c8\">\n\t<div class=\"acf-innerblocks-container\">\n<article\n\t class=\"magazine-issue-details pt-indent-medium lg:ps-indent-medium align wp-block-acf-magazine-issue-details\" id=\"magazine-issue-details_block_20b36b634c9e0ba0b09e6598d4f7eb87\">\n\t\n\t<div class=\"grid grid-cols-1 md:grid-cols-3 gap-y-10 gap-x-[60px]\">\n\t\t\t\t\t<div class=\"text-body-400 md:col-span-2 flex flex-col gap-6\">\n\t\t\t\t<h2 class=\"text-heading-300\">\n\t\t\t\t\tCouverture\t\t\t\t<\/h2>\n\t\t\t\t<div>\n\t\t\t\t\t<p>Monument comm\u00e9moratif des pompiers d\u00e9c\u00e9d\u00e9s. Plus de 500 membres se sont souvenus, non pas de la fa\u00e7on dont ils sont morts, mais de la fa\u00e7on dont ils ont v\u00e9cu. <\/p>\n\t\t\t\t<\/div>\n\t\t\t<\/div>\n\t\t\t\t\t\t\t<div\n\t\t\t\tclass=\"pt-[40px] md:pt-0 md:ps-[60px] border-t border-smoke md:border-t-0 md:border-l flex flex-col gap-6\"\n\t\t\t>\n\t\t\t\t<h2 class=\"text-heading-500 uppercase\">\n\t\t\t\t\tCaract\u00e9ristiques\t\t\t\t<\/h2>\n\t\t\t\t<div class=\"flex flex-col gap-[0.25em]\">\n\t\t\t\t\t\t\t\t\t\t\t\t\t\t\t\t\t\t<a class=\"feature-link\" href=\"https:\/\/www.iaff.org\/fr-ca\/magazine\/pompier-international-2023\/#flipbook-2023-summer-fr\/10\/\" \n\t\t\t\t\t\t\t\" \n\t\t\t\t\t\t\t\"\n\t\t\t\t\t\t\t>\n\t\t\t\t\t\t\t\t\t\t\t\t<dl class=\"flex gap-y-6 gap-x-[0.25em]\">\n\t\t\t\t\t\t\t<dt class=\"whitespace-nowrap\">\n\t\t\t\t\t\t\t\t10\t\t\t\t\t\t\t\t \u2014 \t\t\t\t\t\t\t<\/dt>\n\t\t\t\t\t\t\t<dd>\n\t\t\t\t\t\t\t\tFeux de for\u00eat \u00e0 Maui \t\t\t\t\t\t\t<\/dd>\n\t\t\t\t\t\t<\/dl>\n\t\t\t\t\t\t\t\t\t\t\t\t<\/a>\n\t\t\t\t\t\t\t\t\t\t\t\t\t\t\t\t\t\t\t\t\t\t\t\t<a class=\"feature-link\" href=\"https:\/\/www.iaff.org\/fr-ca\/magazine\/pompier-international-2023\/#flipbook-2023-summer-fr\/12\/\" \n\t\t\t\t\t\t\t\" \n\t\t\t\t\t\t\t\"\n\t\t\t\t\t\t\t>\n\t\t\t\t\t\t\t\t\t\t\t\t<dl class=\"flex gap-y-6 gap-x-[0.25em]\">\n\t\t\t\t\t\t\t<dt class=\"whitespace-nowrap\">\n\t\t\t\t\t\t\t\t12\t\t\t\t\t\t\t\t \u2014 \t\t\t\t\t\t\t<\/dt>\n\t\t\t\t\t\t\t<dd>\n\t\t\t\t\t\t\t\tLoi historique au 12 Parlement canadien\t\t\t\t\t\t\t<\/dd>\n\t\t\t\t\t\t<\/dl>\n\t\t\t\t\t\t\t\t\t\t\t\t<\/a>\n\t\t\t\t\t\t\t\t\t\t\t\t\t\t\t\t\t\t\t\t\t\t\t\t<a class=\"feature-link\" href=\"https:\/\/www.iaff.org\/fr-ca\/magazine\/pompier-international-2023\/#flipbook-2023-summer-fr\/14\/\" \n\t\t\t\t\t\t\t\" \n\t\t\t\t\t\t\t\"\n\t\t\t\t\t\t\t>\n\t\t\t\t\t\t\t\t\t\t\t\t<dl class=\"flex gap-y-6 gap-x-[0.25em]\">\n\t\t\t\t\t\t\t<dt class=\"whitespace-nowrap\">\n\t\t\t\t\t\t\t\t14\t\t\t\t\t\t\t\t \u2014 \t\t\t\t\t\t\t<\/dt>\n\t\t\t\t\t\t\t<dd>\n\t\t\t\t\t\t\t\tBudget de l\u2019exercice 14 2024 de l\u2019AIP\t\t\t\t\t\t\t<\/dd>\n\t\t\t\t\t\t<\/dl>\n\t\t\t\t\t\t\t\t\t\t\t\t<\/a>\n\t\t\t\t\t\t\t\t\t\t\t\t\t\t\t\t\t\t\t\t\t\t\t\t<a class=\"feature-link\" href=\"https:\/\/www.iaff.org\/fr-ca\/magazine\/pompier-international-2023\/#flipbook-2023-summer-fr\/16\/\" \n\t\t\t\t\t\t\t\" \n\t\t\t\t\t\t\t\"\n\t\t\t\t\t\t\t>\n\t\t\t\t\t\t\t\t\t\t\t\t<dl class=\"flex gap-y-6 gap-x-[0.25em]\">\n\t\t\t\t\t\t\t<dt class=\"whitespace-nowrap\">\n\t\t\t\t\t\t\t\t16\t\t\t\t\t\t\t\t \u2014 \t\t\t\t\t\t\t<\/dt>\n\t\t\t\t\t\t\t<dd>\n\t\t\t\t\t\t\t\tMonument 16 comm\u00e9moratif aux pompiers\t\t\t\t\t\t\t<\/dd>\n\t\t\t\t\t\t<\/dl>\n\t\t\t\t\t\t\t\t\t\t\t\t<\/a>\n\t\t\t\t\t\t\t\t\t\t\t\t\t\t\t<\/div>\n\t\t\t<\/div>\n\t\t\t<\/div>\n\n<\/article>\n\n\n<section\n\t class=\"magazine-embed iaff-magazine-embed u-bg-full-width u-halftone-bg-70 align wp-block-acf-magazine-embed\" id=\"magazine-embed_block_21c80580b9e8cd001e732c11ef0afa2d\">\n\t<div class=\"iaff-magazine-shortcode-container\">\n\t\t<div class=\"_df_book df-container df-loading \"  data-slug=\"2023-summer-fr\" data-_slug=\"2023-summer-fr\" _slug=\"2023-summer-fr\" data-title=\"2023-summer-fr\" id=\"df_117486\" data-df-option=\"df_option_117486\" ><\/div><script class=\"df-shortcode-script\" nowprocket type=\"application\/javascript\">window.df_option_117486 = {\"source\":\"https:\\\/\\\/www.iaff.org\\\/wp-content\\\/uploads\\\/2025\\\/12\\\/Fire-Fighter-Quarterly-Summer-2023-FR.pdf\",\"outline\":[],\"autoEnableOutline\":false,\"autoEnableThumbnail\":false,\"overwritePDFOutline\":false,\"pageMode\":\"0\",\"pageSize\":\"0\",\"direction\":\"1\",\"slug\":\"2023-summer-fr\",\"wpOptions\":\"true\",\"id\":117486}; if(window.DFLIP && window.DFLIP.parseBooks){window.DFLIP.parseBooks();}<\/script>\t<\/div>\n<\/section>\n\n<\/div><\/section>\n","protected":false},"excerpt":{"rendered":"","protected":false},"featured_media":117492,"template":"single-magazine","class_list":["post-84432","magazine","type-magazine","status-publish","has-post-thumbnail","hentry"],"acf":[],"publishpress_future_workflow_manual_trigger":{"enabledWorkflows":[]},"_links":{"self":[{"href":"https:\/\/www.iaff.org\/fr-ca\/wp-json\/wp\/v2\/magazine\/84432","targetHints":{"allow":["GET"]}}],"collection":[{"href":"https:\/\/www.iaff.org\/fr-ca\/wp-json\/wp\/v2\/magazine"}],"about":[{"href":"https:\/\/www.iaff.org\/fr-ca\/wp-json\/wp\/v2\/types\/magazine"}],"version-history":[{"count":0,"href":"https:\/\/www.iaff.org\/fr-ca\/wp-json\/wp\/v2\/magazine\/84432\/revisions"}],"wp:featuredmedia":[{"embeddable":true,"href":"https:\/\/www.iaff.org\/fr-ca\/wp-json\/wp\/v2\/media\/117492"}],"wp:attachment":[{"href":"https:\/\/www.iaff.org\/fr-ca\/wp-json\/wp\/v2\/media?parent=84432"}],"curies":[{"name":"wp","href":"https:\/\/api.w.org\/{rel}","templated":true}]}}