{"id":129960,"date":"2026-07-17T15:53:15","date_gmt":"2026-07-17T19:53:15","guid":{"rendered":"https:\/\/www.iaff.org\/resources\/les-pompiers-et-le-cancer-de-la-thyroide\/"},"modified":"2026-07-21T12:43:50","modified_gmt":"2026-07-21T16:43:50","slug":"les-pompiers-et-le-cancer-de-la-thyroide","status":"publish","type":"iaff_resource","link":"https:\/\/www.iaff.org\/fr-ca\/resources\/les-pompiers-et-le-cancer-de-la-thyroide\/","title":{"rendered":"Les pompiers et le cancer de la thyro\u00efde"},"content":{"rendered":"<section\n\t class=\"page-blocks iaff-page-blocks align wp-block-acf-page-blocks\" id=\"page-blocks_block_ee74b48ad45a3ada804f9a8949c1f292\">\n\t<div class=\"acf-innerblocks-container\"><\/div><\/section>\n","protected":false},"excerpt":{"rendered":"<p>D\u00e9couvrez comment les pompiers font face \u00e0 un risque accru de cancer de la thyro\u00efde en raison d\u2019expositions professionnelles, et explorez des strat\u00e9gies de pr\u00e9vention, des conseils de d\u00e9pistage pr\u00e9coce et des moyens de prot\u00e9ger votre sant\u00e9 \u00e0 long terme.<\/p>\n","protected":false},"featured_media":0,"template":"","meta":{"_acf_changed":false,"_searchwp_excluded":"","inline_featured_image":false,"_EventAllDay":false,"_EventTimezone":"","_EventStartDate":"","_EventEndDate":"","_EventStartDateUTC":"","_EventEndDateUTC":"","_EventShowMap":false,"_EventShowMapLink":false,"_EventURL":"","_EventCost":"","_EventCostDescription":"","_EventCurrencySymbol":"","_EventCurrencyCode":"","_EventCurrencyPosition":"","_EventDateTimeSeparator":"","_EventTimeRangeSeparator":"","_EventOrganizerID":[],"_EventVenueID":[],"_OrganizerEmail":"","_OrganizerPhone":"","_OrganizerWebsite":"","_VenueAddress":"","_VenueCity":"","_VenueCountry":"","_VenueProvince":"","_VenueState":"","_VenueZip":"","_VenuePhone":"","_VenueURL":"","_VenueStateProvince":"","_VenueLat":"","_VenueLng":"","_VenueShowMap":false,"_VenueShowMapLink":false,"_resource_type":"link","footnotes":""},"iaff_resource_topic":[679,683],"iaff_resource_application":[719],"class_list":["post-129960","iaff_resource","type-iaff_resource","status-publish","hentry","iaff_resource_topic-occupational-cancer","iaff_resource_topic-research-epidemiology","iaff_resource_application-reports"],"acf":{"_resource_type":"link","_url_source":"external","_resource_url":"https:\/\/assets.website-files.com\/64b9346df4252df1681cba3e\/64cd6233f3c653decd9997a8_Thyroid_v5.pdf","_resource_link":null,"_resource_file":null},"publishpress_future_workflow_manual_trigger":{"enabledWorkflows":[]},"_links":{"self":[{"href":"https:\/\/www.iaff.org\/fr-ca\/wp-json\/wp\/v2\/iaff_resource\/129960","targetHints":{"allow":["GET"]}}],"collection":[{"href":"https:\/\/www.iaff.org\/fr-ca\/wp-json\/wp\/v2\/iaff_resource"}],"about":[{"href":"https:\/\/www.iaff.org\/fr-ca\/wp-json\/wp\/v2\/types\/iaff_resource"}],"version-history":[{"count":1,"href":"https:\/\/www.iaff.org\/fr-ca\/wp-json\/wp\/v2\/iaff_resource\/129960\/revisions"}],"predecessor-version":[{"id":129961,"href":"https:\/\/www.iaff.org\/fr-ca\/wp-json\/wp\/v2\/iaff_resource\/129960\/revisions\/129961"}],"wp:attachment":[{"href":"https:\/\/www.iaff.org\/fr-ca\/wp-json\/wp\/v2\/media?parent=129960"}],"wp:term":[{"taxonomy":"iaff_resource_topic","embeddable":true,"href":"https:\/\/www.iaff.org\/fr-ca\/wp-json\/wp\/v2\/iaff_resource_topic?post=129960"},{"taxonomy":"iaff_resource_application","embeddable":true,"href":"https:\/\/www.iaff.org\/fr-ca\/wp-json\/wp\/v2\/iaff_resource_application?post=129960"}],"curies":[{"name":"wp","href":"https:\/\/api.w.org\/{rel}","templated":true}]}}