{"id":97354,"date":"2025-06-26T11:22:23","date_gmt":"2025-06-26T15:22:23","guid":{"rendered":"https:\/\/www.iaff.org\/enfermedad-infecciosa\/enfermedades\/viruela\/"},"modified":"2025-06-27T11:54:05","modified_gmt":"2025-06-27T15:54:05","slug":"viruela","status":"publish","type":"page","link":"https:\/\/www.iaff.org\/es\/enfermedad-infecciosa\/enfermedades\/viruela\/","title":{"rendered":"Viruela"},"content":{"rendered":"<section\n\t class=\"secondary-hero align wp-block-acf-secondary-hero\" id=\"secondary-hero_block_805a51d1221e4681ad80939f7e7873b0\">\n\t\n<header\n\tclass=\"w-full u-bg-full-width px-[22px] md:ps-bleed md:pe-0 py-[60px] bg-smoke-5 text-black u-has-rivets u-rivets-dark\"\n\tdata-theme=\"gray\"\n>\n\t<div class=\"flex flex-col !px-0 !max-w-[1440px] w-full lg:!ps-indent\">\n\t\t<div class=\"border-t-[6px] w-full my-0 flex flex-col md:flex-row gap-x-[62px] gap-y-[22px] border-red\">\n\t\t\t\t\t\t<div class=\"w-full md:w-1\/2 md:py-[45px]\">\n\t\t\t\t<div class=\"max-w-[600px] flex flex-col gap-[22px]\">\n\t\t\t\t\t\t\t\t\t\t\t<h1 class=\"has-[.u-halftone-shadow--dark]:mb-divider has-[.u-halftone-shadow--light]:mb-divider pt-[22px] md:pt-0\">\n\t\t\t\t\t\t\t<span class=\"inline-flex text-heading-200 u-halftone-shadow--dark\">\n\t\t\t\t\t\t\t\tViruela\t\t\t\t\t\t\t<\/span>\n\t\t\t\t\t\t<\/h1>\n\t\t\t\t\t\t\t\t\t\t\t\t\t\t\t\t\t\t\t\t\t\t\t\t\t\t\t\t\t<\/div>\n\t\t\t<\/div>\n\n\t\t<\/div>\n\t\t\t\t\t<div class=\"order-first flex justify-start w-full pb-[22px]\">\n\t\t\t\t<div\n\tclass=\"wp-block-button is-style-tertiary text-smoke is-style-tertiary-back\"\n>\n\t\t\t<a\n\t\t\thref=\"https:\/\/www.iaff.org\/es\/enfermedad-infecciosa\/enfermedades\/\"\n\t\t\tclass=\"wp-block-button__link wp-element-button group\"\n\t\t\t\t\t>\n\t\t\t<span\n\t\t\tclass=\"decoration-transparent underline underline-offset-2 group-hover:decoration-inherit group-focus-visible:decoration-inherit transition duration-hover\"\n\t\t>\n\t\t\tEnfermedad infecciosa\t\t<\/span>\n\n\t\t<span\n\t\t\tclass=\"bg-inherit transition-colors duration-hover group-hover:bg-gold group-focus:bg-gold inline-flex rotate-180 order-first\"\n\t\t>\n\t\t\t<svg xmlns=\"http:\/\/www.w3.org\/2000\/svg\" width=\"21\" height=\"22\" fill=\"none\" viewBox=\"0 0 21 22\"><path stroke=\"currentColor\" stroke-linecap=\"round\" stroke-width=\"2\" d=\"M20 20.75L20 2.25L1.5 2.25L1.5 20.75L20 20.75Z\" clip-rule=\"evenodd\"\/><path stroke=\"currentColor\" stroke-linecap=\"square\" stroke-width=\"2\" d=\"M14.0883 11.5L6.66406 11.5\"\/><path stroke=\"currentColor\" stroke-linecap=\"square\" stroke-width=\"2\" d=\"M11.0723 7.75205L14.8363 11.5L11.0723 15.248\"\/><\/svg>\t\t<\/span>\n\t<\/a><\/div>\n\t\t\t<\/div>\n\t\t\t<\/div>\n<\/header>\n<\/section>\n<div class=\"wp-block-paragraph \">\n<p>La viruela es una enfermedad desfigurante y a menudo mortal causada por el <em>virus variola<\/em>. La parte <em>pox<\/em> de <em>smallpox<\/em> (viruela en ingl\u00e9s) deriva de la palabra latina que significa \u201cmoteado\u201d y se refiere a las protuberancias elevadas que aparecen en el rostro y el cuerpo de una persona infectada. No existe un tratamiento espec\u00edfico para la viruela y la \u00fanica forma eficaz de prevenir la enfermedad es la vacunaci\u00f3n. Como resultado de la vacunaci\u00f3n, la viruela como enfermedad que ocurre en la naturaleza fue oficialmente erradicada en 1980. La vacunaci\u00f3n contra la viruela se detuvo entonces hasta que la amenaza de un ataque biol\u00f3gico trajo de vuelta la vacunaci\u00f3n a ciertas poblaciones.    <\/p>\n<\/div>\n<h3 class=\"wp-block-heading\">\u00bfC\u00f3mo se puede contraer?<\/h3>\n<div class=\"wp-block-paragraph \">\n<p>La viruela se transmite a trav\u00e9s de got\u00edculas en el aire por contacto cara a cara, contacto directo con fluidos corporales infectados u objetos contaminados como la ropa de cama. Los insectos o los animales no portan este virus. El per\u00edodo m\u00e1s infeccioso es mientras una persona tiene la erupci\u00f3n hasta que se cae la \u00faltima costra.  <\/p>\n<\/div><section\n\t class=\"page-blocks iaff-page-blocks align wp-block-acf-page-blocks\" id=\"page-blocks_block_d877b39e20c195012e324cf6fdefeab3\">\n\t<div class=\"acf-innerblocks-container\">\n<section\n\t class=\"section-header mb-10 align wp-block-acf-section-header\" id=\"section-header_block_7123ab961642ea0a48ede984f2622ddc\">\n\t<div class=\"\">\n\t<div class=\"flex flex-col md:flex-row justify-between max-w-content gap-x-8 md:items-end flex-wrap\">\n\t\t<h2 class=\"text-heading-200 pb-[2px]\">\n\t\t\tS\u00edntomas\t\t<\/h2>\n\n\t\t\t\t\t<div class=\"md:order-last w-full\">\n\t\t\t\t\n\t<hr class=\"h-[6px] text-red border-red bg-red w-full my-0\" role=\"presentation\"\/>\n\n\t<div class=\"h-divider w-full bg-halftone-divider bg-right\"><\/div>\n\t\t\t<\/div>\n\t\t\n\t\t\t<\/div>\n<\/div>\n<\/section>\n\n\n<div class=\"wp-block-paragraph \">\n<p>La parte <g id=\"gid_1\">pox<\/g> de <g id=\"gid_2\">smallpox<\/g> (viruela en ingl\u00e9s) deriva de la palabra latina que significa \u201cmoteado\u201d y se refiere a las protuberancias elevadas que aparecen en el rostro y el cuerpo de una persona infectada. El per\u00edodo de incubaci\u00f3n es de 7 a 17 d\u00edas. <\/p>\n<\/div>\n\n<div class=\"wp-block-paragraph \">\n<p>Los signos y s\u00edntomas de la viruela pueden incluir:<\/p>\n<\/div>\n\n<div class=\"wp-block-list\">\n<ul class=\"wp-block-list\">\n<li>Fiebre alta<\/li>\n\n\n\n<li>Malestar general (indisposici\u00f3n)<\/li>\n\n\n\n<li>Dolor de espalda<\/li>\n\n\n\n<li>Erupci\u00f3n<div class=\"wp-block-list\">\n<ul class=\"wp-block-list\">\n<li>Manchas rojas iniciales que se convierten en protuberancias elevadas, ampollas llenas de pus y finalmente forman costras en unas pocas semanas<\/li>\n\n\n\n<li>Las protuberancias y ampollas comienzan en la boca y se extienden para cubrir todo el cuerpo desde la cabeza, movi\u00e9ndose r\u00e1pidamente hacia los pies. Todas las lesiones est\u00e1n en la misma etapa de progresi\u00f3n. La varicela tiene un aspecto aproximadamente similar, pero las lesiones son m\u00e1s superficiales, var\u00edan con manchas, protuberancias y ampollas presentes al mismo tiempo en la misma \u00e1rea sobre el cuerpo  <\/li>\n<\/ul>\n<\/div><\/li>\n<\/ul>\n<\/div>\n\n<div class=\"wp-block-paragraph \">\n<p>La Variola Major es la forma m\u00e1s grave y m\u00e1s com\u00fan de viruela con una tasa de mortalidad del 30%. La Variola Minor es la forma menos grave y menos com\u00fan de viruela con una tasa de mortalidad inferior al 1%. <\/p>\n<\/div>\n\n<div class=\"wp-block-paragraph \">\n<p>Las complicaciones incluyen cicatrices desfigurantes donde sanaron las ampollas, infecciones cut\u00e1neas, neumon\u00eda, inflamaci\u00f3n cerebral y ceguera<\/p>\n<\/div>\n\n<div class=\"wp-block-paragraph \">\n<p>Se incluyen a continuaci\u00f3n im\u00e1genes del CDC para ilustrar las diferencias entre las lesiones de la viruela y las lesiones de la varicela:<\/p>\n<\/div>\n\n\n<figure class=\"wp-block-gallery has-nested-images columns-default is-cropped wp-block-paragraph wp-block-gallery-1 is-layout-flex wp-block-gallery-is-layout-flex\">\n<figure class=\"wp-block-image size-full\"><img decoding=\"async\" width=\"487\" height=\"175\" data-id=\"9252\" src=\"https:\/\/www.iaff.org\/wp-content\/uploads\/2019\/11\/smallpox.jpg\" alt=\"\" class=\"wp-image-9252\" srcset=\"https:\/\/www.iaff.org\/wp-content\/uploads\/2019\/11\/smallpox.jpg 487w, https:\/\/www.iaff.org\/wp-content\/uploads\/2019\/11\/smallpox-300x108.jpg 300w, https:\/\/www.iaff.org\/wp-content\/uploads\/2019\/11\/smallpox-240x86.jpg 240w\" sizes=\"(max-width: 487px) 100vw, 487px\" \/><figcaption class=\"wp-element-caption\"><strong>Viruela \u2013<br><\/strong>Mismo estadio de todas las lesiones, as\u00ed como una depresi\u00f3n en el centro de cada lesi\u00f3n<\/figcaption><\/figure>\n\n\n\n<figure class=\"wp-block-image size-full\"><img decoding=\"async\" width=\"204\" height=\"173\" data-id=\"9228\" src=\"https:\/\/www.iaff.org\/wp-content\/uploads\/2019\/11\/chickenpox.jpg\" alt=\"\" class=\"wp-image-9228\"><figcaption class=\"wp-element-caption\"><strong>Varicela \u2013<\/strong><br>Presencia de manchas rojas y ampollas juntas<\/figcaption><\/figure>\n<\/figure>\n\n\n<section\n\t class=\"section-header mb-10 align wp-block-acf-section-header\" id=\"section-header_block_48e78d94c24c42017c570294a1aeb173\">\n\t<div class=\"\">\n\t<div class=\"flex flex-col md:flex-row justify-between max-w-content gap-x-8 md:items-end flex-wrap\">\n\t\t<h2 class=\"text-heading-200 pb-[2px]\">\n\t\t\tPrevenci\u00f3n\t\t<\/h2>\n\n\t\t\t\t\t<div class=\"md:order-last w-full\">\n\t\t\t\t\n\t<hr class=\"h-[6px] text-red border-red bg-red w-full my-0\" role=\"presentation\"\/>\n\n\t<div class=\"h-divider w-full bg-halftone-divider bg-right\"><\/div>\n\t\t\t<\/div>\n\t\t\n\t\t\t<\/div>\n<\/div>\n<\/section>\n\n\n<div class=\"wp-block-paragraph \">\n<p>La viruela es una enfermedad prevenible mediante vacunaci\u00f3n. La vacuna no contiene realmente el virus de la viruela, sino un virus similar llamado \u201cvaccinia\u201d. La vacunaci\u00f3n no puede dar viruela a una persona ya que los virus son diferentes. Sin embargo, existen complicaciones graves y contraindicaciones asociadas con la vacunaci\u00f3n contra la viruela. Consulte las p\u00e1ginas sobre Vaccinia para obtener m\u00e1s informaci\u00f3n.    <\/p>\n<\/div>\n<\/div><\/section>\n\n<figure class=\"wp-block-image size-full is-resized\"><img decoding=\"async\" width=\"282\" height=\"190\" src=\"https:\/\/www.iaff.org\/wp-content\/uploads\/2019\/11\/smallpoxhealing.jpg\" alt=\"\" class=\"wp-image-9254\" style=\"width:480px\" srcset=\"https:\/\/www.iaff.org\/wp-content\/uploads\/2019\/11\/smallpoxhealing.jpg 282w, https:\/\/www.iaff.org\/wp-content\/uploads\/2019\/11\/smallpoxhealing-240x162.jpg 240w\" sizes=\"(max-width: 282px) 100vw, 282px\" \/><figcaption class=\"wp-element-caption\"><strong>Im\u00e1genes de la progresi\u00f3n y curaci\u00f3n de la vacunaci\u00f3n contra la viruela durante 21 d\u00edas<\/strong><\/figcaption><\/figure>\n<div class=\"wp-block-paragraph \">\n<p>El proceso de vacunaci\u00f3n implica el uso de una aguja de dos puntas que contiene una gota de vacuna. La aguja perfora la piel varias veces para producir una llaga y unas gotas de sangre indican que la piel fue perforada correctamente. La vacunaci\u00f3n resulta en una progresi\u00f3n t\u00edpica a una ampolla y luego a una costra como se ve en esta imagen. Se necesita un refuerzo cada 10 a\u00f1os. Estas personas deben recibir la vacuna: Personal de laboratorio que trabaja con virus de viruela, Miembros de los equipos de respuesta a la viruela, Personal militar al que se le ordena recibir la vacunaci\u00f3n   <\/p>\n<\/div><div class=\"wp-block-list\">\n<ul class=\"wp-block-list\">\n<li>Si hay un evento de bioterrorismo conocido o sospechoso de viruela, cualquier persona directamente expuesta al virus de la viruela debe ser vacunada<\/li>\n\n\n\n<li>Algunas personas corren el riesgo de sufrir complicaciones graves si reciben la vacuna. Estos incluyen a cualquier persona con eczema, sistemas inmunitarios suprimidos, embarazadas, en per\u00edodo de lactancia o con condiciones card\u00edacas espec\u00edficas <\/li>\n<\/ul>\n<\/div><div class=\"wp-block-paragraph \">\n<p>Adem\u00e1s de la vacunaci\u00f3n, puede ayudar a prevenir la propagaci\u00f3n de la viruela mediante:<\/p>\n<\/div><div class=\"wp-block-list\">\n<ul class=\"wp-block-list\">\n<li>La prevenci\u00f3n de la contaminaci\u00f3n y la realizaci\u00f3n de la descontaminaci\u00f3n de superficies. Utilice desinfectantes como lej\u00eda y amon\u00edaco para limpiar superficies contaminadas. <\/li>\n\n\n\n<li>El uso de precauciones contra gotas, contacto y precauciones universales<div class=\"wp-block-list\">\n<ul class=\"wp-block-list\">\n<li>Asuma que los pacientes con s\u00edntomas respiratorios son contagiosos y proporcione mascarillas a los pacientes sintom\u00e1ticos.<\/li>\n\n\n\n<li>Limite el n\u00famero de miembros del equipo que tienen contacto directo con el paciente.<\/li>\n\n\n\n<li>Cubra las lesiones cut\u00e1neas para prevenir la aerosolizaci\u00f3n o el contacto.<\/li>\n\n\n\n<li>Higiene de manos (lavado con agua y jab\u00f3n o uso de un desinfectante de manos a base de alcohol)<\/li>\n\n\n\n<li>Equipo de protecci\u00f3n personal (EPP) (guantes, batas, gafas y protecci\u00f3n respiratoria). <strong>IAFF recomienda respiradores P100<\/strong> para todos los pacientes con s\u00edntomas respiratorios, como tos.<\/li>\n\n\n\n<li>Manejo y eliminaci\u00f3n adecuados de instrumentos\/dispositivos y ropa contaminados.<\/li>\n\n\n\n<li>Incluso aquellos vacunados contra la viruela deben usar estas precauciones. La vacunaci\u00f3n puede ofrecer alguna pero no 100% de protecci\u00f3n contra cargas virales extremadamente altas o contra el bioterrorismo y \u201cun virus modificado gen\u00e9ticamente.\u201d <\/li>\n\n\n\n<li>Utilice higiene respiratoria\/etiqueta de la tos<\/li>\n\n\n\n<li>Las investigaciones han demostrado que las got\u00edculas de viruela en el aire pueden viajar 6 pies o m\u00e1s desde la fuente. Por lo tanto, se deben utilizar las siguientes caracter\u00edsticas de la ambulancia seg\u00fan est\u00e9n disponibles:<div class=\"wp-block-list\">\n<ul class=\"wp-block-list\">\n<li>Operar los sistemas de ventilaci\u00f3n de la ambulancia o veh\u00edculo en modo de no recirculaci\u00f3n y permitir la entrada de la mayor cantidad posible de aire exterior.<\/li>\n\n\n\n<li>Operar el ventilador de escape trasero durante el transporte, si est\u00e1 disponible; el aire debe fluir desde la parte delantera del veh\u00edculo, sobre el paciente y salir por el ventilador de escape trasero.<\/li>\n\n\n\n<li>Utilizar unidades de ventilaci\u00f3n recirculante con filtros HEPA cuando est\u00e9n disponibles.<\/li>\n<\/ul>\n<\/div><\/li>\n<\/ul>\n<\/div><\/li>\n<\/ul>\n<\/div><section\n\t class=\"page-blocks iaff-page-blocks align wp-block-acf-page-blocks\" id=\"page-blocks_block_d877b39e20c195012e324cf6fdefeab3\">\n\t<div class=\"acf-innerblocks-container\">\n<section\n\t class=\"section-header mb-10 align wp-block-acf-section-header\" id=\"section-header_block_574eb7ae499e7a0a84fa09d39b4ea225\">\n\t<div class=\"\">\n\t<div class=\"flex flex-col md:flex-row justify-between max-w-content gap-x-8 md:items-end flex-wrap\">\n\t\t<h2 class=\"text-heading-200 pb-[2px]\">\n\t\t\t\u00bfQu\u00e9 debe hacer si est\u00e1 expuesto a la enfermedad o la contrae?\t\t<\/h2>\n\n\t\t\t\t\t<div class=\"md:order-last w-full\">\n\t\t\t\t\n\t<hr class=\"h-[6px] text-red border-red bg-red w-full my-0\" role=\"presentation\"\/>\n\n\t<div class=\"h-divider w-full bg-halftone-divider bg-right\"><\/div>\n\t\t\t<\/div>\n\t\t\n\t\t\t<\/div>\n<\/div>\n<\/section>\n\n\n<div class=\"wp-block-list\">\n<ul class=\"wp-block-list\">\n<li>Notificar a su oficial de control de infecciones.<\/li>\n\n\n\n<li>Consultar a un proveedor de atenci\u00f3n m\u00e9dica que pueda distinguir las lesiones cut\u00e1neas de la varicela<\/li>\n<\/ul>\n<\/div>\n\n<div class=\"wp-block-paragraph \">\n<p>No existe un tratamiento espec\u00edfico para la infecci\u00f3n por viruela. Si una persona infectada recibe la vacuna contra la viruela dentro de los 4 d\u00edas posteriores a la exposici\u00f3n, esto puede disminuir la gravedad de la enfermedad. <\/p>\n<\/div>\n<\/div><\/section>\n","protected":false},"excerpt":{"rendered":"<p>La viruela es una enfermedad desfigurante y a menudo mortal causada por el virus variola. La parte pox de smallpox (viruela en ingl\u00e9s) deriva de la palabra latina que significa [&hellip;]<\/p>\n","protected":false},"featured_media":0,"parent":95345,"menu_order":0,"comment_status":"closed","ping_status":"closed","template":"","meta":{"_acf_changed":false,"_searchwp_excluded":"","inline_featured_image":false,"_EventAllDay":false,"_EventTimezone":"","_EventStartDate":"","_EventEndDate":"","_EventStartDateUTC":"","_EventEndDateUTC":"","_EventShowMap":false,"_EventShowMapLink":false,"_EventURL":"","_EventCost":"","_EventCostDescription":"","_EventCurrencySymbol":"","_EventCurrencyCode":"","_EventCurrencyPosition":"","_EventDateTimeSeparator":"","_EventTimeRangeSeparator":"","_EventOrganizerID":[],"_EventVenueID":[],"_OrganizerEmail":"","_OrganizerPhone":"","_OrganizerWebsite":"","_VenueAddress":"","_VenueCity":"","_VenueCountry":"","_VenueProvince":"","_VenueState":"","_VenueZip":"","_VenuePhone":"","_VenueURL":"","_VenueStateProvince":"","_VenueLat":"","_VenueLng":"","_VenueShowMap":false,"_VenueShowMapLink":false,"footnotes":""},"class_list":["post-97354","page","type-page","status-publish","hentry"],"acf":[],"publishpress_future_workflow_manual_trigger":{"enabledWorkflows":[]},"_links":{"self":[{"href":"https:\/\/www.iaff.org\/es\/wp-json\/wp\/v2\/pages\/97354","targetHints":{"allow":["GET"]}}],"collection":[{"href":"https:\/\/www.iaff.org\/es\/wp-json\/wp\/v2\/pages"}],"about":[{"href":"https:\/\/www.iaff.org\/es\/wp-json\/wp\/v2\/types\/page"}],"author":[{"embeddable":true,"href":"https:\/\/www.iaff.org\/es\/wp-json\/wp\/v2\/users\/32403"}],"replies":[{"embeddable":true,"href":"https:\/\/www.iaff.org\/es\/wp-json\/wp\/v2\/comments?post=97354"}],"version-history":[{"count":0,"href":"https:\/\/www.iaff.org\/es\/wp-json\/wp\/v2\/pages\/97354\/revisions"}],"up":[{"embeddable":true,"href":"https:\/\/www.iaff.org\/es\/wp-json\/wp\/v2\/pages\/95345"}],"wp:attachment":[{"href":"https:\/\/www.iaff.org\/es\/wp-json\/wp\/v2\/media?parent=97354"}],"curies":[{"name":"wp","href":"https:\/\/api.w.org\/{rel}","templated":true}]}}