{"id":97090,"date":"2025-06-24T16:55:05","date_gmt":"2025-06-24T20:55:05","guid":{"rendered":"https:\/\/www.iaff.org\/enfermedad-infecciosa\/enfermedades\/staphylococcus-aureus-resistente-a-la-meticilina-sarm\/"},"modified":"2025-06-25T15:56:58","modified_gmt":"2025-06-25T19:56:58","slug":"staphylococcus-aureus-resistente-a-la-meticilina-sarm","status":"publish","type":"page","link":"https:\/\/www.iaff.org\/es\/enfermedad-infecciosa\/enfermedades\/staphylococcus-aureus-resistente-a-la-meticilina-sarm\/","title":{"rendered":"Staphylococcus aureus resistente a la meticilina (SARM)"},"content":{"rendered":"<section\n\t class=\"secondary-hero align wp-block-acf-secondary-hero\" id=\"secondary-hero_block_079ab12b51aadfd7e52895aa01de1037\">\n\t\n<header\n\tclass=\"w-full u-bg-full-width px-[22px] md:ps-bleed md:pe-0 py-[60px] bg-smoke-5 text-black u-has-rivets u-rivets-dark\"\n\tdata-theme=\"gray\"\n>\n\t<div class=\"flex flex-col !px-0 !max-w-[1440px] w-full lg:!ps-indent\">\n\t\t<div class=\"border-t-[6px] w-full my-0 flex flex-col md:flex-row gap-x-[62px] gap-y-[22px] border-red\">\n\t\t\t\t\t\t<div class=\"w-full md:w-1\/2 md:py-[45px]\">\n\t\t\t\t<div class=\"max-w-[600px] flex flex-col gap-[22px]\">\n\t\t\t\t\t\t\t\t\t\t\t<h1 class=\"has-[.u-halftone-shadow--dark]:mb-divider has-[.u-halftone-shadow--light]:mb-divider pt-[22px] md:pt-0\">\n\t\t\t\t\t\t\t<span class=\"inline-flex text-heading-200 u-halftone-shadow--dark\">\n\t\t\t\t\t\t\t\tStaphylococcus aureus resistente a la meticilina (SARM)\t\t\t\t\t\t\t<\/span>\n\t\t\t\t\t\t<\/h1>\n\t\t\t\t\t\t\t\t\t\t\t\t\t\t\t\t\t\t\t\t\t\t\t\t\t\t\t\t\t<\/div>\n\t\t\t<\/div>\n\n\t\t<\/div>\n\t\t\t\t\t<div class=\"order-first flex justify-start w-full pb-[22px]\">\n\t\t\t\t<div\n\tclass=\"wp-block-button is-style-tertiary text-smoke is-style-tertiary-back\"\n>\n\t\t\t<a\n\t\t\thref=\"https:\/\/www.iaff.org\/es\/enfermedad-infecciosa\/enfermedades\/\"\n\t\t\tclass=\"wp-block-button__link wp-element-button group\"\n\t\t\t\t\t>\n\t\t\t<span\n\t\t\tclass=\"decoration-transparent underline underline-offset-2 group-hover:decoration-inherit group-focus-visible:decoration-inherit transition duration-hover\"\n\t\t>\n\t\t\tEnfermedad infecciosa\t\t<\/span>\n\n\t\t<span\n\t\t\tclass=\"bg-inherit transition-colors duration-hover group-hover:bg-gold group-focus:bg-gold inline-flex rotate-180 order-first\"\n\t\t>\n\t\t\t<svg xmlns=\"http:\/\/www.w3.org\/2000\/svg\" width=\"21\" height=\"22\" fill=\"none\" viewBox=\"0 0 21 22\"><path stroke=\"currentColor\" stroke-linecap=\"round\" stroke-width=\"2\" d=\"M20 20.75L20 2.25L1.5 2.25L1.5 20.75L20 20.75Z\" clip-rule=\"evenodd\"\/><path stroke=\"currentColor\" stroke-linecap=\"square\" stroke-width=\"2\" d=\"M14.0883 11.5L6.66406 11.5\"\/><path stroke=\"currentColor\" stroke-linecap=\"square\" stroke-width=\"2\" d=\"M11.0723 7.75205L14.8363 11.5L11.0723 15.248\"\/><\/svg>\t\t<\/span>\n\t<\/a><\/div>\n\t\t\t<\/div>\n\t\t\t<\/div>\n<\/header>\n<\/section>\n<section\n\t class=\"page-blocks iaff-page-blocks align wp-block-acf-page-blocks\" id=\"page-blocks_block_26c0acc42210eed73658270eeb323eec\">\n\t<div class=\"acf-innerblocks-container\">\n<div class=\"wp-block-paragraph \">\n<p>El Staphylococcus Aureus (tambi\u00e9n conocido como \u201cStaph\u201d o S. Aureus) es un tipo com\u00fan de bacteria que normalmente vive en la piel y, en ocasiones, en las fosas nasales de personas saludables. MRSA significa Staphylococcus Aureus Resistente a la Meticilina y es un tipo de S. Aureus que es resistente a una familia de antibi\u00f3ticos (penicilina y agentes relacionados), normalmente utilizados para tratar este tipo de infecci\u00f3n. El MRSA es un problema emergente y cada vez m\u00e1s importante para los bomberos y para todas las personas.  <\/p>\n<\/div>\n\n<div class=\"wp-block-paragraph \">\n<p>Bajo el microscopio, el S. Aureus se asemeja a racimos de uvas:<\/p>\n<\/div>\n<\/div><\/section>\n\n<figure class=\"wp-block-image aligncenter size-full is-resized\"><img decoding=\"async\" width=\"400\" height=\"271\" src=\"https:\/\/www.iaff.org\/wp-content\/uploads\/2019\/11\/MRSA_S.Aureus.jpg\" alt=\"\" class=\"wp-image-9122\" style=\"width:430px\" srcset=\"https:\/\/www.iaff.org\/wp-content\/uploads\/2019\/11\/MRSA_S.Aureus.jpg 400w, https:\/\/www.iaff.org\/wp-content\/uploads\/2019\/11\/MRSA_S.Aureus-300x203.jpg 300w, https:\/\/www.iaff.org\/wp-content\/uploads\/2019\/11\/MRSA_S.Aureus-240x163.jpg 240w\" sizes=\"(max-width: 400px) 100vw, 400px\" \/><figcaption class=\"wp-element-caption\"><em>Micrograf\u00eda electr\u00f3nica de barrido (SEM) que muestra numerosos grupos de bacterias Staphylococcus aureus resistentes a la meticilina, com\u00fanmente conocidas por el acr\u00f3nimo MRSA; Ampliaci\u00f3n 9560x. (Cr\u00e9dito: CDC\/Janice Haney Carr) v\u00eda: http:\/\/www.sciencedaily.com\/releases\/2011\/02\/110210184328.htm <\/em><\/figcaption><\/figure>\n<section\n\t class=\"page-blocks iaff-page-blocks align wp-block-acf-page-blocks\" id=\"page-blocks_block_26c0acc42210eed73658270eeb323eec\">\n\t<div class=\"acf-innerblocks-container\">\n<div class=\"wp-block-paragraph \">\n<p>Mientras que del 25% al 30% de las personas en los Estados Unidos portan bacterias estafilococos en la nariz, menos del 2% portan MRSA.<\/p>\n<\/div>\n\n\n<h3 class=\"wp-block-heading\">\u00bfC\u00f3mo se puede contraer?<\/h3>\n\n\n<div class=\"wp-block-paragraph \">\n<p>Existen <strong>dos tipos<\/strong> de infecciones por MRSA:<\/p>\n<\/div>\n\n<div class=\"wp-block-list\">\n<ul class=\"wp-block-list\">\n<li><strong>Healthcare-associated MRSA (HA-MRSA)<\/strong>&nbsp;infections happen in people:<div class=\"wp-block-list\">\n<ul class=\"wp-block-list\">\n<li>Que est\u00e1n o han estado recientemente en un hospital u otro centro de atenci\u00f3n sanitaria (residencias de ancianos, centros de di\u00e1lisis, centros de cuidados agudos a largo plazo)<\/li>\n\n\n\n<li>Que se han sometido recientemente a cirug\u00eda u otros procedimientos<\/li>\n<\/ul>\n<\/div><\/li>\n\n\n\n<li><strong>Community-associated MRSA (CA-MRSA)<\/strong>&nbsp;infections happen in :<div class=\"wp-block-list\">\n<ul class=\"wp-block-list\">\n<li>Personas por lo dem\u00e1s saludables, que no han estado recientemente en el hospital<\/li>\n\n\n\n<li>Atletas que practican deportes de contacto y\/o comparten equipos o art\u00edculos personales (como toallas o navajas de afeitar)<\/li>\n\n\n\n<li>Ni\u00f1os y trabajadores en guarder\u00edas<\/li>\n\n\n\n<li>Personal militar y otras personas que viven en condiciones de hacinamiento y\/o insalubres (cuarteles militares, dormitorios, centros correccionales)<\/li>\n<\/ul>\n<\/div><\/li>\n<\/ul>\n<\/div>\n\n<div class=\"wp-block-paragraph \">\n<p>Las personas con sistemas inmunitarios d\u00e9biles tienen infecciones m\u00e1s graves. El n\u00famero de casos de CA-MRSA est\u00e1 aumentando. <\/p>\n<\/div>\n\n<div class=\"wp-block-paragraph \">\n<p>Puede contraer MRSA:<\/p>\n<\/div>\n\n<div class=\"wp-block-list\">\n<ul class=\"wp-block-list\">\n<li>Cuando su piel entra en \u201ccontacto con la infecci\u00f3n cut\u00e1nea (por MRSA) de alguien o con art\u00edculos personales que han utilizado, como toallas, vendajes o navajas de afeitar que han tocado su piel infectada\u201d<\/li>\n\n\n\n<li>A trav\u00e9s de aberturas en la piel como cortes o abrasiones (estas aberturas pueden ser visibles o tan peque\u00f1as que no son visibles a simple vista)<\/li>\n\n\n\n<li>Al entrar en contacto con objetos y superficies contaminados con MRSA<\/li>\n\n\n\n<li>Al vivir o trabajar en situaciones de hacinamiento, donde hay contacto cercano con otros<\/li>\n\n\n\n<li>Cuando usted o las personas a su alrededor tienen una higiene deficiente<\/li>\n<\/ul>\n<\/div>\n\n<div class=\"wp-block-paragraph \">\n<p>Los bomberos est\u00e1n en riesgo de exponerse a ambos tipos de MRSA.<\/p>\n<\/div>\n\n<section\n\t class=\"section-header mb-10 align wp-block-acf-section-header\" id=\"section-header_block_17aff97e95c6b125b5331954931252b4\">\n\t<div class=\"\">\n\t<div class=\"flex flex-col md:flex-row justify-between max-w-content gap-x-8 md:items-end flex-wrap\">\n\t\t<h2 class=\"text-heading-200 pb-[2px]\">\n\t\t\tS\u00edntomas\t\t<\/h2>\n\n\t\t\t\t\t<div class=\"md:order-last w-full\">\n\t\t\t\t\n\t<hr class=\"h-[6px] text-red border-red bg-red w-full my-0\" role=\"presentation\"\/>\n\n\t<div class=\"h-divider w-full bg-halftone-divider bg-right\"><\/div>\n\t\t\t<\/div>\n\t\t\n\t\t\t<\/div>\n<\/div>\n<\/section>\n\n\n<div class=\"wp-block-paragraph \">\n<p>En la comunidad, la mayor\u00eda de las infecciones por MRSA son infecciones cut\u00e1neas. As\u00ed es como puede aparecer una infecci\u00f3n cut\u00e1nea: <\/p>\n<\/div>\n\n\n<figure class=\"wp-block-gallery has-nested-images columns-default wp-block-paragraph wp-block-gallery-1 is-layout-flex wp-block-gallery-is-layout-flex\">\n<figure class=\"wp-block-image size-full w-full\"><img decoding=\"async\" width=\"300\" height=\"198\" data-id=\"9116\" src=\"https:\/\/www.iaff.org\/wp-content\/uploads\/2019\/11\/MRSA2.jpg\" alt=\"\" class=\"wp-image-9116\" srcset=\"https:\/\/www.iaff.org\/wp-content\/uploads\/2019\/11\/MRSA2.jpg 300w, https:\/\/www.iaff.org\/wp-content\/uploads\/2019\/11\/MRSA2-240x158.jpg 240w\" sizes=\"(max-width: 300px) 100vw, 300px\" \/><figcaption class=\"wp-element-caption\">Fuente: http:\/\/www.cdc.gov\/mrsa\/mrsa_initiative\/skin_infection\/mrsa_photo_010.html<\/figcaption><\/figure>\n\n\n\n<figure class=\"wp-block-image size-full\"><img decoding=\"async\" width=\"356\" height=\"236\" data-id=\"9114\" src=\"https:\/\/www.iaff.org\/wp-content\/uploads\/2019\/11\/MRSA1.jpg\" alt=\"\" class=\"wp-image-9114\" srcset=\"https:\/\/www.iaff.org\/wp-content\/uploads\/2019\/11\/MRSA1.jpg 356w, https:\/\/www.iaff.org\/wp-content\/uploads\/2019\/11\/MRSA1-300x199.jpg 300w, https:\/\/www.iaff.org\/wp-content\/uploads\/2019\/11\/MRSA1-240x159.jpg 240w\" sizes=\"(max-width: 356px) 100vw, 356px\" \/><figcaption class=\"wp-element-caption\">Fuente: http:\/\/www.cdc.gov\/mrsa\/mrsa_initiative\/skin_infection\/mrsa_photo_006.html<\/figcaption><\/figure>\n<\/figure>\n\n\n<div class=\"wp-block-list\">\n<ul class=\"wp-block-list\">\n<li>Estas infecciones suelen comenzar como peque\u00f1os bultos rojos, blancos y\/o amarillos que parecen granos, for\u00fanculos o picaduras de ara\u00f1a. (<a href=\"http:\/\/www.mayoclinic.com\/health\/mrsa\/DS00735\/DSECTION=symptoms\" target=\"_blank\" rel=\"noopener\">http:\/\/www.mayoclinic.com\/health\/mrsa\/DS00735\/DSECTION=symptoms<\/a>)<\/li>\n\n\n\n<li>Estos bultos pueden estar rojos, hinchados, calientes al tacto, dolorosos y pueden tener pus u otros fluidos corporales drenando de ellos.<\/li>\n\n\n\n<li>Estas infecciones cut\u00e1neas ocurren com\u00fanmente donde hay roturas en la piel (cortes y abrasiones) y \u00e1reas del cuerpo con vello (por ejemplo, parte posterior del cuello, ingle, gl\u00fateos, axilas, \u00e1rea de la barba en los hombres).<\/li>\n\n\n\n<li>Estos bultos pueden convertirse r\u00e1pidamente en abscesos profundos y dolorosos que requieren drenaje por un profesional m\u00e9dico.<\/li>\n<\/ul>\n<\/div>\n\n<div class=\"wp-block-paragraph \">\n<p>Pueden ocurrir infecciones graves si esta infecci\u00f3n no se trata adecuadamente y\/o si su sistema inmunol\u00f3gico no est\u00e1 funcionando correctamente. En estas situaciones, la infecci\u00f3n cut\u00e1nea por MRSA puede empeorar y puede extenderse al resto del cuerpo (incluyendo la sangre, los huesos, los pulmones y otros \u00f3rganos). Los s\u00edntomas en infecciones graves var\u00edan seg\u00fan la ubicaci\u00f3n y la extensi\u00f3n de la infecci\u00f3n.  <\/p>\n<\/div>\n\n<section\n\t class=\"section-header mb-10 align wp-block-acf-section-header\" id=\"section-header_block_048bd626a3995ac9d95cbe5470b303c4\">\n\t<div class=\"\">\n\t<div class=\"flex flex-col md:flex-row justify-between max-w-content gap-x-8 md:items-end flex-wrap\">\n\t\t<h2 class=\"text-heading-200 pb-[2px]\">\n\t\t\tPrevenci\u00f3n\t\t<\/h2>\n\n\t\t\t\t\t<div class=\"md:order-last w-full\">\n\t\t\t\t\n\t<hr class=\"h-[6px] text-red border-red bg-red w-full my-0\" role=\"presentation\"\/>\n\n\t<div class=\"h-divider w-full bg-halftone-divider bg-right\"><\/div>\n\t\t\t<\/div>\n\t\t\n\t\t\t<\/div>\n<\/div>\n<\/section>\n\n\n<div class=\"wp-block-list\">\n<ul class=\"wp-block-list\">\n<li>El uso de precauciones universales<div class=\"wp-block-list\">\n<ul class=\"wp-block-list\">\n<li>Higiene de manos (lavado con agua y jab\u00f3n o uso de un desinfectante de manos a base de alcohol)<\/li>\n\n\n\n<li>El equipo de protecci\u00f3n personal (EPP) (guantes, batas, m\u00e1scaras y gafas que ofrezcan protecci\u00f3n para la boca, nariz y ojos)<\/li>\n\n\n\n<li>El manejo y eliminaci\u00f3n adecuados de instrumentos\/dispositivos y ropa contaminados con sangre o fluidos corporales<\/li>\n<\/ul>\n<\/div><\/li>\n\n\n\n<li>Mant\u00e9ngase limpio y mantenga su entorno limpio mediante:<div class=\"wp-block-list\">\n<ul class=\"wp-block-list\">\n<li>El uso de otras barreras, como ropa o toallas, entre usted y cualquier superficie que comparta con otros (como equipos de gimnasio)<\/li>\n\n\n\n<li>Ducharse inmediatamente despu\u00e9s de tener contacto directo con la piel de otros<\/li>\n\n\n\n<li>Descontaminar regularmente la ropa y el equipo utilizados; Consulte la secci\u00f3n \u201cLimpieza y Desinfecci\u00f3n Ambiental para MRSA\u201d del CDC en este enlace <a href=\"http:\/\/www.cdc.gov\/mrsa\/environment\/index.html\" target=\"_blank\" rel=\"noopener\">http:\/\/www.cdc.gov\/mrsa\/environment\/index.html<\/a> para m\u00e1s detalles.<\/li>\n\n\n\n<li>Mantener los art\u00edculos personales como personales. Evitar compartir art\u00edculos personales como toallas, navajas de afeitar, ropa, ropa de cama <\/li>\n<\/ul>\n<\/div><\/li>\n\n\n\n<li>Higiene de las heridas<div class=\"wp-block-list\">\n<ul class=\"wp-block-list\">\n<li>Evitar el contacto con las heridas o vendajes de otras personas.<\/li>\n\n\n\n<li>Mantener los cortes y rasgu\u00f1os limpios y cubiertos con un vendaje hasta que sanen.<\/li>\n<\/ul>\n<\/div><\/li>\n<\/ul>\n<\/div>\n\n<section\n\t class=\"section-header mb-10 align wp-block-acf-section-header\" id=\"section-header_block_37c6dcdbe9136f9440407b91202a94db\">\n\t<div class=\"\">\n\t<div class=\"flex flex-col md:flex-row justify-between max-w-content gap-x-8 md:items-end flex-wrap\">\n\t\t<h2 class=\"text-heading-200 pb-[2px]\">\n\t\t\t\u00bfQu\u00e9 debe hacer si est\u00e1 expuesto o tiene s\u00edntomas de enfermedad por MRSA?\t\t<\/h2>\n\n\t\t\t\t\t<div class=\"md:order-last w-full\">\n\t\t\t\t\n\t<hr class=\"h-[6px] text-red border-red bg-red w-full my-0\" role=\"presentation\"\/>\n\n\t<div class=\"h-divider w-full bg-halftone-divider bg-right\"><\/div>\n\t\t\t<\/div>\n\t\t\n\t\t\t<\/div>\n<\/div>\n<\/section>\n\n\n<div class=\"wp-block-paragraph \">\n<p>Debe consultar a un m\u00e9dico o profesional de la salud si:<\/p>\n<\/div>\n\n<div class=\"wp-block-list\">\n<ul class=\"wp-block-list\">\n<li>Comienza a desarrollar s\u00edntomas que empeoran de infecciones cut\u00e1neas (descritos anteriormente en la secci\u00f3n <strong>\u00bfCu\u00e1les son los s\u00edntomas?<\/strong>)<\/li>\n\n\n\n<li>Si desarrolla fiebre o se siente mal con esta infecci\u00f3n cut\u00e1nea<\/li>\n<\/ul>\n<\/div>\n\n<div class=\"wp-block-paragraph \">\n<p>El m\u00e9dico podr\u00eda:<\/p>\n<\/div>\n\n<div class=\"wp-block-list\">\n<ul class=\"wp-block-list\">\n<li>Obtener un cultivo de parte del pus\/drenaje de su infecci\u00f3n<\/li>\n\n\n\n<li>Realizar hisopados nasales<\/li>\n\n\n\n<li>Ofrecer drenaje de abscesos y\/o antibi\u00f3ticos especializados para infecciones por MRSA<\/li>\n<\/ul>\n<\/div>\n\n<div class=\"wp-block-paragraph \">\n<p>Un m\u00e9dico en un hospital puede proporcionar atenci\u00f3n avanzada para infecciones graves por MRSA. No intente drenar un absceso por su cuenta, ya que esto podr\u00eda aumentar el riesgo de empeorar o propagar la infecci\u00f3n.<br\/>Usted deber\u00eda: <\/p>\n<\/div>\n\n<div class=\"wp-block-list\">\n<ul class=\"wp-block-list\">\n<li>Mantener los cortes, rasgu\u00f1os, for\u00fanculos y \u00e1reas de la piel con drenaje limpias y cubiertas con un vendaje hasta que sanen, para no infectar a otros ni propagar la infecci\u00f3n a otras partes de su propio cuerpo.<\/li>\n\n\n\n<li>Desechar adecuadamente estos vendajes, seg\u00fan el plan de control de infecciones\/exposici\u00f3n de su departamento de bomberos.<\/li>\n<\/ul>\n<\/div>\n\n<div class=\"wp-block-paragraph \">\n<p>El MRSA no est\u00e1 en la actual Lista de Enfermedades Infecciosas de Notificaci\u00f3n Nacional del CDC. Sin embargo, es una enfermedad de declaraci\u00f3n obligatoria en muchos estados, por lo que debe consultar con su departamento de salud estatal local para ver si debe notificarla en su estado. <\/p>\n<\/div>\n<\/div><\/section>\n","protected":false},"excerpt":{"rendered":"","protected":false},"featured_media":0,"parent":95345,"menu_order":0,"comment_status":"closed","ping_status":"closed","template":"","meta":{"_acf_changed":false,"_searchwp_excluded":"","inline_featured_image":false,"_EventAllDay":false,"_EventTimezone":"","_EventStartDate":"","_EventEndDate":"","_EventStartDateUTC":"","_EventEndDateUTC":"","_EventShowMap":false,"_EventShowMapLink":false,"_EventURL":"","_EventCost":"","_EventCostDescription":"","_EventCurrencySymbol":"","_EventCurrencyCode":"","_EventCurrencyPosition":"","_EventDateTimeSeparator":"","_EventTimeRangeSeparator":"","_EventOrganizerID":[],"_EventVenueID":[],"_OrganizerEmail":"","_OrganizerPhone":"","_OrganizerWebsite":"","_VenueAddress":"","_VenueCity":"","_VenueCountry":"","_VenueProvince":"","_VenueState":"","_VenueZip":"","_VenuePhone":"","_VenueURL":"","_VenueStateProvince":"","_VenueLat":"","_VenueLng":"","_VenueShowMap":false,"_VenueShowMapLink":false,"footnotes":""},"class_list":["post-97090","page","type-page","status-publish","hentry"],"acf":[],"publishpress_future_workflow_manual_trigger":{"enabledWorkflows":[]},"_links":{"self":[{"href":"https:\/\/www.iaff.org\/es\/wp-json\/wp\/v2\/pages\/97090","targetHints":{"allow":["GET"]}}],"collection":[{"href":"https:\/\/www.iaff.org\/es\/wp-json\/wp\/v2\/pages"}],"about":[{"href":"https:\/\/www.iaff.org\/es\/wp-json\/wp\/v2\/types\/page"}],"author":[{"embeddable":true,"href":"https:\/\/www.iaff.org\/es\/wp-json\/wp\/v2\/users\/32403"}],"replies":[{"embeddable":true,"href":"https:\/\/www.iaff.org\/es\/wp-json\/wp\/v2\/comments?post=97090"}],"version-history":[{"count":0,"href":"https:\/\/www.iaff.org\/es\/wp-json\/wp\/v2\/pages\/97090\/revisions"}],"up":[{"embeddable":true,"href":"https:\/\/www.iaff.org\/es\/wp-json\/wp\/v2\/pages\/95345"}],"wp:attachment":[{"href":"https:\/\/www.iaff.org\/es\/wp-json\/wp\/v2\/media?parent=97090"}],"curies":[{"name":"wp","href":"https:\/\/api.w.org\/{rel}","templated":true}]}}