{"id":96547,"date":"2024-02-11T15:43:58","date_gmt":"2024-02-11T20:43:58","guid":{"rendered":"https:\/\/www.iaff.org\/cancer\/sociedad-canadiense-del-cancer\/"},"modified":"2025-06-23T11:38:59","modified_gmt":"2025-06-23T15:38:59","slug":"sociedad-canadiense-del-cancer","status":"publish","type":"page","link":"https:\/\/www.iaff.org\/es\/cancer\/sociedad-canadiense-del-cancer\/","title":{"rendered":"Sociedad Canadiense del C\u00e1ncer"},"content":{"rendered":"<section\n\t class=\"secondary-hero align wp-block-acf-secondary-hero\" id=\"secondary-hero_block_5433190cfd1249875c12e25521190a37\">\n\t\n<header\n\tclass=\"w-full u-bg-full-width px-[22px] md:ps-bleed md:pe-0 py-[60px] bg-smoke-5 text-black u-has-rivets u-rivets-dark\"\n\tdata-theme=\"gray\"\n>\n\t<div class=\"flex flex-col !px-0 !max-w-[1440px] w-full lg:!ps-indent\">\n\t\t<div class=\"border-t-[6px] w-full my-0 flex flex-col md:flex-row gap-x-[62px] gap-y-[22px] border-red\">\n\t\t\t\t\t\t\t<div class=\"relative grid md:order-last md:w-1\/2 overflow-hidden place-items-center aspect-[157\/105]\">\n\t\t\t\t\t<img decoding=\"async\" width=\"1256\" height=\"674\" src=\"https:\/\/www.iaff.org\/wp-content\/uploads\/logo_CCS_RGB_2C_EN-1256x674.png\" class=\"absolute object-cover min-w-full h-full\" alt=\"\" srcset=\"https:\/\/www.iaff.org\/wp-content\/uploads\/logo_CCS_RGB_2C_EN-1256x674.png 1256w, https:\/\/www.iaff.org\/wp-content\/uploads\/logo_CCS_RGB_2C_EN-300x161.png 300w, https:\/\/www.iaff.org\/wp-content\/uploads\/logo_CCS_RGB_2C_EN-1024x550.png 1024w, https:\/\/www.iaff.org\/wp-content\/uploads\/logo_CCS_RGB_2C_EN-768x412.png 768w, https:\/\/www.iaff.org\/wp-content\/uploads\/logo_CCS_RGB_2C_EN-240x129.png 240w, https:\/\/www.iaff.org\/wp-content\/uploads\/logo_CCS_RGB_2C_EN.png 1321w\" sizes=\"(max-width: 1256px) 100vw, 1256px\" \/>\t\t\t\t<\/div>\n\t\t\t\t\t\t<div class=\"w-full md:w-1\/2 md:py-[45px]\">\n\t\t\t\t<div class=\"max-w-[600px] flex flex-col gap-[22px]\">\n\t\t\t\t\t\t\t\t\t\t\t<h1 class=\"has-[.u-halftone-shadow--dark]:mb-divider has-[.u-halftone-shadow--light]:mb-divider\">\n\t\t\t\t\t\t\t<span class=\"inline-flex text-heading-200 u-halftone-shadow--dark\">\n\t\t\t\t\t\t\t\tSociedad Canadiense del C\u00e1ncer\t\t\t\t\t\t\t<\/span>\n\t\t\t\t\t\t<\/h1>\n\t\t\t\t\t\t\t\t\t\t\t\t\t\t\t\t\t\t\t\t\t\t\t\t\t\t\t\t\t<\/div>\n\t\t\t<\/div>\n\n\t\t<\/div>\n\t\t\t\t\t<div class=\"order-first flex justify-start w-full pb-[22px]\">\n\t\t\t\t<div\n\tclass=\"wp-block-button is-style-tertiary text-smoke is-style-tertiary-back\"\n>\n\t\t\t<a\n\t\t\thref=\"https:\/\/www.iaff.org\/es\/cancer\/\"\n\t\t\tclass=\"wp-block-button__link wp-element-button group\"\n\t\t\t\t\t>\n\t\t\t<span\n\t\t\tclass=\"decoration-transparent underline underline-offset-2 group-hover:decoration-inherit group-focus-visible:decoration-inherit transition duration-hover\"\n\t\t>\n\t\t\tApoyo para el c\u00e1ncer\t\t<\/span>\n\n\t\t<span\n\t\t\tclass=\"bg-inherit transition-colors duration-hover group-hover:bg-gold group-focus:bg-gold inline-flex rotate-180 order-first\"\n\t\t>\n\t\t\t<svg xmlns=\"http:\/\/www.w3.org\/2000\/svg\" width=\"21\" height=\"22\" fill=\"none\" viewBox=\"0 0 21 22\"><path stroke=\"currentColor\" stroke-linecap=\"round\" stroke-width=\"2\" d=\"M20 20.75L20 2.25L1.5 2.25L1.5 20.75L20 20.75Z\" clip-rule=\"evenodd\"\/><path stroke=\"currentColor\" stroke-linecap=\"square\" stroke-width=\"2\" d=\"M14.0883 11.5L6.66406 11.5\"\/><path stroke=\"currentColor\" stroke-linecap=\"square\" stroke-width=\"2\" d=\"M11.0723 7.75205L14.8363 11.5L11.0723 15.248\"\/><\/svg>\t\t<\/span>\n\t<\/a><\/div>\n\t\t\t<\/div>\n\t\t\t<\/div>\n<\/header>\n<\/section>\n<section\n\t class=\"page-blocks iaff-page-blocks align wp-block-acf-page-blocks\" id=\"page-blocks_block_4bd5e5ed3ccce406bc4c257df8517a35\">\n\t<div class=\"acf-innerblocks-container\">\n<div class=\"wp-block-paragraph \">\n<p>La Sociedad Canadiense del C\u00e1ncer ofrece un sistema de apoyo a nivel nacional para personas con c\u00e1ncer y sus familiares, amigos y cuidadores. Estamos aqu\u00ed para ayudar a responder sus preguntas y apoyarlo, ya sea que haya sido diagnosticado recientemente, est\u00e9 cuidando a un ser querido o est\u00e9 preocupado por su propio riesgo de c\u00e1ncer. Acceda a nuestros programas y servicios gratuitos que pueden ayudarlo a manejar la vida con c\u00e1ncer, incluyendo nuestros recursos de informaci\u00f3n, nuestra l\u00ednea de ayuda, nuestra comunidad de apoyo en l\u00ednea y mucho m\u00e1s.  <\/p>\n<\/div>\n<\/div><\/section>\n<section\n\t class=\"page-blocks iaff-page-blocks align wp-block-acf-page-blocks\" id=\"page-blocks_block_4bd5e5ed3ccce406bc4c257df8517a35\">\n\t<div class=\"acf-innerblocks-container\">\n<section\n\t class=\"section-header mb-10 align wp-block-acf-section-header\" id=\"section-header_block_ced55fc15e71bc1c7385564530071b9b\">\n\t<div class=\"\">\n\t<div class=\"flex flex-col md:flex-row justify-between max-w-content gap-x-8 md:items-end flex-wrap\">\n\t\t<h2 class=\"text-heading-200 pb-[2px]\">\n\t\t\tRecursos para la prevenci\u00f3n y detecci\u00f3n del c\u00e1ncer\t\t<\/h2>\n\n\t\t\t\t\t<div class=\"md:order-last w-full\">\n\t\t\t\t\n\t<hr class=\"h-[6px] text-red border-red bg-red w-full my-0\" role=\"presentation\"\/>\n\n\t\t\t<\/div>\n\t\t\n\t\t\t<\/div>\n<\/div>\n<\/section>\n\n\n<div class=\"wp-block-paragraph \">\n<p id=\"E281\">Si bien existen evidencias de un mayor riesgo de c\u00e1ncer asociado a la profesi\u00f3n de bombero, hay mucho que usted puede hacer para proteger su salud. Conozca formas sencillas de tomar decisiones saludables e informadas para reducir su riesgo de c\u00e1ncer. Adem\u00e1s, descubra cu\u00e1ndo debe consultar a un m\u00e9dico y cu\u00e1ndo debe someterse a ex\u00e1menes de detecci\u00f3n de c\u00e1nceres espec\u00edficos.  <\/p>\n<\/div>\n\n<div class=\"wp-block-list\">\n<ul class=\"wp-block-list\">\n<li><a href=\"https:\/\/cancer.ca\/en\/cancer-information\/find-cancer-early\/screening-for-cancer\" target=\"_blank\" rel=\"noreferrer noopener\">Detecci\u00f3n del c\u00e1ncer<\/a><\/li>\n\n\n\n<li><a href=\"https:\/\/cancer.ca\/en\/cancer-information\/find-cancer-early\/know-your-body\" target=\"_blank\" rel=\"noreferrer noopener\">Conozca su cuerpo<\/a><\/li>\n\n\n\n<li><a href=\"https:\/\/cancer.ca\/en\/cancer-information\/reduce-your-risk\/limit-alcohol\" target=\"_blank\" rel=\"noreferrer noopener\">Limite el consumo de alcohol<\/a><\/li>\n\n\n\n<li><a href=\"https:\/\/cancer.ca\/en\/cancer-information\/reduce-your-risk\/have-a-healthy-body-weight\" target=\"_blank\" rel=\"noreferrer noopener\">Mantenga un peso corporal saludable<\/a><\/li>\n\n\n\n<li><a href=\"https:\/\/cancer.ca\/en\/cancer-information\/reduce-your-risk\/explore-prevention-programs\" target=\"_blank\" rel=\"noreferrer noopener\">Explore programas de prevenci\u00f3n<\/a><\/li>\n<\/ul>\n<\/div>\n<\/div><\/section>\n<section\n\t class=\"page-blocks iaff-page-blocks align wp-block-acf-page-blocks\" id=\"page-blocks_block_4bd5e5ed3ccce406bc4c257df8517a35\">\n\t<div class=\"acf-innerblocks-container\">\n<section\n\t class=\"section-header mb-10 align wp-block-acf-section-header\" id=\"section-header_block_83d2ae769b05c88320694639b944f0a9\">\n\t<div class=\"\">\n\t<div class=\"flex flex-col md:flex-row justify-between max-w-content gap-x-8 md:items-end flex-wrap\">\n\t\t<h2 class=\"text-heading-200 pb-[2px]\">\n\t\t\tL\u00ednea de ayuda de CCS\t\t<\/h2>\n\n\t\t\t\t\t<div class=\"md:order-last w-full\">\n\t\t\t\t\n\t<hr class=\"h-[6px] text-red border-red bg-red w-full my-0\" role=\"presentation\"\/>\n\n\t\t\t<\/div>\n\t\t\n\t\t\t<\/div>\n<\/div>\n<\/section>\n\n\n<div class=\"wp-block-paragraph \">\n<p id=\"E309\">El c\u00e1ncer puede ser dif\u00edcil de comprender y afrontarlo puede resultar estresante. Puede ser \u00fatil hablar con alguien en quien conf\u00ede para obtener informaci\u00f3n actualizada y fiable. Nuestra L\u00ednea de Informaci\u00f3n sobre el C\u00e1ncer es un servicio nacional gratuito para personas con c\u00e1ncer, sus cuidadores, sus familias y amigos, as\u00ed como para el p\u00fablico en general y los profesionales de la salud. Nos tomaremos todo el tiempo necesario para responder a sus preguntas y proporcionarle informaci\u00f3n sobre:   <\/p>\n<\/div>\n\n<div class=\"wp-block-list\">\n<ul class=\"wp-block-list\">\n<li>Tratamiento del c\u00e1ncer y efectos secundarios<\/li>\n\n\n\n<li>Ensayos cl\u00ednicos<\/li>\n\n\n\n<li>C\u00f3mo afrontar el c\u00e1ncer<\/li>\n\n\n\n<li>Servicios de apoyo emocional<\/li>\n\n\n\n<li>Prevenci\u00f3n<\/li>\n\n\n\n<li>Ayuda en la comunidad<\/li>\n\n\n\n<li>Terapias complementarias<\/li>\n<\/ul>\n<\/div>\n\n<div class=\"wp-block-paragraph \">\n<p id=\"E333\">Nuestro servicio est\u00e1 disponible de lunes a viernes en ingl\u00e9s y franc\u00e9s. Para otros idiomas, podemos acceder a un servicio de interpretaci\u00f3n.  Para conectarse:<\/p>\n<\/div>\n\n<div class=\"wp-block-list\">\n<ul class=\"wp-block-list\">\n<li>Chat en l\u00ednea: Visite <a href=\"https:\/\/cancer.ca\/\" target=\"_blank\" rel=\"noreferrer noopener\">cancer.ca<\/a> (<a href=\"https:\/\/cancer.ca\/fr\" target=\"_blank\" rel=\"noreferrer noopener\">cancer.ca\/fr<\/a> para franc\u00e9s) para chatear en vivo con un especialista en informaci\u00f3n.<\/li>\n\n\n\n<li>Tel\u00e9fono: Ll\u00e1menos gratuitamente al 1-888-939-3333 (TTY 1-866-786-3934).<\/li>\n\n\n\n<li>Correo electr\u00f3nico: Env\u00ede un mensaje r\u00e1pido a trav\u00e9s de nuestro <a href=\"https:\/\/cancer.ca\/en\/contact-us\/cancer-information-and-support\" target=\"_blank\" rel=\"noreferrer noopener\">formulario de contacto<\/a>.<\/li>\n<\/ul>\n<\/div>\n<\/div><\/section>\n<section\n\t class=\"page-blocks iaff-page-blocks align wp-block-acf-page-blocks\" id=\"page-blocks_block_4bd5e5ed3ccce406bc4c257df8517a35\">\n\t<div class=\"acf-innerblocks-container\">\n<section\n\t class=\"section-header mb-10 align wp-block-acf-section-header\" id=\"section-header_block_6daf6e21f4ba1c606575d6246755e1b2\">\n\t<div class=\"\">\n\t<div class=\"flex flex-col md:flex-row justify-between max-w-content gap-x-8 md:items-end flex-wrap\">\n\t\t<h2 class=\"text-heading-200 pb-[2px]\">\n\t\t\tCancerConnection.ca\t\t<\/h2>\n\n\t\t\t\t\t<div class=\"md:order-last w-full\">\n\t\t\t\t\n\t<hr class=\"h-[6px] text-red border-red bg-red w-full my-0\" role=\"presentation\"\/>\n\n\t\t\t<\/div>\n\t\t\n\t\t\t<\/div>\n<\/div>\n<\/section>\n\n\n<div class=\"wp-block-paragraph \">\n<p id=\"E351\">Nadie deber\u00eda enfrentarse al c\u00e1ncer solo. Conectar con otras personas que comprenden su situaci\u00f3n y sentimientos puede ayudarle a afrontarlo. Saber qu\u00e9 esperar a lo largo de su traves\u00eda con el c\u00e1ncer puede ayudarle a sentirse m\u00e1s esperanzado y menos ansioso.  <\/p>\n<\/div>\n\n<div class=\"wp-block-paragraph \">\n<p id=\"E353\"><a href=\"https:\/\/cancerconnection.ca\/\" target=\"_blank\" rel=\"noreferrer noopener\">CancerConnection.ca<\/a> es un lugar seguro y acogedor para el debate, el apoyo y el intercambio de informaci\u00f3n sobre c\u00f3mo manejar el c\u00e1ncer en su vida. Permite a las personas compartir sus experiencias y construir relaciones de apoyo. Los miembros de la comunidad de <a href=\"https:\/\/cancerconnection.ca\/\" target=\"_blank\" rel=\"noreferrer noopener\">CancerConnection.ca<\/a> participan en debates, escriben sus propios blogs, se unen a grupos e intercambian mensajes ofreciendo apoyo emocional y consejos pr\u00e1cticos. <\/p>\n<\/div>\n\n<div class=\"wp-block-paragraph \">\n<p id=\"E362\">La membres\u00eda en esta comunidad es gratuita y est\u00e1 abierta a personas mayores de 18 a\u00f1os. Para inscribirse, simplemente visite <a href=\"https:\/\/cancerconnection.ca\/\" target=\"_blank\" rel=\"noreferrer noopener\">CancerConnection.ca<\/a>. <\/p>\n<\/div>\n<\/div><\/section>\n<section\n\t class=\"page-blocks iaff-page-blocks align wp-block-acf-page-blocks\" id=\"page-blocks_block_4bd5e5ed3ccce406bc4c257df8517a35\">\n\t<div class=\"acf-innerblocks-container\">\n<section\n\t class=\"section-header mb-10 align wp-block-acf-section-header\" id=\"section-header_block_d58560037142a46370c28e87948c20c3\">\n\t<div class=\"\">\n\t<div class=\"flex flex-col md:flex-row justify-between max-w-content gap-x-8 md:items-end flex-wrap\">\n\t\t<h2 class=\"text-heading-200 pb-[2px]\">\n\t\t\tAlojamiento\t\t<\/h2>\n\n\t\t\t\t\t<div class=\"md:order-last w-full\">\n\t\t\t\t\n\t<hr class=\"h-[6px] text-red border-red bg-red w-full my-0\" role=\"presentation\"\/>\n\n\t\t\t<\/div>\n\t\t\n\t\t\t<\/div>\n<\/div>\n<\/section>\n\n\n<div class=\"wp-block-paragraph \">\n<p id=\"E366\">Nuestros albergues son acogedores hogares lejos del hogar para personas con c\u00e1ncer que necesitan viajar para recibir tratamiento. Nuestro personal y voluntarios capacitados est\u00e1n entrenados para ayudar a satisfacer sus necesidades pr\u00e1cticas durante el tratamiento del c\u00e1ncer. Los albergues tambi\u00e9n ofrecen apoyo social y emocional a trav\u00e9s de diferentes programas y actividades. Son lugares donde puede conocer a otras personas con c\u00e1ncer y sus familias, que comprenden lo que est\u00e1 atravesando.   <\/p>\n<\/div>\n\n<div class=\"wp-block-paragraph \">\n<p id=\"E368\">Cada albergue tiene servicios y comodidades \u00fanicas disponibles. Visite <a href=\"https:\/\/cancer.ca\/\" target=\"_blank\" rel=\"noreferrer noopener\">cancer.ca<\/a> (<a href=\"https:\/\/cancer.ca\/fr\" target=\"_blank\" rel=\"noreferrer noopener\">cancer.ca\/fr<\/a> para franc\u00e9s) para encontrar un albergue en Columbia Brit\u00e1nica, Terranova, Quebec, Nueva Escocia u otros lugares de Canad\u00e1. <\/p>\n<\/div>\n<\/div><\/section>\n<section\n\t class=\"page-blocks iaff-page-blocks align wp-block-acf-page-blocks\" id=\"page-blocks_block_4bd5e5ed3ccce406bc4c257df8517a35\">\n\t<div class=\"acf-innerblocks-container\">\n<section\n\t class=\"section-header mb-10 align wp-block-acf-section-header\" id=\"section-header_block_3507c76df052e68d580b21b13781300e\">\n\t<div class=\"\">\n\t<div class=\"flex flex-col md:flex-row justify-between max-w-content gap-x-8 md:items-end flex-wrap\">\n\t\t<h2 class=\"text-heading-200 pb-[2px]\">\n\t\t\tObtenga ayuda para dejar de fumar\t\t<\/h2>\n\n\t\t\t\t\t<div class=\"md:order-last w-full\">\n\t\t\t\t\n\t<hr class=\"h-[6px] text-red border-red bg-red w-full my-0\" role=\"presentation\"\/>\n\n\t\t\t<\/div>\n\t\t\n\t\t\t<\/div>\n<\/div>\n<\/section>\n\n\n<div class=\"wp-block-paragraph \">\n<p id=\"E373\">\u00bfEst\u00e1 listo para dejar de fumar? \u00bfO lo est\u00e1 considerando? \u00bfHa intentado dejarlo varias veces y le preocupa no mantenerse libre de tabaco de forma permanente? Estamos aqu\u00ed para ayudarle.   <\/p>\n<\/div>\n\n<div class=\"wp-block-paragraph \">\n<p id=\"E375\">La Sociedad Canadiense del C\u00e1ncer ofrece informaci\u00f3n, herramientas y una comunidad de apoyo para ayudarle a dejar de fumar y mantenerse sin fumar. Nuestros servicios gratuitos y confidenciales ofrecen apoyo e informaci\u00f3n sobre c\u00f3mo dejar de fumar y consumir tabaco. Podemos ayudarle a desarrollar un plan personal para dejar de fumar y remitirle a programas y servicios en su comunidad. Y si desea apoyar a alguien que est\u00e1 tratando de dejar de fumar, podemos darle consejos sobre c\u00f3mo ayudar.   <\/p>\n<\/div>\n\n<div class=\"wp-block-paragraph \">\n<p id=\"E379\">Visite <a href=\"https:\/\/cancer.ca\/\" target=\"_blank\" rel=\"noreferrer noopener\">cancer.ca<\/a> (<a href=\"https:\/\/cancer.ca\/fr\" target=\"_blank\" rel=\"noreferrer noopener\">cancer.ca\/fr<\/a> para franc\u00e9s) para conocer los programas disponibles en su \u00e1rea.<\/p>\n<\/div>\n<\/div><\/section>\n<section\n\t class=\"page-blocks iaff-page-blocks align wp-block-acf-page-blocks\" id=\"page-blocks_block_4bd5e5ed3ccce406bc4c257df8517a35\">\n\t<div class=\"acf-innerblocks-container\">\n<section\n\t class=\"section-header mb-10 align wp-block-acf-section-header\" id=\"section-header_block_9a0b93f42a86942dc49bb1eb8de43d70\">\n\t<div class=\"\">\n\t<div class=\"flex flex-col md:flex-row justify-between max-w-content gap-x-8 md:items-end flex-wrap\">\n\t\t<h2 class=\"text-heading-200 pb-[2px]\">\n\t\t\tSolicitar una peluca\t\t<\/h2>\n\n\t\t\t\t\t<div class=\"md:order-last w-full\">\n\t\t\t\t\n\t<hr class=\"h-[6px] text-red border-red bg-red w-full my-0\" role=\"presentation\"\/>\n\n\t\t\t<\/div>\n\t\t\n\t\t\t<\/div>\n<\/div>\n<\/section>\n\n\n<div class=\"wp-block-paragraph \">\n<p id=\"E384\">Todos los canadienses, sin importar d\u00f3nde vivan, pueden acceder a pelucas gratuitas con una simple llamada. Un miembro del equipo discutir\u00e1 sus requisitos y preferencias de peluca o tocado y luego har\u00e1 lo posible por encontrar una coincidencia. Organizar\u00e1n la entrega o la recogida en la acera, dependiendo de su ubicaci\u00f3n. Todo el personal y los voluntarios han sido capacitados en limpieza e higiene mejoradas para garantizar que las pelucas se entreguen en su estado m\u00e1s limpio.   <\/p>\n<\/div>\n\n<div class=\"wp-block-paragraph \">\n<p id=\"E388\">Este servicio est\u00e1 disponible de forma gratuita en todo Canad\u00e1 para las personas que no pueden permitirse el costo de una peluca.<\/p>\n<\/div>\n\n<div class=\"wp-block-paragraph \">\n<p id=\"E390\">Solicite por tel\u00e9fono gratuito: (888) 939-3333<\/p>\n<\/div>\n<\/div><\/section>\n","protected":false},"excerpt":{"rendered":"","protected":false},"featured_media":0,"parent":92167,"menu_order":0,"comment_status":"closed","ping_status":"closed","template":"","meta":{"_acf_changed":false,"_searchwp_excluded":"","inline_featured_image":false,"_EventAllDay":false,"_EventTimezone":"","_EventStartDate":"","_EventEndDate":"","_EventStartDateUTC":"","_EventEndDateUTC":"","_EventShowMap":false,"_EventShowMapLink":false,"_EventURL":"","_EventCost":"","_EventCostDescription":"","_EventCurrencySymbol":"","_EventCurrencyCode":"","_EventCurrencyPosition":"","_EventDateTimeSeparator":"","_EventTimeRangeSeparator":"","_EventOrganizerID":[],"_EventVenueID":[],"_OrganizerEmail":"","_OrganizerPhone":"","_OrganizerWebsite":"","_VenueAddress":"","_VenueCity":"","_VenueCountry":"","_VenueProvince":"","_VenueState":"","_VenueZip":"","_VenuePhone":"","_VenueURL":"","_VenueStateProvince":"","_VenueLat":"","_VenueLng":"","_VenueShowMap":false,"_VenueShowMapLink":false,"footnotes":""},"class_list":["post-96547","page","type-page","status-publish","hentry"],"acf":[],"publishpress_future_workflow_manual_trigger":{"enabledWorkflows":[]},"_links":{"self":[{"href":"https:\/\/www.iaff.org\/es\/wp-json\/wp\/v2\/pages\/96547","targetHints":{"allow":["GET"]}}],"collection":[{"href":"https:\/\/www.iaff.org\/es\/wp-json\/wp\/v2\/pages"}],"about":[{"href":"https:\/\/www.iaff.org\/es\/wp-json\/wp\/v2\/types\/page"}],"author":[{"embeddable":true,"href":"https:\/\/www.iaff.org\/es\/wp-json\/wp\/v2\/users\/10"}],"replies":[{"embeddable":true,"href":"https:\/\/www.iaff.org\/es\/wp-json\/wp\/v2\/comments?post=96547"}],"version-history":[{"count":0,"href":"https:\/\/www.iaff.org\/es\/wp-json\/wp\/v2\/pages\/96547\/revisions"}],"up":[{"embeddable":true,"href":"https:\/\/www.iaff.org\/es\/wp-json\/wp\/v2\/pages\/92167"}],"wp:attachment":[{"href":"https:\/\/www.iaff.org\/es\/wp-json\/wp\/v2\/media?parent=96547"}],"curies":[{"name":"wp","href":"https:\/\/api.w.org\/{rel}","templated":true}]}}