{"id":96032,"date":"2024-02-10T14:30:15","date_gmt":"2024-02-10T19:30:15","guid":{"rendered":"https:\/\/www.iaff.org\/mes-de-concientizacion-sobre-el-cancer-en-bomberos\/semana-2-salud-reproductiva\/"},"modified":"2025-12-15T23:50:27","modified_gmt":"2025-12-16T04:50:27","slug":"semana-2-salud-reproductiva","status":"publish","type":"page","link":"https:\/\/www.iaff.org\/es\/mes-de-concientizacion-sobre-el-cancer-en-bomberos\/semana-2-salud-reproductiva\/","title":{"rendered":"Semana 2: Detecci\u00f3n precoz y cribado"},"content":{"rendered":"<section\n\t class=\"secondary-hero align wp-block-acf-secondary-hero\" id=\"secondary-hero_block_856200cf27dd755c23010f099fa7bc94\">\n\t\n<header\n\tclass=\"w-full u-bg-full-width px-[22px] md:ps-bleed md:pe-0 py-[60px] bg-smoke-5 text-black u-has-rivets u-rivets-dark\"\n\tdata-theme=\"gray\"\n>\n\t<div class=\"flex flex-col !px-0 !max-w-[1440px] w-full lg:!ps-indent\">\n\t\t<div class=\"border-t-[6px] w-full my-0 flex flex-col md:flex-row gap-x-[62px] gap-y-[22px] border-red\">\n\t\t\t\t\t\t\t<div class=\"relative grid md:order-last md:w-1\/2 overflow-hidden place-items-center max-h-[500px]\">\n\t\t\t\t\t<img decoding=\"async\" width=\"2560\" height=\"1706\" src=\"https:\/\/www.iaff.org\/wp-content\/uploads\/.\/Rafuse-photo-scaled.jpg\" class=\"max-w-full\" alt=\"\" srcset=\"https:\/\/www.iaff.org\/wp-content\/uploads\/Rafuse-photo-scaled.jpg 2560w, https:\/\/www.iaff.org\/wp-content\/uploads\/Rafuse-photo-scaled-300x200.jpg 300w, https:\/\/www.iaff.org\/wp-content\/uploads\/Rafuse-photo-scaled-1024x682.jpg 1024w, https:\/\/www.iaff.org\/wp-content\/uploads\/Rafuse-photo-scaled-768x512.jpg 768w, https:\/\/www.iaff.org\/wp-content\/uploads\/Rafuse-photo-scaled-1536x1024.jpg 1536w, https:\/\/www.iaff.org\/wp-content\/uploads\/Rafuse-photo-scaled-2048x1365.jpg 2048w, https:\/\/www.iaff.org\/wp-content\/uploads\/Rafuse-photo-scaled-240x160.jpg 240w, https:\/\/www.iaff.org\/wp-content\/uploads\/Rafuse-photo-scaled-1200x800.jpg 1200w, https:\/\/www.iaff.org\/wp-content\/uploads\/Rafuse-photo-scaled-1215x810.jpg 1215w\" sizes=\"(max-width: 2560px) 100vw, 2560px\" \/>\t\t\t\t<\/div>\n\t\t\t\t\t\t<div class=\"w-full md:w-1\/2 md:py-[45px]\">\n\t\t\t\t<div class=\"max-w-[600px] flex flex-col gap-[22px]\">\n\t\t\t\t\t\t\t\t\t\t\t<h1 class=\"has-[.u-halftone-shadow--dark]:mb-divider has-[.u-halftone-shadow--light]:mb-divider\">\n\t\t\t\t\t\t\t<span class=\"inline-flex text-heading-200 u-halftone-shadow--dark\">\n\t\t\t\t\t\t\t\tSemana 2: Detecci\u00f3n y diagn\u00f3stico precoz\t\t\t\t\t\t\t<\/span>\n\t\t\t\t\t\t<\/h1>\n\t\t\t\t\t\t\t\t\t\t\t\t\t\t\t\t<div class=\"text-body-300 font-sans\">\n\t\t\t\t\t\t\t<p>Descubra c\u00f3mo las pruebas de detecci\u00f3n del c\u00e1ncer y la detecci\u00f3n temprana pueden ayudar a los bomberos a identificar los riesgos con mayor rapidez, junto con consideraciones clave sobre la cobertura presunta y la indemnizaci\u00f3n laboral.<\/p>\n\t\t\t\t\t\t<\/div>\n\t\t\t\t\t\t\t\t\t\t\t\t\t\t\t\t\t\t\t\t\t\t\t\t<\/div>\n\t\t\t<\/div>\n\n\t\t<\/div>\n\t\t\t\t\t<div class=\"order-first flex justify-start w-full pb-[22px]\">\n\t\t\t\t<div\n\tclass=\"wp-block-button is-style-tertiary text-smoke is-style-tertiary-back\"\n>\n\t\t\t<a\n\t\t\thref=\"https:\/\/www.iaff.org\/es\/mes-de-concientizacion-sobre-el-cancer-en-bomberos\/\"\n\t\t\tclass=\"wp-block-button__link wp-element-button group\"\n\t\t\t\t\t>\n\t\t\t<span\n\t\t\tclass=\"decoration-transparent underline underline-offset-2 group-hover:decoration-inherit group-focus-visible:decoration-inherit transition duration-hover\"\n\t\t>\n\t\t\tMes de Concientizaci\u00f3n sobre el C\u00e1ncer en Bomberos\t\t<\/span>\n\n\t\t<span\n\t\t\tclass=\"bg-inherit transition-colors duration-hover group-hover:bg-gold group-focus:bg-gold inline-flex rotate-180 order-first\"\n\t\t>\n\t\t\t<svg xmlns=\"http:\/\/www.w3.org\/2000\/svg\" width=\"21\" height=\"22\" fill=\"none\" viewBox=\"0 0 21 22\"><path stroke=\"currentColor\" stroke-linecap=\"round\" stroke-width=\"2\" d=\"M20 20.75L20 2.25L1.5 2.25L1.5 20.75L20 20.75Z\" clip-rule=\"evenodd\"\/><path stroke=\"currentColor\" stroke-linecap=\"square\" stroke-width=\"2\" d=\"M14.0883 11.5L6.66406 11.5\"\/><path stroke=\"currentColor\" stroke-linecap=\"square\" stroke-width=\"2\" d=\"M11.0723 7.75205L14.8363 11.5L11.0723 15.248\"\/><\/svg>\t\t<\/span>\n\t<\/a><\/div>\n\t\t\t<\/div>\n\t\t\t<\/div>\n<\/header>\n<\/section>\n<section\n\t class=\"page-blocks iaff-page-blocks align wp-block-acf-page-blocks\" id=\"page-blocks_block_2420cb223d5c76af850fe76edd3b52f0\">\n\t<div class=\"acf-innerblocks-container\">\n<div class=\"wp-block-paragraph \">\n<p>Un diagn\u00f3stico de c\u00e1ncer puede marcar el comienzo de un desaf\u00edo importante y complejo, y los bomberos se enfrentan a un riesgo sustancialmente mayor de desarrollar c\u00e1ncer debido a exposiciones laborales repetidas.<\/p>\n<\/div>\n\n<div class=\"wp-block-paragraph \">\n<p>Una forma de reducir el impacto del c\u00e1ncer es a trav\u00e9s de medidas preventivas, como mantener un estilo de vida saludable, completar evaluaciones m\u00e9dicas anuales y participar en las pruebas de detecci\u00f3n de c\u00e1ncer recomendadas. Si bien el Grupo de Trabajo de Servicios Preventivos de EE. UU. proporciona pautas generales de detecci\u00f3n, el mayor riesgo de un bombero puede justificar una detecci\u00f3n m\u00e1s temprana o m\u00e1s frecuente. <\/p>\n<\/div>\n\n<div class=\"wp-block-paragraph \">\n<p>Tambi\u00e9n es importante comprender c\u00f3mo un diagn\u00f3stico de c\u00e1ncer puede estar cubierto por las presunciones legislativas y las leyes de compensaci\u00f3n laboral. Trabajar en estrecha colaboraci\u00f3n con su secci\u00f3n local, departamento y representantes de compensaci\u00f3n laboral puede ayudar a aclarar los beneficios disponibles en virtud de los estatutos estatales, provinciales o territoriales aplicables. Tener esta informaci\u00f3n de antemano puede facilitar el proceso, y ese es el enfoque de los recursos de esta semana.  <\/p>\n<\/div>\n<\/div><\/section>\n<section\n\t class=\"page-blocks iaff-page-blocks align wp-block-acf-page-blocks\" id=\"page-blocks_block_2420cb223d5c76af850fe76edd3b52f0\">\n\t<div class=\"acf-innerblocks-container\">\n<section\n\t class=\"section-header mb-10 align wp-block-acf-section-header\" id=\"section-header_block_25494f0f68c7145d45372a7436e80509\">\n\t<div class=\"\">\n\t<div class=\"flex flex-col md:flex-row justify-between max-w-content gap-x-8 md:items-end flex-wrap\">\n\t\t<h2 class=\"text-heading-200 pb-[2px]\">\n\t\t\tRecursos\t\t<\/h2>\n\n\t\t\t\t\t<div class=\"md:order-last w-full\">\n\t\t\t\t\n\t<hr class=\"h-[6px] text-red border-red bg-red w-full my-0\" role=\"presentation\"\/>\n\n\t<div class=\"h-divider w-full bg-halftone-divider bg-right\"><\/div>\n\t\t\t<\/div>\n\t\t\n\t\t\t<\/div>\n<\/div>\n<\/section>\n\n\n\n<h3 class=\"wp-block-heading\">Hojas informativas<\/h3>\n\n\n<div class=\"wp-block-list\">\n<ul class=\"wp-block-list\">\n<li><a href=\"https:\/\/www.iaff.org\/wp-content\/uploads\/2025\/12\/FFCAM_Factsheet-Cancer101-2026.pdf\" target=\"_blank\" data-type=\"link\" data-id=\"https:\/\/www.iaff.org\/wp-content\/uploads\/2025\/12\/FFCAM_Factsheet-Cancer101-2026.pdf\" rel=\"noreferrer noopener\">C\u00e1ncer 101<\/a><\/li>\n\n\n\n<li><a href=\"https:\/\/www.iaff.org\/wp-content\/uploads\/2025\/12\/FFCAM_Factsheet-CancerScreenings-2026.pdf\" target=\"_blank\" data-type=\"link\" data-id=\"https:\/\/www.iaff.org\/wp-content\/uploads\/2025\/12\/FFCAM_Factsheet-CancerScreenings-2026.pdf\" rel=\"noreferrer noopener\">Ex\u00e1menes de detecci\u00f3n de c\u00e1ncer<\/a><\/li>\n\n\n\n<li><a href=\"https:\/\/www.iaff.org\/wp-content\/uploads\/2025\/12\/FFCAM_Factsheet-PresumptiveCoverage-2026.pdf\" target=\"_blank\" data-type=\"link\" data-id=\"https:\/\/www.iaff.org\/wp-content\/uploads\/2025\/12\/FFCAM_Factsheet-PresumptiveCoverage-2026.pdf\" rel=\"noreferrer noopener\">Cobertura presuntiva: una gu\u00eda para bomberos y trabajadores de rescate<\/a><\/li>\n\n\n\n<li><a href=\"https:\/\/www.iaff.org\/wp-content\/uploads\/2025\/12\/FFCAM_Factsheet-PresumptiveLeg-2026.pdf\" target=\"_blank\" data-type=\"link\" data-id=\"https:\/\/www.iaff.org\/wp-content\/uploads\/2025\/12\/FFCAM_Factsheet-PresumptiveLeg-2026.pdf\" rel=\"noreferrer noopener\">Legislaci\u00f3n presuntiva sobre c\u00e1ncer en bomberos 101<\/a><\/li>\n\n\n\n<li><a href=\"https:\/\/www.iaff.org\/wp-content\/uploads\/2025\/12\/FFCAM_Factsheet-WorkersComp-2026.pdf\" data-type=\"link\" data-id=\"https:\/\/www.iaff.org\/wp-content\/uploads\/2025\/12\/FFCAM_Factsheet-WorkersComp-2026.pdf\" target=\"_blank\" rel=\"noreferrer noopener\">Comprensi\u00f3n de la compensaci\u00f3n laboral por c\u00e1ncer<\/a><\/li>\n<\/ul>\n<\/div>\n\n\n<h3 class=\"wp-block-heading\">Recursos Adicionales<\/h3>\n\n\n<div class=\"wp-block-list\">\n<ul class=\"wp-block-list\">\n<li><a href=\"https:\/\/www.iaff.org\/es\/iniciativa-de-salud-presuntiva\/\" target=\"_blank\" data-type=\"link\" data-id=\"https:\/\/www.iaff.org\/presumptive-health\/\" rel=\"noreferrer noopener\">P\u00e1gina de legislaci\u00f3n presuntiva de la AIB<\/a><\/li>\n\n\n\n<li><a href=\"https:\/\/www.uspreventiveservicestaskforce.org\/uspstf\/topic_search_results?topic_status=P\" target=\"_blank\" data-type=\"link\" data-id=\"https:\/\/www.uspreventiveservicestaskforce.org\/uspstf\/topic_search_results?topic_status=P\" rel=\"noreferrer noopener\">Recomendaciones publicadas por el Grupo de Trabajo de Servicios Preventivos de EE. UU.<\/a><\/li>\n\n\n\n<li><a href=\"https:\/\/www.cancer.org\/research\/cancer-facts-statistics\/all-cancer-facts-figures\/2025-cancer-facts-figures.html\" target=\"_blank\" data-type=\"link\" data-id=\"https:\/\/www.cancer.org\/research\/cancer-facts-statistics\/all-cancer-facts-figures\/2025-cancer-facts-figures.html\" rel=\"noreferrer noopener\">Sociedad Americana del C\u00e1ncer: Datos y cifras sobre el c\u00e1ncer<\/a><\/li>\n<\/ul>\n<\/div>\n<\/div><\/section>\n","protected":false},"excerpt":{"rendered":"","protected":false},"featured_media":95412,"parent":95409,"menu_order":0,"comment_status":"closed","ping_status":"closed","template":"","meta":{"_acf_changed":false,"_searchwp_excluded":"","inline_featured_image":false,"_EventAllDay":false,"_EventTimezone":"","_EventStartDate":"","_EventEndDate":"","_EventStartDateUTC":"","_EventEndDateUTC":"","_EventShowMap":false,"_EventShowMapLink":false,"_EventURL":"","_EventCost":"","_EventCostDescription":"","_EventCurrencySymbol":"","_EventCurrencyCode":"","_EventCurrencyPosition":"","_EventDateTimeSeparator":"","_EventTimeRangeSeparator":"","_EventOrganizerID":[],"_EventVenueID":[],"_OrganizerEmail":"","_OrganizerPhone":"","_OrganizerWebsite":"","_VenueAddress":"","_VenueCity":"","_VenueCountry":"","_VenueProvince":"","_VenueState":"","_VenueZip":"","_VenuePhone":"","_VenueURL":"","_VenueStateProvince":"","_VenueLat":"","_VenueLng":"","_VenueShowMap":false,"_VenueShowMapLink":false,"footnotes":""},"class_list":["post-96032","page","type-page","status-publish","has-post-thumbnail","hentry"],"acf":[],"publishpress_future_workflow_manual_trigger":{"enabledWorkflows":[]},"_links":{"self":[{"href":"https:\/\/www.iaff.org\/es\/wp-json\/wp\/v2\/pages\/96032","targetHints":{"allow":["GET"]}}],"collection":[{"href":"https:\/\/www.iaff.org\/es\/wp-json\/wp\/v2\/pages"}],"about":[{"href":"https:\/\/www.iaff.org\/es\/wp-json\/wp\/v2\/types\/page"}],"author":[{"embeddable":true,"href":"https:\/\/www.iaff.org\/es\/wp-json\/wp\/v2\/users\/10"}],"replies":[{"embeddable":true,"href":"https:\/\/www.iaff.org\/es\/wp-json\/wp\/v2\/comments?post=96032"}],"version-history":[{"count":0,"href":"https:\/\/www.iaff.org\/es\/wp-json\/wp\/v2\/pages\/96032\/revisions"}],"up":[{"embeddable":true,"href":"https:\/\/www.iaff.org\/es\/wp-json\/wp\/v2\/pages\/95409"}],"wp:featuredmedia":[{"embeddable":true,"href":"https:\/\/www.iaff.org\/es\/wp-json\/wp\/v2\/media\/95412"}],"wp:attachment":[{"href":"https:\/\/www.iaff.org\/es\/wp-json\/wp\/v2\/media?parent=96032"}],"curies":[{"name":"wp","href":"https:\/\/api.w.org\/{rel}","templated":true}]}}