{"id":95942,"date":"2019-04-07T14:52:24","date_gmt":"2019-04-07T18:52:24","guid":{"rendered":"https:\/\/www.iaff.org\/iniciativa-de-salud-presuntiva\/ley-de-discapacidad-presuntiva-en-kentucky\/"},"modified":"2025-08-04T12:12:24","modified_gmt":"2025-08-04T16:12:24","slug":"ley-de-discapacidad-presuntiva-en-kentucky","status":"publish","type":"page","link":"https:\/\/www.iaff.org\/es\/iniciativa-de-salud-presuntiva\/ley-de-discapacidad-presuntiva-en-kentucky\/","title":{"rendered":"Ley de discapacidad presuntiva en Kentucky"},"content":{"rendered":"<section\n\t class=\"secondary-hero align wp-block-acf-secondary-hero\" id=\"secondary-hero_block_902d0b698db12de79071539795e6f015\">\n\t\n<header\n\tclass=\"w-full u-bg-full-width px-[22px] md:ps-bleed md:pe-0 py-[60px] bg-blue text-white u-has-rivets\"\n\tdata-theme=\"navy\"\n>\n\t<div class=\"flex flex-col !px-0 !max-w-[1440px] w-full lg:!ps-indent\">\n\t\t<div class=\"border-t-[6px] w-full my-0 flex flex-col md:flex-row gap-x-[62px] gap-y-[22px] border-gold\">\n\t\t\t\t\t\t<div class=\"w-full md:w-1\/2 md:py-[45px]\">\n\t\t\t\t<div class=\"max-w-[600px] flex flex-col gap-[22px]\">\n\t\t\t\t\t\t\t\t\t\t\t<h1 class=\"has-[.u-halftone-shadow--dark]:mb-divider has-[.u-halftone-shadow--light]:mb-divider pt-[22px] md:pt-0\">\n\t\t\t\t\t\t\t<span class=\"inline-flex text-heading-200 u-halftone-shadow--light\">\n\t\t\t\t\t\t\t\tLey de discapacidad presuntiva en Kentucky\t\t\t\t\t\t\t<\/span>\n\t\t\t\t\t\t<\/h1>\n\t\t\t\t\t\t\t\t\t\t\t\t\t\t\t\t\t\t\t\t\t\t\t\t\t\t\t\t\t<\/div>\n\t\t\t<\/div>\n\n\t\t<\/div>\n\t\t\t\t\t<div class=\"order-first flex justify-start w-full pb-[22px]\">\n\t\t\t\t<div\n\tclass=\"wp-block-button is-style-tertiary text-white is-style-tertiary-back\"\n>\n\t\t\t<a\n\t\t\thref=\"https:\/\/www.iaff.org\/es\/iniciativa-de-salud-presuntiva\/\"\n\t\t\tclass=\"wp-block-button__link wp-element-button group\"\n\t\t\t\t\t>\n\t\t\t<span\n\t\t\tclass=\"decoration-transparent underline underline-offset-2 group-hover:decoration-inherit group-focus-visible:decoration-inherit transition duration-hover\"\n\t\t>\n\t\t\tIniciativa de Salud Presuntiva\t\t<\/span>\n\n\t\t<span\n\t\t\tclass=\"bg-inherit transition-colors duration-hover group-hover:bg-gold group-focus:bg-gold inline-flex rotate-180 order-first\"\n\t\t>\n\t\t\t<svg xmlns=\"http:\/\/www.w3.org\/2000\/svg\" width=\"21\" height=\"22\" fill=\"none\" viewBox=\"0 0 21 22\"><path stroke=\"currentColor\" stroke-linecap=\"round\" stroke-width=\"2\" d=\"M20 20.75L20 2.25L1.5 2.25L1.5 20.75L20 20.75Z\" clip-rule=\"evenodd\"\/><path stroke=\"currentColor\" stroke-linecap=\"square\" stroke-width=\"2\" d=\"M14.0883 11.5L6.66406 11.5\"\/><path stroke=\"currentColor\" stroke-linecap=\"square\" stroke-width=\"2\" d=\"M11.0723 7.75205L14.8363 11.5L11.0723 15.248\"\/><\/svg>\t\t<\/span>\n\t<\/a><\/div>\n\t\t\t<\/div>\n\t\t\t<\/div>\n<\/header>\n<\/section>\n<div class=\"wp-block-paragraph \">\n<p><strong>PARTE DEL C\u00d3DIGO:<\/strong><br\/>Estatutos Revisados de Kentucky<br\/>Cap\u00edtulo 61 \u2013 Disposiciones Generales<br\/>.316 \u2013 .315 Beneficios pagaderos por fallecimiento de ciertos oficiales de paz, bomberos, oficiales correccionales, carceleros, miembros de la Guardia Nacional estatal o componente de la Reserva, y personal de servicios m\u00e9dicos de emergencia<\/p>\n<\/div><div class=\"wp-block-paragraph \">\n<p><a href=\"https:\/\/legislature.ky.gov\/Pages\/index.aspx\" target=\"_blank\" rel=\"noreferrer noopener\">Sitio web legislativo de Kentucky<\/a><\/p>\n<\/div><div class=\"wp-block-list\">\n<ol start=\"1\" class=\"wp-block-list\">\n<li>\u00a0<div class=\"wp-block-list\">\n<ol start=\"1\" class=\"wp-block-list\">\n<li>A los efectos de esta secci\u00f3n, si un bombero fallece como consecuencia de un c\u00e1ncer, la muerte ser\u00e1 resultado directo de un acto en el cumplimiento del deber si el bombero: <div class=\"wp-block-list\">\n<ol start=\"1\" class=\"wp-block-list\">\n<li>Fue bombero durante al menos cinco (5) a\u00f1os consecutivos; <\/li>\n\n\n\n<li>Desarroll\u00f3 uno (1) o m\u00e1s de los c\u00e1nceres enumerados en el p\u00e1rrafo (b) de esta subsecci\u00f3n que causaron la muerte del bombero dentro de los diez (10) a\u00f1os posteriores a la separaci\u00f3n del servicio como bombero; <\/li>\n\n\n\n<li>No consumi\u00f3 productos de tabaco durante un per\u00edodo de diez (10) a\u00f1os antes del diagn\u00f3stico de c\u00e1ncer; <\/li>\n\n\n\n<li>Ten\u00eda menos de sesenta y cinco (65) a\u00f1os en el momento de la muerte; <\/li>\n\n\n\n<li>No fue diagnosticado con ning\u00fan c\u00e1ncer antes de ser empleado como bombero; y <\/li>\n\n\n\n<li>Estuvo expuesto, en el curso de la extinci\u00f3n de incendios, a un carcin\u00f3geno conocido seg\u00fan la definici\u00f3n de la Agencia Internacional para la Investigaci\u00f3n del C\u00e1ncer o el Programa Nacional de Toxicolog\u00eda, y el carcin\u00f3geno est\u00e1 razonablemente asociado con uno (1) o m\u00e1s de los c\u00e1nceres enumerados en el p\u00e1rrafo (b) de esta subsecci\u00f3n. <\/li>\n<\/ol>\n<\/div><\/li>\n\n\n\n<li>Esta secci\u00f3n se aplicar\u00e1 a los siguientes c\u00e1nceres: <div class=\"wp-block-list\">\n<ol start=\"1\" class=\"wp-block-list\">\n<li>C\u00e1ncer de vejiga; <\/li>\n\n\n\n<li>C\u00e1ncer cerebral; <\/li>\n\n\n\n<li>C\u00e1ncer de colon; <\/li>\n\n\n\n<li>Linfoma no Hodgkin; <\/li>\n\n\n\n<li>C\u00e1ncer de ri\u00f1\u00f3n; <\/li>\n\n\n\n<li>C\u00e1ncer de h\u00edgado; <\/li>\n\n\n\n<li>C\u00e1ncer linf\u00e1tico o hematopoy\u00e9tico; <\/li>\n\n\n\n<li>C\u00e1ncer de pr\u00f3stata; <\/li>\n\n\n\n<li>C\u00e1ncer testicular; <\/li>\n\n\n\n<li>C\u00e1ncer de piel; <\/li>\n\n\n\n<li>C\u00e1ncer de cuello uterino; y <\/li>\n\n\n\n<li>C\u00e1ncer de mama. <\/li>\n<\/ol>\n<\/div><\/li>\n\n\n\n<li>\u00a0<div class=\"wp-block-list\">\n<ol start=\"1\" class=\"wp-block-list\">\n<li>Las disposiciones de esta subsecci\u00f3n que crean un derecho a las prestaciones por fallecimiento en acto de servicio se aplicar\u00e1n exclusivamente a esta secci\u00f3n y no se interpretar\u00e1n ni se entender\u00e1n de otro modo para crear una presunci\u00f3n expresa o impl\u00edcita de relaci\u00f3n con el trabajo para cualquier tipo de reclamaci\u00f3n presentada de conformidad con el Cap\u00edtulo 342 de KRS. <\/li>\n\n\n\n<li>El prop\u00f3sito de este p\u00e1rrafo es proporcionar una aclaraci\u00f3n con respecto a la aplicaci\u00f3n \u00fanica y exclusiva de esta subsecci\u00f3n \u00fanicamente a los beneficios disponibles <br\/>en virtud de esta secci\u00f3n y no se utilizar\u00e1 como una barrera u otro tipo de limitaci\u00f3n para menoscabar o alterar los derechos y la capacidad de un reclamante para probar la relaci\u00f3n con el trabajo en virtud del Cap\u00edtulo 342 de KRS u otras leyes. <\/li>\n<\/ol>\n<\/div><\/li>\n<\/ol>\n<\/div><\/li>\n<\/ol>\n<\/div><div class=\"wp-block-paragraph \">\n<p>Vigencia: 15 de julio de 2016 <\/p>\n<\/div><div class=\"wp-block-paragraph \">\n<p><strong>Secci\u00f3n 1. KRS 210.365 se modifica para que diga lo siguiente <\/strong><\/p>\n<\/div><div class=\"wp-block-paragraph \">\n<p>4 (a) Una lesi\u00f3n por estr\u00e9s postraum\u00e1tico que surge \u00fanicamente de una acci\u00f3n leg\u00edtima del personal, como el traslado, la promoci\u00f3n o la rescisi\u00f3n, no se considerar\u00e1 una lesi\u00f3n indemnizable. <\/p>\n<\/div><div class=\"wp-block-paragraph \">\n<p>(b) La lesi\u00f3n por estr\u00e9s postraum\u00e1tico y el trastorno por estr\u00e9s postraum\u00e1tico se definir\u00e1n tal como se establece en el Manual Diagn\u00f3stico y Estad\u00edstico de los Trastornos Mentales de la Asociaci\u00f3n Estadounidense de Psiquiatr\u00eda. <\/p>\n<\/div><div class=\"wp-block-paragraph \">\n<p>(c) El bombero deber\u00e1 ser diagnosticado, por un psiquiatra, psic\u00f3logo o consejero profesional acreditado seg\u00fan las disposiciones de KRS 335.500 a 335.599, con una lesi\u00f3n por estr\u00e9s postraum\u00e1tico o un trastorno por estr\u00e9s postraum\u00e1tico que haya sido causado por un evento o una acumulaci\u00f3n de eventos que hayan ocurrido en el curso y el alcance de su empleo como bombero de carrera o voluntario a tiempo completo, independientemente de si existe o no una lesi\u00f3n f\u00edsica inicial. <\/p>\n<\/div><div class=\"wp-block-paragraph \">\n<p>(d) Una vez diagnosticado, si un bombero busca tratamiento de salud mental, despu\u00e9s de que se haya utilizado el seguro de salud dentro de la red, \u00e9l o ella puede presentar los recibos correspondientes de las facturas m\u00e9dicas pagadas por el bombero a la comisi\u00f3n para el reembolso al bombero de los gastos de bolsillo incurridos con los fondos asignados espec\u00edficamente en el presupuesto de la comisi\u00f3n para el tratamiento de salud mental del bombero. El bombero pagar\u00e1 su parte de los gastos de bolsillo para el tratamiento de salud mental antes de presentar la solicitud de reembolso.  <\/p>\n<\/div><div class=\"wp-block-paragraph \">\n<p>(e) Desde el momento en que un bombero busca tratamiento de salud mental, habr\u00e1 un l\u00edmite m\u00e1ximo de doce (12) meses para el beneficio descrito en el p\u00e1rrafo 13 (d) de esta subsecci\u00f3n.  <\/p>\n<\/div>","protected":false},"excerpt":{"rendered":"<p>PARTE DEL C\u00d3DIGO:Estatutos Revisados de KentuckyCap\u00edtulo 61 \u2013 Disposiciones Generales.316 \u2013 .315 Beneficios pagaderos por fallecimiento de ciertos oficiales de paz, bomberos, oficiales correccionales, carceleros, miembros de la Guardia Nacional [&hellip;]<\/p>\n","protected":false},"featured_media":0,"parent":93088,"menu_order":0,"comment_status":"closed","ping_status":"closed","template":"","meta":{"_acf_changed":false,"_searchwp_excluded":"","inline_featured_image":false,"_EventAllDay":false,"_EventTimezone":"","_EventStartDate":"","_EventEndDate":"","_EventStartDateUTC":"","_EventEndDateUTC":"","_EventShowMap":false,"_EventShowMapLink":false,"_EventURL":"","_EventCost":"","_EventCostDescription":"","_EventCurrencySymbol":"","_EventCurrencyCode":"","_EventCurrencyPosition":"","_EventDateTimeSeparator":"","_EventTimeRangeSeparator":"","_EventOrganizerID":[],"_EventVenueID":[],"_OrganizerEmail":"","_OrganizerPhone":"","_OrganizerWebsite":"","_VenueAddress":"","_VenueCity":"","_VenueCountry":"","_VenueProvince":"","_VenueState":"","_VenueZip":"","_VenuePhone":"","_VenueURL":"","_VenueStateProvince":"","_VenueLat":"","_VenueLng":"","_VenueShowMap":false,"_VenueShowMapLink":false,"footnotes":""},"class_list":["post-95942","page","type-page","status-publish","hentry"],"acf":[],"publishpress_future_workflow_manual_trigger":{"enabledWorkflows":[]},"_links":{"self":[{"href":"https:\/\/www.iaff.org\/es\/wp-json\/wp\/v2\/pages\/95942","targetHints":{"allow":["GET"]}}],"collection":[{"href":"https:\/\/www.iaff.org\/es\/wp-json\/wp\/v2\/pages"}],"about":[{"href":"https:\/\/www.iaff.org\/es\/wp-json\/wp\/v2\/types\/page"}],"author":[{"embeddable":true,"href":"https:\/\/www.iaff.org\/es\/wp-json\/wp\/v2\/users\/1"}],"replies":[{"embeddable":true,"href":"https:\/\/www.iaff.org\/es\/wp-json\/wp\/v2\/comments?post=95942"}],"version-history":[{"count":0,"href":"https:\/\/www.iaff.org\/es\/wp-json\/wp\/v2\/pages\/95942\/revisions"}],"up":[{"embeddable":true,"href":"https:\/\/www.iaff.org\/es\/wp-json\/wp\/v2\/pages\/93088"}],"wp:attachment":[{"href":"https:\/\/www.iaff.org\/es\/wp-json\/wp\/v2\/media?parent=95942"}],"curies":[{"name":"wp","href":"https:\/\/api.w.org\/{rel}","templated":true}]}}