{"id":95907,"date":"2019-04-12T19:55:34","date_gmt":"2019-04-12T23:55:34","guid":{"rendered":"https:\/\/www.iaff.org\/iniciativa-de-salud-presuntiva\/ley-de-discapacidad-presuntiva-en-la-isla-del-principe-eduardo\/"},"modified":"2025-06-20T14:38:37","modified_gmt":"2025-06-20T18:38:37","slug":"ley-de-discapacidad-presuntiva-en-la-isla-del-principe-eduardo","status":"publish","type":"page","link":"https:\/\/www.iaff.org\/es\/iniciativa-de-salud-presuntiva\/ley-de-discapacidad-presuntiva-en-la-isla-del-principe-eduardo\/","title":{"rendered":"Ley de discapacidad presuntiva en la Isla del Pr\u00edncipe Eduardo"},"content":{"rendered":"<section\n\t class=\"secondary-hero align wp-block-acf-secondary-hero\" id=\"secondary-hero_block_f42f808b2be86b7253a81cea28cd793f\">\n\t\n<header\n\tclass=\"w-full u-bg-full-width px-[22px] md:ps-bleed md:pe-0 py-[60px] bg-blue text-white u-has-rivets\"\n\tdata-theme=\"navy\"\n>\n\t<div class=\"flex flex-col !px-0 !max-w-[1440px] w-full lg:!ps-indent\">\n\t\t<div class=\"border-t-[6px] w-full my-0 flex flex-col md:flex-row gap-x-[62px] gap-y-[22px] border-gold\">\n\t\t\t\t\t\t<div class=\"w-full md:w-1\/2 md:py-[45px]\">\n\t\t\t\t<div class=\"max-w-[600px] flex flex-col gap-[22px]\">\n\t\t\t\t\t\t\t\t\t\t\t<h1 class=\"has-[.u-halftone-shadow--dark]:mb-divider has-[.u-halftone-shadow--light]:mb-divider pt-[22px] md:pt-0\">\n\t\t\t\t\t\t\t<span class=\"inline-flex text-heading-200 u-halftone-shadow--light\">\n\t\t\t\t\t\t\t\tLey de discapacidad presuntiva en la Isla del Pr\u00edncipe Eduardo\t\t\t\t\t\t\t<\/span>\n\t\t\t\t\t\t<\/h1>\n\t\t\t\t\t\t\t\t\t\t\t\t\t\t\t\t\t\t\t\t\t\t\t\t\t\t\t\t\t<\/div>\n\t\t\t<\/div>\n\n\t\t<\/div>\n\t\t\t\t\t<div class=\"order-first flex justify-start w-full pb-[22px]\">\n\t\t\t\t<div\n\tclass=\"wp-block-button is-style-tertiary text-white is-style-tertiary-back\"\n>\n\t\t\t<a\n\t\t\thref=\"https:\/\/www.iaff.org\/es\/iniciativa-de-salud-presuntiva\/\"\n\t\t\tclass=\"wp-block-button__link wp-element-button group\"\n\t\t\t\t\t>\n\t\t\t<span\n\t\t\tclass=\"decoration-transparent underline underline-offset-2 group-hover:decoration-inherit group-focus-visible:decoration-inherit transition duration-hover\"\n\t\t>\n\t\t\tIniciativa de Salud Presuntiva\t\t<\/span>\n\n\t\t<span\n\t\t\tclass=\"bg-inherit transition-colors duration-hover group-hover:bg-gold group-focus:bg-gold inline-flex rotate-180 order-first\"\n\t\t>\n\t\t\t<svg xmlns=\"http:\/\/www.w3.org\/2000\/svg\" width=\"21\" height=\"22\" fill=\"none\" viewBox=\"0 0 21 22\"><path stroke=\"currentColor\" stroke-linecap=\"round\" stroke-width=\"2\" d=\"M20 20.75L20 2.25L1.5 2.25L1.5 20.75L20 20.75Z\" clip-rule=\"evenodd\"\/><path stroke=\"currentColor\" stroke-linecap=\"square\" stroke-width=\"2\" d=\"M14.0883 11.5L6.66406 11.5\"\/><path stroke=\"currentColor\" stroke-linecap=\"square\" stroke-width=\"2\" d=\"M11.0723 7.75205L14.8363 11.5L11.0723 15.248\"\/><\/svg>\t\t<\/span>\n\t<\/a><\/div>\n\t\t\t<\/div>\n\t\t\t<\/div>\n<\/header>\n<\/section>\n<p><strong>PARTE DEL C\u00d3DIGO:<\/strong><\/p>\n<p>Ley de Compensaci\u00f3n de Trabajadores<br \/>Presunci\u00f3n, lesi\u00f3n card\u00edaca a inspector de incendios o bombero<br \/>84.1 Enfermedad ocupacional, inspector de incendios o bombero<\/p>\n<p><a href=\"https:\/\/www.princeedwardisland.ca\/en\/legislation\/all\/all\/a\" target=\"_blank\" rel=\"noopener\">Sitio web legislativo de la Isla del Pr\u00edncipe Eduardo<\/a><\/p>\n<p><strong>DESCRIPCI\u00d3N:<\/strong><\/p>\n<p>(m.2) \u201cinspector de incendios\u201d significa un inspector seg\u00fan se define en la Ley de Prevenci\u00f3n de Incendios R.S.P.E.I. 1988, Cap. F-11; (m.3) \u00abbombero\u00bb significa un miembro a tiempo completo, parcial, casual o voluntario de un departamento o brigada de bomberos; <\/p>\n<p>Presunci\u00f3n, lesi\u00f3n card\u00edaca a inspector de incendios o bombero<\/p>\n<p>(4.5) Cuando un trabajador que es inspector de incendios o bombero sufre un ataque card\u00edaco, paro card\u00edaco o arritmia card\u00edaca dentro de las 24 horas posteriores a responder a una llamada de emergencia o despacho, se presume que se ha causado una lesi\u00f3n personal por accidente que surge de y en el curso del empleo al trabajador, a menos que se demuestre lo contrario.<\/p>\n<p>84.1 Enfermedad ocupacional, inspector de incendios o bombero<\/p>\n<p>(1) A los efectos del art\u00edculo 84, cuando un trabajador que es o ha sido inspector de incendios o bombero padece una enfermedad prescrita, se presume que el trabajador padece una enfermedad ocupacional debido a la naturaleza del empleo del trabajador, que se presumir\u00e1 que es la causa dominante de la enfermedad ocupacional, si el trabajador (a) ha sido o fue empleado como inspector de incendios o bombero durante un per\u00edodo m\u00ednimo prescrito de tiempo antes de la fecha del accidente mencionada en la subsecci\u00f3n 84(1.1); (b) estuvo expuesto a los peligros de un incendio, que no sea un incendio forestal o incendio silvestre, en el curso de su empleo como inspector de incendios o bombero; y (c) cumple con cualquier otro requisito prescrito.<br \/>(2) El Teniente Gobernador en Consejo puede hacer regulaciones (a) prescribiendo enfermedades para el prop\u00f3sito de la subsecci\u00f3n (1); (b) prescribiendo per\u00edodos m\u00ednimos de empleo para el prop\u00f3sito de la cl\u00e1usula (1)(a), que pueden ser espec\u00edficos para una enfermedad prescrita particular; (c) prescribiendo requisitos adicionales para el prop\u00f3sito de la cl\u00e1usula (1)(c), que pueden ser espec\u00edficos para una enfermedad prescrita particular. 2018,c.64,s.9.   <\/p>\n<p>9.1 Enfermedades ocupacionales, inspector de incendios o bombero<br \/>(1) Las enfermedades y los per\u00edodos m\u00ednimos de empleo correspondientes establecidos en la siguiente tabla se prescriben para los prop\u00f3sitos de la subsecci\u00f3n 84.1(1) de la Ley:<\/p>\n<p>Enfermedad Per\u00edodo M\u00ednimo de Empleo<br \/>C\u00e1ncer cerebral primario 10 a\u00f1os<br \/>C\u00e1ncer de vejiga primario 15 a\u00f1os<br \/>C\u00e1ncer colorrectal primario 15 a\u00f1os<br \/>C\u00e1ncer de es\u00f3fago primario 25 a\u00f1os<br \/>Leucemia primaria 5 a\u00f1os<br \/>C\u00e1ncer de pulm\u00f3n primario 15 a\u00f1os<br \/>C\u00e1ncer de ri\u00f1\u00f3n primario 20 a\u00f1os<br \/>Linfoma no Hodgkin primario 20 a\u00f1os<br \/>C\u00e1ncer testicular primario 10 a\u00f1os<br \/>C\u00e1ncer de ur\u00e9ter primario 15 a\u00f1os<br \/>C\u00e1ncer de mama primario 10 a\u00f1os<br \/>Mieloma m\u00faltiple 15 a\u00f1os<br \/>C\u00e1ncer de pr\u00f3stata primario 15 a\u00f1os<br \/>C\u00e1ncer de piel primario 15 a\u00f1os<\/p>\n<p>C\u00e1ncer de pulm\u00f3n primario, requisito adicional<br \/>(2) La presunci\u00f3n en la subsecci\u00f3n 84.1(1) de la Ley no se aplica a un inspector de incendios o bombero con respecto al c\u00e1ncer de pulm\u00f3n primario a menos que el trabajador no haya fumado un producto de tabaco en los diez a\u00f1os anteriores a la fecha del accidente mencionada en la subsecci\u00f3n 84(1.1) de la Ley. (EC794\/18) <\/p>\n<p>Presunci\u00f3n, trastornos relacionados con trauma y estr\u00e9s<\/p>\n<p>(4.1) Sujeto a la subsecci\u00f3n (4.2), se presumir\u00e1 que se ha causado una lesi\u00f3n personal por accidente que surge de y en el curso del empleo a un trabajador, a menos que se demuestre lo contrario, cuando el trabajador<\/p>\n<p>(a) est\u00e9 expuesto en el curso del empleo a un evento o eventos traum\u00e1ticos de un tipo especificado en el DSM como desencadenante de trastornos relacionados con trauma y estr\u00e9s, incluyendo el trastorno de estr\u00e9s postraum\u00e1tico; y<\/p>\n<p>(b) sea diagnosticado con trastornos relacionados con trauma y estr\u00e9s, incluyendo el trastorno de estr\u00e9s postraum\u00e1tico, de acuerdo con el DSM por un psiquiatra o psic\u00f3logo.<\/p>\n","protected":false},"excerpt":{"rendered":"<p>PARTE DEL C\u00d3DIGO: Ley de Compensaci\u00f3n de TrabajadoresPresunci\u00f3n, lesi\u00f3n card\u00edaca a inspector de incendios o bombero84.1 Enfermedad ocupacional, inspector de incendios o bombero Sitio web legislativo de la Isla del [&hellip;]<\/p>\n","protected":false},"featured_media":0,"parent":93088,"menu_order":0,"comment_status":"closed","ping_status":"closed","template":"","meta":{"_acf_changed":false,"_searchwp_excluded":"","inline_featured_image":false,"_EventAllDay":false,"_EventTimezone":"","_EventStartDate":"","_EventEndDate":"","_EventStartDateUTC":"","_EventEndDateUTC":"","_EventShowMap":false,"_EventShowMapLink":false,"_EventURL":"","_EventCost":"","_EventCostDescription":"","_EventCurrencySymbol":"","_EventCurrencyCode":"","_EventCurrencyPosition":"","_EventDateTimeSeparator":"","_EventTimeRangeSeparator":"","_EventOrganizerID":[],"_EventVenueID":[],"_OrganizerEmail":"","_OrganizerPhone":"","_OrganizerWebsite":"","_VenueAddress":"","_VenueCity":"","_VenueCountry":"","_VenueProvince":"","_VenueState":"","_VenueZip":"","_VenuePhone":"","_VenueURL":"","_VenueStateProvince":"","_VenueLat":"","_VenueLng":"","_VenueShowMap":false,"_VenueShowMapLink":false,"footnotes":""},"class_list":["post-95907","page","type-page","status-publish","hentry"],"acf":[],"publishpress_future_workflow_manual_trigger":{"enabledWorkflows":[]},"_links":{"self":[{"href":"https:\/\/www.iaff.org\/es\/wp-json\/wp\/v2\/pages\/95907","targetHints":{"allow":["GET"]}}],"collection":[{"href":"https:\/\/www.iaff.org\/es\/wp-json\/wp\/v2\/pages"}],"about":[{"href":"https:\/\/www.iaff.org\/es\/wp-json\/wp\/v2\/types\/page"}],"author":[{"embeddable":true,"href":"https:\/\/www.iaff.org\/es\/wp-json\/wp\/v2\/users\/1"}],"replies":[{"embeddable":true,"href":"https:\/\/www.iaff.org\/es\/wp-json\/wp\/v2\/comments?post=95907"}],"version-history":[{"count":0,"href":"https:\/\/www.iaff.org\/es\/wp-json\/wp\/v2\/pages\/95907\/revisions"}],"up":[{"embeddable":true,"href":"https:\/\/www.iaff.org\/es\/wp-json\/wp\/v2\/pages\/93088"}],"wp:attachment":[{"href":"https:\/\/www.iaff.org\/es\/wp-json\/wp\/v2\/media?parent=95907"}],"curies":[{"name":"wp","href":"https:\/\/api.w.org\/{rel}","templated":true}]}}