{"id":95675,"date":"2019-04-07T15:02:14","date_gmt":"2019-04-07T19:02:14","guid":{"rendered":"https:\/\/www.iaff.org\/iniciativa-de-salud-presuntiva\/ley-de-discapacidad-presuntiva-en-nuevo-mexico\/"},"modified":"2025-06-18T14:54:47","modified_gmt":"2025-06-18T18:54:47","slug":"ley-de-discapacidad-presuntiva-en-nuevo-mexico","status":"publish","type":"page","link":"https:\/\/www.iaff.org\/es\/iniciativa-de-salud-presuntiva\/ley-de-discapacidad-presuntiva-en-nuevo-mexico\/","title":{"rendered":"Ley de discapacidad presuntiva en Nuevo M\u00e9xico"},"content":{"rendered":"<section\n\t class=\"secondary-hero align wp-block-acf-secondary-hero\" id=\"secondary-hero_block_6d2a928eb783c8a8764e1e66ff4a8a3d\">\n\t\n<header\n\tclass=\"w-full u-bg-full-width px-[22px] md:ps-bleed md:pe-0 py-[60px] bg-blue text-white u-has-rivets\"\n\tdata-theme=\"navy\"\n>\n\t<div class=\"flex flex-col !px-0 !max-w-[1440px] w-full lg:!ps-indent\">\n\t\t<div class=\"border-t-[6px] w-full my-0 flex flex-col md:flex-row gap-x-[62px] gap-y-[22px] border-gold\">\n\t\t\t\t\t\t<div class=\"w-full md:w-1\/2 md:py-[45px]\">\n\t\t\t\t<div class=\"max-w-[600px] flex flex-col gap-[22px]\">\n\t\t\t\t\t\t\t\t\t\t\t<h1 class=\"has-[.u-halftone-shadow--dark]:mb-divider has-[.u-halftone-shadow--light]:mb-divider pt-[22px] md:pt-0\">\n\t\t\t\t\t\t\t<span class=\"inline-flex text-heading-200 u-halftone-shadow--light\">\n\t\t\t\t\t\t\t\tLey de discapacidad presuntiva en Nuevo M\u00e9xico\t\t\t\t\t\t\t<\/span>\n\t\t\t\t\t\t<\/h1>\n\t\t\t\t\t\t\t\t\t\t\t\t\t\t\t\t\t\t\t\t\t\t\t\t\t\t\t\t\t<\/div>\n\t\t\t<\/div>\n\n\t\t<\/div>\n\t\t\t\t\t<div class=\"order-first flex justify-start w-full pb-[22px]\">\n\t\t\t\t<div\n\tclass=\"wp-block-button is-style-tertiary text-white is-style-tertiary-back\"\n>\n\t\t\t<a\n\t\t\thref=\"https:\/\/www.iaff.org\/es\/iniciativa-de-salud-presuntiva\/\"\n\t\t\tclass=\"wp-block-button__link wp-element-button group\"\n\t\t\t\t\t>\n\t\t\t<span\n\t\t\tclass=\"decoration-transparent underline underline-offset-2 group-hover:decoration-inherit group-focus-visible:decoration-inherit transition duration-hover\"\n\t\t>\n\t\t\tIniciativa de Salud Presuntiva\t\t<\/span>\n\n\t\t<span\n\t\t\tclass=\"bg-inherit transition-colors duration-hover group-hover:bg-gold group-focus:bg-gold inline-flex rotate-180 order-first\"\n\t\t>\n\t\t\t<svg xmlns=\"http:\/\/www.w3.org\/2000\/svg\" width=\"21\" height=\"22\" fill=\"none\" viewBox=\"0 0 21 22\"><path stroke=\"currentColor\" stroke-linecap=\"round\" stroke-width=\"2\" d=\"M20 20.75L20 2.25L1.5 2.25L1.5 20.75L20 20.75Z\" clip-rule=\"evenodd\"\/><path stroke=\"currentColor\" stroke-linecap=\"square\" stroke-width=\"2\" d=\"M14.0883 11.5L6.66406 11.5\"\/><path stroke=\"currentColor\" stroke-linecap=\"square\" stroke-width=\"2\" d=\"M11.0723 7.75205L14.8363 11.5L11.0723 15.248\"\/><\/svg>\t\t<\/span>\n\t<\/a><\/div>\n\t\t\t<\/div>\n\t\t\t<\/div>\n<\/header>\n<\/section>\n<div class=\"wp-block-paragraph \">\n<p><strong>PARTE DEL C\u00d3DIGO:<\/strong><br\/>Estatutos de Nuevo M\u00e9xico<br\/>Cap\u00edtulo 52 Compensaci\u00f3n de Trabajadores<br\/>Art\u00edculo 3 Incapacidad por Enfermedad Ocupacional<\/p>\n<\/div><div class=\"wp-block-paragraph \">\n<p>SECCI\u00d3N 1. Secci\u00f3n 52-3-32.1 NMSA 1978 (siendo leyes 2009, cap\u00edtulo 252, secci\u00f3n 1)  <\/p>\n<\/div><div class=\"wp-block-paragraph \">\n<p><a href=\"https:\/\/www.nmlegis.gov\/lcs\/\" target=\"_blank\" rel=\"noopener\">Sitio web legislativo de Nuevo M\u00e9xico<\/a><\/p>\n<\/div><div class=\"wp-block-paragraph \">\n<p>52-3-32.1. CONDICIONES OCUPACIONALES DE BOMBEROS.<\/p>\n<\/div><div class=\"wp-block-paragraph \">\n<p>A. Seg\u00fan se utiliza en esta secci\u00f3n, \u201cbombero\u201d significa una persona que est\u00e1 empleada como bombero de tiempo completo no voluntario por el estado o una entidad gubernamental local y que ha prestado el juramento prescrito para bomberos. <\/p>\n<\/div><div class=\"wp-block-paragraph \">\n<p>B. Si a un bombero se le diagnostica una o m\u00e1s de las siguientes condiciones despu\u00e9s del per\u00edodo de empleo indicado, y la condici\u00f3n no se revel\u00f3 durante un examen m\u00e9dico inicial de empleo o durante una revisi\u00f3n m\u00e9dica subsiguiente de conformidad con la Ley de Salud y Seguridad Ocupacional y las reglas promulgadas en virtud de esa ley, <\/p>\n<\/div><div class=\"wp-block-paragraph \">\n<p>se presume que la condici\u00f3n es causada pr\u00f3ximamente por el empleo como bombero: <\/p>\n<\/div><div class=\"wp-block-paragraph \">\n<p>(1) c\u00e1ncer cerebral despu\u00e9s de diez a\u00f1os; <\/p>\n<\/div><div class=\"wp-block-paragraph \">\n<p>(2) c\u00e1ncer de vejiga despu\u00e9s de doce a\u00f1os; <\/p>\n<\/div><div class=\"wp-block-paragraph \">\n<p>(3) c\u00e1ncer de ri\u00f1\u00f3n despu\u00e9s de quince a\u00f1os; <\/p>\n<\/div><div class=\"wp-block-paragraph \">\n<p>(4) c\u00e1ncer colorrectal despu\u00e9s de diez a\u00f1os; <\/p>\n<\/div><div class=\"wp-block-paragraph \">\n<p>(5) linfoma no Hodgkin despu\u00e9s de quince a\u00f1os; <\/p>\n<\/div><div class=\"wp-block-paragraph \">\n<p>(6) leucemia despu\u00e9s de cinco a\u00f1os; <\/p>\n<\/div><div class=\"wp-block-paragraph \">\n<p>(7) c\u00e1ncer de ur\u00e9ter despu\u00e9s de doce a\u00f1os; <\/p>\n<\/div><div class=\"wp-block-paragraph \">\n<p>(8) c\u00e1ncer testicular despu\u00e9s de cinco a\u00f1os si se diagnostica antes de los cuarenta a\u00f1os sin evidencia de uso de esteroides anab\u00f3licos u hormona del crecimiento humano; <\/p>\n<\/div><div class=\"wp-block-paragraph \">\n<p>(9) c\u00e1ncer de mama despu\u00e9s de cinco a\u00f1os si se diagnostica antes de los cuarenta a\u00f1os sin predisposici\u00f3n gen\u00e9tica al c\u00e1ncer de mama o c\u00e1ncer de mama 2; <\/p>\n<\/div><div class=\"wp-block-paragraph \">\n<p>(10) c\u00e1ncer de es\u00f3fago despu\u00e9s de diez a\u00f1os; <\/p>\n<\/div><div class=\"wp-block-paragraph \">\n<p>(11) mieloma m\u00faltiple despu\u00e9s de quince a\u00f1os; <\/p>\n<\/div><div class=\"wp-block-paragraph \">\n<p>(12) hepatitis, tuberculosis, difteria, enfermedad meningoc\u00f3cica y Staphylococcus aureus resistente a la meticilina que aparezcan y se diagnostiquen despu\u00e9s del ingreso al empleo; o <\/p>\n<\/div><div class=\"wp-block-paragraph \">\n<p>(13) trastorno de estr\u00e9s postraum\u00e1tico diagnosticado por un m\u00e9dico o psic\u00f3logo que resulte en deterioro f\u00edsico, deterioro mental primario o secundario o muerte. <\/p>\n<\/div><div class=\"wp-block-paragraph \">\n<p>C. Las presunciones creadas en las Subsecciones B y D de esta secci\u00f3n pueden ser refutadas por una preponderancia de evidencia en un tribunal de jurisdicci\u00f3n competente que demuestre que el bombero particip\u00f3 en conductas o actividades fuera del empleo que plantearon un riesgo significativo de contraer o desarrollar una condici\u00f3n descrita. <\/p>\n<\/div><div class=\"wp-block-paragraph \">\n<p>D. Si a un bombero se le diagnostica una lesi\u00f3n card\u00edaca o un derrame cerebral sufrido dentro de las veinticuatro horas de combatir un incendio, mientras responde a una alarma, mientras regresa de una llamada de alarma, mientras participa en entrenamiento f\u00edsico supervisado o mientras responde o act\u00faa en una emergencia no relacionada con incendios, se presume que la lesi\u00f3n card\u00edaca o el derrame cerebral son causados pr\u00f3ximamente por el empleo como bombero. La presunci\u00f3n creada en esta subsecci\u00f3n no se har\u00e1 si el empleador del bombero no tiene un programa de entrenamiento f\u00edsico actual y el bombero no tiene un examen m\u00e9dico de detecci\u00f3n actual o una revisi\u00f3n de conformidad con la Ley de Salud y Seguridad Ocupacional y las reglas promulgadas en virtud de esa ley que permitan la participaci\u00f3n en ese programa.  <\/p>\n<\/div><div class=\"wp-block-paragraph \">\n<p>E. Cuando cualquier presunci\u00f3n creada en esta secci\u00f3n no se aplique, no impedir\u00e1 que un bombero demuestre una conexi\u00f3n causal entre el empleo y la condici\u00f3n o lesi\u00f3n mediante una preponderancia de evidencia en un tribunal de jurisdicci\u00f3n competente. <\/p>\n<\/div><div class=\"wp-block-paragraph \">\n<p>F. El tratamiento m\u00e9dico basado en las presunciones creadas en esta secci\u00f3n ser\u00e1 proporcionado por un empleador como para una condici\u00f3n o lesi\u00f3n relacionada con el trabajo a menos que y hasta que un tribunal de jurisdicci\u00f3n competente determine que la presunci\u00f3n no se aplica. Si el tribunal determina que la presunci\u00f3n no se aplica o que la condici\u00f3n o lesi\u00f3n no est\u00e1 relacionada con el trabajo, el proveedor de seguros de compensaci\u00f3n de trabajadores del empleador ser\u00e1 reembolsado por los costos de atenci\u00f3n m\u00e9dica por el plan de seguro m\u00e9dico o de salud o el beneficio proporcionado para el bombero por el empleador. <\/p>\n<\/div>","protected":false},"excerpt":{"rendered":"<p>PARTE DEL C\u00d3DIGO:Estatutos de Nuevo M\u00e9xicoCap\u00edtulo 52 Compensaci\u00f3n de TrabajadoresArt\u00edculo 3 Incapacidad por Enfermedad Ocupacional SECCI\u00d3N 1. Secci\u00f3n 52-3-32.1 NMSA 1978 (siendo leyes 2009, cap\u00edtulo 252, secci\u00f3n 1) Sitio web [&hellip;]<\/p>\n","protected":false},"featured_media":0,"parent":93088,"menu_order":0,"comment_status":"closed","ping_status":"closed","template":"","meta":{"_acf_changed":false,"_searchwp_excluded":"","inline_featured_image":false,"_EventAllDay":false,"_EventTimezone":"","_EventStartDate":"","_EventEndDate":"","_EventStartDateUTC":"","_EventEndDateUTC":"","_EventShowMap":false,"_EventShowMapLink":false,"_EventURL":"","_EventCost":"","_EventCostDescription":"","_EventCurrencySymbol":"","_EventCurrencyCode":"","_EventCurrencyPosition":"","_EventDateTimeSeparator":"","_EventTimeRangeSeparator":"","_EventOrganizerID":[],"_EventVenueID":[],"_OrganizerEmail":"","_OrganizerPhone":"","_OrganizerWebsite":"","_VenueAddress":"","_VenueCity":"","_VenueCountry":"","_VenueProvince":"","_VenueState":"","_VenueZip":"","_VenuePhone":"","_VenueURL":"","_VenueStateProvince":"","_VenueLat":"","_VenueLng":"","_VenueShowMap":false,"_VenueShowMapLink":false,"footnotes":""},"class_list":["post-95675","page","type-page","status-publish","hentry"],"acf":[],"publishpress_future_workflow_manual_trigger":{"enabledWorkflows":[]},"_links":{"self":[{"href":"https:\/\/www.iaff.org\/es\/wp-json\/wp\/v2\/pages\/95675","targetHints":{"allow":["GET"]}}],"collection":[{"href":"https:\/\/www.iaff.org\/es\/wp-json\/wp\/v2\/pages"}],"about":[{"href":"https:\/\/www.iaff.org\/es\/wp-json\/wp\/v2\/types\/page"}],"author":[{"embeddable":true,"href":"https:\/\/www.iaff.org\/es\/wp-json\/wp\/v2\/users\/1"}],"replies":[{"embeddable":true,"href":"https:\/\/www.iaff.org\/es\/wp-json\/wp\/v2\/comments?post=95675"}],"version-history":[{"count":0,"href":"https:\/\/www.iaff.org\/es\/wp-json\/wp\/v2\/pages\/95675\/revisions"}],"up":[{"embeddable":true,"href":"https:\/\/www.iaff.org\/es\/wp-json\/wp\/v2\/pages\/93088"}],"wp:attachment":[{"href":"https:\/\/www.iaff.org\/es\/wp-json\/wp\/v2\/media?parent=95675"}],"curies":[{"name":"wp","href":"https:\/\/api.w.org\/{rel}","templated":true}]}}