{"id":95409,"date":"2020-10-13T19:05:37","date_gmt":"2020-10-13T23:05:37","guid":{"rendered":"https:\/\/www.iaff.org\/mes-de-concientizacion-sobre-el-cancer-en-bomberos\/"},"modified":"2025-12-15T23:06:39","modified_gmt":"2025-12-16T04:06:39","slug":"mes-de-concientizacion-sobre-el-cancer-en-bomberos","status":"publish","type":"page","link":"https:\/\/www.iaff.org\/es\/mes-de-concientizacion-sobre-el-cancer-en-bomberos\/","title":{"rendered":"Mes de Concientizaci\u00f3n sobre el C\u00e1ncer en Bomberos"},"content":{"rendered":"<section\n\t class=\"secondary-hero align wp-block-acf-secondary-hero\" id=\"secondary-hero_block_bfe4addd00fe19b416d3317ff1bd227e\">\n\t\n<header\n\tclass=\"w-full u-bg-full-width px-[22px] md:ps-bleed md:pe-0 py-[60px] bg-smoke-5 text-black u-has-rivets u-rivets-dark\"\n\tdata-theme=\"gray\"\n>\n\t<div class=\"flex flex-col !px-0 !max-w-[1440px] w-full lg:!ps-indent\">\n\t\t<div class=\"border-t-[6px] w-full my-0 flex flex-col md:flex-row gap-x-[62px] gap-y-[22px] border-red\">\n\t\t\t\t\t\t\t<div class=\"relative grid md:order-last md:w-1\/2 overflow-hidden place-items-center max-h-[500px]\">\n\t\t\t\t\t<img decoding=\"async\" width=\"1200\" height=\"800\" src=\"https:\/\/www.iaff.org\/wp-content\/uploads\/2024\/12\/FFCAM.png\" class=\"max-w-full\" alt=\"\" srcset=\"https:\/\/www.iaff.org\/wp-content\/uploads\/2024\/12\/FFCAM.png 1200w, https:\/\/www.iaff.org\/wp-content\/uploads\/2024\/12\/FFCAM-300x200.png 300w, https:\/\/www.iaff.org\/wp-content\/uploads\/2024\/12\/FFCAM-1024x683.png 1024w, https:\/\/www.iaff.org\/wp-content\/uploads\/2024\/12\/FFCAM-768x512.png 768w, https:\/\/www.iaff.org\/wp-content\/uploads\/2024\/12\/FFCAM-240x160.png 240w\" sizes=\"(max-width: 1200px) 100vw, 1200px\" \/>\t\t\t\t<\/div>\n\t\t\t\t\t\t<div class=\"w-full md:w-1\/2 md:py-[45px]\">\n\t\t\t\t<div class=\"max-w-[600px] flex flex-col gap-[22px]\">\n\t\t\t\t\t\t\t\t\t\t\t<h1 class=\"has-[.u-halftone-shadow--dark]:mb-divider has-[.u-halftone-shadow--light]:mb-divider\">\n\t\t\t\t\t\t\t<span class=\"inline-flex text-heading-200 u-halftone-shadow--dark\">\n\t\t\t\t\t\t\t\tMes de Concientizaci\u00f3n sobre el C\u00e1ncer en Bomberos\t\t\t\t\t\t\t<\/span>\n\t\t\t\t\t\t<\/h1>\n\t\t\t\t\t\t\t\t\t\t\t\t\t\t\t\t<div class=\"text-body-300 font-sans\">\n\t\t\t\t\t\t\t<p>En asociaci\u00f3n con la Red de Apoyo al C\u00e1ncer de Bomberos (FCSN, por sus siglas en ingl\u00e9s), la IAFF ha designado enero como el Mes de Concientizaci\u00f3n sobre el C\u00e1ncer en Bomberos para proporcionar a los bomberos las herramientas y orientaci\u00f3n necesarias para desarrollar protocolos que salven vidas en la prevenci\u00f3n del c\u00e1ncer y para apoyar a aquellos con un diagn\u00f3stico de c\u00e1ncer dentro de sus departamentos.<\/p>\n\t\t\t\t\t\t<\/div>\n\t\t\t\t\t\t\t\t\t\t\t\t\t\t\t\t\t\t\t\t\t\t\t\t<\/div>\n\t\t\t<\/div>\n\n\t\t<\/div>\n\t\t\t\t\t<div class=\"order-first flex justify-start w-full pb-[22px]\">\n\t\t\t\t<div\n\tclass=\"wp-block-button is-style-tertiary text-smoke is-style-tertiary-back\"\n>\n\t\t\t<a\n\t\t\thref=\"https:\/\/www.iaff.org\/es\/cancer\/\"\n\t\t\tclass=\"wp-block-button__link wp-element-button group\"\n\t\t\t\t\t>\n\t\t\t<span\n\t\t\tclass=\"decoration-transparent underline underline-offset-2 group-hover:decoration-inherit group-focus-visible:decoration-inherit transition duration-hover\"\n\t\t>\n\t\t\tc\u00e1ncer ocupacional\t\t<\/span>\n\n\t\t<span\n\t\t\tclass=\"bg-inherit transition-colors duration-hover group-hover:bg-gold group-focus:bg-gold inline-flex rotate-180 order-first\"\n\t\t>\n\t\t\t<svg xmlns=\"http:\/\/www.w3.org\/2000\/svg\" width=\"21\" height=\"22\" fill=\"none\" viewBox=\"0 0 21 22\"><path stroke=\"currentColor\" stroke-linecap=\"round\" stroke-width=\"2\" d=\"M20 20.75L20 2.25L1.5 2.25L1.5 20.75L20 20.75Z\" clip-rule=\"evenodd\"\/><path stroke=\"currentColor\" stroke-linecap=\"square\" stroke-width=\"2\" d=\"M14.0883 11.5L6.66406 11.5\"\/><path stroke=\"currentColor\" stroke-linecap=\"square\" stroke-width=\"2\" d=\"M11.0723 7.75205L14.8363 11.5L11.0723 15.248\"\/><\/svg>\t\t<\/span>\n\t<\/a><\/div>\n\t\t\t<\/div>\n\t\t\t<\/div>\n<\/header>\n<\/section>\n<section\n\t class=\"page-blocks iaff-page-blocks align wp-block-acf-page-blocks\" id=\"page-blocks_block_19e02a3965ce19665bdd452907e9daa7\">\n\t<div class=\"acf-innerblocks-container\">\n<div class=\"wp-block-paragraph \">\n<p>El c\u00e1ncer profesional de los bomberos es la principal causa de muerte en acto de servicio en el cuerpo de bomberos.<br\/><br\/>En 2025, casi el 80%* de las muertes en acto de servicio de los miembros de la AIB se debieron al c\u00e1ncer profesional. En Canad\u00e1, donde la mayor\u00eda de las provincias y territorios tienen leyes presuntivas s\u00f3lidas, cerca del 94% de las muertes en acto de servicio entre los bomberos profesionales son el resultado de c\u00e1nceres profesionales.  Canad\u00e1 reconoci\u00f3 el Mes de Concientizaci\u00f3n sobre el C\u00e1ncer en Bomberos <a href=\"https:\/\/www.iaff.org\/es\/news\/el-parlamento-canadiense-promulga-una-legislacion-historica-sobre-el-cancer-de-los-bomberos\/\" data-type=\"link\" data-id=\"https:\/\/www.iaff.org\/news\/canadian-parliament-enacts-historic-fire-fighter-cancer-legislation\/\" target=\"_blank\" rel=\"noreferrer noopener\">en 2023<\/a> con la adopci\u00f3n del Proyecto de Ley C-224 de la diputada Sherry Romanado.<br\/><br\/>El Mes de Concienciaci\u00f3n sobre el C\u00e1ncer de los Bomberos se centra en aumentar la comprensi\u00f3n p\u00fablica del c\u00e1ncer profesional en el cuerpo de bomberos, al tiempo que proporciona a los bomberos la informaci\u00f3n y las herramientas que necesitan para reducir el riesgo. <br\/><br\/>En colaboraci\u00f3n, la AIB y la Red de Apoyo contra el C\u00e1ncer de los Bomberos se comprometen a compartir estrategias de prevenci\u00f3n, mejores pr\u00e1cticas y recursos que ayuden a proteger a los miembros a lo largo de sus carreras. Al aumentar la concienciaci\u00f3n y promover la educaci\u00f3n, este esfuerzo tambi\u00e9n apoya una acci\u00f3n legislativa m\u00e1s firme, incluyendo protecciones de incapacidad presuntiva para los bomberos afectados por c\u00e1nceres relacionados con el trabajo. <br\/><br\/><em><strong>Aseg\u00farese de seguir a @IAFFofficial en Facebook, Instagram<\/strong>, <strong>LinkedIn, YouTube y X durante todo el mes de enero para obtener m\u00e1s recursos<\/strong><\/em>.<\/p>\n<\/div>\n\n<div class=\"wp-block-paragraph \">\n<p><em>*El 79,4% de los miembros de la AIB homenajeados en el IAFF Fallen Fire Fighter Memorial en septiembre de 2025 murieron de c\u00e1ncer profesional (247 de 311).<\/em><\/p>\n<\/div>\n\n<section\n\t class=\"issues-lead-in iaff-block-issues-lead-in w-full align wp-block-acf-issues-lead-in\" id=\"issues-lead-in_block_bd853a4f720f5292e850eb317e7e14d6\">\n\t<div class=\"flex flex-row w-full\">\n\t\t<div class=\"flex flex-col w-full md:max-w-[65%]\">\n\t\t\t<!-- \"A Legacy of Activism -->\n\t\t\t\t\t\t\t<header class=\"mb-12 mt-10 w-full\">\n\t\t\t\t\t\t\t\t\t\t\t<h2 class=\"relative text-heading-200 z-[1] lg:ms-indent\">\n\t\t\t\t\t\t\t<span class=\"u-halftone-shadow\">\n\t\t\t\t\t\t\t\tExplorar\t\t\t\t\t\t\t<\/span>\n\t\t\t\t\t\t<\/h2>\n\t\t\t\t\t\n\t\t\t\t\t\t\t\t\t\t\t<div class=\"bg-red text-white w-screen left-1\/2 -translate-x-1\/2 relative -mt-[34px] px-5 py-[45px] md:w-full md:left-0 md:translate-x-0 lg:px-indent\">\n\t\t\t\t\t\t\t<p class=\"text-body-300\">\n\t\t\t\t\t\t\t\tCada semana se exploran temas designados destinados a reducir el riesgo de c\u00e1ncer durante las actividades en el lugar del incendio, en el parque de bomberos y en nuestra vida personal. Le animamos a que revise los recursos disponibles y considere la posibilidad de celebrar reuniones semanales de seguridad para debatirlos. \t\t\t\t\t\t\t<\/p>\n\t\t\t\t\t\t<\/div>\n\t\t\t\t\t\t\t\t\t<\/header>\n\t\t\t\n\t\t\t<div class=\"flex flex-col items-start lg:ps-indent\">\n\t\t\t\t\n\t\t\t\t\t\t\t\t<div class=\"acf-innerblocks-container\">\n<div\n\t class=\"issues-lead-in-item flex align wp-block-acf-issues-lead-in-item\" id=\"issues-lead-in-item_block_50a5efa887d77889ca9384312d82e6ea\">\n\t<div class=\"flex justify-between items-center w-full border-b border-[#e5e5e5] pb-[30px] md:flex-col md:border-0 md:items-start md:pb-0 \">\n\t\t<div class=\"flex flex-col gap-[10px]\">\n\t\t\t<h4 class=\"text-heading-400-serif font-600\">\n\t\t\t\tSemana 1<br>\n\t\t\t<\/h4>\n\t\t\t<div class=\"hidden md:block text-body-500 leading-6 text-[#5C565C]\">\n\t\t\t\t<!-- Hidden on small screens -->\n\t\t\t\tRiesgos y exposiciones al c\u00e1ncer<br>\n\t\t\t<\/div>\n\t\t<\/div>\n\t\t\t\t\t<div class=\"pt-4\">\n\t\t\t\t<div\n\tclass=\"wp-block-button is-style-tertiary inline-flex is-style-tertiary-forward\"\n>\n\t\t\t<a\n\t\t\thref=\"https:\/\/www.iaff.org\/es\/mes-de-concientizacion-sobre-el-cancer-en-bomberos\/semana-1-cobertura-presuntiva-y-compensacion-laboral\/\"\n\t\t\tclass=\"wp-block-button__link wp-element-button group\"\n\t\t\t\t\t>\n\t\t\t<span\n\t\t\tclass=\"decoration-transparent underline underline-offset-2 group-hover:decoration-inherit group-focus-visible:decoration-inherit transition duration-hover sr-only\"\n\t\t>\n\t\t\tM\u00e1s\t\t<\/span>\n\n\t\t<span\n\t\t\tclass=\"bg-inherit transition-colors duration-hover group-hover:bg-gold group-focus:bg-gold inline-flex order-last\"\n\t\t>\n\t\t\t<svg xmlns=\"http:\/\/www.w3.org\/2000\/svg\" width=\"21\" height=\"22\" fill=\"none\" viewBox=\"0 0 21 22\"><path stroke=\"currentColor\" stroke-linecap=\"round\" stroke-width=\"2\" d=\"M20 20.75L20 2.25L1.5 2.25L1.5 20.75L20 20.75Z\" clip-rule=\"evenodd\"\/><path stroke=\"currentColor\" stroke-linecap=\"square\" stroke-width=\"2\" d=\"M14.0883 11.5L6.66406 11.5\"\/><path stroke=\"currentColor\" stroke-linecap=\"square\" stroke-width=\"2\" d=\"M11.0723 7.75205L14.8363 11.5L11.0723 15.248\"\/><\/svg>\t\t<\/span>\n\t<\/a><\/div>\n\t\t\t<\/div>\n\t\t\t<\/div>\n<\/div>\n\n\n<div\n\t class=\"issues-lead-in-item flex align wp-block-acf-issues-lead-in-item\" id=\"issues-lead-in-item_block_e4f1787065e9e3de8f4b9fc9ffea21a8\">\n\t<div class=\"flex justify-between items-center w-full border-b border-[#e5e5e5] pb-[30px] md:flex-col md:border-0 md:items-start md:pb-0 \">\n\t\t<div class=\"flex flex-col gap-[10px]\">\n\t\t\t<h4 class=\"text-heading-400-serif font-600\">\n\t\t\t\tSemana 2<br>\n\t\t\t<\/h4>\n\t\t\t<div class=\"hidden md:block text-body-500 leading-6 text-[#5C565C]\">\n\t\t\t\t<!-- Hidden on small screens -->\n\t\t\t\tDetecci\u00f3n precoz y cribado<br>\n\t\t\t<\/div>\n\t\t<\/div>\n\t\t\t\t\t<div class=\"pt-4\">\n\t\t\t\t<div\n\tclass=\"wp-block-button is-style-tertiary inline-flex is-style-tertiary-forward\"\n>\n\t\t\t<a\n\t\t\thref=\"https:\/\/www.iaff.org\/es\/mes-de-concientizacion-sobre-el-cancer-en-bomberos\/semana-2-salud-reproductiva\/\"\n\t\t\tclass=\"wp-block-button__link wp-element-button group\"\n\t\t\t\t\t>\n\t\t\t<span\n\t\t\tclass=\"decoration-transparent underline underline-offset-2 group-hover:decoration-inherit group-focus-visible:decoration-inherit transition duration-hover sr-only\"\n\t\t>\n\t\t\tM\u00e1s\t\t<\/span>\n\n\t\t<span\n\t\t\tclass=\"bg-inherit transition-colors duration-hover group-hover:bg-gold group-focus:bg-gold inline-flex order-last\"\n\t\t>\n\t\t\t<svg xmlns=\"http:\/\/www.w3.org\/2000\/svg\" width=\"21\" height=\"22\" fill=\"none\" viewBox=\"0 0 21 22\"><path stroke=\"currentColor\" stroke-linecap=\"round\" stroke-width=\"2\" d=\"M20 20.75L20 2.25L1.5 2.25L1.5 20.75L20 20.75Z\" clip-rule=\"evenodd\"\/><path stroke=\"currentColor\" stroke-linecap=\"square\" stroke-width=\"2\" d=\"M14.0883 11.5L6.66406 11.5\"\/><path stroke=\"currentColor\" stroke-linecap=\"square\" stroke-width=\"2\" d=\"M11.0723 7.75205L14.8363 11.5L11.0723 15.248\"\/><\/svg>\t\t<\/span>\n\t<\/a><\/div>\n\t\t\t<\/div>\n\t\t\t<\/div>\n<\/div>\n\n\n<div\n\t class=\"issues-lead-in-item flex align wp-block-acf-issues-lead-in-item\" id=\"issues-lead-in-item_block_65d9fe457e267a58a91da6cefacd6f07\">\n\t<div class=\"flex justify-between items-center w-full border-b border-[#e5e5e5] pb-[30px] md:flex-col md:border-0 md:items-start md:pb-0 \">\n\t\t<div class=\"flex flex-col gap-[10px]\">\n\t\t\t<h4 class=\"text-heading-400-serif font-600\">\n\t\t\t\tSemana 3<br>\n\t\t\t<\/h4>\n\t\t\t<div class=\"hidden md:block text-body-500 leading-6 text-[#5C565C]\">\n\t\t\t\t<!-- Hidden on small screens -->\n\t\t\t\tEstilo de vida y bienestar<br>\n\t\t\t<\/div>\n\t\t<\/div>\n\t\t\t\t\t<div class=\"pt-4\">\n\t\t\t\t<div\n\tclass=\"wp-block-button is-style-tertiary inline-flex is-style-tertiary-forward\"\n>\n\t\t\t<a\n\t\t\thref=\"https:\/\/www.iaff.org\/es\/mes-de-concientizacion-sobre-el-cancer-en-bomberos\/semana-3-salud-conductual\/\"\n\t\t\tclass=\"wp-block-button__link wp-element-button group\"\n\t\t\t\t\t>\n\t\t\t<span\n\t\t\tclass=\"decoration-transparent underline underline-offset-2 group-hover:decoration-inherit group-focus-visible:decoration-inherit transition duration-hover sr-only\"\n\t\t>\n\t\t\tM\u00e1s\t\t<\/span>\n\n\t\t<span\n\t\t\tclass=\"bg-inherit transition-colors duration-hover group-hover:bg-gold group-focus:bg-gold inline-flex order-last\"\n\t\t>\n\t\t\t<svg xmlns=\"http:\/\/www.w3.org\/2000\/svg\" width=\"21\" height=\"22\" fill=\"none\" viewBox=\"0 0 21 22\"><path stroke=\"currentColor\" stroke-linecap=\"round\" stroke-width=\"2\" d=\"M20 20.75L20 2.25L1.5 2.25L1.5 20.75L20 20.75Z\" clip-rule=\"evenodd\"\/><path stroke=\"currentColor\" stroke-linecap=\"square\" stroke-width=\"2\" d=\"M14.0883 11.5L6.66406 11.5\"\/><path stroke=\"currentColor\" stroke-linecap=\"square\" stroke-width=\"2\" d=\"M11.0723 7.75205L14.8363 11.5L11.0723 15.248\"\/><\/svg>\t\t<\/span>\n\t<\/a><\/div>\n\t\t\t<\/div>\n\t\t\t<\/div>\n<\/div>\n\n\n<div\n\t class=\"issues-lead-in-item flex align wp-block-acf-issues-lead-in-item\" id=\"issues-lead-in-item_block_dd3003b068054c662678044830e15fcb\">\n\t<div class=\"flex justify-between items-center w-full border-b border-[#e5e5e5] pb-[30px] md:flex-col md:border-0 md:items-start md:pb-0 \">\n\t\t<div class=\"flex flex-col gap-[10px]\">\n\t\t\t<h4 class=\"text-heading-400-serif font-600\">\n\t\t\t\tSemana 4<br>\n\t\t\t<\/h4>\n\t\t\t<div class=\"hidden md:block text-body-500 leading-6 text-[#5C565C]\">\n\t\t\t\t<!-- Hidden on small screens -->\n\t\t\t\tSalud conductual<br>\n\t\t\t<\/div>\n\t\t<\/div>\n\t\t\t\t\t<div class=\"pt-4\">\n\t\t\t\t<div\n\tclass=\"wp-block-button is-style-tertiary inline-flex is-style-tertiary-forward\"\n>\n\t\t\t<a\n\t\t\thref=\"https:\/\/www.iaff.org\/es\/mes-de-concientizacion-sobre-el-cancer-en-bomberos\/semana-4-responsabilidad-personal-y-cambio-cultural\/\"\n\t\t\tclass=\"wp-block-button__link wp-element-button group\"\n\t\t\t\t\t>\n\t\t\t<span\n\t\t\tclass=\"decoration-transparent underline underline-offset-2 group-hover:decoration-inherit group-focus-visible:decoration-inherit transition duration-hover sr-only\"\n\t\t>\n\t\t\tSemana 4: supervivencia y prevenci\u00f3n del c\u00e1ncer en acci\u00f3n\t\t<\/span>\n\n\t\t<span\n\t\t\tclass=\"bg-inherit transition-colors duration-hover group-hover:bg-gold group-focus:bg-gold inline-flex order-last\"\n\t\t>\n\t\t\t<svg xmlns=\"http:\/\/www.w3.org\/2000\/svg\" width=\"21\" height=\"22\" fill=\"none\" viewBox=\"0 0 21 22\"><path stroke=\"currentColor\" stroke-linecap=\"round\" stroke-width=\"2\" d=\"M20 20.75L20 2.25L1.5 2.25L1.5 20.75L20 20.75Z\" clip-rule=\"evenodd\"\/><path stroke=\"currentColor\" stroke-linecap=\"square\" stroke-width=\"2\" d=\"M14.0883 11.5L6.66406 11.5\"\/><path stroke=\"currentColor\" stroke-linecap=\"square\" stroke-width=\"2\" d=\"M11.0723 7.75205L14.8363 11.5L11.0723 15.248\"\/><\/svg>\t\t<\/span>\n\t<\/a><\/div>\n\t\t\t<\/div>\n\t\t\t<\/div>\n<\/div>\n\n\n<div\n\t class=\"issues-lead-in-item flex align wp-block-acf-issues-lead-in-item\" id=\"issues-lead-in-item_block_1186307bbf8f0dd4128ac0173f3fee7d\">\n\t<div class=\"flex justify-between items-center w-full border-b border-[#e5e5e5] pb-[30px] md:flex-col md:border-0 md:items-start md:pb-0 \">\n\t\t<div class=\"flex flex-col gap-[10px]\">\n\t\t\t<h4 class=\"text-heading-400-serif font-600\">\n\t\t\t\tInvestigaci\u00f3n<br>\n\t\t\t<\/h4>\n\t\t\t<div class=\"hidden md:block text-body-500 leading-6 text-[#5C565C]\">\n\t\t\t\t<!-- Hidden on small screens -->\n\t\t\t\tEstudios por tipo de c\u00e1ncer, investigaci\u00f3n sobre riesgos de exposici\u00f3n y otros datos.<br>\n\t\t\t<\/div>\n\t\t<\/div>\n\t\t\t\t\t<div class=\"pt-4\">\n\t\t\t\t<div\n\tclass=\"wp-block-button is-style-tertiary inline-flex is-style-tertiary-forward\"\n>\n\t\t\t<a\n\t\t\thref=\"https:\/\/www.iaff.org\/es\/mes-de-concientizacion-sobre-el-cancer-en-bomberos\/investigacion-ffcam\/\"\n\t\t\tclass=\"wp-block-button__link wp-element-button group\"\n\t\t\t\t\t>\n\t\t\t<span\n\t\t\tclass=\"decoration-transparent underline underline-offset-2 group-hover:decoration-inherit group-focus-visible:decoration-inherit transition duration-hover sr-only\"\n\t\t>\n\t\t\tInvestigaci\u00f3n FFCAM\t\t<\/span>\n\n\t\t<span\n\t\t\tclass=\"bg-inherit transition-colors duration-hover group-hover:bg-gold group-focus:bg-gold inline-flex order-last\"\n\t\t>\n\t\t\t<svg xmlns=\"http:\/\/www.w3.org\/2000\/svg\" width=\"21\" height=\"22\" fill=\"none\" viewBox=\"0 0 21 22\"><path stroke=\"currentColor\" stroke-linecap=\"round\" stroke-width=\"2\" d=\"M20 20.75L20 2.25L1.5 2.25L1.5 20.75L20 20.75Z\" clip-rule=\"evenodd\"\/><path stroke=\"currentColor\" stroke-linecap=\"square\" stroke-width=\"2\" d=\"M14.0883 11.5L6.66406 11.5\"\/><path stroke=\"currentColor\" stroke-linecap=\"square\" stroke-width=\"2\" d=\"M11.0723 7.75205L14.8363 11.5L11.0723 15.248\"\/><\/svg>\t\t<\/span>\n\t<\/a><\/div>\n\t\t\t<\/div>\n\t\t\t<\/div>\n<\/div>\n\n\n<div\n\t class=\"issues-lead-in-item flex align wp-block-acf-issues-lead-in-item\" id=\"issues-lead-in-item_block_42925c6776933264e8e79a1f07ca3c68\">\n\t<div class=\"flex justify-between items-center w-full border-b border-[#e5e5e5] pb-[30px] md:flex-col md:border-0 md:items-start md:pb-0 \">\n\t\t<div class=\"flex flex-col gap-[10px]\">\n\t\t\t<h4 class=\"text-heading-400-serif font-600\">\n\t\t\t\tRecursos<br>\n\t\t\t<\/h4>\n\t\t\t<div class=\"hidden md:block text-body-500 leading-6 text-[#5C565C]\">\n\t\t\t\t<!-- Hidden on small screens -->\n\t\t\t\tHojas informativas, comunicados de prensa, historias de supervivientes y m\u00e1s<br>\n\t\t\t<\/div>\n\t\t<\/div>\n\t\t\t\t\t<div class=\"pt-4\">\n\t\t\t\t<div\n\tclass=\"wp-block-button is-style-tertiary inline-flex is-style-tertiary-forward\"\n>\n\t\t\t<a\n\t\t\thref=\"https:\/\/www.iaff.org\/es\/mes-de-concientizacion-sobre-el-cancer-en-bomberos\/recursos-ffcam\/\"\n\t\t\tclass=\"wp-block-button__link wp-element-button group\"\n\t\t\t\t\t>\n\t\t\t<span\n\t\t\tclass=\"decoration-transparent underline underline-offset-2 group-hover:decoration-inherit group-focus-visible:decoration-inherit transition duration-hover sr-only\"\n\t\t>\n\t\t\tRecursos FFCAM\t\t<\/span>\n\n\t\t<span\n\t\t\tclass=\"bg-inherit transition-colors duration-hover group-hover:bg-gold group-focus:bg-gold inline-flex order-last\"\n\t\t>\n\t\t\t<svg xmlns=\"http:\/\/www.w3.org\/2000\/svg\" width=\"21\" height=\"22\" fill=\"none\" viewBox=\"0 0 21 22\"><path stroke=\"currentColor\" stroke-linecap=\"round\" stroke-width=\"2\" d=\"M20 20.75L20 2.25L1.5 2.25L1.5 20.75L20 20.75Z\" clip-rule=\"evenodd\"\/><path stroke=\"currentColor\" stroke-linecap=\"square\" stroke-width=\"2\" d=\"M14.0883 11.5L6.66406 11.5\"\/><path stroke=\"currentColor\" stroke-linecap=\"square\" stroke-width=\"2\" d=\"M11.0723 7.75205L14.8363 11.5L11.0723 15.248\"\/><\/svg>\t\t<\/span>\n\t<\/a><\/div>\n\t\t\t<\/div>\n\t\t\t<\/div>\n<\/div>\n\n<\/div>\n\t\t\t\t\t\t\t<\/div>\n\t\t<\/div>\n\n\t\t<figure>\n\t\t\t\t\t\t\t<!-- TODO: Halftone pattern needs to be replaced with a lighter version -->\n\t\t\t\t<img decoding=\"async\" src=\"https:\/\/www.iaff.org\/wp-content\/uploads\/thumbnail_NRIFirePhotos-21600.jpg\" alt=\"\"\n\t\t\t\t\t class=\" hidden bg-halftone-dark w-full pb-10 pr-10 max-w-[288px] md:block lg:max-w-[480px] lg:pb-20 lg:pr-20\"\/>\n\t\t\t\t\t<\/figure>\n\t<\/div>\n<\/section>\n\n\n<section\n\t class=\"callout-section pt-20 md:pt-[100px] bg-transparent align wp-block-acf-callout-section\" id=\"callout-section_block_35ff8772feb6c4ba52e25d0bdd33284a\">\n\t\t<div class=\"border-b border-black\">\n\t\t\t<\/div>\n\n\t<!-- TODO: Constrain to content width -->\n\t<div class=\"w-full flex flex-col\">\n\t\t<!-- Callouts -->\n\t\t<div class=\"acf-innerblocks-container\">\n<section\n\t class=\"callout align wp-block-acf-callout\" id=\"callout_block_a360fec310b5a4cee3a567b1750f9632\">\n\t<div class=\"grid md:grid-cols-2 gap-0\">\n\t\t<figure\n\t\t\tclass=\"grid place-items-center\"\n\t\t>\n\t\t\t\t\t\t\t<div class=\"relative\">\n\t\t\t\t\t<img decoding=\"async\" width=\"1200\" height=\"800\" src=\"https:\/\/www.iaff.org\/wp-content\/uploads\/2024\/10\/Poll-picture-1200x800-1.jpg\" class=\"w-full block h-auto object-cover\" alt=\"\" srcset=\"https:\/\/www.iaff.org\/wp-content\/uploads\/2024\/10\/Poll-picture-1200x800-1.jpg 1200w, https:\/\/www.iaff.org\/wp-content\/uploads\/2024\/10\/Poll-picture-1200x800-1-300x200.jpg 300w, https:\/\/www.iaff.org\/wp-content\/uploads\/2024\/10\/Poll-picture-1200x800-1-1024x683.jpg 1024w, https:\/\/www.iaff.org\/wp-content\/uploads\/2024\/10\/Poll-picture-1200x800-1-768x512.jpg 768w, https:\/\/www.iaff.org\/wp-content\/uploads\/2024\/10\/Poll-picture-1200x800-1-240x160.jpg 240w\" sizes=\"(max-width: 1200px) 100vw, 1200px\" \/>\t\t\t\t\t<div class=\"u-halftone-overlay\"><\/div>\n\t\t\t\t<\/div>\n\t\t\t\t\t<\/figure>\n\t\t<div class=\"flex flex-col gap-2 py-[54px] text-smoke md:p-10 justify-center md:px-15\">\n\t\t\t\t\t\t\t\t\t\t<div class=\"font-serif font-600 text-[34px] leading-[1.1] -tracking-[0.5px]\">\n\t\t\t\t\tAcerca de FFCAM\t\t\t\t<\/div>\n\t\t\t\t\t\t\t\t\t\t<div class=\"font-sans font-350 text-[18px] leading-[1.5]\">\n\t\t\t\t\t<p><!-- wp:heading {\"level\":3} --><\/p>\n<p>Esta p\u00e1gina web est\u00e1 dise\u00f1ada para educar a los l\u00edderes, miembros y departamentos de bomberos de la AIB sobre la ciencia que hay detr\u00e1s de las tasas de c\u00e1ncer de los bomberos y el desarrollo del c\u00e1ncer, y para proporcionar las mejores pr\u00e1cticas sobre c\u00f3mo minimizar las exposiciones diarias a carcin\u00f3genos, mitigar los factores de riesgo y fortalecer las defensas contra el c\u00e1ncer profesional. Ofrece valiosas perspectivas de hermanos y hermanas supervivientes de c\u00e1ncer, compartiendo sus experiencias y puntos de vista. <\/p>\n<p>Es vital realizar esfuerzos concertados para minimizar la exposici\u00f3n a carcin\u00f3genos y adoptar estilos de vida m\u00e1s saludables, ya que estas acciones reducen significativamente el riesgo de c\u00e1ncer ocupacional. Aunque el Mes de Concientizaci\u00f3n sobre el C\u00e1ncer en Bomberos se observa en enero, los recursos pueden utilizarse durante todo el a\u00f1o. <\/p>\n<p><!-- \/wp:heading --><\/p>\n\t\t\t\t<\/div>\n\t\t\t\t\t\t\t\t<\/div>\n\t<\/div>\n<\/section>\n\n<\/div>\n\t\t\t<\/div>\n<\/section>\n\n\n<section\n\t class=\"section-header mb-10 align wp-block-acf-section-header\" id=\"section-header_block_d136ee65a28714d5c78d906a1ef18e92\">\n\t<div class=\"\">\n\t<div class=\"flex flex-col md:flex-row justify-between max-w-content gap-x-8 md:items-end flex-wrap\">\n\t\t<h2 class=\"text-heading-200 pb-[2px]\">\n\t\t\tInvol\u00facrese\t\t<\/h2>\n\n\t\t\t\t\t<div class=\"md:order-last w-full\">\n\t\t\t\t\n\t<hr class=\"h-[6px] text-red border-red bg-red w-full my-0\" role=\"presentation\"\/>\n\n\t<div class=\"h-divider w-full bg-halftone-divider bg-right\"><\/div>\n\t\t\t<\/div>\n\t\t\n\t\t\t\t\t<div\n\t\t\t\tclass=\"pt-9 md:pt-0 pb-5\"\n\t\t\t>\n\t\t\t\t<div\n\tclass=\"wp-block-button is-style-tertiary inline-flex is-style-tertiary-forward\"\n>\n\t\t\t<a\n\t\t\thref=\"mailto:%20cancer@iaff.org\"\n\t\t\tclass=\"wp-block-button__link wp-element-button group\"\n\t\t\t\t\t\t\ttarget=\"_blank\"\n\t\t\t\trel=\"nofollow noopener\"\n\t\t\t\t\t>\n\t\t\t<span\n\t\t\tclass=\"decoration-transparent underline underline-offset-2 group-hover:decoration-inherit group-focus-visible:decoration-inherit transition duration-hover\"\n\t\t>\n\t\t\tCont\u00e1ctenos\t\t<\/span>\n\n\t\t<span\n\t\t\tclass=\"bg-inherit transition-colors duration-hover group-hover:bg-gold group-focus:bg-gold inline-flex order-last\"\n\t\t>\n\t\t\t<svg xmlns=\"http:\/\/www.w3.org\/2000\/svg\" width=\"21\" height=\"22\" fill=\"none\" viewBox=\"0 0 21 22\"><path stroke=\"currentColor\" stroke-linecap=\"round\" stroke-width=\"2\" d=\"M20 20.75L20 2.25L1.5 2.25L1.5 20.75L20 20.75Z\" clip-rule=\"evenodd\"\/><path stroke=\"currentColor\" stroke-linecap=\"square\" stroke-width=\"2\" d=\"M14.0883 11.5L6.66406 11.5\"\/><path stroke=\"currentColor\" stroke-linecap=\"square\" stroke-width=\"2\" d=\"M11.0723 7.75205L14.8363 11.5L11.0723 15.248\"\/><\/svg>\t\t<\/span>\n\t<\/a><\/div>\n\t\t\t<\/div>\n\t\t\t<\/div>\n<\/div>\n<\/section>\n\n\n<div class=\"wp-block-paragraph \">\n<p>Si usted o su local desean ser destacados durante los Meses de Concientizaci\u00f3n sobre el C\u00e1ncer en Bomberos, h\u00e1ganos saber c\u00f3mo le gustar\u00eda participar (opciones a continuaci\u00f3n), y trabajaremos con usted para obtener las aprobaciones apropiadas y los elementos que necesitamos espec\u00edficamente:<\/p>\n<\/div>\n\n<div class=\"wp-block-list\">\n<ul class=\"wp-block-list\">\n<li><strong>Historias de supervivientes:<\/strong> En remisi\u00f3n o en tratamiento para un diagn\u00f3stico de c\u00e1ncer.<\/li>\n\n\n\n<li><strong>Historias de apoyo:<\/strong> Si tuvo un miembro de la familia o alguien de su Local que falleci\u00f3 por c\u00e1ncer ocupacional.<\/li>\n\n\n\n<li><strong>V\u00eddeos<\/strong> que destaquen las cinco \u00e1reas resaltadas en el Mes de Concientizaci\u00f3n sobre el C\u00e1ncer en Bomberos: alcance del c\u00e1ncer, investigaci\u00f3n, prevenci\u00f3n, liderazgo y supervivencia, y cambio cultural.<\/li>\n\n\n\n<li><strong>Im\u00e1genes<\/strong> de Locales\/departamentos participando en el Mes de Concientizaci\u00f3n sobre el C\u00e1ncer en Bomberos.<\/li>\n<\/ul>\n<\/div>\n\n<section class=\"bg-halftone-dark u-bg-full-right\"\n\t class=\"latest-posts-section flex align wp-block-acf-latest-posts-section\" id=\"latest-posts-section_block_7085904b60b8549bef7c8d5c078c45b2\">\n\t<div class=\"relative w-full order-first px-[22px] pt-16 pb-[96px] md:pb-20 md:pt-11 md:px-[70px] bg-recent-news-overlay text-white\">\n\t\t\t\t\t<header class=\"flex justify-between items-center max-w-content pt-4 pb-[58px]\">\n\t\t\t\t<h2 class=\"text-heading-200 relative u-halftone-shadow--above before:-translate-y-4\">\n\t\t\t\t\tNoticias recientes sobre c\u00e1ncer\t\t\t\t<\/h2>\n\t\t\t\t\t\t\t<\/header>\n\t\t\n\t\t\t\t\t\t\t<ul class=\"grid grid-cols-1 md:grid-cols-3 gap-[50px] md:gap-[34px]\">\n\t\t\t\t\t\t\t\t\t\t\t\t\t\t<li class=\"list-none grid grid-cols-1 h-full\">\n\t\t\t\t\t\t<a\n\t\t\t\t\t\t\t\t\t\t\t\t\t\t\thref=\"https:\/\/www.iaff.org\/es\/news\/en-recuerdo-de-james-jim-otoole-presidente-del-local-1075-de-st-johns-nl\/\"\n\t\t\t\t\t\t\t\t\t\t\t\t\t\tclass=\"group no-underline md:grid md:grid-cols-subgrid md:grid-rows-[max-content,1fr] track-latest-posts-article cursor-pointer\"\n\t\t\t\t\t\t>\n\t\t\t\t\t\t\t<div>\n\t\t\t\t\t\t\t\t\t\t\t\t\t\t\t\t\t<figure class=\"relative bg-smoke overflow-hidden aspect-video\">\n\t\t\t\t\t\t\t\t\t\t<img decoding=\"async\" width=\"1083\" height=\"815\" src=\"https:\/\/www.iaff.org\/wp-content\/uploads\/2026\/04\/JimOToole-e1777387151121.jpg\" class=\"grayscale transition duration-hover group-hover:grayscale-0 mix-blend-exclusion w-full h-full object-cover max-h-full wp-post-image\" alt=\"\" \/>\t\t\t\t\t\t\t\t\t<\/figure>\n\t\t\t\t\t\t\t\t\n\t\t\t\t\t\t\t\t<div class=\"bg-halftone-divider h-divider bg-blend-exclusion mb-5\"\n\t\t\t\t\t\t\t\t\t role=\"presentation\"><\/div>\n\t\t\t\t\t\t\t<\/div>\n\n\t\t\t\t\t\t\t<div class=\"flex flex-col gap-[14px] relative\">\n\t\t\t\t\t\t\t\t<h3 class=\"text-heading-400 font-serif\">\n\t\t\t\t\t\t\t\t\tEn recuerdo de James \u201cJim\u201d O\u2019Toole, presidente del Local 1075 de St. John\u2019s, NL\t\t\t\t\t\t\t\t<\/h3>\n\n\t\t\t\t\t\t\t\t<div class=\"order-first text-label-100\">\n\t\t\t\t\t\t\t\t\tabril 28 \u2022 2026\t\t\t\t\t\t\t\t<\/div>\n\n\t\t\t\t\t\t\t\t<div class=\"md:mt-auto\">\n\t\t\t\t\t\t\t\t\t<!-- Renders the same as core\/button with a specific style -->\n\t<div>\n\t\t\t\t\t<div\n\t\t\t\tclass=\"inline-flex gap-[16px] items-center text-inherit text-button-300 decoration-transparent underline underline-offset-2 transition-colors duration-hover group-hover:decoration-current group-focus-visible:decoration-current mt-4 text-white\"\n\t\t\t>\n\t\t\t\t<span>\n\t\t\t\t\tLeer art\u00edculo\t\t\t\t<\/span>\n\t\t\t\t<svg xmlns=\"http:\/\/www.w3.org\/2000\/svg\" width=\"15\" height=\"15\" fill=\"none\" viewBox=\"0 0 15 15\"><path stroke=\"currentColor\" stroke-linecap=\"square\" stroke-width=\"2\" d=\"M11.6347 7.49976L1 7.49976\"\/><path stroke=\"currentColor\" stroke-linecap=\"square\" stroke-width=\"2\" d=\"M7.31445 2.13138L12.7061 7.50014L7.31445 12.8689\"\/><\/svg>\t\t\t<\/div>\n\t\t\t<\/div>\n\t\t\t\t\t\t\t\t<\/div>\n\t\t\t\t\t\t\t<\/div>\n\t\t\t\t\t\t<\/a>\n\t\t\t\t\t<\/li>\n\t\t\t\t\t\t\t\t\t\t\t\t\t\t<li class=\"list-none grid grid-cols-1 h-full\">\n\t\t\t\t\t\t<a\n\t\t\t\t\t\t\t\t\t\t\t\t\t\t\thref=\"https:\/\/www.iaff.org\/es\/news\/los-bomberos-de-nuevo-mexico-refuerzan-la-presuncion-de-cancer-con-el-apoyo-de-la-aib\/\"\n\t\t\t\t\t\t\t\t\t\t\t\t\t\tclass=\"group no-underline md:grid md:grid-cols-subgrid md:grid-rows-[max-content,1fr] track-latest-posts-article cursor-pointer\"\n\t\t\t\t\t\t>\n\t\t\t\t\t\t\t<div>\n\t\t\t\t\t\t\t\t\t\t\t\t\t\t\t\t\t<figure class=\"relative bg-smoke overflow-hidden aspect-video\">\n\t\t\t\t\t\t\t\t\t\t<img decoding=\"async\" width=\"1982\" height=\"1322\" src=\"https:\/\/www.iaff.org\/wp-content\/uploads\/2026\/03\/646388139_1252084073690993_3666282462080566025_n-Firefly-Upscaler-2x-scale-copy-e1773333878102.jpg\" class=\"grayscale transition duration-hover group-hover:grayscale-0 mix-blend-exclusion w-full h-full object-cover max-h-full wp-post-image\" alt=\"\" \/>\t\t\t\t\t\t\t\t\t<\/figure>\n\t\t\t\t\t\t\t\t\n\t\t\t\t\t\t\t\t<div class=\"bg-halftone-divider h-divider bg-blend-exclusion mb-5\"\n\t\t\t\t\t\t\t\t\t role=\"presentation\"><\/div>\n\t\t\t\t\t\t\t<\/div>\n\n\t\t\t\t\t\t\t<div class=\"flex flex-col gap-[14px] relative\">\n\t\t\t\t\t\t\t\t<h3 class=\"text-heading-400 font-serif\">\n\t\t\t\t\t\t\t\t\tLos bomberos de Nuevo M\u00e9xico refuerzan la presunci\u00f3n de c\u00e1ncer con el apoyo de la AIB\t\t\t\t\t\t\t\t<\/h3>\n\n\t\t\t\t\t\t\t\t<div class=\"order-first text-label-100\">\n\t\t\t\t\t\t\t\t\tmarzo 12 \u2022 2026\t\t\t\t\t\t\t\t<\/div>\n\n\t\t\t\t\t\t\t\t<div class=\"md:mt-auto\">\n\t\t\t\t\t\t\t\t\t<!-- Renders the same as core\/button with a specific style -->\n\t<div>\n\t\t\t\t\t<div\n\t\t\t\tclass=\"inline-flex gap-[16px] items-center text-inherit text-button-300 decoration-transparent underline underline-offset-2 transition-colors duration-hover group-hover:decoration-current group-focus-visible:decoration-current mt-4 text-white\"\n\t\t\t>\n\t\t\t\t<span>\n\t\t\t\t\tLeer art\u00edculo\t\t\t\t<\/span>\n\t\t\t\t<svg xmlns=\"http:\/\/www.w3.org\/2000\/svg\" width=\"15\" height=\"15\" fill=\"none\" viewBox=\"0 0 15 15\"><path stroke=\"currentColor\" stroke-linecap=\"square\" stroke-width=\"2\" d=\"M11.6347 7.49976L1 7.49976\"\/><path stroke=\"currentColor\" stroke-linecap=\"square\" stroke-width=\"2\" d=\"M7.31445 2.13138L12.7061 7.50014L7.31445 12.8689\"\/><\/svg>\t\t\t<\/div>\n\t\t\t<\/div>\n\t\t\t\t\t\t\t\t<\/div>\n\t\t\t\t\t\t\t<\/div>\n\t\t\t\t\t\t<\/a>\n\t\t\t\t\t<\/li>\n\t\t\t\t\t\t\t\t\t\t\t\t\t\t<li class=\"list-none grid grid-cols-1 h-full\">\n\t\t\t\t\t\t<a\n\t\t\t\t\t\t\t\t\t\t\t\t\t\t\thref=\"https:\/\/www.iaff.org\/es\/news\/columbia-britanica-anade-ocho-tipos-de-cancer-a-la-ley-de-cobertura-presuntiva-para-bomberos\/\"\n\t\t\t\t\t\t\t\t\t\t\t\t\t\tclass=\"group no-underline md:grid md:grid-cols-subgrid md:grid-rows-[max-content,1fr] track-latest-posts-article cursor-pointer\"\n\t\t\t\t\t\t>\n\t\t\t\t\t\t\t<div>\n\t\t\t\t\t\t\t\t\t\t\t\t\t\t\t\t\t<figure class=\"relative bg-smoke overflow-hidden aspect-video\">\n\t\t\t\t\t\t\t\t\t\t<img decoding=\"async\" width=\"1000\" height=\"667\" src=\"https:\/\/www.iaff.org\/wp-content\/uploads\/2026\/03\/Local-256-labour-Minister-BCPFFA-President-Local-1782.jpg\" class=\"grayscale transition duration-hover group-hover:grayscale-0 mix-blend-exclusion w-full h-full object-cover max-h-full wp-post-image\" alt=\"\" srcset=\"https:\/\/www.iaff.org\/wp-content\/uploads\/2026\/03\/Local-256-labour-Minister-BCPFFA-President-Local-1782.jpg 1000w, https:\/\/www.iaff.org\/wp-content\/uploads\/2026\/03\/Local-256-labour-Minister-BCPFFA-President-Local-1782-300x200.jpg 300w, https:\/\/www.iaff.org\/wp-content\/uploads\/2026\/03\/Local-256-labour-Minister-BCPFFA-President-Local-1782-768x512.jpg 768w, https:\/\/www.iaff.org\/wp-content\/uploads\/2026\/03\/Local-256-labour-Minister-BCPFFA-President-Local-1782-240x160.jpg 240w\" sizes=\"(max-width: 1000px) 100vw, 1000px\" \/>\t\t\t\t\t\t\t\t\t<\/figure>\n\t\t\t\t\t\t\t\t\n\t\t\t\t\t\t\t\t<div class=\"bg-halftone-divider h-divider bg-blend-exclusion mb-5\"\n\t\t\t\t\t\t\t\t\t role=\"presentation\"><\/div>\n\t\t\t\t\t\t\t<\/div>\n\n\t\t\t\t\t\t\t<div class=\"flex flex-col gap-[14px] relative\">\n\t\t\t\t\t\t\t\t<h3 class=\"text-heading-400 font-serif\">\n\t\t\t\t\t\t\t\t\tColumbia Brit\u00e1nica a\u00f1ade ocho tipos de c\u00e1ncer a la ley de cobertura presuntiva para bomberos\t\t\t\t\t\t\t\t<\/h3>\n\n\t\t\t\t\t\t\t\t<div class=\"order-first text-label-100\">\n\t\t\t\t\t\t\t\t\tmarzo 4 \u2022 2026\t\t\t\t\t\t\t\t<\/div>\n\n\t\t\t\t\t\t\t\t<div class=\"md:mt-auto\">\n\t\t\t\t\t\t\t\t\t<!-- Renders the same as core\/button with a specific style -->\n\t<div>\n\t\t\t\t\t<div\n\t\t\t\tclass=\"inline-flex gap-[16px] items-center text-inherit text-button-300 decoration-transparent underline underline-offset-2 transition-colors duration-hover group-hover:decoration-current group-focus-visible:decoration-current mt-4 text-white\"\n\t\t\t>\n\t\t\t\t<span>\n\t\t\t\t\tLeer art\u00edculo\t\t\t\t<\/span>\n\t\t\t\t<svg xmlns=\"http:\/\/www.w3.org\/2000\/svg\" width=\"15\" height=\"15\" fill=\"none\" viewBox=\"0 0 15 15\"><path stroke=\"currentColor\" stroke-linecap=\"square\" stroke-width=\"2\" d=\"M11.6347 7.49976L1 7.49976\"\/><path stroke=\"currentColor\" stroke-linecap=\"square\" stroke-width=\"2\" d=\"M7.31445 2.13138L12.7061 7.50014L7.31445 12.8689\"\/><\/svg>\t\t\t<\/div>\n\t\t\t<\/div>\n\t\t\t\t\t\t\t\t<\/div>\n\t\t\t\t\t\t\t<\/div>\n\t\t\t\t\t\t<\/a>\n\t\t\t\t\t<\/li>\n\t\t\t\t\t\t\t<\/ul>\n\t\t\n\t\t<div class=\"w-full flex flex-col\">\n\t\t\t\t\t<\/div>\n\t<\/div>\n<\/section>\n\n<\/div><\/section>\n","protected":false},"excerpt":{"rendered":"","protected":false},"featured_media":95411,"parent":0,"menu_order":0,"comment_status":"closed","ping_status":"closed","template":"","meta":{"_acf_changed":false,"_searchwp_excluded":"","inline_featured_image":false,"_EventAllDay":false,"_EventTimezone":"","_EventStartDate":"","_EventEndDate":"","_EventStartDateUTC":"","_EventEndDateUTC":"","_EventShowMap":false,"_EventShowMapLink":false,"_EventURL":"","_EventCost":"","_EventCostDescription":"","_EventCurrencySymbol":"","_EventCurrencyCode":"","_EventCurrencyPosition":"","_EventDateTimeSeparator":"","_EventTimeRangeSeparator":"","_EventOrganizerID":[],"_EventVenueID":[],"_OrganizerEmail":"","_OrganizerPhone":"","_OrganizerWebsite":"","_VenueAddress":"","_VenueCity":"","_VenueCountry":"","_VenueProvince":"","_VenueState":"","_VenueZip":"","_VenuePhone":"","_VenueURL":"","_VenueStateProvince":"","_VenueLat":"","_VenueLng":"","_VenueShowMap":false,"_VenueShowMapLink":false,"footnotes":""},"class_list":["post-95409","page","type-page","status-publish","has-post-thumbnail","hentry"],"acf":[],"publishpress_future_workflow_manual_trigger":{"enabledWorkflows":[]},"_links":{"self":[{"href":"https:\/\/www.iaff.org\/es\/wp-json\/wp\/v2\/pages\/95409","targetHints":{"allow":["GET"]}}],"collection":[{"href":"https:\/\/www.iaff.org\/es\/wp-json\/wp\/v2\/pages"}],"about":[{"href":"https:\/\/www.iaff.org\/es\/wp-json\/wp\/v2\/types\/page"}],"author":[{"embeddable":true,"href":"https:\/\/www.iaff.org\/es\/wp-json\/wp\/v2\/users\/18"}],"replies":[{"embeddable":true,"href":"https:\/\/www.iaff.org\/es\/wp-json\/wp\/v2\/comments?post=95409"}],"version-history":[{"count":0,"href":"https:\/\/www.iaff.org\/es\/wp-json\/wp\/v2\/pages\/95409\/revisions"}],"wp:featuredmedia":[{"embeddable":true,"href":"https:\/\/www.iaff.org\/es\/wp-json\/wp\/v2\/media\/95411"}],"wp:attachment":[{"href":"https:\/\/www.iaff.org\/es\/wp-json\/wp\/v2\/media?parent=95409"}],"curies":[{"name":"wp","href":"https:\/\/api.w.org\/{rel}","templated":true}]}}