{"id":95124,"date":"2024-02-26T11:38:12","date_gmt":"2024-02-26T16:38:12","guid":{"rendered":"https:\/\/www.iaff.org\/grupo-de-motocicletas\/historia-de-iaff-mg\/"},"modified":"2025-12-03T14:48:47","modified_gmt":"2025-12-03T19:48:47","slug":"historia-de-iaff-mg","status":"publish","type":"page","link":"https:\/\/www.iaff.org\/es\/grupo-de-motocicletas\/historia-de-iaff-mg\/","title":{"rendered":"Historia de IAFF-MG"},"content":{"rendered":"<section\n\t class=\"secondary-hero align wp-block-acf-secondary-hero\" id=\"secondary-hero_block_d347a5f893bae15c3016fbe8706a3016\">\n\t\n<header\n\tclass=\"w-full u-bg-full-width px-[22px] md:ps-bleed md:pe-0 py-[60px] bg-smoke-5 text-black u-has-rivets u-rivets-dark\"\n\tdata-theme=\"gray\"\n>\n\t<div class=\"flex flex-col !px-0 !max-w-[1440px] w-full lg:!ps-indent\">\n\t\t<div class=\"border-t-[6px] w-full my-0 flex flex-col md:flex-row gap-x-[62px] gap-y-[22px] border-red\">\n\t\t\t\t\t\t\t<div class=\"relative grid md:order-last md:w-1\/2 overflow-hidden place-items-center max-h-[500px]\">\n\t\t\t\t\t<img decoding=\"async\" width=\"240\" height=\"231\" src=\"https:\/\/www.iaff.org\/wp-content\/uploads\/IAFF_Logos\/IAFF-MG-Logo-240x231.png\" class=\"max-w-full\" alt=\"\" srcset=\"https:\/\/www.iaff.org\/wp-content\/uploads\/IAFF_Logos\/IAFF-MG-Logo-240x231.png 240w, https:\/\/www.iaff.org\/wp-content\/uploads\/IAFF_Logos\/IAFF-MG-Logo-300x288.png 300w, https:\/\/www.iaff.org\/wp-content\/uploads\/IAFF_Logos\/IAFF-MG-Logo-1024x985.png 1024w, https:\/\/www.iaff.org\/wp-content\/uploads\/IAFF_Logos\/IAFF-MG-Logo-768x738.png 768w, https:\/\/www.iaff.org\/wp-content\/uploads\/IAFF_Logos\/IAFF-MG-Logo-832x800.png 832w, https:\/\/www.iaff.org\/wp-content\/uploads\/IAFF_Logos\/IAFF-MG-Logo.png 1040w\" sizes=\"(max-width: 240px) 100vw, 240px\" \/>\t\t\t\t<\/div>\n\t\t\t\t\t\t<div class=\"w-full md:w-1\/2 md:py-[45px]\">\n\t\t\t\t<div class=\"max-w-[600px] flex flex-col gap-[22px]\">\n\t\t\t\t\t\t\t\t\t\t\t<h1 class=\"has-[.u-halftone-shadow--dark]:mb-divider has-[.u-halftone-shadow--light]:mb-divider\">\n\t\t\t\t\t\t\t<span class=\"inline-flex text-heading-200 u-halftone-shadow--dark\">\n\t\t\t\t\t\t\t\tNuestra historia\t\t\t\t\t\t\t<\/span>\n\t\t\t\t\t\t<\/h1>\n\t\t\t\t\t\t\t\t\t\t\t\t\t\t\t\t<div class=\"text-body-300 font-sans\">\n\t\t\t\t\t\t\t<p>El 27 de junio de 2005, cerca de 100 miembros de la AIB recorrieron el monte Charleston de Nevada, lanzando oficialmente el Grupo de Motociclistas de la AIB. El viaje inaugural, que sirvi\u00f3 como la primera reuni\u00f3n de miembros, se celebr\u00f3 en conjunto con la Conferencia de SEM de la AIB que se celebr\u00f3 en Las Vegas, Nevada. <\/p>\n\t\t\t\t\t\t<\/div>\n\t\t\t\t\t\t\t\t\t\t\t\t\t\t\t\t\t\t\t\t\t\t\t\t<\/div>\n\t\t\t<\/div>\n\n\t\t<\/div>\n\t\t\t\t\t<div class=\"order-first flex justify-start w-full pb-[22px]\">\n\t\t\t\t<div\n\tclass=\"wp-block-button is-style-tertiary text-smoke is-style-tertiary-back\"\n>\n\t\t\t<a\n\t\t\thref=\"https:\/\/www.iaff.org\/es\/grupo-de-motocicletas\/\"\n\t\t\tclass=\"wp-block-button__link wp-element-button group\"\n\t\t\t\t\t>\n\t\t\t<span\n\t\t\tclass=\"decoration-transparent underline underline-offset-2 group-hover:decoration-inherit group-focus-visible:decoration-inherit transition duration-hover\"\n\t\t>\n\t\t\tGrupo de motocicletas\t\t<\/span>\n\n\t\t<span\n\t\t\tclass=\"bg-inherit transition-colors duration-hover group-hover:bg-gold group-focus:bg-gold inline-flex rotate-180 order-first\"\n\t\t>\n\t\t\t<svg xmlns=\"http:\/\/www.w3.org\/2000\/svg\" width=\"21\" height=\"22\" fill=\"none\" viewBox=\"0 0 21 22\"><path stroke=\"currentColor\" stroke-linecap=\"round\" stroke-width=\"2\" d=\"M20 20.75L20 2.25L1.5 2.25L1.5 20.75L20 20.75Z\" clip-rule=\"evenodd\"\/><path stroke=\"currentColor\" stroke-linecap=\"square\" stroke-width=\"2\" d=\"M14.0883 11.5L6.66406 11.5\"\/><path stroke=\"currentColor\" stroke-linecap=\"square\" stroke-width=\"2\" d=\"M11.0723 7.75205L14.8363 11.5L11.0723 15.248\"\/><\/svg>\t\t<\/span>\n\t<\/a><\/div>\n\t\t\t<\/div>\n\t\t\t<\/div>\n<\/header>\n<\/section>\n<section\n\t class=\"page-blocks iaff-page-blocks align wp-block-acf-page-blocks\" id=\"page-blocks_block_4e16f86b2ae55089915ee4d1867ac8bd\">\n\t<div class=\"acf-innerblocks-container\">\n<div class=\"wp-block-paragraph \">\n<p>M\u00e1s de 5000 miembros de la AIB se han unido al Grupo de Motociclistas desde 2005. Creado a trav\u00e9s de una resoluci\u00f3n en la Convenci\u00f3n de la AIB de 2004, el AIB-MG est\u00e1 dise\u00f1ado para reunir a miembros activos y jubilados y a miembros de afiliados reconocidos de todo el sindicato internacional y para promover el fraternismo entre las filas de la AIB. <\/p>\n<\/div>\n\n<div class=\"wp-block-paragraph \">\n<p>El Grupo de Motociclistas de AIB est\u00e1 abierto a miembros activos y jubilados que posean y conduzcan motocicletas, preferiblemente aquellas fabricadas con mano de obra sindicalizada empleada por una empresa de propiedad y operaci\u00f3n estadounidense o canadiense. El AIB-MG permite la membres\u00eda \u201cdual\u201d con otros clubes y\/o grupos de motocicletas, siempre y cuando no sean clubes del 1%. <\/p>\n<\/div>\n\n\n<h4 class=\"wp-block-heading\">Los colores de IAFF-MG<\/h4>\n\n\n<div class=\"wp-block-paragraph \">\n<p>Mike David, miembro del Local 1271 de Surrey, BC, ha sido propietario de motocicletas desde los 16 a\u00f1os. Comenzando con su primera Honda 125, una BSA 250, Bonny 650, una Harley XR750 flat tracker, una Honda 550 y ahora \u00abGoldie\u00bb, su Harley Road King de 2004. Desde una edad muy temprana, David ha tenido talento para el dibujo. Familiares y amigos siempre le ped\u00edan que dibujara o dise\u00f1ara caricaturas, dise\u00f1os, carteles, camisetas y logotipos. El padre de David es carpintero y constructor de barcos, y David pas\u00f3 innumerables horas en su taller de carpinter\u00eda.    <\/p>\n<\/div>\n\n<div class=\"wp-block-paragraph \">\n<p>En 2005, cuando David escuch\u00f3 que AIB estaba comenzando un grupo de motociclistas, decidi\u00f3 presentar algunos dise\u00f1os y enviarlos. Para sorpresa de David, uno de sus dise\u00f1os fue elegido como el logotipo y los colores oficiales para el AIB-MG. <\/p>\n<\/div>\n\n<div class=\"wp-block-paragraph \">\n<p>Los colores fueron revelados en Las Vegas durante el recorrido inaugural en 2005. Fue un momento de orgullo para David entonces y lo sigue siendo ahora, cada vez que se encuentra con un hermano o hermana vistiendo los colores. <\/p>\n<\/div>\n<\/div><\/section>\n","protected":false},"excerpt":{"rendered":"","protected":false},"featured_media":0,"parent":93840,"menu_order":0,"comment_status":"closed","ping_status":"closed","template":"","meta":{"_acf_changed":false,"_searchwp_excluded":"","inline_featured_image":false,"_EventAllDay":false,"_EventTimezone":"","_EventStartDate":"","_EventEndDate":"","_EventStartDateUTC":"","_EventEndDateUTC":"","_EventShowMap":false,"_EventShowMapLink":false,"_EventURL":"","_EventCost":"","_EventCostDescription":"","_EventCurrencySymbol":"","_EventCurrencyCode":"","_EventCurrencyPosition":"","_EventDateTimeSeparator":"","_EventTimeRangeSeparator":"","_EventOrganizerID":[],"_EventVenueID":[],"_OrganizerEmail":"","_OrganizerPhone":"","_OrganizerWebsite":"","_VenueAddress":"","_VenueCity":"","_VenueCountry":"","_VenueProvince":"","_VenueState":"","_VenueZip":"","_VenuePhone":"","_VenueURL":"","_VenueStateProvince":"","_VenueLat":"","_VenueLng":"","_VenueShowMap":false,"_VenueShowMapLink":false,"footnotes":""},"class_list":["post-95124","page","type-page","status-publish","hentry"],"acf":[],"publishpress_future_workflow_manual_trigger":{"enabledWorkflows":[]},"_links":{"self":[{"href":"https:\/\/www.iaff.org\/es\/wp-json\/wp\/v2\/pages\/95124","targetHints":{"allow":["GET"]}}],"collection":[{"href":"https:\/\/www.iaff.org\/es\/wp-json\/wp\/v2\/pages"}],"about":[{"href":"https:\/\/www.iaff.org\/es\/wp-json\/wp\/v2\/types\/page"}],"author":[{"embeddable":true,"href":"https:\/\/www.iaff.org\/es\/wp-json\/wp\/v2\/users\/3"}],"replies":[{"embeddable":true,"href":"https:\/\/www.iaff.org\/es\/wp-json\/wp\/v2\/comments?post=95124"}],"version-history":[{"count":0,"href":"https:\/\/www.iaff.org\/es\/wp-json\/wp\/v2\/pages\/95124\/revisions"}],"up":[{"embeddable":true,"href":"https:\/\/www.iaff.org\/es\/wp-json\/wp\/v2\/pages\/93840"}],"wp:attachment":[{"href":"https:\/\/www.iaff.org\/es\/wp-json\/wp\/v2\/media?parent=95124"}],"curies":[{"name":"wp","href":"https:\/\/api.w.org\/{rel}","templated":true}]}}