{"id":93856,"date":"2024-02-26T13:34:07","date_gmt":"2024-02-26T18:34:07","guid":{"rendered":"https:\/\/www.iaff.org\/grupo-de-motocicletas\/colores-parches-y-otras-insignias-de-iaff-mg\/"},"modified":"2025-12-03T14:47:41","modified_gmt":"2025-12-03T19:47:41","slug":"colores-parches-y-otras-insignias-de-iaff-mg","status":"publish","type":"page","link":"https:\/\/www.iaff.org\/es\/grupo-de-motocicletas\/colores-parches-y-otras-insignias-de-iaff-mg\/","title":{"rendered":"Colores, parches y otras insignias de IAFF-MG"},"content":{"rendered":"<section\n\t class=\"secondary-hero align wp-block-acf-secondary-hero\" id=\"secondary-hero_block_3e0bf053b6240abf4ebcf4b048470e40\">\n\t\n<header\n\tclass=\"w-full u-bg-full-width px-[22px] md:ps-bleed md:pe-0 py-[60px] bg-smoke-5 text-black u-has-rivets u-rivets-dark\"\n\tdata-theme=\"gray\"\n>\n\t<div class=\"flex flex-col !px-0 !max-w-[1440px] w-full lg:!ps-indent\">\n\t\t<div class=\"border-t-[6px] w-full my-0 flex flex-col md:flex-row gap-x-[62px] gap-y-[22px] border-red\">\n\t\t\t\t\t\t\t<div class=\"relative grid md:order-last md:w-1\/2 overflow-hidden place-items-center aspect-[157\/105]\">\n\t\t\t\t\t<img decoding=\"async\" width=\"575\" height=\"384\" src=\"https:\/\/www.iaff.org\/wp-content\/uploads\/Motorcycle_Group\/MG-about-us.jpeg\" class=\"absolute object-cover min-w-full h-full\" alt=\"\" srcset=\"https:\/\/www.iaff.org\/wp-content\/uploads\/Motorcycle_Group\/MG-about-us.jpeg 575w, https:\/\/www.iaff.org\/wp-content\/uploads\/Motorcycle_Group\/MG-about-us-300x200.jpeg 300w, https:\/\/www.iaff.org\/wp-content\/uploads\/Motorcycle_Group\/MG-about-us-240x160.jpeg 240w\" sizes=\"(max-width: 575px) 100vw, 575px\" \/>\t\t\t\t<\/div>\n\t\t\t\t\t\t<div class=\"w-full md:w-1\/2 md:py-[45px]\">\n\t\t\t\t<div class=\"max-w-[600px] flex flex-col gap-[22px]\">\n\t\t\t\t\t\t\t\t\t\t\t<h1 class=\"has-[.u-halftone-shadow--dark]:mb-divider has-[.u-halftone-shadow--light]:mb-divider\">\n\t\t\t\t\t\t\t<span class=\"inline-flex text-heading-200 u-halftone-shadow--dark\">\n\t\t\t\t\t\t\t\tColores, parches y otras insignias de IAFF-MG\t\t\t\t\t\t\t<\/span>\n\t\t\t\t\t\t<\/h1>\n\t\t\t\t\t\t\t\t\t\t\t\t\t\t\t\t<div class=\"text-body-300 font-sans\">\n\t\t\t\t\t\t\t<p>Los \u00abcolores\u00bb de la AIB-MG se han definido como todos los parches e insignias emitidos a los miembros por la AIB-MG. Los colores de la AIB-MG incluyen el logotipo de la AIB, alas de \u00e1guila, dos hachas cruzadas con las banderas estadounidense y canadiense, un arco superior con la frase \u00abfire fighters\u00bb y un arco inferior con el n\u00famero de distrito del miembro de la AIB-MG. <\/p>\n\t\t\t\t\t\t<\/div>\n\t\t\t\t\t\t\t\t\t\t\t\t\t\t\t\t\t\t\t\t\t\t\t\t\t\t\t<div class=\"flex flex-wrap gap-[30px]\">\n\t\t\t\t\t\t\t\t\t\t\t\t\t\t\t<!-- Renders the same as core\/button with a specific style -->\n\t<div\n\t\tclass=\"wp-block-button track-button-primary is-style-primary-red\"\n\t>\n\t\t<a\n\t\t\tclass=\"wp-block-button__link wp-element-button cursor-pointer dlm-no-xhr-download track-hero-secondary-cta md:w-auto min-w-[156px]\"\n\t\t\t\t\t\t\thref=\"https:\/\/www.iaff.org\/wp-content\/uploads\/Motorcycle_Group\/IAFF-MG-Patch-placement-guide-scaled.jpeg\"\n\t\t\t\t\t\t\t\t\ttarget=\"_blank\"\n\t\t\t\t\trel=\"nofollow noopener\"\n\t\t\t\t\t\t\t\t\t>\n\t\t\tGu\u00eda de colocaci\u00f3n\t\t<\/a>\n\t<\/div>\n\t\t\t\t\t\t\t\t\t\t\t\t\t<\/div>\n\t\t\t\t\t\t\t\t\t\t\t\t\t\t<\/div>\n\t\t\t<\/div>\n\n\t\t<\/div>\n\t\t\t\t\t<div class=\"order-first flex justify-start w-full pb-[22px]\">\n\t\t\t\t<div\n\tclass=\"wp-block-button is-style-tertiary text-smoke is-style-tertiary-back\"\n>\n\t\t\t<a\n\t\t\thref=\"https:\/\/www.iaff.org\/es\/grupo-de-motocicletas\/\"\n\t\t\tclass=\"wp-block-button__link wp-element-button group\"\n\t\t\t\t\t>\n\t\t\t<span\n\t\t\tclass=\"decoration-transparent underline underline-offset-2 group-hover:decoration-inherit group-focus-visible:decoration-inherit transition duration-hover\"\n\t\t>\n\t\t\tGrupo de motocicletas\t\t<\/span>\n\n\t\t<span\n\t\t\tclass=\"bg-inherit transition-colors duration-hover group-hover:bg-gold group-focus:bg-gold inline-flex rotate-180 order-first\"\n\t\t>\n\t\t\t<svg xmlns=\"http:\/\/www.w3.org\/2000\/svg\" width=\"21\" height=\"22\" fill=\"none\" viewBox=\"0 0 21 22\"><path stroke=\"currentColor\" stroke-linecap=\"round\" stroke-width=\"2\" d=\"M20 20.75L20 2.25L1.5 2.25L1.5 20.75L20 20.75Z\" clip-rule=\"evenodd\"\/><path stroke=\"currentColor\" stroke-linecap=\"square\" stroke-width=\"2\" d=\"M14.0883 11.5L6.66406 11.5\"\/><path stroke=\"currentColor\" stroke-linecap=\"square\" stroke-width=\"2\" d=\"M11.0723 7.75205L14.8363 11.5L11.0723 15.248\"\/><\/svg>\t\t<\/span>\n\t<\/a><\/div>\n\t\t\t<\/div>\n\t\t\t<\/div>\n<\/header>\n<\/section>\n<section\n\t class=\"page-blocks iaff-page-blocks align wp-block-acf-page-blocks\" id=\"page-blocks_block_372849ab752ee88698d692fdc5e64d82\">\n\t<div class=\"acf-innerblocks-container\">\n<div class=\"wp-block-paragraph \">\n<p><strong>Miembros fundadores de IAFF-MG:<\/strong> Los miembros fundadores de IAFF-MG son aquellos miembros que se unieron a IAFF-MG el 31 de diciembre de 2006 o antes. Con este reconocimiento, el miembro de IAFF-MG tiene el derecho de llevar un parche de \u201cmiembro fundador\u201d en la parte frontal del chaleco o chaqueta como se describe a continuaci\u00f3n. <\/p>\n<\/div>\n\n<div class=\"wp-block-paragraph \">\n<p><strong>Miembros vitalicios de IAFF-MG:<\/strong> Los miembros vitalicios de IAFF-MG son miembros que han completado 10 a\u00f1os consecutivos de membres\u00eda con IAFF-MG. Los miembros vitalicios recibir\u00e1n autorizaci\u00f3n para llevar su parche de Miembro Vitalicio en la parte frontal de su chaleco como se describe a continuaci\u00f3n. <\/p>\n<\/div>\n\n<div class=\"wp-block-paragraph \">\n<p><strong>Nuevos miembros de IAFF-MG:<\/strong> Para obtener sus Colores de IAFF-MG, puede solicitarlos a trav\u00e9s del <a href=\"https:\/\/www.iaff.org\/motorcycle-group\/colors\/order\/\" data-type=\"page\" data-id=\"64438\">Formulario en l\u00ednea<\/a>. Si tiene alguna pregunta sobre los Colores de IAFF-MG, por favor llame o env\u00ede un correo electr\u00f3nico al Vicepresidente de IAFF-MG, Michael Crouse, al <a href=\"tel:+12074396214\">(207) 439-6214<\/a>, o <a href=\"mailto:mcrouse@iaff.org\">mcrouse@iaff.org<\/a> de lunes a viernes de 9 a 5 EST. <\/p>\n<\/div>\n\n\n<h3 class=\"wp-block-heading\">Parche de membres\u00eda dual de IAFF-MG<\/h3>\n\n\n<div class=\"wp-block-paragraph \">\n<p>Un parche de miembro dual de IAFF-MG est\u00e1 disponible para los miembros de IAFF-MG que pertenecen a otros clubes o grupos de motociclistas autorizados y eligen llevar los colores de ambos clubes\/grupos.<\/p>\n<\/div>\n\n<div class=\"wp-block-paragraph \">\n<p>A los miembros de IAFF-MG se les proh\u00edbe expresamente iniciar o mantener membres\u00eda en cualquier club\/grupo de motociclistas considerado un club\/grupo \u201cfuera de la ley\u201d; sin embargo, los miembros de IAFF-MG tienen permitido mantener su afiliaci\u00f3n con A.M.A., H.O.G. y A.B.A.T.E., as\u00ed como con otros clubes\/grupos que no se consideren fuera de la ley.<\/p>\n<\/div>\n\n<div class=\"wp-block-paragraph \">\n<p>Muestre su apoyo a IAFF-MG llevando el parche de miembro dual en su chaleco hoy. El parche debe llevarse en el lado frontal izquierdo de un chaleco o chaqueta. El parche de miembro dual cuesta $35 y los miembros de IAFF-MG pueden solicitar los parches a trav\u00e9s del <a href=\"https:\/\/www.iaff.org\/motorcycle-group\/colors\/order\/\" data-type=\"page\" data-id=\"64438\">Formulario en l\u00ednea<\/a> o llamando al <a href=\"tel:+18005625766\">(800) 562-5766<\/a>.  <\/p>\n<\/div>\n<\/div><\/section>\n","protected":false},"excerpt":{"rendered":"","protected":false},"featured_media":0,"parent":93840,"menu_order":0,"comment_status":"closed","ping_status":"closed","template":"","meta":{"_acf_changed":false,"_searchwp_excluded":"","inline_featured_image":false,"_EventAllDay":false,"_EventTimezone":"","_EventStartDate":"","_EventEndDate":"","_EventStartDateUTC":"","_EventEndDateUTC":"","_EventShowMap":false,"_EventShowMapLink":false,"_EventURL":"","_EventCost":"","_EventCostDescription":"","_EventCurrencySymbol":"","_EventCurrencyCode":"","_EventCurrencyPosition":"","_EventDateTimeSeparator":"","_EventTimeRangeSeparator":"","_EventOrganizerID":[],"_EventVenueID":[],"_OrganizerEmail":"","_OrganizerPhone":"","_OrganizerWebsite":"","_VenueAddress":"","_VenueCity":"","_VenueCountry":"","_VenueProvince":"","_VenueState":"","_VenueZip":"","_VenuePhone":"","_VenueURL":"","_VenueStateProvince":"","_VenueLat":"","_VenueLng":"","_VenueShowMap":false,"_VenueShowMapLink":false,"footnotes":""},"class_list":["post-93856","page","type-page","status-publish","hentry"],"acf":[],"publishpress_future_workflow_manual_trigger":{"enabledWorkflows":[]},"_links":{"self":[{"href":"https:\/\/www.iaff.org\/es\/wp-json\/wp\/v2\/pages\/93856","targetHints":{"allow":["GET"]}}],"collection":[{"href":"https:\/\/www.iaff.org\/es\/wp-json\/wp\/v2\/pages"}],"about":[{"href":"https:\/\/www.iaff.org\/es\/wp-json\/wp\/v2\/types\/page"}],"author":[{"embeddable":true,"href":"https:\/\/www.iaff.org\/es\/wp-json\/wp\/v2\/users\/3"}],"replies":[{"embeddable":true,"href":"https:\/\/www.iaff.org\/es\/wp-json\/wp\/v2\/comments?post=93856"}],"version-history":[{"count":0,"href":"https:\/\/www.iaff.org\/es\/wp-json\/wp\/v2\/pages\/93856\/revisions"}],"up":[{"embeddable":true,"href":"https:\/\/www.iaff.org\/es\/wp-json\/wp\/v2\/pages\/93840"}],"wp:attachment":[{"href":"https:\/\/www.iaff.org\/es\/wp-json\/wp\/v2\/media?parent=93856"}],"curies":[{"name":"wp","href":"https:\/\/api.w.org\/{rel}","templated":true}]}}