{"id":93853,"date":"2024-02-26T13:23:11","date_gmt":"2024-02-26T18:23:11","guid":{"rendered":"https:\/\/www.iaff.org\/grupo-de-motocicletas\/preguntas-frecuentes-sobre-iaff-mg\/"},"modified":"2025-12-03T14:48:10","modified_gmt":"2025-12-03T19:48:10","slug":"preguntas-frecuentes-sobre-iaff-mg","status":"publish","type":"page","link":"https:\/\/www.iaff.org\/es\/grupo-de-motocicletas\/preguntas-frecuentes-sobre-iaff-mg\/","title":{"rendered":"Preguntas frecuentes sobre IAFF-MG"},"content":{"rendered":"<section\n\t class=\"secondary-hero align wp-block-acf-secondary-hero\" id=\"secondary-hero_block_153760692bc7239a0b595b1df45555d5\">\n\t\n<header\n\tclass=\"w-full u-bg-full-width px-[22px] md:ps-bleed md:pe-0 py-[60px] bg-smoke-5 text-black u-has-rivets u-rivets-dark\"\n\tdata-theme=\"gray\"\n>\n\t<div class=\"flex flex-col !px-0 !max-w-[1440px] w-full lg:!ps-indent\">\n\t\t<div class=\"border-t-[6px] w-full my-0 flex flex-col md:flex-row gap-x-[62px] gap-y-[22px] border-red\">\n\t\t\t\t\t\t<div class=\"w-full md:w-1\/2 md:py-[45px]\">\n\t\t\t\t<div class=\"max-w-[600px] flex flex-col gap-[22px]\">\n\t\t\t\t\t\t\t\t\t\t\t<h1 class=\"has-[.u-halftone-shadow--dark]:mb-divider has-[.u-halftone-shadow--light]:mb-divider pt-[22px] md:pt-0\">\n\t\t\t\t\t\t\t<span class=\"inline-flex text-heading-200 u-halftone-shadow--dark\">\n\t\t\t\t\t\t\t\tPREGUNTAS FRECUENTES\t\t\t\t\t\t\t<\/span>\n\t\t\t\t\t\t<\/h1>\n\t\t\t\t\t\t\t\t\t\t\t\t\t\t\t\t\t\t\t\t\t\t\t\t\t\t\t\t\t<\/div>\n\t\t\t<\/div>\n\n\t\t<\/div>\n\t\t\t\t\t<div class=\"order-first flex justify-start w-full pb-[22px]\">\n\t\t\t\t<div\n\tclass=\"wp-block-button is-style-tertiary text-smoke is-style-tertiary-back\"\n>\n\t\t\t<a\n\t\t\thref=\"https:\/\/www.iaff.org\/es\/grupo-de-motocicletas\/\"\n\t\t\tclass=\"wp-block-button__link wp-element-button group\"\n\t\t\t\t\t>\n\t\t\t<span\n\t\t\tclass=\"decoration-transparent underline underline-offset-2 group-hover:decoration-inherit group-focus-visible:decoration-inherit transition duration-hover\"\n\t\t>\n\t\t\tGrupo de motocicletas\t\t<\/span>\n\n\t\t<span\n\t\t\tclass=\"bg-inherit transition-colors duration-hover group-hover:bg-gold group-focus:bg-gold inline-flex rotate-180 order-first\"\n\t\t>\n\t\t\t<svg xmlns=\"http:\/\/www.w3.org\/2000\/svg\" width=\"21\" height=\"22\" fill=\"none\" viewBox=\"0 0 21 22\"><path stroke=\"currentColor\" stroke-linecap=\"round\" stroke-width=\"2\" d=\"M20 20.75L20 2.25L1.5 2.25L1.5 20.75L20 20.75Z\" clip-rule=\"evenodd\"\/><path stroke=\"currentColor\" stroke-linecap=\"square\" stroke-width=\"2\" d=\"M14.0883 11.5L6.66406 11.5\"\/><path stroke=\"currentColor\" stroke-linecap=\"square\" stroke-width=\"2\" d=\"M11.0723 7.75205L14.8363 11.5L11.0723 15.248\"\/><\/svg>\t\t<\/span>\n\t<\/a><\/div>\n\t\t\t<\/div>\n\t\t\t<\/div>\n<\/header>\n<\/section>\n\n<details class=\"wp-block-details is-layout-flow wp-block-details-is-layout-flow\" open><summary>\u00bfC\u00f3mo puedo afiliarme a IAFF-MG y abonar mis cuotas?<\/summary><div class=\"wp-block-paragraph \">\n<p>La afiliaci\u00f3n est\u00e1 abierta a los miembros activos de la AIB, a los miembros activos jubilados de la AIB, a los miembros de <a href=\"https:\/\/www.iaff.org\/es\/alumnos-de-iaff\/\">IAFF Alumni<\/a> o a los miembros del personal de la sede de la AIB.<\/p>\n<\/div>\n\n<div class=\"wp-block-paragraph \">\n<p>Para unirse a la AIB-MG en l\u00ednea, primero debe crear un nombre de usuario (si a\u00fan no tiene uno) a trav\u00e9s del <a href=\"https:\/\/my.iaff.org\/\" target=\"_blank\" rel=\"noreferrer noopener\">sitio web de la AIB<\/a>.<\/p>\n<\/div>\n\n<div class=\"wp-block-paragraph \">\n<p><span style=\"text-decoration: underline;\">Nota<\/span>: Si ya tiene su nombre de usuario\/contrase\u00f1a de la AIB, visite la p\u00e1gina web de la AIB-MG y siga las instrucciones que se indican a continuaci\u00f3n para unirse y pagar sus cuotas de la AIB-MG.<\/p>\n<\/div>\n\n<div class=\"wp-block-paragraph \">\n<p>Para crear un nombre de usuario de miembro de la AIB, necesitar\u00e1 su n\u00famero de local y su n\u00famero de identificaci\u00f3n de miembro de la AIB de siete d\u00edgitos. Puede encontrar su n\u00famero de identificaci\u00f3n de miembro de la AIB en su tarjeta de identificaci\u00f3n de la AIB o ponerse en contacto con <a href=\"mailto:membership@iaff.org\">membership@iaff.org<\/a>. <\/p>\n<\/div><\/details>\n\n<details class=\"wp-block-details is-layout-flow wp-block-details-is-layout-flow\"><summary>Pago de cuotas en l\u00ednea<\/summary><div class=\"wp-block-paragraph \">\n<p>Tras iniciar sesi\u00f3n en el sitio web de IAFF, encontrar\u00e1 la pesta\u00f1a <strong>Cuotas\/Suscripciones<\/strong> en la parte superior derecha de la p\u00e1gina de perfil del miembro. Haga clic en la pesta\u00f1a y siga las instrucciones para abonar sus nuevas cuotas de miembro de IAFF-MG.  <\/p>\n<\/div>\n\n<div class=\"wp-block-paragraph \">\n<p>Las cuotas anuales de IAFF-MG son actualmente de $100 por a\u00f1o. Los miembros de IAFF-MG afiliados a un cap\u00edtulo local o estatal\/provincial establecido de IAFF-MG est\u00e1n obligados a abonar sus cuotas directamente a su respectivo cap\u00edtulo. El cap\u00edtulo local o estatal\/provincial de IAFF-MG remitir\u00e1 entonces las cuotas de sus miembros (activos, asociados y\/o vitalicios) directamente a IAFF-MG.  <\/p>\n<\/div>\n\n<div class=\"wp-block-paragraph \">\n<p>Despu\u00e9s de pagar sus cuotas en l\u00ednea, recibir\u00e1 un correo electr\u00f3nico confirmando su transacci\u00f3n. Si tiene problemas o preguntas sobre el pago de sus cuotas en l\u00ednea, por favor llame al Departamento de Contabilidad de IAFF al <a href=\"tel:+12027378484\">(202) 737-8484<\/a>. <\/p>\n<\/div><\/details>\n\n<details class=\"wp-block-details is-layout-flow wp-block-details-is-layout-flow\"><summary>\u00bfQu\u00e9 incluyen mis cuotas?<\/summary><div class=\"wp-block-paragraph \">\n<p>Sus cuotas se utilizan para los gastos administrativos necesarios para llevar a cabo las operaciones diarias de la AIB-MG y para apoyar los eventos anuales de la AIB-MG en todo Estados Unidos y Canad\u00e1, incluyendo nuestra concentraci\u00f3n internacional anual de motocicletas. Este dinero permanecer\u00e1 en la MG y no se reasignar\u00e1 a otros programas de la AIB. <\/p>\n<\/div>\n\n<div class=\"wp-block-paragraph \">\n<p>La AIB-MG debe ser autosuficiente, tal y como exige la resoluci\u00f3n aprobada en la Convenci\u00f3n de la AIB de 2004. Las cuotas de la AIB-MG son independientes de las cuotas de la AIB. <\/p>\n<\/div><\/details>\n\n<details class=\"wp-block-details is-layout-flow wp-block-details-is-layout-flow\"><summary>\u00bfCon qu\u00e9 frecuencia debo abonar mis cuotas?<\/summary><div class=\"wp-block-paragraph \">\n<p>Las cuotas se pagan anualmente en su mes de aniversario (\u201cMiembro desde\u201d). Puede pagar sus cuotas en l\u00ednea a trav\u00e9s del sitio web de AIB. Si tiene problemas para pagar sus cuotas en l\u00ednea, puede llamar al Departamento de Contabilidad de AIB al <a href=\"tel:+12027378484\">(202) 737-8484<\/a>. El AIB-MG env\u00eda los avisos de renovaci\u00f3n electr\u00f3nicamente a todos los miembros de AIB-MG antes del inicio de cada a\u00f1o fiscal, con recordatorios enviados durante todo el a\u00f1o.   <\/p>\n<\/div><\/details>\n\n<details class=\"wp-block-details is-layout-flow wp-block-details-is-layout-flow\"><summary>\u00bfPuedo unirme a IAFF-MG si no poseo una motocicleta?<\/summary><div class=\"wp-block-paragraph \">\n<p>S\u00ed, puede unirse a IAFF-MG. No es necesario poseer una motocicleta para unirse a IAFF-MG. <\/p>\n<\/div><\/details>\n\n<details class=\"wp-block-details is-layout-flow wp-block-details-is-layout-flow\"><summary>\u00bfTengo que poseer una motocicleta Harley Davidson?<\/summary><div class=\"wp-block-paragraph \">\n<p>No. Si bien la pol\u00edtica de la AIB-MG anima a los miembros a comprar y montar motocicletas de \u201cfabricaci\u00f3n sindical\u201d fabricadas en Estados Unidos o Canad\u00e1, no es un requisito. Pero, de nuevo, poseer una motocicleta no es un requisito. Todo lo que necesita es el deseo de compartir y promover la AIB y la AIB-MG a los dem\u00e1s.   <\/p>\n<\/div><\/details>\n\n<details class=\"wp-block-details is-layout-flow wp-block-details-is-layout-flow\"><summary>\u00bfTengo que conducir una motocicleta de estilo callejero\/crucero?<\/summary><div class=\"wp-block-paragraph \">\n<p>\u00a1No! Muchos de nuestros miembros conducen motocicletas de doble prop\u00f3sito o de estilo aventurero. Estamos m\u00e1s que felices de ayudar a los miembros a organizar eventos fuera de carretera en su distrito.  <\/p>\n<\/div><\/details>\n\n<details class=\"wp-block-details is-layout-flow wp-block-details-is-layout-flow\"><summary>\u00bfIAFF-MG tiene Membres\u00eda Asociada?<\/summary><div class=\"wp-block-paragraph \">\n<p>S\u00ed, IAFF-MG ofrece membres\u00eda asociada a familiares inmediatos y parejas significativas de miembros de IAFF-MG. Aquellos que buscan membres\u00eda asociada en IAFF-MG deben ser patrocinados por un miembro de IAFF-MG. Las cuotas para la membres\u00eda asociada son actualmente de $50 anuales. Los miembros asociados de IAFF-MG est\u00e1n autorizados a usar solo la parte \u201ccentral\u201d y el Rocker Inferior de los Colores de IAFF-MG.   <\/p>\n<\/div><\/details>\n\n<details class=\"wp-block-details is-layout-flow wp-block-details-is-layout-flow\"><summary>\u00bfTengo que ser miembro de IAFF-MG para comprar los colores o mercanc\u00eda?<\/summary><div class=\"wp-block-paragraph \">\n<p>S\u00ed y No&#8230; Es un requisito ser miembro de IAFF-MG para comprar y usar los colores de IAFF-MG, pero no tiene que ser miembro de IAFF-MG para comprar mercanc\u00eda de IAFF-MG. No tiene que comprar colores para pertenecer a IAFF-MG. <\/p>\n<\/div><\/details>\n\n<details class=\"wp-block-details is-layout-flow wp-block-details-is-layout-flow\"><summary>\u00bfC\u00f3mo puedo pedir mis colores de IAFF-MG y otra mercanc\u00eda de IAFF-MG?<\/summary><div class=\"wp-block-paragraph \">\n<p>Los miembros de IAFF-MG pueden pedir Colores de IAFF-MG completando este <a href=\"https:\/\/www.iaff.org\/motorcycle-group\/colors\/order\/\">Pedido de Compra<\/a> o enviando un correo electr\u00f3nico al <a href=\"https:\/\/www.iaff.org\/motorcycle-group-staging\/#contact-us\">Vicepresidente de IAFF-MG<\/a>.<\/p>\n<\/div><\/details>\n\n<details class=\"wp-block-details is-layout-flow wp-block-details-is-layout-flow\"><summary>\u00bfC\u00f3mo deber\u00eda ser mi chaleco de IAFF-MG?<\/summary><div class=\"wp-block-paragraph \">\n<p>Visite los <a href=\"https:\/\/www.iaff.org\/es\/grupo-de-motocicletas\/colores-parches-y-otras-insignias-de-iaff-mg\/\" data-type=\"page\" data-id=\"64357\">Colores de IAFF-MG<\/a> o contacte al <a href=\"https:\/\/www.iaff.org\/es\/grupo-de-motocicletas\/miembros-del-comite-iaff-mg\/\" data-type=\"page\" data-id=\"64280\">miembro del Comit\u00e9 Permanente<\/a> de IAFF-MG que representa a su Distrito o enviando un correo electr\u00f3nico al <a href=\"mailto:mcrouse@iaff.org\">Vicepresidente de IAFF-MG.<\/a><\/p>\n<\/div><\/details>\n\n<details class=\"wp-block-details is-layout-flow wp-block-details-is-layout-flow\"><summary>\u00bfQu\u00e9 significa \u201cmiembro fundador\u201d?<\/summary><div class=\"wp-block-paragraph \">\n<p>Esta designaci\u00f3n es para miembros que se unieron a IAFF-MG antes del 31 de diciembre de 2006. Estos miembros pueden comprar y usar mercanc\u00eda con esta designaci\u00f3n. Tambi\u00e9n aparece en su tarjeta de membres\u00eda de IAFF-MG. No se est\u00e1n a\u00f1adiendo miembros fundadores despu\u00e9s del 31 de diciembre de 2006.   <\/p>\n<\/div><\/details>\n\n<details class=\"wp-block-details is-layout-flow wp-block-details-is-layout-flow\"><summary>\u00bfC\u00f3mo se coordinan los eventos de IAFF-MG?<\/summary><div class=\"wp-block-paragraph \">\n<p>Seg\u00fan la pol\u00edtica de la AIB-MG, el Presidente General de la AIB (tambi\u00e9n Presidente del Grupo de Motocicletas), con la aportaci\u00f3n de cada Vicepresidente de Distrito de la AIB, nombra a un miembro de cada uno de los 16 distritos de la AIB para que forme parte del Comit\u00e9 Permanente de la AIB-MG. Estos miembros del Comit\u00e9 Permanente son responsables de coordinar al menos dos eventos de la AIB-MG en sus respectivos distritos cada a\u00f1o, adem\u00e1s de participar en otros eventos o salidas en motocicleta a nivel local. <\/p>\n<\/div><\/details>\n\n<details class=\"wp-block-details is-layout-flow wp-block-details-is-layout-flow\"><summary>\u00bfPodemos iniciar un cap\u00edtulo local, estatal o provincial?<\/summary><div class=\"wp-block-paragraph \">\n<p>S\u00ed. Para promover a\u00fan m\u00e1s el objetivo de fomentar el fraternismo entre los miembros de la AIB-MG en las Secciones Locales, estados y provincias, y para apoyar las actividades ben\u00e9ficas de la AIB<s>,<\/s> la AIB-MG ahora ofrece establecer Secciones Locales, estatales o provinciales de la AIB-MG. P\u00f3ngase en contacto con el miembro del Comit\u00e9 Permanente de su respectivo distrito o con el <a href=\"mailto:mcrouse@iaff.org\">Vicepresidente de la AIB-MG<\/a> para obtener m\u00e1s informaci\u00f3n.  <\/p>\n<\/div><\/details>\n","protected":false},"excerpt":{"rendered":"","protected":false},"featured_media":0,"parent":93840,"menu_order":0,"comment_status":"closed","ping_status":"closed","template":"","meta":{"_acf_changed":false,"_searchwp_excluded":"","inline_featured_image":false,"_EventAllDay":false,"_EventTimezone":"","_EventStartDate":"","_EventEndDate":"","_EventStartDateUTC":"","_EventEndDateUTC":"","_EventShowMap":false,"_EventShowMapLink":false,"_EventURL":"","_EventCost":"","_EventCostDescription":"","_EventCurrencySymbol":"","_EventCurrencyCode":"","_EventCurrencyPosition":"","_EventDateTimeSeparator":"","_EventTimeRangeSeparator":"","_EventOrganizerID":[],"_EventVenueID":[],"_OrganizerEmail":"","_OrganizerPhone":"","_OrganizerWebsite":"","_VenueAddress":"","_VenueCity":"","_VenueCountry":"","_VenueProvince":"","_VenueState":"","_VenueZip":"","_VenuePhone":"","_VenueURL":"","_VenueStateProvince":"","_VenueLat":"","_VenueLng":"","_VenueShowMap":false,"_VenueShowMapLink":false,"footnotes":""},"class_list":["post-93853","page","type-page","status-publish","hentry"],"acf":[],"publishpress_future_workflow_manual_trigger":{"enabledWorkflows":[]},"_links":{"self":[{"href":"https:\/\/www.iaff.org\/es\/wp-json\/wp\/v2\/pages\/93853","targetHints":{"allow":["GET"]}}],"collection":[{"href":"https:\/\/www.iaff.org\/es\/wp-json\/wp\/v2\/pages"}],"about":[{"href":"https:\/\/www.iaff.org\/es\/wp-json\/wp\/v2\/types\/page"}],"author":[{"embeddable":true,"href":"https:\/\/www.iaff.org\/es\/wp-json\/wp\/v2\/users\/3"}],"replies":[{"embeddable":true,"href":"https:\/\/www.iaff.org\/es\/wp-json\/wp\/v2\/comments?post=93853"}],"version-history":[{"count":0,"href":"https:\/\/www.iaff.org\/es\/wp-json\/wp\/v2\/pages\/93853\/revisions"}],"up":[{"embeddable":true,"href":"https:\/\/www.iaff.org\/es\/wp-json\/wp\/v2\/pages\/93840"}],"wp:attachment":[{"href":"https:\/\/www.iaff.org\/es\/wp-json\/wp\/v2\/media?parent=93853"}],"curies":[{"name":"wp","href":"https:\/\/api.w.org\/{rel}","templated":true}]}}