{"id":93787,"date":"2024-02-09T14:31:30","date_gmt":"2024-02-09T19:31:30","guid":{"rendered":"https:\/\/www.iaff.org\/conferencia-legislativa-de-canada\/"},"modified":"2026-04-09T15:47:04","modified_gmt":"2026-04-09T19:47:04","slug":"conferencia-legislativa-de-canada","status":"publish","type":"page","link":"https:\/\/www.iaff.org\/es\/conferencia-legislativa-de-canada\/","title":{"rendered":"Conferencia Legislativa de Canad\u00e1"},"content":{"rendered":"<section\n\t class=\"secondary-hero align wp-block-acf-secondary-hero\" id=\"secondary-hero_block_e5ad78f90f0e08dd4a18e90235efeb9c\">\n\t\n<header\n\tclass=\"w-full u-bg-full-width px-[22px] md:ps-bleed md:pe-0 py-[60px] bg-smoke-5 text-black u-has-rivets u-rivets-dark\"\n\tdata-theme=\"gray\"\n>\n\t<div class=\"flex flex-col !px-0 !max-w-[1440px] w-full lg:!ps-indent\">\n\t\t<div class=\"border-t-[6px] w-full my-0 flex flex-col md:flex-row gap-x-[62px] gap-y-[22px] border-red\">\n\t\t\t\t\t\t\t<div class=\"relative grid md:order-last md:w-1\/2 overflow-hidden place-items-center aspect-[157\/105]\">\n\t\t\t\t\t<img decoding=\"async\" width=\"1204\" height=\"800\" src=\"https:\/\/www.iaff.org\/wp-content\/uploads\/2024\/02\/23_IAFF-30th-500-e1708113933849-1204x800.jpg\" class=\"absolute object-cover min-w-full h-full\" alt=\"\" srcset=\"https:\/\/www.iaff.org\/wp-content\/uploads\/2024\/02\/23_IAFF-30th-500-e1708113933849-1204x800.jpg 1204w, https:\/\/www.iaff.org\/wp-content\/uploads\/2024\/02\/23_IAFF-30th-500-e1708113933849-300x199.jpg 300w, https:\/\/www.iaff.org\/wp-content\/uploads\/2024\/02\/23_IAFF-30th-500-e1708113933849-1024x680.jpg 1024w, https:\/\/www.iaff.org\/wp-content\/uploads\/2024\/02\/23_IAFF-30th-500-e1708113933849-768x510.jpg 768w, https:\/\/www.iaff.org\/wp-content\/uploads\/2024\/02\/23_IAFF-30th-500-e1708113933849-1536x1021.jpg 1536w, https:\/\/www.iaff.org\/wp-content\/uploads\/2024\/02\/23_IAFF-30th-500-e1708113933849-240x159.jpg 240w, https:\/\/www.iaff.org\/wp-content\/uploads\/2024\/02\/23_IAFF-30th-500-e1708113933849-1219x810.jpg 1219w, https:\/\/www.iaff.org\/wp-content\/uploads\/2024\/02\/23_IAFF-30th-500-e1708113933849.jpg 1776w\" sizes=\"(max-width: 1204px) 100vw, 1204px\" \/>\t\t\t\t<\/div>\n\t\t\t\t\t\t<div class=\"w-full md:w-1\/2 md:py-[45px]\">\n\t\t\t\t<div class=\"max-w-[600px] flex flex-col gap-[22px]\">\n\t\t\t\t\t\t\t\t\t\t\t<h1 class=\"has-[.u-halftone-shadow--dark]:mb-divider has-[.u-halftone-shadow--light]:mb-divider\">\n\t\t\t\t\t\t\t<span class=\"inline-flex text-heading-200 u-halftone-shadow--dark\">\n\t\t\t\t\t\t\t\tConferencia Legislativa de Canad\u00e1\t\t\t\t\t\t\t<\/span>\n\t\t\t\t\t\t<\/h1>\n\t\t\t\t\t\t\t\t\t\t\t\t\t\t\t\t<div class=\"text-body-300 font-sans\">\n\t\t\t\t\t\t\t<p>En la Conferencia Legislativa Canadiense de la IAFF, tendr\u00e1 la oportunidad de hacer o\u00edr su voz sobre los asuntos que importan a los bomberos y param\u00e9dicos de todo Canad\u00e1. Se le informar\u00e1 sobre nuestra agenda legislativa actual, conectar\u00e1 con sus compa\u00f1eros y mentores y abogar\u00e1 directamente ante los diputados y senadores. <\/p>\n\t\t\t\t\t\t<\/div>\n\t\t\t\t\t\t\t\t\t\t\t\t\t\t\t\t\t\t\t\t\t\t\t\t\t\t\t\t\t\t\t<div  class=\"text-label-100 inline-flex gap-3 items-center track-hero-meta\">\t<svg xmlns=\"http:\/\/www.w3.org\/2000\/svg\" width=\"19\" height=\"22\" fill=\"none\" viewBox=\"0 0 19 22\"><path stroke=\"currentColor\" stroke-linecap=\"square\" stroke-width=\"2\" d=\"M1.08496 8.59898H17.5722\"\/><path stroke=\"currentColor\" stroke-linecap=\"square\" stroke-width=\"2\" d=\"M13.433 12.2115H13.4415\"\/><path stroke=\"currentColor\" stroke-linecap=\"square\" stroke-width=\"2\" d=\"M9.32847 12.2115H9.33704\"\/><path stroke=\"currentColor\" stroke-linecap=\"square\" stroke-width=\"2\" d=\"M5.21519 12.2115H5.22376\"\/><path stroke=\"currentColor\" stroke-linecap=\"square\" stroke-width=\"2\" d=\"M13.433 15.8065H13.4415\"\/><path stroke=\"currentColor\" stroke-linecap=\"square\" stroke-width=\"2\" d=\"M9.32847 15.8065H9.33704\"\/><path stroke=\"currentColor\" stroke-linecap=\"square\" stroke-width=\"2\" d=\"M5.21519 15.8065H5.22376\"\/><path stroke=\"currentColor\" stroke-linecap=\"square\" stroke-width=\"2\" d=\"M13.0652 1.75V4.79399\"\/><path stroke=\"currentColor\" stroke-linecap=\"square\" stroke-width=\"2\" d=\"M5.59252 1.75V4.79399\"\/><path stroke=\"currentColor\" stroke-linecap=\"square\" stroke-width=\"2\" d=\"M17.65 3.21069H1V20.25H17.65V3.21069Z\" clip-rule=\"evenodd\"\/><\/svg>\t19-22 de abril de 2026<\/div>\t\t\t\t\t\t\t\t\t\t\t\t\t\t\t\t\t\t\t\t\t\t\t\t\t\t\t\t<div  class=\"text-label-100 inline-flex gap-3 items-center track-hero-meta\">\t<svg xmlns=\"http:\/\/www.w3.org\/2000\/svg\" width=\"17\" height=\"21\" fill=\"none\" viewBox=\"0 0 17 21\"><path stroke=\"currentColor\" stroke-linecap=\"round\" stroke-linejoin=\"round\" stroke-width=\"2\" d=\"M10.9731 9.05639C10.9731 7.68255 9.85989 6.56934 8.48706 6.56934C7.11322 6.56934 6 7.68255 6 9.05639C6 10.4292 7.11322 11.5424 8.48706 11.5424C9.85989 11.5424 10.9731 10.4292 10.9731 9.05639Z\" clip-rule=\"evenodd\"\/><path stroke=\"currentColor\" stroke-linecap=\"round\" stroke-width=\"2\" d=\"M8.46265 19.5C8.46265 19.5 1.18681 14.7608 1.00347 8.84729C0.874745 4.6951 4.34252 1.00008 8.46265 1.00008C12.5828 1.00008 16.0497 4.69504 15.9228 8.84729C15.7384 14.882 8.46265 19.5 8.46265 19.5Z\" clip-rule=\"evenodd\"\/><\/svg>\tDelta Ottawa City Centre<\/div>\t\t\t\t\t\t\t\t\t\t\t\t\t\t\t\t\t\t\t\t\t\t\t\t\t\t\t\t\t\t\t\t\t\t\t<div class=\"flex flex-wrap gap-[30px]\">\n\t\t\t\t\t\t\t\t\t\t\t\t\t\t\t<!-- Renders the same as core\/button with a specific style -->\n\t<div\n\t\tclass=\"wp-block-button track-button-primary is-style-primary-red\"\n\t>\n\t\t<a class=\"wp-block-button__link wp-element-button cursor-pointer dlm-no-xhr-download track-hero-secondary-cta md:w-auto min-w-[156px]\" href=\"https:\/\/my.iaff.org\/web\/events\/Event_display.aspx?EventKey=CLEG2026\" target=\"_blank\" rel=\"nofollow noopener\">\n\t\t\tRegistrarse\t\t<\/a>\n\t<\/div>\n\t\t\t\t\t\t\t\t\t\t\t\t\t<\/div>\n\t\t\t\t\t\t\t\t\t\t\t\t\t\t<\/div>\n\t\t\t<\/div>\n\n\t\t<\/div>\n\t\t\t<\/div>\n<\/header>\n<\/section>\n<section\n\t class=\"page-blocks iaff-page-blocks align wp-block-acf-page-blocks\" id=\"page-blocks_block_a0ef6a7b7bc460db54e2331a983e64b0\">\n\t<div class=\"acf-innerblocks-container\">\n<section\n\t class=\"secondary-navigation-manual u-bg-full-width bg-smoke\/5 align wp-block-acf-secondary-navigation-manual\" id=\"secondary-navigation-manual_block_69598c60bb99ecce4b94d057e19b3cf5\">\n\t<details class=\"iaff-secondary-navigation\" open>\n\t<summary class=\"flex cursor-pointer u-bg-full-width\">\n\t\t\t\t\t<h2 class=\"text-heading-400 bg-main-bg-overlay text-black inline-flex items-center gap-x-[14px] h-full !ps-0 py-[34px] !pe-10\">\n\t\t\t\t<span>En esta secci\u00f3n<\/span>\n\t\t\t<\/h2>\n\t\t\t<\/summary>\n\t<div class=\"py-10 md:ps-12 md:pe-10 grid grid-cols-1 md:grid-cols-2 lg:grid-cols-3 gap-[30px]\">\n\t\t<!-- Renders the same as core\/button with a specific style -->\n\t<div>\n\t\t\t\t\t<a class=\"inline-flex gap-[16px] items-center text-inherit text-button-300 leading-6 cursor-pointer decoration-transparent underline underline-offset-2 transition-colors duration-hover hocus-visible:decoration-current\" href=\"https:\/\/www.iaff.org\/es\/conferencia-legislativa-de-canada\/agenda-de-la-conferencia-legislativa-canadiense\/\">\n\t\t\t\t<span>\n\t\t\t\t\tAgenda\t\t\t\t<\/span>\n\t\t\t\t<svg xmlns=\"http:\/\/www.w3.org\/2000\/svg\" width=\"15\" height=\"15\" fill=\"none\" viewBox=\"0 0 15 15\"><path stroke=\"currentColor\" stroke-linecap=\"square\" stroke-width=\"2\" d=\"M11.6347 7.49976L1 7.49976\"\/><path stroke=\"currentColor\" stroke-linecap=\"square\" stroke-width=\"2\" d=\"M7.31445 2.13138L12.7061 7.50014L7.31445 12.8689\"\/><\/svg>\t\t\t<\/a>\n\t\t\t<\/div>\n\t<\/div>\n<\/details>\n<\/section>\n\n\n\n<div id=\"hotel\" class=\"wp-block-group is-layout-constrained wp-block-group-is-layout-constrained\"><section\n\t class=\"column-list-section align wp-block-acf-column-list-section\" id=\"column-list-section_block_be337b6951822f4533fece1b7fb5df54\">\n\t<div class=\"bg-smoke\/5 px-[19px] pt-[60px] pb-block-spacing md:px-[96px] md:mx-indent iaff-column-list-section\">\n\t\t\t\t<div class=\"acf-innerblocks-container\">\n<section\n\t class=\"column-list iaff-column-list align wp-block-acf-column-list\" id=\"column-list_block_b95a330e17b776bed3e29f35b9a9eda2\">\n\t<div class=\"relative flex flex-col gap-[14px] mb-[52px]\">\n\t\t\t\t\t<h3 class=\"text-heading-500\">\n\t\t\t\tHotel\t\t\t<\/h3>\n\t\t\t\t<div class=\"relative bg-halftone-divider bg-center bg-no-repeat w-full h-divider\"><\/div>\n\t<\/div>\n\n\t\t<div class=\"acf-innerblocks-container\">\n<article\n\t class=\"column-list-card min-h-[187px] border-l-4 border-red pl-4 w-full md:w-auto item-inner flex flex-col gap-1 align wp-block-acf-column-list-card\" id=\"column-list-card_block_0de21e0563de06c499511e8326ceb3f9\">\n\t\n\t\t\t<div class=\"text-heading-400 font-serif font-600 leading-7 mb-1\">\n\t\t\tDelta hotel by marriott Ottawa city Center\t\t<\/div>\n\t\t\t\t<div class=\"text-body-400\">\n\t\t\t<p>101 Lyon Street North, Ottawa, ON, K1R 5T9<\/p>\n<p><span style=\"text-decoration: underline\">Tarifa de la habitaci\u00f3n<\/span>: 264 CAD $\/noche para habitaciones est\u00e1ndar<br \/>\n<span style=\"text-decoration: underline\">Fecha l\u00edmite<\/span>: 18 de marzo de 2026<\/p>\n<p><span style=\"text-decoration: underline\">Informaci\u00f3n del aeropuerto<\/span>: Aeropuerto Internacional de Ottawa \u2013 a 11 kil\u00f3metros del hotel.<\/p>\n<p>&nbsp;<\/p>\n\t\t<\/div>\n\t\t\t\t\t<div class=\"mt-auto\">\t\t\t<!-- Renders the same as core\/button with a specific style -->\n\t<div>\n\t\t\t\t\t<a class=\"inline-flex gap-[16px] items-center text-inherit text-button-300 leading-6 cursor-pointer decoration-transparent underline underline-offset-2 transition-colors duration-hover hocus-visible:decoration-current\" href=\"https:\/\/www.marriott.com\/event-reservations\/reservation-link.mi?id=1753207598418&#038;key=GRP&#038;app=resvlink%20\" target=\"_blank\" rel=\"nofollow noopener\">\n\t\t\t\t<span>\n\t\t\t\t\tReservar  \t\t\t\t<\/span>\n\t\t\t\t<svg xmlns=\"http:\/\/www.w3.org\/2000\/svg\" width=\"15\" height=\"15\" fill=\"none\" viewBox=\"0 0 15 15\"><path stroke=\"currentColor\" stroke-linecap=\"square\" stroke-width=\"2\" d=\"M11.6347 7.49976L1 7.49976\"\/><path stroke=\"currentColor\" stroke-linecap=\"square\" stroke-width=\"2\" d=\"M7.31445 2.13138L12.7061 7.50014L7.31445 12.8689\"\/><\/svg>\t\t\t<\/a>\n\t\t\t<\/div>\n\t\t<\/div>\n\t<\/article>\n\n\n<article\n\t class=\"column-list-card min-h-[187px] border-l-4 border-red pl-4 w-full md:w-auto item-inner flex flex-col gap-1 align wp-block-acf-column-list-card\" id=\"column-list-card_block_b2e9c5e70cefb4aba56cf1459f37a5a6\">\n\t\n\t\t\t<div class=\"text-heading-400 font-serif font-600 leading-7 mb-1\">\n\t\t\tHilton Garden Inn &amp; Homewood Suites Ottawa Downtown\t\t<\/div>\n\t\t\t\t<div class=\"text-body-400\">\n\t\t\t<p>361 Queen Street, Ottawa Ontario, K1R OC7<\/p>\n<p><span style=\"text-decoration: underline\">Tarifa de la habitaci\u00f3n:<\/span><br \/>\n$249\/noche + impuestos para habitaciones con cama king<br \/>\n$259\/noche + impuestos para habitaciones con dos camas queen<br \/>\n<span style=\"text-decoration: underline\">Fecha l\u00edmite<\/span>: 31 de marzo<\/p>\n\t\t<\/div>\n\t\t\t\t\t<div class=\"mt-auto\">\t\t\t<!-- Renders the same as core\/button with a specific style -->\n\t<div>\n\t\t\t\t\t<a class=\"inline-flex gap-[16px] items-center text-inherit text-button-300 leading-6 cursor-pointer decoration-transparent underline underline-offset-2 transition-colors duration-hover hocus-visible:decoration-current\" href=\"https:\/\/group.hiltongardeninn.com\/n3p3pl\" target=\"_blank\" rel=\"nofollow noopener\">\n\t\t\t\t<span>\n\t\t\t\t\tReservar  \t\t\t\t<\/span>\n\t\t\t\t<svg xmlns=\"http:\/\/www.w3.org\/2000\/svg\" width=\"15\" height=\"15\" fill=\"none\" viewBox=\"0 0 15 15\"><path stroke=\"currentColor\" stroke-linecap=\"square\" stroke-width=\"2\" d=\"M11.6347 7.49976L1 7.49976\"\/><path stroke=\"currentColor\" stroke-linecap=\"square\" stroke-width=\"2\" d=\"M7.31445 2.13138L12.7061 7.50014L7.31445 12.8689\"\/><\/svg>\t\t\t<\/a>\n\t\t\t<\/div>\n\t\t<\/div>\n\t<\/article>\n\n<\/div><\/section>\n\n<\/div>\t<\/div>\n<\/section>\n<\/div>\n\n\n<section\n\t class=\"section-header mb-10 align wp-block-acf-section-header\" id=\"section-header_block_4ede501117bb13fca016e59f728aae71\">\n\t<div class=\"\">\n\t<div class=\"flex flex-col md:flex-row justify-between max-w-content gap-x-8 md:items-end flex-wrap\">\n\t\t<h2 class=\"text-heading-200 pb-[2px]\">\n\t\t\tDocumentos\t\t<\/h2>\n\n\t\t\t\t\t<div class=\"md:order-last w-full\">\n\t\t\t\t\n\t<hr class=\"h-[6px] text-red border-red bg-red w-full my-0\" role=\"presentation\"\/>\n\n\t<div class=\"h-divider w-full bg-halftone-divider bg-right\"><\/div>\n\t\t\t<\/div>\n\t\t\n\t\t\t<\/div>\n<\/div>\n<\/section>\n\n\n<section\n\t class=\"card-grid pt-5 align wp-block-acf-card-grid\" id=\"card-grid_block_48d003966722fe15be76d31aceebe190\">\n\t\n\t<div class=\"iaff-card-grid md:px-indent\">\n\t\t\t\t<div class=\"acf-innerblocks-container\">\n<article\n\t class=\"link-card flex align wp-block-acf-link-card\" id=\"link-card_block_103c0fdb376ae1daf68e3952cbba60e6\">\n\t<a href=\"https:\/\/www.iaff.org\/wp-content\/uploads\/2026\/04\/2026-CLC-Legislative-Issues.pdf\" target=\"_blank\" class=\"p-0 flex flex-col w-full h-full group no-underline\">\t<div class=\"bg-halftone-dark p-3 min-h-divider w-full grid place-items-center\"><\/div>\n\t<div class=\"relative px-10 py-9 bg-smoke\/5 text-body-500 flex flex-col gap-card-gap flex-1 transition duration-hover group-hover:bg-white\">\n\t\t\t\t\t<h4 class=\"text-heading-400-serif\">\n\t\t\t\tCuestiones legislativas\t\t\t<\/h4>\n\t\t\t\t<div class=\"relative flex flex-col flex-1 gap-card-gap text-body-500 justify-start min-h-[120px]\">\n\t\t\t\t\t\t\t\t\t\t<div class=\"flex-grow-1 text-body-500\">\n\t\t\t\t\tDescribe las cuestiones clave de la pol\u00edtica federal que afectan a los bomberos y param\u00e9dicos profesionales de Canad\u00e1.\t\t\t\t<\/div>\n\t\t\t\t\t\t\t\t\t\t<div class=\"mt-auto group-hover\">\n\t\t\t\t\t<!-- Renders the same as core\/button with a specific style -->\n\t<div>\n\t\t\t\t\t<div\n\t\t\t\tclass=\"inline-flex gap-[16px] items-center text-inherit text-button-300 decoration-transparent underline underline-offset-2 transition-colors duration-hover group-hover:decoration-current group-focus-visible:decoration-current\"\n\t\t\t>\n\t\t\t\t<span>\n\t\t\t\t\tVer\t\t\t\t<\/span>\n\t\t\t\t<svg xmlns=\"http:\/\/www.w3.org\/2000\/svg\" width=\"15\" height=\"15\" fill=\"none\" viewBox=\"0 0 15 15\"><path stroke=\"currentColor\" stroke-linecap=\"square\" stroke-width=\"2\" d=\"M11.6347 7.49976L1 7.49976\"\/><path stroke=\"currentColor\" stroke-linecap=\"square\" stroke-width=\"2\" d=\"M7.31445 2.13138L12.7061 7.50014L7.31445 12.8689\"\/><\/svg>\t\t\t<\/div>\n\t\t\t<\/div>\n\t\t\t\t<\/div>\n\t\t\t\t\t<\/div>\n\t<\/div>\n\t<\/a><\/article>\n\n<\/div>\t<\/div>\n\n\t\n<\/section>\n\n\n<section\n\t class=\"callout-section pt-20 md:pt-[100px] bg-smoke\/5 u-bg-full-width align wp-block-acf-callout-section\" id=\"callout-section_block_7d60eb67fdc4399279a7a605e29484f3\">\n\t\t<div class=\"\">\n\t\t\t\t\t<header class=\"flex justify-between items-center max-w-content\">\n\t\t\t\t\t\t\t\t\t<!-- Render Headline-->\n\t\t\t\t\t<h2 class=\"text-heading-200\">\n\t\t\t\t\t\t<!-- Headline: font-heading, 500, 38px, smoke -->\n\t\t\t\t\t\t \t\t\t\t\t<\/h2>\n\t\t\t\t\n\t\t\t\t\t\t\t<\/header>\n\n\t\t\t<!-- Border -->\n\t\t\t\t\t\t\t\t\t\t<div class=\"u-bleed-left\">\n\t\t\t\t\t\n\t\t\t\t\t\t\t\t\t\t\t<div class=\"h-divider bg-right w-full bg-halftone-divider\" role=\"presentation\"><\/div>\n\t\t\t\t\t\t\t\t\t<\/div>\n\t\t\t\t\t\t<\/div>\n\n\t<!-- TODO: Constrain to content width -->\n\t<div class=\"w-full flex flex-col\">\n\t\t<!-- Callouts -->\n\t\t<div class=\"acf-innerblocks-container\">\n<section\n\t class=\"callout align wp-block-acf-callout\" id=\"callout_block_43627c071e4c4151625ed803e5f61281\">\n\t<div class=\"grid md:grid-cols-2 gap-0\">\n\t\t<figure\n\t\t\tclass=\"md:col-start-2 md:row-start-1 grid place-items-center\"\n\t\t>\n\t\t\t\t\t\t\t<div class=\"relative\">\n\t\t\t\t\t<img decoding=\"async\" width=\"118\" height=\"240\" src=\"https:\/\/www.iaff.org\/wp-content\/uploads\/2024\/02\/IAFF-App-middle-2024-118x240.png\" class=\"max-w-full\" alt=\"\" srcset=\"https:\/\/www.iaff.org\/wp-content\/uploads\/2024\/02\/IAFF-App-middle-2024-118x240.png 118w, https:\/\/www.iaff.org\/wp-content\/uploads\/2024\/02\/IAFF-App-middle-2024-148x300.png 148w, https:\/\/www.iaff.org\/wp-content\/uploads\/2024\/02\/IAFF-App-middle-2024-394x800.png 394w, https:\/\/www.iaff.org\/wp-content\/uploads\/2024\/02\/IAFF-App-middle-2024-399x810.png 399w, https:\/\/www.iaff.org\/wp-content\/uploads\/2024\/02\/IAFF-App-middle-2024.png 493w\" sizes=\"(max-width: 118px) 100vw, 118px\" \/>\t\t\t\t\t<div class=\"u-halftone-overlay\"><\/div>\n\t\t\t\t<\/div>\n\t\t\t\t\t<\/figure>\n\t\t<div class=\"flex flex-col gap-2 py-[54px] text-smoke md:p-10 justify-center md:px-15\">\n\t\t\t\t\t\t\t\t\t\t<div class=\"font-serif font-600 text-[34px] leading-[1.1] -tracking-[0.5px]\">\n\t\t\t\t\tAplicaci\u00f3n oficial de la AIB\t\t\t\t<\/div>\n\t\t\t\t\t\t\t\t\t\t<div class=\"font-sans font-350 text-[18px] leading-[1.5]\">\n\t\t\t\t\t<p>Mant\u00e9ngase al d\u00eda sobre la informaci\u00f3n del evento con la aplicaci\u00f3n m\u00f3vil de la AIB.<\/p>\n\t\t\t\t<\/div>\n\t\t\t\t\t\t\t\t\t\t<div class=\"flex flex-wrap gap-[30px] pt-10\">\n\t\t\t\t\t\t\t\t\t\t\t<!-- Renders the same as core\/button with a specific style -->\n\t<div\n\t\tclass=\"wp-block-button track-button-primary is-style-primary-red\"\n\t>\n\t\t<a class=\"wp-block-button__link wp-element-button cursor-pointer md:w-auto min-w-[156px]\" href=\"https:\/\/iaff.mosaic-mobile.net\/share-app.aspx\" target=\"_blank\" rel=\"nofollow noopener\">\n\t\t\tDESCARGUE LA APLICACI\u00d3N DE LA AIB\t\t<\/a>\n\t<\/div>\n\t\t\t\t\t\t\t\t\t<\/div>\n\t\t\t\t\t<\/div>\n\t<\/div>\n<\/section>\n\n<\/div>\n\t\t\t<\/div>\n<\/section>\n\n<\/div><\/section>\n<section\n\t class=\"page-blocks iaff-page-blocks !hidden align !hidden wp-block-acf-page-blocks\" id=\"page-blocks_block_e39179c90e44bc4a9302bc8fa1bb67d5\">\n\t<div class=\"acf-innerblocks-container\">\n<div\n\t class=\"subheadline pt-[40px] flex flex-row items-center align wp-block-acf-subheadline\" id=\"subheadline_block_70c205678d60d5f39ec8a49a49067bed\">\n\t<div class=\"text-smoke mb-[28px] w-full items-center grid grid-cols-[fit-content(100ch)_1fr]\">\n\t<h3 class=\"text-heading-500 leading-6 border-transparent border-e-[2em]\">\n\t\tAgenda \/ Ordre du jour\t<\/h3>\n\t\t\t<div class=\"h-[3px] text-current border bg-current\" role=\"presentation\"><\/div>\n\t<\/div>\n<\/div>\n\n\n<section\n\t class=\"documents-card-grid px-[22px] md:px-[60px] py-[60px] pt-0 !mt-0 align wp-block-acf-documents-card-grid\" id=\"documents-card-grid_block_e07451f8115b8ef0d5cd1817058e894c\">\n\t\n\t<div class=\"iaff-documents-card-grid pb-10\">\n\t\t\t\t<div class=\"acf-innerblocks-container\">\n<article\n\t class=\"documents-card-media iaff-documents-card iaff-documents-card-download align wp-block-acf-documents-card-media\" id=\"documents-card-media_block_3f27a547333fd5e95ae8856ab44aab1c\">\n\t<a class=\"group text-body-500 no-underline flex gap-5 h-full bg-transparent hocus-visible:bg-white dlm-no-xhr-download\" href=\"https:\/\/www.iaff.org\/wp-content\/uploads\/2024\/04\/Leg-Con-2024-Agenda-Final-1.pdf\" rel=\"noopener\" target=\"_blank\">\n\t<div>\n\t\t<svg xmlns=\"http:\/\/www.w3.org\/2000\/svg\" width=\"40\" height=\"50\" fill=\"none\" viewBox=\"0 0 40 50\"><path stroke=\"#211F21\" stroke-width=\"1.5\" d=\"M2.00173 1.25L1.25 1.24827V2V48V48.75H2H38H38.75V48V8.83235V8.52489L38.5342 8.30591L31.8675 1.5412L31.6479 1.31837L31.3351 1.31765L2.00173 1.25Z\"\/><path fill=\"#211F21\" d=\"M31.3333 8.90662V2.06838L38 8.90662H31.3333Z\"\/><path stroke=\"#E00\" stroke-width=\"1.5\" d=\"M9 14H31\"\/><path stroke=\"#E00\" stroke-width=\"1.5\" d=\"M9 21H31\"\/><path stroke=\"#E00\" stroke-width=\"1.5\" d=\"M9 28H31\"\/><\/svg>\t<\/div>\n\t<div\n\t\tclass=\"underline decoration-transparent transition-colors duration-hover group-hover:decoration-current group-focus:decoration-current break-all\"\n\t>\n\t\tAgenda de la Conferencia Legislativa 2024\t<\/div>\n<\/a>\n<\/article>\n\n\n<article\n\t class=\"documents-card-media iaff-documents-card iaff-documents-card-download align wp-block-acf-documents-card-media\" id=\"documents-card-media_block_78d10b5c73d3272f89af304b883eee04\">\n\t<a class=\"group text-body-500 no-underline flex gap-5 h-full bg-transparent hocus-visible:bg-white dlm-no-xhr-download\" href=\"https:\/\/www.iaff.org\/wp-content\/uploads\/2024\/04\/Ordre-du-jour.pdf\" rel=\"noopener\" target=\"_blank\">\n\t<div>\n\t\t<svg xmlns=\"http:\/\/www.w3.org\/2000\/svg\" width=\"40\" height=\"50\" fill=\"none\" viewBox=\"0 0 40 50\"><path stroke=\"#211F21\" stroke-width=\"1.5\" d=\"M2.00173 1.25L1.25 1.24827V2V48V48.75H2H38H38.75V48V8.83235V8.52489L38.5342 8.30591L31.8675 1.5412L31.6479 1.31837L31.3351 1.31765L2.00173 1.25Z\"\/><path fill=\"#211F21\" d=\"M31.3333 8.90662V2.06838L38 8.90662H31.3333Z\"\/><path stroke=\"#E00\" stroke-width=\"1.5\" d=\"M9 14H31\"\/><path stroke=\"#E00\" stroke-width=\"1.5\" d=\"M9 21H31\"\/><path stroke=\"#E00\" stroke-width=\"1.5\" d=\"M9 28H31\"\/><\/svg>\t<\/div>\n\t<div\n\t\tclass=\"underline decoration-transparent transition-colors duration-hover group-hover:decoration-current group-focus:decoration-current break-all\"\n\t>\n\t\tOrdre du jour 2024\t<\/div>\n<\/a>\n<\/article>\n\n<\/div>\t<\/div>\n<\/section>\n\n\n<div\n\t class=\"subheadline pt-[40px] flex flex-row items-center align wp-block-acf-subheadline\" id=\"subheadline_block_f19114fa2ab747e0a42961f573e5b430\">\n\t<div class=\"text-smoke mb-[28px] w-full items-center grid grid-cols-[fit-content(100ch)_1fr]\">\n\t<h3 class=\"text-heading-500 leading-6 border-transparent border-e-[2em]\">\n\t\tFichas informativas legislativas \/ Enjeux l\u00e9gislatifs\t<\/h3>\n\t\t\t<div class=\"h-[3px] text-current border bg-current\" role=\"presentation\"><\/div>\n\t<\/div>\n<\/div>\n\n\n<section\n\t class=\"documents-card-grid px-[22px] md:px-[60px] py-[60px] pt-0 !mt-0 align wp-block-acf-documents-card-grid\" id=\"documents-card-grid_block_e07451f8115b8ef0d5cd1817058e894c\">\n\t\n\t<div class=\"iaff-documents-card-grid pb-10\">\n\t\t\t\t<div class=\"acf-innerblocks-container\">\n<article\n\t class=\"documents-card-media iaff-documents-card iaff-documents-card-download align wp-block-acf-documents-card-media\" id=\"documents-card-media_block_28ae3b1c8aa0f28a309d1cca324fc558\">\n\t<a class=\"group text-body-500 no-underline flex gap-5 h-full bg-transparent hocus-visible:bg-white dlm-no-xhr-download\" href=\"https:\/\/www.iaff.org\/wp-content\/uploads\/2024\/04\/IAFF_2024_Briefing_EN.pdf\" rel=\"noopener\" target=\"_blank\">\n\t<div>\n\t\t<svg xmlns=\"http:\/\/www.w3.org\/2000\/svg\" width=\"40\" height=\"50\" fill=\"none\" viewBox=\"0 0 40 50\"><path stroke=\"#211F21\" stroke-width=\"1.5\" d=\"M2.00173 1.25L1.25 1.24827V2V48V48.75H2H38H38.75V48V8.83235V8.52489L38.5342 8.30591L31.8675 1.5412L31.6479 1.31837L31.3351 1.31765L2.00173 1.25Z\"\/><path fill=\"#211F21\" d=\"M31.3333 8.90662V2.06838L38 8.90662H31.3333Z\"\/><path stroke=\"#E00\" stroke-width=\"1.5\" d=\"M9 14H31\"\/><path stroke=\"#E00\" stroke-width=\"1.5\" d=\"M9 21H31\"\/><path stroke=\"#E00\" stroke-width=\"1.5\" d=\"M9 28H31\"\/><\/svg>\t<\/div>\n\t<div\n\t\tclass=\"underline decoration-transparent transition-colors duration-hover group-hover:decoration-current group-focus:decoration-current break-all\"\n\t>\n\t\tFichas informativas legislativas\t<\/div>\n<\/a>\n<\/article>\n\n\n<article\n\t class=\"documents-card-media iaff-documents-card iaff-documents-card-download align wp-block-acf-documents-card-media\" id=\"documents-card-media_block_3d8e0debb6b58cf360149ea2b83a2388\">\n\t<a class=\"group text-body-500 no-underline flex gap-5 h-full bg-transparent hocus-visible:bg-white dlm-no-xhr-download\" href=\"https:\/\/www.iaff.org\/wp-content\/uploads\/2024\/04\/Enjeux_legilatifs_AIP_2024.pdf\" rel=\"noopener\" target=\"_blank\">\n\t<div>\n\t\t<svg xmlns=\"http:\/\/www.w3.org\/2000\/svg\" width=\"40\" height=\"50\" fill=\"none\" viewBox=\"0 0 40 50\"><path stroke=\"#211F21\" stroke-width=\"1.5\" d=\"M2.00173 1.25L1.25 1.24827V2V48V48.75H2H38H38.75V48V8.83235V8.52489L38.5342 8.30591L31.8675 1.5412L31.6479 1.31837L31.3351 1.31765L2.00173 1.25Z\"\/><path fill=\"#211F21\" d=\"M31.3333 8.90662V2.06838L38 8.90662H31.3333Z\"\/><path stroke=\"#E00\" stroke-width=\"1.5\" d=\"M9 14H31\"\/><path stroke=\"#E00\" stroke-width=\"1.5\" d=\"M9 21H31\"\/><path stroke=\"#E00\" stroke-width=\"1.5\" d=\"M9 28H31\"\/><\/svg>\t<\/div>\n\t<div\n\t\tclass=\"underline decoration-transparent transition-colors duration-hover group-hover:decoration-current group-focus:decoration-current break-all\"\n\t>\n\t\tEnjeux l\u00e9gislatifs\t<\/div>\n<\/a>\n<\/article>\n\n<\/div>\t<\/div>\n<\/section>\n\n\n<div\n\t class=\"subheadline pt-[40px] flex flex-row items-center align wp-block-acf-subheadline\" id=\"subheadline_block_b5d3c2275596fa59a10a4c284f1d46c5\">\n\t<div class=\"text-smoke mb-[28px] w-full items-center grid grid-cols-[fit-content(100ch)_1fr]\">\n\t<h3 class=\"text-heading-500 leading-6 border-transparent border-e-[2em]\">\n\t\tMateriales relacionados con los asuntos\t<\/h3>\n\t\t\t<div class=\"h-[3px] text-current border bg-current\" role=\"presentation\"><\/div>\n\t<\/div>\n<\/div>\n\n\n<section\n\t class=\"documents-card-grid px-[22px] md:px-[60px] py-[60px] pt-0 !mt-0 align wp-block-acf-documents-card-grid\" id=\"documents-card-grid_block_e07451f8115b8ef0d5cd1817058e894c\">\n\t\n\t<div class=\"iaff-documents-card-grid pb-10\">\n\t\t\t\t<div class=\"acf-innerblocks-container\">\n<article\n\t class=\"documents-card-media iaff-documents-card iaff-documents-card-download align wp-block-acf-documents-card-media\" id=\"documents-card-media_block_4c3989d7ef48e238e2720908fcb33e58\">\n\t<a class=\"group text-body-500 no-underline flex gap-5 h-full bg-transparent hocus-visible:bg-white dlm-no-xhr-download\" href=\"https:\/\/www.iaff.org\/wp-content\/uploads\/2024\/04\/Materials-Related-to-Issues.pdf\" rel=\"noopener\" target=\"_blank\">\n\t<div>\n\t\t<svg xmlns=\"http:\/\/www.w3.org\/2000\/svg\" width=\"40\" height=\"50\" fill=\"none\" viewBox=\"0 0 40 50\"><path stroke=\"#211F21\" stroke-width=\"1.5\" d=\"M2.00173 1.25L1.25 1.24827V2V48V48.75H2H38H38.75V48V8.83235V8.52489L38.5342 8.30591L31.8675 1.5412L31.6479 1.31837L31.3351 1.31765L2.00173 1.25Z\"\/><path fill=\"#211F21\" d=\"M31.3333 8.90662V2.06838L38 8.90662H31.3333Z\"\/><path stroke=\"#E00\" stroke-width=\"1.5\" d=\"M9 14H31\"\/><path stroke=\"#E00\" stroke-width=\"1.5\" d=\"M9 21H31\"\/><path stroke=\"#E00\" stroke-width=\"1.5\" d=\"M9 28H31\"\/><\/svg>\t<\/div>\n\t<div\n\t\tclass=\"underline decoration-transparent transition-colors duration-hover group-hover:decoration-current group-focus:decoration-current break-all\"\n\t>\n\t\tMaterials Related to Issues\t<\/div>\n<\/a>\n<\/article>\n\n<\/div>\t<\/div>\n<\/section>\n\n\n<div\n\t class=\"subheadline pt-[40px] flex flex-row items-center align wp-block-acf-subheadline\" id=\"subheadline_block_d4437dbf5d9bc0a075366c755101ddcd\">\n\t<div class=\"text-smoke mb-[28px] w-full items-center grid grid-cols-[fit-content(100ch)_1fr]\">\n\t<h3 class=\"text-heading-500 leading-6 border-transparent border-e-[2em]\">\n\t\tActualizaciones sobre otros asuntos\t<\/h3>\n\t\t\t<div class=\"h-[3px] text-current border bg-current\" role=\"presentation\"><\/div>\n\t<\/div>\n<\/div>\n\n\n<section\n\t class=\"documents-card-grid px-[22px] md:px-[60px] py-[60px] pt-0 !mt-0 align wp-block-acf-documents-card-grid\" id=\"documents-card-grid_block_e07451f8115b8ef0d5cd1817058e894c\">\n\t\n\t<div class=\"iaff-documents-card-grid pb-10\">\n\t\t\t\t<div class=\"acf-innerblocks-container\">\n<article\n\t class=\"documents-card-media iaff-documents-card iaff-documents-card-download align wp-block-acf-documents-card-media\" id=\"documents-card-media_block_ef2e91359f9a69d816a1bbbc87917147\">\n\t<a class=\"group text-body-500 no-underline flex gap-5 h-full bg-transparent hocus-visible:bg-white dlm-no-xhr-download\" href=\"https:\/\/www.iaff.org\/wp-content\/uploads\/2024\/04\/Updates-on-other-issues.pdf\" rel=\"noopener\" target=\"_blank\">\n\t<div>\n\t\t<svg xmlns=\"http:\/\/www.w3.org\/2000\/svg\" width=\"40\" height=\"50\" fill=\"none\" viewBox=\"0 0 40 50\"><path stroke=\"#211F21\" stroke-width=\"1.5\" d=\"M2.00173 1.25L1.25 1.24827V2V48V48.75H2H38H38.75V48V8.83235V8.52489L38.5342 8.30591L31.8675 1.5412L31.6479 1.31837L31.3351 1.31765L2.00173 1.25Z\"\/><path fill=\"#211F21\" d=\"M31.3333 8.90662V2.06838L38 8.90662H31.3333Z\"\/><path stroke=\"#E00\" stroke-width=\"1.5\" d=\"M9 14H31\"\/><path stroke=\"#E00\" stroke-width=\"1.5\" d=\"M9 21H31\"\/><path stroke=\"#E00\" stroke-width=\"1.5\" d=\"M9 28H31\"\/><\/svg>\t<\/div>\n\t<div\n\t\tclass=\"underline decoration-transparent transition-colors duration-hover group-hover:decoration-current group-focus:decoration-current break-all\"\n\t>\n\t\tActualizaciones sobre otros asuntos\t<\/div>\n<\/a>\n<\/article>\n\n<\/div>\t<\/div>\n<\/section>\n\n\n<div\n\t class=\"subheadline pt-[40px] flex flex-row items-center align wp-block-acf-subheadline\" id=\"subheadline_block_f87657ed6c9f6de093dbfbfd512e44dd\">\n\t<div class=\"text-smoke mb-[28px] w-full items-center grid grid-cols-[fit-content(100ch)_1fr]\">\n\t<h3 class=\"text-heading-500 leading-6 border-transparent border-e-[2em]\">\n\t\tTaller sobre c\u00e1ncer IAFF-Health Canada: informe final\t<\/h3>\n\t\t\t<div class=\"h-[3px] text-current border bg-current\" role=\"presentation\"><\/div>\n\t<\/div>\n<\/div>\n\n\n<section\n\t class=\"documents-card-grid px-[22px] md:px-[60px] py-[60px] pt-0 !mt-0 align wp-block-acf-documents-card-grid\" id=\"documents-card-grid_block_e07451f8115b8ef0d5cd1817058e894c\">\n\t\n\t<div class=\"iaff-documents-card-grid pb-10\">\n\t\t\t\t<div class=\"acf-innerblocks-container\">\n<article\n\t class=\"documents-card-media iaff-documents-card iaff-documents-card-download align wp-block-acf-documents-card-media\" id=\"documents-card-media_block_c9cc2f20368c67705f0fdaa41a1e5475\">\n\t<a class=\"group text-body-500 no-underline flex gap-5 h-full bg-transparent hocus-visible:bg-white dlm-no-xhr-download\" href=\"https:\/\/www.iaff.org\/wp-content\/uploads\/2024\/04\/HealthCanadaIAFFReport-ENG.pdf\" rel=\"noopener\" target=\"_blank\">\n\t<div>\n\t\t<svg xmlns=\"http:\/\/www.w3.org\/2000\/svg\" width=\"40\" height=\"50\" fill=\"none\" viewBox=\"0 0 40 50\"><path stroke=\"#211F21\" stroke-width=\"1.5\" d=\"M2.00173 1.25L1.25 1.24827V2V48V48.75H2H38H38.75V48V8.83235V8.52489L38.5342 8.30591L31.8675 1.5412L31.6479 1.31837L31.3351 1.31765L2.00173 1.25Z\"\/><path fill=\"#211F21\" d=\"M31.3333 8.90662V2.06838L38 8.90662H31.3333Z\"\/><path stroke=\"#E00\" stroke-width=\"1.5\" d=\"M9 14H31\"\/><path stroke=\"#E00\" stroke-width=\"1.5\" d=\"M9 21H31\"\/><path stroke=\"#E00\" stroke-width=\"1.5\" d=\"M9 28H31\"\/><\/svg>\t<\/div>\n\t<div\n\t\tclass=\"underline decoration-transparent transition-colors duration-hover group-hover:decoration-current group-focus:decoration-current break-all\"\n\t>\n\t\tTaller sobre c\u00e1ncer IAFF-Health Canada: informe final\t<\/div>\n<\/a>\n<\/article>\n\n<\/div>\t<\/div>\n<\/section>\n\n\n<div\n\t class=\"subheadline pt-[40px] flex flex-row items-center align wp-block-acf-subheadline\" id=\"subheadline_block_88cc17bb8289b3702eff0042d4945fd5\">\n\t<div class=\"text-smoke mb-[28px] w-full items-center grid grid-cols-[fit-content(100ch)_1fr]\">\n\t<h3 class=\"text-heading-500 leading-6 border-transparent border-e-[2em]\">\n\t\tTarjeta de respuesta de reuni\u00f3n con diputados\/senadores y evaluaci\u00f3n del evento \/ Carte de r\u00e9ponse\/\u00e9valuation de l&#039;\u00e9v\u00e9nement\t<\/h3>\n\t\t\t<div class=\"h-[3px] text-current border bg-current\" role=\"presentation\"><\/div>\n\t<\/div>\n<\/div>\n\n\n\n<div class=\"wp-block-group is-layout-constrained wp-block-group-is-layout-constrained\"><section\n\t class=\"section-header mb-10 align wp-block-acf-section-header\" id=\"agenda\">\n\t<div class=\"\">\n\t<div class=\"flex flex-col md:flex-row justify-between max-w-content gap-x-8 md:items-end flex-wrap\">\n\t\t<h2 class=\"text-heading-200 pb-[2px]\">\n\t\t\tAgenda\t\t<\/h2>\n\n\t\t\t\t\t<div class=\"md:order-last w-full\">\n\t\t\t\t\n\t<hr class=\"h-[6px] text-red border-red bg-red w-full my-0\" role=\"presentation\"\/>\n\n\t<div class=\"h-divider w-full bg-halftone-divider bg-right\"><\/div>\n\t\t\t<\/div>\n\t\t\n\t\t\t<\/div>\n<\/div>\n<\/section>\n\n\n\n<details class=\"wp-block-details is-layout-flow wp-block-details-is-layout-flow\"><summary>DOMINGO, 19 DE ABRIL<\/summary><section\n\t class=\"page-blocks iaff-page-blocks align wp-block-acf-page-blocks\" id=\"page-blocks_block_a0ef6a7b7bc460db54e2331a983e64b0\">\n\t<div class=\"acf-innerblocks-container\">\n<section\n\t class=\"agenda-list iaff-block-agenda-list text-body-500 align wp-block-acf-agenda-list\" id=\"agenda-list_block_48921b56baf82086da35ade32c1e794c\">\n\t\t\t<header class=\"flex flex-col\">\n\t\t\t<h4 class=\"text-heading-300 pb-5\">\n\t\t\t\t \t\t\t<\/h4>\n\t\t\t<div class=\"h-[10px] bg-halftone-divider w-full\" role=\"presentation\"><\/div>\n\t\t<\/header>\n\t\n\t<div class=\"acf-innerblocks-container\">\n<dl class=\"flex flex-wrap md:flex-nowrap items-center border-b-2 border-smoke py-10 px-[22px] md:px-10 gap-x-10 gap-y-[22px]\">\n\t<dt class=\"w-full md:w-auto min-w-[200px] md:max-w-[200px]\">\n\t\t<span class=\"text-heading-400 text-red u-halftone-shadow\">\n\t\t\t16:00-18:00\t\t<\/span>\n\t<\/dt>\n\t<dd class=\"text-body-500\">\n\t\t<div class=\"acf-innerblocks-container\">\n<div class=\"wp-block-paragraph \">\n<p>Inscripci\u00f3n<br\/><strong>Sala Victoria<\/strong><\/p>\n<\/div>\n<\/div>\t<\/dd>\n<\/dl>\n\n<\/div><\/section>\n\n<\/div><\/section>\n<\/details>\n\n\n\n<details class=\"wp-block-details is-layout-flow wp-block-details-is-layout-flow\"><summary>LUNES, 20 DE ABRIL<\/summary><section\n\t class=\"page-blocks iaff-page-blocks align wp-block-acf-page-blocks\" id=\"page-blocks_block_a0ef6a7b7bc460db54e2331a983e64b0\">\n\t<div class=\"acf-innerblocks-container\">\n<section\n\t class=\"agenda-list iaff-block-agenda-list text-body-500 align wp-block-acf-agenda-list\" id=\"agenda-list_block_48921b56baf82086da35ade32c1e794c\">\n\t\t\t<header class=\"flex flex-col\">\n\t\t\t<h4 class=\"text-heading-300 pb-5\">\n\t\t\t\t \t\t\t<\/h4>\n\t\t\t<div class=\"h-[10px] bg-halftone-divider w-full\" role=\"presentation\"><\/div>\n\t\t<\/header>\n\t\n\t<div class=\"acf-innerblocks-container\">\n<dl class=\"flex flex-wrap md:flex-nowrap items-center border-b-2 border-smoke py-10 px-[22px] md:px-10 gap-x-10 gap-y-[22px]\">\n\t<dt class=\"w-full md:w-auto min-w-[200px] md:max-w-[200px]\">\n\t\t<span class=\"text-heading-400 text-red u-halftone-shadow\">\n\t\t\t8-9 a.m.\t\t<\/span>\n\t<\/dt>\n\t<dd class=\"text-body-500\">\n\t\t<div class=\"acf-innerblocks-container\">\n<div class=\"wp-block-paragraph \">\n<p>Inscripci\u00f3n <br\/><strong>Sala Victoria<\/strong><\/p>\n<\/div>\n<\/div>\t<\/dd>\n<\/dl>\n\n\n<dl class=\"flex flex-wrap md:flex-nowrap items-center border-b-2 border-smoke py-10 px-[22px] md:px-10 gap-x-10 gap-y-[22px]\">\n\t<dt class=\"w-full md:w-auto min-w-[200px] md:max-w-[200px]\">\n\t\t<span class=\"text-heading-400 text-red u-halftone-shadow\">\n\t\t\t8-9 a.m.\t\t<\/span>\n\t<\/dt>\n\t<dd class=\"text-body-500\">\n\t\t<div class=\"acf-innerblocks-container\">\n<div class=\"wp-block-paragraph \">\n<p>Desayuno <br\/><strong>Sal\u00f3n de baile C<\/strong><\/p>\n<\/div>\n<\/div>\t<\/dd>\n<\/dl>\n\n\n<dl class=\"flex flex-wrap md:flex-nowrap items-center border-b-2 border-smoke py-10 px-[22px] md:px-10 gap-x-10 gap-y-[22px]\">\n\t<dt class=\"w-full md:w-auto min-w-[200px] md:max-w-[200px]\">\n\t\t<span class=\"text-heading-400 text-red u-halftone-shadow\">\n\t\t\t9:00 &#8211; 10:30\t\t<\/span>\n\t<\/dt>\n\t<dd class=\"text-body-500\">\n\t\t<div class=\"acf-innerblocks-container\">\n<div class=\"wp-block-paragraph \">\n<p>Sesi\u00f3n general<br\/><strong>Sal\u00f3n de baile A-B<\/strong><\/p>\n<\/div>\n\n<div class=\"wp-block-paragraph \">\n<p>Palabras de apertura, Carmine Santoro, AIB AGP para Operaciones Canadienses<br\/>Presidente General de la AIB, Edward A. Kelly<br\/>Tesorero del Secretario General de la AIB, Frank V. L\u00edma<\/p>\n<\/div>\n<\/div>\t<\/dd>\n<\/dl>\n\n\n<dl class=\"flex flex-wrap md:flex-nowrap items-center border-b-2 border-smoke py-10 px-[22px] md:px-10 gap-x-10 gap-y-[22px]\">\n\t<dt class=\"w-full md:w-auto min-w-[200px] md:max-w-[200px]\">\n\t\t<span class=\"text-heading-400 text-red u-halftone-shadow\">\n\t\t\t10:30-11:00\t\t<\/span>\n\t<\/dt>\n\t<dd class=\"text-body-500\">\n\t\t<div class=\"acf-innerblocks-container\">\n<div class=\"wp-block-paragraph \">\n<p>Pausa para el caf\u00e9<br\/><strong>Vest\u00edbulo del sal\u00f3n de baile A-B<\/strong><\/p>\n<\/div>\n<\/div>\t<\/dd>\n<\/dl>\n\n\n<dl class=\"flex flex-wrap md:flex-nowrap items-center border-b-2 border-smoke py-10 px-[22px] md:px-10 gap-x-10 gap-y-[22px]\">\n\t<dt class=\"w-full md:w-auto min-w-[200px] md:max-w-[200px]\">\n\t\t<span class=\"text-heading-400 text-red u-halftone-shadow\">\n\t\t\t 11:00 &#8211; 12:00\t\t<\/span>\n\t<\/dt>\n\t<dd class=\"text-body-500\">\n\t\t<div class=\"acf-innerblocks-container\">\n<div class=\"wp-block-paragraph \">\n<p>Continuaci\u00f3n de la sesi\u00f3n general<br\/><strong>Sal\u00f3n de baile A-B<\/strong><\/p>\n<\/div>\n<\/div>\t<\/dd>\n<\/dl>\n\n\n<dl class=\"flex flex-wrap md:flex-nowrap items-center border-b-2 border-smoke py-10 px-[22px] md:px-10 gap-x-10 gap-y-[22px]\">\n\t<dt class=\"w-full md:w-auto min-w-[200px] md:max-w-[200px]\">\n\t\t<span class=\"text-heading-400 text-red u-halftone-shadow\">\n\t\t\t 12:00 &#8211; 13:00\t\t<\/span>\n\t<\/dt>\n\t<dd class=\"text-body-500\">\n\t\t<div class=\"acf-innerblocks-container\">\n<div class=\"wp-block-paragraph \">\n<p>Almuerzo<br\/><strong>Sal\u00f3n de baile C<\/strong><\/p>\n<\/div>\n<\/div>\t<\/dd>\n<\/dl>\n\n\n<dl class=\"flex flex-wrap md:flex-nowrap items-center border-b-2 border-smoke py-10 px-[22px] md:px-10 gap-x-10 gap-y-[22px]\">\n\t<dt class=\"w-full md:w-auto min-w-[200px] md:max-w-[200px]\">\n\t\t<span class=\"text-heading-400 text-red u-halftone-shadow\">\n\t\t\t13:00-14:45\t\t<\/span>\n\t<\/dt>\n\t<dd class=\"text-body-500\">\n\t\t<div class=\"acf-innerblocks-container\">\n<div class=\"wp-block-paragraph \">\n<p>Continuaci\u00f3n de la sesi\u00f3n general<br\/><strong>Sal\u00f3n de baile A-B<\/strong><\/p>\n<\/div>\n\n<div class=\"wp-block-paragraph \">\n<p>Panel de expertos<br\/>Informe sobre asuntos legislativos<\/p>\n<\/div>\n<\/div>\t<\/dd>\n<\/dl>\n\n\n<dl class=\"flex flex-wrap md:flex-nowrap items-center border-b-2 border-smoke py-10 px-[22px] md:px-10 gap-x-10 gap-y-[22px]\">\n\t<dt class=\"w-full md:w-auto min-w-[200px] md:max-w-[200px]\">\n\t\t<span class=\"text-heading-400 text-red u-halftone-shadow\">\n\t\t\t14:45 &#8211; 15:00\t\t<\/span>\n\t<\/dt>\n\t<dd class=\"text-body-500\">\n\t\t<div class=\"acf-innerblocks-container\">\n<div class=\"wp-block-paragraph \">\n<p>Pausa para el caf\u00e9<br\/><strong>Vest\u00edbulo del sal\u00f3n de baile A-B<\/strong><\/p>\n<\/div>\n<\/div>\t<\/dd>\n<\/dl>\n\n\n<dl class=\"flex flex-wrap md:flex-nowrap items-center border-b-2 border-smoke py-10 px-[22px] md:px-10 gap-x-10 gap-y-[22px]\">\n\t<dt class=\"w-full md:w-auto min-w-[200px] md:max-w-[200px]\">\n\t\t<span class=\"text-heading-400 text-red u-halftone-shadow\">\n\t\t\t15:00 &#8211; 16:30 \t\t<\/span>\n\t<\/dt>\n\t<dd class=\"text-body-500\">\n\t\t<div class=\"acf-innerblocks-container\">\n<div class=\"wp-block-paragraph \">\n<p>Continuaci\u00f3n de la sesi\u00f3n general<br\/><strong>Sal\u00f3n de baile A-B<\/strong><\/p>\n<\/div>\n\n<div class=\"wp-block-paragraph \">\n<p>Presi\u00f3n a diputados y senadores<\/p>\n<\/div>\n<\/div>\t<\/dd>\n<\/dl>\n\n\n<dl class=\"flex flex-wrap md:flex-nowrap items-center border-b-2 border-smoke py-10 px-[22px] md:px-10 gap-x-10 gap-y-[22px]\">\n\t<dt class=\"w-full md:w-auto min-w-[200px] md:max-w-[200px]\">\n\t\t<span class=\"text-heading-400 text-red u-halftone-shadow\">\n\t\t\t17:00 &#8211; 20:00\t\t<\/span>\n\t<\/dt>\n\t<dd class=\"text-body-500\">\n\t\t<div class=\"acf-innerblocks-container\">\n<div class=\"wp-block-paragraph \">\n<p>Suite de hospitalidad <br\/><strong>Capitale<\/strong><\/p>\n<\/div>\n<\/div>\t<\/dd>\n<\/dl>\n\n<\/div><\/section>\n\n<\/div><\/section>\n<\/details>\n\n\n\n<details class=\"wp-block-details is-layout-flow wp-block-details-is-layout-flow\"><summary>MARTES, 21 DE ABRIL<\/summary><section\n\t class=\"page-blocks iaff-page-blocks align wp-block-acf-page-blocks\" id=\"page-blocks_block_a0ef6a7b7bc460db54e2331a983e64b0\">\n\t<div class=\"acf-innerblocks-container\">\n<section\n\t class=\"agenda-list iaff-block-agenda-list text-body-500 align wp-block-acf-agenda-list\" id=\"agenda-list_block_48921b56baf82086da35ade32c1e794c\">\n\t\t\t<header class=\"flex flex-col\">\n\t\t\t<h4 class=\"text-heading-300 pb-5\">\n\t\t\t\t \t\t\t<\/h4>\n\t\t\t<div class=\"h-[10px] bg-halftone-divider w-full\" role=\"presentation\"><\/div>\n\t\t<\/header>\n\t\n\t<div class=\"acf-innerblocks-container\">\n<dl class=\"flex flex-wrap md:flex-nowrap items-center border-b-2 border-smoke py-10 px-[22px] md:px-10 gap-x-10 gap-y-[22px]\">\n\t<dt class=\"w-full md:w-auto min-w-[200px] md:max-w-[200px]\">\n\t\t<span class=\"text-heading-400 text-red u-halftone-shadow\">\n\t\t\tTodo el d\u00eda\t\t<\/span>\n\t<\/dt>\n\t<dd class=\"text-body-500\">\n\t\t<div class=\"acf-innerblocks-container\">\n<div class=\"wp-block-paragraph \">\n<p>D\u00eda de cabildeo de bomberos<br\/>Reuniones con diputados y senadores en la Colina<\/p>\n<\/div>\n<\/div>\t<\/dd>\n<\/dl>\n\n\n<dl class=\"flex flex-wrap md:flex-nowrap items-center border-b-2 border-smoke py-10 px-[22px] md:px-10 gap-x-10 gap-y-[22px]\">\n\t<dt class=\"w-full md:w-auto min-w-[200px] md:max-w-[200px]\">\n\t\t<span class=\"text-heading-400 text-red u-halftone-shadow\">\n\t\t\t 18:30-20:30\t\t<\/span>\n\t<\/dt>\n\t<dd class=\"text-body-500\">\n\t\t<div class=\"acf-innerblocks-container\">\n<div class=\"wp-block-paragraph \">\n<p>Recepci\u00f3n parlamentaria<br\/><strong>Sal\u00f3n de baile A-B<\/strong><\/p>\n<\/div>\n<\/div>\t<\/dd>\n<\/dl>\n\n<\/div><\/section>\n\n<\/div><\/section>\n<\/details>\n\n\n\n<details class=\"wp-block-details is-layout-flow wp-block-details-is-layout-flow\"><summary>MI\u00c9RCOLES, 22 DE ABRIL<\/summary><section\n\t class=\"page-blocks iaff-page-blocks align wp-block-acf-page-blocks\" id=\"page-blocks_block_a0ef6a7b7bc460db54e2331a983e64b0\">\n\t<div class=\"acf-innerblocks-container\">\n<section\n\t class=\"agenda-list iaff-block-agenda-list text-body-500 align wp-block-acf-agenda-list\" id=\"agenda-list_block_48921b56baf82086da35ade32c1e794c\">\n\t\t\t<header class=\"flex flex-col\">\n\t\t\t<h4 class=\"text-heading-300 pb-5\">\n\t\t\t\t \t\t\t<\/h4>\n\t\t\t<div class=\"h-[10px] bg-halftone-divider w-full\" role=\"presentation\"><\/div>\n\t\t<\/header>\n\t\n\t<div class=\"acf-innerblocks-container\">\n<dl class=\"flex flex-wrap md:flex-nowrap items-center border-b-2 border-smoke py-10 px-[22px] md:px-10 gap-x-10 gap-y-[22px]\">\n\t<dt class=\"w-full md:w-auto min-w-[200px] md:max-w-[200px]\">\n\t\t<span class=\"text-heading-400 text-red u-halftone-shadow\">\n\t\t\t 8:30-11:30\t\t<\/span>\n\t<\/dt>\n\t<dd class=\"text-body-500\">\n\t\t<div class=\"acf-innerblocks-container\">\n<div class=\"wp-block-paragraph \">\n<p>Reuni\u00f3n de vicepresidentes de distrito y presidentes provinciales<br\/><strong>Panaroma<\/strong><\/p>\n<\/div>\n<\/div>\t<\/dd>\n<\/dl>\n\n<\/div><\/section>\n\n<\/div><\/section>\n<\/details>\n<\/div>\n\n<\/div><\/section>\n","protected":false},"excerpt":{"rendered":"","protected":false},"featured_media":0,"parent":0,"menu_order":0,"comment_status":"closed","ping_status":"closed","template":"","meta":{"_acf_changed":false,"_searchwp_excluded":"","inline_featured_image":false,"_EventAllDay":false,"_EventTimezone":"","_EventStartDate":"","_EventEndDate":"","_EventStartDateUTC":"","_EventEndDateUTC":"","_EventShowMap":false,"_EventShowMapLink":false,"_EventURL":"","_EventCost":"","_EventCostDescription":"","_EventCurrencySymbol":"","_EventCurrencyCode":"","_EventCurrencyPosition":"","_EventDateTimeSeparator":"","_EventTimeRangeSeparator":"","_EventOrganizerID":[],"_EventVenueID":[],"_OrganizerEmail":"","_OrganizerPhone":"","_OrganizerWebsite":"","_VenueAddress":"","_VenueCity":"","_VenueCountry":"","_VenueProvince":"","_VenueState":"","_VenueZip":"","_VenuePhone":"","_VenueURL":"","_VenueStateProvince":"","_VenueLat":"","_VenueLng":"","_VenueShowMap":false,"_VenueShowMapLink":false,"footnotes":""},"class_list":["post-93787","page","type-page","status-publish","hentry"],"acf":[],"publishpress_future_workflow_manual_trigger":{"enabledWorkflows":[]},"_links":{"self":[{"href":"https:\/\/www.iaff.org\/es\/wp-json\/wp\/v2\/pages\/93787","targetHints":{"allow":["GET"]}}],"collection":[{"href":"https:\/\/www.iaff.org\/es\/wp-json\/wp\/v2\/pages"}],"about":[{"href":"https:\/\/www.iaff.org\/es\/wp-json\/wp\/v2\/types\/page"}],"author":[{"embeddable":true,"href":"https:\/\/www.iaff.org\/es\/wp-json\/wp\/v2\/users\/3"}],"replies":[{"embeddable":true,"href":"https:\/\/www.iaff.org\/es\/wp-json\/wp\/v2\/comments?post=93787"}],"version-history":[{"count":10,"href":"https:\/\/www.iaff.org\/es\/wp-json\/wp\/v2\/pages\/93787\/revisions"}],"predecessor-version":[{"id":124009,"href":"https:\/\/www.iaff.org\/es\/wp-json\/wp\/v2\/pages\/93787\/revisions\/124009"}],"wp:attachment":[{"href":"https:\/\/www.iaff.org\/es\/wp-json\/wp\/v2\/media?parent=93787"}],"curies":[{"name":"wp","href":"https:\/\/api.w.org\/{rel}","templated":true}]}}