{"id":93649,"date":"2024-02-20T11:26:28","date_gmt":"2024-02-20T16:26:28","guid":{"rendered":"https:\/\/www.iaff.org\/capacitacion-en-resiliencia\/organizar-una-capacitacion\/"},"modified":"2026-03-19T17:05:49","modified_gmt":"2026-03-19T21:05:49","slug":"organizar-una-capacitacion","status":"publish","type":"page","link":"https:\/\/www.iaff.org\/es\/capacitacion-en-resiliencia\/organizar-una-capacitacion\/","title":{"rendered":"Organizar una capacitaci\u00f3n"},"content":{"rendered":"<section\n\t class=\"secondary-hero align wp-block-acf-secondary-hero\" id=\"secondary-hero_block_683a5cf66fb27a45a015ffdfca2f9787\">\n\t\n<header\n\tclass=\"w-full u-bg-full-width px-[22px] md:ps-bleed md:pe-0 py-[60px] bg-smoke-5 text-black u-has-rivets u-rivets-dark\"\n\tdata-theme=\"gray\"\n>\n\t<div class=\"flex flex-col !px-0 !max-w-[1440px] w-full lg:!ps-indent\">\n\t\t<div class=\"border-t-[6px] w-full my-0 flex flex-col md:flex-row gap-x-[62px] gap-y-[22px] border-red\">\n\t\t\t\t\t\t<div class=\"w-full md:w-1\/2 md:py-[45px]\">\n\t\t\t\t<div class=\"max-w-[600px] flex flex-col gap-[22px]\">\n\t\t\t\t\t\t\t\t\t\t\t<h1 class=\"has-[.u-halftone-shadow--dark]:mb-divider has-[.u-halftone-shadow--light]:mb-divider pt-[22px] md:pt-0\">\n\t\t\t\t\t\t\t<span class=\"inline-flex text-heading-200 u-halftone-shadow--dark\">\n\t\t\t\t\t\t\t\tOrganizar una capacitaci\u00f3n\t\t\t\t\t\t\t<\/span>\n\t\t\t\t\t\t<\/h1>\n\t\t\t\t\t\t\t\t\t\t\t\t\t\t\t\t\t\t\t\t\t\t\t\t\t\t\t\t\t<\/div>\n\t\t\t<\/div>\n\n\t\t<\/div>\n\t\t\t\t\t<div class=\"order-first flex justify-start w-full pb-[22px]\">\n\t\t\t\t<div\n\tclass=\"wp-block-button is-style-tertiary text-smoke is-style-tertiary-back\"\n>\n\t\t\t<a\n\t\t\thref=\"https:\/\/www.iaff.org\/es\/capacitacion-en-resiliencia\/\"\n\t\t\tclass=\"wp-block-button__link wp-element-button group\"\n\t\t\t\t\t>\n\t\t\t<span\n\t\t\tclass=\"decoration-transparent underline underline-offset-2 group-hover:decoration-inherit group-focus-visible:decoration-inherit transition duration-hover\"\n\t\t>\n\t\t\tCapacitaci\u00f3n en resiliencia\t\t<\/span>\n\n\t\t<span\n\t\t\tclass=\"bg-inherit transition-colors duration-hover group-hover:bg-gold group-focus:bg-gold inline-flex rotate-180 order-first\"\n\t\t>\n\t\t\t<svg xmlns=\"http:\/\/www.w3.org\/2000\/svg\" width=\"21\" height=\"22\" fill=\"none\" viewBox=\"0 0 21 22\"><path stroke=\"currentColor\" stroke-linecap=\"round\" stroke-width=\"2\" d=\"M20 20.75L20 2.25L1.5 2.25L1.5 20.75L20 20.75Z\" clip-rule=\"evenodd\"\/><path stroke=\"currentColor\" stroke-linecap=\"square\" stroke-width=\"2\" d=\"M14.0883 11.5L6.66406 11.5\"\/><path stroke=\"currentColor\" stroke-linecap=\"square\" stroke-width=\"2\" d=\"M11.0723 7.75205L14.8363 11.5L11.0723 15.248\"\/><\/svg>\t\t<\/span>\n\t<\/a><\/div>\n\t\t\t<\/div>\n\t\t\t<\/div>\n<\/header>\n<\/section>\n\n<div class=\"wp-block-group is-layout-constrained wp-block-group-is-layout-constrained\"><section\n\t class=\"page-blocks iaff-page-blocks align wp-block-acf-page-blocks\" id=\"page-blocks_block_76e17239dcdb50aba16a4f211e33eef7\">\n\t<div class=\"acf-innerblocks-container\">\n<div\n\t class=\"subheadline pt-[40px] flex flex-row items-center align wp-block-acf-subheadline\" id=\"subheadline_block_4d3da8591e61523a008f22c180be085a\">\n\t<div class=\"text-smoke mb-[28px] w-full items-center grid grid-cols-[fit-content(100ch)_1fr]\">\n\t<h3 class=\"text-heading-500 leading-6 border-transparent border-e-[2em]\">\n\t\tPresencial\t<\/h3>\n\t\t\t<div class=\"h-[3px] text-current border bg-current\" role=\"presentation\"><\/div>\n\t<\/div>\n<\/div>\n\n\n<div class=\"wp-block-paragraph \">\n<p><strong>Programaci\u00f3n<br\/><\/strong>La formaci\u00f3n de resiliencia de la AIB (presencial) es una formaci\u00f3n de un d\u00eda y ocho horas para un m\u00e1ximo de 40 estudiantes. Si desea llegar a un grupo de estudiantes m\u00e1s grande, la formaci\u00f3n se puede impartir en d\u00edas consecutivos a un precio reducido que se refleja a continuaci\u00f3n. <\/p>\n<\/div>\n\n<div class=\"wp-block-paragraph \">\n<p>Al devolver este formulario, se redactar\u00e1 un contrato de formaci\u00f3n y se enviar\u00e1 a la persona de contacto designada.<\/p>\n<\/div>\n\n<div class=\"wp-block-paragraph \">\n<p>Cuando el contrato se devuelva a la AIB completamente firmado, un coordinador de formaci\u00f3n trabajar\u00e1 con la entidad para programar la formaci\u00f3n en fechas acordadas mutuamente. Las fechas de formaci\u00f3n programadas ser\u00e1n al menos 10 semanas despu\u00e9s de la recepci\u00f3n del contrato completamente firmado para permitir tiempo adecuado para la log\u00edstica y el pago. <\/p>\n<\/div>\n\n<div class=\"wp-block-paragraph \">\n<p><strong>Responsabilidades del Sitio Anfitri\u00f3n<br\/><\/strong>Cualquier departamento afiliado a IAFF puede servir como sitio anfitri\u00f3n. Responsabilidades del anfitri\u00f3n: <\/p>\n<\/div>\n\n<div class=\"wp-block-list\">\n<ul class=\"wp-block-list\">\n<li>Organice un espacio de formaci\u00f3n con mesas para un m\u00ednimo de 40 personas y una mesa para el instructor en la parte delantera de la sala. La sala debe estar libre de distracciones y a una temperatura confortable. <\/li>\n\n\n\n<li>Proporcione equipo de formaci\u00f3n, incluyendo un proyector LCD, pantalla, ordenador, sonido, pizarra blanca o rotafolio, y rotuladores.<\/li>\n\n\n\n<li>Firme un contrato con AIB y pague por adelantado la tarifa de formaci\u00f3n completa.<\/li>\n\n\n\n<li>Identifique a una persona para que act\u00fae como punto de contacto (POC). Esta persona asegura un espacio de formaci\u00f3n, gestiona el proceso de firma del contrato, maneja el registro, se comunica con los participantes y supervisa otros aspectos log\u00edsticos. <\/li>\n\n\n\n<li>Sugiera opciones de almuerzo para que los participantes puedan finalizar su comida dentro del receso de una hora cada d\u00eda.<\/li>\n<\/ul>\n<\/div>\n\n<div class=\"wp-block-paragraph \">\n<p><strong>Responsabilidades de la AIB:<\/strong><\/p>\n<\/div>\n\n<div class=\"wp-block-list\">\n<ul class=\"wp-block-list\">\n<li>Proporcionar una capacitaci\u00f3n de un d\u00eda sobre resiliencia en el servicio de bomberos<\/li>\n\n\n\n<li>Gestionar la presencia de dos instructores para impartir la capacitaci\u00f3n y cubrir todos los gastos relacionados con los instructores (por ejemplo, viaje, alojamiento).<\/li>\n\n\n\n<li>Brindar orientaci\u00f3n sobre la log\u00edstica de la reuni\u00f3n.<\/li>\n\n\n\n<li>Suministrar y enviar manuales y materiales de apoyo a los participantes registrados.<\/li>\n\n\n\n<li>Proporcione al anfitri\u00f3n un anuncio personalizado de la fecha, ubicaci\u00f3n, hora y punto de contacto de la Formaci\u00f3n en Resiliencia de la AIB.<\/li>\n\n\n\n<li>Proporcione acceso a los materiales previos al curso, que incluyen la serie de v\u00eddeos de resumen de la formaci\u00f3n de resiliencia de AIB.<\/li>\n\n\n\n<li>Env\u00ede certificados de finalizaci\u00f3n del curso al participante.<\/li>\n<\/ul>\n<\/div>\n\n<div class=\"wp-block-paragraph \">\n<p><strong>Asistentes<br\/><\/strong>El personal del servicio de bomberos de cualquier rango y posici\u00f3n \u2013 activo o retirado \u2013 puede participar en la capacitaci\u00f3n. Adem\u00e1s, los sitios anfitriones pueden optar por invitar a otros miembros relevantes de la comunidad (por ejemplo, EAP, proveedores locales de salud mental, capellanes, investigadores) para exponer a este personal ajeno al cuerpo de bomberos a la capacitaci\u00f3n en bienestar de bomberos y servicios de emergencia m\u00e9dica.  Los certificados se otorgar\u00e1n al completar la evaluaci\u00f3n final de formaci\u00f3n en l\u00ednea.<\/p>\n<\/div>\n\n<div\n\t class=\"subheadline pt-[40px] flex flex-row items-center align wp-block-acf-subheadline\" id=\"subheadline_block_d3558f410a5dbb8ba9dd172d630917a9\">\n\t<div class=\"text-smoke mb-[28px] w-full items-center grid grid-cols-[fit-content(100ch)_1fr]\">\n\t<h3 class=\"text-heading-500 leading-6 border-transparent border-e-[2em]\">\n\t\tVirtual\t<\/h3>\n\t\t\t<div class=\"h-[3px] text-current border bg-current\" role=\"presentation\"><\/div>\n\t<\/div>\n<\/div>\n\n\n<div class=\"wp-block-paragraph \">\n<p><strong>Programaci\u00f3n<br\/><\/strong>La formaci\u00f3n virtual de dos d\u00edas puede programarse para dos d\u00edas laborables consecutivos cualesquiera con la hora de inicio local deseada por la organizaci\u00f3n anfitriona. Se considerar\u00e1n solicitudes de formaci\u00f3n en fin de semana. La AIB se esfuerza por acomodar las fechas de formaci\u00f3n solicitadas, sujeto a la disponibilidad del instructor. Para garantizar suficiente tiempo de preparaci\u00f3n, solicite las fechas con al menos tres meses de antelaci\u00f3n. Para programar la Formaci\u00f3n Virtual en Resiliencia de la AIB para su local o departamento, complete el <a href=\"https:\/\/www.iaff.org\/wp-content\/uploads\/IAFF-Resiliency-Form-VIRTUAL.pdf\" target=\"_blank\" rel=\"noreferrer noopener\">Formulario de Solicitud de Formaci\u00f3n Virtual en Resiliencia de la AIB<\/a> y env\u00edelo por correo electr\u00f3nico a <a href=\"mailto:behavioralhealth@iaff.org\" target=\"_blank\" rel=\"noreferrer noopener\">behavioralhealth@iaff.org<\/a>.    <\/p>\n<\/div>\n\n<div class=\"wp-block-paragraph \">\n<p><strong>Responsabilidades del Sitio Anfitri\u00f3n<br\/><\/strong>Cualquier departamento afiliado a IAFF puede servir como sitio anfitri\u00f3n. Responsabilidades del anfitri\u00f3n: <\/p>\n<\/div>\n\n<div class=\"wp-block-list\">\n<ul class=\"wp-block-list\">\n<li>Firme un contrato con AIB y pague por adelantado la tarifa de formaci\u00f3n completa, a m\u00e1s tardar un mes antes de la fecha de la formaci\u00f3n.<\/li>\n\n\n\n<li>Identifique a una persona para que act\u00fae como punto de contacto (POC). El POC es responsable de conseguir que el contrato sea firmado por el oficial apropiado del local o departamento de la AIB y devolverlo a la AIB de manera oportuna. <\/li>\n\n\n\n<li>Comparta el enlace de registro \u00fanico con los participantes deseados.<\/li>\n<\/ul>\n<\/div>\n\n<div class=\"wp-block-paragraph \">\n<p><strong>Responsabilidades individuales del estudiante:<\/strong><\/p>\n<\/div>\n\n<div class=\"wp-block-list\">\n<ul class=\"wp-block-list\">\n<li>Se recomienda encarecidamente a los estudiantes que participen fuera de turno desde una ubicaci\u00f3n remota y tranquila. Cada estudiante debe tener una conexi\u00f3n a internet fiable. <\/li>\n\n\n\n<li>Se requiere que cada estudiante asista a la formaci\u00f3n desde un ordenador individual con c\u00e1mara web y micr\u00f3fono. No se permite a los estudiantes unirse desde tel\u00e9fonos m\u00f3viles, iPads o tabletas. <\/li>\n\n\n\n<li>Los estudiantes no pueden compartir una computadora durante la capacitaci\u00f3n.<\/li>\n\n\n\n<li>Los estudiantes no pueden unirse a la capacitaci\u00f3n desde m\u00e1s de un dispositivo.<\/li>\n<\/ul>\n<\/div>\n\n<div class=\"wp-block-paragraph \">\n<p id=\"E602\"><strong>Responsabilidades de la AIB:<\/strong><\/p>\n<\/div>\n\n<div class=\"wp-block-list\">\n<ul class=\"wp-block-list\">\n<li>Proporcionar una capacitaci\u00f3n virtual de dos d\u00edas sobre resiliencia en el servicio de bomberos en una plataforma en l\u00ednea segura.<\/li>\n\n\n\n<li>Gestionar la presencia de tres instructores para impartir la capacitaci\u00f3n y cubrir todos los gastos relacionados con los instructores.<\/li>\n\n\n\n<li>Suministrar y enviar manuales y materiales del estudiante a cada participante inscrito individualmente a la direcci\u00f3n que designen.<\/li>\n\n\n\n<li>Proporcione al anfitri\u00f3n un folleto personalizado, anunciando la fecha de formaci\u00f3n, hora y punto de contacto para registrarse.<\/li>\n\n\n\n<li>Proporcione acceso a los materiales previos al curso, que incluyen la serie de v\u00eddeos de resumen de la formaci\u00f3n de resiliencia de AIB.<\/li>\n\n\n\n<li>Proporcione a los estudiantes el enlace de Zoom para acceder a la formaci\u00f3n de dos d\u00edas.<\/li>\n\n\n\n<li>Enviar certificados de finalizaci\u00f3n a los participantes que hayan completado la capacitaci\u00f3n.<\/li>\n<\/ul>\n<\/div>\n\n<div class=\"wp-block-paragraph \">\n<p id=\"E635\"><strong>Asistentes<br\/><\/strong>El personal del servicio de bomberos de cualquier rango y posici\u00f3n \u2013 activo o retirado \u2013 puede participar en la capacitaci\u00f3n. Adem\u00e1s, los sitios anfitriones pueden optar por invitar a otros miembros relevantes de la comunidad (por ejemplo, EAP, proveedores locales de salud mental, capellanes, investigadores) para exponer a este personal ajeno al cuerpo de bomberos a la capacitaci\u00f3n en bienestar de bomberos y servicios de emergencia m\u00e9dica. <\/p>\n<\/div>\n\n<div class=\"wp-block-paragraph \">\n<p id=\"E639\">Los certificados se otorgar\u00e1n al completar la evaluaci\u00f3n final de formaci\u00f3n en l\u00ednea.<\/p>\n<\/div>\n\n<div class=\"wp-block-paragraph \">\n<p id=\"E641\">Para informaci\u00f3n adicional, <a href=\"mailto:behavorialhealth@iaff.org\" target=\"_blank\" rel=\"noreferrer noopener\">contact us<\/a>.<\/p>\n<\/div>\n<\/div><\/section>\n<\/div>\n<div class=\"wp-block-paragraph \">\n<p><\/p>\n<\/div>","protected":false},"excerpt":{"rendered":"","protected":false},"featured_media":0,"parent":93644,"menu_order":0,"comment_status":"closed","ping_status":"closed","template":"","meta":{"_acf_changed":false,"_searchwp_excluded":"","inline_featured_image":false,"_EventAllDay":false,"_EventTimezone":"","_EventStartDate":"","_EventEndDate":"","_EventStartDateUTC":"","_EventEndDateUTC":"","_EventShowMap":false,"_EventShowMapLink":false,"_EventURL":"","_EventCost":"","_EventCostDescription":"","_EventCurrencySymbol":"","_EventCurrencyCode":"","_EventCurrencyPosition":"","_EventDateTimeSeparator":"","_EventTimeRangeSeparator":"","_EventOrganizerID":[],"_EventVenueID":[],"_OrganizerEmail":"","_OrganizerPhone":"","_OrganizerWebsite":"","_VenueAddress":"","_VenueCity":"","_VenueCountry":"","_VenueProvince":"","_VenueState":"","_VenueZip":"","_VenuePhone":"","_VenueURL":"","_VenueStateProvince":"","_VenueLat":"","_VenueLng":"","_VenueShowMap":false,"_VenueShowMapLink":false,"footnotes":""},"class_list":["post-93649","page","type-page","status-publish","hentry"],"acf":[],"publishpress_future_workflow_manual_trigger":{"enabledWorkflows":[]},"_links":{"self":[{"href":"https:\/\/www.iaff.org\/es\/wp-json\/wp\/v2\/pages\/93649","targetHints":{"allow":["GET"]}}],"collection":[{"href":"https:\/\/www.iaff.org\/es\/wp-json\/wp\/v2\/pages"}],"about":[{"href":"https:\/\/www.iaff.org\/es\/wp-json\/wp\/v2\/types\/page"}],"author":[{"embeddable":true,"href":"https:\/\/www.iaff.org\/es\/wp-json\/wp\/v2\/users\/5"}],"replies":[{"embeddable":true,"href":"https:\/\/www.iaff.org\/es\/wp-json\/wp\/v2\/comments?post=93649"}],"version-history":[{"count":2,"href":"https:\/\/www.iaff.org\/es\/wp-json\/wp\/v2\/pages\/93649\/revisions"}],"predecessor-version":[{"id":122503,"href":"https:\/\/www.iaff.org\/es\/wp-json\/wp\/v2\/pages\/93649\/revisions\/122503"}],"up":[{"embeddable":true,"href":"https:\/\/www.iaff.org\/es\/wp-json\/wp\/v2\/pages\/93644"}],"wp:attachment":[{"href":"https:\/\/www.iaff.org\/es\/wp-json\/wp\/v2\/media?parent=93649"}],"curies":[{"name":"wp","href":"https:\/\/api.w.org\/{rel}","templated":true}]}}