{"id":93134,"date":"2019-05-11T04:45:16","date_gmt":"2019-05-11T08:45:16","guid":{"rendered":"https:\/\/www.iaff.org\/centro-de-empleo\/"},"modified":"2026-04-23T12:28:11","modified_gmt":"2026-04-23T16:28:11","slug":"centro-de-empleo","status":"publish","type":"page","link":"https:\/\/www.iaff.org\/es\/centro-de-empleo\/","title":{"rendered":"Centro de Empleo"},"content":{"rendered":"<section\n\t class=\"secondary-hero align wp-block-acf-secondary-hero\" id=\"secondary-hero_block_c08f196352434bd6c62d0b97e3976bb2\">\n\t\n<header\n\tclass=\"w-full u-bg-full-width px-[22px] md:ps-bleed md:pe-0 py-[60px] bg-blue text-white u-has-rivets\"\n\tdata-theme=\"navy\"\n>\n\t<div class=\"flex flex-col !px-0 !max-w-[1440px] w-full lg:!ps-indent\">\n\t\t<div class=\"border-t-[6px] w-full my-0 flex flex-col md:flex-row gap-x-[62px] gap-y-[22px] border-gold\">\n\t\t\t\t\t\t\t<div class=\"relative grid md:order-last md:w-1\/2 overflow-hidden place-items-center aspect-[157\/105]\">\n\t\t\t\t\t<img decoding=\"async\" width=\"1200\" height=\"800\" src=\"https:\/\/www.iaff.org\/wp-content\/uploads\/2024\/02\/29057071-copy-1200x800.jpg\" class=\"absolute object-cover min-w-full h-full\" alt=\"\" srcset=\"https:\/\/www.iaff.org\/wp-content\/uploads\/2024\/02\/29057071-copy-1200x800.jpg 1200w, https:\/\/www.iaff.org\/wp-content\/uploads\/2024\/02\/29057071-copy-300x200.jpg 300w, https:\/\/www.iaff.org\/wp-content\/uploads\/2024\/02\/29057071-copy-1024x683.jpg 1024w, https:\/\/www.iaff.org\/wp-content\/uploads\/2024\/02\/29057071-copy-768x512.jpg 768w, https:\/\/www.iaff.org\/wp-content\/uploads\/2024\/02\/29057071-copy-1536x1024.jpg 1536w, https:\/\/www.iaff.org\/wp-content\/uploads\/2024\/02\/29057071-copy-2048x1365.jpg 2048w, https:\/\/www.iaff.org\/wp-content\/uploads\/2024\/02\/29057071-copy-240x160.jpg 240w, https:\/\/www.iaff.org\/wp-content\/uploads\/2024\/02\/29057071-copy-1215x810.jpg 1215w\" sizes=\"(max-width: 1200px) 100vw, 1200px\" \/>\t\t\t\t<\/div>\n\t\t\t\t\t\t<div class=\"w-full md:w-1\/2 md:py-[45px]\">\n\t\t\t\t<div class=\"max-w-[600px] flex flex-col gap-[22px]\">\n\t\t\t\t\t\t\t\t\t\t\t<h1 class=\"has-[.u-halftone-shadow--dark]:mb-divider has-[.u-halftone-shadow--light]:mb-divider\">\n\t\t\t\t\t\t\t<span class=\"inline-flex text-heading-200 u-halftone-shadow--light\">\n\t\t\t\t\t\t\t\tCentro de Empleo\t\t\t\t\t\t\t<\/span>\n\t\t\t\t\t\t<\/h1>\n\t\t\t\t\t\t\t\t\t\t\t\t\t\t\t\t<div class=\"text-body-300 font-sans\">\n\t\t\t\t\t\t\t<p>El centro de empleo de AIB enumera ofertas de trabajo en los departamentos de bomberos de Estados Unidos y Canad\u00e1, as\u00ed como oportunidades de empleo en AIB; otros sindicatos; y agencias municipales, estatales o federales.<\/p>\n\t\t\t\t\t\t<\/div>\n\t\t\t\t\t\t\t\t\t\t\t\t\t\t\t\t\t\t\t\t\t\t\t\t\t\t\t<div class=\"flex flex-wrap gap-[30px]\">\n\t\t\t\t\t\t\t\t\t\t\t\t\t\t\t<!-- Renders the same as core\/button with a specific style -->\n\t<div\n\t\tclass=\"wp-block-button track-button-primary is-style-primary-red\"\n\t>\n\t\t<a\n\t\t\tclass=\"wp-block-button__link wp-element-button cursor-pointer dlm-no-xhr-download track-hero-secondary-cta md:w-auto min-w-[156px]\"\n\t\t\t\t\t\t\thref=\"mailto:communications@iaff.org\"\n\t\t\t\t\t\t\t\t\ttarget=\"_blank\"\n\t\t\t\t\trel=\"nofollow noopener\"\n\t\t\t\t\t\t\t\t\t>\n\t\t\tCONT\u00c1CTENOS\t\t<\/a>\n\t<\/div>\n\t\t\t\t\t\t\t\t\t\t\t\t\t<\/div>\n\t\t\t\t\t\t\t\t\t\t\t\t\t\t<\/div>\n\t\t\t<\/div>\n\n\t\t<\/div>\n\t\t\t<\/div>\n<\/header>\n<\/section>\n<section\n\t class=\"page-blocks iaff-page-blocks align wp-block-acf-page-blocks\" id=\"page-blocks_block_99d7bf89f5dbd573baf9e5dfedfd54a6\">\n\t<div class=\"acf-innerblocks-container\">\n<div class=\"wp-block-paragraph \">\n<p><\/p>\n<\/div>\n\n<div class=\"wp-block-paragraph \">\n<p>Si usted es miembro de AIB y su departamento de bomberos tiene una oportunidad de empleo, env\u00ede una breve descripci\u00f3n, la fecha l\u00edmite de solicitud y el enlace web a <a href=\"mailto:communications@iaff.org\">communications@iaff.org<\/a>. Todas las ofertas de empleo que aparecen en el sitio web de AIB se examinan y aparecer\u00e1n en el centro de empleo en un plazo de 48 horas tras su env\u00edo. <\/p>\n<\/div>\n\n<div class=\"wp-block-paragraph \">\n<p><a href=\"https:\/\/www.iaff.org\/es\/beneficios-relacionados-con-el-empleo\/\" data-type=\"link\" data-id=\"https:\/\/www.iaff.org\/employment-related-benefits\/\">Haga clic aqu\u00ed<\/a> para obtener m\u00e1s informaci\u00f3n para bomberos que buscan empleo.<\/p>\n<\/div>\n\n<div\n\t class=\"subheadline pt-[40px] flex flex-row items-center align wp-block-acf-subheadline\" id=\"subheadline_block_099522ac5dd2e460b0c4b16380af252c\">\n\t<div class=\"text-smoke mb-[28px] w-full items-center grid grid-cols-[fit-content(100ch)_1fr]\">\n\t<h3 class=\"text-heading-500 leading-6 border-transparent border-e-[2em]\">\n\t\tOfertas de empleo\t<\/h3>\n\t\t\t<div class=\"h-[3px] text-current border bg-current\" role=\"presentation\"><\/div>\n\t<\/div>\n<\/div>\n\n\n<section\n\t class=\"card-grid pt-5 align wp-block-acf-card-grid\" id=\"card-grid_block_b6cf475c1ba9f898fe567a40d877ebe7\">\n\t\n\t<div class=\"iaff-card-grid md:px-indent\">\n\t\t\t\t<div class=\"acf-innerblocks-container\">\n<article\n\t class=\"link-card flex align wp-block-acf-link-card\" id=\"link-card_block_5d2cdbfe08ecc622995f23d411f07b68\">\n\t<a href=\"https:\/\/www.raftelis.com\/opportunity\/city-of-lynchburg-va-fire-chief\" target=\"_blank\" class=\"p-0 flex flex-col w-full h-full group no-underline\" rel=\"noopener\">\t<div class=\"bg-halftone-dark p-3 min-h-divider w-full grid place-items-center\"><\/div>\n\t<div class=\"relative px-10 py-9 bg-smoke\/5 text-body-500 flex flex-col gap-card-gap flex-1 transition duration-hover group-hover:bg-white\">\n\t\t\t\t\t<h4 class=\"text-heading-400-serif\">\n\t\t\t\tJefe de bomberos en Lynchburg, VA\t\t\t<\/h4>\n\t\t\t\t<div class=\"relative flex flex-col flex-1 gap-card-gap text-body-500 justify-start min-h-[120px]\">\n\t\t\t\t\t\t\t<div class=\"text-label-100\">\n\t\t\t\t\tPublicado el 23\/04\/2026\t\t\t\t<\/div>\n\t\t\t\t\t\t\t\t\t\t<div class=\"flex-grow-1 text-body-500\">\n\t\t\t\t\tEl jefe proporciona liderazgo y direcci\u00f3n a un equipo integrado de personal profesional, bomberos y profesionales m\u00e9dicos de emergencia, con responsabilidad sobre los servicios de extinci\u00f3n y prevenci\u00f3n de incendios, investigaciones de incendios, servicios m\u00e9dicos de emergencia, rescate t\u00e9cnico, respuesta a materiales peligrosos, respuesta a emergencias en espacios confinados y operaciones de gesti\u00f3n de emergencias. El jefe tambi\u00e9n asiste en la coordinaci\u00f3n de la defensa contra incendios de la regi\u00f3n colaborando con agencias de rescate voluntarias y departamentos vecinos a trav\u00e9s de acuerdos de ayuda mutua. Este puesto garantiza la prestaci\u00f3n constante de servicios de emergencia y el mantenimiento de todas las instalaciones, veh\u00edculos y equipos del departamento.  \t\t\t\t<\/div>\n\t\t\t\t\t\t\t\t\t\t<div class=\"mt-auto group-hover\">\n\t\t\t\t\t<!-- Renders the same as core\/button with a specific style -->\n\t<div>\n\t\t\t\t\t<div\n\t\t\t\tclass=\"inline-flex gap-[16px] items-center text-inherit text-button-300 decoration-transparent underline underline-offset-2 transition-colors duration-hover group-hover:decoration-current group-focus-visible:decoration-current\"\n\t\t\t>\n\t\t\t\t<span>\n\t\t\t\t\tM\u00e1s informaci\u00f3n\t\t\t\t<\/span>\n\t\t\t\t<svg xmlns=\"http:\/\/www.w3.org\/2000\/svg\" width=\"15\" height=\"15\" fill=\"none\" viewBox=\"0 0 15 15\"><path stroke=\"currentColor\" stroke-linecap=\"square\" stroke-width=\"2\" d=\"M11.6347 7.49976L1 7.49976\"\/><path stroke=\"currentColor\" stroke-linecap=\"square\" stroke-width=\"2\" d=\"M7.31445 2.13138L12.7061 7.50014L7.31445 12.8689\"\/><\/svg>\t\t\t<\/div>\n\t\t\t<\/div>\n\t\t\t\t<\/div>\n\t\t\t\t\t<\/div>\n\t<\/div>\n\t<\/a><\/article>\n\n\n<article\n\t class=\"link-card flex align wp-block-acf-link-card\" id=\"link-card_block_05ef5e8aebaf48f3483bb8682eaa470d\">\n\t<a href=\"https:\/\/www.governmentjobs.com\/careers\/thornton\/jobs\/5273640\/lateral-firefighter-recruit-with-paramedic-certification?page=2&#038;pagetype=jobOpportunitiesJobs\" target=\"_blank\" class=\"p-0 flex flex-col w-full h-full group no-underline\" rel=\"noopener\">\t<div class=\"bg-halftone-dark p-3 min-h-divider w-full grid place-items-center\"><\/div>\n\t<div class=\"relative px-10 py-9 bg-smoke\/5 text-body-500 flex flex-col gap-card-gap flex-1 transition duration-hover group-hover:bg-white\">\n\t\t\t\t\t<h4 class=\"text-heading-400-serif\">\n\t\t\t\tBombero con experiencia en Thornton, CO\t\t\t<\/h4>\n\t\t\t\t<div class=\"relative flex flex-col flex-1 gap-card-gap text-body-500 justify-start min-h-[120px]\">\n\t\t\t\t\t\t\t<div class=\"text-label-100\">\n\t\t\t\t\tFecha de publicaci\u00f3n: 26\/03\/31\t\t\t\t<\/div>\n\t\t\t\t\t\t\t\t\t\t<div class=\"flex-grow-1 text-body-500\">\n\t\t\t\t\tEl Departamento de Bomberos de Thornton est\u00e1 contratando bomberos\/param\u00e9dicos con experiencia para unirse a un departamento progresista y servir a una comunidad en crecimiento. Con 8 estaciones, veh\u00edculos de soporte vital avanzado (ALS), un sistema de transporte con bomberos con formaci\u00f3n multidisciplinar y casi 18.000 llamadas en 2025, se mantendr\u00e1 ocupado, desarrollar\u00e1 sus habilidades y tendr\u00e1 un impacto en cada turno.\r\nSu experiencia es importante aqu\u00ed. Venga a formar parte de la familia de Bomberos de Thornton.  \t\t\t\t<\/div>\n\t\t\t\t\t\t\t\t\t\t<div class=\"mt-auto group-hover\">\n\t\t\t\t\t<!-- Renders the same as core\/button with a specific style -->\n\t<div>\n\t\t\t\t\t<div\n\t\t\t\tclass=\"inline-flex gap-[16px] items-center text-inherit text-button-300 decoration-transparent underline underline-offset-2 transition-colors duration-hover group-hover:decoration-current group-focus-visible:decoration-current\"\n\t\t\t>\n\t\t\t\t<span>\n\t\t\t\t\tM\u00e1s informaci\u00f3n\t\t\t\t<\/span>\n\t\t\t\t<svg xmlns=\"http:\/\/www.w3.org\/2000\/svg\" width=\"15\" height=\"15\" fill=\"none\" viewBox=\"0 0 15 15\"><path stroke=\"currentColor\" stroke-linecap=\"square\" stroke-width=\"2\" d=\"M11.6347 7.49976L1 7.49976\"\/><path stroke=\"currentColor\" stroke-linecap=\"square\" stroke-width=\"2\" d=\"M7.31445 2.13138L12.7061 7.50014L7.31445 12.8689\"\/><\/svg>\t\t\t<\/div>\n\t\t\t<\/div>\n\t\t\t\t<\/div>\n\t\t\t\t\t<\/div>\n\t<\/div>\n\t<\/a><\/article>\n\n\n<article\n\t class=\"link-card flex align wp-block-acf-link-card\" id=\"link-card_block_9bb690b3f01a66fbd8da9c9be9e96fab\">\n\t<a href=\"https:\/\/www.governmentjobs.com\/careers\/brooklynparkmn\/jobs\/5244390\/fire-captain-ft-lateral-promotional?pagetype=jobOpportunitiesJobs\" target=\"_blank\" class=\"p-0 flex flex-col w-full h-full group no-underline\" rel=\"noopener\">\t<div class=\"bg-halftone-dark p-3 min-h-divider w-full grid place-items-center\"><\/div>\n\t<div class=\"relative px-10 py-9 bg-smoke\/5 text-body-500 flex flex-col gap-card-gap flex-1 transition duration-hover group-hover:bg-white\">\n\t\t\t\t\t<h4 class=\"text-heading-400-serif\">\n\t\t\t\tCapit\u00e1n de Bomberos en Brooklyn Park, MN\t\t\t<\/h4>\n\t\t\t\t<div class=\"relative flex flex-col flex-1 gap-card-gap text-body-500 justify-start min-h-[120px]\">\n\t\t\t\t\t\t\t<div class=\"text-label-100\">\n\t\t\t\t\tFecha de publicaci\u00f3n: 26\/03\/31\t\t\t\t<\/div>\n\t\t\t\t\t\t\t\t\t\t<div class=\"flex-grow-1 text-body-500\">\n\t\t\t\t\tBajo la direcci\u00f3n general del Jefe de Batall\u00f3n, el Capit\u00e1n de Bomberos supervisa las compa\u00f1\u00edas de bomberos en la extinci\u00f3n de incendios, servicios m\u00e9dicos de emergencia, prevenci\u00f3n de incendios y actividades de educaci\u00f3n p\u00fablica. Este puesto supervisa el mantenimiento de las estaciones de bomberos, equipos, aparatos y trabajos relacionados seg\u00fan sea necesario; coordina la programaci\u00f3n del personal, el equipo, la formaci\u00f3n y la actividad laboral; coordina las funciones de l\u00ednea dentro de la pol\u00edtica administrativa y realiza el trabajo relacionado seg\u00fan sea necesario. \t\t\t\t<\/div>\n\t\t\t\t\t\t\t\t\t\t<div class=\"mt-auto group-hover\">\n\t\t\t\t\t<!-- Renders the same as core\/button with a specific style -->\n\t<div>\n\t\t\t\t\t<div\n\t\t\t\tclass=\"inline-flex gap-[16px] items-center text-inherit text-button-300 decoration-transparent underline underline-offset-2 transition-colors duration-hover group-hover:decoration-current group-focus-visible:decoration-current\"\n\t\t\t>\n\t\t\t\t<span>\n\t\t\t\t\tM\u00e1s informaci\u00f3n\t\t\t\t<\/span>\n\t\t\t\t<svg xmlns=\"http:\/\/www.w3.org\/2000\/svg\" width=\"15\" height=\"15\" fill=\"none\" viewBox=\"0 0 15 15\"><path stroke=\"currentColor\" stroke-linecap=\"square\" stroke-width=\"2\" d=\"M11.6347 7.49976L1 7.49976\"\/><path stroke=\"currentColor\" stroke-linecap=\"square\" stroke-width=\"2\" d=\"M7.31445 2.13138L12.7061 7.50014L7.31445 12.8689\"\/><\/svg>\t\t\t<\/div>\n\t\t\t<\/div>\n\t\t\t\t<\/div>\n\t\t\t\t\t<\/div>\n\t<\/div>\n\t<\/a><\/article>\n\n\n<article\n\t class=\"link-card flex align wp-block-acf-link-card\" id=\"link-card_block_b1f27100db490e7b43ae5250dc55e627\">\n\t<a href=\"https:\/\/jobs.keldair.com\/pocatello\/jobs\/98173\/fire-chief\" target=\"_blank\" class=\"p-0 flex flex-col w-full h-full group no-underline\" rel=\"noopener\">\t<div class=\"bg-halftone-dark p-3 min-h-divider w-full grid place-items-center\"><\/div>\n\t<div class=\"relative px-10 py-9 bg-smoke\/5 text-body-500 flex flex-col gap-card-gap flex-1 transition duration-hover group-hover:bg-white\">\n\t\t\t\t\t<h4 class=\"text-heading-400-serif\">\n\t\t\t\tJefe de Bomberos en Pocatello, ID\t\t\t<\/h4>\n\t\t\t\t<div class=\"relative flex flex-col flex-1 gap-card-gap text-body-500 justify-start min-h-[120px]\">\n\t\t\t\t\t\t\t<div class=\"text-label-100\">\n\t\t\t\t\tFecha de publicaci\u00f3n: 26\/03\/31\t\t\t\t<\/div>\n\t\t\t\t\t\t\t\t\t\t<div class=\"flex-grow-1 text-body-500\">\n\t\t\t\t\tEl Jefe de Bomberos dirige, gestiona y supervisa todas las actividades del Departamento de Bomberos para garantizar un servicio de emergencia las 24 horas a los ciudadanos de Pocatello y el condado de Bannock. Las actividades del departamento incluyen, entre otras, la respuesta a incendios y emergencias m\u00e9dicas, la reducci\u00f3n de riesgos comunitarios, la aplicaci\u00f3n de c\u00f3digos, la investigaci\u00f3n de incendios, la formaci\u00f3n, el mantenimiento de instalaciones y aparatos, y la seguridad p\u00fablica general.  \t\t\t\t<\/div>\n\t\t\t\t\t\t\t\t\t\t<div class=\"mt-auto group-hover\">\n\t\t\t\t\t<!-- Renders the same as core\/button with a specific style -->\n\t<div>\n\t\t\t\t\t<div\n\t\t\t\tclass=\"inline-flex gap-[16px] items-center text-inherit text-button-300 decoration-transparent underline underline-offset-2 transition-colors duration-hover group-hover:decoration-current group-focus-visible:decoration-current\"\n\t\t\t>\n\t\t\t\t<span>\n\t\t\t\t\tM\u00e1s informaci\u00f3n\t\t\t\t<\/span>\n\t\t\t\t<svg xmlns=\"http:\/\/www.w3.org\/2000\/svg\" width=\"15\" height=\"15\" fill=\"none\" viewBox=\"0 0 15 15\"><path stroke=\"currentColor\" stroke-linecap=\"square\" stroke-width=\"2\" d=\"M11.6347 7.49976L1 7.49976\"\/><path stroke=\"currentColor\" stroke-linecap=\"square\" stroke-width=\"2\" d=\"M7.31445 2.13138L12.7061 7.50014L7.31445 12.8689\"\/><\/svg>\t\t\t<\/div>\n\t\t\t<\/div>\n\t\t\t\t<\/div>\n\t\t\t\t\t<\/div>\n\t<\/div>\n\t<\/a><\/article>\n\n\n<article\n\t class=\"link-card flex align wp-block-acf-link-card\" id=\"link-card_block_fcd58aad487d49a618da085cc7bb9913\">\n\t<a href=\"https:\/\/ci.merrill.wi.us\/index.asp?SEC=FCB1958D-2AC4-4009-AE40-883F2C1C6591&#038;DE=75D4626A-0B72-44E7-8829-4995A7454E49\" target=\"_blank\" class=\"p-0 flex flex-col w-full h-full group no-underline\" rel=\"noopener\">\t<div class=\"bg-halftone-dark p-3 min-h-divider w-full grid place-items-center\"><\/div>\n\t<div class=\"relative px-10 py-9 bg-smoke\/5 text-body-500 flex flex-col gap-card-gap flex-1 transition duration-hover group-hover:bg-white\">\n\t\t\t\t\t<h4 class=\"text-heading-400-serif\">\n\t\t\t\tBombero\/Param\u00e9dico en Merrill, WI\t\t\t<\/h4>\n\t\t\t\t<div class=\"relative flex flex-col flex-1 gap-card-gap text-body-500 justify-start min-h-[120px]\">\n\t\t\t\t\t\t\t<div class=\"text-label-100\">\n\t\t\t\t\tFecha de publicaci\u00f3n: 09\/03\/26\t\t\t\t<\/div>\n\t\t\t\t\t\t\t\t\t\t<div class=\"flex-grow-1 text-body-500\">\n\t\t\t\t\tLa persona titular realiza labores t\u00e9cnicas de prestaci\u00f3n de servicios m\u00e9dicos de emergencia avanzados (param\u00e9dico) a pacientes que sufren problemas m\u00e9dicos sobre el terreno. Desempe\u00f1a funciones de prevenci\u00f3n y extinci\u00f3n de incendios, atiende llamadas de emergencia y opera y mantiene el equipo, los veh\u00edculos y las instalaciones del Departamento de Bomberos y Servicios M\u00e9dicos de Emergencia. \t\t\t\t<\/div>\n\t\t\t\t\t\t\t\t\t\t<div class=\"mt-auto group-hover\">\n\t\t\t\t\t<!-- Renders the same as core\/button with a specific style -->\n\t<div>\n\t\t\t\t\t<div\n\t\t\t\tclass=\"inline-flex gap-[16px] items-center text-inherit text-button-300 decoration-transparent underline underline-offset-2 transition-colors duration-hover group-hover:decoration-current group-focus-visible:decoration-current\"\n\t\t\t>\n\t\t\t\t<span>\n\t\t\t\t\tM\u00e1s informaci\u00f3n\t\t\t\t<\/span>\n\t\t\t\t<svg xmlns=\"http:\/\/www.w3.org\/2000\/svg\" width=\"15\" height=\"15\" fill=\"none\" viewBox=\"0 0 15 15\"><path stroke=\"currentColor\" stroke-linecap=\"square\" stroke-width=\"2\" d=\"M11.6347 7.49976L1 7.49976\"\/><path stroke=\"currentColor\" stroke-linecap=\"square\" stroke-width=\"2\" d=\"M7.31445 2.13138L12.7061 7.50014L7.31445 12.8689\"\/><\/svg>\t\t\t<\/div>\n\t\t\t<\/div>\n\t\t\t\t<\/div>\n\t\t\t\t\t<\/div>\n\t<\/div>\n\t<\/a><\/article>\n\n\n<article\n\t class=\"link-card flex align wp-block-acf-link-card\" id=\"link-card_block_4c0ce3aa498d1a73291ae8d94a788b68\">\n\t<a href=\"https:\/\/donaanacounty.wd503.myworkdayjobs.com\/en-US\/DAC\/details\/Plans-Examiner---Fire-Rescue_R-1000658-1\" target=\"_blank\" class=\"p-0 flex flex-col w-full h-full group no-underline\" rel=\"noopener\">\t<div class=\"bg-halftone-dark p-3 min-h-divider w-full grid place-items-center\"><\/div>\n\t<div class=\"relative px-10 py-9 bg-smoke\/5 text-body-500 flex flex-col gap-card-gap flex-1 transition duration-hover group-hover:bg-white\">\n\t\t\t\t\t<h4 class=\"text-heading-400-serif\">\n\t\t\t\tExaminador de Planos &#8211; Bomberos y Rescate en el Condado de Do\u00f1a Ana, NM\t\t\t<\/h4>\n\t\t\t\t<div class=\"relative flex flex-col flex-1 gap-card-gap text-body-500 justify-start min-h-[120px]\">\n\t\t\t\t\t\t\t<div class=\"text-label-100\">\n\t\t\t\t\tPublicado el 25\/02\/2026\t\t\t\t<\/div>\n\t\t\t\t\t\t\t\t\t\t<div class=\"flex-grow-1 text-body-500\">\n\t\t\t\t\tRevisar y aprobar planos y especificaciones para supresi\u00f3n de incendios, detecci\u00f3n de incendios, riesgos especiales, almacenamiento en altura, instalaciones de materiales peligrosos. Revisar planos de construcci\u00f3n de edificios y desarrollo de terrenos para verificar el cumplimiento de los c\u00f3digos de seguridad contra incendios y de vida, as\u00ed como de las ordenanzas del Condado. Asesorar y proporcionar recomendaciones a arquitectos, contratistas y al p\u00fablico. Preparar informes sobre las revisiones de planos. Realizar interpretaciones de c\u00f3digos seg\u00fan sea necesario.    \t\t\t\t<\/div>\n\t\t\t\t\t\t\t\t\t\t<div class=\"mt-auto group-hover\">\n\t\t\t\t\t<!-- Renders the same as core\/button with a specific style -->\n\t<div>\n\t\t\t\t\t<div\n\t\t\t\tclass=\"inline-flex gap-[16px] items-center text-inherit text-button-300 decoration-transparent underline underline-offset-2 transition-colors duration-hover group-hover:decoration-current group-focus-visible:decoration-current\"\n\t\t\t>\n\t\t\t\t<span>\n\t\t\t\t\tM\u00e1s informaci\u00f3n\t\t\t\t<\/span>\n\t\t\t\t<svg xmlns=\"http:\/\/www.w3.org\/2000\/svg\" width=\"15\" height=\"15\" fill=\"none\" viewBox=\"0 0 15 15\"><path stroke=\"currentColor\" stroke-linecap=\"square\" stroke-width=\"2\" d=\"M11.6347 7.49976L1 7.49976\"\/><path stroke=\"currentColor\" stroke-linecap=\"square\" stroke-width=\"2\" d=\"M7.31445 2.13138L12.7061 7.50014L7.31445 12.8689\"\/><\/svg>\t\t\t<\/div>\n\t\t\t<\/div>\n\t\t\t\t<\/div>\n\t\t\t\t\t<\/div>\n\t<\/div>\n\t<\/a><\/article>\n\n\n<article\n\t class=\"link-card flex align wp-block-acf-link-card\" id=\"link-card_block_48eede21ea06919bb6b6bd66fd64bf4d\">\n\t<a href=\"https:\/\/www.governmentjobs.com\/careers\/stpaul\/jobs\/5210571\/firefighter-emt?pagetype=jobOpportunitiesJobs\" target=\"_blank\" class=\"p-0 flex flex-col w-full h-full group no-underline\" rel=\"noopener\">\t<div class=\"bg-halftone-dark p-3 min-h-divider w-full grid place-items-center\"><\/div>\n\t<div class=\"relative px-10 py-9 bg-smoke\/5 text-body-500 flex flex-col gap-card-gap flex-1 transition duration-hover group-hover:bg-white\">\n\t\t\t\t\t<h4 class=\"text-heading-400-serif\">\n\t\t\t\tBombero en St. Paul, MN\t\t\t<\/h4>\n\t\t\t\t<div class=\"relative flex flex-col flex-1 gap-card-gap text-body-500 justify-start min-h-[120px]\">\n\t\t\t\t\t\t\t<div class=\"text-label-100\">\n\t\t\t\t\tFecha de publicaci\u00f3n: 20\/02\/26\t\t\t\t<\/div>\n\t\t\t\t\t\t\t\t\t\t<div class=\"flex-grow-1 text-body-500\">\n\t\t\t\t\tLos bomberos protegen a la poblaci\u00f3n de Saint Paul a trav\u00e9s de la educaci\u00f3n p\u00fablica, la extinci\u00f3n de incendios, el rescate y los servicios m\u00e9dicos de emergencia. Colaboran con la comunidad para mitigar riesgos y responden a todos los avisos de servicio con destreza, dedicaci\u00f3n y compasi\u00f3n.  \t\t\t\t<\/div>\n\t\t\t\t\t\t\t\t\t\t<div class=\"mt-auto group-hover\">\n\t\t\t\t\t<!-- Renders the same as core\/button with a specific style -->\n\t<div>\n\t\t\t\t\t<div\n\t\t\t\tclass=\"inline-flex gap-[16px] items-center text-inherit text-button-300 decoration-transparent underline underline-offset-2 transition-colors duration-hover group-hover:decoration-current group-focus-visible:decoration-current\"\n\t\t\t>\n\t\t\t\t<span>\n\t\t\t\t\tM\u00e1s informaci\u00f3n\t\t\t\t<\/span>\n\t\t\t\t<svg xmlns=\"http:\/\/www.w3.org\/2000\/svg\" width=\"15\" height=\"15\" fill=\"none\" viewBox=\"0 0 15 15\"><path stroke=\"currentColor\" stroke-linecap=\"square\" stroke-width=\"2\" d=\"M11.6347 7.49976L1 7.49976\"\/><path stroke=\"currentColor\" stroke-linecap=\"square\" stroke-width=\"2\" d=\"M7.31445 2.13138L12.7061 7.50014L7.31445 12.8689\"\/><\/svg>\t\t\t<\/div>\n\t\t\t<\/div>\n\t\t\t\t<\/div>\n\t\t\t\t\t<\/div>\n\t<\/div>\n\t<\/a><\/article>\n\n\n<article\n\t class=\"link-card flex align wp-block-acf-link-card\" id=\"link-card_block_bdd15ab31c080220560ea2bbb8430624\">\n\t<a href=\"https:\/\/mtbofc.com\/apply\/\" target=\"_blank\" class=\"p-0 flex flex-col w-full h-full group no-underline\" rel=\"noopener\">\t<div class=\"bg-halftone-dark p-3 min-h-divider w-full grid place-items-center\"><\/div>\n\t<div class=\"relative px-10 py-9 bg-smoke\/5 text-body-500 flex flex-col gap-card-gap flex-1 transition duration-hover group-hover:bg-white\">\n\t\t\t\t\t<h4 class=\"text-heading-400-serif\">\n\t\t\t\tPrueba de contrataci\u00f3n conjunta del Departamento de Bomberos del centro de Nueva Jersey\t\t\t<\/h4>\n\t\t\t\t<div class=\"relative flex flex-col flex-1 gap-card-gap text-body-500 justify-start min-h-[120px]\">\n\t\t\t\t\t\t\t<div class=\"text-label-100\">\n\t\t\t\t\tFecha de publicaci\u00f3n: 2\/3\/26\t\t\t\t<\/div>\n\t\t\t\t\t\t\t\t\t\t<div class=\"flex-grow-1 text-body-500\">\n\t\t\t\t\tEl proceso de prueba incluye AIB 3874 Monmouth &amp; Ocean, 3610 West Windsor, 3824 Monroe Township y AIB 3897. \t\t\t\t<\/div>\n\t\t\t\t\t\t\t\t\t\t<div class=\"mt-auto group-hover\">\n\t\t\t\t\t<!-- Renders the same as core\/button with a specific style -->\n\t<div>\n\t\t\t\t\t<div\n\t\t\t\tclass=\"inline-flex gap-[16px] items-center text-inherit text-button-300 decoration-transparent underline underline-offset-2 transition-colors duration-hover group-hover:decoration-current group-focus-visible:decoration-current\"\n\t\t\t>\n\t\t\t\t<span>\n\t\t\t\t\tM\u00e1s informaci\u00f3n\t\t\t\t<\/span>\n\t\t\t\t<svg xmlns=\"http:\/\/www.w3.org\/2000\/svg\" width=\"15\" height=\"15\" fill=\"none\" viewBox=\"0 0 15 15\"><path stroke=\"currentColor\" stroke-linecap=\"square\" stroke-width=\"2\" d=\"M11.6347 7.49976L1 7.49976\"\/><path stroke=\"currentColor\" stroke-linecap=\"square\" stroke-width=\"2\" d=\"M7.31445 2.13138L12.7061 7.50014L7.31445 12.8689\"\/><\/svg>\t\t\t<\/div>\n\t\t\t<\/div>\n\t\t\t\t<\/div>\n\t\t\t\t\t<\/div>\n\t<\/div>\n\t<\/a><\/article>\n\n\n<article\n\t class=\"link-card flex align wp-block-acf-link-card\" id=\"link-card_block_aa368424af6c96144d4a97683110c9e9\">\n\t<a href=\"https:\/\/careers.mta.org\/jobs\/17285683-fire-slash-ems-officer-rep-med-ben\" target=\"_blank\" class=\"p-0 flex flex-col w-full h-full group no-underline\" rel=\"noopener\">\t<div class=\"bg-halftone-dark p-3 min-h-divider w-full grid place-items-center\"><\/div>\n\t<div class=\"relative px-10 py-9 bg-smoke\/5 text-body-500 flex flex-col gap-card-gap flex-1 transition duration-hover group-hover:bg-white\">\n\t\t\t\t\t<h4 class=\"text-heading-400-serif\">\n\t\t\t\tBombero\/Param\u00e9dico para Metro North Railroad en Nueva York\t\t\t<\/h4>\n\t\t\t\t<div class=\"relative flex flex-col flex-1 gap-card-gap text-body-500 justify-start min-h-[120px]\">\n\t\t\t\t\t\t\t<div class=\"text-label-100\">\n\t\t\t\t\tFecha de publicaci\u00f3n: 2\/3\/26\t\t\t\t<\/div>\n\t\t\t\t\t\t\t\t\t\t<div class=\"flex-grow-1 text-body-500\">\n\t\t\t\t\tEsta posici\u00f3n proteger\u00e1 a los empleados, clientes, inquilinos, equipos e infraestructura del Metro-North Railroad de lesiones, da\u00f1os y p\u00e9rdidas mediante el mantenimiento de un programa integral y proactivo de seguridad contra incendios\/vida, respondiendo y mitigando incidentes de incendios\/rescate\/materiales peligrosos, proporcionando servicios m\u00e9dicos de emergencia prehospitalarios, y trabajando con fuerzas internas y externas para minimizar de manera segura y eficiente las interrupciones del servicio. Proporcionar supervisi\u00f3n de primera l\u00ednea al personal de la brigada de bomberos voluntarios. \t\t\t\t<\/div>\n\t\t\t\t\t\t\t\t\t\t<div class=\"mt-auto group-hover\">\n\t\t\t\t\t<!-- Renders the same as core\/button with a specific style -->\n\t<div>\n\t\t\t\t\t<div\n\t\t\t\tclass=\"inline-flex gap-[16px] items-center text-inherit text-button-300 decoration-transparent underline underline-offset-2 transition-colors duration-hover group-hover:decoration-current group-focus-visible:decoration-current\"\n\t\t\t>\n\t\t\t\t<span>\n\t\t\t\t\tM\u00e1s informaci\u00f3n\t\t\t\t<\/span>\n\t\t\t\t<svg xmlns=\"http:\/\/www.w3.org\/2000\/svg\" width=\"15\" height=\"15\" fill=\"none\" viewBox=\"0 0 15 15\"><path stroke=\"currentColor\" stroke-linecap=\"square\" stroke-width=\"2\" d=\"M11.6347 7.49976L1 7.49976\"\/><path stroke=\"currentColor\" stroke-linecap=\"square\" stroke-width=\"2\" d=\"M7.31445 2.13138L12.7061 7.50014L7.31445 12.8689\"\/><\/svg>\t\t\t<\/div>\n\t\t\t<\/div>\n\t\t\t\t<\/div>\n\t\t\t\t\t<\/div>\n\t<\/div>\n\t<\/a><\/article>\n\n\n<article\n\t class=\"link-card flex align wp-block-acf-link-card\" id=\"link-card_block_96bf380c0601d94a2e574e958baae264\">\n\t<a href=\"https:\/\/mwaa.wd1.myworkdayjobs.com\/MWAA\/job\/Reagan-National-Airport\/Firefighter-II----10-000-Sign-on-Bonus--Written-Exam-and-WPE-February-26--2026-_R0006798\" target=\"_blank\" class=\"p-0 flex flex-col w-full h-full group no-underline\" rel=\"noopener\">\t<div class=\"bg-halftone-dark p-3 min-h-divider w-full grid place-items-center\"><\/div>\n\t<div class=\"relative px-10 py-9 bg-smoke\/5 text-body-500 flex flex-col gap-card-gap flex-1 transition duration-hover group-hover:bg-white\">\n\t\t\t\t\t<h4 class=\"text-heading-400-serif\">\n\t\t\t\tBombero II para la Autoridad de Aeropuertos Metropolitanos de Washington\t\t\t<\/h4>\n\t\t\t\t<div class=\"relative flex flex-col flex-1 gap-card-gap text-body-500 justify-start min-h-[120px]\">\n\t\t\t\t\t\t\t<div class=\"text-label-100\">\n\t\t\t\t\tFecha de publicaci\u00f3n: 2\/3\/26\t\t\t\t<\/div>\n\t\t\t\t\t\t\t\t\t\t<div class=\"flex-grow-1 text-body-500\">\n\t\t\t\t\tComo bombero II de la Autoridad de Aeropuertos, ayudar\u00e1 a proteger las vidas del p\u00fablico viajero respondiendo y combatiendo incendios y brindando atenci\u00f3n m\u00e9dica de emergencia. Presta servicio en el Departamento de Bomberos y Rescate de la Oficina de Seguridad P\u00fablica en el Aeropuerto Internacional Washington Dulles o en el Aeropuerto Nacional Ronald Reagan Washington. \t\t\t\t<\/div>\n\t\t\t\t\t\t\t\t\t\t<div class=\"mt-auto group-hover\">\n\t\t\t\t\t<!-- Renders the same as core\/button with a specific style -->\n\t<div>\n\t\t\t\t\t<div\n\t\t\t\tclass=\"inline-flex gap-[16px] items-center text-inherit text-button-300 decoration-transparent underline underline-offset-2 transition-colors duration-hover group-hover:decoration-current group-focus-visible:decoration-current\"\n\t\t\t>\n\t\t\t\t<span>\n\t\t\t\t\tM\u00e1s informaci\u00f3n\t\t\t\t<\/span>\n\t\t\t\t<svg xmlns=\"http:\/\/www.w3.org\/2000\/svg\" width=\"15\" height=\"15\" fill=\"none\" viewBox=\"0 0 15 15\"><path stroke=\"currentColor\" stroke-linecap=\"square\" stroke-width=\"2\" d=\"M11.6347 7.49976L1 7.49976\"\/><path stroke=\"currentColor\" stroke-linecap=\"square\" stroke-width=\"2\" d=\"M7.31445 2.13138L12.7061 7.50014L7.31445 12.8689\"\/><\/svg>\t\t\t<\/div>\n\t\t\t<\/div>\n\t\t\t\t<\/div>\n\t\t\t\t\t<\/div>\n\t<\/div>\n\t<\/a><\/article>\n\n\n<article\n\t class=\"link-card flex align wp-block-acf-link-card\" id=\"link-card_block_bb44f0177d4507a1fdfb5c1807d4abdb\">\n\t<a href=\"https:\/\/mwaa.wd1.myworkdayjobs.com\/MWAA\/job\/Dulles-International-Airport\/Firefighter-II-EMT-Trainee---5-000-Sign-on-Bonus--Written-Exam-and-WPE-February-26--2026-_R0006799\" target=\"_blank\" class=\"p-0 flex flex-col w-full h-full group no-underline\" rel=\"noopener\">\t<div class=\"bg-halftone-dark p-3 min-h-divider w-full grid place-items-center\"><\/div>\n\t<div class=\"relative px-10 py-9 bg-smoke\/5 text-body-500 flex flex-col gap-card-gap flex-1 transition duration-hover group-hover:bg-white\">\n\t\t\t\t\t<h4 class=\"text-heading-400-serif\">\n\t\t\t\tAprendiz de Bombero II EMT para la Autoridad de Aeropuertos Metropolitanos de Washington\t\t\t<\/h4>\n\t\t\t\t<div class=\"relative flex flex-col flex-1 gap-card-gap text-body-500 justify-start min-h-[120px]\">\n\t\t\t\t\t\t\t<div class=\"text-label-100\">\n\t\t\t\t\tFecha de publicaci\u00f3n: 2\/3\/26\t\t\t\t<\/div>\n\t\t\t\t\t\t\t\t\t\t<div class=\"flex-grow-1 text-body-500\">\n\t\t\t\t\tComo aprendiz de bombero II EMT para la Autoridad de Aeropuertos, ayudar\u00e1 a proteger las vidas del p\u00fablico viajero respondiendo y combatiendo incendios y brindando atenci\u00f3n m\u00e9dica de emergencia.\t\t\t\t<\/div>\n\t\t\t\t\t\t\t\t\t\t<div class=\"mt-auto group-hover\">\n\t\t\t\t\t<!-- Renders the same as core\/button with a specific style -->\n\t<div>\n\t\t\t\t\t<div\n\t\t\t\tclass=\"inline-flex gap-[16px] items-center text-inherit text-button-300 decoration-transparent underline underline-offset-2 transition-colors duration-hover group-hover:decoration-current group-focus-visible:decoration-current\"\n\t\t\t>\n\t\t\t\t<span>\n\t\t\t\t\tM\u00e1s informaci\u00f3n\t\t\t\t<\/span>\n\t\t\t\t<svg xmlns=\"http:\/\/www.w3.org\/2000\/svg\" width=\"15\" height=\"15\" fill=\"none\" viewBox=\"0 0 15 15\"><path stroke=\"currentColor\" stroke-linecap=\"square\" stroke-width=\"2\" d=\"M11.6347 7.49976L1 7.49976\"\/><path stroke=\"currentColor\" stroke-linecap=\"square\" stroke-width=\"2\" d=\"M7.31445 2.13138L12.7061 7.50014L7.31445 12.8689\"\/><\/svg>\t\t\t<\/div>\n\t\t\t<\/div>\n\t\t\t\t<\/div>\n\t\t\t\t\t<\/div>\n\t<\/div>\n\t<\/a><\/article>\n\n\n<article\n\t class=\"link-card flex align wp-block-acf-link-card\" id=\"link-card_block_818ca3c5eef0e5027fcf5c214b2ad718\">\n\t<a href=\"https:\/\/www.iaff.org\/wp-content\/uploads\/2026\/02\/TC-Firefighter-posting-packet-1.23.26.pdf\" target=\"_blank\" class=\"p-0 flex flex-col w-full h-full group no-underline\">\t<div class=\"bg-halftone-dark p-3 min-h-divider w-full grid place-items-center\"><\/div>\n\t<div class=\"relative px-10 py-9 bg-smoke\/5 text-body-500 flex flex-col gap-card-gap flex-1 transition duration-hover group-hover:bg-white\">\n\t\t\t\t\t<h4 class=\"text-heading-400-serif\">\n\t\t\t\tBombero\/Param\u00e9dico en Traverse City, MI\t\t\t<\/h4>\n\t\t\t\t<div class=\"relative flex flex-col flex-1 gap-card-gap text-body-500 justify-start min-h-[120px]\">\n\t\t\t\t\t\t\t<div class=\"text-label-100\">\n\t\t\t\t\tFecha de publicaci\u00f3n: 2\/3\/26\t\t\t\t<\/div>\n\t\t\t\t\t\t\t\t\t\t<div class=\"flex-grow-1 text-body-500\">\n\t\t\t\t\tLa ciudad de Traverse City es un empleador que ofrece igualdad de oportunidades. Los puestos de tiempo completo est\u00e1n sujetos a los t\u00e9rminos del Acuerdo de Negociaci\u00f3n Colectiva negociado por el AIB Local 646. Los posibles solicitantes pueden ponerse en contacto con el presidente local, Steichen, en el 231-245-0445 para hablar sobre las condiciones de trabajo, la cultura del departamento, la compensaci\u00f3n y los beneficios adicionales.  \t\t\t\t<\/div>\n\t\t\t\t\t\t\t\t\t\t<div class=\"mt-auto group-hover\">\n\t\t\t\t\t<!-- Renders the same as core\/button with a specific style -->\n\t<div>\n\t\t\t\t\t<div\n\t\t\t\tclass=\"inline-flex gap-[16px] items-center text-inherit text-button-300 decoration-transparent underline underline-offset-2 transition-colors duration-hover group-hover:decoration-current group-focus-visible:decoration-current\"\n\t\t\t>\n\t\t\t\t<span>\n\t\t\t\t\tM\u00e1s informaci\u00f3n\t\t\t\t<\/span>\n\t\t\t\t<svg xmlns=\"http:\/\/www.w3.org\/2000\/svg\" width=\"15\" height=\"15\" fill=\"none\" viewBox=\"0 0 15 15\"><path stroke=\"currentColor\" stroke-linecap=\"square\" stroke-width=\"2\" d=\"M11.6347 7.49976L1 7.49976\"\/><path stroke=\"currentColor\" stroke-linecap=\"square\" stroke-width=\"2\" d=\"M7.31445 2.13138L12.7061 7.50014L7.31445 12.8689\"\/><\/svg>\t\t\t<\/div>\n\t\t\t<\/div>\n\t\t\t\t<\/div>\n\t\t\t\t\t<\/div>\n\t<\/div>\n\t<\/a><\/article>\n\n\n<article\n\t class=\"link-card flex align wp-block-acf-link-card\" id=\"link-card_block_73b24a363c73c48e8472327f0617c8ce\">\n\t<a href=\"https:\/\/www.governmentjobs.com\/careers\/grandforksgov\/jobs\/5185001\/firefighter\/apply\/jobdetails?pagetype=jobOpportunitiesJobs\" target=\"_blank\" class=\"p-0 flex flex-col w-full h-full group no-underline\" rel=\"noopener\">\t<div class=\"bg-halftone-dark p-3 min-h-divider w-full grid place-items-center\"><\/div>\n\t<div class=\"relative px-10 py-9 bg-smoke\/5 text-body-500 flex flex-col gap-card-gap flex-1 transition duration-hover group-hover:bg-white\">\n\t\t\t\t\t<h4 class=\"text-heading-400-serif\">\n\t\t\t\tBombero en Grand Forks, Dakota del Norte\t\t\t<\/h4>\n\t\t\t\t<div class=\"relative flex flex-col flex-1 gap-card-gap text-body-500 justify-start min-h-[120px]\">\n\t\t\t\t\t\t\t<div class=\"text-label-100\">\n\t\t\t\t\tFecha de publicaci\u00f3n: 1\/2\/26\t\t\t\t<\/div>\n\t\t\t\t\t\t\t\t\t\t<div class=\"flex-grow-1 text-body-500\">\n\t\t\t\t\tLa ciudad de Grand Forks est\u00e1 aceptando solicitudes para el puesto de bombero. Este puesto ofrece la oportunidad de servir a la comunidad protegiendo la vida, la propiedad y el medio ambiente a trav\u00e9s de la respuesta a emergencias, la extinci\u00f3n de incendios, el rescate y las actividades de prevenci\u00f3n. \t\t\t\t<\/div>\n\t\t\t\t\t\t\t\t\t\t<div class=\"mt-auto group-hover\">\n\t\t\t\t\t<!-- Renders the same as core\/button with a specific style -->\n\t<div>\n\t\t\t\t\t<div\n\t\t\t\tclass=\"inline-flex gap-[16px] items-center text-inherit text-button-300 decoration-transparent underline underline-offset-2 transition-colors duration-hover group-hover:decoration-current group-focus-visible:decoration-current\"\n\t\t\t>\n\t\t\t\t<span>\n\t\t\t\t\tM\u00e1s informaci\u00f3n\t\t\t\t<\/span>\n\t\t\t\t<svg xmlns=\"http:\/\/www.w3.org\/2000\/svg\" width=\"15\" height=\"15\" fill=\"none\" viewBox=\"0 0 15 15\"><path stroke=\"currentColor\" stroke-linecap=\"square\" stroke-width=\"2\" d=\"M11.6347 7.49976L1 7.49976\"\/><path stroke=\"currentColor\" stroke-linecap=\"square\" stroke-width=\"2\" d=\"M7.31445 2.13138L12.7061 7.50014L7.31445 12.8689\"\/><\/svg>\t\t\t<\/div>\n\t\t\t<\/div>\n\t\t\t\t<\/div>\n\t\t\t\t\t<\/div>\n\t<\/div>\n\t<\/a><\/article>\n\n\n<article\n\t class=\"link-card flex align wp-block-acf-link-card\" id=\"link-card_block_fb2ccd048a0f0ddbed576bae7d404540\">\n\t<a href=\"https:\/\/www.bristoltn.gov\/DocumentCenter\/View\/11681\/Fire-Chief-October-2025\" target=\"_blank\" class=\"p-0 flex flex-col w-full h-full group no-underline\" rel=\"noopener\">\t<div class=\"bg-halftone-dark p-3 min-h-divider w-full grid place-items-center\"><\/div>\n\t<div class=\"relative px-10 py-9 bg-smoke\/5 text-body-500 flex flex-col gap-card-gap flex-1 transition duration-hover group-hover:bg-white\">\n\t\t\t\t\t<h4 class=\"text-heading-400-serif\">\n\t\t\t\tJefe de bomberos en Bristol, TN\t\t\t<\/h4>\n\t\t\t\t<div class=\"relative flex flex-col flex-1 gap-card-gap text-body-500 justify-start min-h-[120px]\">\n\t\t\t\t\t\t\t<div class=\"text-label-100\">\n\t\t\t\t\tFecha de publicaci\u00f3n: 12\/11\/25\t\t\t\t<\/div>\n\t\t\t\t\t\t\t\t\t\t<div class=\"flex-grow-1 text-body-500\">\n\t\t\t\t\tLa ciudad de Bristol, Tennessee (con una poblaci\u00f3n de aproximadamente 27.000 habitantes), busca un jefe de bomberos din\u00e1mico y\r\ncon experiencia para dirigir su departamento de bomberos progresista y de servicio completo. Bajo la direcci\u00f3n\r\nejecutiva del administrador de la ciudad, el jefe de bomberos proporciona liderazgo estrat\u00e9gico, visi\u00f3n y supervisi\u00f3n\r\npara todas las operaciones del departamento, incluyendo la extinci\u00f3n de incendios, los servicios m\u00e9dicos de emergencia, el cumplimiento del c\u00f3digo\r\nde incendios, la prevenci\u00f3n de incendios, la formaci\u00f3n y la administraci\u00f3n del presupuesto. \t\t\t\t<\/div>\n\t\t\t\t\t\t\t\t\t\t<div class=\"mt-auto group-hover\">\n\t\t\t\t\t<!-- Renders the same as core\/button with a specific style -->\n\t<div>\n\t\t\t\t\t<div\n\t\t\t\tclass=\"inline-flex gap-[16px] items-center text-inherit text-button-300 decoration-transparent underline underline-offset-2 transition-colors duration-hover group-hover:decoration-current group-focus-visible:decoration-current\"\n\t\t\t>\n\t\t\t\t<span>\n\t\t\t\t\tM\u00e1s informaci\u00f3n\t\t\t\t<\/span>\n\t\t\t\t<svg xmlns=\"http:\/\/www.w3.org\/2000\/svg\" width=\"15\" height=\"15\" fill=\"none\" viewBox=\"0 0 15 15\"><path stroke=\"currentColor\" stroke-linecap=\"square\" stroke-width=\"2\" d=\"M11.6347 7.49976L1 7.49976\"\/><path stroke=\"currentColor\" stroke-linecap=\"square\" stroke-width=\"2\" d=\"M7.31445 2.13138L12.7061 7.50014L7.31445 12.8689\"\/><\/svg>\t\t\t<\/div>\n\t\t\t<\/div>\n\t\t\t\t<\/div>\n\t\t\t\t\t<\/div>\n\t<\/div>\n\t<\/a><\/article>\n\n\n<article\n\t class=\"link-card flex align wp-block-acf-link-card\" id=\"link-card_block_6f05ec0a58a52f9b49540d9a79cf21b1\">\n\t<a href=\"https:\/\/www.governmentjobs.com\/careers\/elcajon\/jobs\/5104795\/paramedic-firefighter-lateral\" target=\"_blank\" class=\"p-0 flex flex-col w-full h-full group no-underline\" rel=\"noopener\">\t<div class=\"bg-halftone-dark p-3 min-h-divider w-full grid place-items-center\"><\/div>\n\t<div class=\"relative px-10 py-9 bg-smoke\/5 text-body-500 flex flex-col gap-card-gap flex-1 transition duration-hover group-hover:bg-white\">\n\t\t\t\t\t<h4 class=\"text-heading-400-serif\">\n\t\t\t\tT\u00e9cnico en emergencias sanitarias bombero (traslado lateral) en El Cajon, CA\t\t\t<\/h4>\n\t\t\t\t<div class=\"relative flex flex-col flex-1 gap-card-gap text-body-500 justify-start min-h-[120px]\">\n\t\t\t\t\t\t\t<div class=\"text-label-100\">\n\t\t\t\t\tFecha de publicaci\u00f3n: 23\/10\/25\t\t\t\t<\/div>\n\t\t\t\t\t\t\t\t\t\t<div class=\"flex-grow-1 text-body-500\">\n\t\t\t\t\tEl Departamento de Bomberos de la ciudad de El Cajon es miembro contribuyente de Heartland Fire &amp; Rescue (HFR). HFR se form\u00f3 a trav\u00e9s de un Acuerdo de Poderes Conjuntos (JPA) para compartir el coste de un \u00fanico equipo de gesti\u00f3n entre las tres ciudades miembro. Este acuerdo \u00fanico de servicio de bomberos cooperativo proporciona oportunidades de contenci\u00f3n de costes, al tiempo que mantiene el control local dentro de las jurisdicciones de las ciudades.  \t\t\t\t<\/div>\n\t\t\t\t\t\t\t\t\t\t<div class=\"mt-auto group-hover\">\n\t\t\t\t\t<!-- Renders the same as core\/button with a specific style -->\n\t<div>\n\t\t\t\t\t<div\n\t\t\t\tclass=\"inline-flex gap-[16px] items-center text-inherit text-button-300 decoration-transparent underline underline-offset-2 transition-colors duration-hover group-hover:decoration-current group-focus-visible:decoration-current\"\n\t\t\t>\n\t\t\t\t<span>\n\t\t\t\t\tM\u00e1s informaci\u00f3n\t\t\t\t<\/span>\n\t\t\t\t<svg xmlns=\"http:\/\/www.w3.org\/2000\/svg\" width=\"15\" height=\"15\" fill=\"none\" viewBox=\"0 0 15 15\"><path stroke=\"currentColor\" stroke-linecap=\"square\" stroke-width=\"2\" d=\"M11.6347 7.49976L1 7.49976\"\/><path stroke=\"currentColor\" stroke-linecap=\"square\" stroke-width=\"2\" d=\"M7.31445 2.13138L12.7061 7.50014L7.31445 12.8689\"\/><\/svg>\t\t\t<\/div>\n\t\t\t<\/div>\n\t\t\t\t<\/div>\n\t\t\t\t\t<\/div>\n\t<\/div>\n\t<\/a><\/article>\n\n\n<article\n\t class=\"link-card flex align wp-block-acf-link-card\" id=\"link-card_block_ffc97aeba1fe000c764717e245e0e114\">\n\t<a href=\"https:\/\/www.governmentjobs.com\/careers\/elcajon\/jobs\/5104787\/paramedic-firefighter-entry-level\" target=\"_blank\" class=\"p-0 flex flex-col w-full h-full group no-underline\" rel=\"noopener\">\t<div class=\"bg-halftone-dark p-3 min-h-divider w-full grid place-items-center\"><\/div>\n\t<div class=\"relative px-10 py-9 bg-smoke\/5 text-body-500 flex flex-col gap-card-gap flex-1 transition duration-hover group-hover:bg-white\">\n\t\t\t\t\t<h4 class=\"text-heading-400-serif\">\n\t\t\t\tT\u00e9cnico en emergencias sanitarias bombero (nivel inicial) en El Cajon, CA\t\t\t<\/h4>\n\t\t\t\t<div class=\"relative flex flex-col flex-1 gap-card-gap text-body-500 justify-start min-h-[120px]\">\n\t\t\t\t\t\t\t<div class=\"text-label-100\">\n\t\t\t\t\tFecha de publicaci\u00f3n: 23\/10\/25\t\t\t\t<\/div>\n\t\t\t\t\t\t\t\t\t\t<div class=\"flex-grow-1 text-body-500\">\n\t\t\t\t\tEl Departamento de Bomberos de la ciudad de El Cajon es miembro contribuyente de Heartland Fire &amp; Rescue (HFR). HFR se form\u00f3 a trav\u00e9s de un Acuerdo de Poderes Conjuntos (JPA) para compartir el coste de un \u00fanico equipo de gesti\u00f3n entre las tres ciudades miembro. Este acuerdo \u00fanico de servicio de bomberos cooperativo proporciona oportunidades de contenci\u00f3n de costes, al tiempo que mantiene el control local dentro de las jurisdicciones de las ciudades.  \t\t\t\t<\/div>\n\t\t\t\t\t\t\t\t\t\t<div class=\"mt-auto group-hover\">\n\t\t\t\t\t<!-- Renders the same as core\/button with a specific style -->\n\t<div>\n\t\t\t\t\t<div\n\t\t\t\tclass=\"inline-flex gap-[16px] items-center text-inherit text-button-300 decoration-transparent underline underline-offset-2 transition-colors duration-hover group-hover:decoration-current group-focus-visible:decoration-current\"\n\t\t\t>\n\t\t\t\t<span>\n\t\t\t\t\tM\u00e1s informaci\u00f3n\t\t\t\t<\/span>\n\t\t\t\t<svg xmlns=\"http:\/\/www.w3.org\/2000\/svg\" width=\"15\" height=\"15\" fill=\"none\" viewBox=\"0 0 15 15\"><path stroke=\"currentColor\" stroke-linecap=\"square\" stroke-width=\"2\" d=\"M11.6347 7.49976L1 7.49976\"\/><path stroke=\"currentColor\" stroke-linecap=\"square\" stroke-width=\"2\" d=\"M7.31445 2.13138L12.7061 7.50014L7.31445 12.8689\"\/><\/svg>\t\t\t<\/div>\n\t\t\t<\/div>\n\t\t\t\t<\/div>\n\t\t\t\t\t<\/div>\n\t<\/div>\n\t<\/a><\/article>\n\n\n<article\n\t class=\"link-card flex align wp-block-acf-link-card\" id=\"link-card_block_c8ad99da740d54c0909487da6b4cf9fb\">\n\t<a href=\"https:\/\/www.governmentjobs.com\/careers\/hpil\/jobs\/3313215\/firefighter-paramedic?pagetype=jobOpportunitiesJobs\" target=\"_blank\" class=\"p-0 flex flex-col w-full h-full group no-underline\" rel=\"noopener\">\t<div class=\"bg-halftone-dark p-3 min-h-divider w-full grid place-items-center\"><\/div>\n\t<div class=\"relative px-10 py-9 bg-smoke\/5 text-body-500 flex flex-col gap-card-gap flex-1 transition duration-hover group-hover:bg-white\">\n\t\t\t\t\t<h4 class=\"text-heading-400-serif\">\n\t\t\t\tBombero\/Param\u00e9dico en Hanover Park, IL\t\t\t<\/h4>\n\t\t\t\t<div class=\"relative flex flex-col flex-1 gap-card-gap text-body-500 justify-start min-h-[120px]\">\n\t\t\t\t\t\t\t<div class=\"text-label-100\">\n\t\t\t\t\tFecha de publicaci\u00f3n: 23\/10\/25\t\t\t\t<\/div>\n\t\t\t\t\t\t\t\t\t\t<div class=\"flex-grow-1 text-body-500\">\n\t\t\t\t\tEl Departamento de Bomberos de la Villa de Hanover Park, en los suburbios de Chicago, est\u00e1 buscando un bombero\/param\u00e9dico a tiempo completo. Operamos desde dos (2) estaciones de bomberos (Estaci\u00f3n 15 y 16), respondemos a m\u00e1s de 4.000 llamadas al a\u00f1o, formamos parte de la Divisi\u00f3n 12 de MABAS, tenemos un equipo HazMat e incorporamos el entrenamiento y la forma f\u00edsica a nuestra rutina diaria. \t\t\t\t<\/div>\n\t\t\t\t\t\t\t\t\t\t<div class=\"mt-auto group-hover\">\n\t\t\t\t\t<!-- Renders the same as core\/button with a specific style -->\n\t<div>\n\t\t\t\t\t<div\n\t\t\t\tclass=\"inline-flex gap-[16px] items-center text-inherit text-button-300 decoration-transparent underline underline-offset-2 transition-colors duration-hover group-hover:decoration-current group-focus-visible:decoration-current\"\n\t\t\t>\n\t\t\t\t<span>\n\t\t\t\t\tM\u00e1s informaci\u00f3n\t\t\t\t<\/span>\n\t\t\t\t<svg xmlns=\"http:\/\/www.w3.org\/2000\/svg\" width=\"15\" height=\"15\" fill=\"none\" viewBox=\"0 0 15 15\"><path stroke=\"currentColor\" stroke-linecap=\"square\" stroke-width=\"2\" d=\"M11.6347 7.49976L1 7.49976\"\/><path stroke=\"currentColor\" stroke-linecap=\"square\" stroke-width=\"2\" d=\"M7.31445 2.13138L12.7061 7.50014L7.31445 12.8689\"\/><\/svg>\t\t\t<\/div>\n\t\t\t<\/div>\n\t\t\t\t<\/div>\n\t\t\t\t\t<\/div>\n\t<\/div>\n\t<\/a><\/article>\n\n\n<article\n\t class=\"link-card flex align wp-block-acf-link-card\" id=\"link-card_block_c8ad99da740d54c0909487da6b4cf9fb\">\n\t<a href=\"https:\/\/www.governmentjobs.com\/careers\/hpil\/jobs\/3313215\/firefighter-paramedic?pagetype=jobOpportunitiesJobs\" target=\"_blank\" class=\"p-0 flex flex-col w-full h-full group no-underline\" rel=\"noopener\">\t<div class=\"bg-halftone-dark p-3 min-h-divider w-full grid place-items-center\"><\/div>\n\t<div class=\"relative px-10 py-9 bg-smoke\/5 text-body-500 flex flex-col gap-card-gap flex-1 transition duration-hover group-hover:bg-white\">\n\t\t\t\t\t<h4 class=\"text-heading-400-serif\">\n\t\t\t\tBombero\/Param\u00e9dico en Hanover Park, IL\t\t\t<\/h4>\n\t\t\t\t<div class=\"relative flex flex-col flex-1 gap-card-gap text-body-500 justify-start min-h-[120px]\">\n\t\t\t\t\t\t\t<div class=\"text-label-100\">\n\t\t\t\t\tFecha de publicaci\u00f3n: 23\/10\/25\t\t\t\t<\/div>\n\t\t\t\t\t\t\t\t\t\t<div class=\"flex-grow-1 text-body-500\">\n\t\t\t\t\tEl Departamento de Bomberos de la Villa de Hanover Park, en los suburbios de Chicago, est\u00e1 buscando un bombero\/param\u00e9dico a tiempo completo. Operamos desde dos (2) estaciones de bomberos (Estaci\u00f3n 15 y 16), respondemos a m\u00e1s de 4.000 llamadas al a\u00f1o, formamos parte de la Divisi\u00f3n 12 de MABAS, tenemos un equipo HazMat e incorporamos el entrenamiento y la forma f\u00edsica a nuestra rutina diaria. \t\t\t\t<\/div>\n\t\t\t\t\t\t\t\t\t\t<div class=\"mt-auto group-hover\">\n\t\t\t\t\t<!-- Renders the same as core\/button with a specific style -->\n\t<div>\n\t\t\t\t\t<div\n\t\t\t\tclass=\"inline-flex gap-[16px] items-center text-inherit text-button-300 decoration-transparent underline underline-offset-2 transition-colors duration-hover group-hover:decoration-current group-focus-visible:decoration-current\"\n\t\t\t>\n\t\t\t\t<span>\n\t\t\t\t\tM\u00e1s informaci\u00f3n\t\t\t\t<\/span>\n\t\t\t\t<svg xmlns=\"http:\/\/www.w3.org\/2000\/svg\" width=\"15\" height=\"15\" fill=\"none\" viewBox=\"0 0 15 15\"><path stroke=\"currentColor\" stroke-linecap=\"square\" stroke-width=\"2\" d=\"M11.6347 7.49976L1 7.49976\"\/><path stroke=\"currentColor\" stroke-linecap=\"square\" stroke-width=\"2\" d=\"M7.31445 2.13138L12.7061 7.50014L7.31445 12.8689\"\/><\/svg>\t\t\t<\/div>\n\t\t\t<\/div>\n\t\t\t\t<\/div>\n\t\t\t\t\t<\/div>\n\t<\/div>\n\t<\/a><\/article>\n\n\n<article\n\t class=\"link-card flex align wp-block-acf-link-card\" id=\"link-card_block_c8ad99da740d54c0909487da6b4cf9fb\">\n\t<a href=\"https:\/\/www.governmentjobs.com\/careers\/hpil\/jobs\/3313215\/firefighter-paramedic?pagetype=jobOpportunitiesJobs\" target=\"_blank\" class=\"p-0 flex flex-col w-full h-full group no-underline\" rel=\"noopener\">\t<div class=\"bg-halftone-dark p-3 min-h-divider w-full grid place-items-center\"><\/div>\n\t<div class=\"relative px-10 py-9 bg-smoke\/5 text-body-500 flex flex-col gap-card-gap flex-1 transition duration-hover group-hover:bg-white\">\n\t\t\t\t\t<h4 class=\"text-heading-400-serif\">\n\t\t\t\tBombero\/Param\u00e9dico en Hanover Park, IL\t\t\t<\/h4>\n\t\t\t\t<div class=\"relative flex flex-col flex-1 gap-card-gap text-body-500 justify-start min-h-[120px]\">\n\t\t\t\t\t\t\t<div class=\"text-label-100\">\n\t\t\t\t\tFecha de publicaci\u00f3n: 23\/10\/25\t\t\t\t<\/div>\n\t\t\t\t\t\t\t\t\t\t<div class=\"flex-grow-1 text-body-500\">\n\t\t\t\t\tEl Departamento de Bomberos de la Villa de Hanover Park, en los suburbios de Chicago, est\u00e1 buscando un bombero\/param\u00e9dico a tiempo completo. Operamos desde dos (2) estaciones de bomberos (Estaci\u00f3n 15 y 16), respondemos a m\u00e1s de 4.000 llamadas al a\u00f1o, formamos parte de la Divisi\u00f3n 12 de MABAS, tenemos un equipo HazMat e incorporamos el entrenamiento y la forma f\u00edsica a nuestra rutina diaria. \t\t\t\t<\/div>\n\t\t\t\t\t\t\t\t\t\t<div class=\"mt-auto group-hover\">\n\t\t\t\t\t<!-- Renders the same as core\/button with a specific style -->\n\t<div>\n\t\t\t\t\t<div\n\t\t\t\tclass=\"inline-flex gap-[16px] items-center text-inherit text-button-300 decoration-transparent underline underline-offset-2 transition-colors duration-hover group-hover:decoration-current group-focus-visible:decoration-current\"\n\t\t\t>\n\t\t\t\t<span>\n\t\t\t\t\tM\u00e1s informaci\u00f3n\t\t\t\t<\/span>\n\t\t\t\t<svg xmlns=\"http:\/\/www.w3.org\/2000\/svg\" width=\"15\" height=\"15\" fill=\"none\" viewBox=\"0 0 15 15\"><path stroke=\"currentColor\" stroke-linecap=\"square\" stroke-width=\"2\" d=\"M11.6347 7.49976L1 7.49976\"\/><path stroke=\"currentColor\" stroke-linecap=\"square\" stroke-width=\"2\" d=\"M7.31445 2.13138L12.7061 7.50014L7.31445 12.8689\"\/><\/svg>\t\t\t<\/div>\n\t\t\t<\/div>\n\t\t\t\t<\/div>\n\t\t\t\t\t<\/div>\n\t<\/div>\n\t<\/a><\/article>\n\n\n<article\n\t class=\"link-card flex align wp-block-acf-link-card\" id=\"link-card_block_52bb53e9c0937a2b5b9d730018e2c5ea\">\n\t<a href=\"https:\/\/shelbytwp.applicantpro.com\/jobs\/3886080\" target=\"_blank\" class=\"p-0 flex flex-col w-full h-full group no-underline\" rel=\"noopener\">\t<div class=\"bg-halftone-dark p-3 min-h-divider w-full grid place-items-center\"><\/div>\n\t<div class=\"relative px-10 py-9 bg-smoke\/5 text-body-500 flex flex-col gap-card-gap flex-1 transition duration-hover group-hover:bg-white\">\n\t\t\t\t\t<h4 class=\"text-heading-400-serif\">\n\t\t\t\tJefe de bomberos en Shelby, MI\t\t\t<\/h4>\n\t\t\t\t<div class=\"relative flex flex-col flex-1 gap-card-gap text-body-500 justify-start min-h-[120px]\">\n\t\t\t\t\t\t\t<div class=\"text-label-100\">\n\t\t\t\t\tFecha de publicaci\u00f3n: 14\/10\/25\t\t\t\t<\/div>\n\t\t\t\t\t\t\t\t\t\t<div class=\"flex-grow-1 text-body-500\">\n\t\t\t\t\tEn nombre de la Junta de Fideicomisarios del Municipio de Shelby, la Comisi\u00f3n del Servicio Civil de Polic\u00eda y Bomberos est\u00e1 aceptando solicitudes para el puesto de Jefe de Bomberos. El puesto se cubrir\u00e1 de acuerdo con las siguientes cualificaciones: \r\n\r\nTres (3) o m\u00e1s a\u00f1os en un rango de mando equivalente al de Capit\u00e1n del Municipio de Shelby\r\nLicenciatura o superior en Administraci\u00f3n de Seguridad P\u00fablica, Ciencias del Fuego o campo relacionado\r\nCertificaciones NFPA de Oficial de Bomberos I y II\r\nCertificaciones NIMS 100, 200, 300, 400, 700, 800\r\nLos solicitantes externos deben poseer al menos 20 a\u00f1os de experiencia en un Departamento de Bomberos que haya proporcionado transporte de SVB durante al menos 10 a\u00f1os de la experiencia del candidato, y que sirva a una poblaci\u00f3n de al menos 50.000 residentes.\t\t\t\t<\/div>\n\t\t\t\t\t\t\t\t\t\t<div class=\"mt-auto group-hover\">\n\t\t\t\t\t<!-- Renders the same as core\/button with a specific style -->\n\t<div>\n\t\t\t\t\t<div\n\t\t\t\tclass=\"inline-flex gap-[16px] items-center text-inherit text-button-300 decoration-transparent underline underline-offset-2 transition-colors duration-hover group-hover:decoration-current group-focus-visible:decoration-current\"\n\t\t\t>\n\t\t\t\t<span>\n\t\t\t\t\tM\u00e1s informaci\u00f3n\t\t\t\t<\/span>\n\t\t\t\t<svg xmlns=\"http:\/\/www.w3.org\/2000\/svg\" width=\"15\" height=\"15\" fill=\"none\" viewBox=\"0 0 15 15\"><path stroke=\"currentColor\" stroke-linecap=\"square\" stroke-width=\"2\" d=\"M11.6347 7.49976L1 7.49976\"\/><path stroke=\"currentColor\" stroke-linecap=\"square\" stroke-width=\"2\" d=\"M7.31445 2.13138L12.7061 7.50014L7.31445 12.8689\"\/><\/svg>\t\t\t<\/div>\n\t\t\t<\/div>\n\t\t\t\t<\/div>\n\t\t\t\t\t<\/div>\n\t<\/div>\n\t<\/a><\/article>\n\n\n<article\n\t class=\"link-card flex align wp-block-acf-link-card\" id=\"link-card_block_c6df63c7ee9bb7d87f05f922cafb1527\">\n\t<a href=\"https:\/\/www.hampdentownship.us\/_T23_R28.php\" target=\"_blank\" class=\"p-0 flex flex-col w-full h-full group no-underline\" rel=\"noopener\">\t<div class=\"bg-halftone-dark p-3 min-h-divider w-full grid place-items-center\"><\/div>\n\t<div class=\"relative px-10 py-9 bg-smoke\/5 text-body-500 flex flex-col gap-card-gap flex-1 transition duration-hover group-hover:bg-white\">\n\t\t\t\t\t<h4 class=\"text-heading-400-serif\">\n\t\t\t\tJefe de los servicios de rescate de incendios en Hampden, PA\t\t\t<\/h4>\n\t\t\t\t<div class=\"relative flex flex-col flex-1 gap-card-gap text-body-500 justify-start min-h-[120px]\">\n\t\t\t\t\t\t\t<div class=\"text-label-100\">\n\t\t\t\t\tFecha de publicaci\u00f3n: 24\/9\/25\t\t\t\t<\/div>\n\t\t\t\t\t\t\t\t\t\t<div class=\"flex-grow-1 text-body-500\">\n\t\t\t\t\tEl jefe de los servicios de rescate de incendios es un miembro clave del personal del municipio de Hampden, en particular, de los servicios de primera respuesta. El jefe de los servicios de rescate de incendios desarrolla y traduce la direcci\u00f3n y los planes estrat\u00e9gicos en acciones mediante el desarrollo de pol\u00edticas, el liderazgo, la supervisi\u00f3n, la gesti\u00f3n, la asignaci\u00f3n de recursos y la innovaci\u00f3n para los servicios de rescate de incendios del municipio de Hampden. Todas las tareas y responsabilidades requieren una atenci\u00f3n y un compromiso constantes con la misi\u00f3n, los objetivos, la visi\u00f3n, los valores de esta agencia y el lema del municipio de Hampden: \u201cDonde las personas son lo primero\u201d. El jefe de los servicios de rescate de incendios depende directamente del administrador del municipio.   \t\t\t\t<\/div>\n\t\t\t\t\t\t\t\t\t\t<div class=\"mt-auto group-hover\">\n\t\t\t\t\t<!-- Renders the same as core\/button with a specific style -->\n\t<div>\n\t\t\t\t\t<div\n\t\t\t\tclass=\"inline-flex gap-[16px] items-center text-inherit text-button-300 decoration-transparent underline underline-offset-2 transition-colors duration-hover group-hover:decoration-current group-focus-visible:decoration-current\"\n\t\t\t>\n\t\t\t\t<span>\n\t\t\t\t\tM\u00e1s informaci\u00f3n\t\t\t\t<\/span>\n\t\t\t\t<svg xmlns=\"http:\/\/www.w3.org\/2000\/svg\" width=\"15\" height=\"15\" fill=\"none\" viewBox=\"0 0 15 15\"><path stroke=\"currentColor\" stroke-linecap=\"square\" stroke-width=\"2\" d=\"M11.6347 7.49976L1 7.49976\"\/><path stroke=\"currentColor\" stroke-linecap=\"square\" stroke-width=\"2\" d=\"M7.31445 2.13138L12.7061 7.50014L7.31445 12.8689\"\/><\/svg>\t\t\t<\/div>\n\t\t\t<\/div>\n\t\t\t\t<\/div>\n\t\t\t\t\t<\/div>\n\t<\/div>\n\t<\/a><\/article>\n\n\n<article\n\t class=\"link-card flex align wp-block-acf-link-card\" id=\"link-card_block_ba2cf4ee8700134a13433ed3a44bddae\">\n\t<a href=\"https:\/\/www.governmentjobs.com\/careers\/torranceca\/jobs\/5027054\/senior-fire-prevention-specialist-community-risk-reduction?sort=PostingDate%7CDescending&#038;pagetype=jobOpportunitiesJobs\" target=\"_blank\" class=\"p-0 flex flex-col w-full h-full group no-underline\" rel=\"noopener\">\t<div class=\"bg-halftone-dark p-3 min-h-divider w-full grid place-items-center\"><\/div>\n\t<div class=\"relative px-10 py-9 bg-smoke\/5 text-body-500 flex flex-col gap-card-gap flex-1 transition duration-hover group-hover:bg-white\">\n\t\t\t\t\t<h4 class=\"text-heading-400-serif\">\n\t\t\t\tEspecialista s\u00e9nior en prevenci\u00f3n en Torrance, CA\t\t\t<\/h4>\n\t\t\t\t<div class=\"relative flex flex-col flex-1 gap-card-gap text-body-500 justify-start min-h-[120px]\">\n\t\t\t\t\t\t\t<div class=\"text-label-100\">\n\t\t\t\t\tFecha de publicaci\u00f3n: 10\/9\/25\t\t\t\t<\/div>\n\t\t\t\t\t\t\t\t\t\t<div class=\"flex-grow-1 text-body-500\">\n\t\t\t\t\tEl Departamento de Bomberos de Torrance busca una persona con experiencia y orientada a la carrera profesional para el puesto de Especialista s\u00e9nior en prevenci\u00f3n de incendios. El Especialista s\u00e9nior en prevenci\u00f3n de incendios est\u00e1 directamente supervisado por el Supervisor de prevenci\u00f3n de incendios\/Subjefe de bomberos. El Especialista s\u00e9nior en prevenci\u00f3n de incendios realiza inspecciones, Verificaci\u00f3n de planos y pruebas de procesos peligrosos y sistemas de protecci\u00f3n y extinci\u00f3n de incendios para garantizar el cumplimiento de los c\u00f3digos, ordenanzas y normas aplicables.   \t\t\t\t<\/div>\n\t\t\t\t\t\t\t\t\t\t<div class=\"mt-auto group-hover\">\n\t\t\t\t\t<!-- Renders the same as core\/button with a specific style -->\n\t<div>\n\t\t\t\t\t<div\n\t\t\t\tclass=\"inline-flex gap-[16px] items-center text-inherit text-button-300 decoration-transparent underline underline-offset-2 transition-colors duration-hover group-hover:decoration-current group-focus-visible:decoration-current\"\n\t\t\t>\n\t\t\t\t<span>\n\t\t\t\t\tM\u00e1s informaci\u00f3n\t\t\t\t<\/span>\n\t\t\t\t<svg xmlns=\"http:\/\/www.w3.org\/2000\/svg\" width=\"15\" height=\"15\" fill=\"none\" viewBox=\"0 0 15 15\"><path stroke=\"currentColor\" stroke-linecap=\"square\" stroke-width=\"2\" d=\"M11.6347 7.49976L1 7.49976\"\/><path stroke=\"currentColor\" stroke-linecap=\"square\" stroke-width=\"2\" d=\"M7.31445 2.13138L12.7061 7.50014L7.31445 12.8689\"\/><\/svg>\t\t\t<\/div>\n\t\t\t<\/div>\n\t\t\t\t<\/div>\n\t\t\t\t\t<\/div>\n\t<\/div>\n\t<\/a><\/article>\n\n\n<article\n\t class=\"link-card flex align wp-block-acf-link-card\" id=\"link-card_block_df3f434c9aa7d99654c86608e4f03f8f\">\n\t<a href=\"https:\/\/www.governmentjobs.com\/careers\/torranceca\/jobs\/5027034\/fire-prevention-specialist-community-risk-reduction?sort=PostingDate%7CDescending&#038;pagetype=jobOpportunitiesJobs\" target=\"_blank\" class=\"p-0 flex flex-col w-full h-full group no-underline\" rel=\"noopener\">\t<div class=\"bg-halftone-dark p-3 min-h-divider w-full grid place-items-center\"><\/div>\n\t<div class=\"relative px-10 py-9 bg-smoke\/5 text-body-500 flex flex-col gap-card-gap flex-1 transition duration-hover group-hover:bg-white\">\n\t\t\t\t\t<h4 class=\"text-heading-400-serif\">\n\t\t\t\tEspecialista en prevenci\u00f3n de incendios en Torrance, CA\t\t\t<\/h4>\n\t\t\t\t<div class=\"relative flex flex-col flex-1 gap-card-gap text-body-500 justify-start min-h-[120px]\">\n\t\t\t\t\t\t\t<div class=\"text-label-100\">\n\t\t\t\t\tFecha de publicaci\u00f3n: 10\/9\/25\t\t\t\t<\/div>\n\t\t\t\t\t\t\t\t\t\t<div class=\"flex-grow-1 text-body-500\">\n\t\t\t\t\tEl Especialista en prevenci\u00f3n de incendios est\u00e1 directamente supervisado por el Supervisor de prevenci\u00f3n de incendios\/Subjefe de bomberos. El Especialista en prevenci\u00f3n de incendios realiza inspecciones, revisi\u00f3n de planos y realiza inspecciones de procesos peligrosos, sistemas de protecci\u00f3n contra incendios y extinci\u00f3n para garantizar el cumplimiento de los c\u00f3digos, ordenanzas y normas aplicables. \t\t\t\t<\/div>\n\t\t\t\t\t\t\t\t\t\t<div class=\"mt-auto group-hover\">\n\t\t\t\t\t<!-- Renders the same as core\/button with a specific style -->\n\t<div>\n\t\t\t\t\t<div\n\t\t\t\tclass=\"inline-flex gap-[16px] items-center text-inherit text-button-300 decoration-transparent underline underline-offset-2 transition-colors duration-hover group-hover:decoration-current group-focus-visible:decoration-current\"\n\t\t\t>\n\t\t\t\t<span>\n\t\t\t\t\tM\u00e1s informaci\u00f3n\t\t\t\t<\/span>\n\t\t\t\t<svg xmlns=\"http:\/\/www.w3.org\/2000\/svg\" width=\"15\" height=\"15\" fill=\"none\" viewBox=\"0 0 15 15\"><path stroke=\"currentColor\" stroke-linecap=\"square\" stroke-width=\"2\" d=\"M11.6347 7.49976L1 7.49976\"\/><path stroke=\"currentColor\" stroke-linecap=\"square\" stroke-width=\"2\" d=\"M7.31445 2.13138L12.7061 7.50014L7.31445 12.8689\"\/><\/svg>\t\t\t<\/div>\n\t\t\t<\/div>\n\t\t\t\t<\/div>\n\t\t\t\t\t<\/div>\n\t<\/div>\n\t<\/a><\/article>\n\n\n<article\n\t class=\"link-card flex align wp-block-acf-link-card\" id=\"link-card_block_71dd64c1d89d023c81d91c0c3bd2700b\">\n\t<a href=\"https:\/\/kelseyvillefire.com\/job-openings\" target=\"_blank\" class=\"p-0 flex flex-col w-full h-full group no-underline\" rel=\"noopener\">\t<div class=\"bg-halftone-dark p-3 min-h-divider w-full grid place-items-center\"><\/div>\n\t<div class=\"relative px-10 py-9 bg-smoke\/5 text-body-500 flex flex-col gap-card-gap flex-1 transition duration-hover group-hover:bg-white\">\n\t\t\t\t\t<h4 class=\"text-heading-400-serif\">\n\t\t\t\tBombero param\u00e9dico en Kelseyville, CA\t\t\t<\/h4>\n\t\t\t\t<div class=\"relative flex flex-col flex-1 gap-card-gap text-body-500 justify-start min-h-[120px]\">\n\t\t\t\t\t\t\t<div class=\"text-label-100\">\n\t\t\t\t\tFecha de publicaci\u00f3n: 10\/9\/25\t\t\t\t<\/div>\n\t\t\t\t\t\t\t\t\t\t<div class=\"flex-grow-1 text-body-500\">\n\t\t\t\t\tEl Distrito de Protecci\u00f3n contra Incendios de Kelseyville busca solicitantes tanto de nivel inicial como laterales para el puesto de bombero\/param\u00e9dico. Los designados ser\u00e1n responsables de asumir la atenci\u00f3n primaria del paciente para los transportes m\u00e9dicos de soporte vital avanzado (SVA), al mismo tiempo que participar\u00e1n en la dotaci\u00f3n de personal de los aparatos de extinci\u00f3n de incendios y desempe\u00f1ar\u00e1n un papel directo como bombero durante las operaciones de extinci\u00f3n de incendios. Kelseyville est\u00e1 situado en un entorno de interfaz urbana forestal con una amplia historia de incendios en todo el condado.  \t\t\t\t<\/div>\n\t\t\t\t\t\t\t\t\t\t<div class=\"mt-auto group-hover\">\n\t\t\t\t\t<!-- Renders the same as core\/button with a specific style -->\n\t<div>\n\t\t\t\t\t<div\n\t\t\t\tclass=\"inline-flex gap-[16px] items-center text-inherit text-button-300 decoration-transparent underline underline-offset-2 transition-colors duration-hover group-hover:decoration-current group-focus-visible:decoration-current\"\n\t\t\t>\n\t\t\t\t<span>\n\t\t\t\t\tM\u00e1s informaci\u00f3n\t\t\t\t<\/span>\n\t\t\t\t<svg xmlns=\"http:\/\/www.w3.org\/2000\/svg\" width=\"15\" height=\"15\" fill=\"none\" viewBox=\"0 0 15 15\"><path stroke=\"currentColor\" stroke-linecap=\"square\" stroke-width=\"2\" d=\"M11.6347 7.49976L1 7.49976\"\/><path stroke=\"currentColor\" stroke-linecap=\"square\" stroke-width=\"2\" d=\"M7.31445 2.13138L12.7061 7.50014L7.31445 12.8689\"\/><\/svg>\t\t\t<\/div>\n\t\t\t<\/div>\n\t\t\t\t<\/div>\n\t\t\t\t\t<\/div>\n\t<\/div>\n\t<\/a><\/article>\n\n\n<article\n\t class=\"link-card flex align wp-block-acf-link-card\" id=\"link-card_block_efe43a8493d83a583baa47b2675fc497\">\n\t<a href=\"https:\/\/www.governmentjobs.com\/careers\/vacaville\/jobs\/5010058\/firefighter-paramedic-i?pagetype=jobOpportunitiesJobs\" target=\"_blank\" class=\"p-0 flex flex-col w-full h-full group no-underline\" rel=\"noopener\">\t<div class=\"bg-halftone-dark p-3 min-h-divider w-full grid place-items-center\"><\/div>\n\t<div class=\"relative px-10 py-9 bg-smoke\/5 text-body-500 flex flex-col gap-card-gap flex-1 transition duration-hover group-hover:bg-white\">\n\t\t\t\t\t<h4 class=\"text-heading-400-serif\">\n\t\t\t\tBombero param\u00e9dico en Vacaville, CA\t\t\t<\/h4>\n\t\t\t\t<div class=\"relative flex flex-col flex-1 gap-card-gap text-body-500 justify-start min-h-[120px]\">\n\t\t\t\t\t\t\t<div class=\"text-label-100\">\n\t\t\t\t\tFecha de publicaci\u00f3n: 28\/7\/25\t\t\t\t<\/div>\n\t\t\t\t\t\t\t\t\t\t<div class=\"flex-grow-1 text-body-500\">\n\t\t\t\t\tLos bomberos\/param\u00e9dicos de Vacaville realizan trabajos especializados en extinci\u00f3n de incendios de emergencia, atenci\u00f3n m\u00e9dica de emergencia, prevenci\u00f3n de incendios, actividades de investigaci\u00f3n, transporte de soporte vital avanzado (SVA) y otras actividades que respaldan la protecci\u00f3n de la vida y la propiedad. Los bomberos\/param\u00e9dicos asumen la responsabilidad principal de la atenci\u00f3n al paciente en el lugar de una emergencia m\u00e9dica, ayudan en el mantenimiento y cuidado de todas las estaciones, aparatos y equipos, y realizan otras tareas relacionadas normalmente asociadas con el puesto de bombero\/param\u00e9dico profesional. \t\t\t\t<\/div>\n\t\t\t\t\t\t\t\t\t\t<div class=\"mt-auto group-hover\">\n\t\t\t\t\t<!-- Renders the same as core\/button with a specific style -->\n\t<div>\n\t\t\t\t\t<div\n\t\t\t\tclass=\"inline-flex gap-[16px] items-center text-inherit text-button-300 decoration-transparent underline underline-offset-2 transition-colors duration-hover group-hover:decoration-current group-focus-visible:decoration-current\"\n\t\t\t>\n\t\t\t\t<span>\n\t\t\t\t\tM\u00e1s informaci\u00f3n\t\t\t\t<\/span>\n\t\t\t\t<svg xmlns=\"http:\/\/www.w3.org\/2000\/svg\" width=\"15\" height=\"15\" fill=\"none\" viewBox=\"0 0 15 15\"><path stroke=\"currentColor\" stroke-linecap=\"square\" stroke-width=\"2\" d=\"M11.6347 7.49976L1 7.49976\"\/><path stroke=\"currentColor\" stroke-linecap=\"square\" stroke-width=\"2\" d=\"M7.31445 2.13138L12.7061 7.50014L7.31445 12.8689\"\/><\/svg>\t\t\t<\/div>\n\t\t\t<\/div>\n\t\t\t\t<\/div>\n\t\t\t\t\t<\/div>\n\t<\/div>\n\t<\/a><\/article>\n\n\n<article\n\t class=\"link-card flex align wp-block-acf-link-card\" id=\"link-card_block_ad2a377824c3cf8c67a6f7ba1e34967a\">\n\t<a href=\"https:\/\/hosted-apply.jobtarget.com\/job\/Fire-Engineer-2jVMKVTe12BXOsnxkcdmak?applicantGuid=4af3ef27-1de8-45a2-9bf2-ecd6da041ecd&#038;applicant_guid=4af3ef27-1de8-45a2-9bf2-ecd6da041ecd&#038;source=JobTarget%20via%20International%20Association%20of%20FireFighters&#038;utm_source=JobTarget&#038;utm_medium=International%20Association%20of%20FireFighters&#038;utm_campaign=Fire%20Engineer%20(182568)&#038;_jtochash=2jVMKVTe12BXOsnxkcdmak&#038;_jtocprof=BWhXJULmx9cxlm4qRnXe5pCqQUR21XJL\" target=\"_blank\" class=\"p-0 flex flex-col w-full h-full group no-underline\" rel=\"noopener\">\t<div class=\"bg-halftone-dark p-3 min-h-divider w-full grid place-items-center\"><\/div>\n\t<div class=\"relative px-10 py-9 bg-smoke\/5 text-body-500 flex flex-col gap-card-gap flex-1 transition duration-hover group-hover:bg-white\">\n\t\t\t\t\t<h4 class=\"text-heading-400-serif\">\n\t\t\t\tIngeniero de incendios en Kerman, CA\t\t\t<\/h4>\n\t\t\t\t<div class=\"relative flex flex-col flex-1 gap-card-gap text-body-500 justify-start min-h-[120px]\">\n\t\t\t\t\t\t\t<div class=\"text-label-100\">\n\t\t\t\t\tFecha de publicaci\u00f3n: 28\/7\/25\t\t\t\t<\/div>\n\t\t\t\t\t\t\t\t\t\t<div class=\"flex-grow-1 text-body-500\">\n\t\t\t\t\tLos ingenieros de incendios son responsables de conducir y operar aparatos contra incendios, realizar actividades especializadas de extinci\u00f3n y prevenci\u00f3n de incendios y ayudar con la preparaci\u00f3n de la compa\u00f1\u00eda bajo la gu\u00eda del capit\u00e1n de bomberos. Las tareas principales incluyen la realizaci\u00f3n de inspecciones de prevenci\u00f3n de incendios de las ocupaciones asignadas, la prueba de equipos de protecci\u00f3n contra incendios, la identificaci\u00f3n de condiciones peligrosas y la ayuda en la capacitaci\u00f3n del personal en los procedimientos de seguridad contra incendios y el conocimiento del c\u00f3digo de incendios. \t\t\t\t<\/div>\n\t\t\t\t\t\t\t\t\t\t<div class=\"mt-auto group-hover\">\n\t\t\t\t\t<!-- Renders the same as core\/button with a specific style -->\n\t<div>\n\t\t\t\t\t<div\n\t\t\t\tclass=\"inline-flex gap-[16px] items-center text-inherit text-button-300 decoration-transparent underline underline-offset-2 transition-colors duration-hover group-hover:decoration-current group-focus-visible:decoration-current\"\n\t\t\t>\n\t\t\t\t<span>\n\t\t\t\t\tM\u00e1s informaci\u00f3n\t\t\t\t<\/span>\n\t\t\t\t<svg xmlns=\"http:\/\/www.w3.org\/2000\/svg\" width=\"15\" height=\"15\" fill=\"none\" viewBox=\"0 0 15 15\"><path stroke=\"currentColor\" stroke-linecap=\"square\" stroke-width=\"2\" d=\"M11.6347 7.49976L1 7.49976\"\/><path stroke=\"currentColor\" stroke-linecap=\"square\" stroke-width=\"2\" d=\"M7.31445 2.13138L12.7061 7.50014L7.31445 12.8689\"\/><\/svg>\t\t\t<\/div>\n\t\t\t<\/div>\n\t\t\t\t<\/div>\n\t\t\t\t\t<\/div>\n\t<\/div>\n\t<\/a><\/article>\n\n<\/div>\t<\/div>\n\n\t\n<\/section>\n\n\n<div\n\t class=\"subheadline pt-[40px] flex flex-row items-center align wp-block-acf-subheadline\" id=\"subheadline_block_926a950816d877a888ec63813e5a56d1\">\n\t<div class=\"text-smoke mb-[28px] w-full items-center grid grid-cols-[fit-content(100ch)_1fr]\">\n\t<h3 class=\"text-heading-500 leading-6 border-transparent border-e-[2em]\">\n\t\tOfertas de empleo de la AIB\t<\/h3>\n\t\t\t<div class=\"h-[3px] text-current border bg-current\" role=\"presentation\"><\/div>\n\t<\/div>\n<\/div>\n\n<\/div><\/section>\n<section\n\t class=\"page-blocks iaff-page-blocks align wp-block-acf-page-blocks\" id=\"page-blocks_block_99d7bf89f5dbd573baf9e5dfedfd54a6\">\n\t<div class=\"acf-innerblocks-container\">\n<section\n\t class=\"card-grid pt-5 align wp-block-acf-card-grid\" id=\"card-grid_block_b6cf475c1ba9f898fe567a40d877ebe7\">\n\t\n\t<div class=\"iaff-card-grid md:px-indent\">\n\t\t\t\t<div class=\"acf-innerblocks-container\">\n<article\n\t class=\"link-card flex align wp-block-acf-link-card\" id=\"link-card_block_b5ba1a7dcc271cdd696dea0a73ec91e5\">\n\t<a href=\"https:\/\/us232.dayforcehcm.com\/CandidatePortal\/en-US\/iaffhq\" target=\"_blank\" class=\"p-0 flex flex-col w-full h-full group no-underline\" rel=\"noopener\">\t<div class=\"bg-halftone-dark p-3 min-h-divider w-full grid place-items-center\"><\/div>\n\t<div class=\"relative px-10 py-9 bg-smoke\/5 text-body-500 flex flex-col gap-card-gap flex-1 transition duration-hover group-hover:bg-white\">\n\t\t\t\t\t<h4 class=\"text-heading-400-serif\">\n\t\t\t\tEmpleos en la sede de la AIB\t\t\t<\/h4>\n\t\t\t\t<div class=\"relative flex flex-col flex-1 gap-card-gap text-body-500 justify-start min-h-[120px]\">\n\t\t\t\t\t\t\t\t\t\t\t\t\t<div class=\"mt-auto group-hover\">\n\t\t\t\t\t<!-- Renders the same as core\/button with a specific style -->\n\t<div>\n\t\t\t\t\t<div\n\t\t\t\tclass=\"inline-flex gap-[16px] items-center text-inherit text-button-300 decoration-transparent underline underline-offset-2 transition-colors duration-hover group-hover:decoration-current group-focus-visible:decoration-current\"\n\t\t\t>\n\t\t\t\t<span>\n\t\t\t\t\tVer\t\t\t\t<\/span>\n\t\t\t\t<svg xmlns=\"http:\/\/www.w3.org\/2000\/svg\" width=\"15\" height=\"15\" fill=\"none\" viewBox=\"0 0 15 15\"><path stroke=\"currentColor\" stroke-linecap=\"square\" stroke-width=\"2\" d=\"M11.6347 7.49976L1 7.49976\"\/><path stroke=\"currentColor\" stroke-linecap=\"square\" stroke-width=\"2\" d=\"M7.31445 2.13138L12.7061 7.50014L7.31445 12.8689\"\/><\/svg>\t\t\t<\/div>\n\t\t\t<\/div>\n\t\t\t\t<\/div>\n\t\t\t\t\t<\/div>\n\t<\/div>\n\t<\/a><\/article>\n\n<\/div>\t<\/div>\n\n\t\n<\/section>\n\n<\/div><\/section>\n<section\n\t class=\"page-blocks iaff-page-blocks align wp-block-acf-page-blocks\" id=\"page-blocks_block_99d7bf89f5dbd573baf9e5dfedfd54a6\">\n\t<div class=\"acf-innerblocks-container\"><\/div><\/section>\n","protected":false},"excerpt":{"rendered":"","protected":false},"featured_media":0,"parent":0,"menu_order":0,"comment_status":"closed","ping_status":"closed","template":"","meta":{"_acf_changed":false,"_searchwp_excluded":"","inline_featured_image":false,"_EventAllDay":false,"_EventTimezone":"","_EventStartDate":"","_EventEndDate":"","_EventStartDateUTC":"","_EventEndDateUTC":"","_EventShowMap":false,"_EventShowMapLink":false,"_EventURL":"","_EventCost":"","_EventCostDescription":"","_EventCurrencySymbol":"","_EventCurrencyCode":"","_EventCurrencyPosition":"","_EventDateTimeSeparator":"","_EventTimeRangeSeparator":"","_EventOrganizerID":[],"_EventVenueID":[],"_OrganizerEmail":"","_OrganizerPhone":"","_OrganizerWebsite":"","_VenueAddress":"","_VenueCity":"","_VenueCountry":"","_VenueProvince":"","_VenueState":"","_VenueZip":"","_VenuePhone":"","_VenueURL":"","_VenueStateProvince":"","_VenueLat":"","_VenueLng":"","_VenueShowMap":false,"_VenueShowMapLink":false,"footnotes":""},"class_list":["post-93134","page","type-page","status-publish","hentry"],"acf":[],"publishpress_future_workflow_manual_trigger":{"enabledWorkflows":[]},"_links":{"self":[{"href":"https:\/\/www.iaff.org\/es\/wp-json\/wp\/v2\/pages\/93134","targetHints":{"allow":["GET"]}}],"collection":[{"href":"https:\/\/www.iaff.org\/es\/wp-json\/wp\/v2\/pages"}],"about":[{"href":"https:\/\/www.iaff.org\/es\/wp-json\/wp\/v2\/types\/page"}],"author":[{"embeddable":true,"href":"https:\/\/www.iaff.org\/es\/wp-json\/wp\/v2\/users\/18"}],"replies":[{"embeddable":true,"href":"https:\/\/www.iaff.org\/es\/wp-json\/wp\/v2\/comments?post=93134"}],"version-history":[{"count":5,"href":"https:\/\/www.iaff.org\/es\/wp-json\/wp\/v2\/pages\/93134\/revisions"}],"predecessor-version":[{"id":124795,"href":"https:\/\/www.iaff.org\/es\/wp-json\/wp\/v2\/pages\/93134\/revisions\/124795"}],"wp:attachment":[{"href":"https:\/\/www.iaff.org\/es\/wp-json\/wp\/v2\/media?parent=93134"}],"curies":[{"name":"wp","href":"https:\/\/api.w.org\/{rel}","templated":true}]}}