{"id":92847,"date":"2025-05-16T14:38:54","date_gmt":"2025-05-16T18:38:54","guid":{"rendered":"https:\/\/www.iaff.org\/12-a-conferencia-distrital\/"},"modified":"2025-12-03T14:51:06","modified_gmt":"2025-12-03T19:51:06","slug":"12-a-conferencia-distrital","status":"publish","type":"page","link":"https:\/\/www.iaff.org\/es\/12-a-conferencia-distrital\/","title":{"rendered":"12.\u00aa conferencia distrital"},"content":{"rendered":"<section\n\t class=\"secondary-hero align wp-block-acf-secondary-hero\" id=\"secondary-hero_block_756b04287c343c4667d15662611ac2c6\">\n\t\n<header\n\tclass=\"w-full u-bg-full-width px-[22px] md:ps-bleed md:pe-0 py-[60px] bg-blue text-white u-has-rivets\"\n\tdata-theme=\"navy\"\n>\n\t<div class=\"flex flex-col !px-0 !max-w-[1440px] w-full lg:!ps-indent\">\n\t\t<div class=\"border-t-[6px] w-full my-0 flex flex-col md:flex-row gap-x-[62px] gap-y-[22px] border-gold\">\n\t\t\t\t\t\t\t<div class=\"relative grid md:order-last md:w-1\/2 overflow-hidden place-items-center aspect-[157\/105]\">\n\t\t\t\t\t<img decoding=\"async\" width=\"972\" height=\"631\" src=\"https:\/\/www.iaff.org\/wp-content\/uploads\/2025\/04\/12thDistCon2025-Hyatt-Charleston.png\" class=\"absolute object-cover min-w-full h-full\" alt=\"\" srcset=\"https:\/\/www.iaff.org\/wp-content\/uploads\/2025\/04\/12thDistCon2025-Hyatt-Charleston.png 972w, https:\/\/www.iaff.org\/wp-content\/uploads\/2025\/04\/12thDistCon2025-Hyatt-Charleston-300x195.png 300w, https:\/\/www.iaff.org\/wp-content\/uploads\/2025\/04\/12thDistCon2025-Hyatt-Charleston-768x499.png 768w, https:\/\/www.iaff.org\/wp-content\/uploads\/2025\/04\/12thDistCon2025-Hyatt-Charleston-240x156.png 240w\" sizes=\"(max-width: 972px) 100vw, 972px\" \/>\t\t\t\t<\/div>\n\t\t\t\t\t\t<div class=\"w-full md:w-1\/2 md:py-[45px]\">\n\t\t\t\t<div class=\"max-w-[600px] flex flex-col gap-[22px]\">\n\t\t\t\t\t\t\t\t\t\t\t<h1 class=\"has-[.u-halftone-shadow--dark]:mb-divider has-[.u-halftone-shadow--light]:mb-divider\">\n\t\t\t\t\t\t\t<span class=\"inline-flex text-heading-200 u-halftone-shadow--light\">\n\t\t\t\t\t\t\t\t12.\u00aa conferencia distrital\t\t\t\t\t\t\t<\/span>\n\t\t\t\t\t\t<\/h1>\n\t\t\t\t\t\t\t\t\t\t\t\t\t\t\t\t<div class=\"text-body-300 font-sans\">\n\t\t\t\t\t\t\t<p>La Conferencia del 12\u00ba Distrito da la bienvenida a todos los l\u00edderes afiliados de Florida, Georgia, Carolina del Norte, Carolina del Sur, Puerto Rico y las Islas del Caribe. No pierda la oportunidad de establecer contactos con un grupo diverso de afiliados y aprender nuevas habilidades y recursos para enfrentar los desaf\u00edos \u00fanicos de su Local. <\/p>\n\t\t\t\t\t\t<\/div>\n\t\t\t\t\t\t\t\t\t\t\t\t\t\t\t\t\t\t\t\t\t\t\t\t\t\t\t\t\t\t\t<div  class=\"text-label-100 inline-flex gap-3 items-center track-hero-meta\">\t<svg xmlns=\"http:\/\/www.w3.org\/2000\/svg\" width=\"19\" height=\"22\" fill=\"none\" viewBox=\"0 0 19 22\"><path stroke=\"currentColor\" stroke-linecap=\"square\" stroke-width=\"2\" d=\"M1.08496 8.59898H17.5722\"\/><path stroke=\"currentColor\" stroke-linecap=\"square\" stroke-width=\"2\" d=\"M13.433 12.2115H13.4415\"\/><path stroke=\"currentColor\" stroke-linecap=\"square\" stroke-width=\"2\" d=\"M9.32847 12.2115H9.33704\"\/><path stroke=\"currentColor\" stroke-linecap=\"square\" stroke-width=\"2\" d=\"M5.21519 12.2115H5.22376\"\/><path stroke=\"currentColor\" stroke-linecap=\"square\" stroke-width=\"2\" d=\"M13.433 15.8065H13.4415\"\/><path stroke=\"currentColor\" stroke-linecap=\"square\" stroke-width=\"2\" d=\"M9.32847 15.8065H9.33704\"\/><path stroke=\"currentColor\" stroke-linecap=\"square\" stroke-width=\"2\" d=\"M5.21519 15.8065H5.22376\"\/><path stroke=\"currentColor\" stroke-linecap=\"square\" stroke-width=\"2\" d=\"M13.0652 1.75V4.79399\"\/><path stroke=\"currentColor\" stroke-linecap=\"square\" stroke-width=\"2\" d=\"M5.59252 1.75V4.79399\"\/><path stroke=\"currentColor\" stroke-linecap=\"square\" stroke-width=\"2\" d=\"M17.65 3.21069H1V20.25H17.65V3.21069Z\" clip-rule=\"evenodd\"\/><\/svg>\t15-17 de julio de 2025<\/div>\t\t\t\t\t\t\t\t\t\t\t\t\t\t\t\t\t\t\t\t\t\t\t\t\t\t\t\t<div  class=\"text-label-100 inline-flex gap-3 items-center track-hero-meta\">\t<svg xmlns=\"http:\/\/www.w3.org\/2000\/svg\" width=\"17\" height=\"21\" fill=\"none\" viewBox=\"0 0 17 21\"><path stroke=\"currentColor\" stroke-linecap=\"round\" stroke-linejoin=\"round\" stroke-width=\"2\" d=\"M10.9731 9.05639C10.9731 7.68255 9.85989 6.56934 8.48706 6.56934C7.11322 6.56934 6 7.68255 6 9.05639C6 10.4292 7.11322 11.5424 8.48706 11.5424C9.85989 11.5424 10.9731 10.4292 10.9731 9.05639Z\" clip-rule=\"evenodd\"\/><path stroke=\"currentColor\" stroke-linecap=\"round\" stroke-width=\"2\" d=\"M8.46265 19.5C8.46265 19.5 1.18681 14.7608 1.00347 8.84729C0.874745 4.6951 4.34252 1.00008 8.46265 1.00008C12.5828 1.00008 16.0497 4.69504 15.9228 8.84729C15.7384 14.882 8.46265 19.5 8.46265 19.5Z\" clip-rule=\"evenodd\"\/><\/svg>\tCharleston, Carolina del Sur<\/div>\t\t\t\t\t\t\t\t\t\t\t\t\t\t\t\t\t\t\t\t\t\t\t\t\t\t\t\t\t\t\t\t\t\t\t<div class=\"flex flex-wrap gap-[30px]\">\n\t\t\t\t\t\t\t\t\t\t\t\t\t\t\t<!-- Renders the same as core\/button with a specific style -->\n\t<div\n\t\tclass=\"wp-block-button track-button-primary is-style-primary-red\"\n\t>\n\t\t<a class=\"wp-block-button__link wp-element-button cursor-pointer dlm-no-xhr-download track-hero-secondary-cta md:w-auto min-w-[156px]\" href=\"https:\/\/my.iaff.org\/web\/events\/Event_display.aspx?EventKey=PEP2025_12\" target=\"_blank\" rel=\"nofollow noopener\">\n\t\t\tReg\u00edstrese hoy\t\t<\/a>\n\t<\/div>\n\t\t\t\t\t\t\t\t\t\t\t\t\t\t\t<!-- Renders the same as core\/button with a specific style -->\n\t<div\n\t\tclass=\"wp-block-button track-button-primary is-style-secondary-red\"\n\t>\n\t\t<a class=\"wp-block-button__link wp-element-button cursor-pointer dlm-no-xhr-download track-hero-secondary-cta md:w-auto min-w-[156px]\" href=\"https:\/\/www.hyatt.com\/en-US\/group-booking\/CHSXH\/G-FIRE\" target=\"_blank\" rel=\"nofollow noopener\">\n\t\t\tRESERVAR HABITACI\u00d3N DE HOTEL &#8211; HYATT HOUSE\t\t<\/a>\n\t<\/div>\n\t\t\t\t\t\t\t\t\t\t\t\t\t\t\t<!-- Renders the same as core\/button with a specific style -->\n\t<div\n\t\tclass=\"wp-block-button track-button-primary is-style-secondary-red\"\n\t>\n\t\t<a class=\"wp-block-button__link wp-element-button cursor-pointer dlm-no-xhr-download track-hero-secondary-cta md:w-auto min-w-[156px]\" href=\"https:\/\/www.hyatt.com\/en-US\/group-booking\/CHSZH\/G-FIRE\" target=\"_blank\" rel=\"nofollow noopener\">\n\t\t\tRESERVAR HABITACI\u00d3N DE HOTEL &#8211; HYATT PLACE\t\t<\/a>\n\t<\/div>\n\t\t\t\t\t\t\t\t\t\t\t\t\t<\/div>\n\t\t\t\t\t\t\t\t\t\t\t\t\t\t<\/div>\n\t\t\t<\/div>\n\n\t\t<\/div>\n\t\t\t<\/div>\n<\/header>\n<\/section>\n<section\n\t class=\"page-blocks iaff-page-blocks align wp-block-acf-page-blocks\" id=\"page-blocks_block_cd3983282f13c7791c7c106610006533\">\n\t<div class=\"acf-innerblocks-container\">\n<section\n\t class=\"secondary-navigation-manual u-bg-full-width bg-smoke\/5 align wp-block-acf-secondary-navigation-manual\" id=\"secondary-navigation-manual_block_f968ad219b844d366d0bdcea38bb2edf\">\n\t<details class=\"iaff-secondary-navigation\" open>\n\t<summary class=\"flex cursor-pointer u-bg-full-width\">\n\t\t\t\t\t<h2 class=\"text-heading-400 bg-main-bg-overlay text-black inline-flex items-center gap-x-[14px] h-full !ps-0 py-[34px] !pe-10\">\n\t\t\t\t<span>En esta secci\u00f3n<\/span>\n\t\t\t<\/h2>\n\t\t\t<\/summary>\n\t<div class=\"py-10 md:ps-12 md:pe-10 grid grid-cols-1 md:grid-cols-2 lg:grid-cols-3 gap-[30px]\">\n\t\t<!-- Renders the same as core\/button with a specific style -->\n<!-- Renders the same as core\/button with a specific style -->\n\t<div>\n\t\t\t\t\t<a class=\"inline-flex gap-[16px] items-center text-inherit text-button-300 leading-6 cursor-pointer decoration-transparent underline underline-offset-2 transition-colors duration-hover hocus-visible:decoration-current\" href=\"https:\/\/my.iaff.org\/web\/events\/Event_display.aspx?EventKey=PEP2025_12\" target=\"_blank\" rel=\"nofollow noopener\">\n\t\t\t\t<span>\n\t\t\t\t\tRegistro\t\t\t\t<\/span>\n\t\t\t\t<svg xmlns=\"http:\/\/www.w3.org\/2000\/svg\" width=\"15\" height=\"15\" fill=\"none\" viewBox=\"0 0 15 15\"><path stroke=\"currentColor\" stroke-linecap=\"square\" stroke-width=\"2\" d=\"M11.6347 7.49976L1 7.49976\"\/><path stroke=\"currentColor\" stroke-linecap=\"square\" stroke-width=\"2\" d=\"M7.31445 2.13138L12.7061 7.50014L7.31445 12.8689\"\/><\/svg>\t\t\t<\/a>\n\t\t\t<\/div>\n<!-- Renders the same as core\/button with a specific style -->\n\t<div>\n\t\t\t\t\t<a\n\t\t\t\tclass=\"inline-flex gap-[16px] items-center text-inherit text-button-300 leading-6 cursor-pointer decoration-transparent underline underline-offset-2 transition-colors duration-hover hocus-visible:decoration-current\"\n\t\t\t\t\t\t\t\t\thref=\"#agenda\"\n\t\t\t\t\t\t\t\t\t\t\t\t>\n\t\t\t\t<span>\n\t\t\t\t\tAgenda\t\t\t\t<\/span>\n\t\t\t\t<svg xmlns=\"http:\/\/www.w3.org\/2000\/svg\" width=\"15\" height=\"15\" fill=\"none\" viewBox=\"0 0 15 15\"><path stroke=\"currentColor\" stroke-linecap=\"square\" stroke-width=\"2\" d=\"M11.6347 7.49976L1 7.49976\"\/><path stroke=\"currentColor\" stroke-linecap=\"square\" stroke-width=\"2\" d=\"M7.31445 2.13138L12.7061 7.50014L7.31445 12.8689\"\/><\/svg>\t\t\t<\/a>\n\t\t\t<\/div>\n<!-- Renders the same as core\/button with a specific style -->\n\t<div>\n\t\t\t\t\t<a\n\t\t\t\tclass=\"inline-flex gap-[16px] items-center text-inherit text-button-300 leading-6 cursor-pointer decoration-transparent underline underline-offset-2 transition-colors duration-hover hocus-visible:decoration-current\"\n\t\t\t\t\t\t\t\t\thref=\"#workshops\"\n\t\t\t\t\t\t\t\t\t\t\t\t>\n\t\t\t\t<span>\n\t\t\t\t\tTalleres\t\t\t\t<\/span>\n\t\t\t\t<svg xmlns=\"http:\/\/www.w3.org\/2000\/svg\" width=\"15\" height=\"15\" fill=\"none\" viewBox=\"0 0 15 15\"><path stroke=\"currentColor\" stroke-linecap=\"square\" stroke-width=\"2\" d=\"M11.6347 7.49976L1 7.49976\"\/><path stroke=\"currentColor\" stroke-linecap=\"square\" stroke-width=\"2\" d=\"M7.31445 2.13138L12.7061 7.50014L7.31445 12.8689\"\/><\/svg>\t\t\t<\/a>\n\t\t\t<\/div>\n<!-- Renders the same as core\/button with a specific style -->\n\t<div>\n\t\t\t\t\t<a\n\t\t\t\tclass=\"inline-flex gap-[16px] items-center text-inherit text-button-300 leading-6 cursor-pointer decoration-transparent underline underline-offset-2 transition-colors duration-hover hocus-visible:decoration-current\"\n\t\t\t\t\t\t\t\t\thref=\"#hotel\"\n\t\t\t\t\t\t\t\t\t\t\t\t>\n\t\t\t\t<span>\n\t\t\t\t\tViaje y Alojamiento\t\t\t\t<\/span>\n\t\t\t\t<svg xmlns=\"http:\/\/www.w3.org\/2000\/svg\" width=\"15\" height=\"15\" fill=\"none\" viewBox=\"0 0 15 15\"><path stroke=\"currentColor\" stroke-linecap=\"square\" stroke-width=\"2\" d=\"M11.6347 7.49976L1 7.49976\"\/><path stroke=\"currentColor\" stroke-linecap=\"square\" stroke-width=\"2\" d=\"M7.31445 2.13138L12.7061 7.50014L7.31445 12.8689\"\/><\/svg>\t\t\t<\/a>\n\t\t\t<\/div>\n<!-- Renders the same as core\/button with a specific style -->\n\t<div>\n\t\t\t\t\t<a class=\"inline-flex gap-[16px] items-center text-inherit text-button-300 leading-6 cursor-pointer decoration-transparent underline underline-offset-2 transition-colors duration-hover hocus-visible:decoration-current\" href=\"https:\/\/iaff.mosaic-mobile.net\/share-app.aspx\" target=\"_blank\" rel=\"nofollow noopener\">\n\t\t\t\t<span>\n\t\t\t\t\tDESCARGUE LA APLICACI\u00d3N DEL AIB\t\t\t\t<\/span>\n\t\t\t\t<svg xmlns=\"http:\/\/www.w3.org\/2000\/svg\" width=\"15\" height=\"15\" fill=\"none\" viewBox=\"0 0 15 15\"><path stroke=\"currentColor\" stroke-linecap=\"square\" stroke-width=\"2\" d=\"M11.6347 7.49976L1 7.49976\"\/><path stroke=\"currentColor\" stroke-linecap=\"square\" stroke-width=\"2\" d=\"M7.31445 2.13138L12.7061 7.50014L7.31445 12.8689\"\/><\/svg>\t\t\t<\/a>\n\t\t\t<\/div>\n<!-- Renders the same as core\/button with a specific style -->\n\t<\/div>\n<\/details>\n<\/section>\n\n\n\n<div class=\"wp-block-group is-layout-constrained wp-block-group-is-layout-constrained\"><section\n\t class=\"callout-section pt-20 md:pt-[100px] bg-smoke\/5 u-bg-full-width align wp-block-acf-callout-section\" id=\"callout-section_block_ea3cd3d801fa7779778fa6ccbed6e66a\">\n\t\t<div class=\"\">\n\t\t\t\t\t<header class=\"flex justify-between items-center max-w-content\">\n\t\t\t\t\t\t\t\t\t<!-- Render Headline-->\n\t\t\t\t\t<h2 class=\"text-heading-200\">\n\t\t\t\t\t\t<!-- Headline: font-heading, 500, 38px, smoke -->\n\t\t\t\t\t\t \t\t\t\t\t<\/h2>\n\t\t\t\t\n\t\t\t\t\t\t\t<\/header>\n\n\t\t\t<!-- Border -->\n\t\t\t\t\t\t\t\t\t\t<div class=\"u-bleed-left\">\n\t\t\t\t\t\n\t\t\t\t\t\t\t\t\t\t\t<div class=\"h-divider bg-right w-full bg-halftone-divider\" role=\"presentation\"><\/div>\n\t\t\t\t\t\t\t\t\t<\/div>\n\t\t\t\t\t\t<\/div>\n\n\t<!-- TODO: Constrain to content width -->\n\t<div class=\"w-full flex flex-col\">\n\t\t<!-- Callouts -->\n\t\t<div class=\"acf-innerblocks-container\">\n<section\n\t class=\"callout align wp-block-acf-callout\" id=\"callout_block_109afbd627d95e147ba49c0648826264\">\n\t<div class=\"grid md:grid-cols-2 gap-0\">\n\t\t<figure\n\t\t\tclass=\"md:col-start-2 md:row-start-1 grid place-items-center\"\n\t\t>\n\t\t\t\t\t\t\t<div class=\"relative\">\n\t\t\t\t\t<img decoding=\"async\" width=\"118\" height=\"240\" src=\"https:\/\/www.iaff.org\/wp-content\/uploads\/2024\/02\/IAFF-App-middle-2024-118x240.png\" class=\"max-w-full\" alt=\"\" srcset=\"https:\/\/www.iaff.org\/wp-content\/uploads\/2024\/02\/IAFF-App-middle-2024-118x240.png 118w, https:\/\/www.iaff.org\/wp-content\/uploads\/2024\/02\/IAFF-App-middle-2024-148x300.png 148w, https:\/\/www.iaff.org\/wp-content\/uploads\/2024\/02\/IAFF-App-middle-2024-394x800.png 394w, https:\/\/www.iaff.org\/wp-content\/uploads\/2024\/02\/IAFF-App-middle-2024-399x810.png 399w, https:\/\/www.iaff.org\/wp-content\/uploads\/2024\/02\/IAFF-App-middle-2024.png 493w\" sizes=\"(max-width: 118px) 100vw, 118px\" \/>\t\t\t\t\t<div class=\"u-halftone-overlay\"><\/div>\n\t\t\t\t<\/div>\n\t\t\t\t\t<\/figure>\n\t\t<div class=\"flex flex-col gap-2 py-[54px] text-smoke md:p-10 justify-center md:px-15\">\n\t\t\t\t\t\t\t\t\t\t<div class=\"font-serif font-600 text-[34px] leading-[1.1] -tracking-[0.5px]\">\n\t\t\t\t\tAplicaci\u00f3n oficial del AIB\t\t\t\t<\/div>\n\t\t\t\t\t\t\t\t\t\t<div class=\"font-sans font-350 text-[18px] leading-[1.5]\">\n\t\t\t\t\t<p>Mant\u00e9ngase al d\u00eda sobre la informaci\u00f3n de eventos con la aplicaci\u00f3n del AIB.<\/p>\n\t\t\t\t<\/div>\n\t\t\t\t\t\t\t\t\t\t<div class=\"flex flex-wrap gap-[30px] pt-10\">\n\t\t\t\t\t\t\t\t\t\t\t<!-- Renders the same as core\/button with a specific style -->\n\t<div\n\t\tclass=\"wp-block-button track-button-primary is-style-primary-red\"\n\t>\n\t\t<a class=\"wp-block-button__link wp-element-button cursor-pointer md:w-auto min-w-[156px]\" href=\"https:\/\/iaff.mosaic-mobile.net\/share-app.aspx\" target=\"_blank\" rel=\"nofollow noopener\">\n\t\t\tDESCARGUE LA APLICACI\u00d3N DEL AIB\t\t<\/a>\n\t<\/div>\n\t\t\t\t\t\t\t\t\t<\/div>\n\t\t\t\t\t<\/div>\n\t<\/div>\n<\/section>\n\n<\/div>\n\t\t\t<\/div>\n<\/section>\n<\/div>\n\n\n\n<div id=\"agenda\" class=\"wp-block-group is-layout-constrained wp-block-group-is-layout-constrained\"><section\n\t class=\"section-header mb-10 align wp-block-acf-section-header\" id=\"section-header_block_cf1cc68192821116683dbbf37bb66eb6\">\n\t<div class=\"\">\n\t<div class=\"flex flex-col md:flex-row justify-between max-w-content gap-x-8 md:items-end flex-wrap\">\n\t\t<h2 class=\"text-heading-200 pb-[2px]\">\n\t\t\tAgenda\t\t<\/h2>\n\n\t\t\t\t\t<div class=\"md:order-last w-full\">\n\t\t\t\t\n\t<hr class=\"h-[6px] text-red border-red bg-red w-full my-0\" role=\"presentation\"\/>\n\n\t<div class=\"h-divider w-full bg-halftone-divider bg-right\"><\/div>\n\t\t\t<\/div>\n\t\t\n\t\t\t<\/div>\n<\/div>\n<\/section>\n\n\n\n<div class=\"wp-block-buttons is-layout-flex wp-block-buttons-is-layout-flex\">\n<div class=\"wp-block-button is-style-primary-red\"><a class=\"wp-block-button__link wp-element-button\" href=\"https:\/\/www.iaff.org\/wp-content\/uploads\/2025\/05\/12thDistConference_Agenda_2025_v10.pdf\" target=\"_blank\" rel=\"noreferrer noopener\">Descargar PDF<\/a><\/div>\n<\/div>\n\n\n<div class=\"wp-block-paragraph \">\n<p><\/p>\n<\/div>\n\n\n<details class=\"wp-block-details is-layout-flow wp-block-details-is-layout-flow\"><summary>Martes, 15 de julio<\/summary><section\n\t class=\"page-blocks iaff-page-blocks align wp-block-acf-page-blocks\" id=\"page-blocks_block_cd3983282f13c7791c7c106610006533\">\n\t<div class=\"acf-innerblocks-container\">\n<section\n\t class=\"agenda-list iaff-block-agenda-list text-body-500 align wp-block-acf-agenda-list\" id=\"agenda-list_block_77a708ffc84e5902630513f07522bc82\">\n\t\n\t<div class=\"acf-innerblocks-container\">\n<dl class=\"flex flex-wrap md:flex-nowrap items-center border-b-2 border-smoke py-10 px-[22px] md:px-10 gap-x-10 gap-y-[22px]\">\n\t<dt class=\"w-full md:w-auto min-w-[200px] md:max-w-[200px]\">\n\t\t<span class=\"text-heading-400 text-red u-halftone-shadow\">\n\t\t\t7-9 a.m.\t\t<\/span>\n\t<\/dt>\n\t<dd class=\"text-body-500\">\n\t\t<div class=\"acf-innerblocks-container\">\n<div class=\"wp-block-paragraph \">\n<p><strong>Inscripci\u00f3n<\/strong> | Vest\u00edbulo Palmetto<\/p>\n<\/div>\n<\/div>\t<\/dd>\n<\/dl>\n\n\n<dl class=\"flex flex-wrap md:flex-nowrap items-center border-b-2 border-smoke py-10 px-[22px] md:px-10 gap-x-10 gap-y-[22px]\">\n\t<dt class=\"w-full md:w-auto min-w-[200px] md:max-w-[200px]\">\n\t\t<span class=\"text-heading-400 text-red u-halftone-shadow\">\n\t\t\t7:30-8:30 a.m.\t\t<\/span>\n\t<\/dt>\n\t<dd class=\"text-body-500\">\n\t\t<div class=\"acf-innerblocks-container\">\n<div class=\"wp-block-paragraph \">\n<p><strong>Desayuno<\/strong> | Vest\u00edbulo Grand Magnolia<\/p>\n<\/div>\n<\/div>\t<\/dd>\n<\/dl>\n\n\n<dl class=\"flex flex-wrap md:flex-nowrap items-center border-b-2 border-smoke py-10 px-[22px] md:px-10 gap-x-10 gap-y-[22px]\">\n\t<dt class=\"w-full md:w-auto min-w-[200px] md:max-w-[200px]\">\n\t\t<span class=\"text-heading-400 text-red u-halftone-shadow\">\n\t\t\t8:30-11 a.m.\t\t<\/span>\n\t<\/dt>\n\t<dd class=\"text-body-500\">\n\t\t<div class=\"acf-innerblocks-container\">\n<div class=\"wp-block-paragraph \">\n<p><strong>Sesi\u00f3n general<\/strong> | Sal\u00f3n Grand Magnolia<\/p>\n<\/div>\n\n<div class=\"wp-block-paragraph \">\n<p>Walter (Walt) Dix, 12<sup>\u00ba<\/sup> Vicepresidente del Distrito, Asociaci\u00f3n Internacional de Bomberos<\/p>\n<\/div>\n\n<div class=\"wp-block-paragraph \">\n<p>John Baker, presidente de la asociaci\u00f3n de bomberos de Charleston, local 61<\/p>\n<\/div>\n\n<div class=\"wp-block-paragraph \">\n<p>Jim McBride, concejal del distrito 3 de Charleston<\/p>\n<\/div>\n\n<div class=\"wp-block-paragraph \">\n<p>El honorable representante James Teeple, distrito 116 de la C\u00e1mara de Representantes de Carolina del Sur<\/p>\n<\/div>\n\n<div class=\"wp-block-paragraph \">\n<p>Edward a. Kelly, Presidente General, Asociaci\u00f3n Internacional de Bomberos<\/p>\n<\/div>\n\n<div class=\"wp-block-paragraph \">\n<p>Wayne Murphy, jefe de personal, Asociaci\u00f3n Internacional de Bomberos<\/p>\n<\/div>\n\n<div class=\"wp-block-paragraph \">\n<p>Sean DeCrane, Asistente del Presidente General, Salud y Seguridad<\/p>\n<\/div>\n\n<div class=\"wp-block-paragraph \">\n<p>Kevin O&#8217;Connor, Asistente del Presidente General, Asuntos Gubernamentales y Acci\u00f3n Pol\u00edtica<\/p>\n<\/div>\n\n<div class=\"wp-block-paragraph \">\n<p>Ryan Heffernan, Asistente del Presidente General, Comunicaciones<\/p>\n<\/div>\n<\/div>\t<\/dd>\n<\/dl>\n\n\n<dl class=\"flex flex-wrap md:flex-nowrap items-center border-b-2 border-smoke py-10 px-[22px] md:px-10 gap-x-10 gap-y-[22px]\">\n\t<dt class=\"w-full md:w-auto min-w-[200px] md:max-w-[200px]\">\n\t\t<span class=\"text-heading-400 text-red u-halftone-shadow\">\n\t\t\t11-11:15 a.m.\t\t<\/span>\n\t<\/dt>\n\t<dd class=\"text-body-500\">\n\t\t<div class=\"acf-innerblocks-container\">\n<div class=\"wp-block-paragraph \">\n<p><strong>Salto<\/strong><\/p>\n<\/div>\n<\/div>\t<\/dd>\n<\/dl>\n\n\n<dl class=\"flex flex-wrap md:flex-nowrap items-center border-b-2 border-smoke py-10 px-[22px] md:px-10 gap-x-10 gap-y-[22px]\">\n\t<dt class=\"w-full md:w-auto min-w-[200px] md:max-w-[200px]\">\n\t\t<span class=\"text-heading-400 text-red u-halftone-shadow\">\n\t\t\t11:15 a.m.-1:30 p.m.\t\t<\/span>\n\t<\/dt>\n\t<dd class=\"text-body-500\">\n\t\t<div class=\"acf-innerblocks-container\">\n<div class=\"wp-block-paragraph \">\n<p><strong><strong>Sesi\u00f3n general<\/strong><\/strong> | Sal\u00f3n Grand Magnolia<\/p>\n<\/div>\n\n<div class=\"wp-block-paragraph \">\n<p>Frank v. L\u00edma, Secretario-Tesorero General, Asociaci\u00f3n Internacional de Bomberos<\/p>\n<\/div>\n\n<div class=\"wp-block-paragraph \">\n<p>Maureen Green, Asistente del Secretario Tesorero General, afiliaci\u00f3n<\/p>\n<\/div>\n\n<div class=\"wp-block-paragraph \">\n<p>Doug Stern, Director de Operaciones<\/p>\n<\/div>\n\n<div class=\"wp-block-paragraph \">\n<p>Joshua Smith, Asistente del Presidente General, educaci\u00f3n, formaci\u00f3n y subvenciones<\/p>\n<\/div>\n\n<div class=\"wp-block-paragraph \">\n<p>Rob McClintock, Asistente del Presidente General, TAIR<\/p>\n<\/div>\n\n<div class=\"wp-block-paragraph \">\n<p>Peter Leff, Asesor General del AIB<\/p>\n<\/div>\n\n<div class=\"wp-block-paragraph \">\n<p>Allan Westcott, Director de Operaciones, El AIB Corporaci\u00f3n Financiera<\/p>\n<\/div>\n<\/div>\t<\/dd>\n<\/dl>\n\n\n<dl class=\"flex flex-wrap md:flex-nowrap items-center border-b-2 border-smoke py-10 px-[22px] md:px-10 gap-x-10 gap-y-[22px]\">\n\t<dt class=\"w-full md:w-auto min-w-[200px] md:max-w-[200px]\">\n\t\t<span class=\"text-heading-400 text-red u-halftone-shadow\">\n\t\t\t13:30-14:00\t\t<\/span>\n\t<\/dt>\n\t<dd class=\"text-body-500\">\n\t\t<div class=\"acf-innerblocks-container\">\n<div class=\"wp-block-paragraph \">\n<p><strong>Descanso con refrigerios<\/strong><\/p>\n<\/div>\n<\/div>\t<\/dd>\n<\/dl>\n\n\n<dl class=\"flex flex-wrap md:flex-nowrap items-center border-b-2 border-smoke py-10 px-[22px] md:px-10 gap-x-10 gap-y-[22px]\">\n\t<dt class=\"w-full md:w-auto min-w-[200px] md:max-w-[200px]\">\n\t\t<span class=\"text-heading-400 text-red u-halftone-shadow\">\n\t\t\t14:00-14:15\t\t<\/span>\n\t<\/dt>\n\t<dd class=\"text-body-500\">\n\t\t<div class=\"acf-innerblocks-container\">\n<div class=\"wp-block-paragraph \">\n<p><strong>Actualizaci\u00f3n sobre la iniciativa contra el c\u00e1ncer de bomberos<\/strong> | Sal\u00f3n Grand Magnolia<\/p>\n<\/div>\n\n<div class=\"wp-block-paragraph \">\n<p>Dr. Alberto J. Caban-Martinez, Ph.D., D.O., M.P.H., Sylvester Comprehensive Cancer Center, University of Miami Heath System<\/p>\n<\/div>\n<\/div>\t<\/dd>\n<\/dl>\n\n\n<dl class=\"flex flex-wrap md:flex-nowrap items-center border-b-2 border-smoke py-10 px-[22px] md:px-10 gap-x-10 gap-y-[22px]\">\n\t<dt class=\"w-full md:w-auto min-w-[200px] md:max-w-[200px]\">\n\t\t<span class=\"text-heading-400 text-red u-halftone-shadow\">\n\t\t\t14:15-14:30\t\t<\/span>\n\t<\/dt>\n\t<dd class=\"text-body-500\">\n\t\t<div class=\"acf-innerblocks-container\">\n<div class=\"wp-block-paragraph \">\n<p><strong>Presentaci\u00f3n a nivel nacional<\/strong>: seguridad social: la elecci\u00f3n de una vida | Sal\u00f3n Grand Magnolia <\/p>\n<\/div>\n<\/div>\t<\/dd>\n<\/dl>\n\n\n<dl class=\"flex flex-wrap md:flex-nowrap items-center border-b-2 border-smoke py-10 px-[22px] md:px-10 gap-x-10 gap-y-[22px]\">\n\t<dt class=\"w-full md:w-auto min-w-[200px] md:max-w-[200px]\">\n\t\t<span class=\"text-heading-400 text-red u-halftone-shadow\">\n\t\t\t14:30-15:00\t\t<\/span>\n\t<\/dt>\n\t<dd class=\"text-body-500\">\n\t\t<div class=\"acf-innerblocks-container\">\n<div class=\"wp-block-paragraph \">\n<p><strong>Patrocinadores de la 12.\u00aa conferencia del distrito<\/strong> | Sal\u00f3n Grand Magnolia<\/p>\n<\/div>\n<\/div>\t<\/dd>\n<\/dl>\n\n\n<dl class=\"flex flex-wrap md:flex-nowrap items-center border-b-2 border-smoke py-10 px-[22px] md:px-10 gap-x-10 gap-y-[22px]\">\n\t<dt class=\"w-full md:w-auto min-w-[200px] md:max-w-[200px]\">\n\t\t<span class=\"text-heading-400 text-red u-halftone-shadow\">\n\t\t\t5-7 p.m.\t\t<\/span>\n\t<\/dt>\n\t<dd class=\"text-body-500\">\n\t\t<div class=\"acf-innerblocks-container\">\n<div class=\"wp-block-paragraph \">\n<p><strong>Recepci\u00f3n de bienvenida<\/strong> patrocinada por Nuveen, Brown &amp; Brown y Blue Line Lawyers | Uptown Social, 587 King Street, Charleston, SC<\/p>\n<\/div>\n<\/div>\t<\/dd>\n<\/dl>\n\n<\/div><\/section>\n\n<\/div><\/section>\n<\/details>\n\n\n\n<details class=\"wp-block-details is-layout-flow wp-block-details-is-layout-flow\"><summary>Mi\u00e9rcoles, 16 de julio<\/summary><section\n\t class=\"page-blocks iaff-page-blocks align wp-block-acf-page-blocks\" id=\"page-blocks_block_cd3983282f13c7791c7c106610006533\">\n\t<div class=\"acf-innerblocks-container\">\n<section\n\t class=\"agenda-list iaff-block-agenda-list text-body-500 align wp-block-acf-agenda-list\" id=\"agenda-list_block_1138774e6c72c75c338108192e1fe2fb\">\n\t\t\t<header class=\"flex flex-col\">\n\t\t\t<h4 class=\"text-heading-300 pb-5\">\n\t\t\t\t \t\t\t<\/h4>\n\t\t\t<div class=\"h-[10px] bg-halftone-divider w-full\" role=\"presentation\"><\/div>\n\t\t<\/header>\n\t\n\t<div class=\"acf-innerblocks-container\">\n<dl class=\"flex flex-wrap md:flex-nowrap items-center border-b-2 border-smoke py-10 px-[22px] md:px-10 gap-x-10 gap-y-[22px]\">\n\t<dt class=\"w-full md:w-auto min-w-[200px] md:max-w-[200px]\">\n\t\t<span class=\"text-heading-400 text-red u-halftone-shadow\">\n\t\t\t8-9 a.m.\t\t<\/span>\n\t<\/dt>\n\t<dd class=\"text-body-500\">\n\t\t<div class=\"acf-innerblocks-container\">\n<div class=\"wp-block-paragraph \">\n<p><strong>Desayuno<\/strong> | Vest\u00edbulo Grand Magnolia<\/p>\n<\/div>\n<\/div>\t<\/dd>\n<\/dl>\n\n\n<dl class=\"flex flex-wrap md:flex-nowrap items-center border-b-2 border-smoke py-10 px-[22px] md:px-10 gap-x-10 gap-y-[22px]\">\n\t<dt class=\"w-full md:w-auto min-w-[200px] md:max-w-[200px]\">\n\t\t<span class=\"text-heading-400 text-red u-halftone-shadow\">\n\t\t\t9-11 a.m.\t\t<\/span>\n\t<\/dt>\n\t<dd class=\"text-body-500\">\n\t\t<div class=\"acf-innerblocks-container\">\n<div class=\"wp-block-paragraph \">\n<p><strong>Sesiones de talleres<\/strong><\/p>\n<\/div>\n\n<div class=\"wp-block-paragraph \">\n<p><strong>Pista de comunicaci\u00f3n<\/strong> | Sala Palmetto y Carolina<br\/><strong>Pista de participaci\u00f3n de los miembros<\/strong> | Grand Magnolia a<br\/><strong>Pista de negociaciones<\/strong> | Grand Magnolia b<br\/><strong>Pista de administraci\u00f3n sindical<\/strong> | Grand Magnolia c<\/p>\n<\/div>\n<\/div>\t<\/dd>\n<\/dl>\n\n\n<dl class=\"flex flex-wrap md:flex-nowrap items-center border-b-2 border-smoke py-10 px-[22px] md:px-10 gap-x-10 gap-y-[22px]\">\n\t<dt class=\"w-full md:w-auto min-w-[200px] md:max-w-[200px]\">\n\t\t<span class=\"text-heading-400 text-red u-halftone-shadow\">\n\t\t\t11-11:15 a.m.\t\t<\/span>\n\t<\/dt>\n\t<dd class=\"text-body-500\">\n\t\t<div class=\"acf-innerblocks-container\">\n<div class=\"wp-block-paragraph \">\n<p><strong>Salto<\/strong><\/p>\n<\/div>\n<\/div>\t<\/dd>\n<\/dl>\n\n\n<dl class=\"flex flex-wrap md:flex-nowrap items-center border-b-2 border-smoke py-10 px-[22px] md:px-10 gap-x-10 gap-y-[22px]\">\n\t<dt class=\"w-full md:w-auto min-w-[200px] md:max-w-[200px]\">\n\t\t<span class=\"text-heading-400 text-red u-halftone-shadow\">\n\t\t\t11:15 a.m.-1:15 p.m.\t\t<\/span>\n\t<\/dt>\n\t<dd class=\"text-body-500\">\n\t\t<div class=\"acf-innerblocks-container\">\n<div class=\"wp-block-paragraph \">\n<p><strong>Sesiones de talleres<\/strong><code> <\/code><\/p>\n<\/div>\n\n<div class=\"wp-block-paragraph \">\n<p><strong>Pista de comunicaci\u00f3n<\/strong> | Sala Palmetto y Carolina<br\/><strong>Pista de participaci\u00f3n de los miembros<\/strong> | Grand Magnolia a<br\/><strong>Pista de negociaciones<\/strong> | Grand Magnolia b<br\/><strong>Pista de administraci\u00f3n sindical<\/strong> | Grand Magnolia c<\/p>\n<\/div>\n<\/div>\t<\/dd>\n<\/dl>\n\n\n<dl class=\"flex flex-wrap md:flex-nowrap items-center border-b-2 border-smoke py-10 px-[22px] md:px-10 gap-x-10 gap-y-[22px]\">\n\t<dt class=\"w-full md:w-auto min-w-[200px] md:max-w-[200px]\">\n\t\t<span class=\"text-heading-400 text-red u-halftone-shadow\">\n\t\t\t1:15-2:15 p.m.\t\t<\/span>\n\t<\/dt>\n\t<dd class=\"text-body-500\">\n\t\t<div class=\"acf-innerblocks-container\">\n<div class=\"wp-block-paragraph \">\n<p><strong>Almuerzo<\/strong> | Vest\u00edbulo Grand Magnolia<\/p>\n<\/div>\n<\/div>\t<\/dd>\n<\/dl>\n\n\n<dl class=\"flex flex-wrap md:flex-nowrap items-center border-b-2 border-smoke py-10 px-[22px] md:px-10 gap-x-10 gap-y-[22px]\">\n\t<dt class=\"w-full md:w-auto min-w-[200px] md:max-w-[200px]\">\n\t\t<span class=\"text-heading-400 text-red u-halftone-shadow\">\n\t\t\t2:15-4:15 p.m.\t\t<\/span>\n\t<\/dt>\n\t<dd class=\"text-body-500\">\n\t\t<div class=\"acf-innerblocks-container\">\n<div class=\"wp-block-paragraph \">\n<p><strong>Sesiones de talleres<\/strong><\/p>\n<\/div>\n\n<div class=\"wp-block-paragraph \">\n<p><strong>Pista de comunicaci\u00f3n<\/strong> | Sala Palmetto y Carolina<br\/><strong>Pista de participaci\u00f3n de los miembros<\/strong> | Grand Magnolia a<br\/><strong>Pista de negociaciones<\/strong> | Grand Magnolia b<br\/><strong>Pista de administraci\u00f3n sindical<\/strong> | Grand Magnolia c<\/p>\n<\/div>\n<\/div>\t<\/dd>\n<\/dl>\n\n\n<dl class=\"flex flex-wrap md:flex-nowrap items-center border-b-2 border-smoke py-10 px-[22px] md:px-10 gap-x-10 gap-y-[22px]\">\n\t<dt class=\"w-full md:w-auto min-w-[200px] md:max-w-[200px]\">\n\t\t<span class=\"text-heading-400 text-red u-halftone-shadow\">\n\t\t\t17:00-19:00\t\t<\/span>\n\t<\/dt>\n\t<dd class=\"text-body-500\">\n\t\t<div class=\"acf-innerblocks-container\">\n<div class=\"wp-block-paragraph \">\n<p><strong>Recepci\u00f3n <\/strong>patrocinada por Motley Rice | El Jefe 468 King Street <br\/>\u00a1Ven a montar el toro y no olvides traer tu vale de bebida!<\/p>\n<\/div>\n<\/div>\t<\/dd>\n<\/dl>\n\n<\/div><\/section>\n\n<\/div><\/section>\n<\/details>\n\n\n\n<details class=\"wp-block-details is-layout-flow wp-block-details-is-layout-flow\"><summary>Jueves, 17 de julio<\/summary><section\n\t class=\"page-blocks iaff-page-blocks align wp-block-acf-page-blocks\" id=\"page-blocks_block_cd3983282f13c7791c7c106610006533\">\n\t<div class=\"acf-innerblocks-container\">\n<section\n\t class=\"agenda-list iaff-block-agenda-list text-body-500 align wp-block-acf-agenda-list\" id=\"agenda-list_block_1138774e6c72c75c338108192e1fe2fb\">\n\t\t\t<header class=\"flex flex-col\">\n\t\t\t<h4 class=\"text-heading-300 pb-5\">\n\t\t\t\t \t\t\t<\/h4>\n\t\t\t<div class=\"h-[10px] bg-halftone-divider w-full\" role=\"presentation\"><\/div>\n\t\t<\/header>\n\t\n\t<div class=\"acf-innerblocks-container\">\n<dl class=\"flex flex-wrap md:flex-nowrap items-center border-b-2 border-smoke py-10 px-[22px] md:px-10 gap-x-10 gap-y-[22px]\">\n\t<dt class=\"w-full md:w-auto min-w-[200px] md:max-w-[200px]\">\n\t\t<span class=\"text-heading-400 text-red u-halftone-shadow\">\n\t\t\t7-8 a.m.\t\t<\/span>\n\t<\/dt>\n\t<dd class=\"text-body-500\">\n\t\t<div class=\"acf-innerblocks-container\">\n<div class=\"wp-block-paragraph \">\n<p><strong>Desayuno <\/strong>| Vest\u00edbulo Grand Magnolia<\/p>\n<\/div>\n<\/div>\t<\/dd>\n<\/dl>\n\n\n<dl class=\"flex flex-wrap md:flex-nowrap items-center border-b-2 border-smoke py-10 px-[22px] md:px-10 gap-x-10 gap-y-[22px]\">\n\t<dt class=\"w-full md:w-auto min-w-[200px] md:max-w-[200px]\">\n\t\t<span class=\"text-heading-400 text-red u-halftone-shadow\">\n\t\t\t8-10 a.m.\t\t<\/span>\n\t<\/dt>\n\t<dd class=\"text-body-500\">\n\t\t<div class=\"acf-innerblocks-container\">\n<div class=\"wp-block-paragraph \">\n<p><strong>Sesiones de talleres<\/strong><\/p>\n<\/div>\n\n<div class=\"wp-block-paragraph \">\n<p><strong>Pista de comunicaci\u00f3n<\/strong> | Sala Palmetto y Carolina<br\/><strong>Pista de participaci\u00f3n de los miembros<\/strong> | Grand Magnolia a<br\/><strong>Pista de negociaciones<\/strong> | Grand Magnolia b<br\/><strong>Pista de administraci\u00f3n sindical<\/strong> | Grand Magnolia c<\/p>\n<\/div>\n<\/div>\t<\/dd>\n<\/dl>\n\n<\/div><\/section>\n\n<\/div><\/section>\n<\/details>\n<\/div>\n\n\n\n<div id=\"workshops\" class=\"wp-block-group is-layout-constrained wp-block-group-is-layout-constrained\">\n<h2 class=\"wp-block-heading\"><\/h2>\n\n\n<section\n\t class=\"section-header mb-10 align wp-block-acf-section-header\" id=\"section-header_block_4210be2467c481dee3fee8d39c2c5c51\">\n\t<div class=\"\">\n\t<div class=\"flex flex-col md:flex-row justify-between max-w-content gap-x-8 md:items-end flex-wrap\">\n\t\t<h2 class=\"text-heading-200 pb-[2px]\">\n\t\t\tTalleres\t\t<\/h2>\n\n\t\t\t\t\t<div class=\"md:order-last w-full\">\n\t\t\t\t\n\t<hr class=\"h-[6px] text-red border-red bg-red w-full my-0\" role=\"presentation\"\/>\n\n\t<div class=\"h-divider w-full bg-halftone-divider bg-right\"><\/div>\n\t\t\t<\/div>\n\t\t\n\t\t\t<\/div>\n<\/div>\n<\/section>\n\n\n\n<details class=\"wp-block-details is-layout-flow wp-block-details-is-layout-flow\"><summary>V\u00eda de Comunicaciones<\/summary><div class=\"wp-block-paragraph \">\n<p><strong>Fundamentos de la comunicaci\u00f3n: Controlando la narrativa en el espacio digital<\/strong><br\/>Base fundamental de las comunicaciones, enfoc\u00e1ndose en establecer los cimientos para tener \u00e9xito en las comunicaciones y controlar la narrativa en cualquier asunto. Se trata de construir su audiencia antes de necesitarla, las palabras que utiliza y conocer la diferencia entre su problema y su mensaje, entre otros aspectos. <\/p>\n<\/div>\n\n<div class=\"wp-block-paragraph \">\n<p>Un paso adelante respecto a los fundamentos.<strong> <\/strong>Esto se centra en la importancia de que el sindicato opere digitalmente, con redes sociales, sitio web, segmentaci\u00f3n digital y alternativas. Se analizan las herramientas y luego se trabaja en c\u00f3mo estas son m\u00e1s efectivas cuando se utilizan como parte de una estrategia global coherente. <\/p>\n<\/div>\n\n<div class=\"wp-block-paragraph \">\n<p><strong>Su sindicato como marca: Maximizando la tecnolog\u00eda y los datos para beneficiar a los bomberos<\/strong><br\/>Esta clase hace que los l\u00edderes piensen en utilizar su sindicato como una marca en la comunidad. Proporciona a los l\u00edderes sindicales ideas sobre c\u00f3mo capitalizar la marca de los bomberos y c\u00f3mo utilizarla en su beneficio en la comunidad. Una clase potenciada sobre tecnolog\u00eda, recopilaci\u00f3n de datos, segmentaci\u00f3n digital y construcci\u00f3n de marca\/audiencia. Aprendizaje sobre c\u00f3mo instrumentalizar esos datos para ganar en la pr\u00f3xima elecci\u00f3n y\/o campa\u00f1a.   <\/p>\n<\/div>\n\n<div class=\"wp-block-paragraph \">\n<p><strong>Inteligencia Artificial para l\u00edderes sindicales<\/strong><br\/>Esta clase se centra en identificar la IA y c\u00f3mo afecta su papel como l\u00edder sindical. Se enfoca en las batallas laborales sobre IA y una discusi\u00f3n robusta sobre las amenazas de la IA para el servicio de bomberos y los empleos sindicales. <\/p>\n<\/div>\n\n<div class=\"wp-block-paragraph \">\n<p><strong>C\u00f3mo funcionan los medios de comunicaci\u00f3n para usted&#8230; Y c\u00f3mo no<\/strong><br\/>Esta clase se centra en el hecho de que las comunicaciones ocurrir\u00e1n sin importar qu\u00e9, y que como l\u00edderes necesitan comprender el entorno medi\u00e1tico, junto con c\u00f3mo funcionan los algoritmos, para transmitir adecuadamente el mensaje al p\u00fablico y a sus miembros adoctrinados.<\/p>\n<\/div><\/details>\n\n\n\n<details class=\"wp-block-details is-layout-flow wp-block-details-is-layout-flow\"><summary>Track de participaci\u00f3n de miembros<\/summary><div class=\"wp-block-paragraph \">\n<p><strong>Aumentando la Participaci\u00f3n de los Miembros<\/strong><br\/>La fortaleza de un sindicato local depende de la participaci\u00f3n activa de sus miembros. Ya sea una reuni\u00f3n de comit\u00e9, una campa\u00f1a pol\u00edtica o un esfuerzo de relaciones p\u00fablicas, sus miembros marcan la diferencia entre el \u00e9xito y el fracaso. Este taller proporciona m\u00e9todos para aumentar la participaci\u00f3n de los miembros y construir un sindicato eficaz.  <\/p>\n<\/div>\n\n<div class=\"wp-block-paragraph \">\n<p><strong>Reclutamiento y desarrollo de l\u00edderes<\/strong> (4 horas)<br\/>Este es un taller de 4 horas (Sesiones 5-6). Su sindicato local depende de la fortaleza de sus miembros. Entre la disminuci\u00f3n de la participaci\u00f3n activa y la historia organizacional de su sindicato local que se jubila con los l\u00edderes sindicales anteriores, se vuelve m\u00e1s dif\u00edcil dirigir un sindicato eficaz. Los nuevos l\u00edderes se involucran cuando comprenden los valores fundamentales del sindicato local y encuentran una vocaci\u00f3n para sus talentos y pasiones. Esta clase proporcionar\u00e1 al liderazgo actual del sindicato local un marco sobre c\u00f3mo y por qu\u00e9 deben reclutar y desarrollar nuevos l\u00edderes, estrategias para llegar a diferentes generaciones, una breve descripci\u00f3n de la historia laboral para ayudar a los nuevos miembros a comprender el valor de su afiliaci\u00f3n, y un plan para mentor\u00eda de l\u00edderes emergentes para llevar a su sindicato local a la pr\u00f3xima generaci\u00f3n.    <\/p>\n<\/div>\n\n<div class=\"wp-block-paragraph \">\n<p><strong>Organizaci\u00f3n sindical interna<\/strong><br\/>Para que un sindicato local sea m\u00e1s eficaz en el logro de sus objetivos, debe tener a la mayor\u00eda del departamento de bomberos (u organizaci\u00f3n de servicios m\u00e9dicos de emergencia) como miembros. Una membres\u00eda unida tiene m\u00e1s recursos a su disposici\u00f3n y mayor poder de negociaci\u00f3n. En este taller, determinar\u00e1 las razones clave de la falta de afiliaci\u00f3n dentro de su sindicato local y desarrollar\u00e1 estrategias para aumentar su membres\u00eda.  <\/p>\n<\/div><\/details>\n\n\n\n<details class=\"wp-block-details is-layout-flow wp-block-details-is-layout-flow\"><summary>Track de negociaciones<\/summary><div class=\"wp-block-paragraph \">\n<p><strong>Preparaci\u00f3n para las negociaciones: negociaci\u00f3n colectiva<\/strong><br\/>El proceso de negociaci\u00f3n colectiva le permite negociar salarios, beneficios y otras condiciones de empleo. Para tener \u00e9xito en la mesa de negociaciones, debe investigar a fondo y desarrollar su estrategia. En este taller, aprender\u00e1 c\u00f3mo establecer objetivos realistas para su membres\u00eda y recopilar los datos necesarios para respaldar su caso.  <\/p>\n<\/div>\n\n<div class=\"wp-block-paragraph \">\n<p><strong>Fundamentos de costeo de propuestas contractuales<\/strong><br\/>Los salarios representan una parte significativa de las negociaciones contractuales, pero para negociar con \u00e9xito mejoras en la compensaci\u00f3n, los l\u00edderes afiliados deben comprender a fondo sus contratos y el verdadero costo econ\u00f3mico de sus acuerdos actuales. Antes de presentar a la gerencia las mejoras propuestas en la mesa de negociaciones, los l\u00edderes afiliados necesitan tener una comprensi\u00f3n firme de c\u00f3mo las mejoras que buscan afectar\u00e1n la totalidad de los costos de un contrato. Este taller introducir\u00e1 a los estudiantes a los conceptos clave requeridos para realizar un ejercicio exitoso de costeo de contratos y los procesos fundamentales de costeo de salario base, beneficios adicionales y aumentos propuestos para un contrato de varios a\u00f1os.  <\/p>\n<\/div>\n\n<div class=\"wp-block-paragraph \">\n<p><strong>Negociaci\u00f3n de Beneficios Sanitarios<\/strong><br\/>A medida que el coste de la atenci\u00f3n sanitaria contin\u00faa aumentando, los empleadores pueden intentar compensar estos incrementos mediante la reducci\u00f3n de beneficios, el aumento de las contribuciones de los empleados o el cambio a planes de salud m\u00e1s restrictivos. Este taller examina otras estrategias disponibles que pueden ayudar a los departamentos a mantener su nivel existente de cobertura de una manera que beneficie tanto a los empleados como a la direcci\u00f3n. <\/p>\n<\/div>\n\n<div class=\"wp-block-paragraph \">\n<p><strong>Conducci\u00f3n de Negociaciones: Negociaci\u00f3n Colectiva<\/strong><br\/>La negociaci\u00f3n activa de un contrato es una de las funciones m\u00e1s importantes que el liderazgo afiliado a IAFF puede desempe\u00f1ar para sus miembros y es el ingrediente clave en las relaciones entre bomberos y empleadores. En este taller, aprender\u00e1 c\u00f3mo crear reglas b\u00e1sicas que beneficien a los sindicatos, participar\u00e1 en sesiones de negociaci\u00f3n simuladas y aprender\u00e1 c\u00f3mo aplicar t\u00e9cnicas de negociaci\u00f3n. <\/p>\n<\/div><\/details>\n\n\n\n<details class=\"wp-block-details is-layout-flow wp-block-details-is-layout-flow\"><summary>Administraci\u00f3n sindical \u2013 gesti\u00f3n de una v\u00eda sindical local eficaz<\/summary><div class=\"wp-block-paragraph \">\n<p><strong>Comprendiendo el Liderazgo Sindical<\/strong><br\/>Este taller abordar\u00e1 muchas facetas de ser un funcionario sindical, incluyendo las responsabilidades asociadas con cada rol. Este taller tambi\u00e9n abordar\u00e1 c\u00f3mo ser un defensor sindical, utilizando las habilidades de la junta ejecutiva, y c\u00f3mo organizar a los miembros y aumentar su participaci\u00f3n para construir un sindicato local m\u00e1s fuerte. <\/p>\n<\/div>\n\n<div class=\"wp-block-paragraph \">\n<p><strong>Administraci\u00f3n Sindical Local<\/strong><br\/>Dise\u00f1ado para ayudar a los l\u00edderes afiliados a lograr objetivos para sus organizaciones locales, este curso ense\u00f1a las habilidades necesarias para ser eficaz en cualquier funci\u00f3n como dirigente sindical. Se proporciona informaci\u00f3n sobre las obligaciones de cada funcionario sindical local, as\u00ed como las responsabilidades de la junta ejecutiva y otros comit\u00e9s en la organizaci\u00f3n local. Tambi\u00e9n familiarizar\u00e1 a los participantes con los diversos servicios y asistencia disponibles por parte de IAFF.  <\/p>\n<\/div>\n\n<div class=\"wp-block-paragraph \">\n<p><strong>Presupuestaci\u00f3n para Sindicatos Locales<\/strong><br\/>La presupuestaci\u00f3n es una funci\u00f3n esencial para aquellos que salvaguardan los activos del sindicato local. En este taller, aprender\u00e1 el arte de planificar los ingresos y gastos de su organizaci\u00f3n local. Los temas tratados incluir\u00e1n la preparaci\u00f3n, adopci\u00f3n y modificaci\u00f3n de su presupuesto, as\u00ed como las categor\u00edas comunes de ingresos y gastos que deber\u00edan formar parte de su plan.  <\/p>\n<\/div>\n\n<div class=\"wp-block-paragraph \">\n<p><strong>Construcci\u00f3n de Coaliciones<\/strong><br\/>Una coalici\u00f3n es un grupo de individuos u organizaciones que trabajan juntos para lograr objetivos comunes y resolver problemas. Una coalici\u00f3n puede tener una estructura formal o informal dependiendo de su prop\u00f3sito. Debido a su tama\u00f1o y alcance, una coalici\u00f3n puede lograr significativamente m\u00e1s que una organizaci\u00f3n individual. Este taller le ense\u00f1ar\u00e1 c\u00f3mo construir coaliciones y utilizarlas para alcanzar sus objetivos.   <\/p>\n<\/div><\/details>\n<\/div>\n\n\n\n<div id=\"hotel\" class=\"wp-block-group is-layout-constrained wp-block-group-is-layout-constrained\">\n<h2 class=\"wp-block-heading\"><\/h2>\n\n\n<section\n\t class=\"section-header mb-10 align wp-block-acf-section-header\" id=\"section-header_block_d74e68402f81bbd78583ac8473abb27b\">\n\t<div class=\"\">\n\t<div class=\"flex flex-col md:flex-row justify-between max-w-content gap-x-8 md:items-end flex-wrap\">\n\t\t<h2 class=\"text-heading-200 pb-[2px]\">\n\t\t\tViaje y Alojamiento\t\t<\/h2>\n\n\t\t\t\t\t<div class=\"md:order-last w-full\">\n\t\t\t\t\n\t<hr class=\"h-[6px] text-red border-red bg-red w-full my-0\" role=\"presentation\"\/>\n\n\t<div class=\"h-divider w-full bg-halftone-divider bg-right\"><\/div>\n\t\t\t<\/div>\n\t\t\n\t\t\t<\/div>\n<\/div>\n<\/section>\n\n\n<section\n\t class=\"column-list-section align wp-block-acf-column-list-section\" id=\"column-list-section_block_acaf29a9d58fedefd00e634f161567fb\">\n\t<div class=\"bg-smoke\/5 px-[19px] pt-[60px] pb-block-spacing md:px-[96px] md:mx-indent iaff-column-list-section\">\n\t\t\t\t<div class=\"acf-innerblocks-container\">\n<section\n\t class=\"column-list iaff-column-list align wp-block-acf-column-list\" id=\"column-list_block_4c4c74cfe0ed8d8eb5464e6d124238d5\">\n\t<div class=\"relative flex flex-col gap-[14px] mb-[52px]\">\n\t\t\t\t\t<h3 class=\"text-heading-500\">\n\t\t\t\tInformaci\u00f3n del Hotel\t\t\t<\/h3>\n\t\t\t\t<div class=\"relative bg-halftone-divider bg-center bg-no-repeat w-full h-divider\"><\/div>\n\t<\/div>\n\n\t\t<div class=\"acf-innerblocks-container\">\n<article\n\t class=\"column-list-card min-h-[187px] border-l-4 border-red pl-4 w-full md:w-auto item-inner flex flex-col gap-1 align wp-block-acf-column-list-card\" id=\"column-list-card_block_adb08ea8315faa6e833d705549e2d792\">\n\t\n\t\t\t<div class=\"text-heading-400 font-serif font-600 leading-7 mb-1\">\n\t\t\tHyatt place\/distrito hist\u00f3rico\t\t<\/div>\n\t\t\t\t<div class=\"text-body-400\">\n\t\t\t<p>560 King Street, Charleston, SC 29403<\/p>\n<p>Tel\u00e9fono: (843) 414-4900<br \/>\nC\u00f3digo de grupo: <span style=\"color: #cc0000\"><strong>G-FIRE <\/strong><\/span><\/p>\n<p>*Nota: Las habitaciones de Hyatt Place son habitaciones tradicionales con una cama king o dos camas queen<\/p>\n\t\t<\/div>\n\t\t\t\t<div class=\"font-heading font-500 my-3\">\n\t\t\tHABITACIONES DISPONIBLES\t\t<\/div>\n\t\t\t\t<div class=\"mt-auto\">\t\t\t<!-- Renders the same as core\/button with a specific style -->\n\t<div>\n\t\t\t\t\t<a class=\"inline-flex gap-[16px] items-center text-inherit text-button-300 leading-6 cursor-pointer decoration-transparent underline underline-offset-2 transition-colors duration-hover hocus-visible:decoration-current\" href=\"https:\/\/www.hyatt.com\/en-US\/group-booking\/CHSZH\/G-FIRE\" target=\"_blank\" rel=\"nofollow noopener\">\n\t\t\t\t<span>\n\t\t\t\t\tReservar\t\t\t\t<\/span>\n\t\t\t\t<svg xmlns=\"http:\/\/www.w3.org\/2000\/svg\" width=\"15\" height=\"15\" fill=\"none\" viewBox=\"0 0 15 15\"><path stroke=\"currentColor\" stroke-linecap=\"square\" stroke-width=\"2\" d=\"M11.6347 7.49976L1 7.49976\"\/><path stroke=\"currentColor\" stroke-linecap=\"square\" stroke-width=\"2\" d=\"M7.31445 2.13138L12.7061 7.50014L7.31445 12.8689\"\/><\/svg>\t\t\t<\/a>\n\t\t\t<\/div>\n\t\t<\/div>\n\t<\/article>\n\n\n<article\n\t class=\"column-list-card min-h-[187px] border-l-4 border-red pl-4 w-full md:w-auto item-inner flex flex-col gap-1 align wp-block-acf-column-list-card\" id=\"column-list-card_block_8dd28eb0606a8a1f1a26804d19bc75fa\">\n\t\n\t\t\t<div class=\"text-heading-400 font-serif font-600 leading-7 mb-1\">\n\t\t\tHyatt house\/distrito hist\u00f3rico\t\t<\/div>\n\t\t\t\t<div class=\"text-body-400\">\n\t\t\t<p>560 King Street, Charleston, SC 29403<\/p>\n<p>Tel\u00e9fono: (843) 414-4900<br \/>\nC\u00f3digo de grupo: <span style=\"color: #cc0000\"><strong>G-FIRE <\/strong><\/span><\/p>\n<p>*Nota: Las habitaciones de Hyatt House son suites con cama king<\/p>\n\t\t<\/div>\n\t\t\t\t\t<div class=\"mt-auto\">\t\t\t<!-- Renders the same as core\/button with a specific style -->\n\t<div>\n\t\t\t\t\t<a class=\"inline-flex gap-[16px] items-center text-inherit text-button-300 leading-6 cursor-pointer decoration-transparent underline underline-offset-2 transition-colors duration-hover hocus-visible:decoration-current\" href=\"https:\/\/www.hyatt.com\/en-US\/group-booking\/CHSXH\/G-FIRE\" target=\"_blank\" rel=\"nofollow noopener\">\n\t\t\t\t<span>\n\t\t\t\t\tReservar\t\t\t\t<\/span>\n\t\t\t\t<svg xmlns=\"http:\/\/www.w3.org\/2000\/svg\" width=\"15\" height=\"15\" fill=\"none\" viewBox=\"0 0 15 15\"><path stroke=\"currentColor\" stroke-linecap=\"square\" stroke-width=\"2\" d=\"M11.6347 7.49976L1 7.49976\"\/><path stroke=\"currentColor\" stroke-linecap=\"square\" stroke-width=\"2\" d=\"M7.31445 2.13138L12.7061 7.50014L7.31445 12.8689\"\/><\/svg>\t\t\t<\/a>\n\t\t\t<\/div>\n\t\t<\/div>\n\t<\/article>\n\n<\/div><\/section>\n\n<\/div>\t<\/div>\n<\/section>\n<\/div>\n\n<\/div><\/section>\n","protected":false},"excerpt":{"rendered":"","protected":false},"featured_media":92848,"parent":0,"menu_order":0,"comment_status":"closed","ping_status":"closed","template":"","meta":{"_acf_changed":false,"_searchwp_excluded":"","inline_featured_image":false,"_EventAllDay":false,"_EventTimezone":"","_EventStartDate":"","_EventEndDate":"","_EventStartDateUTC":"","_EventEndDateUTC":"","_EventShowMap":false,"_EventShowMapLink":false,"_EventURL":"","_EventCost":"","_EventCostDescription":"","_EventCurrencySymbol":"","_EventCurrencyCode":"","_EventCurrencyPosition":"","_EventDateTimeSeparator":"","_EventTimeRangeSeparator":"","_EventOrganizerID":[],"_EventVenueID":[],"_OrganizerEmail":"","_OrganizerPhone":"","_OrganizerWebsite":"","_VenueAddress":"","_VenueCity":"","_VenueCountry":"","_VenueProvince":"","_VenueState":"","_VenueZip":"","_VenuePhone":"","_VenueURL":"","_VenueStateProvince":"","_VenueLat":"","_VenueLng":"","_VenueShowMap":false,"_VenueShowMapLink":false,"footnotes":""},"class_list":["post-92847","page","type-page","status-publish","has-post-thumbnail","hentry"],"acf":[],"publishpress_future_workflow_manual_trigger":{"enabledWorkflows":[]},"_links":{"self":[{"href":"https:\/\/www.iaff.org\/es\/wp-json\/wp\/v2\/pages\/92847","targetHints":{"allow":["GET"]}}],"collection":[{"href":"https:\/\/www.iaff.org\/es\/wp-json\/wp\/v2\/pages"}],"about":[{"href":"https:\/\/www.iaff.org\/es\/wp-json\/wp\/v2\/types\/page"}],"author":[{"embeddable":true,"href":"https:\/\/www.iaff.org\/es\/wp-json\/wp\/v2\/users\/13"}],"replies":[{"embeddable":true,"href":"https:\/\/www.iaff.org\/es\/wp-json\/wp\/v2\/comments?post=92847"}],"version-history":[{"count":0,"href":"https:\/\/www.iaff.org\/es\/wp-json\/wp\/v2\/pages\/92847\/revisions"}],"wp:featuredmedia":[{"embeddable":true,"href":"https:\/\/www.iaff.org\/es\/wp-json\/wp\/v2\/media\/92848"}],"wp:attachment":[{"href":"https:\/\/www.iaff.org\/es\/wp-json\/wp\/v2\/media?parent=92847"}],"curies":[{"name":"wp","href":"https:\/\/api.w.org\/{rel}","templated":true}]}}