{"id":92167,"date":"2019-05-02T11:18:35","date_gmt":"2019-05-02T15:18:35","guid":{"rendered":"https:\/\/www.iaff.org\/cancer\/"},"modified":"2026-04-27T13:48:44","modified_gmt":"2026-04-27T17:48:44","slug":"cancer","status":"publish","type":"page","link":"https:\/\/www.iaff.org\/es\/cancer\/","title":{"rendered":"C\u00e1ncer"},"content":{"rendered":"<section\n\t class=\"secondary-hero align wp-block-acf-secondary-hero\" id=\"secondary-hero_block_4ddc4e3232d278ce96be1d96bed46a8f\">\n\t\n<header\n\tclass=\"w-full u-bg-full-width px-[22px] md:ps-bleed md:pe-0 py-[60px] bg-blue text-white u-has-rivets\"\n\tdata-theme=\"navy\"\n>\n\t<div class=\"flex flex-col !px-0 !max-w-[1440px] w-full lg:!ps-indent\">\n\t\t<div class=\"border-t-[6px] w-full my-0 flex flex-col md:flex-row gap-x-[62px] gap-y-[22px] border-gold\">\n\t\t\t\t\t\t\t<div class=\"relative grid md:order-last md:w-1\/2 overflow-hidden place-items-center aspect-[157\/105]\">\n\t\t\t\t\t<img decoding=\"async\" width=\"1200\" height=\"800\" src=\"https:\/\/www.iaff.org\/wp-content\/uploads\/2024\/02\/Recruit-fire-academy-car-fire-training_entry-upload-copy-1200x800.jpg\" class=\"absolute object-cover min-w-full h-full\" alt=\"\" srcset=\"https:\/\/www.iaff.org\/wp-content\/uploads\/2024\/02\/Recruit-fire-academy-car-fire-training_entry-upload-copy-1200x800.jpg 1200w, https:\/\/www.iaff.org\/wp-content\/uploads\/2024\/02\/Recruit-fire-academy-car-fire-training_entry-upload-copy-300x200.jpg 300w, https:\/\/www.iaff.org\/wp-content\/uploads\/2024\/02\/Recruit-fire-academy-car-fire-training_entry-upload-copy-1024x683.jpg 1024w, https:\/\/www.iaff.org\/wp-content\/uploads\/2024\/02\/Recruit-fire-academy-car-fire-training_entry-upload-copy-768x512.jpg 768w, https:\/\/www.iaff.org\/wp-content\/uploads\/2024\/02\/Recruit-fire-academy-car-fire-training_entry-upload-copy-1536x1024.jpg 1536w, https:\/\/www.iaff.org\/wp-content\/uploads\/2024\/02\/Recruit-fire-academy-car-fire-training_entry-upload-copy-2048x1365.jpg 2048w, https:\/\/www.iaff.org\/wp-content\/uploads\/2024\/02\/Recruit-fire-academy-car-fire-training_entry-upload-copy-240x160.jpg 240w, https:\/\/www.iaff.org\/wp-content\/uploads\/2024\/02\/Recruit-fire-academy-car-fire-training_entry-upload-copy-1215x810.jpg 1215w\" sizes=\"(max-width: 1200px) 100vw, 1200px\" \/>\t\t\t\t<\/div>\n\t\t\t\t\t\t<div class=\"w-full md:w-1\/2 md:py-[45px]\">\n\t\t\t\t<div class=\"max-w-[600px] flex flex-col gap-[22px]\">\n\t\t\t\t\t\t\t\t\t\t\t<h1 class=\"has-[.u-halftone-shadow--dark]:mb-divider has-[.u-halftone-shadow--light]:mb-divider\">\n\t\t\t\t\t\t\t<span class=\"inline-flex text-heading-200 u-halftone-shadow--light\">\n\t\t\t\t\t\t\t\tC\u00e1ncer laboral \t\t\t\t\t\t\t<\/span>\n\t\t\t\t\t\t<\/h1>\n\t\t\t\t\t\t\t\t\t\t\t\t\t\t\t\t<div class=\"text-body-300 font-sans\">\n\t\t\t\t\t\t\t<p>El c\u00e1ncer ocupacional en bomberos es la principal causa de muerte en acto de servicio en el cuerpo de bomberos.<\/p>\n<p>Explore nuestras medidas proactivas e iniciativas en curso destinadas a salvaguardar la salud y el bienestar de nuestros miembros en los Estados Unidos y Canad\u00e1 frente a esta amenaza urgente.<\/p>\n\t\t\t\t\t\t<\/div>\n\t\t\t\t\t\t\t\t\t\t\t\t\t\t\t\t\t\t\t\t\t\t\t\t<\/div>\n\t\t\t<\/div>\n\n\t\t<\/div>\n\t\t\t\t\t<div class=\"order-first flex justify-start w-full pb-[22px]\">\n\t\t\t\t<div\n\tclass=\"wp-block-button is-style-tertiary text-white is-style-tertiary-back\"\n>\n\t\t\t<a\n\t\t\thref=\"https:\/\/www.iaff.org\/es\/enfermedad-y-lesiones\/\"\n\t\t\tclass=\"wp-block-button__link wp-element-button group\"\n\t\t\t\t\t>\n\t\t\t<span\n\t\t\tclass=\"decoration-transparent underline underline-offset-2 group-hover:decoration-inherit group-focus-visible:decoration-inherit transition duration-hover\"\n\t\t>\n\t\t\tEnfermedad y lesiones\t\t<\/span>\n\n\t\t<span\n\t\t\tclass=\"bg-inherit transition-colors duration-hover group-hover:bg-gold group-focus:bg-gold inline-flex rotate-180 order-first\"\n\t\t>\n\t\t\t<svg xmlns=\"http:\/\/www.w3.org\/2000\/svg\" width=\"21\" height=\"22\" fill=\"none\" viewBox=\"0 0 21 22\"><path stroke=\"currentColor\" stroke-linecap=\"round\" stroke-width=\"2\" d=\"M20 20.75L20 2.25L1.5 2.25L1.5 20.75L20 20.75Z\" clip-rule=\"evenodd\"\/><path stroke=\"currentColor\" stroke-linecap=\"square\" stroke-width=\"2\" d=\"M14.0883 11.5L6.66406 11.5\"\/><path stroke=\"currentColor\" stroke-linecap=\"square\" stroke-width=\"2\" d=\"M11.0723 7.75205L14.8363 11.5L11.0723 15.248\"\/><\/svg>\t\t<\/span>\n\t<\/a><\/div>\n\t\t\t<\/div>\n\t\t\t<\/div>\n<\/header>\n<\/section>\n<section\n\t class=\"page-blocks iaff-page-blocks align wp-block-acf-page-blocks\" id=\"page-blocks_block_43dfc4db423e741b63fa704a600b378a\">\n\t<div class=\"acf-innerblocks-container\">\n<section\n\t class=\"section-header mb-10 align wp-block-acf-section-header\" id=\"section-header_block_9df419917d3d064c53185c03cc902c14\">\n\t<div class=\"\">\n\t<div class=\"flex flex-col md:flex-row justify-between max-w-content gap-x-8 md:items-end flex-wrap\">\n\t\t<h2 class=\"text-heading-200 pb-[2px]\">\n\t\t\tPFAS\t\t<\/h2>\n\n\t\t\t\t\t<div class=\"md:order-last w-full\">\n\t\t\t\t\n\n\t<div class=\"h-divider w-full bg-halftone-divider bg-right\"><\/div>\n\t\t\t<\/div>\n\t\t\n\t\t\t\t\t<div\n\t\t\t\tclass=\"pt-9 md:pt-0 pb-5\"\n\t\t\t>\n\t\t\t\t<div\n\tclass=\"wp-block-button is-style-tertiary inline-flex is-style-tertiary-forward\"\n>\n\t\t\t<a\n\t\t\thref=\"https:\/\/www.iaff.org\/es\/equipo-de-proteccion-y-pfas\/\"\n\t\t\tclass=\"wp-block-button__link wp-element-button group\"\n\t\t\t\t\t\t\ttarget=\"_blank\"\n\t\t\t\trel=\"nofollow noopener\"\n\t\t\t\t\t>\n\t\t\t<span\n\t\t\tclass=\"decoration-transparent underline underline-offset-2 group-hover:decoration-inherit group-focus-visible:decoration-inherit transition duration-hover\"\n\t\t>\n\t\t\tProceder\t\t<\/span>\n\n\t\t<span\n\t\t\tclass=\"bg-inherit transition-colors duration-hover group-hover:bg-gold group-focus:bg-gold inline-flex order-last\"\n\t\t>\n\t\t\t<svg xmlns=\"http:\/\/www.w3.org\/2000\/svg\" width=\"21\" height=\"22\" fill=\"none\" viewBox=\"0 0 21 22\"><path stroke=\"currentColor\" stroke-linecap=\"round\" stroke-width=\"2\" d=\"M20 20.75L20 2.25L1.5 2.25L1.5 20.75L20 20.75Z\" clip-rule=\"evenodd\"\/><path stroke=\"currentColor\" stroke-linecap=\"square\" stroke-width=\"2\" d=\"M14.0883 11.5L6.66406 11.5\"\/><path stroke=\"currentColor\" stroke-linecap=\"square\" stroke-width=\"2\" d=\"M11.0723 7.75205L14.8363 11.5L11.0723 15.248\"\/><\/svg>\t\t<\/span>\n\t<\/a><\/div>\n\t\t\t<\/div>\n\t\t\t<\/div>\n<\/div>\n<\/section>\n\n\n<div class=\"wp-block-paragraph \">\n<p>Las PFAS, o sustancias per y polifluoroalquiladas, son una extensa familia de productos qu\u00edmicos artificiales utilizados en la industria y en productos de consumo a nivel mundial desde la d\u00e9cada de 1950. Las PFAS se emplean en el equipo de protecci\u00f3n de los bomberos y representan una amenaza ocupacional innecesaria. El IAFF est\u00e1 trabajando activamente en nombre de sus miembros para desarrollar equipos de protecci\u00f3n de pr\u00f3xima generaci\u00f3n libres de toxinas.  <\/p>\n<\/div>\n<\/div><\/section>\n<section\n\t class=\"page-blocks iaff-page-blocks align wp-block-acf-page-blocks\" id=\"page-blocks_block_43dfc4db423e741b63fa704a600b378a\">\n\t<div class=\"acf-innerblocks-container\">\n<section\n\t class=\"section-header mb-10 align wp-block-acf-section-header\" id=\"section-header_block_6d564f8abc58ac227cfd79adf6da0518\">\n\t<div class=\"\">\n\t<div class=\"flex flex-col md:flex-row justify-between max-w-content gap-x-8 md:items-end flex-wrap\">\n\t\t<h2 class=\"text-heading-200 pb-[2px]\">\n\t\t\tIniciativa de Salud Presuntiva\t\t<\/h2>\n\n\t\t\t\t\t<div class=\"md:order-last w-full\">\n\t\t\t\t\n\n\t<div class=\"h-divider w-full bg-halftone-divider bg-right\"><\/div>\n\t\t\t<\/div>\n\t\t\n\t\t\t\t\t<div\n\t\t\t\tclass=\"pt-9 md:pt-0 pb-5\"\n\t\t\t>\n\t\t\t\t<div\n\tclass=\"wp-block-button is-style-tertiary inline-flex is-style-tertiary-forward\"\n>\n\t\t\t<a\n\t\t\thref=\"https:\/\/www.iaff.org\/es\/iniciativa-de-salud-presuntiva\/\"\n\t\t\tclass=\"wp-block-button__link wp-element-button group\"\n\t\t\t\t\t\t\ttarget=\"_blank\"\n\t\t\t\trel=\"nofollow noopener\"\n\t\t\t\t\t>\n\t\t\t<span\n\t\t\tclass=\"decoration-transparent underline underline-offset-2 group-hover:decoration-inherit group-focus-visible:decoration-inherit transition duration-hover\"\n\t\t>\n\t\t\tIR\t\t<\/span>\n\n\t\t<span\n\t\t\tclass=\"bg-inherit transition-colors duration-hover group-hover:bg-gold group-focus:bg-gold inline-flex order-last\"\n\t\t>\n\t\t\t<svg xmlns=\"http:\/\/www.w3.org\/2000\/svg\" width=\"21\" height=\"22\" fill=\"none\" viewBox=\"0 0 21 22\"><path stroke=\"currentColor\" stroke-linecap=\"round\" stroke-width=\"2\" d=\"M20 20.75L20 2.25L1.5 2.25L1.5 20.75L20 20.75Z\" clip-rule=\"evenodd\"\/><path stroke=\"currentColor\" stroke-linecap=\"square\" stroke-width=\"2\" d=\"M14.0883 11.5L6.66406 11.5\"\/><path stroke=\"currentColor\" stroke-linecap=\"square\" stroke-width=\"2\" d=\"M11.0723 7.75205L14.8363 11.5L11.0723 15.248\"\/><\/svg>\t\t<\/span>\n\t<\/a><\/div>\n\t\t\t<\/div>\n\t\t\t<\/div>\n<\/div>\n<\/section>\n\n\n<div class=\"wp-block-paragraph \">\n<p>Inf\u00f3rmese sobre los tipos de c\u00e1ncer cubiertos en su estado\/provincia bajo atenci\u00f3n presuntiva, junto con la salud conductual, las enfermedades card\u00edacas, las enfermedades infecciosas y las enfermedades pulmonares.<\/p>\n<\/div>\n<\/div><\/section>\n<section\n\t class=\"page-blocks iaff-page-blocks align wp-block-acf-page-blocks\" id=\"page-blocks_block_43dfc4db423e741b63fa704a600b378a\">\n\t<div class=\"acf-innerblocks-container\">\n<section\n\t class=\"section-header mb-10 align wp-block-acf-section-header\" id=\"section-header_block_b8f96bfbd9017b59e2f4bbd2ccc6f287\">\n\t<div class=\"\">\n\t<div class=\"flex flex-col md:flex-row justify-between max-w-content gap-x-8 md:items-end flex-wrap\">\n\t\t<h2 class=\"text-heading-200 pb-[2px]\">\n\t\t\tMes de Concientizaci\u00f3n sobre el C\u00e1ncer en Bomberos\t\t<\/h2>\n\n\t\t\t\t\t<div class=\"md:order-last w-full\">\n\t\t\t\t\n\n\t<div class=\"h-divider w-full bg-halftone-divider bg-right\"><\/div>\n\t\t\t<\/div>\n\t\t\n\t\t\t\t\t<div\n\t\t\t\tclass=\"pt-9 md:pt-0 pb-5\"\n\t\t\t>\n\t\t\t\t<div\n\tclass=\"wp-block-button is-style-tertiary inline-flex is-style-tertiary-forward\"\n>\n\t\t\t<a\n\t\t\thref=\"https:\/\/www.iaff.org\/es\/mes-de-concientizacion-sobre-el-cancer-en-bomberos\/\"\n\t\t\tclass=\"wp-block-button__link wp-element-button group\"\n\t\t\t\t\t\t\ttarget=\"_blank\"\n\t\t\t\trel=\"nofollow noopener\"\n\t\t\t\t\t>\n\t\t\t<span\n\t\t\tclass=\"decoration-transparent underline underline-offset-2 group-hover:decoration-inherit group-focus-visible:decoration-inherit transition duration-hover\"\n\t\t>\n\t\t\tProceder\t\t<\/span>\n\n\t\t<span\n\t\t\tclass=\"bg-inherit transition-colors duration-hover group-hover:bg-gold group-focus:bg-gold inline-flex order-last\"\n\t\t>\n\t\t\t<svg xmlns=\"http:\/\/www.w3.org\/2000\/svg\" width=\"21\" height=\"22\" fill=\"none\" viewBox=\"0 0 21 22\"><path stroke=\"currentColor\" stroke-linecap=\"round\" stroke-width=\"2\" d=\"M20 20.75L20 2.25L1.5 2.25L1.5 20.75L20 20.75Z\" clip-rule=\"evenodd\"\/><path stroke=\"currentColor\" stroke-linecap=\"square\" stroke-width=\"2\" d=\"M14.0883 11.5L6.66406 11.5\"\/><path stroke=\"currentColor\" stroke-linecap=\"square\" stroke-width=\"2\" d=\"M11.0723 7.75205L14.8363 11.5L11.0723 15.248\"\/><\/svg>\t\t<\/span>\n\t<\/a><\/div>\n\t\t\t<\/div>\n\t\t\t<\/div>\n<\/div>\n<\/section>\n\n\n<div class=\"wp-block-paragraph \">\n<p>En colaboraci\u00f3n con la <a href=\"https:\/\/firefightercancersupport.org\/\" target=\"_blank\" rel=\"noopener\">Red de Apoyo contra el C\u00e1ncer en Bomberos (FCSN)<\/a>, el IAFF ha designado enero como el <strong>Mes de Concientizaci\u00f3n sobre el C\u00e1ncer en Bomberos<\/strong> para proporcionar a los bomberos las herramientas y orientaci\u00f3n necesarias para desarrollar protocolos que salven vidas en la prevenci\u00f3n del c\u00e1ncer y para apoyar a aquellos con un diagn\u00f3stico de c\u00e1ncer dentro de sus departamentos.<\/p>\n<\/div>\n<\/div><\/section>\n<section\n\t class=\"page-blocks iaff-page-blocks align wp-block-acf-page-blocks\" id=\"page-blocks_block_43dfc4db423e741b63fa704a600b378a\">\n\t<div class=\"acf-innerblocks-container\">\n<section\n\t class=\"section-header mb-10 align wp-block-acf-section-header\" id=\"section-header_block_93de3260371042eacffc487e9047a71b\">\n\t<div class=\"\">\n\t<div class=\"flex flex-col md:flex-row justify-between max-w-content gap-x-8 md:items-end flex-wrap\">\n\t\t<h2 class=\"text-heading-200 pb-[2px]\">\n\t\t\tCursos de concienciaci\u00f3n sobre el c\u00e1ncer\t\t<\/h2>\n\n\t\t\t\t\t<div class=\"md:order-last w-full\">\n\t\t\t\t\n\n\t<div class=\"h-divider w-full bg-halftone-divider bg-right\"><\/div>\n\t\t\t<\/div>\n\t\t\n\t\t\t<\/div>\n<\/div>\n<\/section>\n\n\n<div class=\"wp-block-paragraph \">\n<p><strong>El c\u00e1ncer en el servicio de bomberos: Fundamentos<\/strong> proporciona informaci\u00f3n sobre c\u00f3mo reconocer los signos y s\u00edntomas del c\u00e1ncer, buscar la detecci\u00f3n y el tratamiento tempranos, y apoyar a los bomberos a los que se les ha diagnosticado. Este curso gratuito de aprendizaje electr\u00f3nico de 30 minutos est\u00e1 disponible en ingl\u00e9s y en franc\u00e9s.<\/p>\n<\/div>\n\n<div class=\"wp-block-paragraph \">\n<p><a href=\"https:\/\/my.iaff.org\/web\/events\/Event_display.aspx?EventKey=LMS_120\" target=\"_blank\" data-type=\"link\" data-id=\"https:\/\/my.iaff.org\/web\/events\/Event_display.aspx?EventKey=LMS_120\" rel=\"noreferrer noopener\">Inscr\u00edbase en ingl\u00e9s<\/a> <br\/><a href=\"https:\/\/my.iaff.org\/web\/events\/Event_display.aspx?EventKey=LMS_124\" target=\"_blank\" data-type=\"link\" data-id=\"https:\/\/my.iaff.org\/web\/events\/Event_display.aspx?EventKey=LMS_124\" rel=\"noreferrer noopener\">Inscr\u00edbase en franc\u00e9s<\/a><\/p>\n<\/div>\n\n<div class=\"wp-block-paragraph \">\n<p><strong>El c\u00e1ncer en el servicio de bomberos: comprensi\u00f3n de los riesgos laborales<\/strong> es un curso en l\u00ednea gratuito de tres horas que ofrece una visi\u00f3n en profundidad del c\u00e1ncer laboral en el servicio de bomberos, incluidas las v\u00edas de exposici\u00f3n, los carcin\u00f3genos comunes y las mejores pr\u00e1cticas para reducir el riesgo. <br\/><br\/><a href=\"https:\/\/my.iaff.org\/Web\/Events\/Event_Display.aspx?EventKey=LMS_130&amp;WebsiteKey=7403ace1-c45e-4dbc-b9cd-d5803a7d91da&amp;utm\" data-type=\"link\" data-id=\"https:\/\/my.iaff.org\/Web\/Events\/Event_Display.aspx?EventKey=LMS_130&amp;WebsiteKey=7403ace1-c45e-4dbc-b9cd-d5803a7d91da&amp;utm\" target=\"_blank\" rel=\"noreferrer noopener\">Inscr\u00edbase en ingl\u00e9s<\/a><br\/><a href=\"https:\/\/my.iaff.org\/Web\/Events\/Event_Display.aspx?EventKey=LMS_131\" data-type=\"link\" data-id=\"https:\/\/my.iaff.org\/Web\/Events\/Event_Display.aspx?EventKey=LMS_131\" target=\"_blank\" rel=\"noreferrer noopener\">Inscr\u00edbase en franc\u00e9s<\/a><\/p>\n<\/div>\n<\/div><\/section>\n<section\n\t class=\"page-blocks iaff-page-blocks align wp-block-acf-page-blocks\" id=\"page-blocks_block_43dfc4db423e741b63fa704a600b378a\">\n\t<div class=\"acf-innerblocks-container\">\n<section\n\t class=\"section-header mb-10 align wp-block-acf-section-header\" id=\"section-header_block_1cf856374810b540aebd2c59fa9a61e8\">\n\t<div class=\"\">\n\t<div class=\"flex flex-col md:flex-row justify-between max-w-content gap-x-8 md:items-end flex-wrap\">\n\t\t<h2 class=\"text-heading-200 pb-[2px]\">\n\t\t\tQu\u00e9 hacer despu\u00e9s de un diagn\u00f3stico de c\u00e1ncer\t\t<\/h2>\n\n\t\t\t\t\t<div class=\"md:order-last w-full\">\n\t\t\t\t\n\n\t<div class=\"h-divider w-full bg-halftone-divider bg-right\"><\/div>\n\t\t\t<\/div>\n\t\t\n\t\t\t\t\t<div\n\t\t\t\tclass=\"pt-9 md:pt-0 pb-5\"\n\t\t\t>\n\t\t\t\t<div\n\tclass=\"wp-block-button is-style-tertiary inline-flex is-style-tertiary-forward\"\n>\n\t\t\t<a href=\"https:\/\/www.iaff.org\/es\/cancer\/que-hacer-despues-de-un-diagnostico-de-cancer\/\" class=\"wp-block-button__link wp-element-button group\" target=\"_blank\" rel=\"nofollow noopener\">\n\t\t\t<span\n\t\t\tclass=\"decoration-transparent underline underline-offset-2 group-hover:decoration-inherit group-focus-visible:decoration-inherit transition duration-hover\"\n\t\t>\n\t\t\tIR\t\t<\/span>\n\n\t\t<span\n\t\t\tclass=\"bg-inherit transition-colors duration-hover group-hover:bg-gold group-focus:bg-gold inline-flex order-last\"\n\t\t>\n\t\t\t<svg xmlns=\"http:\/\/www.w3.org\/2000\/svg\" width=\"21\" height=\"22\" fill=\"none\" viewBox=\"0 0 21 22\"><path stroke=\"currentColor\" stroke-linecap=\"round\" stroke-width=\"2\" d=\"M20 20.75L20 2.25L1.5 2.25L1.5 20.75L20 20.75Z\" clip-rule=\"evenodd\"\/><path stroke=\"currentColor\" stroke-linecap=\"square\" stroke-width=\"2\" d=\"M14.0883 11.5L6.66406 11.5\"\/><path stroke=\"currentColor\" stroke-linecap=\"square\" stroke-width=\"2\" d=\"M11.0723 7.75205L14.8363 11.5L11.0723 15.248\"\/><\/svg>\t\t<\/span>\n\t<\/a><\/div>\n\t\t\t<\/div>\n\t\t\t<\/div>\n<\/div>\n<\/section>\n\n\n<div class=\"wp-block-paragraph \">\n<p>Ser diagnosticado con c\u00e1ncer es una experiencia abrumadora, ya que se convierte en el punto focal de su vida por un per\u00edodo indeterminado. Navegar por este proceso puede ser dif\u00edcil, y es com\u00fan experimentar sentimientos de depresi\u00f3n, ansiedad y miedo. Aqu\u00ed hay algunos recursos para apoyarle a usted o a un ser querido durante un diagn\u00f3stico de c\u00e1ncer.  <\/p>\n<\/div>\n<\/div><\/section>\n<section\n\t class=\"page-blocks iaff-page-blocks align wp-block-acf-page-blocks\" id=\"page-blocks_block_43dfc4db423e741b63fa704a600b378a\">\n\t<div class=\"acf-innerblocks-container\">\n<section\n\t class=\"section-header mb-10 align wp-block-acf-section-header\" id=\"section-header_block_b5d175eaaedce7c3364fd40c1a7cd8ba\">\n\t<div class=\"\">\n\t<div class=\"flex flex-col md:flex-row justify-between max-w-content gap-x-8 md:items-end flex-wrap\">\n\t\t<h2 class=\"text-heading-200 pb-[2px]\">\n\t\t\tSociedad Americana del C\u00e1ncer\t\t<\/h2>\n\n\t\t\t\t\t<div class=\"md:order-last w-full\">\n\t\t\t\t\n\n\t<div class=\"h-divider w-full bg-halftone-divider bg-right\"><\/div>\n\t\t\t<\/div>\n\t\t\n\t\t\t\t\t<div\n\t\t\t\tclass=\"pt-9 md:pt-0 pb-5\"\n\t\t\t>\n\t\t\t\t<div\n\tclass=\"wp-block-button is-style-tertiary inline-flex is-style-tertiary-forward\"\n>\n\t\t\t<a href=\"https:\/\/www.iaff.org\/es\/iaff%e2%94%82sociedad-americana-del-cancer\/\" class=\"wp-block-button__link wp-element-button group\" target=\"_blank\" rel=\"nofollow noopener\">\n\t\t\t<span\n\t\t\tclass=\"decoration-transparent underline underline-offset-2 group-hover:decoration-inherit group-focus-visible:decoration-inherit transition duration-hover\"\n\t\t>\n\t\t\tProceder\t\t<\/span>\n\n\t\t<span\n\t\t\tclass=\"bg-inherit transition-colors duration-hover group-hover:bg-gold group-focus:bg-gold inline-flex order-last\"\n\t\t>\n\t\t\t<svg xmlns=\"http:\/\/www.w3.org\/2000\/svg\" width=\"21\" height=\"22\" fill=\"none\" viewBox=\"0 0 21 22\"><path stroke=\"currentColor\" stroke-linecap=\"round\" stroke-width=\"2\" d=\"M20 20.75L20 2.25L1.5 2.25L1.5 20.75L20 20.75Z\" clip-rule=\"evenodd\"\/><path stroke=\"currentColor\" stroke-linecap=\"square\" stroke-width=\"2\" d=\"M14.0883 11.5L6.66406 11.5\"\/><path stroke=\"currentColor\" stroke-linecap=\"square\" stroke-width=\"2\" d=\"M11.0723 7.75205L14.8363 11.5L11.0723 15.248\"\/><\/svg>\t\t<\/span>\n\t<\/a><\/div>\n\t\t\t<\/div>\n\t\t\t<\/div>\n<\/div>\n<\/section>\n\n\n<div class=\"wp-block-paragraph \">\n<p>Como parte de un deseo mutuo de ayudar a los bomberos y al personal de emergencias m\u00e9dicas afectados por el c\u00e1ncer, la Sociedad Americana contra el C\u00e1ncer (ACS) y la International Association of Fire Fighters est\u00e1n trabajando juntos para luchar contra el c\u00e1ncer en el servicio de bomberos.<\/p>\n<\/div>\n\n<div class=\"wp-block-paragraph \">\n<p>La colaboraci\u00f3n entre el IAFF y la ACS proporcionar\u00e1 nuevos recursos, herramientas y t\u00e9cnicas de prevenci\u00f3n para ayudar a proteger a los bomberos con la esperanza de prevenir futuras enfermedades, mientras se proporcionan servicios cr\u00edticos de apoyo a pacientes en todo el pa\u00eds para mejorar la calidad de vida de los bomberos que viven con c\u00e1ncer y se aboga por un mejor acceso a la atenci\u00f3n.<\/p>\n<\/div>\n<\/div><\/section>\n<section\n\t class=\"page-blocks iaff-page-blocks align wp-block-acf-page-blocks\" id=\"page-blocks_block_43dfc4db423e741b63fa704a600b378a\">\n\t<div class=\"acf-innerblocks-container\">\n<section\n\t class=\"section-header mb-10 align wp-block-acf-section-header\" id=\"section-header_block_5e57ce4b39fbc6dbfc54120915038b00\">\n\t<div class=\"\">\n\t<div class=\"flex flex-col md:flex-row justify-between max-w-content gap-x-8 md:items-end flex-wrap\">\n\t\t<h2 class=\"text-heading-200 pb-[2px]\">\n\t\t\tEstudio sobre el C\u00e1ncer en Bomberos del NIOSH\t\t<\/h2>\n\n\t\t\t\t\t<div class=\"md:order-last w-full\">\n\t\t\t\t\n\n\t<div class=\"h-divider w-full bg-halftone-divider bg-right\"><\/div>\n\t\t\t<\/div>\n\t\t\n\t\t\t\t\t<div\n\t\t\t\tclass=\"pt-9 md:pt-0 pb-5\"\n\t\t\t>\n\t\t\t\t<div\n\tclass=\"wp-block-button is-style-tertiary inline-flex is-style-tertiary-forward\"\n>\n\t\t\t<a href=\"https:\/\/www.cdc.gov\/niosh\/centers\/firefighter-safety-and-health.html#cdc_program_profile_overview-overview\" class=\"wp-block-button__link wp-element-button group\" target=\"_blank\" rel=\"nofollow noopener\">\n\t\t\t<span\n\t\t\tclass=\"decoration-transparent underline underline-offset-2 group-hover:decoration-inherit group-focus-visible:decoration-inherit transition duration-hover\"\n\t\t>\n\t\t\tProceder\t\t<\/span>\n\n\t\t<span\n\t\t\tclass=\"bg-inherit transition-colors duration-hover group-hover:bg-gold group-focus:bg-gold inline-flex order-last\"\n\t\t>\n\t\t\t<svg xmlns=\"http:\/\/www.w3.org\/2000\/svg\" width=\"21\" height=\"22\" fill=\"none\" viewBox=\"0 0 21 22\"><path stroke=\"currentColor\" stroke-linecap=\"round\" stroke-width=\"2\" d=\"M20 20.75L20 2.25L1.5 2.25L1.5 20.75L20 20.75Z\" clip-rule=\"evenodd\"\/><path stroke=\"currentColor\" stroke-linecap=\"square\" stroke-width=\"2\" d=\"M14.0883 11.5L6.66406 11.5\"\/><path stroke=\"currentColor\" stroke-linecap=\"square\" stroke-width=\"2\" d=\"M11.0723 7.75205L14.8363 11.5L11.0723 15.248\"\/><\/svg>\t\t<\/span>\n\t<\/a><\/div>\n\t\t\t<\/div>\n\t\t\t<\/div>\n<\/div>\n<\/section>\n\n\n<div class=\"wp-block-paragraph \">\n<p>En 2010, los investigadores del Instituto Nacional para la Seguridad y Salud Ocupacional (NIOSH) del Centro para el Control de Enfermedades (CDC), con asistencia financiera de la Administraci\u00f3n de Bomberos de EE. UU., iniciaron un estudio de varios a\u00f1os para examinar si los bomberos tienen un mayor riesgo de c\u00e1ncer y otras causas de muerte debido a exposiciones laborales. El estudio fue dise\u00f1ado para abordar las limitaciones de investigaciones previas sobre el c\u00e1ncer en bomberos. <\/p>\n<\/div>\n<\/div><\/section>\n<section\n\t class=\"page-blocks iaff-page-blocks align wp-block-acf-page-blocks\" id=\"page-blocks_block_43dfc4db423e741b63fa704a600b378a\">\n\t<div class=\"acf-innerblocks-container\">\n<section\n\t class=\"section-header mb-10 align wp-block-acf-section-header\" id=\"section-header_block_c95cca3f8a91b382989ac52785deb861\">\n\t<div class=\"\">\n\t<div class=\"flex flex-col md:flex-row justify-between max-w-content gap-x-8 md:items-end flex-wrap\">\n\t\t<h2 class=\"text-heading-200 pb-[2px]\">\n\t\t\tRegistro Nacional de Bomberos\t\t<\/h2>\n\n\t\t\t\t\t<div class=\"md:order-last w-full\">\n\t\t\t\t\n\n\t<div class=\"h-divider w-full bg-halftone-divider bg-right\"><\/div>\n\t\t\t<\/div>\n\t\t\n\t\t\t\t\t<div\n\t\t\t\tclass=\"pt-9 md:pt-0 pb-5\"\n\t\t\t>\n\t\t\t\t<div\n\tclass=\"wp-block-button is-style-tertiary inline-flex is-style-tertiary-forward\"\n>\n\t\t\t<a href=\"https:\/\/www.iaff.org\/es\/cancer\/registro-nacional-de-bomberos-para-el-cancer\/\" class=\"wp-block-button__link wp-element-button group\" target=\"_blank\" rel=\"nofollow noopener\">\n\t\t\t<span\n\t\t\tclass=\"decoration-transparent underline underline-offset-2 group-hover:decoration-inherit group-focus-visible:decoration-inherit transition duration-hover\"\n\t\t>\n\t\t\tProceder\t\t<\/span>\n\n\t\t<span\n\t\t\tclass=\"bg-inherit transition-colors duration-hover group-hover:bg-gold group-focus:bg-gold inline-flex order-last\"\n\t\t>\n\t\t\t<svg xmlns=\"http:\/\/www.w3.org\/2000\/svg\" width=\"21\" height=\"22\" fill=\"none\" viewBox=\"0 0 21 22\"><path stroke=\"currentColor\" stroke-linecap=\"round\" stroke-width=\"2\" d=\"M20 20.75L20 2.25L1.5 2.25L1.5 20.75L20 20.75Z\" clip-rule=\"evenodd\"\/><path stroke=\"currentColor\" stroke-linecap=\"square\" stroke-width=\"2\" d=\"M14.0883 11.5L6.66406 11.5\"\/><path stroke=\"currentColor\" stroke-linecap=\"square\" stroke-width=\"2\" d=\"M11.0723 7.75205L14.8363 11.5L11.0723 15.248\"\/><\/svg>\t\t<\/span>\n\t<\/a><\/div>\n\t\t\t<\/div>\n\t\t\t<\/div>\n<\/div>\n<\/section>\n\n\n<div class=\"wp-block-paragraph \">\n<p>Tras la aprobaci\u00f3n de la Ley del Registro de C\u00e1ncer en Bomberos en julio de 2018, los Centros para el Control de Enfermedades (CDC) tienen ahora la directiva de recopilar datos detallados sobre el c\u00e1ncer en bomberos. El objetivo final del registro es comprender mejor el v\u00ednculo entre las exposiciones en el lugar de trabajo y el c\u00e1ncer entre los bomberos, con el potencial de proporcionar una mejor comprensi\u00f3n del riesgo de c\u00e1ncer entre las poblaciones subrepresentadas de bomberos. <\/p>\n<\/div>\n\n<section class=\"bg-halftone-dark u-bg-full-right\"\n\t class=\"latest-posts-section flex align wp-block-acf-latest-posts-section\" id=\"latest-posts-section_block_42d1b3180a4d5a631fd9643c74638808\">\n\t<div class=\"relative w-full order-first px-[22px] pt-16 pb-[96px] md:pb-20 md:pt-11 md:px-[70px] bg-recent-news-overlay text-white\">\n\t\t\t\t\t<header class=\"flex justify-between items-center max-w-content pt-4 pb-[58px]\">\n\t\t\t\t<h2 class=\"text-heading-200 relative u-halftone-shadow--above before:-translate-y-4\">\n\t\t\t\t\tNoticias recientes sobre c\u00e1ncer\t\t\t\t<\/h2>\n\t\t\t\t\t\t\t<\/header>\n\t\t\n\t\t\t\t\t\t\t<ul class=\"grid grid-cols-1 md:grid-cols-3 gap-[50px] md:gap-[34px]\">\n\t\t\t\t\t\t\t\t\t\t\t\t\t\t<li class=\"list-none grid grid-cols-1 h-full\">\n\t\t\t\t\t\t<a href=\"https:\/\/www.iaff.org\/es\/news\/en-recuerdo-de-james-jim-otoole-presidente-del-local-1075-de-st-johns-nl\/\" class=\"group no-underline md:grid md:grid-cols-subgrid md:grid-rows-[max-content,1fr] track-latest-posts-article cursor-pointer\">\n\t\t\t\t\t\t\t<div>\n\t\t\t\t\t\t\t\t\t\t\t\t\t\t\t\t\t<figure class=\"relative bg-smoke overflow-hidden aspect-video\">\n\t\t\t\t\t\t\t\t\t\t<img decoding=\"async\" width=\"1083\" height=\"815\" src=\"https:\/\/www.iaff.org\/wp-content\/uploads\/2026\/04\/JimOToole-e1777387151121.jpg\" class=\"grayscale transition duration-hover group-hover:grayscale-0 mix-blend-exclusion w-full h-full object-cover max-h-full wp-post-image\" alt=\"\" \/>\t\t\t\t\t\t\t\t\t<\/figure>\n\t\t\t\t\t\t\t\t\n\t\t\t\t\t\t\t\t<div class=\"bg-halftone-divider h-divider bg-blend-exclusion mb-5\"\n\t\t\t\t\t\t\t\t\t role=\"presentation\"><\/div>\n\t\t\t\t\t\t\t<\/div>\n\n\t\t\t\t\t\t\t<div class=\"flex flex-col gap-[14px] relative\">\n\t\t\t\t\t\t\t\t<h3 class=\"text-heading-400 font-serif\">\n\t\t\t\t\t\t\t\t\tEn recuerdo de James \u201cJim\u201d O\u2019Toole, presidente del Local 1075 de St. John\u2019s, NL\t\t\t\t\t\t\t\t<\/h3>\n\n\t\t\t\t\t\t\t\t<div class=\"order-first text-label-100\">\n\t\t\t\t\t\t\t\t\tabril 28 \u2022 2026\t\t\t\t\t\t\t\t<\/div>\n\n\t\t\t\t\t\t\t\t<div class=\"md:mt-auto\">\n\t\t\t\t\t\t\t\t\t<!-- Renders the same as core\/button with a specific style -->\n\t<div>\n\t\t\t\t\t<div\n\t\t\t\tclass=\"inline-flex gap-[16px] items-center text-inherit text-button-300 decoration-transparent underline underline-offset-2 transition-colors duration-hover group-hover:decoration-current group-focus-visible:decoration-current mt-4 text-white\"\n\t\t\t>\n\t\t\t\t<span>\n\t\t\t\t\tLeer art\u00edculo\t\t\t\t<\/span>\n\t\t\t\t<svg xmlns=\"http:\/\/www.w3.org\/2000\/svg\" width=\"15\" height=\"15\" fill=\"none\" viewBox=\"0 0 15 15\"><path stroke=\"currentColor\" stroke-linecap=\"square\" stroke-width=\"2\" d=\"M11.6347 7.49976L1 7.49976\"\/><path stroke=\"currentColor\" stroke-linecap=\"square\" stroke-width=\"2\" d=\"M7.31445 2.13138L12.7061 7.50014L7.31445 12.8689\"\/><\/svg>\t\t\t<\/div>\n\t\t\t<\/div>\n\t\t\t\t\t\t\t\t<\/div>\n\t\t\t\t\t\t\t<\/div>\n\t\t\t\t\t\t<\/a>\n\t\t\t\t\t<\/li>\n\t\t\t\t\t\t\t\t\t\t\t\t\t\t<li class=\"list-none grid grid-cols-1 h-full\">\n\t\t\t\t\t\t<a href=\"https:\/\/www.iaff.org\/es\/news\/los-bomberos-de-nuevo-mexico-refuerzan-la-presuncion-de-cancer-con-el-apoyo-de-la-aib\/\" class=\"group no-underline md:grid md:grid-cols-subgrid md:grid-rows-[max-content,1fr] track-latest-posts-article cursor-pointer\">\n\t\t\t\t\t\t\t<div>\n\t\t\t\t\t\t\t\t\t\t\t\t\t\t\t\t\t<figure class=\"relative bg-smoke overflow-hidden aspect-video\">\n\t\t\t\t\t\t\t\t\t\t<img decoding=\"async\" width=\"1982\" height=\"1322\" src=\"https:\/\/www.iaff.org\/wp-content\/uploads\/2026\/03\/646388139_1252084073690993_3666282462080566025_n-Firefly-Upscaler-2x-scale-copy-e1773333878102.jpg\" class=\"grayscale transition duration-hover group-hover:grayscale-0 mix-blend-exclusion w-full h-full object-cover max-h-full wp-post-image\" alt=\"\" \/>\t\t\t\t\t\t\t\t\t<\/figure>\n\t\t\t\t\t\t\t\t\n\t\t\t\t\t\t\t\t<div class=\"bg-halftone-divider h-divider bg-blend-exclusion mb-5\"\n\t\t\t\t\t\t\t\t\t role=\"presentation\"><\/div>\n\t\t\t\t\t\t\t<\/div>\n\n\t\t\t\t\t\t\t<div class=\"flex flex-col gap-[14px] relative\">\n\t\t\t\t\t\t\t\t<h3 class=\"text-heading-400 font-serif\">\n\t\t\t\t\t\t\t\t\tLos bomberos de Nuevo M\u00e9xico refuerzan la presunci\u00f3n de c\u00e1ncer con el apoyo de la AIB\t\t\t\t\t\t\t\t<\/h3>\n\n\t\t\t\t\t\t\t\t<div class=\"order-first text-label-100\">\n\t\t\t\t\t\t\t\t\tmarzo 12 \u2022 2026\t\t\t\t\t\t\t\t<\/div>\n\n\t\t\t\t\t\t\t\t<div class=\"md:mt-auto\">\n\t\t\t\t\t\t\t\t\t<!-- Renders the same as core\/button with a specific style -->\n\t<div>\n\t\t\t\t\t<div\n\t\t\t\tclass=\"inline-flex gap-[16px] items-center text-inherit text-button-300 decoration-transparent underline underline-offset-2 transition-colors duration-hover group-hover:decoration-current group-focus-visible:decoration-current mt-4 text-white\"\n\t\t\t>\n\t\t\t\t<span>\n\t\t\t\t\tLeer art\u00edculo\t\t\t\t<\/span>\n\t\t\t\t<svg xmlns=\"http:\/\/www.w3.org\/2000\/svg\" width=\"15\" height=\"15\" fill=\"none\" viewBox=\"0 0 15 15\"><path stroke=\"currentColor\" stroke-linecap=\"square\" stroke-width=\"2\" d=\"M11.6347 7.49976L1 7.49976\"\/><path stroke=\"currentColor\" stroke-linecap=\"square\" stroke-width=\"2\" d=\"M7.31445 2.13138L12.7061 7.50014L7.31445 12.8689\"\/><\/svg>\t\t\t<\/div>\n\t\t\t<\/div>\n\t\t\t\t\t\t\t\t<\/div>\n\t\t\t\t\t\t\t<\/div>\n\t\t\t\t\t\t<\/a>\n\t\t\t\t\t<\/li>\n\t\t\t\t\t\t\t\t\t\t\t\t\t\t<li class=\"list-none grid grid-cols-1 h-full\">\n\t\t\t\t\t\t<a href=\"https:\/\/www.iaff.org\/es\/news\/columbia-britanica-anade-ocho-tipos-de-cancer-a-la-ley-de-cobertura-presuntiva-para-bomberos\/\" class=\"group no-underline md:grid md:grid-cols-subgrid md:grid-rows-[max-content,1fr] track-latest-posts-article cursor-pointer\">\n\t\t\t\t\t\t\t<div>\n\t\t\t\t\t\t\t\t\t\t\t\t\t\t\t\t\t<figure class=\"relative bg-smoke overflow-hidden aspect-video\">\n\t\t\t\t\t\t\t\t\t\t<img decoding=\"async\" width=\"1000\" height=\"667\" src=\"https:\/\/www.iaff.org\/wp-content\/uploads\/2026\/03\/Local-256-labour-Minister-BCPFFA-President-Local-1782.jpg\" class=\"grayscale transition duration-hover group-hover:grayscale-0 mix-blend-exclusion w-full h-full object-cover max-h-full wp-post-image\" alt=\"\" srcset=\"https:\/\/www.iaff.org\/wp-content\/uploads\/2026\/03\/Local-256-labour-Minister-BCPFFA-President-Local-1782.jpg 1000w, https:\/\/www.iaff.org\/wp-content\/uploads\/2026\/03\/Local-256-labour-Minister-BCPFFA-President-Local-1782-300x200.jpg 300w, https:\/\/www.iaff.org\/wp-content\/uploads\/2026\/03\/Local-256-labour-Minister-BCPFFA-President-Local-1782-768x512.jpg 768w, https:\/\/www.iaff.org\/wp-content\/uploads\/2026\/03\/Local-256-labour-Minister-BCPFFA-President-Local-1782-240x160.jpg 240w\" sizes=\"(max-width: 1000px) 100vw, 1000px\" \/>\t\t\t\t\t\t\t\t\t<\/figure>\n\t\t\t\t\t\t\t\t\n\t\t\t\t\t\t\t\t<div class=\"bg-halftone-divider h-divider bg-blend-exclusion mb-5\"\n\t\t\t\t\t\t\t\t\t role=\"presentation\"><\/div>\n\t\t\t\t\t\t\t<\/div>\n\n\t\t\t\t\t\t\t<div class=\"flex flex-col gap-[14px] relative\">\n\t\t\t\t\t\t\t\t<h3 class=\"text-heading-400 font-serif\">\n\t\t\t\t\t\t\t\t\tColumbia Brit\u00e1nica a\u00f1ade ocho tipos de c\u00e1ncer a la ley de cobertura presuntiva para bomberos\t\t\t\t\t\t\t\t<\/h3>\n\n\t\t\t\t\t\t\t\t<div class=\"order-first text-label-100\">\n\t\t\t\t\t\t\t\t\tmarzo 4 \u2022 2026\t\t\t\t\t\t\t\t<\/div>\n\n\t\t\t\t\t\t\t\t<div class=\"md:mt-auto\">\n\t\t\t\t\t\t\t\t\t<!-- Renders the same as core\/button with a specific style -->\n\t<div>\n\t\t\t\t\t<div\n\t\t\t\tclass=\"inline-flex gap-[16px] items-center text-inherit text-button-300 decoration-transparent underline underline-offset-2 transition-colors duration-hover group-hover:decoration-current group-focus-visible:decoration-current mt-4 text-white\"\n\t\t\t>\n\t\t\t\t<span>\n\t\t\t\t\tLeer art\u00edculo\t\t\t\t<\/span>\n\t\t\t\t<svg xmlns=\"http:\/\/www.w3.org\/2000\/svg\" width=\"15\" height=\"15\" fill=\"none\" viewBox=\"0 0 15 15\"><path stroke=\"currentColor\" stroke-linecap=\"square\" stroke-width=\"2\" d=\"M11.6347 7.49976L1 7.49976\"\/><path stroke=\"currentColor\" stroke-linecap=\"square\" stroke-width=\"2\" d=\"M7.31445 2.13138L12.7061 7.50014L7.31445 12.8689\"\/><\/svg>\t\t\t<\/div>\n\t\t\t<\/div>\n\t\t\t\t\t\t\t\t<\/div>\n\t\t\t\t\t\t\t<\/div>\n\t\t\t\t\t\t<\/a>\n\t\t\t\t\t<\/li>\n\t\t\t\t\t\t\t<\/ul>\n\t\t\n\t\t<div class=\"w-full flex flex-col\">\n\t\t\t\t\t<\/div>\n\t<\/div>\n<\/section>\n\n<\/div><\/section>\n","protected":false},"excerpt":{"rendered":"","protected":false},"featured_media":92168,"parent":0,"menu_order":0,"comment_status":"closed","ping_status":"closed","template":"","meta":{"_acf_changed":false,"_searchwp_excluded":"","inline_featured_image":false,"_EventAllDay":false,"_EventTimezone":"","_EventStartDate":"","_EventEndDate":"","_EventStartDateUTC":"","_EventEndDateUTC":"","_EventShowMap":false,"_EventShowMapLink":false,"_EventURL":"","_EventCost":"","_EventCostDescription":"","_EventCurrencySymbol":"","_EventCurrencyCode":"","_EventCurrencyPosition":"","_EventDateTimeSeparator":"","_EventTimeRangeSeparator":"","_EventOrganizerID":[],"_EventVenueID":[],"_OrganizerEmail":"","_OrganizerPhone":"","_OrganizerWebsite":"","_VenueAddress":"","_VenueCity":"","_VenueCountry":"","_VenueProvince":"","_VenueState":"","_VenueZip":"","_VenuePhone":"","_VenueURL":"","_VenueStateProvince":"","_VenueLat":"","_VenueLng":"","_VenueShowMap":false,"_VenueShowMapLink":false,"footnotes":""},"class_list":["post-92167","page","type-page","status-publish","has-post-thumbnail","hentry"],"acf":[],"publishpress_future_workflow_manual_trigger":{"enabledWorkflows":[]},"_links":{"self":[{"href":"https:\/\/www.iaff.org\/es\/wp-json\/wp\/v2\/pages\/92167","targetHints":{"allow":["GET"]}}],"collection":[{"href":"https:\/\/www.iaff.org\/es\/wp-json\/wp\/v2\/pages"}],"about":[{"href":"https:\/\/www.iaff.org\/es\/wp-json\/wp\/v2\/types\/page"}],"author":[{"embeddable":true,"href":"https:\/\/www.iaff.org\/es\/wp-json\/wp\/v2\/users\/5"}],"replies":[{"embeddable":true,"href":"https:\/\/www.iaff.org\/es\/wp-json\/wp\/v2\/comments?post=92167"}],"version-history":[{"count":1,"href":"https:\/\/www.iaff.org\/es\/wp-json\/wp\/v2\/pages\/92167\/revisions"}],"predecessor-version":[{"id":125067,"href":"https:\/\/www.iaff.org\/es\/wp-json\/wp\/v2\/pages\/92167\/revisions\/125067"}],"wp:featuredmedia":[{"embeddable":true,"href":"https:\/\/www.iaff.org\/es\/wp-json\/wp\/v2\/media\/92168"}],"wp:attachment":[{"href":"https:\/\/www.iaff.org\/es\/wp-json\/wp\/v2\/media?parent=92167"}],"curies":[{"name":"wp","href":"https:\/\/api.w.org\/{rel}","templated":true}]}}