{"id":121503,"date":"2024-04-04T13:33:10","date_gmt":"2024-04-04T17:33:10","guid":{"rendered":"https:\/\/www.iaff.org\/convencion\/convocatoria-de-convencion\/"},"modified":"2026-04-15T09:17:03","modified_gmt":"2026-04-15T13:17:03","slug":"convocatoria-de-convencion","status":"publish","type":"page","link":"https:\/\/www.iaff.org\/es\/convencion\/convocatoria-de-convencion\/","title":{"rendered":"Convocatoria de convenci\u00f3n"},"content":{"rendered":"<section\n\t class=\"secondary-hero align wp-block-acf-secondary-hero\" id=\"secondary-hero_block_9ffce652ac57a9825fa6ac5eebabb9a7\">\n\t\n<header\n\tclass=\"w-full u-bg-full-width px-[22px] md:ps-bleed md:pe-0 py-[60px] bg-smoke-5 text-black u-has-rivets u-rivets-dark\"\n\tdata-theme=\"gray\"\n>\n\t<div class=\"flex flex-col !px-0 !max-w-[1440px] w-full lg:!ps-indent\">\n\t\t<div class=\"border-t-[6px] w-full my-0 flex flex-col md:flex-row gap-x-[62px] gap-y-[22px] border-red\">\n\t\t\t\t\t\t<div class=\"w-full md:w-1\/2 md:py-[45px]\">\n\t\t\t\t<div class=\"max-w-[600px] flex flex-col gap-[22px]\">\n\t\t\t\t\t\t\t\t\t\t\t<h1 class=\"has-[.u-halftone-shadow--dark]:mb-divider has-[.u-halftone-shadow--light]:mb-divider pt-[22px] md:pt-0\">\n\t\t\t\t\t\t\t<span class=\"inline-flex text-heading-200 u-halftone-shadow--dark\">\n\t\t\t\t\t\t\t\tConvocatoria de convenci\u00f3n\t\t\t\t\t\t\t<\/span>\n\t\t\t\t\t\t<\/h1>\n\t\t\t\t\t\t\t\t\t\t\t\t\t\t\t\t\t\t\t\t\t\t\t\t\t\t\t\t\t\t\t\t<div class=\"flex flex-wrap gap-[30px]\">\n\t\t\t\t\t\t\t\t\t\t\t\t\t\t\t<!-- Renders the same as core\/button with a specific style -->\n\t<div\n\t\tclass=\"wp-block-button track-button-primary is-style-primary-red\"\n\t>\n\t\t<a\n\t\t\tclass=\"wp-block-button__link wp-element-button cursor-pointer dlm-no-xhr-download track-hero-secondary-cta md:w-auto min-w-[156px]\"\n\t\t\t\t\t\t\thref=\"https:\/\/www.iaff.org\/es\/convencion\/fechas-importantes-de-la-convencion\/\"\n\t\t\t\t\t\t\t\t\t>\n\t\t\tFechas importantes\t\t<\/a>\n\t<\/div>\n\t\t\t\t\t\t\t\t\t\t\t\t\t<\/div>\n\t\t\t\t\t\t\t\t\t\t\t\t\t\t<\/div>\n\t\t\t<\/div>\n\n\t\t<\/div>\n\t\t\t\t\t<div class=\"order-first flex justify-start w-full pb-[22px]\">\n\t\t\t\t<div\n\tclass=\"wp-block-button is-style-tertiary text-smoke is-style-tertiary-back\"\n>\n\t\t\t<a\n\t\t\thref=\"https:\/\/www.iaff.org\/es\/convencion\/\"\n\t\t\tclass=\"wp-block-button__link wp-element-button group\"\n\t\t\t\t\t>\n\t\t\t<span\n\t\t\tclass=\"decoration-transparent underline underline-offset-2 group-hover:decoration-inherit group-focus-visible:decoration-inherit transition duration-hover\"\n\t\t>\n\t\t\tConvenci\u00f3n\t\t<\/span>\n\n\t\t<span\n\t\t\tclass=\"bg-inherit transition-colors duration-hover group-hover:bg-gold group-focus:bg-gold inline-flex rotate-180 order-first\"\n\t\t>\n\t\t\t<svg xmlns=\"http:\/\/www.w3.org\/2000\/svg\" width=\"21\" height=\"22\" fill=\"none\" viewBox=\"0 0 21 22\"><path stroke=\"currentColor\" stroke-linecap=\"round\" stroke-width=\"2\" d=\"M20 20.75L20 2.25L1.5 2.25L1.5 20.75L20 20.75Z\" clip-rule=\"evenodd\"\/><path stroke=\"currentColor\" stroke-linecap=\"square\" stroke-width=\"2\" d=\"M14.0883 11.5L6.66406 11.5\"\/><path stroke=\"currentColor\" stroke-linecap=\"square\" stroke-width=\"2\" d=\"M11.0723 7.75205L14.8363 11.5L11.0723 15.248\"\/><\/svg>\t\t<\/span>\n\t<\/a><\/div>\n\t\t\t<\/div>\n\t\t\t<\/div>\n<\/header>\n<\/section>\n<section\n\t class=\"page-blocks iaff-page-blocks align wp-block-acf-page-blocks\" id=\"page-blocks_block_6f228a7a38d9138424bb26c6a886ed99\">\n\t<div class=\"acf-innerblocks-container\">\n<div class=\"wp-block-paragraph \">\n<p>De conformidad con lo dispuesto en la Constituci\u00f3n y los Estatutos de la International Association of Fire Fighters, la 58.\u00aa Convenci\u00f3n se celebrar\u00e1 en el Loews Arlington Hotel &amp; Convention Center de Arlington, Texas, a partir de las 9:00 h del lunes 10 de agosto de 2026, y permanecer\u00e1 en sesi\u00f3n d\u00eda a d\u00eda hasta que se concluya el orden del d\u00eda de la Convenci\u00f3n.<\/p>\n<\/div>\n<\/div><\/section>\n<section\n\t class=\"page-blocks iaff-page-blocks align wp-block-acf-page-blocks\" id=\"page-blocks_block_6f228a7a38d9138424bb26c6a886ed99\">\n\t<div class=\"acf-innerblocks-container\">\n<div\n\t class=\"subheadline pt-[40px] flex flex-row items-center align wp-block-acf-subheadline\" id=\"subheadline_block_b9c721c2cfd160fd70db8f748a2b911a\">\n\t<div class=\"text-smoke mb-[28px] w-full items-center grid grid-cols-[fit-content(100ch)_1fr]\">\n\t<h3 class=\"text-heading-500 leading-6 border-transparent border-e-[2em]\">\n\t\tREPRESENTACI\u00d3N\t<\/h3>\n\t\t\t<div class=\"h-[3px] text-current border bg-current\" role=\"presentation\"><\/div>\n\t<\/div>\n<\/div>\n\n<\/div><\/section>\n<div class=\"wp-block-paragraph \">\n<p>Los sindicatos locales con una afiliaci\u00f3n de 100 miembros o menos tendr\u00e1n derecho a un delegado. Los locales con una afiliaci\u00f3n superior a 100 tendr\u00e1n derecho a delegados de la siguiente manera: <\/p>\n<\/div>\n<div class=\"wp-block-group is-content-justification-center is-nowrap is-layout-flex wp-container-core-group-is-layout-94bc23d7 wp-block-group-is-layout-flex\">\n<div class=\"wp-block-columns md:gap-[34px] wp-container-content-9dbf05af is-layout-flex wp-container-core-columns-is-layout-9d6595d7 wp-block-columns-is-layout-flex\">\n<div class=\"wp-block-column is-layout-flow wp-block-column-is-layout-flow\"><div class=\"wp-block-paragraph \">\n<p class=\"has-text-align-left\">101 \u2013 250 = 2<br\/>251 \u2013 500 = 3<br\/>501 \u2013 750 = 4<br\/>751 \u2013 1000 = 5<br\/>1001 \u2013 1250 = 6<\/p>\n<\/div><\/div>\n\n\n\n<div class=\"wp-block-column is-layout-flow wp-block-column-is-layout-flow\"><div class=\"wp-block-paragraph \">\n<p class=\"has-text-align-left\">1251 \u2013 1500 = 7<br\/>1501 \u2013 1750 = 8<br\/>1751 \u2013 2000 = 9<br\/>2001 o m\u00e1s = 10<\/p>\n<\/div><\/div>\n<\/div>\n<\/div>\n<div class=\"wp-block-paragraph \">\n<p>Las asociaciones estatales y provinciales y los consejos conjuntos debidamente constituidos por esta Asociaci\u00f3n tendr\u00e1n derecho a dos delegados en las Convenciones Internacionales, siempre que cualquier impuesto per c\u00e1pita o parte de las cuotas debidas a la Internacional por los miembros individuales admitidos en dichos sindicatos subordinados est\u00e9 al d\u00eda, seg\u00fan lo requiere el Art\u00edculo XIV, Secci\u00f3n 4.<\/p>\n<\/div><div class=\"wp-block-paragraph \">\n<p>Para tener derecho a representaci\u00f3n por parte de sus delegados en la Convenci\u00f3n, un sindicato local debe abonar su cuota per c\u00e1pita sobre la totalidad de sus miembros seg\u00fan lo exigido por la Constituci\u00f3n y los Estatutos de la AIB, art\u00edculo XIII, secci\u00f3n 2; no obstante, la representaci\u00f3n y el peso del voto del sindicato local se asignar\u00e1n sobre la base del importe medio de la cuota per c\u00e1pita abonada mensualmente por el sindicato local desde el 1 de abril de 2025 hasta el 31 de marzo de 2026.<\/p>\n<\/div><div class=\"wp-block-paragraph \">\n<p>Para los sindicatos locales que no hayan existido durante los 12 meses completos anteriores al 31 de marzo de 2026, la cuota per c\u00e1pita abonada se promediar\u00e1 durante el per\u00edodo de su existencia mensualmente.<\/p>\n<\/div><div class=\"wp-block-paragraph \">\n<p>Todas las cuotas per c\u00e1pita y los pr\u00e9stamos del Fondo de Disputas de Emergencia (EDF) deben estar abonados en su totalidad hasta el mes de junio de 2026 para tener derecho a representaci\u00f3n en la Convenci\u00f3n.<\/p>\n<\/div>\n<div class=\"wp-block-group p-9 pb-[30px] u-has-rivets bg-red text-white !mt-0 mb-10 is-layout-constrained wp-block-group-is-layout-constrained\">\n<h4 class=\"wp-block-heading\">Proceso de registro y credenciales en l\u00ednea:<\/h4>\n\n\n<div class=\"wp-block-paragraph \">\n<p><strong>CREDENCIALES DE DELEGADO<\/strong>: <span style=\"text-decoration: underline;\">El acceso al proceso de credenciales y registro en l\u00ednea estar\u00e1 disponible para los presidentes, secretarios y secretarios-tesoreros de las filiales<\/span> de todos los sindicatos locales que hayan abonado \u00edntegramente la cuota per c\u00e1pita hasta el mes de marzo de 2026.<\/p>\n<\/div>\n\n<div class=\"wp-block-paragraph \">\n<p><strong>ES SUMAMENTE IMPORTANTE QUE LOS DIRIGENTES DE LAS FILIALES COMPLETEN EL PROCESO DE CREDENCIALES ANTES DE LLEGAR A ARLINGTON<\/strong>. No hacerlo podr\u00eda ocasionar un retraso significativo en la capacidad de su delegaci\u00f3n para registrarse y recibir las credenciales. Si un delegado\/suplente no dispone de sus credenciales, no se le permitir\u00e1 el acceso al recinto de la convenci\u00f3n.  <\/p>\n<\/div><\/div>\n<div class=\"wp-block-paragraph \">\n<p><strong>QUI\u00c9N PUEDE SER DELEGADO O SUPLENTE: <\/strong>Los delegados y suplentes a las Convenciones Internacionales deben ser miembros al corriente de sus obligaciones del sindicato local, asociaci\u00f3n estatal o provincial, o consejo conjunto del cual posean credenciales, o dirigentes internacionales que ser\u00e1n delegados de pleno derecho en virtud de su cargo.<\/p>\n<\/div><div class=\"wp-block-paragraph \">\n<p><strong>Se recuerda a los sindicatos locales que los Estatutos y el Reglamento Internacional exigen que las credenciales presentadas por los delegados y suplentes deben certificar que han sido elegidos mediante voto por sufragio secreto de los miembros al corriente de sus obligaciones del local<\/strong> (Art\u00edculo XIII, Secci\u00f3n 15).<\/p>\n<\/div><div class=\"wp-block-paragraph \">\n<p>Seg\u00fan el Art\u00edculo IV, Secci\u00f3n 4 de los Estatutos y el Reglamento Internacional, todos los delegados o suplentes que representen a asociaciones estatales o provinciales o a consejos conjuntos deben ser elegidos de una de estas dos maneras: (1) por sufragio secreto de los miembros al corriente de sus obligaciones de todos los sindicatos locales que integran la asociaci\u00f3n estatal o provincial o el consejo conjunto, en cuyo caso los delegados de dichas organizaciones subordinadas tendr\u00e1n derecho a voz y voto y a la plena participaci\u00f3n en las deliberaciones de la convenci\u00f3n, incluida la elecci\u00f3n de los dirigentes internacionales; o (2) por sufragio secreto de los delegados de los sindicatos locales de la asociaci\u00f3n estatal o provincial o del consejo conjunto, en cuyo caso los delegados as\u00ed elegidos tendr\u00e1n derecho a voz y voto en todas las deliberaciones de la convenci\u00f3n, excepto el derecho a participar en la elecci\u00f3n de los dirigentes internacionales.<\/p>\n<\/div><div class=\"wp-block-paragraph \">\n<p>Este es un requisito legal bajo la Ley Landrum-Griffin y tambi\u00e9n se aplica a nuestros dirigentes internacionales que son delegados de pleno derecho. <strong>TODAS LAS CREDENCIALES DE DELEGADO DEBEN CERTIFICAR MEDIANTE QU\u00c9 M\u00c9TODO FUERON ELEGIDOS LOS DELEGADOS.<\/strong><\/p>\n<\/div><div class=\"wp-block-paragraph \">\n<p><strong><em><u>La AIB insta a realizar los pagos de registro por adelantado para evitar largas colas en la convenci\u00f3n.<\/u><\/em><\/strong><\/p>\n<\/div><div class=\"wp-block-paragraph \">\n<p><strong>Las credenciales de la convenci\u00f3n<\/strong> deben recogerse antes de las 17:00 del lunes, 10 de agosto de 2026. Pasado este plazo, se requiere una votaci\u00f3n en sala por parte de los delegados antes de que un delegado pueda ocupar su asiento.<\/p>\n<\/div><div class=\"wp-block-paragraph \">\n<p><strong>CREDENCIALES DE SUPLENTE: <\/strong>Si una filial opta por enviar delegados suplentes a la Convenci\u00f3n, solo se permite un suplente por delegado. <\/p>\n<\/div><section\n\t class=\"page-blocks iaff-page-blocks align wp-block-acf-page-blocks\" id=\"page-blocks_block_6f228a7a38d9138424bb26c6a886ed99\">\n\t<div class=\"acf-innerblocks-container\">\n<div\n\t class=\"subheadline pt-[40px] flex flex-row items-center align wp-block-acf-subheadline\" id=\"subheadline_block_cff9b3c720878ce30e5a39e25aa5e0f8\">\n\t<div class=\"text-smoke mb-[28px] w-full items-center grid grid-cols-[fit-content(100ch)_1fr]\">\n\t<h3 class=\"text-heading-500 leading-6 border-transparent border-e-[2em]\">\n\t\tPODER\t<\/h3>\n\t\t\t<div class=\"h-[3px] text-current border bg-current\" role=\"presentation\"><\/div>\n\t<\/div>\n<\/div>\n\n<\/div><\/section>\n<div class=\"wp-block-paragraph \">\n<p><strong>REPRESENTACI\u00d3N: <\/strong>Los sindicatos locales de 200 miembros o menos que no env\u00eden un delegado a la Convenci\u00f3n podr\u00e1n estar representados por un delegado otorg\u00e1ndole su representaci\u00f3n a dicho delegado. Adem\u00e1s, dichos sindicatos locales tambi\u00e9n podr\u00e1n seleccionar un delegado suplente para ejercer la representaci\u00f3n en caso de que el primer delegado no pueda asistir. <\/p>\n<\/div><div class=\"wp-block-paragraph \">\n<p>Deben observarse las siguientes condiciones si se va a utilizar el m\u00e9todo de poder:<\/p>\n<\/div><div class=\"wp-block-list\">\n<ol class=\"wp-block-list\">\n<li>Un sindicato local que otorgue una representaci\u00f3n y el delegado del sindicato local que acepte la representaci\u00f3n deben pertenecer al mismo Distrito de la AIB.<\/li>\n\n\n\n<li>Si un sindicato local que otorga un poder tambi\u00e9n desea seleccionar a un delegado suplente, tanto el delegado como el delegado suplente deben provenir del mismo sindicato local que acepta el poder; y<\/li>\n\n\n\n<li>Un poder solo puede autorizarse tras la nominaci\u00f3n y elecci\u00f3n por sufragio secreto entre los miembros del sindicato local que otorga el poder.<\/li>\n<\/ol>\n<\/div><div class=\"wp-block-paragraph \">\n<p>Los procedimientos para autorizar una representaci\u00f3n se aplican tanto a la selecci\u00f3n de un delegado principal como a la selecci\u00f3n de un segundo delegado suplente (si lo hubiera). Los candidatos deben ser delegados designados de otro sindicato local del Distrito que ya haya elegido a dichos delegados para asistir a la Convenci\u00f3n. Las nominaciones podr\u00e1n realizarse en cualquier reuni\u00f3n del sindicato local, pero deber\u00e1 notificarse cu\u00e1ndo se celebrar\u00e1n las nominaciones y deber\u00e1 enviarse por correo a sus miembros la notificaci\u00f3n de la fecha, hora y lugar de la elecci\u00f3n con al menos 15 d\u00edas de antelaci\u00f3n a dicha elecci\u00f3n. Las nominaciones y elecciones podr\u00e1n celebrarse en la misma reuni\u00f3n siempre que la notificaci\u00f3n por correo se haya enviado con al menos 15 d\u00edas de antelaci\u00f3n a la reuni\u00f3n. La elecci\u00f3n deber\u00e1 realizarse mediante votaci\u00f3n secreta, pero si solo se nomina a un delegado para ejercer la representaci\u00f3n (y si solo se nomina a un delegado como delegado suplente para ejercer la representaci\u00f3n) no ser\u00e1 necesario realizar la elecci\u00f3n. Ning\u00fan delegado de sindicato local podr\u00e1 aceptar representaciones que representen a m\u00e1s de 200 miembros y, adem\u00e1s, en ning\u00fan caso el total de votos por representaci\u00f3n ejercidos por todos los delegados dentro de un sindicato local podr\u00e1 exceder de 300. La votaci\u00f3n por representaci\u00f3n solo se permitir\u00e1 en una votaci\u00f3n nominal y deber\u00e1 ser emitida por el delegado que ejerza la representaci\u00f3n. (Art\u00edculo IV, Secci\u00f3n 2, Constituci\u00f3n y Estatutos de la AIB).       <\/p>\n<\/div>\n<div class=\"wp-block-group p-9 pb-[30px] u-has-rivets bg-red text-white !mt-0 mb-10 is-layout-constrained wp-block-group-is-layout-constrained\">\n<h4 class=\"wp-block-heading\">FECHA L\u00cdMITE<\/h4>\n\n\n<div class=\"wp-block-paragraph \">\n<p>TODAS LAS CREDENCIALES DE REPRESENTACI\u00d3N DEBEN COMPLETARSE (aprobadas tanto por el presidente como por el secretario o secretario-tesorero) en l\u00ednea antes de las 17:00 h EDT del lunes 13 de julio de 2026. <\/p>\n<\/div>\n\n<div class=\"wp-block-paragraph \">\n<p>IMPORTANTE: Para ser seleccionado para ejercer un poder por otro local, el portador del poder DEBE estar acreditado y registrado (pagado) para la Convenci\u00f3n.<\/p>\n<\/div><\/div>\n<section\n\t class=\"page-blocks iaff-page-blocks align wp-block-acf-page-blocks\" id=\"page-blocks_block_6f228a7a38d9138424bb26c6a886ed99\">\n\t<div class=\"acf-innerblocks-container\">\n<div\n\t class=\"subheadline pt-[40px] flex flex-row items-center align wp-block-acf-subheadline\" id=\"subheadline_block_f869d825d8ebb72b61aea5d96886bf22\">\n\t<div class=\"text-smoke mb-[28px] w-full items-center grid grid-cols-[fit-content(100ch)_1fr]\">\n\t<h3 class=\"text-heading-500 leading-6 border-transparent border-e-[2em]\">\n\t\tTASAS DE REGISTRO\t<\/h3>\n\t\t\t<div class=\"h-[3px] text-current border bg-current\" role=\"presentation\"><\/div>\n\t<\/div>\n<\/div>\n\n<\/div><\/section>\n<div class=\"wp-block-paragraph \">\n<p>Se requiere el <span style=\"text-decoration: underline;\">pago<\/span> de las tasas de inscripci\u00f3n al completar el proceso de acreditaci\u00f3n. Se aplicar\u00e1n los siguientes cargos como tasas de inscripci\u00f3n: <\/p>\n<\/div><div class=\"wp-block-paragraph \">\n<p> 700 $ (EE. UU.) por cada delegado y delegado suplente<\/p>\n<\/div><div class=\"wp-block-paragraph \">\n<p> 150 $ (EE. UU.) por cada miembro de la AIB que no sea delegado<\/p>\n<\/div><div class=\"wp-block-paragraph \">\n<p><strong>Registre a los invitados familiares <a href=\"https:\/\/member.iaff.org\/IAFF_IMIS_PROD_Casual\/Credentials\" target=\"_blank\" data-type=\"link\" data-id=\"https:\/\/member.iaff.org\/IAFF_IMIS_PROD_Casual\/Credentials\" rel=\"noreferrer noopener\">aqu\u00ed<\/a>. (Se requieren tarjetas de identificaci\u00f3n de la Convenci\u00f3n para los invitados en todos los eventos y deben ser recogidas por el delegado o suplente acreditado). <\/strong><\/p>\n<\/div><section\n\t class=\"page-blocks iaff-page-blocks align wp-block-acf-page-blocks\" id=\"page-blocks_block_6f228a7a38d9138424bb26c6a886ed99\">\n\t<div class=\"acf-innerblocks-container\">\n<div\n\t class=\"subheadline pt-[40px] flex flex-row items-center align wp-block-acf-subheadline\" id=\"subheadline_block_9a7bcefd9e28800d614649f0af895b3a\">\n\t<div class=\"text-smoke mb-[28px] w-full items-center grid grid-cols-[fit-content(100ch)_1fr]\">\n\t<h3 class=\"text-heading-500 leading-6 border-transparent border-e-[2em]\">\n\t\tENMIENDAS A LOS ESTATUTOS Y EL REGLAMENTO Y RESOLUCIONES DE LA CONVENCI\u00d3N\t<\/h3>\n\t\t\t<div class=\"h-[3px] text-current border bg-current\" role=\"presentation\"><\/div>\n\t<\/div>\n<\/div>\n\n<\/div><\/section>\n<div class=\"wp-block-paragraph \">\n<p>Las enmiendas a los Estatutos y el Reglamento Internacional o las resoluciones para la acci\u00f3n de la Convenci\u00f3n solo pueden ser presentadas por sindicatos locales, asociaciones estatales y provinciales, consejos conjuntos de esta Asociaci\u00f3n, dirigentes internacionales, la Junta Ejecutiva o por los delegados en las Convenciones Internacionales, seg\u00fan se dispone a continuaci\u00f3n.<\/p>\n<\/div><div class=\"wp-block-paragraph \">\n<p>Las enmiendas o resoluciones propuestas por un sindicato local, asociaci\u00f3n estatal o provincial, consejo conjunto, dirigentes internacionales o la Junta Ejecutiva estar\u00e1n sujetas a su adopci\u00f3n por mayor\u00eda de votos de los delegados presentes y votantes en una convenci\u00f3n bienal.<\/p>\n<\/div><div class=\"wp-block-paragraph \">\n<p><span style=\"text-decoration: underline;\">Salvo las resoluciones de censura, todas las resoluciones que deba considerar cualquier Convenci\u00f3n de esta Asociaci\u00f3n deben ser recibidas por el Secretario-Tesorero General Internacional a m\u00e1s tardar <strong>50 d\u00edas<\/strong> inmediatamente antes de la apertura de la Convenci\u00f3n (antes de las 17:00 EDT del domingo, 21 de junio de 2026)<\/span>. La Resoluci\u00f3n 16, adoptada en la Convenci\u00f3n de 2000, tambi\u00e9n permite a las filiales presentar copias de las resoluciones por correo electr\u00f3nico. Cualquier resoluci\u00f3n recibida que no cumpla con estos plazos ser\u00e1 devuelta. Si desea enviar su resoluci\u00f3n por correo electr\u00f3nico, por favor, rem\u00edtala a <a href=\"mailto:resolutions@iaff.org\">resolutions@iaff.org<\/a>. En situaciones de emergencia, definidas como una situaci\u00f3n que ocurre entre el per\u00edodo de 50 d\u00edas inmediatamente anterior a la Convenci\u00f3n y la propia Convenci\u00f3n, incluidos los d\u00edas en que est\u00e1 en sesi\u00f3n, las resoluciones de emergencia solo podr\u00e1n recibirse con el consentimiento un\u00e1nime de los delegados de la Convenci\u00f3n.    <\/p>\n<\/div><div class=\"wp-block-paragraph \">\n<p>Todas las resoluciones, acompa\u00f1adas de una declaraci\u00f3n de resumen del factor de coste \u2014si procede\u2014 preparada por el Secretario-Tesorero General, se pondr\u00e1n a disposici\u00f3n de los miembros por v\u00eda electr\u00f3nica antes de la Convenci\u00f3n. <\/p>\n<\/div><div class=\"wp-block-paragraph \">\n<p><strong>RESOLUCIONES DE CENSURA<\/strong>: Cualquier resoluci\u00f3n que pretenda censurar, condenar o criticar de otro modo a cualquier persona, incluido el personal o la entidad del departamento de bomberos, debe presentarse en forma de borrador <strong>60 d\u00edas<\/strong> antes de la Convenci\u00f3n (antes de las 17:00 EDT del jueves 11 de junio de 2026) para su revisi\u00f3n por parte del Presidente General, quien, si lo considera necesario, reescribir\u00e1 el borrador de la resoluci\u00f3n para eliminar cualquier lenguaje que pueda considerarse difamatorio o calumnioso y devolver\u00e1 la resoluci\u00f3n modificada a la filial para su revisi\u00f3n y aprobaci\u00f3n. Si desea enviar su resoluci\u00f3n por correo electr\u00f3nico, reenv\u00edela a <a href=\"mailto:resolutions@iaff.org\">resolutions@iaff.org<\/a>. Cualquier resoluci\u00f3n que se modifique de esta manera se someter\u00e1 a la consideraci\u00f3n y acci\u00f3n de los delegados de la Convenci\u00f3n solo si la filial patrocinadora aprueba primero la resoluci\u00f3n en su forma modificada. Se reservar\u00e1 un tiempo determinado en la Convenci\u00f3n para el debate y la votaci\u00f3n de las mociones de censura por parte de los delegados de la Convenci\u00f3n, y este tiempo se incluir\u00e1 en el Reglamento de Orden.   <\/p>\n<\/div><div class=\"wp-block-paragraph \">\n<p>Todas las enmiendas que no sean per c\u00e1pita entrar\u00e1n en vigor inmediatamente despu\u00e9s de su adopci\u00f3n por los delegados, a menos que se disponga expresamente lo contrario.<\/p>\n<\/div><section\n\t class=\"page-blocks iaff-page-blocks align wp-block-acf-page-blocks\" id=\"page-blocks_block_6f228a7a38d9138424bb26c6a886ed99\">\n\t<div class=\"acf-innerblocks-container\">\n<div\n\t class=\"subheadline pt-[40px] flex flex-row items-center align wp-block-acf-subheadline\" id=\"subheadline_block_51e6d9eb3aa6553058bc3921baede257\">\n\t<div class=\"text-smoke mb-[28px] w-full items-center grid grid-cols-[fit-content(100ch)_1fr]\">\n\t<h3 class=\"text-heading-500 leading-6 border-transparent border-e-[2em]\">\n\t\tUBICACI\u00d3N DE LA CONVENCI\u00d3N Y RESERVAS DE HOTEL\t<\/h3>\n\t\t\t<div class=\"h-[3px] text-current border bg-current\" role=\"presentation\"><\/div>\n\t<\/div>\n<\/div>\n\n<\/div><\/section>\n<div class=\"wp-block-paragraph \">\n<p>La Convenci\u00f3n tendr\u00e1 lugar en el Loews Arlington Hotel &amp; Convention Center. Visite la <a href=\"https:\/\/www.iaff.org\/es\/convencion\/viajes-y-alojamiento-de-la-convencion\/\" data-type=\"page\" data-id=\"70115\">p\u00e1gina de Viajes y Alojamiento<\/a> para consultar las tarifas del hotel y hacer reservas. <\/p>\n<\/div>\n<hr class=\"wp-block-separator has-alpha-channel-opacity mb-10 is-style-halftone mt-20 border-transparent\"\/>\n\n<h3 class=\"wp-block-heading has-text-align-center\">En solidaridad,<\/h3>\n\n<div class=\"wp-block-group mt-10 sm-text-center is-content-justification-center is-nowrap is-layout-flex wp-container-core-group-is-layout-94bc23d7 wp-block-group-is-layout-flex\">\n<div class=\"wp-block-columns md:gap-[34px] wp-container-content-b3beb323 is-layout-flex wp-container-core-columns-is-layout-9d6595d7 wp-block-columns-is-layout-flex\">\n<div class=\"wp-block-column is-layout-flow wp-block-column-is-layout-flow\" style=\"flex-basis:400px\">\n<figure class=\"wp-block-image size-full is-resized h-auto\"><img decoding=\"async\" width=\"783\" height=\"230\" src=\"https:\/\/www.iaff.org\/wp-content\/uploads\/GP-Kelly-Signature.png\" alt=\"\" class=\"wp-image-15462\" style=\"width:280px\" srcset=\"https:\/\/www.iaff.org\/wp-content\/uploads\/GP-Kelly-Signature.png 783w, https:\/\/www.iaff.org\/wp-content\/uploads\/GP-Kelly-Signature-300x88.png 300w, https:\/\/www.iaff.org\/wp-content\/uploads\/GP-Kelly-Signature-768x226.png 768w, https:\/\/www.iaff.org\/wp-content\/uploads\/GP-Kelly-Signature-240x70.png 240w\" sizes=\"(max-width: 783px) 100vw, 783px\" \/><\/figure>\n\n\n<div class=\"wp-block-paragraph \">\n<p>Edward a. Kelly<br\/>Presidente general<\/p>\n<\/div><\/div>\n\n\n\n<div class=\"wp-block-column is-layout-flow wp-block-column-is-layout-flow\" style=\"flex-basis:400px\">\n<figure class=\"wp-block-image size-full is-resized h-auto\"><img decoding=\"async\" width=\"1377\" height=\"455\" src=\"https:\/\/www.iaff.org\/wp-content\/uploads\/Frank-Lima-Signature-01-e1617818556188.png\" alt=\"\" class=\"wp-image-15354\" style=\"width:auto;height:88px\" srcset=\"https:\/\/www.iaff.org\/wp-content\/uploads\/Frank-Lima-Signature-01-e1617818556188.png 1377w, https:\/\/www.iaff.org\/wp-content\/uploads\/Frank-Lima-Signature-01-e1617818556188-300x99.png 300w, https:\/\/www.iaff.org\/wp-content\/uploads\/Frank-Lima-Signature-01-e1617818556188-1024x338.png 1024w, https:\/\/www.iaff.org\/wp-content\/uploads\/Frank-Lima-Signature-01-e1617818556188-768x254.png 768w, https:\/\/www.iaff.org\/wp-content\/uploads\/Frank-Lima-Signature-01-e1617818556188-240x79.png 240w, https:\/\/www.iaff.org\/wp-content\/uploads\/Frank-Lima-Signature-01-e1617818556188-1256x415.png 1256w\" sizes=\"(max-width: 1377px) 100vw, 1377px\" \/><\/figure>\n\n\n<div class=\"wp-block-paragraph \">\n<p>Frank V. L\u00edma<br\/>Secretario-Tesorero General<\/p>\n<\/div><\/div>\n<\/div>\n<\/div>\n\n<hr class=\"wp-block-separator has-alpha-channel-opacity is-style-dots mb-5\"\/>\n\n<div class=\"wp-block-group sm-text-center is-content-justification-center is-nowrap is-layout-flex wp-container-core-group-is-layout-94bc23d7 wp-block-group-is-layout-flex\">\n<div class=\"wp-block-columns gap-0 md:gap-[34px] wp-container-content-4bd06fe9 is-layout-flex wp-container-core-columns-is-layout-9d6595d7 wp-block-columns-is-layout-flex\">\n<div class=\"wp-block-column is-layout-flow wp-block-column-is-layout-flow\" style=\"flex-basis:400px\"><div class=\"wp-block-paragraph \">\n<p>James M. Slevin, vicepresidente del 1.er distrito<br\/>Mark S. Woolbright, vicepresidente del 2.\u00ba distrito<br\/>Jay T. Colbert, vicepresidente del 3.er distrito<br\/>Andrew K. Pantelis, vicepresidente del 4.\u00ba distrito<br\/>Mahlon Mitchell, vicepresidente del 5.\u00ba distrito<br\/>J. Michael Carter, vicepresidente del 6.\u00ba distrito<br\/>Ricky J. Walsh, vicepresidente del 7.\u00ba distrito<br\/>Mark A. Sanders, vicepresidente del 8.\u00ba distrito<\/p>\n<\/div><\/div>\n\n\n\n<div class=\"wp-block-column is-layout-flow wp-block-column-is-layout-flow\" style=\"flex-basis:400px\"><div class=\"wp-block-paragraph \">\n<p>Michael Frainier, vicepresidente del 9.\u00ba distrito<br\/>Stephen Gilman, vicepresidente del 10.\u00ba distrito<br\/>Michael Glynn, vicepresidente del 11.\u00ba distrito<br\/>Walter J. Dix, vicepresidente del 12.\u00ba distrito<br\/>Fred LeBlanc, vicepresidente del 13.er distrito<br\/>Danny L. Todd, vicepresidente del 14.\u00ba distrito<br\/>Chris Ross, vicepresidente del 15.\u00ba distrito<br\/>James B. Johnson, vicepresidente del 16.\u00ba distrito <\/p>\n<\/div><\/div>\n<\/div>\n<\/div>\n\n<div class=\"wp-block-group mt-4 sm-text-center is-content-justification-center is-nowrap is-layout-flex wp-container-core-group-is-layout-94bc23d7 wp-block-group-is-layout-flex\">\n<div class=\"wp-block-columns gap-0 md:gap-[34px] is-layout-flex wp-container-core-columns-is-layout-9d6595d7 wp-block-columns-is-layout-flex\">\n<div class=\"wp-block-column is-layout-flow wp-block-column-is-layout-flow\"><div class=\"wp-block-paragraph \">\n<p>Scott Marks, fideicomisario canadiense de la Regi\u00f3n 1<br\/>Ron Glass, fideicomisario del este de la Regi\u00f3n 2<br\/>Anthony Mejia, fideicomisario del oeste de la Regi\u00f3n 3<\/p>\n<\/div><\/div>\n<\/div>\n<\/div>\n<div class=\"wp-block-paragraph \">\n<p><\/p>\n<\/div>\n<style>\n@media(max-width: 781px) {\n.sm-text-center {\ntext-align: center;\n}\n.sm-text-center .wp-block-image {margin: 0px auto;}\n.sm-text-center .wp-block-paragraph p { margin-bottom: 0px;}\n}\n<\/style>\n","protected":false},"excerpt":{"rendered":"<p>Los sindicatos locales con una afiliaci\u00f3n de 100 miembros o menos tendr\u00e1n derecho a un delegado. Los locales con una afiliaci\u00f3n superior a 100 tendr\u00e1n derecho a delegados de la [&hellip;]<\/p>\n","protected":false},"featured_media":0,"parent":123346,"menu_order":0,"comment_status":"closed","ping_status":"closed","template":"convention","meta":{"_acf_changed":false,"_searchwp_excluded":"","inline_featured_image":false,"_EventAllDay":false,"_EventTimezone":"","_EventStartDate":"","_EventEndDate":"","_EventStartDateUTC":"","_EventEndDateUTC":"","_EventShowMap":false,"_EventShowMapLink":false,"_EventURL":"","_EventCost":"","_EventCostDescription":"","_EventCurrencySymbol":"","_EventCurrencyCode":"","_EventCurrencyPosition":"","_EventDateTimeSeparator":"","_EventTimeRangeSeparator":"","_EventOrganizerID":[],"_EventVenueID":[],"_OrganizerEmail":"","_OrganizerPhone":"","_OrganizerWebsite":"","_VenueAddress":"","_VenueCity":"","_VenueCountry":"","_VenueProvince":"","_VenueState":"","_VenueZip":"","_VenuePhone":"","_VenueURL":"","_VenueStateProvince":"","_VenueLat":"","_VenueLng":"","_VenueShowMap":false,"_VenueShowMapLink":false,"footnotes":""},"class_list":["post-121503","page","type-page","status-publish","hentry"],"acf":[],"publishpress_future_workflow_manual_trigger":{"enabledWorkflows":[]},"_links":{"self":[{"href":"https:\/\/www.iaff.org\/es\/wp-json\/wp\/v2\/pages\/121503","targetHints":{"allow":["GET"]}}],"collection":[{"href":"https:\/\/www.iaff.org\/es\/wp-json\/wp\/v2\/pages"}],"about":[{"href":"https:\/\/www.iaff.org\/es\/wp-json\/wp\/v2\/types\/page"}],"author":[{"embeddable":true,"href":"https:\/\/www.iaff.org\/es\/wp-json\/wp\/v2\/users\/3"}],"replies":[{"embeddable":true,"href":"https:\/\/www.iaff.org\/es\/wp-json\/wp\/v2\/comments?post=121503"}],"version-history":[{"count":26,"href":"https:\/\/www.iaff.org\/es\/wp-json\/wp\/v2\/pages\/121503\/revisions"}],"predecessor-version":[{"id":124474,"href":"https:\/\/www.iaff.org\/es\/wp-json\/wp\/v2\/pages\/121503\/revisions\/124474"}],"up":[{"embeddable":true,"href":"https:\/\/www.iaff.org\/es\/wp-json\/wp\/v2\/pages\/123346"}],"wp:attachment":[{"href":"https:\/\/www.iaff.org\/es\/wp-json\/wp\/v2\/media?parent=121503"}],"curies":[{"name":"wp","href":"https:\/\/api.w.org\/{rel}","templated":true}]}}