{"id":100229,"date":"2025-05-20T15:09:25","date_gmt":"2025-05-20T19:09:25","guid":{"rendered":"https:\/\/www.iaff.org\/conferencia-del-8-o-distrito\/"},"modified":"2025-12-03T15:00:14","modified_gmt":"2025-12-03T20:00:14","slug":"conferencia-del-8-o-distrito","status":"publish","type":"page","link":"https:\/\/www.iaff.org\/es\/conferencia-del-8-o-distrito\/","title":{"rendered":"Conferencia del 8.\u00ba distrito"},"content":{"rendered":"<section\n\t class=\"secondary-hero align wp-block-acf-secondary-hero\" id=\"secondary-hero_block_35d4a59210443690f921f40ed6bc2eb7\">\n\t\n<header\n\tclass=\"w-full u-bg-full-width px-[22px] md:ps-bleed md:pe-0 py-[60px] bg-blue text-white u-has-rivets\"\n\tdata-theme=\"navy\"\n>\n\t<div class=\"flex flex-col !px-0 !max-w-[1440px] w-full lg:!ps-indent\">\n\t\t<div class=\"border-t-[6px] w-full my-0 flex flex-col md:flex-row gap-x-[62px] gap-y-[22px] border-gold\">\n\t\t\t\t\t\t\t<div class=\"relative grid md:order-last md:w-1\/2 overflow-hidden place-items-center aspect-[157\/105]\">\n\t\t\t\t\t<img decoding=\"async\" width=\"1100\" height=\"800\" src=\"https:\/\/www.iaff.org\/wp-content\/uploads\/2025\/05\/Hyatt-Regency-Indianapolis-8thDistCon-1100x800.png\" class=\"absolute object-cover min-w-full h-full\" alt=\"Hyatt Regency Indianapolis hotel\" srcset=\"https:\/\/www.iaff.org\/wp-content\/uploads\/2025\/05\/Hyatt-Regency-Indianapolis-8thDistCon-1100x800.png 1100w, https:\/\/www.iaff.org\/wp-content\/uploads\/2025\/05\/Hyatt-Regency-Indianapolis-8thDistCon-300x218.png 300w, https:\/\/www.iaff.org\/wp-content\/uploads\/2025\/05\/Hyatt-Regency-Indianapolis-8thDistCon-1024x745.png 1024w, https:\/\/www.iaff.org\/wp-content\/uploads\/2025\/05\/Hyatt-Regency-Indianapolis-8thDistCon-768x559.png 768w, https:\/\/www.iaff.org\/wp-content\/uploads\/2025\/05\/Hyatt-Regency-Indianapolis-8thDistCon-1536x1117.png 1536w, https:\/\/www.iaff.org\/wp-content\/uploads\/2025\/05\/Hyatt-Regency-Indianapolis-8thDistCon-2048x1490.png 2048w, https:\/\/www.iaff.org\/wp-content\/uploads\/2025\/05\/Hyatt-Regency-Indianapolis-8thDistCon-240x175.png 240w, https:\/\/www.iaff.org\/wp-content\/uploads\/2025\/05\/Hyatt-Regency-Indianapolis-8thDistCon-1113x810.png 1113w\" sizes=\"(max-width: 1100px) 100vw, 1100px\" \/>\t\t\t\t<\/div>\n\t\t\t\t\t\t<div class=\"w-full md:w-1\/2 md:py-[45px]\">\n\t\t\t\t<div class=\"max-w-[600px] flex flex-col gap-[22px]\">\n\t\t\t\t\t\t\t\t\t\t\t<h1 class=\"has-[.u-halftone-shadow--dark]:mb-divider has-[.u-halftone-shadow--light]:mb-divider\">\n\t\t\t\t\t\t\t<span class=\"inline-flex text-heading-200 u-halftone-shadow--light\">\n\t\t\t\t\t\t\t\tConferencia del 8.\u00ba distrito\t\t\t\t\t\t\t<\/span>\n\t\t\t\t\t\t<\/h1>\n\t\t\t\t\t\t\t\t\t\t\t\t\t\t\t\t<div class=\"text-body-300 font-sans\">\n\t\t\t\t\t\t\t<p>La Conferencia del 8.\u00ba Distrito da la bienvenida a todos los l\u00edderes afiliados de Kentucky, Illinois, Indiana, Michigan y Ohio. No pierda la oportunidad de establecer contactos con un grupo diverso de afiliados y aprender nuevas habilidades y recursos para enfrentar los desaf\u00edos \u00fanicos de su Secci\u00f3n Local.<\/p>\n\t\t\t\t\t\t<\/div>\n\t\t\t\t\t\t\t\t\t\t\t\t\t\t\t\t\t\t\t\t\t\t\t\t\t\t\t\t\t\t\t<div  class=\"text-label-100 inline-flex gap-3 items-center track-hero-meta\">\t<svg xmlns=\"http:\/\/www.w3.org\/2000\/svg\" width=\"19\" height=\"22\" fill=\"none\" viewBox=\"0 0 19 22\"><path stroke=\"currentColor\" stroke-linecap=\"square\" stroke-width=\"2\" d=\"M1.08496 8.59898H17.5722\"\/><path stroke=\"currentColor\" stroke-linecap=\"square\" stroke-width=\"2\" d=\"M13.433 12.2115H13.4415\"\/><path stroke=\"currentColor\" stroke-linecap=\"square\" stroke-width=\"2\" d=\"M9.32847 12.2115H9.33704\"\/><path stroke=\"currentColor\" stroke-linecap=\"square\" stroke-width=\"2\" d=\"M5.21519 12.2115H5.22376\"\/><path stroke=\"currentColor\" stroke-linecap=\"square\" stroke-width=\"2\" d=\"M13.433 15.8065H13.4415\"\/><path stroke=\"currentColor\" stroke-linecap=\"square\" stroke-width=\"2\" d=\"M9.32847 15.8065H9.33704\"\/><path stroke=\"currentColor\" stroke-linecap=\"square\" stroke-width=\"2\" d=\"M5.21519 15.8065H5.22376\"\/><path stroke=\"currentColor\" stroke-linecap=\"square\" stroke-width=\"2\" d=\"M13.0652 1.75V4.79399\"\/><path stroke=\"currentColor\" stroke-linecap=\"square\" stroke-width=\"2\" d=\"M5.59252 1.75V4.79399\"\/><path stroke=\"currentColor\" stroke-linecap=\"square\" stroke-width=\"2\" d=\"M17.65 3.21069H1V20.25H17.65V3.21069Z\" clip-rule=\"evenodd\"\/><\/svg>\t27 y 28 de octubre de 2025<\/div>\t\t\t\t\t\t\t\t\t\t\t\t\t\t\t\t\t\t\t\t\t\t\t\t\t\t\t\t<div  class=\"text-label-100 inline-flex gap-3 items-center track-hero-meta\">\t<svg xmlns=\"http:\/\/www.w3.org\/2000\/svg\" width=\"17\" height=\"21\" fill=\"none\" viewBox=\"0 0 17 21\"><path stroke=\"currentColor\" stroke-linecap=\"round\" stroke-linejoin=\"round\" stroke-width=\"2\" d=\"M10.9731 9.05639C10.9731 7.68255 9.85989 6.56934 8.48706 6.56934C7.11322 6.56934 6 7.68255 6 9.05639C6 10.4292 7.11322 11.5424 8.48706 11.5424C9.85989 11.5424 10.9731 10.4292 10.9731 9.05639Z\" clip-rule=\"evenodd\"\/><path stroke=\"currentColor\" stroke-linecap=\"round\" stroke-width=\"2\" d=\"M8.46265 19.5C8.46265 19.5 1.18681 14.7608 1.00347 8.84729C0.874745 4.6951 4.34252 1.00008 8.46265 1.00008C12.5828 1.00008 16.0497 4.69504 15.9228 8.84729C15.7384 14.882 8.46265 19.5 8.46265 19.5Z\" clip-rule=\"evenodd\"\/><\/svg>\tIndian\u00e1polis, IN<\/div>\t\t\t\t\t\t\t\t\t\t\t\t\t\t\t\t\t\t\t\t\t\t\t\t\t\t\t\t\t\t\t\t\t\t\t<div class=\"flex flex-wrap gap-[30px]\">\n\t\t\t\t\t\t\t\t\t\t\t\t\t\t\t<!-- Renders the same as core\/button with a specific style -->\n\t<div\n\t\tclass=\"wp-block-button track-button-primary is-style-primary-red\"\n\t>\n\t\t<a class=\"wp-block-button__link wp-element-button cursor-pointer dlm-no-xhr-download track-hero-secondary-cta md:w-auto min-w-[156px]\" href=\"https:\/\/my.iaff.org\/web\/events\/Event_display.aspx?EventKey=PEP2025_08\" target=\"_blank\" rel=\"nofollow noopener\">\n\t\t\tReg\u00edstrese hoy\t\t<\/a>\n\t<\/div>\n\t\t\t\t\t\t\t\t\t\t\t\t\t\t\t<!-- Renders the same as core\/button with a specific style -->\n\t<div\n\t\tclass=\"wp-block-button track-button-primary is-style-primary-red\"\n\t>\n\t\t<a class=\"wp-block-button__link wp-element-button cursor-pointer dlm-no-xhr-download track-hero-secondary-cta md:w-auto min-w-[156px]\" href=\"https:\/\/www.hyatt.com\/group-booking\/INDRI\/G-IAF5\" target=\"_blank\" rel=\"nofollow noopener\">\n\t\t\tRESERVAR HABITACI\u00d3N DE HOTEL\t\t<\/a>\n\t<\/div>\n\t\t\t\t\t\t\t\t\t\t\t\t\t\t\t<!-- Renders the same as core\/button with a specific style -->\n\t<div\n\t\tclass=\"wp-block-button track-button-primary is-style-secondary-red\"\n\t>\n\t\t<a class=\"wp-block-button__link wp-element-button cursor-pointer dlm-no-xhr-download track-hero-secondary-cta md:w-auto min-w-[156px]\" href=\"https:\/\/www.iaff.org\/wp-content\/uploads\/2025\/06\/8thDistrictConf_Oct2025_SaveTheDate_FNL.pdf\" target=\"_blank\" rel=\"nofollow noopener\">\n\t\t\tFolleto de reserva de fecha\t\t<\/a>\n\t<\/div>\n\t\t\t\t\t\t\t\t\t\t\t\t\t<\/div>\n\t\t\t\t\t\t\t\t\t\t\t\t\t\t<\/div>\n\t\t\t<\/div>\n\n\t\t<\/div>\n\t\t\t<\/div>\n<\/header>\n<\/section>\n<section\n\t class=\"page-blocks iaff-page-blocks align wp-block-acf-page-blocks\" id=\"page-blocks_block_95bc19ad8dcb0aa6228f42da5687b49c\">\n\t<div class=\"acf-innerblocks-container\">\n<section\n\t class=\"secondary-navigation-manual u-bg-full-width bg-smoke\/5 align wp-block-acf-secondary-navigation-manual\" id=\"secondary-navigation-manual_block_eddcf6e1239e713aab14fa1e490b8cb0\">\n\t<details class=\"iaff-secondary-navigation\" open>\n\t<summary class=\"flex cursor-pointer u-bg-full-width\">\n\t\t\t\t\t<h2 class=\"text-heading-400 bg-main-bg-overlay text-black inline-flex items-center gap-x-[14px] h-full !ps-0 py-[34px] !pe-10\">\n\t\t\t\t<span>En esta secci\u00f3n<\/span>\n\t\t\t<\/h2>\n\t\t\t<\/summary>\n\t<div class=\"py-10 md:ps-12 md:pe-10 grid grid-cols-1 md:grid-cols-2 lg:grid-cols-3 gap-[30px]\">\n\t\t<!-- Renders the same as core\/button with a specific style -->\n<!-- Renders the same as core\/button with a specific style -->\n\t<div>\n\t\t\t\t\t<a class=\"inline-flex gap-[16px] items-center text-inherit text-button-300 leading-6 cursor-pointer decoration-transparent underline underline-offset-2 transition-colors duration-hover hocus-visible:decoration-current\" href=\"https:\/\/my.iaff.org\/web\/events\/Event_display.aspx?EventKey=PEP2025_08\" target=\"_blank\" rel=\"nofollow noopener\">\n\t\t\t\t<span>\n\t\t\t\t\tRegistro\t\t\t\t<\/span>\n\t\t\t\t<svg xmlns=\"http:\/\/www.w3.org\/2000\/svg\" width=\"15\" height=\"15\" fill=\"none\" viewBox=\"0 0 15 15\"><path stroke=\"currentColor\" stroke-linecap=\"square\" stroke-width=\"2\" d=\"M11.6347 7.49976L1 7.49976\"\/><path stroke=\"currentColor\" stroke-linecap=\"square\" stroke-width=\"2\" d=\"M7.31445 2.13138L12.7061 7.50014L7.31445 12.8689\"\/><\/svg>\t\t\t<\/a>\n\t\t\t<\/div>\n<!-- Renders the same as core\/button with a specific style -->\n\t<div>\n\t\t\t\t\t<a\n\t\t\t\tclass=\"inline-flex gap-[16px] items-center text-inherit text-button-300 leading-6 cursor-pointer decoration-transparent underline underline-offset-2 transition-colors duration-hover hocus-visible:decoration-current\"\n\t\t\t\t\t\t\t\t\thref=\"#agenda\"\n\t\t\t\t\t\t\t\t\t\t\t\t>\n\t\t\t\t<span>\n\t\t\t\t\tAgenda\t\t\t\t<\/span>\n\t\t\t\t<svg xmlns=\"http:\/\/www.w3.org\/2000\/svg\" width=\"15\" height=\"15\" fill=\"none\" viewBox=\"0 0 15 15\"><path stroke=\"currentColor\" stroke-linecap=\"square\" stroke-width=\"2\" d=\"M11.6347 7.49976L1 7.49976\"\/><path stroke=\"currentColor\" stroke-linecap=\"square\" stroke-width=\"2\" d=\"M7.31445 2.13138L12.7061 7.50014L7.31445 12.8689\"\/><\/svg>\t\t\t<\/a>\n\t\t\t<\/div>\n<!-- Renders the same as core\/button with a specific style -->\n\t<div>\n\t\t\t\t\t<a\n\t\t\t\tclass=\"inline-flex gap-[16px] items-center text-inherit text-button-300 leading-6 cursor-pointer decoration-transparent underline underline-offset-2 transition-colors duration-hover hocus-visible:decoration-current\"\n\t\t\t\t\t\t\t\t\thref=\"#workshops\"\n\t\t\t\t\t\t\t\t\t\t\t\t>\n\t\t\t\t<span>\n\t\t\t\t\tTalleres\t\t\t\t<\/span>\n\t\t\t\t<svg xmlns=\"http:\/\/www.w3.org\/2000\/svg\" width=\"15\" height=\"15\" fill=\"none\" viewBox=\"0 0 15 15\"><path stroke=\"currentColor\" stroke-linecap=\"square\" stroke-width=\"2\" d=\"M11.6347 7.49976L1 7.49976\"\/><path stroke=\"currentColor\" stroke-linecap=\"square\" stroke-width=\"2\" d=\"M7.31445 2.13138L12.7061 7.50014L7.31445 12.8689\"\/><\/svg>\t\t\t<\/a>\n\t\t\t<\/div>\n<!-- Renders the same as core\/button with a specific style -->\n\t<div>\n\t\t\t\t\t<a\n\t\t\t\tclass=\"inline-flex gap-[16px] items-center text-inherit text-button-300 leading-6 cursor-pointer decoration-transparent underline underline-offset-2 transition-colors duration-hover hocus-visible:decoration-current\"\n\t\t\t\t\t\t\t\t\thref=\"#hotel\"\n\t\t\t\t\t\t\t\t\t\t\t\t>\n\t\t\t\t<span>\n\t\t\t\t\tViaje y Alojamiento\t\t\t\t<\/span>\n\t\t\t\t<svg xmlns=\"http:\/\/www.w3.org\/2000\/svg\" width=\"15\" height=\"15\" fill=\"none\" viewBox=\"0 0 15 15\"><path stroke=\"currentColor\" stroke-linecap=\"square\" stroke-width=\"2\" d=\"M11.6347 7.49976L1 7.49976\"\/><path stroke=\"currentColor\" stroke-linecap=\"square\" stroke-width=\"2\" d=\"M7.31445 2.13138L12.7061 7.50014L7.31445 12.8689\"\/><\/svg>\t\t\t<\/a>\n\t\t\t<\/div>\n<!-- Renders the same as core\/button with a specific style -->\n\t<div>\n\t\t\t\t\t<a class=\"inline-flex gap-[16px] items-center text-inherit text-button-300 leading-6 cursor-pointer decoration-transparent underline underline-offset-2 transition-colors duration-hover hocus-visible:decoration-current\" href=\"https:\/\/iaff.mosaic-mobile.net\/share-app.aspx\" target=\"_blank\" rel=\"nofollow noopener\">\n\t\t\t\t<span>\n\t\t\t\t\tDESCARGUE LA APLICACI\u00d3N DE LA AIB\t\t\t\t<\/span>\n\t\t\t\t<svg xmlns=\"http:\/\/www.w3.org\/2000\/svg\" width=\"15\" height=\"15\" fill=\"none\" viewBox=\"0 0 15 15\"><path stroke=\"currentColor\" stroke-linecap=\"square\" stroke-width=\"2\" d=\"M11.6347 7.49976L1 7.49976\"\/><path stroke=\"currentColor\" stroke-linecap=\"square\" stroke-width=\"2\" d=\"M7.31445 2.13138L12.7061 7.50014L7.31445 12.8689\"\/><\/svg>\t\t\t<\/a>\n\t\t\t<\/div>\n<!-- Renders the same as core\/button with a specific style -->\n\t<\/div>\n<\/details>\n<\/section>\n\n\n\n<div class=\"wp-block-group is-layout-constrained wp-block-group-is-layout-constrained\"><section\n\t class=\"callout-section pt-20 md:pt-[100px] bg-smoke\/5 u-bg-full-width align wp-block-acf-callout-section\" id=\"callout-section_block_8e87a38e1f8fd4399da6d490915eca80\">\n\t\t<div class=\"\">\n\t\t\t\t\t<header class=\"flex justify-between items-center max-w-content\">\n\t\t\t\t\t\t\t\t\t<!-- Render Headline-->\n\t\t\t\t\t<h2 class=\"text-heading-200\">\n\t\t\t\t\t\t<!-- Headline: font-heading, 500, 38px, smoke -->\n\t\t\t\t\t\t \t\t\t\t\t<\/h2>\n\t\t\t\t\n\t\t\t\t\t\t\t<\/header>\n\n\t\t\t<!-- Border -->\n\t\t\t\t\t\t\t\t\t\t<div class=\"u-bleed-left\">\n\t\t\t\t\t\n\t\t\t\t\t\t\t\t\t\t\t<div class=\"h-divider bg-right w-full bg-halftone-divider\" role=\"presentation\"><\/div>\n\t\t\t\t\t\t\t\t\t<\/div>\n\t\t\t\t\t\t<\/div>\n\n\t<!-- TODO: Constrain to content width -->\n\t<div class=\"w-full flex flex-col\">\n\t\t<!-- Callouts -->\n\t\t<div class=\"acf-innerblocks-container\">\n<section\n\t class=\"callout align wp-block-acf-callout\" id=\"callout_block_deed7f0271a0b39832f7c8e0fedb36dc\">\n\t<div class=\"grid md:grid-cols-2 gap-0\">\n\t\t<figure\n\t\t\tclass=\"md:col-start-2 md:row-start-1 grid place-items-center\"\n\t\t>\n\t\t\t\t\t\t\t<div class=\"relative\">\n\t\t\t\t\t<img decoding=\"async\" width=\"118\" height=\"240\" src=\"https:\/\/www.iaff.org\/wp-content\/uploads\/2024\/02\/IAFF-App-middle-2024-118x240.png\" class=\"max-w-full\" alt=\"\" srcset=\"https:\/\/www.iaff.org\/wp-content\/uploads\/2024\/02\/IAFF-App-middle-2024-118x240.png 118w, https:\/\/www.iaff.org\/wp-content\/uploads\/2024\/02\/IAFF-App-middle-2024-148x300.png 148w, https:\/\/www.iaff.org\/wp-content\/uploads\/2024\/02\/IAFF-App-middle-2024-394x800.png 394w, https:\/\/www.iaff.org\/wp-content\/uploads\/2024\/02\/IAFF-App-middle-2024-399x810.png 399w, https:\/\/www.iaff.org\/wp-content\/uploads\/2024\/02\/IAFF-App-middle-2024.png 493w\" sizes=\"(max-width: 118px) 100vw, 118px\" \/>\t\t\t\t\t<div class=\"u-halftone-overlay\"><\/div>\n\t\t\t\t<\/div>\n\t\t\t\t\t<\/figure>\n\t\t<div class=\"flex flex-col gap-2 py-[54px] text-smoke md:p-10 justify-center md:px-15\">\n\t\t\t\t\t\t\t\t\t\t<div class=\"font-serif font-600 text-[34px] leading-[1.1] -tracking-[0.5px]\">\n\t\t\t\t\tAplicaci\u00f3n oficial de la AIB\t\t\t\t<\/div>\n\t\t\t\t\t\t\t\t\t\t<div class=\"font-sans font-350 text-[18px] leading-[1.5]\">\n\t\t\t\t\t<p>Mant\u00e9ngase al d\u00eda de la informaci\u00f3n sobre eventos con la aplicaci\u00f3n de la AIB.<\/p>\n\t\t\t\t<\/div>\n\t\t\t\t\t\t\t\t\t\t<div class=\"flex flex-wrap gap-[30px] pt-10\">\n\t\t\t\t\t\t\t\t\t\t\t<!-- Renders the same as core\/button with a specific style -->\n\t<div\n\t\tclass=\"wp-block-button track-button-primary is-style-primary-red\"\n\t>\n\t\t<a class=\"wp-block-button__link wp-element-button cursor-pointer md:w-auto min-w-[156px]\" href=\"https:\/\/iaff.mosaic-mobile.net\/share-app.aspx\" target=\"_blank\" rel=\"nofollow noopener\">\n\t\t\tDESCARGUE LA APLICACI\u00d3N DE LA AIB\t\t<\/a>\n\t<\/div>\n\t\t\t\t\t\t\t\t\t<\/div>\n\t\t\t\t\t<\/div>\n\t<\/div>\n<\/section>\n\n<\/div>\n\t\t\t<\/div>\n<\/section>\n<\/div>\n\n\n\n<div id=\"agenda\" class=\"wp-block-group is-layout-constrained wp-block-group-is-layout-constrained\"><section\n\t class=\"section-header mb-10 align wp-block-acf-section-header\" id=\"section-header_block_86fda660a3f2ff11ec7d60dabef17043\">\n\t<div class=\"\">\n\t<div class=\"flex flex-col md:flex-row justify-between max-w-content gap-x-8 md:items-end flex-wrap\">\n\t\t<h2 class=\"text-heading-200 pb-[2px]\">\n\t\t\tAgenda\t\t<\/h2>\n\n\t\t\t\t\t<div class=\"md:order-last w-full\">\n\t\t\t\t\n\t<hr class=\"h-[6px] text-red border-red bg-red w-full my-0\" role=\"presentation\"\/>\n\n\t<div class=\"h-divider w-full bg-halftone-divider bg-right\"><\/div>\n\t\t\t<\/div>\n\t\t\n\t\t\t<\/div>\n<\/div>\n<\/section>\n\n\n\n<div class=\"wp-block-buttons is-layout-flex wp-block-buttons-is-layout-flex\">\n<div class=\"wp-block-button is-style-primary-red\"><a class=\"wp-block-button__link wp-element-button\" href=\"https:\/\/www.iaff.org\/wp-content\/uploads\/2025\/05\/8thDistConference_Agenda_2025_v10.pdf\" target=\"_blank\" rel=\"noreferrer noopener\">Descargar PDF <\/a><\/div>\n<\/div>\n\n\n<div class=\"wp-block-paragraph \">\n<p><\/p>\n<\/div>\n\n\n<details class=\"wp-block-details is-layout-flow wp-block-details-is-layout-flow\"><summary>Lunes, 27 de octubre<\/summary><section\n\t class=\"page-blocks iaff-page-blocks align wp-block-acf-page-blocks\" id=\"page-blocks_block_95bc19ad8dcb0aa6228f42da5687b49c\">\n\t<div class=\"acf-innerblocks-container\">\n<section\n\t class=\"agenda-list iaff-block-agenda-list text-body-500 align wp-block-acf-agenda-list\" id=\"agenda-list_block_4145724cd0940f15f1a5709a076c6fa1\">\n\t\n\t<div class=\"acf-innerblocks-container\">\n<dl class=\"flex flex-wrap md:flex-nowrap items-center border-b-2 border-smoke py-10 px-[22px] md:px-10 gap-x-10 gap-y-[22px]\">\n\t<dt class=\"w-full md:w-auto min-w-[200px] md:max-w-[200px]\">\n\t\t<span class=\"text-heading-400 text-red u-halftone-shadow\">\n\t\t\t8:30 a 12:00\t\t<\/span>\n\t<\/dt>\n\t<dd class=\"text-body-500\">\n\t\t<div class=\"acf-innerblocks-container\">\n<div class=\"wp-block-paragraph \">\n<p><strong>Inscripci\u00f3n<\/strong> | vest\u00edbulo Cosmopolitan<\/p>\n<\/div>\n<\/div>\t<\/dd>\n<\/dl>\n\n\n<dl class=\"flex flex-wrap md:flex-nowrap items-center border-b-2 border-smoke py-10 px-[22px] md:px-10 gap-x-10 gap-y-[22px]\">\n\t<dt class=\"w-full md:w-auto min-w-[200px] md:max-w-[200px]\">\n\t\t<span class=\"text-heading-400 text-red u-halftone-shadow\">\n\t\t\t9:45-10 a.m.\t\t<\/span>\n\t<\/dt>\n\t<dd class=\"text-body-500\">\n\t\t<div class=\"acf-innerblocks-container\">\n<div class=\"wp-block-paragraph \">\n<p><strong>Presentaci\u00f3n del patrocinador<\/strong> | Sal\u00f3n Cosmopolitan<\/p>\n<\/div>\n<\/div>\t<\/dd>\n<\/dl>\n\n\n<dl class=\"flex flex-wrap md:flex-nowrap items-center border-b-2 border-smoke py-10 px-[22px] md:px-10 gap-x-10 gap-y-[22px]\">\n\t<dt class=\"w-full md:w-auto min-w-[200px] md:max-w-[200px]\">\n\t\t<span class=\"text-heading-400 text-red u-halftone-shadow\">\n\t\t\t10-11:45 A.M.\t\t<\/span>\n\t<\/dt>\n\t<dd class=\"text-body-500\">\n\t\t<div class=\"acf-innerblocks-container\">\n<div class=\"wp-block-paragraph \">\n<p><strong>Sesi\u00f3n general<\/strong> | sal\u00f3n de baile Cosmopolitan<\/p>\n<\/div>\n\n<div class=\"wp-block-paragraph \">\n<p>Ceremonias de apertura, presentaci\u00f3n de la guardia de honor<br\/>Mark Sanders, 8<sup>.\u00ba<\/sup> Vicepresidente de Distrito, International Association of Fire Fighters<br\/>Edward A. Kelly, Presidente General, International Association of Fire Fighters<br\/>Frank V. L\u00edma, Secretario-Tesorero General, International Association of Fire Fighters<br\/>Peter Leff, Asesor Jur\u00eddico General de la IAFF<br\/>Chris \u201cBlue\u201d Bartley, Asistente del Presidente General, Asuntos Gubernamentales y Acci\u00f3n Pol\u00edtica<\/p>\n<\/div>\n<\/div>\t<\/dd>\n<\/dl>\n\n\n<dl class=\"flex flex-wrap md:flex-nowrap items-center border-b-2 border-smoke py-10 px-[22px] md:px-10 gap-x-10 gap-y-[22px]\">\n\t<dt class=\"w-full md:w-auto min-w-[200px] md:max-w-[200px]\">\n\t\t<span class=\"text-heading-400 text-red u-halftone-shadow\">\n\t\t\t11:45 a.m.-12 p.m.\t\t<\/span>\n\t<\/dt>\n\t<dd class=\"text-body-500\">\n\t\t<div class=\"acf-innerblocks-container\">\n<div class=\"wp-block-paragraph \">\n<p><strong>Presentaci\u00f3n del patrocinador<\/strong> | Sal\u00f3n Cosmopolitan<\/p>\n<\/div>\n<\/div>\t<\/dd>\n<\/dl>\n\n\n<dl class=\"flex flex-wrap md:flex-nowrap items-center border-b-2 border-smoke py-10 px-[22px] md:px-10 gap-x-10 gap-y-[22px]\">\n\t<dt class=\"w-full md:w-auto min-w-[200px] md:max-w-[200px]\">\n\t\t<span class=\"text-heading-400 text-red u-halftone-shadow\">\n\t\t\t12:00-12:30\t\t<\/span>\n\t<\/dt>\n\t<dd class=\"text-body-500\">\n\t\t<div class=\"acf-innerblocks-container\">\n<div class=\"wp-block-paragraph \">\n<p><strong>Almuerzo<\/strong> | sal\u00f3n de baile Regency AD<\/p>\n<\/div>\n<\/div>\t<\/dd>\n<\/dl>\n\n\n<dl class=\"flex flex-wrap md:flex-nowrap items-center border-b-2 border-smoke py-10 px-[22px] md:px-10 gap-x-10 gap-y-[22px]\">\n\t<dt class=\"w-full md:w-auto min-w-[200px] md:max-w-[200px]\">\n\t\t<span class=\"text-heading-400 text-red u-halftone-shadow\">\n\t\t\t12:30-2:15 P.M.\t\t<\/span>\n\t<\/dt>\n\t<dd class=\"text-body-500\">\n\t\t<div class=\"acf-innerblocks-container\">\n<div class=\"wp-block-paragraph \">\n<p><strong><strong>Sesi\u00f3n general<\/strong><\/strong> | sal\u00f3n de baile Cosmopolitan<\/p>\n<\/div>\n\n<div class=\"wp-block-paragraph \">\n<p>Allan Westcott, director de operaciones, IAFF Financial Corporation<br\/>Sean DeCrane, asistente del presidente general, Salud y seguridad<br\/>Dr. Dan Whu, director m\u00e9dico<br\/>Ryan Heffernan, asistente del presidente general, Comunicaciones<br\/>Maureen Green, asistente del secretario tesorero general, Afiliaci\u00f3n<br\/>Doug Stern, director de operaciones<br\/>Rob McClintock, asistente del presidente general, TAIR<br\/>Joshua Smith, asistente del presidente general, Educaci\u00f3n, formaci\u00f3n y subvenciones<\/p>\n<\/div>\n<\/div>\t<\/dd>\n<\/dl>\n\n\n<dl class=\"flex flex-wrap md:flex-nowrap items-center border-b-2 border-smoke py-10 px-[22px] md:px-10 gap-x-10 gap-y-[22px]\">\n\t<dt class=\"w-full md:w-auto min-w-[200px] md:max-w-[200px]\">\n\t\t<span class=\"text-heading-400 text-red u-halftone-shadow\">\n\t\t\t2:15-2:45 P.M.\t\t<\/span>\n\t<\/dt>\n\t<dd class=\"text-body-500\">\n\t\t<div class=\"acf-innerblocks-container\">\n<div class=\"wp-block-paragraph \">\n<p><strong><strong>Presentaci\u00f3n del patrocinador<\/strong><\/strong> | sal\u00f3n de baile Cosmopolitan<\/p>\n<\/div>\n<\/div>\t<\/dd>\n<\/dl>\n\n\n<dl class=\"flex flex-wrap md:flex-nowrap items-center border-b-2 border-smoke py-10 px-[22px] md:px-10 gap-x-10 gap-y-[22px]\">\n\t<dt class=\"w-full md:w-auto min-w-[200px] md:max-w-[200px]\">\n\t\t<span class=\"text-heading-400 text-red u-halftone-shadow\">\n\t\t\t2:45-3 P.M.\t\t<\/span>\n\t<\/dt>\n\t<dd class=\"text-body-500\">\n\t\t<div class=\"acf-innerblocks-container\">\n<div class=\"wp-block-paragraph \">\n<p><strong>Salto<\/strong><\/p>\n<\/div>\n<\/div>\t<\/dd>\n<\/dl>\n\n\n<dl class=\"flex flex-wrap md:flex-nowrap items-center border-b-2 border-smoke py-10 px-[22px] md:px-10 gap-x-10 gap-y-[22px]\">\n\t<dt class=\"w-full md:w-auto min-w-[200px] md:max-w-[200px]\">\n\t\t<span class=\"text-heading-400 text-red u-halftone-shadow\">\n\t\t\t3-5 p.m.\t\t<\/span>\n\t<\/dt>\n\t<dd class=\"text-body-500\">\n\t\t<div class=\"acf-innerblocks-container\">\n<div class=\"wp-block-paragraph \">\n<p><strong>Sesiones de talleres<\/strong><\/p>\n<\/div>\n\n<div class=\"wp-block-paragraph \">\n<p><strong>Diferencias generacionales<\/strong> | Sal\u00f3n de baile Cosmopolitan<br\/><strong>Disciplina: sus derechos y responsabilidades como l\u00edder sindical<\/strong> | Discovery<br\/><strong>Habilidades avanzadas para negociadores<\/strong> (<strong>6 horas)<\/strong> | Regency EF <br\/><strong>Comunicaci\u00f3n en situaciones de crisis<\/strong> | Concept A-D<br\/><strong>\u00c9tica para l\u00edderes sindicales<\/strong> | Network<\/p>\n<\/div>\n<\/div>\t<\/dd>\n<\/dl>\n\n\n<dl class=\"flex flex-wrap md:flex-nowrap items-center border-b-2 border-smoke py-10 px-[22px] md:px-10 gap-x-10 gap-y-[22px]\">\n\t<dt class=\"w-full md:w-auto min-w-[200px] md:max-w-[200px]\">\n\t\t<span class=\"text-heading-400 text-red u-halftone-shadow\">\n\t\t\t17:30-19:00\t\t<\/span>\n\t<\/dt>\n\t<dd class=\"text-body-500\">\n\t\t<div class=\"acf-innerblocks-container\">\n<div class=\"wp-block-paragraph \">\n<p><strong>Recepci\u00f3n del 8\u00ba Distrito<\/strong> (Organizado por AFFI, PFFUI, KPFF, MPFFU, OAPFF, IAFF, Indy Local 416) | <strong>Sal\u00f3n del Sindicato Local 416 de Indian\u00e1polis<\/strong> <em><a href=\"https:\/\/www.iaff.org\/wp-content\/uploads\/2025\/05\/8thDistrict-ReceptionFlyer-2025.pdf\" target=\"_blank\" rel=\"noreferrer noopener\">View Invitaci\u00f3n a la recepci\u00f3n<\/a><\/em><\/p>\n<\/div>\n<\/div>\t<\/dd>\n<\/dl>\n\n<\/div><\/section>\n\n<\/div><\/section>\n<\/details>\n\n\n\n<details class=\"wp-block-details is-layout-flow wp-block-details-is-layout-flow\"><summary>Martes, 28 de octubre<\/summary><section\n\t class=\"page-blocks iaff-page-blocks align wp-block-acf-page-blocks\" id=\"page-blocks_block_95bc19ad8dcb0aa6228f42da5687b49c\">\n\t<div class=\"acf-innerblocks-container\">\n<section\n\t class=\"agenda-list iaff-block-agenda-list text-body-500 align wp-block-acf-agenda-list\" id=\"agenda-list_block_8b7840b884607fd8e630c47324e55642\">\n\t\t\t<header class=\"flex flex-col\">\n\t\t\t<h4 class=\"text-heading-300 pb-5\">\n\t\t\t\t \t\t\t<\/h4>\n\t\t\t<div class=\"h-[10px] bg-halftone-divider w-full\" role=\"presentation\"><\/div>\n\t\t<\/header>\n\t\n\t<div class=\"acf-innerblocks-container\">\n<dl class=\"flex flex-wrap md:flex-nowrap items-center border-b-2 border-smoke py-10 px-[22px] md:px-10 gap-x-10 gap-y-[22px]\">\n\t<dt class=\"w-full md:w-auto min-w-[200px] md:max-w-[200px]\">\n\t\t<span class=\"text-heading-400 text-red u-halftone-shadow\">\n\t\t\t7:00-8:30\t\t<\/span>\n\t<\/dt>\n\t<dd class=\"text-body-500\">\n\t\t<div class=\"acf-innerblocks-container\">\n<div class=\"wp-block-paragraph \">\n<p><strong>Desayuno<\/strong> | sal\u00f3n de baile Regency AD<\/p>\n<\/div>\n<\/div>\t<\/dd>\n<\/dl>\n\n\n<dl class=\"flex flex-wrap md:flex-nowrap items-center border-b-2 border-smoke py-10 px-[22px] md:px-10 gap-x-10 gap-y-[22px]\">\n\t<dt class=\"w-full md:w-auto min-w-[200px] md:max-w-[200px]\">\n\t\t<span class=\"text-heading-400 text-red u-halftone-shadow\">\n\t\t\t8:30-10:30\t\t<\/span>\n\t<\/dt>\n\t<dd class=\"text-body-500\">\n\t\t<div class=\"acf-innerblocks-container\">\n<div class=\"wp-block-paragraph \">\n<p><strong>Sesiones de talleres<\/strong><\/p>\n<\/div>\n\n<div class=\"wp-block-paragraph \">\n<p><strong>Comprensi\u00f3n del liderazgo sindical<\/strong> | sal\u00f3n de baile Cosmopolitan<br\/><strong>Deber de representaci\u00f3n justa<\/strong> | Discovery<br\/><strong>Habilidades avanzadas para negociadores, continuaci\u00f3n<\/strong> | Regency EF<br\/><strong>Problemas legales de las redes sociales y buenas pr\u00e1cticas<\/strong> | Concept a-d<br\/><strong>Conceptos b\u00e1sicos para el representante sindical de primera l\u00ednea<\/strong> | Network<\/p>\n<\/div>\n<\/div>\t<\/dd>\n<\/dl>\n\n\n<dl class=\"flex flex-wrap md:flex-nowrap items-center border-b-2 border-smoke py-10 px-[22px] md:px-10 gap-x-10 gap-y-[22px]\">\n\t<dt class=\"w-full md:w-auto min-w-[200px] md:max-w-[200px]\">\n\t\t<span class=\"text-heading-400 text-red u-halftone-shadow\">\n\t\t\t10:30-10:45\t\t<\/span>\n\t<\/dt>\n\t<dd class=\"text-body-500\">\n\t\t<div class=\"acf-innerblocks-container\">\n<div class=\"wp-block-paragraph \">\n<p><strong>Salto<\/strong><\/p>\n<\/div>\n<\/div>\t<\/dd>\n<\/dl>\n\n\n<dl class=\"flex flex-wrap md:flex-nowrap items-center border-b-2 border-smoke py-10 px-[22px] md:px-10 gap-x-10 gap-y-[22px]\">\n\t<dt class=\"w-full md:w-auto min-w-[200px] md:max-w-[200px]\">\n\t\t<span class=\"text-heading-400 text-red u-halftone-shadow\">\n\t\t\t10:45-12:45\t\t<\/span>\n\t<\/dt>\n\t<dd class=\"text-body-500\">\n\t\t<div class=\"acf-innerblocks-container\">\n<div class=\"wp-block-paragraph \">\n<p><strong>Sesiones de talleres<\/strong><code> <\/code><\/p>\n<\/div>\n\n<div class=\"wp-block-paragraph \">\n<p><strong>Liderazgo sindical de AIB: autoconciencia<\/strong> | sal\u00f3n de baile Cosmopolitan<br\/><strong>Derechos parentales y reproductivos: problemas emergentes<\/strong> | Discovery<br\/><strong>Habilidades avanzadas para negociadores, continuaci\u00f3n<\/strong> | Regency EF<br\/><strong>Lucha contra las amenazas al rendimiento\/nivel de servicio<\/strong> | Concept a-d<br\/><strong>C\u00f3mo dirigir una reuni\u00f3n<\/strong> | Network<\/p>\n<\/div>\n<\/div>\t<\/dd>\n<\/dl>\n\n<\/div><\/section>\n\n<\/div><\/section>\n<\/details>\n<\/div>\n\n\n\n<div id=\"workshops\" class=\"wp-block-group is-layout-constrained wp-block-group-is-layout-constrained\">\n<h2 class=\"wp-block-heading\"><\/h2>\n\n\n<section\n\t class=\"section-header mb-10 align wp-block-acf-section-header\" id=\"section-header_block_af26dc2e2b562a6d48ee0db20d053c59\">\n\t<div class=\"\">\n\t<div class=\"flex flex-col md:flex-row justify-between max-w-content gap-x-8 md:items-end flex-wrap\">\n\t\t<h2 class=\"text-heading-200 pb-[2px]\">\n\t\t\tTalleres\t\t<\/h2>\n\n\t\t\t\t\t<div class=\"md:order-last w-full\">\n\t\t\t\t\n\t<hr class=\"h-[6px] text-red border-red bg-red w-full my-0\" role=\"presentation\"\/>\n\n\t<div class=\"h-divider w-full bg-halftone-divider bg-right\"><\/div>\n\t\t\t<\/div>\n\t\t\n\t\t\t<\/div>\n<\/div>\n<\/section>\n\n\n\n<details class=\"wp-block-details is-layout-flow wp-block-details-is-layout-flow\"><summary>Liderando una pista local<\/summary><div class=\"wp-block-paragraph \">\n<p><strong>Diferencias generacionales<\/strong><br\/>Actualmente, hay hasta cuatro generaciones empleadas y trabajando juntas en los departamentos de bomberos de los EE. UU. y Canad\u00e1. Cada generaci\u00f3n aporta sus propios valores y comportamientos individuales, y estos pueden ser una fuente de conflicto en el lugar de trabajo. Este taller examinar\u00e1 cada una de las cuatro generaciones de una manera humor\u00edstica, proporcionando una mejor comprensi\u00f3n del comportamiento generacional, el valor que cada generaci\u00f3n aporta al lugar de trabajo, por qu\u00e9 existe conflicto entre ellas e identificar\u00e1 los estilos de comunicaci\u00f3n que funcionan para cada una.  <\/p>\n<\/div>\n\n<div class=\"wp-block-paragraph \">\n<p><strong>Comprendiendo el Liderazgo Sindical<\/strong><br\/>Este taller abordar\u00e1 muchas facetas de ser un funcionario sindical, incluyendo las responsabilidades asociadas con cada rol. Este taller tambi\u00e9n abordar\u00e1 c\u00f3mo ser un defensor sindical, utilizando las habilidades de la junta ejecutiva, y c\u00f3mo organizar a los miembros y aumentar su participaci\u00f3n para construir un sindicato local m\u00e1s fuerte. <\/p>\n<\/div>\n\n<div class=\"wp-block-paragraph \">\n<p><strong>Liderazgo sindical de la AIB: Autoconciencia<\/strong><br\/><em>\u00bfQu\u00e9 tipo de l\u00edder soy y qu\u00e9 tipo de l\u00edder quiero ser?<\/em> Este taller ayudar\u00e1 a los l\u00edderes afiliados de IAFF a conocer qu\u00e9 tipo de l\u00edderes sindicales son y les proporcionar\u00e1 varias herramientas para convertirse en l\u00edderes m\u00e1s efectivos. Durante este taller, los participantes identificar\u00e1n sus propios estilos de liderazgo y aprender\u00e1n c\u00f3mo estos estilos son percibidos por los miembros que lideran y c\u00f3mo los impactan. <br\/><\/p>\n<\/div><\/details>\n\n\n\n<details class=\"wp-block-details is-layout-flow wp-block-details-is-layout-flow\"><summary>Pista de problemas legales<\/summary><div class=\"wp-block-paragraph \">\n<p><strong>Disciplina: sus derechos y responsabilidades como l\u00edderes sindicales<\/strong><br\/>Este taller proporcionar\u00e1 a los l\u00edderes sindicales una visi\u00f3n general de sus derechos y responsabilidades durante el proceso disciplinario laboral. Los l\u00edderes sindicales aprender\u00e1n la mejor manera de representar a sus miembros de acuerdo con su contrato, las leyes de servicio civil y las decisiones de Weingarten, Loudermill y Garrity. Este taller es aplicable a los l\u00edderes afiliados tanto en entornos de negociaci\u00f3n colectiva como en entornos de no negociaci\u00f3n colectiva.  <\/p>\n<\/div>\n\n<div class=\"wp-block-paragraph \">\n<p><strong>Deber de representaci\u00f3n justa<\/strong><br\/>Como l\u00edder afiliado, puede estar sujeto a un est\u00e1ndar legal, conocido como deber de representaci\u00f3n justa (DFR), que rige la forma en que representa a sus miembros en las negociaciones contractuales, las quejas y otros asuntos laborales. En este taller, estudiar\u00e1 la jurisprudencia relevante para aprender lo que se requiere de usted, c\u00f3mo los tribunales han aplicado este est\u00e1ndar a los sindicatos, las consecuencias de violar el est\u00e1ndar y las mejores pr\u00e1cticas para evitar demandas de DFR. <\/p>\n<\/div>\n\n<div class=\"wp-block-paragraph \">\n<p><strong>Derechos parentales y reproductivos: problemas emergentes<\/strong><br\/>Los miembros que se convierten en padres enfrentan mayores demandas de su tiempo y recursos. El liderazgo local debe ayudar a garantizar que la agencia empleadora local cumpla con las leyes federales, estatales\/provinciales y locales aplicables, permitiendo a estos miembros el tiempo de licencia y la adaptaci\u00f3n m\u00e9dica que necesitan a medida que construyen sus familias. Adem\u00e1s, este taller revisa c\u00f3mo el liderazgo local puede abogar por pol\u00edticas y leyes locales favorables a la familia.  <\/p>\n<\/div><\/details>\n\n\n\n<details class=\"wp-block-details is-layout-flow wp-block-details-is-layout-flow\"><summary>Track de negociaciones<\/summary><div class=\"wp-block-paragraph \">\n<p><strong>Habilidades avanzadas para negociadores<\/strong> (6 horas)<br\/>Para obtener resultados en la mesa de negociaci\u00f3n, un negociador debe ser capaz de desarrollar una estrategia de negociaci\u00f3n y dominar las habilidades clave de negociaci\u00f3n. En este taller de seis horas, aprender\u00e1 c\u00f3mo fortalecer su posici\u00f3n de negociaci\u00f3n, determinar un rango de acuerdo aceptable, responder a las t\u00e1cticas y objeciones comunes de la administraci\u00f3n, hacer concesiones y empaquetar sus propuestas. Tendr\u00e1 oportunidades de practicar estas habilidades y participar en sesiones de negociaci\u00f3n simuladas. Este taller est\u00e1 dise\u00f1ado para negociadores experimentados que deseen mejorar sus habilidades en la mesa de negociaci\u00f3n.   <\/p>\n<\/div><\/details>\n\n\n\n<details class=\"wp-block-details is-layout-flow wp-block-details-is-layout-flow\"><summary>Pista de relaciones p\u00fablicas y comunicaciones<\/summary><div class=\"wp-block-paragraph \">\n<p><strong>Comunicaci\u00f3n en situaciones de crisis<\/strong><br\/>Abordar eficazmente una crisis requiere organizaci\u00f3n y planificaci\u00f3n. Este taller abordar\u00e1 c\u00f3mo planificar y organizar en caso de crisis y c\u00f3mo comunicarse con el p\u00fablico y los medios de comunicaci\u00f3n cuando ocurre una crisis. <\/p>\n<\/div>\n\n<div class=\"wp-block-paragraph \">\n<p><strong>Problemas legales de las redes sociales y buenas pr\u00e1cticas<\/strong><br\/>Si bien las redes sociales pueden ser una herramienta poderosa para posicionar a su local dentro de la comunidad y generar buena voluntad, solo se necesita un error o una manzana podrida para da\u00f1ar su marca. Explore los problemas sociales y legales relacionados con el uso adecuado e inadecuado de las redes sociales, as\u00ed como las ramificaciones legales, las limitaciones y las pol\u00edticas que pueden afectar a sus miembros y a su departamento. <\/p>\n<\/div>\n\n<div class=\"wp-block-paragraph \">\n<p><strong>Lucha contra las amenazas al rendimiento\/nivel de servicio<\/strong><br\/>Se les pide a los departamentos de bomberos que hagan m\u00e1s con menos. Muchas jurisdicciones est\u00e1n contratando consultores para examinar los presupuestos y encontrar formas de ahorrar dinero. Los l\u00edderes afiliados deben comprender c\u00f3mo ser proactivos si su jurisdicci\u00f3n contrata a un consultor. Este taller proporcionar\u00e1 a los l\u00edderes afiliados una comprensi\u00f3n de los posibles impactos negativos en la dotaci\u00f3n de personal y los niveles de rendimiento\/servicio. Adem\u00e1s, este taller abordar\u00e1 estrategias y formas de combatir posibles recomendaciones negativas.    <\/p>\n<\/div><\/details>\n\n\n\n<details class=\"wp-block-details is-layout-flow wp-block-details-is-layout-flow\"><summary>Pista de administraci\u00f3n sindical<\/summary><div class=\"wp-block-paragraph \">\n<p><strong>\u00c9tica para l\u00edderes sindicales<\/strong><br\/>La mayor\u00eda de los l\u00edderes de AIB son empleados p\u00fablicos y tienen responsabilidades fiduciarias con sus miembros. Debido a la naturaleza de su puesto, est\u00e1 sujeto a est\u00e1ndares \u00e9ticos m\u00e1s altos que el miembro o empleado promedio. Estos est\u00e1ndares deben mantenerse para mantener la confianza de sus miembros y dirigir un local eficaz. No hacerlo puede resultar en la p\u00e9rdida de credibilidad, la p\u00e9rdida del puesto sindical o incluso cargos penales. Este taller cubrir\u00e1 los principios de la \u00e9tica, los requisitos de los empleados p\u00fablicos y las estrategias para tomar decisiones \u00e9ticas. Utilizar\u00e1 estas estrategias para analizar escenarios y estudios de caso.     <\/p>\n<\/div>\n\n<div class=\"wp-block-paragraph \">\n<p><strong>Fundamentos para Representantes Sindicales de Primera L\u00ednea<\/strong><br\/>Este taller aborda los conocimientos y habilidades involucrados en la aplicaci\u00f3n efectiva de las disposiciones del contrato y la representaci\u00f3n de los derechos de los trabajadores con la administraci\u00f3n y jurisdicci\u00f3n de su servicio de bomberos. Introducir\u00e1 y explorar\u00e1 los problemas y las mejores pr\u00e1cticas involucradas en el manejo de quejas, la aplicaci\u00f3n del lenguaje contractual y el manejo de problemas disciplinarios. Adem\u00e1s, este taller revisa formas en que el personal clave del sindicato puede informar a los miembros sobre los beneficios de la afiliaci\u00f3n sindical y la participaci\u00f3n activa.  <\/p>\n<\/div>\n\n<div class=\"wp-block-paragraph \">\n<p><strong>C\u00f3mo dirigir una reuni\u00f3n<\/strong><br\/>La forma en que dirija sus reuniones sindicales afectar\u00e1 la asistencia de los miembros y c\u00f3mo se le percibe como l\u00edder. Una reuni\u00f3n bien dirigida con puntos de agenda significativos y oportunos atraer\u00e1 a m\u00e1s asistentes y le ayudar\u00e1 a ganarse el respeto de sus miembros. En este taller, aprender\u00e1 el protocolo y la etiqueta de las reuniones de AIB; c\u00f3mo planificar y llevar a cabo una reuni\u00f3n eficiente y productiva; y m\u00e9todos para manejar conflictos. Este taller es ideal para funcionarios sindicales locales con experiencia limitada en la direcci\u00f3n de reuniones sindicales.   <\/p>\n<\/div><\/details>\n<\/div>\n\n\n\n<div id=\"hotel\" class=\"wp-block-group is-layout-constrained wp-block-group-is-layout-constrained\">\n<h2 class=\"wp-block-heading\"><\/h2>\n\n\n<section\n\t class=\"section-header mb-10 align wp-block-acf-section-header\" id=\"section-header_block_103e855fdb23f5713be0754abcec00a4\">\n\t<div class=\"\">\n\t<div class=\"flex flex-col md:flex-row justify-between max-w-content gap-x-8 md:items-end flex-wrap\">\n\t\t<h2 class=\"text-heading-200 pb-[2px]\">\n\t\t\tViaje y Alojamiento\t\t<\/h2>\n\n\t\t\t\t\t<div class=\"md:order-last w-full\">\n\t\t\t\t\n\t<hr class=\"h-[6px] text-red border-red bg-red w-full my-0\" role=\"presentation\"\/>\n\n\t<div class=\"h-divider w-full bg-halftone-divider bg-right\"><\/div>\n\t\t\t<\/div>\n\t\t\n\t\t\t<\/div>\n<\/div>\n<\/section>\n\n\n<section\n\t class=\"column-list-section align wp-block-acf-column-list-section\" id=\"column-list-section_block_0ba1b2e4f1a710b54e50c6a8308ce0be\">\n\t<div class=\"bg-smoke\/5 px-[19px] pt-[60px] pb-block-spacing md:px-[96px] md:mx-indent iaff-column-list-section\">\n\t\t\t\t<div class=\"acf-innerblocks-container\">\n<section\n\t class=\"column-list iaff-column-list align wp-block-acf-column-list\" id=\"column-list_block_e968e5cf90a29db4f85201e4346b16d4\">\n\t<div class=\"relative flex flex-col gap-[14px] mb-[52px]\">\n\t\t\t\t\t<h3 class=\"text-heading-500\">\n\t\t\t\tInformaci\u00f3n del Hotel\t\t\t<\/h3>\n\t\t\t\t<div class=\"relative bg-halftone-divider bg-center bg-no-repeat w-full h-divider\"><\/div>\n\t<\/div>\n\n\t\t<div class=\"acf-innerblocks-container\">\n<article\n\t class=\"column-list-card min-h-[187px] border-l-4 border-red pl-4 w-full md:w-auto item-inner flex flex-col gap-1 align wp-block-acf-column-list-card\" id=\"column-list-card_block_77e2dce50769c30f97bca422b4e968a1\">\n\t\n\t\t\t<div class=\"text-heading-400 font-serif font-600 leading-7 mb-1\">\n\t\t\t Hyatt Regency Indian\u00e1polis\t\t<\/div>\n\t\t\t\t<div class=\"text-body-400\">\n\t\t\t<p>One South Capitol Avenue, Indian\u00e1polis, Indiana 46204<\/p>\n<p>Tel\u00e9fono: (317) 632-1234<br \/>\nTarifa de grupo: 169 $\/noche<br \/>\nC\u00f3digo de grupo: <span style=\"color: #cc0000\"><strong>G-IAF5<\/strong><\/span><\/p>\n<p>Aeropuerto m\u00e1s cercano:<br \/>\nAeropuerto Internacional de Indian\u00e1polis (IND) \u2013 8 millas del hotel.<\/p>\n\t\t<\/div>\n\t\t\t\t<div class=\"font-heading font-500 my-3\">\n\t\t\tFECHA L\u00cdMITE DEL BLOQUE DE HOTEL: Domingo, 5 de octubre de 2025\t\t<\/div>\n\t\t\t\t<div class=\"mt-auto\">\t\t\t<!-- Renders the same as core\/button with a specific style -->\n\t<div>\n\t\t\t\t\t<a class=\"inline-flex gap-[16px] items-center text-inherit text-button-300 leading-6 cursor-pointer decoration-transparent underline underline-offset-2 transition-colors duration-hover hocus-visible:decoration-current\" href=\"https:\/\/www.hyatt.com\/group-booking\/INDRI\/G-IAF5\" target=\"_blank\" rel=\"nofollow noopener\">\n\t\t\t\t<span>\n\t\t\t\t\tReservar\t\t\t\t<\/span>\n\t\t\t\t<svg xmlns=\"http:\/\/www.w3.org\/2000\/svg\" width=\"15\" height=\"15\" fill=\"none\" viewBox=\"0 0 15 15\"><path stroke=\"currentColor\" stroke-linecap=\"square\" stroke-width=\"2\" d=\"M11.6347 7.49976L1 7.49976\"\/><path stroke=\"currentColor\" stroke-linecap=\"square\" stroke-width=\"2\" d=\"M7.31445 2.13138L12.7061 7.50014L7.31445 12.8689\"\/><\/svg>\t\t\t<\/a>\n\t\t\t<\/div>\n\t\t<\/div>\n\t<\/article>\n\n<\/div><\/section>\n\n<\/div>\t<\/div>\n<\/section>\n<\/div>\n\n<\/div><\/section>\n","protected":false},"excerpt":{"rendered":"","protected":false},"featured_media":92848,"parent":0,"menu_order":0,"comment_status":"closed","ping_status":"closed","template":"","meta":{"_acf_changed":false,"_searchwp_excluded":"","inline_featured_image":false,"_EventAllDay":false,"_EventTimezone":"","_EventStartDate":"","_EventEndDate":"","_EventStartDateUTC":"","_EventEndDateUTC":"","_EventShowMap":false,"_EventShowMapLink":false,"_EventURL":"","_EventCost":"","_EventCostDescription":"","_EventCurrencySymbol":"","_EventCurrencyCode":"","_EventCurrencyPosition":"","_EventDateTimeSeparator":"","_EventTimeRangeSeparator":"","_EventOrganizerID":[],"_EventVenueID":[],"_OrganizerEmail":"","_OrganizerPhone":"","_OrganizerWebsite":"","_VenueAddress":"","_VenueCity":"","_VenueCountry":"","_VenueProvince":"","_VenueState":"","_VenueZip":"","_VenuePhone":"","_VenueURL":"","_VenueStateProvince":"","_VenueLat":"","_VenueLng":"","_VenueShowMap":false,"_VenueShowMapLink":false,"footnotes":""},"class_list":["post-100229","page","type-page","status-publish","has-post-thumbnail","hentry"],"acf":[],"publishpress_future_workflow_manual_trigger":{"enabledWorkflows":[]},"_links":{"self":[{"href":"https:\/\/www.iaff.org\/es\/wp-json\/wp\/v2\/pages\/100229","targetHints":{"allow":["GET"]}}],"collection":[{"href":"https:\/\/www.iaff.org\/es\/wp-json\/wp\/v2\/pages"}],"about":[{"href":"https:\/\/www.iaff.org\/es\/wp-json\/wp\/v2\/types\/page"}],"author":[{"embeddable":true,"href":"https:\/\/www.iaff.org\/es\/wp-json\/wp\/v2\/users\/13"}],"replies":[{"embeddable":true,"href":"https:\/\/www.iaff.org\/es\/wp-json\/wp\/v2\/comments?post=100229"}],"version-history":[{"count":0,"href":"https:\/\/www.iaff.org\/es\/wp-json\/wp\/v2\/pages\/100229\/revisions"}],"wp:featuredmedia":[{"embeddable":true,"href":"https:\/\/www.iaff.org\/es\/wp-json\/wp\/v2\/media\/92848"}],"wp:attachment":[{"href":"https:\/\/www.iaff.org\/es\/wp-json\/wp\/v2\/media?parent=100229"}],"curies":[{"name":"wp","href":"https:\/\/api.w.org\/{rel}","templated":true}]}}