{"id":97744,"date":"2023-06-01T14:16:20","date_gmt":"2023-06-01T18:16:20","guid":{"rendered":"https:\/\/www.iaff.org\/magazine\/bombero-internacional-2023\/"},"modified":"2025-09-29T15:08:35","modified_gmt":"2025-09-29T19:08:35","slug":"bombero-internacional-2023","status":"publish","type":"magazine","link":"https:\/\/www.iaff.org\/es\/magazine\/bombero-internacional-2023\/","title":{"rendered":"Bombero internacional | 2023"},"content":{"rendered":"<section\n\t class=\"page-blocks iaff-page-blocks align wp-block-acf-page-blocks\" id=\"page-blocks_block_1e5d675e1df4a58ae182a5b068211ac8\">\n\t<div class=\"acf-innerblocks-container\">\n<article\n\t class=\"magazine-issue-details pt-indent-medium lg:ps-indent-medium align wp-block-acf-magazine-issue-details\" id=\"magazine-issue-details_block_1b6c991facf64f61d2c84bc5e44eae11\">\n\t\n\t<div class=\"grid grid-cols-1 md:grid-cols-3 gap-y-10 gap-x-[60px]\">\n\t\t\t\t\t<div class=\"text-body-400 md:col-span-2 flex flex-col gap-6\">\n\t\t\t\t<h2 class=\"text-heading-300\">\n\t\t\t\t\tPortada\t\t\t\t<\/h2>\n\t\t\t\t<div>\n\t\t\t\t\t<p>Memorial de Bomberos Ca\u00eddos. M\u00e1s de 500 miembros recordados, no por c\u00f3mo murieron, sino por c\u00f3mo vivieron. <\/p>\n\t\t\t\t<\/div>\n\t\t\t<\/div>\n\t\t\t\t\t\t\t<div\n\t\t\t\tclass=\"pt-[40px] md:pt-0 md:ps-[60px] border-t border-smoke md:border-t-0 md:border-l flex flex-col gap-6\"\n\t\t\t>\n\t\t\t\t<h2 class=\"text-heading-500 uppercase\">\n\t\t\t\t\tCaracter\u00edsticas\t\t\t\t<\/h2>\n\t\t\t\t<div class=\"flex flex-col gap-[0.25em]\">\n\t\t\t\t\t\t\t\t\t\t\t\t\t\t\t\t\t\t<a class=\"feature-link\" href=\"https:\/\/www.iaff.org\/magazine\/2023-summer\/#flipbook-vol-106-no-3-summer-2023\/14\/\" \n\t\t\t\t\t\t\t\" \n\t\t\t\t\t\t\t\"\n\t\t\t\t\t\t\t>\n\t\t\t\t\t\t\t\t\t\t\t\t<dl class=\"flex gap-y-6 gap-x-[0.25em]\">\n\t\t\t\t\t\t\t<dt class=\"whitespace-nowrap\">\n\t\t\t\t\t\t\t\t14\t\t\t\t\t\t\t\t \u2014 \t\t\t\t\t\t\t<\/dt>\n\t\t\t\t\t\t\t<dd>\n\t\t\t\t\t\t\t\tIncendios forestales de Maui\t\t\t\t\t\t\t<\/dd>\n\t\t\t\t\t\t<\/dl>\n\t\t\t\t\t\t\t\t\t\t\t\t<\/a>\n\t\t\t\t\t\t\t\t\t\t\t\t\t\t\t\t\t\t\t\t\t\t\t\t<a class=\"feature-link\" href=\"https:\/\/www.iaff.org\/magazine\/2023-summer\/#flipbook-vol-106-no-3-summer-2023\/16\/\" \n\t\t\t\t\t\t\t\" \n\t\t\t\t\t\t\t\"\n\t\t\t\t\t\t\t>\n\t\t\t\t\t\t\t\t\t\t\t\t<dl class=\"flex gap-y-6 gap-x-[0.25em]\">\n\t\t\t\t\t\t\t<dt class=\"whitespace-nowrap\">\n\t\t\t\t\t\t\t\t16\t\t\t\t\t\t\t\t \u2014 \t\t\t\t\t\t\t<\/dt>\n\t\t\t\t\t\t\t<dd>\n\t\t\t\t\t\t\t\tLegislaci\u00f3n hist\u00f3rica en el parlamento canadiense\t\t\t\t\t\t\t<\/dd>\n\t\t\t\t\t\t<\/dl>\n\t\t\t\t\t\t\t\t\t\t\t\t<\/a>\n\t\t\t\t\t\t\t\t\t\t\t\t\t\t\t\t\t\t\t\t\t\t\t\t<a class=\"feature-link\" href=\"https:\/\/www.iaff.org\/magazine\/2023-summer\/#flipbook-vol-106-no-3-summer-2023\/22\/\" \n\t\t\t\t\t\t\t\" \n\t\t\t\t\t\t\t\"\n\t\t\t\t\t\t\t>\n\t\t\t\t\t\t\t\t\t\t\t\t<dl class=\"flex gap-y-6 gap-x-[0.25em]\">\n\t\t\t\t\t\t\t<dt class=\"whitespace-nowrap\">\n\t\t\t\t\t\t\t\t22\t\t\t\t\t\t\t\t \u2014 \t\t\t\t\t\t\t<\/dt>\n\t\t\t\t\t\t\t<dd>\n\t\t\t\t\t\t\t\tPresupuesto del a\u00f1o fiscal 2024 de la AIB\t\t\t\t\t\t\t<\/dd>\n\t\t\t\t\t\t<\/dl>\n\t\t\t\t\t\t\t\t\t\t\t\t<\/a>\n\t\t\t\t\t\t\t\t\t\t\t\t\t\t\t<\/div>\n\t\t\t<\/div>\n\t\t\t<\/div>\n\n<\/article>\n\n\n<section\n\t class=\"magazine-embed iaff-magazine-embed u-bg-full-width u-halftone-bg-70 align wp-block-acf-magazine-embed\" id=\"magazine-embed_block_ab31af5a8273f9aafb9236d01a1b7e39\">\n\t<div class=\"iaff-magazine-shortcode-container\">\n\t\t<div class=\"_df_book df-container df-loading \"  data-slug=\"vol-106-no-3-summer-2023\" data-_slug=\"vol-106-no-3-summer-2023\" _slug=\"vol-106-no-3-summer-2023\" data-title=\"2023-summer\" id=\"df_3654\" data-df-option=\"df_option_3654\" ><\/div><script class=\"df-shortcode-script\" nowprocket type=\"application\/javascript\">window.df_option_3654 = {\"source\":\"\\\/wp-content\\\/uploads\\\/Fire_Fighter_Quarterly\\\/Fire-Fighter-Quarterly-Summer-2023-WEB.pdf\",\"outline\":[],\"autoEnableOutline\":false,\"autoEnableThumbnail\":false,\"overwritePDFOutline\":false,\"pageMode\":\"0\",\"direction\":\"1\",\"slug\":\"vol-106-no-3-summer-2023\",\"wpOptions\":\"true\",\"id\":3654}; if(window.DFLIP && window.DFLIP.parseBooks){window.DFLIP.parseBooks();}<\/script>\t<\/div>\n<\/section>\n\n<\/div><\/section>\n","protected":false},"excerpt":{"rendered":"","protected":false},"featured_media":97745,"template":"single-magazine","class_list":["post-97744","magazine","type-magazine","status-publish","has-post-thumbnail","hentry"],"acf":[],"publishpress_future_workflow_manual_trigger":{"enabledWorkflows":[]},"_links":{"self":[{"href":"https:\/\/www.iaff.org\/es\/wp-json\/wp\/v2\/magazine\/97744","targetHints":{"allow":["GET"]}}],"collection":[{"href":"https:\/\/www.iaff.org\/es\/wp-json\/wp\/v2\/magazine"}],"about":[{"href":"https:\/\/www.iaff.org\/es\/wp-json\/wp\/v2\/types\/magazine"}],"version-history":[{"count":0,"href":"https:\/\/www.iaff.org\/es\/wp-json\/wp\/v2\/magazine\/97744\/revisions"}],"wp:featuredmedia":[{"embeddable":true,"href":"https:\/\/www.iaff.org\/es\/wp-json\/wp\/v2\/media\/97745"}],"wp:attachment":[{"href":"https:\/\/www.iaff.org\/es\/wp-json\/wp\/v2\/media?parent=97744"}],"curies":[{"name":"wp","href":"https:\/\/api.w.org\/{rel}","templated":true}]}}